

{"id":5175,"date":"2024-02-29T12:27:07","date_gmt":"2024-02-29T15:27:07","guid":{"rendered":"https:\/\/siteshom.goias.gov.br\/vicegovernadoria\/agenda-de-autoridades\/"},"modified":"2026-04-26T15:31:11","modified_gmt":"2026-04-26T18:31:11","slug":"agenda-de-autoridades","status":"publish","type":"page","link":"https:\/\/goias.gov.br\/vicegovernadoria\/agenda-de-autoridades\/","title":{"rendered":"Agenda de Autoridades"},"content":{"rendered":"<p><strong style='margin-block-end: -1.8rem'><a href='https:\/\/goias.gov.br\/vicegovernadoria\/vice-governador\/'>Vice-Governador<\/a><\/strong><br \/>DANIEL ELIAS CARVALHO VILELA<\/p>\n<p><strong style='margin-block-end: -1.8rem'><a href='https:\/\/goias.gov.br\/vicegovernadoria\/chefe-de-gabinete\/'>Chefe de Gabinete<\/a><\/strong><br \/>PEDRO PINHEIRO CHAVES<\/p>\n<p><strong style='margin-block-end: -1.8rem'><a href='https:\/\/goias.gov.br\/vicegovernadoria\/superintendente-de-gestao-integrada\/'>Superintendente de Gest\u00e3o Integrada<\/a><\/strong><br \/>Wilson Cardoso Bastos<\/p>\n<p><strong style='margin-block-end: -1.8rem'><a href='https:\/\/goias.gov.br\/vicegovernadoria\/chefe-da-comunicacao-setorial\/'>Chefe da Comunica\u00e7\u00e3o Setorial<\/a><\/strong><br \/>MARCOS AUR\u00c9LIO BARBOSA SILVA<\/p>\n<p><strong style='margin-block-end: -1.8rem'><a href='https:\/\/goias.gov.br\/vicegovernadoria\/chefe-da-procuradoria-setorial\/'>Chefe da Procuradoria Setorial<\/a><\/strong><br \/>JORGE LU\u00cdS PINCHEMEL<\/p>\n<p><strong style='margin-block-end: -1.8rem'><a href='https:\/\/goias.gov.br\/vicegovernadoria\/assessor-especial-de-governanca\/'>Assessor Especial de Governan\u00e7a<\/a><\/strong><br \/>ORIOVAL CANDIDO LE\u00c3O JUNIOR<\/p>\n","protected":false},"excerpt":{"rendered":"<p>Vice-GovernadorDANIEL ELIAS CARVALHO VILELA Chefe de GabinetePEDRO PINHEIRO CHAVES Superintendente de Gest\u00e3o IntegradaWilson Cardoso Bastos Chefe da Comunica\u00e7\u00e3o SetorialMARCOS AUR\u00c9LIO BARBOSA SILVA Chefe da Procuradoria SetorialJORGE LU\u00cdS PINCHEMEL Assessor Especial de Governan\u00e7aORIOVAL CANDIDO LE\u00c3O JUNIOR<\/p>\n","protected":false},"author":7,"featured_media":0,"parent":0,"menu_order":0,"comment_status":"closed","ping_status":"closed","template":"","meta":{"footnotes":"","_links_to":"","_links_to_target":""},"class_list":["post-5175","page","type-page","status-publish","hentry"],"rttpg_featured_image_url":null,"rttpg_author":{"display_name":"gustavogoncalves","author_link":"https:\/\/goias.gov.br\/vicegovernadoria\/author\/gustavogoncalves\/"},"rttpg_comment":0,"rttpg_category":null,"rttpg_excerpt":"Vice-GovernadorDANIEL ELIAS CARVALHO VILELA Chefe de GabinetePEDRO PINHEIRO CHAVES Superintendente de Gest\u00e3o IntegradaWilson Cardoso Bastos Chefe da Comunica\u00e7\u00e3o SetorialMARCOS AUR\u00c9LIO BARBOSA SILVA Chefe da Procuradoria SetorialJORGE LU\u00cdS PINCHEMEL Assessor Especial de Governan\u00e7aORIOVAL CANDIDO LE\u00c3O JUNIOR","_links":{"self":[{"href":"https:\/\/goias.gov.br\/vicegovernadoria\/wp-json\/wp\/v2\/pages\/5175","targetHints":{"allow":["GET"]}}],"collection":[{"href":"https:\/\/goias.gov.br\/vicegovernadoria\/wp-json\/wp\/v2\/pages"}],"about":[{"href":"https:\/\/goias.gov.br\/vicegovernadoria\/wp-json\/wp\/v2\/types\/page"}],"author":[{"embeddable":true,"href":"https:\/\/goias.gov.br\/vicegovernadoria\/wp-json\/wp\/v2\/users\/7"}],"replies":[{"embeddable":true,"href":"https:\/\/goias.gov.br\/vicegovernadoria\/wp-json\/wp\/v2\/comments?post=5175"}],"version-history":[{"count":2,"href":"https:\/\/goias.gov.br\/vicegovernadoria\/wp-json\/wp\/v2\/pages\/5175\/revisions"}],"predecessor-version":[{"id":33940,"href":"https:\/\/goias.gov.br\/vicegovernadoria\/wp-json\/wp\/v2\/pages\/5175\/revisions\/33940"}],"wp:attachment":[{"href":"https:\/\/goias.gov.br\/vicegovernadoria\/wp-json\/wp\/v2\/media?parent=5175"}],"curies":[{"name":"wp","href":"https:\/\/api.w.org\/{rel}","templated":true}]}}