

{"id":40795,"date":"2024-01-26T07:50:39","date_gmt":"2024-01-26T10:50:39","guid":{"rendered":"https:\/\/siteshom.goias.gov.br\/saude\/?page_id=40795"},"modified":"2025-12-02T15:34:57","modified_gmt":"2025-12-02T18:34:57","slug":"superintendencia-da-escola-de-saude-de-goias","status":"publish","type":"page","link":"https:\/\/goias.gov.br\/saude\/superintendencia-da-escola-de-saude-de-goias\/","title":{"rendered":"Superintend\u00eancia da Escola de Sa\u00fade de Goi\u00e1s"},"content":{"rendered":"\t\t<div data-elementor-type=\"wp-page\" data-elementor-id=\"40795\" class=\"elementor elementor-40795\">\n\t\t\t\t<div class=\"elementor-element elementor-element-9ebd7ed e-flex e-con-boxed e-con e-parent\" data-id=\"9ebd7ed\" data-element_type=\"container\" data-e-type=\"container\">\n\t\t\t\t\t<div class=\"e-con-inner\">\n\t\t<div class=\"elementor-element elementor-element-c60a1e5 e-con-full e-flex e-con e-child\" data-id=\"c60a1e5\" data-element_type=\"container\" data-e-type=\"container\">\n\t\t\t\t<div class=\"elementor-element elementor-element-de79750 elementor-widget elementor-widget-text-editor\" data-id=\"de79750\" data-element_type=\"widget\" data-e-type=\"widget\" data-widget_type=\"text-editor.default\">\n\t\t\t\t\t\t\t\t\t<h3 class=\"sppb-addon-title\">Superintendente<\/h3><div class=\"sppb-addon-content\"><p><b>Edinalva Rodrigues Batista Gon\u00e7alves<br \/><\/b>(62) 3201-3410<br \/><a href=\"mailto:gabinete.escoladesaude@goias.gov.br\">gabinete.escoladesaude@goias.gov.br<\/a><\/p><p><a class=\"btn btn-primary btn-block\" href=\"https:\/\/form.saude.go.gov.br\/ramais.html\" target=\"_blank\" rel=\"noopener\">Lista de contatos Escola de Sa\u00fade<\/a><\/p><\/div><p><strong>Localiza\u00e7\u00e3o:<\/strong><br \/><a href=\"https:\/\/maps.app.goo.gl\/dZNRkHTYTsKTGzt79\" target=\"_blank\" rel=\"noopener\">Rua 26, 521 &#8211; Jardim Santo Ant\u00f4nio<br \/>Goi\u00e2nia &#8211; GO<\/a><br \/><span class=\"section-info-text\"><span class=\"widget-pane-link\">CEP: 74.853-070<\/span><\/span><\/p><p><a class=\"btn btn-primary btn-block\" href=\"https:\/\/goias.gov.br\/escoladesaude\/\" target=\"_blank\" rel=\"noopener\">Acesse o site da Escola de Sa\u00fade<\/a><\/p>\t\t\t\t\t\t\t\t<\/div>\n\t\t\t\t<\/div>\n\t\t<div class=\"elementor-element elementor-element-f917a9c e-con-full e-flex e-con e-child\" data-id=\"f917a9c\" data-element_type=\"container\" data-e-type=\"container\">\n\t\t\t\t<div class=\"elementor-element elementor-element-6bc59c9 elementor-widget elementor-widget-text-editor\" data-id=\"6bc59c9\" data-element_type=\"widget\" data-e-type=\"widget\" data-widget_type=\"text-editor.default\">\n\t\t\t\t\t\t\t\t\t<p style=\"text-align: justify;\">A Superintend\u00eancia da Escola de Sa\u00fade de Goi\u00e1s (Sesg) comp\u00f5e a estrutura da Secretaria de Estado da Sa\u00fade (SES-GO). Est\u00e1 diretamente ligada \u00e0 Subsecretaria de Inova\u00e7\u00e3o, Planejamento,<br \/>Educa\u00e7\u00e3o e Infraestrutura. Atua como um eixo estrat\u00e9gico na promo\u00e7\u00e3o de educa\u00e7\u00e3o permanente em sa\u00fade, com o objetivo de fortalecer continuamente o Sistema \u00danico de Sa\u00fade (SUS) no estado de Goi\u00e1s. Tem como principais pilares gerenciais, a prioriza\u00e7\u00e3o e a celeridade das atividades, a gest\u00e3o por processos e a lideran\u00e7a comunicacional, que promovem efici\u00eancia na execu\u00e7\u00e3o das a\u00e7\u00f5es educacionais.<\/p><p style=\"text-align: justify;\">A Sesg \u00e9 comprometida com a qualifica\u00e7\u00e3o cont\u00ednua dos profissionais de sa\u00fade que atuam nas cinco macrorregi\u00f5es do estado. Por meio de a\u00e7\u00f5es educacionais alinhadas \u00e0s necessidades de cada regi\u00e3o, a SESG busca fortalecer a equidade no acesso ao conhecimento e nas pr\u00e1ticas de sa\u00fade, garantindo que as especificidades locais sejam contempladas em todos os processos formativos.<\/p><p style=\"text-align: justify;\">Este compromisso com a regionaliza\u00e7\u00e3o reflete a nossa miss\u00e3o de promover a transforma\u00e7\u00e3o do<br \/>SUS por meio da educa\u00e7\u00e3o, sempre com foco na melhoria cont\u00ednua dos sistemas de sa\u00fade e na sustentabilidade dos servi\u00e7os.<\/p><p style=\"text-align: justify;\">Dentre as diversas frentes de trabalho, destaca-se a Educa\u00e7\u00e3o Permanente e Continuada em Sa\u00fade, a Pesquisa Cient\u00edfica em Sa\u00fade, as Resid\u00eancias M\u00e9dica, Uni e Multiprofissional, os Est\u00e1gios<br \/>Curriculares, o Desenvolvimento de Pessoas e, os Contratos e Conv\u00eanios referentes \u00e0 unidade em quest\u00e3o, distribu\u00eddas nas suas cinco ger\u00eancias.<\/p>\t\t\t\t\t\t\t\t<\/div>\n\t\t\t\t<\/div>\n\t\t\t\t\t<\/div>\n\t\t\t\t<\/div>\n\t\t<div class=\"elementor-element elementor-element-e42a4cd e-flex e-con-boxed e-con e-parent\" data-id=\"e42a4cd\" data-element_type=\"container\" data-e-type=\"container\">\n\t\t\t\t\t<div class=\"e-con-inner\">\n\t\t\t\t<div class=\"elementor-element elementor-element-8383c30 elementor-widget elementor-widget-heading\" data-id=\"8383c30\" data-element_type=\"widget\" data-e-type=\"widget\" data-widget_type=\"heading.default\">\n\t\t\t\t\t<h2 class=\"elementor-heading-title elementor-size-default\">Ger\u00eancias<\/h2>\t\t\t\t<\/div>\n\t\t\t\t<div class=\"elementor-element elementor-element-e6b8d50 elementor-widget elementor-widget-n-accordion\" data-id=\"e6b8d50\" data-element_type=\"widget\" data-e-type=\"widget\" data-settings=\"{&quot;default_state&quot;:&quot;all_collapsed&quot;,&quot;max_items_expended&quot;:&quot;one&quot;,&quot;n_accordion_animation_duration&quot;:{&quot;unit&quot;:&quot;ms&quot;,&quot;size&quot;:400,&quot;sizes&quot;:[]}}\" data-widget_type=\"nested-accordion.default\">\n\t\t\t\t\t\t\t<div class=\"e-n-accordion\" aria-label=\"Accordion. Open links with Enter or Space, close with Escape, and navigate with Arrow Keys\">\n\t\t\t\t\t\t<details id=\"e-n-accordion-item-2410\" class=\"e-n-accordion-item\" >\n\t\t\t\t<summary class=\"e-n-accordion-item-title\" data-accordion-index=\"1\" tabindex=\"0\" aria-expanded=\"false\" aria-controls=\"e-n-accordion-item-2410\" >\n\t\t\t\t\t<span class='e-n-accordion-item-title-header'><div class=\"e-n-accordion-item-title-text\"> Ger\u00eancia de Desenvolvimento de Pessoas <\/div><\/span>\n\t\t\t\t\t\t\t<span class='e-n-accordion-item-title-icon'>\n\t\t\t<span class='e-opened' ><svg aria-hidden=\"true\" class=\"e-font-icon-svg e-fas-angle-down\" viewBox=\"0 0 320 512\" xmlns=\"http:\/\/www.w3.org\/2000\/svg\"><path d=\"M143 352.3L7 216.3c-9.4-9.4-9.4-24.6 0-33.9l22.6-22.6c9.4-9.4 24.6-9.4 33.9 0l96.4 96.4 96.4-96.4c9.4-9.4 24.6-9.4 33.9 0l22.6 22.6c9.4 9.4 9.4 24.6 0 33.9l-136 136c-9.2 9.4-24.4 9.4-33.8 0z\"><\/path><\/svg><\/span>\n\t\t\t<span class='e-closed'><svg aria-hidden=\"true\" class=\"e-font-icon-svg e-fas-angle-right\" viewBox=\"0 0 256 512\" xmlns=\"http:\/\/www.w3.org\/2000\/svg\"><path d=\"M224.3 273l-136 136c-9.4 9.4-24.6 9.4-33.9 0l-22.6-22.6c-9.4-9.4-9.4-24.6 0-33.9l96.4-96.4-96.4-96.4c-9.4-9.4-9.4-24.6 0-33.9L54.3 103c9.4-9.4 24.6-9.4 33.9 0l136 136c9.5 9.4 9.5 24.6.1 34z\"><\/path><\/svg><\/span>\n\t\t<\/span>\n\n\t\t\t\t\t\t<\/summary>\n\t\t\t\t<div role=\"region\" aria-labelledby=\"e-n-accordion-item-2410\" class=\"elementor-element elementor-element-57c0e86 e-con-full e-flex e-con e-child\" data-id=\"57c0e86\" data-element_type=\"container\" data-e-type=\"container\">\n\t\t\t\t<div class=\"elementor-element elementor-element-e24e2ea elementor-widget elementor-widget-text-editor\" data-id=\"e24e2ea\" data-element_type=\"widget\" data-e-type=\"widget\" data-widget_type=\"text-editor.default\">\n\t\t\t\t\t\t\t\t\t<p>\u00c0 Ger\u00eancia de Desenvolvimento de Pessoas compete:<\/p><p>I \u2013 elaborar estrat\u00e9gias de desenvolvimento de pessoas alinhada aos objetivos organizacionais e planejar e implementar a\u00e7\u00f5es educacionais de compet\u00eancias espec\u00edficas da Secretaria de Estado da Sa\u00fade;<br \/>II \u2013 identificar a necessidade de desenvolvimento, treinamentos e a\u00e7\u00f5es de capacita\u00e7\u00e3o para os servidores e otimizar recursos or\u00e7ament\u00e1rios e log\u00edsticos destinados aos programas de desenvolvimento;<br \/>III \u2013 realizar o levantamento das necessidades de capacita\u00e7\u00e3o e elaborar Plano de Capacita\u00e7\u00e3o, divulgar as a\u00e7\u00f5es educacionais e realizar servi\u00e7os necess\u00e1rios de interlocu\u00e7\u00e3o com a Escola de Governo com a Secretaria de Estado da Sa\u00fade;<br \/>IV \u2013 promover o crescimento profissional dos servidores por meio do aperfei\u00e7oamento de acordo com a evolu\u00e7\u00e3o das carreiras e diretrizes de desenvolvimento profissional do Estado de Goi\u00e1s;<br \/>V \u2013 implementar a gest\u00e3o de talentos por meio da gest\u00e3o de compet\u00eancia, gest\u00e3o do conhecimento, feedback construtivo identificando oportunidades de desenvolvimento para melhoria da cultura organizacional desta Pasta;<br \/>VI \u2013 planejar as necessidades de treinamento e desenvolvimento coordenando programas de desenvolvimento e aperfei\u00e7oamento profissional para equipes nas \u00e1reas da Secretaria de Estado da Sa\u00fade;<br \/>VII \u2013 identificar as compet\u00eancias e promover o alinhamento das compet\u00eancias individuais \u00e0s compet\u00eancias organizacionais;<br \/>VIII \u2013 implementar e gerir programas de aperfei\u00e7oamento profissional e de banco de talentos para a Secretaria de Estado da Sa\u00fade;<br \/>IX \u2013 gerir monitoramento e avalia\u00e7\u00e3o de desenvolvimento para avaliar a efic\u00e1cia e constru\u00e7\u00e3o de pol\u00edticas de capital intelectual para pol\u00edticas de sa\u00fade para o Estado de Goi\u00e1s;<br \/>X \u2013 monitorar e promover um clima organizacional saud\u00e1vel por meio de a\u00e7\u00f5es para melhorar a satisfa\u00e7\u00e3o e o engajamento dos servidores da Secretaria de Estado da Sa\u00fade;<br \/>XI \u2013 estruturar a \u00e1rea de gest\u00e3o do conhecimento com foco na identifica\u00e7\u00e3o, na organiza\u00e7\u00e3o, no incentivo \u00e0 cria\u00e7\u00e3o, na difus\u00e3o e no compartilhamento do conhecimento;<br \/>XII \u2013 promover o uso e a aplica\u00e7\u00e3o do conhecimento para a tomada de decis\u00f5es, monitorar as a\u00e7\u00f5es de gest\u00e3o do conhecimento e promover a gest\u00e3o de dados e informa\u00e7\u00f5es;<br \/>XIII \u2013 promover o engajamento nos programas de inclus\u00e3o e diversidade no ambiente de trabalho nas \u00e1reas da Secretaria de Estado da Sa\u00fade;<br \/>XIV \u2013 implantar no(a) \u00f3rg\u00e3o\/entidade as a\u00e7\u00f5es propostas pelo Programa MOVE Goi\u00e1s voltadas ao merecimento, \u00e0 oportuniza\u00e7\u00e3o, \u00e0 valoriza\u00e7\u00e3o, ao envolvimento dos servidores e \u00e0s melhores pr\u00e1ticas de gest\u00e3o e desenvolvimento de pessoas;<br \/>XV \u2013 fomentar parcerias t\u00e9cnicas com as Escolas de Governo, institui\u00e7\u00f5es p\u00fablicas e privadas, tanto nacionais quanto internacionais, a fim de desenvolver e aperfei\u00e7oar as compet\u00eancias profissionais dos servidores da Secretaria de Estado da Sa\u00fade;<br \/>XVI \u2013 representar a Secretaria de Estado da Sa\u00fade junto \u00e0 Secretaria de Estado da Administra\u00e7\u00e3o &#8211; SEAD em reuni\u00f5es, eventos, palestras dentre outros promovidos pela Rede de gest\u00e3o de pessoas juntamente com as coordena\u00e7\u00f5es competentes;<br \/>XVII \u2013 atender \u00e0s demandas e \u00e0s diretrizes da unidade central de gest\u00e3o e desenvolvimento de pessoas;<br \/>XVIII \u2013 seguir orienta\u00e7\u00f5es da Superintend\u00eancia Central de Desenvolvimento Estrat\u00e9gico de Pessoal para mapear as compet\u00eancias e identificar as lacunas que requeiram capacita\u00e7\u00e3o; e<br \/>XIX \u2013 executar outras compet\u00eancias correlatas.<\/p>\t\t\t\t\t\t\t\t<\/div>\n\t\t\t\t<\/div>\n\t\t\t\t\t<\/details>\n\t\t\t\t\t\t<details id=\"e-n-accordion-item-2411\" class=\"e-n-accordion-item\" >\n\t\t\t\t<summary class=\"e-n-accordion-item-title\" data-accordion-index=\"2\" tabindex=\"-1\" aria-expanded=\"false\" aria-controls=\"e-n-accordion-item-2411\" >\n\t\t\t\t\t<span class='e-n-accordion-item-title-header'><div class=\"e-n-accordion-item-title-text\"> Ger\u00eancia de Pesquisa e Inova\u00e7\u00e3o <\/div><\/span>\n\t\t\t\t\t\t\t<span class='e-n-accordion-item-title-icon'>\n\t\t\t<span class='e-opened' ><svg aria-hidden=\"true\" class=\"e-font-icon-svg e-fas-angle-down\" viewBox=\"0 0 320 512\" xmlns=\"http:\/\/www.w3.org\/2000\/svg\"><path d=\"M143 352.3L7 216.3c-9.4-9.4-9.4-24.6 0-33.9l22.6-22.6c9.4-9.4 24.6-9.4 33.9 0l96.4 96.4 96.4-96.4c9.4-9.4 24.6-9.4 33.9 0l22.6 22.6c9.4 9.4 9.4 24.6 0 33.9l-136 136c-9.2 9.4-24.4 9.4-33.8 0z\"><\/path><\/svg><\/span>\n\t\t\t<span class='e-closed'><svg aria-hidden=\"true\" class=\"e-font-icon-svg e-fas-angle-right\" viewBox=\"0 0 256 512\" xmlns=\"http:\/\/www.w3.org\/2000\/svg\"><path d=\"M224.3 273l-136 136c-9.4 9.4-24.6 9.4-33.9 0l-22.6-22.6c-9.4-9.4-9.4-24.6 0-33.9l96.4-96.4-96.4-96.4c-9.4-9.4-9.4-24.6 0-33.9L54.3 103c9.4-9.4 24.6-9.4 33.9 0l136 136c9.5 9.4 9.5 24.6.1 34z\"><\/path><\/svg><\/span>\n\t\t<\/span>\n\n\t\t\t\t\t\t<\/summary>\n\t\t\t\t<div role=\"region\" aria-labelledby=\"e-n-accordion-item-2411\" class=\"elementor-element elementor-element-1efdd15 e-con-full e-flex e-con e-child\" data-id=\"1efdd15\" data-element_type=\"container\" data-e-type=\"container\">\n\t\t\t\t<div class=\"elementor-element elementor-element-e17f563 elementor-widget elementor-widget-text-editor\" data-id=\"e17f563\" data-element_type=\"widget\" data-e-type=\"widget\" data-widget_type=\"text-editor.default\">\n\t\t\t\t\t\t\t\t\t<p>\u00c0 Ger\u00eancia de Pesquisa e Inova\u00e7\u00e3o compete:<\/p><p>\u00c0 Ger\u00eancia de Pesquisa e Inova\u00e7\u00e3o compete:<\/p><p>I- identificar as demandas de sua compet\u00eancia t\u00e9cnica, em conjunto com as demais Superintend\u00eancias, e atuar tecnicamente junto \u00e0s mesmas para estabelecer parcerias no planejamento dos processos de trabalho;<br \/>II- apoiar e fomentar a\u00e7\u00f5es de inova\u00e7\u00e3o tecnol\u00f3gica em sa\u00fade em cumprimento \u00e0 Pol\u00edtica Nacional de Ci\u00eancia, Tecnologia e Inova\u00e7\u00e3o em Sa\u00fade no \u00e2mbito da SES-GO, e de acesso aos trabalhadores e atores sociais do SUS;<br \/>III- incentivar a articula\u00e7\u00e3o interinstitucional entre as \u00e1reas t\u00e9cnicas da SES-GO, gestores, Institui\u00e7\u00f5es de Ensino Superior e Institutos de Pesquisa para formar redes e grupos de trabalho visando \u00e0 elabora\u00e7\u00e3o de programas e de projetos de pesquisa que priorizem as necessidades regionais, sem sobreposi\u00e7\u00e3o ou duplica\u00e7\u00e3o de a\u00e7\u00f5es ou pesquisas e garantindo a aplicabilidade de seus resultados;<br \/>IV- apoiar e fomentar a qualifica\u00e7\u00e3o de profissionais e gestores do SUS para a produ\u00e7\u00e3o e dissemina\u00e7\u00e3o do conhecimento cient\u00edfico, informa\u00e7\u00e3o cient\u00edfica e inova\u00e7\u00e3o em sa\u00fade;<br \/>V- promover a elabora\u00e7\u00e3o da Agenda Estadual de Prioridades de Pesquisa em Sa\u00fade no \u00e2mbito da SES-GO;<br \/>VI- apoiar e fomentar a elabora\u00e7\u00e3o dos planos institucionais de pesquisa no \u00e2mbito da SES-GO;<br \/>VII- avaliar e acompanhar os projetos de pesquisas realizados no \u00e2mbito da SES-GO, garantindo a qualidade cient\u00edfica e \u00e9tica;<br \/>VIII- promover e apoiar a realiza\u00e7\u00e3o de pesquisas no \u00e2mbito da SES-GO para atender \u00e0s necessidades de sa\u00fade da popula\u00e7\u00e3o de Goi\u00e1s;<br \/>IX- difundir a cultura de pesquisa cient\u00edfica e avalia\u00e7\u00e3o de tecnologias em sa\u00fade na SES-GO;<br \/>X- apoiar, fomentar e elaborar estudos em avalia\u00e7\u00e3o de tecnologias em sa\u00fade para a SES-GO, para subsidiar a tomada de decis\u00e3o baseado em evid\u00eancia de profissionais e gestores do SUS no processo de incorpora\u00e7\u00e3o, n\u00e3o incorpora\u00e7\u00e3o e\/ou desincorpora\u00e7\u00e3o de tecnologias em sa\u00fade;<br \/>XI- promover a divulga\u00e7\u00e3o cient\u00edfica aos usu\u00e1rios, profissionais e gestores do SUS, facilitando a compreens\u00e3o e uso da sa\u00fade baseada em evid\u00eancia na pr\u00e1tica cotidiana;<br \/>XII- apoiar e fomentar a divulga\u00e7\u00e3o cient\u00edfica das experi\u00eancias exitosas realizadas no SUS em Goi\u00e1s;<br \/>XIII- planejar e coordenar eventos cient\u00edficos na \u00e1rea de Pesquisa e Inova\u00e7\u00e3o em sa\u00fade;<br \/>XIV- disponibilizar profissionais qualificados para atuarem como avaliadores de trabalho em eventos cient\u00edficos de interesse para a sa\u00fade p\u00fablica;<br \/>XV- coordenar e gerenciar as informa\u00e7\u00f5es decorrentes \u00e0 frequ\u00eancia do servidor, bem como manter organizados os documentos relativos \u00e0 vida funcional enquanto este estiver lotado na Ger\u00eancia;<br \/>XVI- participar do Conselho Escolar, colaborando com a administra\u00e7\u00e3o das Unidades Complementares da Superintend\u00eancia da Escola de Sa\u00fade de Goi\u00e1s; e XVII- desenvolver outras atividades que lhe forem atribu\u00eddas na sua \u00e1rea de atua\u00e7\u00e3o.<\/p>\t\t\t\t\t\t\t\t<\/div>\n\t\t\t\t<\/div>\n\t\t\t\t\t<\/details>\n\t\t\t\t\t\t<details id=\"e-n-accordion-item-2412\" class=\"e-n-accordion-item\" >\n\t\t\t\t<summary class=\"e-n-accordion-item-title\" data-accordion-index=\"3\" tabindex=\"-1\" aria-expanded=\"false\" aria-controls=\"e-n-accordion-item-2412\" >\n\t\t\t\t\t<span class='e-n-accordion-item-title-header'><div class=\"e-n-accordion-item-title-text\"> Ger\u00eancia de Projetos Educacionais em Sa\u00fade <\/div><\/span>\n\t\t\t\t\t\t\t<span class='e-n-accordion-item-title-icon'>\n\t\t\t<span class='e-opened' ><svg aria-hidden=\"true\" class=\"e-font-icon-svg e-fas-angle-down\" viewBox=\"0 0 320 512\" xmlns=\"http:\/\/www.w3.org\/2000\/svg\"><path d=\"M143 352.3L7 216.3c-9.4-9.4-9.4-24.6 0-33.9l22.6-22.6c9.4-9.4 24.6-9.4 33.9 0l96.4 96.4 96.4-96.4c9.4-9.4 24.6-9.4 33.9 0l22.6 22.6c9.4 9.4 9.4 24.6 0 33.9l-136 136c-9.2 9.4-24.4 9.4-33.8 0z\"><\/path><\/svg><\/span>\n\t\t\t<span class='e-closed'><svg aria-hidden=\"true\" class=\"e-font-icon-svg e-fas-angle-right\" viewBox=\"0 0 256 512\" xmlns=\"http:\/\/www.w3.org\/2000\/svg\"><path d=\"M224.3 273l-136 136c-9.4 9.4-24.6 9.4-33.9 0l-22.6-22.6c-9.4-9.4-9.4-24.6 0-33.9l96.4-96.4-96.4-96.4c-9.4-9.4-9.4-24.6 0-33.9L54.3 103c9.4-9.4 24.6-9.4 33.9 0l136 136c9.5 9.4 9.5 24.6.1 34z\"><\/path><\/svg><\/span>\n\t\t<\/span>\n\n\t\t\t\t\t\t<\/summary>\n\t\t\t\t<div role=\"region\" aria-labelledby=\"e-n-accordion-item-2412\" class=\"elementor-element elementor-element-22666db e-con-full e-flex e-con e-child\" data-id=\"22666db\" data-element_type=\"container\" data-e-type=\"container\">\n\t\t\t\t<div class=\"elementor-element elementor-element-cb68941 elementor-widget elementor-widget-text-editor\" data-id=\"cb68941\" data-element_type=\"widget\" data-e-type=\"widget\" data-widget_type=\"text-editor.default\">\n\t\t\t\t\t\t\t\t\t<p>\u00c0 Ger\u00eancia de Projetos Educacionais em Sa\u00fade compete:<\/p><p>I- identificar as demandas de sua compet\u00eancia t\u00e9cnica, em conjunto com as demais<br \/>Superintend\u00eancias, e atuar tecnicamente junto \u00e0s mesmas para estabelecer parcerias no planejamento dos processos de trabalho;<br \/>II- fortalecer a integra\u00e7\u00e3o dos profissionais de sa\u00fade do Estado de Goi\u00e1s, por meio da Escola de Sa\u00fade de Goi\u00e1s; <br \/>III- qualificar a for\u00e7a de trabalho do SUS, na SES-GO e nas regi\u00f5es de sa\u00fade do Estado de Goi\u00e1s; <br \/>IV- ordenar o processo de planejamento, gest\u00e3o e avalia\u00e7\u00e3o do Plano Estadual de Educa\u00e7\u00e3o Permanente em Sa\u00fade (PEEPS), em conson\u00e2ncia com a Pol\u00edtica Nacional de Educa\u00e7\u00e3o Permanente em Sa\u00fade (PNEPS);<br \/>V- organizar e implementar o processo de Educa\u00e7\u00e3o Permanente em Aten\u00e7\u00e3o, Vigil\u00e2ncia, Gest\u00e3o e Educa\u00e7\u00e3o Popular em Sa\u00fade para o SUS no Estado de Goi\u00e1s;<br \/>VI- fomentar a Pol\u00edtica Estadual de Educa\u00e7\u00e3o Permanente em Sa\u00fade (PEEPS), no Estado de Goi\u00e1s;<br \/>VII- planejar as atividades e a\u00e7\u00f5es de Educa\u00e7\u00e3o Permanente de forma integrada e unificada com as demais ger\u00eancias da SESG, a partir das prioridades estabelecidas pelas Superintend\u00eancias e Unidades Assistenciais de Sa\u00fade;<br \/>VIII- participar de espa\u00e7os de cogest\u00e3o como f\u00f3runs de debates e de decis\u00e3o sobre Pol\u00edticas P\u00fablicas de Sa\u00fade no SUS de sua \u00e1rea de atua\u00e7\u00e3o;<br \/>IX- desenvolver projetos com treinamento em ambiente de simula\u00e7\u00e3o real\u00edstica, em todos os n\u00edveis educacionais direcionados pelo Plano Estadual de (PEEPS) para todo o Estado de Goi\u00e1s, no \u00e2mbito da SES-GO;<br \/>X- qualificar em Metodologias Educacionais em Sa\u00fade no \u00e2mbito da SES-GO, os profissionais de sa\u00fade para exercer a fun\u00e7\u00e3o de docente na Superintend\u00eancia da Escola de Sa\u00fade de Goi\u00e1s;<br \/>XI- coordenar e gerenciar as informa\u00e7\u00f5es decorrentes \u00e0 frequ\u00eancia dos servidores, bem como manter organizados os documentos relativos \u00e0 vida funcional dos mesmos enquanto estiverem lotados na Ger\u00eancia;<br \/>XII- participar do Conselho Escolar, colaborando com a administra\u00e7\u00e3o das Unidades Complementares da SESG; e<br \/>XIII- desenvolver outras atividades que lhe forem atribu\u00eddas na sua \u00e1rea de atua\u00e7\u00e3o.<\/p>\t\t\t\t\t\t\t\t<\/div>\n\t\t\t\t<\/div>\n\t\t\t\t\t<\/details>\n\t\t\t\t\t\t<details id=\"e-n-accordion-item-2413\" class=\"e-n-accordion-item\" >\n\t\t\t\t<summary class=\"e-n-accordion-item-title\" data-accordion-index=\"4\" tabindex=\"-1\" aria-expanded=\"false\" aria-controls=\"e-n-accordion-item-2413\" >\n\t\t\t\t\t<span class='e-n-accordion-item-title-header'><div class=\"e-n-accordion-item-title-text\"> Ger\u00eancia de Desenvolvimento e Ensino em Sa\u00fade <\/div><\/span>\n\t\t\t\t\t\t\t<span class='e-n-accordion-item-title-icon'>\n\t\t\t<span class='e-opened' ><svg aria-hidden=\"true\" class=\"e-font-icon-svg e-fas-angle-down\" viewBox=\"0 0 320 512\" xmlns=\"http:\/\/www.w3.org\/2000\/svg\"><path d=\"M143 352.3L7 216.3c-9.4-9.4-9.4-24.6 0-33.9l22.6-22.6c9.4-9.4 24.6-9.4 33.9 0l96.4 96.4 96.4-96.4c9.4-9.4 24.6-9.4 33.9 0l22.6 22.6c9.4 9.4 9.4 24.6 0 33.9l-136 136c-9.2 9.4-24.4 9.4-33.8 0z\"><\/path><\/svg><\/span>\n\t\t\t<span class='e-closed'><svg aria-hidden=\"true\" class=\"e-font-icon-svg e-fas-angle-right\" viewBox=\"0 0 256 512\" xmlns=\"http:\/\/www.w3.org\/2000\/svg\"><path d=\"M224.3 273l-136 136c-9.4 9.4-24.6 9.4-33.9 0l-22.6-22.6c-9.4-9.4-9.4-24.6 0-33.9l96.4-96.4-96.4-96.4c-9.4-9.4-9.4-24.6 0-33.9L54.3 103c9.4-9.4 24.6-9.4 33.9 0l136 136c9.5 9.4 9.5 24.6.1 34z\"><\/path><\/svg><\/span>\n\t\t<\/span>\n\n\t\t\t\t\t\t<\/summary>\n\t\t\t\t<div role=\"region\" aria-labelledby=\"e-n-accordion-item-2413\" class=\"elementor-element elementor-element-6c11030 e-con-full e-flex e-con e-child\" data-id=\"6c11030\" data-element_type=\"container\" data-e-type=\"container\">\n\t\t\t\t<div class=\"elementor-element elementor-element-6e13cb9 elementor-widget elementor-widget-text-editor\" data-id=\"6e13cb9\" data-element_type=\"widget\" data-e-type=\"widget\" data-widget_type=\"text-editor.default\">\n\t\t\t\t\t\t\t\t\t<p>\u00c0 Ger\u00eancia de Desenvolvimento e Ensino em Sa\u00fade compete:<\/p><p>I- identificar as demandas de sua compet\u00eancia t\u00e9cnica, em conjunto com as demais Superintend\u00eancias, e atuar tecnicamente junto \u00e0s mesmas para estabelecer parcerias no planejamento dos processos de trabalho;<br \/>II- fortalecer a integra\u00e7\u00e3o dos profissionais de sa\u00fade do Estado de Goi\u00e1s, por meio da Escola de Sa\u00fade de Goi\u00e1s;<br \/>III- qualificar a for\u00e7a de trabalho do SUS, na SES-GO e nas regi\u00f5es de sa\u00fade do Estado de Goi\u00e1s;<br \/>IV- ordenar o processo de planejamento, gest\u00e3o e avalia\u00e7\u00e3o do Plano Estadual de Educa\u00e7\u00e3o Permanente em Sa\u00fade (PEEPS), em conson\u00e2ncia com a Pol\u00edtica Nacional de Educa\u00e7\u00e3o Permanente em Sa\u00fade (PNEPS);<br \/>V- organizar e implementar o processo de Educa\u00e7\u00e3o Permanente em Aten\u00e7\u00e3o, Vigil\u00e2ncia, Gest\u00e3o e Educa\u00e7\u00e3o Popular em Sa\u00fade para o SUS no Estado de Goi\u00e1s;<br \/>VI- fomentar a Pol\u00edtica Estadual de Educa\u00e7\u00e3o Permanente em Sa\u00fade (PEEPS), no Estado de Goi\u00e1s;<br \/>VII- planejar as atividades e a\u00e7\u00f5es de Educa\u00e7\u00e3o Permanente de forma integrada e unificada com as demais ger\u00eancias da SESG, a partir das prioridades estabelecidas pelas Superintend\u00eancias e Unidades Assistenciais de Sa\u00fade;<br \/>VIII- participar de espa\u00e7os de cogest\u00e3o como f\u00f3runs de debates e de decis\u00e3o sobre Pol\u00edticas P\u00fablicas de Sa\u00fade no SUS de sua \u00e1rea de atua\u00e7\u00e3o;<br \/>IX- desenvolver projetos com treinamento em ambiente de simula\u00e7\u00e3o real\u00edstica, em todos os n\u00edveis educacionais direcionados pelo Plano Estadual de Educa\u00e7\u00e3o Permanente (PEEPS) para todo o Estado de Goi\u00e1s, no \u00e2mbito da SES-GO;<br \/>X- qualificar em Metodologias Educacionais em Sa\u00fade no \u00e2mbito da SES-GO, os profissionais de sa\u00fade para exercer a fun\u00e7\u00e3o de docente na Superintend\u00eancia da Escola de Sa\u00fade de Goi\u00e1s;<br \/>XI- coordenar e gerenciar as informa\u00e7\u00f5es decorrentes \u00e0 frequ\u00eancia dos servidores, bem como manter organizados os documentos relativos \u00e0 vida funcional dos mesmos enquanto estiverem lotados na Ger\u00eancia;<br \/>XII- participar do Conselho Escolar, colaborando com a administra\u00e7\u00e3o das Unidades Complementares da SESG; e<br \/>XIII- desenvolver outras atividades que lhe forem atribu\u00eddas na sua \u00e1rea de atua\u00e7\u00e3o.<\/p>\t\t\t\t\t\t\t\t<\/div>\n\t\t\t\t<\/div>\n\t\t\t\t\t<\/details>\n\t\t\t\t\t\t<details id=\"e-n-accordion-item-2414\" class=\"e-n-accordion-item\" >\n\t\t\t\t<summary class=\"e-n-accordion-item-title\" data-accordion-index=\"5\" tabindex=\"-1\" aria-expanded=\"false\" aria-controls=\"e-n-accordion-item-2414\" >\n\t\t\t\t\t<span class='e-n-accordion-item-title-header'><div class=\"e-n-accordion-item-title-text\"> Ger\u00eancia de Suporte Administrativo <\/div><\/span>\n\t\t\t\t\t\t\t<span class='e-n-accordion-item-title-icon'>\n\t\t\t<span class='e-opened' ><svg aria-hidden=\"true\" class=\"e-font-icon-svg e-fas-angle-down\" viewBox=\"0 0 320 512\" xmlns=\"http:\/\/www.w3.org\/2000\/svg\"><path d=\"M143 352.3L7 216.3c-9.4-9.4-9.4-24.6 0-33.9l22.6-22.6c9.4-9.4 24.6-9.4 33.9 0l96.4 96.4 96.4-96.4c9.4-9.4 24.6-9.4 33.9 0l22.6 22.6c9.4 9.4 9.4 24.6 0 33.9l-136 136c-9.2 9.4-24.4 9.4-33.8 0z\"><\/path><\/svg><\/span>\n\t\t\t<span class='e-closed'><svg aria-hidden=\"true\" class=\"e-font-icon-svg e-fas-angle-right\" viewBox=\"0 0 256 512\" xmlns=\"http:\/\/www.w3.org\/2000\/svg\"><path d=\"M224.3 273l-136 136c-9.4 9.4-24.6 9.4-33.9 0l-22.6-22.6c-9.4-9.4-9.4-24.6 0-33.9l96.4-96.4-96.4-96.4c-9.4-9.4-9.4-24.6 0-33.9L54.3 103c9.4-9.4 24.6-9.4 33.9 0l136 136c9.5 9.4 9.5 24.6.1 34z\"><\/path><\/svg><\/span>\n\t\t<\/span>\n\n\t\t\t\t\t\t<\/summary>\n\t\t\t\t<div role=\"region\" aria-labelledby=\"e-n-accordion-item-2414\" class=\"elementor-element elementor-element-a6ffd14 e-con-full e-flex e-con e-child\" data-id=\"a6ffd14\" data-element_type=\"container\" data-e-type=\"container\">\n\t\t\t\t<div class=\"elementor-element elementor-element-f9f8726 elementor-widget elementor-widget-text-editor\" data-id=\"f9f8726\" data-element_type=\"widget\" data-e-type=\"widget\" data-widget_type=\"text-editor.default\">\n\t\t\t\t\t\t\t\t\t<p>\u00c0 Ger\u00eancia de Suporte Administrativo compete:<\/p><p>I- identificar as demandas, em conjunto com as demais Superintend\u00eancias e atuar tecnicamente junto \u00e0s mesmas para estabelecer parcerias no planejamento dos processos de trabalho;<br \/>II- gerenciar as a\u00e7\u00f5es de gest\u00e3o acad\u00eamica, log\u00edstica, manuten\u00e7\u00e3o, econ\u00f4micas e financeiras, e de suporte \u00e0s tecnologias da informa\u00e7\u00e3o e comunica\u00e7\u00e3o no \u00e2mbito da SESG;<br \/>III- coordenar e gerenciar as informa\u00e7\u00f5es decorrentes \u00e0 frequ\u00eancia do servidor, bem como<br \/>manter organizados os documentos relativos \u00e0 vida funcional enquanto este estiver lotado na<br \/>Ger\u00eancia;<br \/>IV-participar do Conselho Escolar, colaborando com a administra\u00e7\u00e3o das Unidades Complementares da SESG; e<br \/>V- desenvolver outras atividades que lhe forem atribu\u00eddas na sua \u00e1rea de atua\u00e7\u00e3o.<\/p>\t\t\t\t\t\t\t\t<\/div>\n\t\t\t\t<\/div>\n\t\t\t\t\t<\/details>\n\t\t\t\t\t\t<details id=\"e-n-accordion-item-2415\" class=\"e-n-accordion-item\" >\n\t\t\t\t<summary class=\"e-n-accordion-item-title\" data-accordion-index=\"6\" tabindex=\"-1\" aria-expanded=\"false\" aria-controls=\"e-n-accordion-item-2415\" >\n\t\t\t\t\t<span class='e-n-accordion-item-title-header'><div class=\"e-n-accordion-item-title-text\"> Creche Cantinho Feliz <\/div><\/span>\n\t\t\t\t\t\t\t<span class='e-n-accordion-item-title-icon'>\n\t\t\t<span class='e-opened' ><svg aria-hidden=\"true\" class=\"e-font-icon-svg e-fas-angle-down\" viewBox=\"0 0 320 512\" xmlns=\"http:\/\/www.w3.org\/2000\/svg\"><path d=\"M143 352.3L7 216.3c-9.4-9.4-9.4-24.6 0-33.9l22.6-22.6c9.4-9.4 24.6-9.4 33.9 0l96.4 96.4 96.4-96.4c9.4-9.4 24.6-9.4 33.9 0l22.6 22.6c9.4 9.4 9.4 24.6 0 33.9l-136 136c-9.2 9.4-24.4 9.4-33.8 0z\"><\/path><\/svg><\/span>\n\t\t\t<span class='e-closed'><svg aria-hidden=\"true\" class=\"e-font-icon-svg e-fas-angle-right\" viewBox=\"0 0 256 512\" xmlns=\"http:\/\/www.w3.org\/2000\/svg\"><path d=\"M224.3 273l-136 136c-9.4 9.4-24.6 9.4-33.9 0l-22.6-22.6c-9.4-9.4-9.4-24.6 0-33.9l96.4-96.4-96.4-96.4c-9.4-9.4-9.4-24.6 0-33.9L54.3 103c9.4-9.4 24.6-9.4 33.9 0l136 136c9.5 9.4 9.5 24.6.1 34z\"><\/path><\/svg><\/span>\n\t\t<\/span>\n\n\t\t\t\t\t\t<\/summary>\n\t\t\t\t<div role=\"region\" aria-labelledby=\"e-n-accordion-item-2415\" class=\"elementor-element elementor-element-e9e4336 e-con-full e-flex e-con e-child\" data-id=\"e9e4336\" data-element_type=\"container\" data-e-type=\"container\">\n\t\t\t\t<div class=\"elementor-element elementor-element-43d272a elementor-widget elementor-widget-text-editor\" data-id=\"43d272a\" data-element_type=\"widget\" data-e-type=\"widget\" data-widget_type=\"text-editor.default\">\n\t\t\t\t\t\t\t\t\t<p>\u00c0 Creche Cantinho Feliz compete:<\/p><p>I &#8211; realizar atividades que envolvam o cuidar e o educar;<br \/>II &#8211; promover a aten\u00e7\u00e3o integral \u00e0 crian\u00e7a, desenvolvendo os dom\u00ednios f\u00edsico, psicol\u00f3gico, cognitivo e social, respeitando as individualidades, as necessidades educacionais especiais e caracter\u00edsticas de sua faixa et\u00e1ria;<br \/>III &#8211; priorizar o aspecto l\u00fadico como processo de aprendizagem em conformidade com a proposta pedag\u00f3gica da Creche Cantinho Feliz;<br \/>IV &#8211; incentivar os profissionais a participarem da forma\u00e7\u00e3o continuada nas \u00e1reas do conhecimento em Educa\u00e7\u00e3o Infantil;<br \/>V &#8211; promover a\u00e7\u00f5es que estimulem a participa\u00e7\u00e3o dos profissionais e fam\u00edlias na organiza\u00e7\u00e3o e acompanhamento das atividades desenvolvidas;<br \/>VI &#8211; acompanhar e executar a proposta educativa da Creche Cantinho Feliz, garantindo um atendimento com qualidade;<br \/>VII &#8211; conhecer e respeitar as etapas de desenvolvimento das crian\u00e7as.<\/p>\t\t\t\t\t\t\t\t<\/div>\n\t\t\t\t<\/div>\n\t\t\t\t\t<\/details>\n\t\t\t\t\t<\/div>\n\t\t\t\t\t\t<\/div>\n\t\t\t\t\t<\/div>\n\t\t\t\t<\/div>\n\t\t\t\t<\/div>\n\t\t","protected":false},"excerpt":{"rendered":"<p>Superintendente Edinalva Rodrigues Batista Gon\u00e7alves(62) 3201-3410gabinete.escoladesaude@goias.gov.br Lista de contatos Escola de Sa\u00fade Localiza\u00e7\u00e3o:Rua 26, 521 &#8211; Jardim Santo Ant\u00f4nioGoi\u00e2nia &#8211; GOCEP: 74.853-070 Acesse o site da Escola de Sa\u00fade A Superintend\u00eancia da Escola de Sa\u00fade de Goi\u00e1s (Sesg) comp\u00f5e a estrutura da Secretaria de Estado da Sa\u00fade (SES-GO). Est\u00e1 diretamente ligada \u00e0 Subsecretaria de Inova\u00e7\u00e3o, [&hellip;]<\/p>\n","protected":false},"author":693,"featured_media":0,"parent":0,"menu_order":0,"comment_status":"closed","ping_status":"closed","template":"","meta":{"footnotes":""},"class_list":["post-40795","page","type-page","status-publish","hentry"],"rttpg_featured_image_url":null,"rttpg_author":{"display_name":"elzenubiamoreira","author_link":"https:\/\/goias.gov.br\/saude\/author\/elzenubiamoreira\/"},"rttpg_comment":0,"rttpg_category":null,"rttpg_excerpt":"Superintendente Edinalva Rodrigues Batista Gon\u00e7alves(62) 3201-3410gabinete.escoladesaude@goias.gov.br Lista de contatos Escola de Sa\u00fade Localiza\u00e7\u00e3o:Rua 26, 521 &#8211; Jardim Santo Ant\u00f4nioGoi\u00e2nia &#8211; GOCEP: 74.853-070 Acesse o site da Escola de Sa\u00fade A Superintend\u00eancia da Escola de Sa\u00fade de Goi\u00e1s (Sesg) comp\u00f5e a estrutura da Secretaria de Estado da Sa\u00fade (SES-GO). Est\u00e1 diretamente ligada \u00e0 Subsecretaria de Inova\u00e7\u00e3o,&hellip;","_links":{"self":[{"href":"https:\/\/goias.gov.br\/saude\/wp-json\/wp\/v2\/pages\/40795","targetHints":{"allow":["GET"]}}],"collection":[{"href":"https:\/\/goias.gov.br\/saude\/wp-json\/wp\/v2\/pages"}],"about":[{"href":"https:\/\/goias.gov.br\/saude\/wp-json\/wp\/v2\/types\/page"}],"author":[{"embeddable":true,"href":"https:\/\/goias.gov.br\/saude\/wp-json\/wp\/v2\/users\/693"}],"replies":[{"embeddable":true,"href":"https:\/\/goias.gov.br\/saude\/wp-json\/wp\/v2\/comments?post=40795"}],"version-history":[{"count":2,"href":"https:\/\/goias.gov.br\/saude\/wp-json\/wp\/v2\/pages\/40795\/revisions"}],"predecessor-version":[{"id":626282,"href":"https:\/\/goias.gov.br\/saude\/wp-json\/wp\/v2\/pages\/40795\/revisions\/626282"}],"wp:attachment":[{"href":"https:\/\/goias.gov.br\/saude\/wp-json\/wp\/v2\/media?parent=40795"}],"curies":[{"name":"wp","href":"https:\/\/api.w.org\/{rel}","templated":true}]}}