

{"id":37841,"date":"2023-12-05T15:03:13","date_gmt":"2023-12-05T18:03:13","guid":{"rendered":"https:\/\/siteshom.goias.gov.br\/saude\/?page_id=37841"},"modified":"2025-12-02T10:39:59","modified_gmt":"2025-12-02T13:39:59","slug":"hugo","status":"publish","type":"page","link":"https:\/\/goias.gov.br\/saude\/hugo\/","title":{"rendered":"HUGO &#8211; Hospital de Urg\u00eancias de Goi\u00e1s Dr. Valdemiro Cruz"},"content":{"rendered":"\t\t<div data-elementor-type=\"wp-page\" data-elementor-id=\"37841\" class=\"elementor elementor-37841\">\n\t\t\t\t<div class=\"elementor-element elementor-element-5ca73aa e-flex e-con-boxed e-con e-parent\" data-id=\"5ca73aa\" data-element_type=\"container\" data-e-type=\"container\">\n\t\t\t\t\t<div class=\"e-con-inner\">\n\t\t\t\t<div class=\"elementor-element elementor-element-8a593e8 elementor-widget elementor-widget-image\" data-id=\"8a593e8\" data-element_type=\"widget\" data-e-type=\"widget\" data-widget_type=\"image.default\">\n\t\t\t\t\t\t\t\t\t\t\t\t\t\t\t<img decoding=\"async\" src=\"https:\/\/goias.gov.br\/saude\/wp-content\/uploads\/sites\/34\/2025\/03\/hugofachada.jpg\" title=\"\" alt=\"\" loading=\"lazy\" \/>\t\t\t\t\t\t\t\t\t\t\t\t\t\t\t<\/div>\n\t\t\t\t\t<\/div>\n\t\t\t\t<\/div>\n\t\t<div class=\"elementor-element elementor-element-3cedd6f e-flex e-con-boxed e-con e-parent\" data-id=\"3cedd6f\" data-element_type=\"container\" data-e-type=\"container\">\n\t\t\t\t\t<div class=\"e-con-inner\">\n\t\t<div class=\"elementor-element elementor-element-ada0a0b e-con-full e-flex e-con e-child\" data-id=\"ada0a0b\" data-element_type=\"container\" data-e-type=\"container\">\n\t\t\t\t<div class=\"elementor-element elementor-element-16d8df0 elementor-widget elementor-widget-text-editor\" data-id=\"16d8df0\" data-element_type=\"widget\" data-e-type=\"widget\" data-widget_type=\"text-editor.default\">\n\t\t\t\t\t\t\t\t\t<h4 class=\"sppb-addon-title\">Recep\u00e7\u00e3o<\/h4><p class=\"sppb-addon-title\"><strong>Telefone:<\/strong> (62) 3201-4455<\/p><h4 class=\"sppb-addon-title\">Diretoria<\/h4><p><strong>Dire\u00e7\u00e3o M\u00e9dica:<\/strong> Fabiana Rolla<\/p><p><strong>Gerente Assistencial:<\/strong> Erika Kumoto<\/p><p><strong>Gerente M\u00e9dico:<\/strong> Patrick Ara\u00fajo<\/p><p><strong>E-mail da Diretoria:<\/strong> <a href=\"mailto:diretoriahugo@einstein.br\">diretoriahugo@einstein.br<\/a><\/p><p style=\"text-align: center;\"><a class=\"btn btn-primary btn-block\" href=\"https:\/\/hugo.org.br\/\" target=\"_blank\" rel=\"noopener noreferrer\">Acesso \u00e0 Informa\u00e7\u00e3o da OS<\/a><\/p><h4>Localiza\u00e7\u00e3o<\/h4><p><a href=\"https:\/\/maps.app.goo.gl\/TsZkSAvh1j3JKWvy7\" target=\"_blank\" rel=\"noopener\"><span class=\"section-info-text\"><span class=\"widget-pane-link\">Avenida 31 de Mar\u00e7o, s\/n, Av. Pedro Ludovico, Goi\u00e2nia &#8211; GO, 74820-300<\/span><\/span><\/a><\/p>\t\t\t\t\t\t\t\t<\/div>\n\t\t\t\t<\/div>\n\t\t<div class=\"elementor-element elementor-element-283a3b2 e-con-full e-flex e-con e-child\" data-id=\"283a3b2\" data-element_type=\"container\" data-e-type=\"container\">\n\t\t\t\t<div class=\"elementor-element elementor-element-0d24506 elementor-widget elementor-widget-text-editor\" data-id=\"0d24506\" data-element_type=\"widget\" data-e-type=\"widget\" data-widget_type=\"text-editor.default\">\n\t\t\t\t\t\t\t\t\t<p tabindex=\"0\">\u00a0<\/p><p tabindex=\"0\">\u00a0<\/p><p style=\"text-align: justify;\" tabindex=\"0\">O Hospital de Urg\u00eancias de Goi\u00e1s Dr. Valdemiro Cruz (Hugo) \u00e9 uma unidade da Secretaria de Estado da Sa\u00fade de Goi\u00e1s (SES-GO), gerida pela Sociedade Beneficente Israelita Brasileira Albert Einstein. \u00c9 refer\u00eancia em traumatologia e foi idealizado para prestar atendimento de car\u00e1ter de urg\u00eancia e emerg\u00eancia de m\u00e9dia e alta complexidade.<\/p><p style=\"text-align: justify;\">Inaugurado em 1991, o Hugo \u00e9 o segundo maior hospital de urg\u00eancia e emerg\u00eancia de Goi\u00e1s, e al\u00e9m da assist\u00eancia, tamb\u00e9m \u00e9 um hospital de ensino, pesquisa e extens\u00e3o universit\u00e1ria.<\/p><p style=\"text-align: justify;\">O hospital tem programas como o de microcirurgia, que realiza procedimentos como reconstitui\u00e7\u00e3o de \u00f3rg\u00e3os, repara\u00e7\u00e3o cir\u00fargica e reconstru\u00e7\u00e3o de membros inferiores, superiores da face e at\u00e9 reimplantes.\u00a0<\/p>\t\t\t\t\t\t\t\t<\/div>\n\t\t\t\t<\/div>\n\t\t\t\t\t<\/div>\n\t\t\t\t<\/div>\n\t\t<div class=\"elementor-element elementor-element-60432e1 e-flex e-con-boxed e-con e-parent\" data-id=\"60432e1\" data-element_type=\"container\" data-e-type=\"container\">\n\t\t\t\t\t<div class=\"e-con-inner\">\n\t\t\t\t<div class=\"elementor-element elementor-element-f5e547e elementor-widget elementor-widget-heading\" data-id=\"f5e547e\" data-element_type=\"widget\" data-e-type=\"widget\" data-widget_type=\"heading.default\">\n\t\t\t\t\t<h2 class=\"elementor-heading-title elementor-size-default\">INFORMA\u00c7\u00d5ES<\/h2>\t\t\t\t<\/div>\n\t\t\t\t<div class=\"elementor-element elementor-element-0321ad2 elementor-widget elementor-widget-n-accordion\" data-id=\"0321ad2\" data-element_type=\"widget\" data-e-type=\"widget\" data-settings=\"{&quot;default_state&quot;:&quot;all_collapsed&quot;,&quot;max_items_expended&quot;:&quot;one&quot;,&quot;n_accordion_animation_duration&quot;:{&quot;unit&quot;:&quot;ms&quot;,&quot;size&quot;:400,&quot;sizes&quot;:[]}}\" data-widget_type=\"nested-accordion.default\">\n\t\t\t\t\t\t\t<div class=\"e-n-accordion\" aria-label=\"Accordion. Open links with Enter or Space, close with Escape, and navigate with Arrow Keys\">\n\t\t\t\t\t\t<details id=\"e-n-accordion-item-3280\" class=\"e-n-accordion-item\" >\n\t\t\t\t<summary class=\"e-n-accordion-item-title\" data-accordion-index=\"1\" tabindex=\"0\" aria-expanded=\"false\" aria-controls=\"e-n-accordion-item-3280\" >\n\t\t\t\t\t<span class='e-n-accordion-item-title-header'><div class=\"e-n-accordion-item-title-text\"> Informa\u00e7\u00f5es para Visitantes <\/div><\/span>\n\t\t\t\t\t\t\t<span class='e-n-accordion-item-title-icon'>\n\t\t\t<span class='e-opened' ><svg aria-hidden=\"true\" class=\"e-font-icon-svg e-fas-angle-down\" viewBox=\"0 0 320 512\" xmlns=\"http:\/\/www.w3.org\/2000\/svg\"><path d=\"M143 352.3L7 216.3c-9.4-9.4-9.4-24.6 0-33.9l22.6-22.6c9.4-9.4 24.6-9.4 33.9 0l96.4 96.4 96.4-96.4c9.4-9.4 24.6-9.4 33.9 0l22.6 22.6c9.4 9.4 9.4 24.6 0 33.9l-136 136c-9.2 9.4-24.4 9.4-33.8 0z\"><\/path><\/svg><\/span>\n\t\t\t<span class='e-closed'><svg aria-hidden=\"true\" class=\"e-font-icon-svg e-fas-angle-right\" viewBox=\"0 0 256 512\" xmlns=\"http:\/\/www.w3.org\/2000\/svg\"><path d=\"M224.3 273l-136 136c-9.4 9.4-24.6 9.4-33.9 0l-22.6-22.6c-9.4-9.4-9.4-24.6 0-33.9l96.4-96.4-96.4-96.4c-9.4-9.4-9.4-24.6 0-33.9L54.3 103c9.4-9.4 24.6-9.4 33.9 0l136 136c9.5 9.4 9.5 24.6.1 34z\"><\/path><\/svg><\/span>\n\t\t<\/span>\n\n\t\t\t\t\t\t<\/summary>\n\t\t\t\t<div role=\"region\" aria-labelledby=\"e-n-accordion-item-3280\" class=\"elementor-element elementor-element-d675d84 e-con-full e-flex e-con e-child\" data-id=\"d675d84\" data-element_type=\"container\" data-e-type=\"container\">\n\t\t\t\t<div class=\"elementor-element elementor-element-39d09fd elementor-widget elementor-widget-text-editor\" data-id=\"39d09fd\" data-element_type=\"widget\" data-e-type=\"widget\" data-widget_type=\"text-editor.default\">\n\t\t\t\t\t\t\t\t\t<ul><li>Todos os visitantes (inclusive menores de idade) devem apresentar documento v\u00e1lido na Recep\u00e7\u00e3o Social e portar, em local vis\u00edvel, crach\u00e1 ou etiqueta de identifica\u00e7\u00e3o fornecido;<\/li><li>Ao sair do hospital, o crach\u00e1 ou etiqueta de identifica\u00e7\u00e3o dever\u00e1 ser devolvido;<\/li><li>Menores de 18 anos, independentemente do grau de parentesco, deve estar acompanhados de um respons\u00e1vel legal;<\/li><li>Para os menores de 12 anos, as visitas devem ser agendadas com anteced\u00eancia de um dia, para serem avaliadas pelo Setor de Psicologia;<\/li><li>Pacientes em isolamento ou em UTI s\u00f3 podem receber visitas com acompanhamento e devidamente instru\u00eddas por profissionais do Hugo;<\/li><li>As visitas podem atrasar ou ser interrompidas, em decorr\u00eancia da realiza\u00e7\u00e3o de procedimentos necess\u00e1rios;<\/li><li>\u00c9 permitida a visita de um representante religioso por vez, desde que solicitado pelo paciente e\/ou familiar, respeitando o hor\u00e1rio preestabelecido (conforme previsto na Lei n\u00ba 9,982, 14\/07\/2000, art. 2\u00ba da assist\u00eancia religiosa);<\/li><li>Visita a pacientes com escolta policial somente ser\u00e1 permitida mediante apresenta\u00e7\u00e3o de autoriza\u00e7\u00e3o emitida pelo Poder Judici\u00e1rio ou Delegado de Pol\u00edcia, conforme o caso;<\/li><li>Para seguran\u00e7a e adequada recupera\u00e7\u00e3o dos pacientes, nas enfermarias \u00e9 permitido apenas um visitante por interno e, nas UTIs, no m\u00e1ximo, dois \u2013 sendo um por vez. Em casos excepcionais, ser\u00e1 permitida a presen\u00e7a de um acompanhante para crian\u00e7as e visitante que apresentar condi\u00e7\u00e3o que exige apoio (mobilidade prejudicada, por exemplo).<\/li><\/ul><p><strong>Refei\u00e7\u00f5es \u2013<\/strong> As refei\u00e7\u00f5es dos pacientes seguem os regimes diet\u00e9ticos prescritos pelo m\u00e9dico assistente e pela equipe de nutri\u00e7\u00e3o. Para maior conforto e seguran\u00e7a, o Hugo tamb\u00e9m serve desjejum, almo\u00e7o e jantar para o acompanhante.<\/p><p><strong>Hor\u00e1rios de Visita<\/strong><\/p><ul><li>Visita religiosa \u2013 das 11h \u00e0s 11h30.<\/li><li>Enfermarias t\u00e9rreo (1 a 4) \u2013 das 13h \u00e0s 14h.<\/li><li>Enfermarias 2\u00ba andar \u2013 das 14h \u00e0s 15h.<\/li><li>Enfermarias 3\u00ba andar \u2013 das 16h30 \u00e0s 17h30.<\/li><li>Enfermarias 4\u00ba andar \u2013 das 15h30 \u00e0s 16h30.<\/li><li>UTIs 1 e 2 \u2013 das 14h30 \u00e0s 15h30.<\/li><li>UTIs 3 e 4 \u2013 16h \u00e0s 17h.<\/li><\/ul><div id=\"sppb-ac-content-1574774106260-key-1\" class=\"sppb-panel-collapse\" aria-labelledby=\"sppb-ac-heading-1574774106260-key-1\"><div class=\"sppb-panel-body\"><div id=\"sppb-addon-wrapper-1574961380577\" class=\"sppb-addon-wrapper\"><div id=\"sppb-addon-1574961380577\" class=\"clearfix \"><div class=\"sppb-addon sppb-addon-text-block \"><div class=\"sppb-addon-content\"><div class=\"panel\">\u00a0<\/div><\/div><\/div><\/div><\/div><\/div><\/div>\t\t\t\t\t\t\t\t<\/div>\n\t\t\t\t<\/div>\n\t\t\t\t\t<\/details>\n\t\t\t\t\t\t<details id=\"e-n-accordion-item-3281\" class=\"e-n-accordion-item\" >\n\t\t\t\t<summary class=\"e-n-accordion-item-title\" data-accordion-index=\"2\" tabindex=\"-1\" aria-expanded=\"false\" aria-controls=\"e-n-accordion-item-3281\" >\n\t\t\t\t\t<span class='e-n-accordion-item-title-header'><div class=\"e-n-accordion-item-title-text\"> Orienta\u00e7\u00f5es para Acompanhantes <\/div><\/span>\n\t\t\t\t\t\t\t<span class='e-n-accordion-item-title-icon'>\n\t\t\t<span class='e-opened' ><svg aria-hidden=\"true\" class=\"e-font-icon-svg e-fas-angle-down\" viewBox=\"0 0 320 512\" xmlns=\"http:\/\/www.w3.org\/2000\/svg\"><path d=\"M143 352.3L7 216.3c-9.4-9.4-9.4-24.6 0-33.9l22.6-22.6c9.4-9.4 24.6-9.4 33.9 0l96.4 96.4 96.4-96.4c9.4-9.4 24.6-9.4 33.9 0l22.6 22.6c9.4 9.4 9.4 24.6 0 33.9l-136 136c-9.2 9.4-24.4 9.4-33.8 0z\"><\/path><\/svg><\/span>\n\t\t\t<span class='e-closed'><svg aria-hidden=\"true\" class=\"e-font-icon-svg e-fas-angle-right\" viewBox=\"0 0 256 512\" xmlns=\"http:\/\/www.w3.org\/2000\/svg\"><path d=\"M224.3 273l-136 136c-9.4 9.4-24.6 9.4-33.9 0l-22.6-22.6c-9.4-9.4-9.4-24.6 0-33.9l96.4-96.4-96.4-96.4c-9.4-9.4-9.4-24.6 0-33.9L54.3 103c9.4-9.4 24.6-9.4 33.9 0l136 136c9.5 9.4 9.5 24.6.1 34z\"><\/path><\/svg><\/span>\n\t\t<\/span>\n\n\t\t\t\t\t\t<\/summary>\n\t\t\t\t<div role=\"region\" aria-labelledby=\"e-n-accordion-item-3281\" class=\"elementor-element elementor-element-42007b5 e-con-full e-flex e-con e-child\" data-id=\"42007b5\" data-element_type=\"container\" data-e-type=\"container\">\n\t\t\t\t<div class=\"elementor-element elementor-element-bc48c38 elementor-widget elementor-widget-text-editor\" data-id=\"bc48c38\" data-element_type=\"widget\" data-e-type=\"widget\" data-widget_type=\"text-editor.default\">\n\t\t\t\t\t\t\t\t\t<ul><li>Para saber o estado de sa\u00fade dos pacientes internados, ligue para a Recep\u00e7\u00e3o Social, por meio dos telefones: (62) 3201-4455, 3201-4444 e 3201-4355. Funcionamento 24h.<\/li><li>Pacientes menores de 18 anos, com idade igual ou superior a 60 anos e pessoas com necessidades especiais t\u00eam direito a um acompanhante \u2013 exceto nas UTIs, Emerg\u00eancia e Centro Cir\u00fargico;<\/li><li>O acompanhante deve ter idade igual ou superior a 18 anos e precisar\u00e1 da \u201cautoriza\u00e7\u00e3o de acompanhante\u201d, ap\u00f3s avalia\u00e7\u00e3o da enfermeira ou supervisora do setor de interna\u00e7\u00e3o;<\/li><li>Por motivos de seguran\u00e7a, a perman\u00eancia de acompanhantes gestantes deve ser evitada;<\/li><li>O acompanhante dever\u00e1 permanecer sempre junto ao paciente. N\u00e3o \u00e9 permitido entrar em outras enfermarias;<\/li><li>Em respeito \u00e0 individualidade do paciente, somente ser\u00e1 permitido acompanhante do mesmo sexo do interno;<\/li><li>A troca de acompanhante fora dos hor\u00e1rios estipulados dever\u00e1 ser autorizada pelo enfermeiro supervisor;<\/li><li>Caso necess\u00e1rio, os profissionais solicitar\u00e3o aos acompanhantes e\/ou visitantes que aguardem no hall do andar, durante a realiza\u00e7\u00e3o de determinados procedimentos;<\/li><li>Em casos especiais, em que o acompanhante necessite se ausentar da unidade, o retorno do mesmo poder\u00e1 ser realizado at\u00e9 as 11 horas, no per\u00edodo matutino; ap\u00f3s as 17 horas, no per\u00edodo vespertino; e at\u00e9 as 22 horas, no per\u00edodo noturno;<\/li><li>\u00c9 obrigat\u00f3ria a devolu\u00e7\u00e3o do crach\u00e1 na Recep\u00e7\u00e3o Social. Em caso de perda ou extravio, o acompanhante dever\u00e1 apresentar um boletim de ocorr\u00eancia;<\/li><li>Esteja atento aos seus pertences deixados no guarda-volumes, especialmente em caso de transfer\u00eancia ou alta hospitalar do paciente. Os objetos ser\u00e3o descartados, caso n\u00e3o sejam retirados em at\u00e9 30 dias;<\/li><li>A autoriza\u00e7\u00e3o de perman\u00eancia de acompanhantes poder\u00e1 ser cancelada, caso haja descumprimento das normas descritas.<\/li><\/ul><p><strong>Recomenda\u00e7\u00f5es gerais<\/strong><\/p><ul><li>Traga objetos de higiene pessoal para uso do paciente, tais como: sabonete, desodorante, creme dental, escova de dente, barbeador, absorvente, chinelos etc;<\/li><li>Auxilie nos cuidados com o paciente, quando solicitado pela equipe de enfermagem (banho, mudan\u00e7a de posi\u00e7\u00e3o etc);<\/li><li>Comunique se houver d\u00favidas ou preocupa\u00e7\u00f5es e, caso n\u00e3o compreenda as orienta\u00e7\u00f5es, pergunte novamente;<\/li><li>Pergunte sobre o diagn\u00f3stico do paciente, os exames aos quais est\u00e1 sendo submetido, o plano de tratamento, os medicamentos que est\u00e1 recebendo e o porqu\u00ea;<\/li><li>Evite utilizar o telefone celular nas enfermarias, corredores e postos de enfermagem;<\/li><li>Devido \u00e0s variadas influ\u00eancias sociais e culturais, evite o uso de roupas sum\u00e1rias (roupas muito curtas, mini blusas, transpar\u00eancias, decotes pronunciados, shorts e outros) em ambiente hospitalar;<\/li><li>Lembre-se: mantenha sempre o sil\u00eancio. O sil\u00eancio e a tranquilidade do ambiente hospitalar s\u00e3o fundamentais para a recupera\u00e7\u00e3o dos pacientes.<\/li><\/ul><p><strong>N\u00e3o \u00e9 permitido<\/strong><\/p><ul><li>Fumar nas depend\u00eancias do Hospital (Lei n\u00ba 8811, 02\/06\/2009);<\/li><li>Falar alto e produzir barulhos excessivos;<\/li><li>Manusear materiais e equipamentos utilizados no tratamento e monitoramento dos pacientes, tais como: soros, registros de oxig\u00eanio etc;<\/li><li>Entrar ou permitir a entrada de alimentos e bebidas de qualquer natureza (exceto nos casos avaliados e autorizados pela Se\u00e7\u00e3o de Nutri\u00e7\u00e3o);<\/li><li>Sentar ou deitar na cama do paciente ou no ch\u00e3o;<\/li><li>Trazer travesseiros, len\u00e7\u00f3is, cobertores e\/ou roupas de casa para o paciente;<\/li><li>Entrar com aparelhos eletr\u00f4nicos, como televisores, r\u00e1dios, ventiladores ou circuladores de ar e computador\/notebook;<\/li><li>Ministrar medica\u00e7\u00e3o ao paciente, realizar curativos e outros procedimentos;<\/li><li>Permanecer com os televisores institucionais ligados ap\u00f3s as 22 horas;<\/li><li>Circular em outras alas e enfermarias, al\u00e9m daquelas onde o paciente est\u00e1 internado;<\/li><li>Filmar e fotografar nas depend\u00eancias do hospital, o paciente e procedimentos realizados.<\/li><\/ul>\t\t\t\t\t\t\t\t<\/div>\n\t\t\t\t<\/div>\n\t\t\t\t\t<\/details>\n\t\t\t\t\t\t<details id=\"e-n-accordion-item-3282\" class=\"e-n-accordion-item\" >\n\t\t\t\t<summary class=\"e-n-accordion-item-title\" data-accordion-index=\"3\" tabindex=\"-1\" aria-expanded=\"false\" aria-controls=\"e-n-accordion-item-3282\" >\n\t\t\t\t\t<span class='e-n-accordion-item-title-header'><div class=\"e-n-accordion-item-title-text\"> Pulseira de Identifica\u00e7\u00e3o do Paciente <\/div><\/span>\n\t\t\t\t\t\t\t<span class='e-n-accordion-item-title-icon'>\n\t\t\t<span class='e-opened' ><svg aria-hidden=\"true\" class=\"e-font-icon-svg e-fas-angle-down\" viewBox=\"0 0 320 512\" xmlns=\"http:\/\/www.w3.org\/2000\/svg\"><path d=\"M143 352.3L7 216.3c-9.4-9.4-9.4-24.6 0-33.9l22.6-22.6c9.4-9.4 24.6-9.4 33.9 0l96.4 96.4 96.4-96.4c9.4-9.4 24.6-9.4 33.9 0l22.6 22.6c9.4 9.4 9.4 24.6 0 33.9l-136 136c-9.2 9.4-24.4 9.4-33.8 0z\"><\/path><\/svg><\/span>\n\t\t\t<span class='e-closed'><svg aria-hidden=\"true\" class=\"e-font-icon-svg e-fas-angle-right\" viewBox=\"0 0 256 512\" xmlns=\"http:\/\/www.w3.org\/2000\/svg\"><path d=\"M224.3 273l-136 136c-9.4 9.4-24.6 9.4-33.9 0l-22.6-22.6c-9.4-9.4-9.4-24.6 0-33.9l96.4-96.4-96.4-96.4c-9.4-9.4-9.4-24.6 0-33.9L54.3 103c9.4-9.4 24.6-9.4 33.9 0l136 136c9.5 9.4 9.5 24.6.1 34z\"><\/path><\/svg><\/span>\n\t\t<\/span>\n\n\t\t\t\t\t\t<\/summary>\n\t\t\t\t<div role=\"region\" aria-labelledby=\"e-n-accordion-item-3282\" class=\"elementor-element elementor-element-3d78f98 e-con-full e-flex e-con e-child\" data-id=\"3d78f98\" data-element_type=\"container\" data-e-type=\"container\">\n\t\t\t\t<div class=\"elementor-element elementor-element-c652e68 elementor-widget elementor-widget-text-editor\" data-id=\"c652e68\" data-element_type=\"widget\" data-e-type=\"widget\" data-widget_type=\"text-editor.default\">\n\t\t\t\t\t\t\t\t\t<p style=\"text-align: justify;\">A identifica\u00e7\u00e3o correta do paciente \u00e9 muito importante para que os profissionais sejam capazes de detectar a pessoa correta para qual se destina o servi\u00e7o e, assim, evitar a ocorr\u00eancia de erros. A pulseira de identifica\u00e7\u00e3o ser\u00e1 colocada em todos os pacientes, no momento da admiss\u00e3o, e dever\u00e1 permanecer durante todo o tempo em que o interno estiver submetido aos cuidados da institui\u00e7\u00e3o. Em casos de aus\u00eancia, perda, retirada, ou ilegibilidade da pulseira, al\u00e9m de erros de informa\u00e7\u00e3o, comunique imediatamente \u00e0 equipe de enfermagem, para que seja providenciada uma nova. Ao sair do hospital, a pulseira dever\u00e1 ser retirada.<\/p>\t\t\t\t\t\t\t\t<\/div>\n\t\t\t\t<\/div>\n\t\t\t\t\t<\/details>\n\t\t\t\t\t\t<details id=\"e-n-accordion-item-3283\" class=\"e-n-accordion-item\" >\n\t\t\t\t<summary class=\"e-n-accordion-item-title\" data-accordion-index=\"4\" tabindex=\"-1\" aria-expanded=\"false\" aria-controls=\"e-n-accordion-item-3283\" >\n\t\t\t\t\t<span class='e-n-accordion-item-title-header'><div class=\"e-n-accordion-item-title-text\"> Leitos <\/div><\/span>\n\t\t\t\t\t\t\t<span class='e-n-accordion-item-title-icon'>\n\t\t\t<span class='e-opened' ><svg aria-hidden=\"true\" class=\"e-font-icon-svg e-fas-angle-down\" viewBox=\"0 0 320 512\" xmlns=\"http:\/\/www.w3.org\/2000\/svg\"><path d=\"M143 352.3L7 216.3c-9.4-9.4-9.4-24.6 0-33.9l22.6-22.6c9.4-9.4 24.6-9.4 33.9 0l96.4 96.4 96.4-96.4c9.4-9.4 24.6-9.4 33.9 0l22.6 22.6c9.4 9.4 9.4 24.6 0 33.9l-136 136c-9.2 9.4-24.4 9.4-33.8 0z\"><\/path><\/svg><\/span>\n\t\t\t<span class='e-closed'><svg aria-hidden=\"true\" class=\"e-font-icon-svg e-fas-angle-right\" viewBox=\"0 0 256 512\" xmlns=\"http:\/\/www.w3.org\/2000\/svg\"><path d=\"M224.3 273l-136 136c-9.4 9.4-24.6 9.4-33.9 0l-22.6-22.6c-9.4-9.4-9.4-24.6 0-33.9l96.4-96.4-96.4-96.4c-9.4-9.4-9.4-24.6 0-33.9L54.3 103c9.4-9.4 24.6-9.4 33.9 0l136 136c9.5 9.4 9.5 24.6.1 34z\"><\/path><\/svg><\/span>\n\t\t<\/span>\n\n\t\t\t\t\t\t<\/summary>\n\t\t\t\t<div role=\"region\" aria-labelledby=\"e-n-accordion-item-3283\" class=\"elementor-element elementor-element-611db73 e-con-full e-flex e-con e-child\" data-id=\"611db73\" data-element_type=\"container\" data-e-type=\"container\">\n\t\t\t\t<div class=\"elementor-element elementor-element-bf6cbc3 elementor-widget elementor-widget-text-editor\" data-id=\"bf6cbc3\" data-element_type=\"widget\" data-e-type=\"widget\" data-widget_type=\"text-editor.default\">\n\t\t\t\t\t\t\t\t\t<p>387 (divididos entre enfermaria, emerg\u00eancia, interna\u00e7\u00e3o cl\u00ednica, interna\u00e7\u00e3o cir\u00fargica, traumatologia e UTI)<\/p>\t\t\t\t\t\t\t\t<\/div>\n\t\t\t\t<\/div>\n\t\t\t\t\t<\/details>\n\t\t\t\t\t\t<details id=\"e-n-accordion-item-3284\" class=\"e-n-accordion-item\" >\n\t\t\t\t<summary class=\"e-n-accordion-item-title\" data-accordion-index=\"5\" tabindex=\"-1\" aria-expanded=\"false\" aria-controls=\"e-n-accordion-item-3284\" >\n\t\t\t\t\t<span class='e-n-accordion-item-title-header'><div class=\"e-n-accordion-item-title-text\"> Exames e Especialidades M\u00e9dicas <\/div><\/span>\n\t\t\t\t\t\t\t<span class='e-n-accordion-item-title-icon'>\n\t\t\t<span class='e-opened' ><svg aria-hidden=\"true\" class=\"e-font-icon-svg e-fas-angle-down\" viewBox=\"0 0 320 512\" xmlns=\"http:\/\/www.w3.org\/2000\/svg\"><path d=\"M143 352.3L7 216.3c-9.4-9.4-9.4-24.6 0-33.9l22.6-22.6c9.4-9.4 24.6-9.4 33.9 0l96.4 96.4 96.4-96.4c9.4-9.4 24.6-9.4 33.9 0l22.6 22.6c9.4 9.4 9.4 24.6 0 33.9l-136 136c-9.2 9.4-24.4 9.4-33.8 0z\"><\/path><\/svg><\/span>\n\t\t\t<span class='e-closed'><svg aria-hidden=\"true\" class=\"e-font-icon-svg e-fas-angle-right\" viewBox=\"0 0 256 512\" xmlns=\"http:\/\/www.w3.org\/2000\/svg\"><path d=\"M224.3 273l-136 136c-9.4 9.4-24.6 9.4-33.9 0l-22.6-22.6c-9.4-9.4-9.4-24.6 0-33.9l96.4-96.4-96.4-96.4c-9.4-9.4-9.4-24.6 0-33.9L54.3 103c9.4-9.4 24.6-9.4 33.9 0l136 136c9.5 9.4 9.5 24.6.1 34z\"><\/path><\/svg><\/span>\n\t\t<\/span>\n\n\t\t\t\t\t\t<\/summary>\n\t\t\t\t<div role=\"region\" aria-labelledby=\"e-n-accordion-item-3284\" class=\"elementor-element elementor-element-aa499ce e-con-full e-flex e-con e-child\" data-id=\"aa499ce\" data-element_type=\"container\" data-e-type=\"container\">\n\t\t\t\t<div class=\"elementor-element elementor-element-8a8c473 elementor-widget elementor-widget-text-editor\" data-id=\"8a8c473\" data-element_type=\"widget\" data-e-type=\"widget\" data-widget_type=\"text-editor.default\">\n\t\t\t\t\t\t\t\t\t<p><strong>Exames<\/strong>: Servi\u00e7os de imagem e laboratoriais.<\/p><p><strong>Especialidades<\/strong>\u00a0<strong>M\u00e9dicas<\/strong>: Cardiologia, Cirurgia Geral, Cirurgia Tor\u00e1cica, Cl\u00ednica M\u00e9dica Cl\u00ednica, Vascular, Endocrinologia, Geriatria, Hematologia Infectologia, Neurocirurgia, Neurologia cl\u00ednica, Ortopedia e Traumatologia e Pneumologia.<\/p>\t\t\t\t\t\t\t\t<\/div>\n\t\t\t\t<\/div>\n\t\t\t\t\t<\/details>\n\t\t\t\t\t\t<details id=\"e-n-accordion-item-3285\" class=\"e-n-accordion-item\" >\n\t\t\t\t<summary class=\"e-n-accordion-item-title\" data-accordion-index=\"6\" tabindex=\"-1\" aria-expanded=\"false\" aria-controls=\"e-n-accordion-item-3285\" >\n\t\t\t\t\t<span class='e-n-accordion-item-title-header'><div class=\"e-n-accordion-item-title-text\"> Recursos Humanos <\/div><\/span>\n\t\t\t\t\t\t\t<span class='e-n-accordion-item-title-icon'>\n\t\t\t<span class='e-opened' ><svg aria-hidden=\"true\" class=\"e-font-icon-svg e-fas-angle-down\" viewBox=\"0 0 320 512\" xmlns=\"http:\/\/www.w3.org\/2000\/svg\"><path d=\"M143 352.3L7 216.3c-9.4-9.4-9.4-24.6 0-33.9l22.6-22.6c9.4-9.4 24.6-9.4 33.9 0l96.4 96.4 96.4-96.4c9.4-9.4 24.6-9.4 33.9 0l22.6 22.6c9.4 9.4 9.4 24.6 0 33.9l-136 136c-9.2 9.4-24.4 9.4-33.8 0z\"><\/path><\/svg><\/span>\n\t\t\t<span class='e-closed'><svg aria-hidden=\"true\" class=\"e-font-icon-svg e-fas-angle-right\" viewBox=\"0 0 256 512\" xmlns=\"http:\/\/www.w3.org\/2000\/svg\"><path d=\"M224.3 273l-136 136c-9.4 9.4-24.6 9.4-33.9 0l-22.6-22.6c-9.4-9.4-9.4-24.6 0-33.9l96.4-96.4-96.4-96.4c-9.4-9.4-9.4-24.6 0-33.9L54.3 103c9.4-9.4 24.6-9.4 33.9 0l136 136c9.5 9.4 9.5 24.6.1 34z\"><\/path><\/svg><\/span>\n\t\t<\/span>\n\n\t\t\t\t\t\t<\/summary>\n\t\t\t\t<div role=\"region\" aria-labelledby=\"e-n-accordion-item-3285\" class=\"elementor-element elementor-element-a615b30 e-con-full e-flex e-con e-child\" data-id=\"a615b30\" data-element_type=\"container\" data-e-type=\"container\">\n\t\t\t\t<div class=\"elementor-element elementor-element-259e541 elementor-widget elementor-widget-text-editor\" data-id=\"259e541\" data-element_type=\"widget\" data-e-type=\"widget\" data-widget_type=\"text-editor.default\">\n\t\t\t\t\t\t\t\t\t<p>1.049 colaboradores celetistas.<\/p>\t\t\t\t\t\t\t\t<\/div>\n\t\t\t\t<\/div>\n\t\t\t\t\t<\/details>\n\t\t\t\t\t\t<details id=\"e-n-accordion-item-3286\" class=\"e-n-accordion-item\" >\n\t\t\t\t<summary class=\"e-n-accordion-item-title\" data-accordion-index=\"7\" tabindex=\"-1\" aria-expanded=\"false\" aria-controls=\"e-n-accordion-item-3286\" >\n\t\t\t\t\t<span class='e-n-accordion-item-title-header'><div class=\"e-n-accordion-item-title-text\"> Pr\u00eamios, T\u00edtulos e Acredita\u00e7\u00e3o <\/div><\/span>\n\t\t\t\t\t\t\t<span class='e-n-accordion-item-title-icon'>\n\t\t\t<span class='e-opened' ><svg aria-hidden=\"true\" class=\"e-font-icon-svg e-fas-angle-down\" viewBox=\"0 0 320 512\" xmlns=\"http:\/\/www.w3.org\/2000\/svg\"><path d=\"M143 352.3L7 216.3c-9.4-9.4-9.4-24.6 0-33.9l22.6-22.6c9.4-9.4 24.6-9.4 33.9 0l96.4 96.4 96.4-96.4c9.4-9.4 24.6-9.4 33.9 0l22.6 22.6c9.4 9.4 9.4 24.6 0 33.9l-136 136c-9.2 9.4-24.4 9.4-33.8 0z\"><\/path><\/svg><\/span>\n\t\t\t<span class='e-closed'><svg aria-hidden=\"true\" class=\"e-font-icon-svg e-fas-angle-right\" viewBox=\"0 0 256 512\" xmlns=\"http:\/\/www.w3.org\/2000\/svg\"><path d=\"M224.3 273l-136 136c-9.4 9.4-24.6 9.4-33.9 0l-22.6-22.6c-9.4-9.4-9.4-24.6 0-33.9l96.4-96.4-96.4-96.4c-9.4-9.4-9.4-24.6 0-33.9L54.3 103c9.4-9.4 24.6-9.4 33.9 0l136 136c9.5 9.4 9.5 24.6.1 34z\"><\/path><\/svg><\/span>\n\t\t<\/span>\n\n\t\t\t\t\t\t<\/summary>\n\t\t\t\t<div role=\"region\" aria-labelledby=\"e-n-accordion-item-3286\" class=\"elementor-element elementor-element-a7ecd64 e-con-full e-flex e-con e-child\" data-id=\"a7ecd64\" data-element_type=\"container\" data-e-type=\"container\">\n\t\t\t\t<div class=\"elementor-element elementor-element-679e4dc elementor-widget elementor-widget-text-editor\" data-id=\"679e4dc\" data-element_type=\"widget\" data-e-type=\"widget\" data-widget_type=\"text-editor.default\">\n\t\t\t\t\t\t\t\t\t<p><strong>2016<\/strong> \u2013 Recebeu o t\u00edtulo de Acredita\u00e7\u00e3o N\u00edvel 1 da Organiza\u00e7\u00e3o Nacional de Acredita\u00e7\u00e3o (ONA). Desde ent\u00e3o, o Hugo integra um seleto grupo nacional: o de hospitais p\u00fablicos com perfil de trauma que t\u00eam essa certifica\u00e7\u00e3o, concedida somente a outras duas unidades \u2013 uma em S\u00e3o Paulo e outra em Pernambuco.<\/p><p><strong>2001, 2002, 2004 e 2005 \u2013 <\/strong>O Hugo foi certificado como Hospital Regional do Ano para o Estado de Goi\u00e1s, depois de vencer as pesquisas anuais do Pr\u00eamio Top Hospitalar da revista Guia de Fornecedores Hospitalares.<\/p><p><strong>2003 \u2013<\/strong> O Centro Goiano de Volunt\u00e1rios da Organiza\u00e7\u00e3o das Volunt\u00e1rias de Goi\u00e1s (OVG) certificou o Hugo por sua destacada participa\u00e7\u00e3o nas atividades de apoio e fortalecimento do voluntariado no Estado, servi\u00e7o reconhecido pela unidade de sa\u00fade at\u00e9 os dias atuais.<\/p>\t\t\t\t\t\t\t\t<\/div>\n\t\t\t\t<\/div>\n\t\t\t\t\t<\/details>\n\t\t\t\t\t\t<details id=\"e-n-accordion-item-3287\" class=\"e-n-accordion-item\" >\n\t\t\t\t<summary class=\"e-n-accordion-item-title\" data-accordion-index=\"8\" tabindex=\"-1\" aria-expanded=\"false\" aria-controls=\"e-n-accordion-item-3287\" >\n\t\t\t\t\t<span class='e-n-accordion-item-title-header'><div class=\"e-n-accordion-item-title-text\"> Projetos e Programas <\/div><\/span>\n\t\t\t\t\t\t\t<span class='e-n-accordion-item-title-icon'>\n\t\t\t<span class='e-opened' ><svg aria-hidden=\"true\" class=\"e-font-icon-svg e-fas-angle-down\" viewBox=\"0 0 320 512\" xmlns=\"http:\/\/www.w3.org\/2000\/svg\"><path d=\"M143 352.3L7 216.3c-9.4-9.4-9.4-24.6 0-33.9l22.6-22.6c9.4-9.4 24.6-9.4 33.9 0l96.4 96.4 96.4-96.4c9.4-9.4 24.6-9.4 33.9 0l22.6 22.6c9.4 9.4 9.4 24.6 0 33.9l-136 136c-9.2 9.4-24.4 9.4-33.8 0z\"><\/path><\/svg><\/span>\n\t\t\t<span class='e-closed'><svg aria-hidden=\"true\" class=\"e-font-icon-svg e-fas-angle-right\" viewBox=\"0 0 256 512\" xmlns=\"http:\/\/www.w3.org\/2000\/svg\"><path d=\"M224.3 273l-136 136c-9.4 9.4-24.6 9.4-33.9 0l-22.6-22.6c-9.4-9.4-9.4-24.6 0-33.9l96.4-96.4-96.4-96.4c-9.4-9.4-9.4-24.6 0-33.9L54.3 103c9.4-9.4 24.6-9.4 33.9 0l136 136c9.5 9.4 9.5 24.6.1 34z\"><\/path><\/svg><\/span>\n\t\t<\/span>\n\n\t\t\t\t\t\t<\/summary>\n\t\t\t\t<div role=\"region\" aria-labelledby=\"e-n-accordion-item-3287\" class=\"elementor-element elementor-element-b195a4e e-con-full e-flex e-con e-child\" data-id=\"b195a4e\" data-element_type=\"container\" data-e-type=\"container\">\n\t\t\t\t<div class=\"elementor-element elementor-element-4e77673 elementor-widget elementor-widget-text-editor\" data-id=\"4e77673\" data-element_type=\"widget\" data-e-type=\"widget\" data-widget_type=\"text-editor.default\">\n\t\t\t\t\t\t\t\t\t<p><strong>Est\u00e1gio<\/strong> \u2013 O Hugo oferece est\u00e1gios a estudantes de Medicina, Enfermagem, Nutri\u00e7\u00e3o, Farm\u00e1cia, Fisioterapia, Psicologia, Servi\u00e7o Social e Biomedicina de diversas institui\u00e7\u00f5es de ensino da capital. O est\u00e1gio \u00e9 supervisionado por profissionais das institui\u00e7\u00f5es de ensino. Entre as institui\u00e7\u00f5es parceiras est\u00e3o: Unifan, Uni Evang\u00e9lica, Est\u00e1cio de S\u00e1, FacUnicamps, UFG, PUC-goi\u00e1s e UniRV. Toda a estrutura\u00e7\u00e3o e organiza\u00e7\u00e3o est\u00e1 engrenada com o envolvimento e dedica\u00e7\u00e3o da Divis\u00e3o de Ensino do Hugo.<\/p><p><strong>Nutri\u00e7\u00e3o<\/strong> \u2013 A Se\u00e7\u00e3o de Nutri\u00e7\u00e3o e Diet\u00e9tica avalia individualmente as necessidades nutricionais e elabora card\u00e1pios de acordo com o quadro cl\u00ednico de cada paciente. Mais de 1.500 refei\u00e7\u00f5es s\u00e3o servidas diariamente para pacientes, acompanhantes e colaboradores.<\/p><p><strong>Acupuntura <\/strong>\u2013 Desde o final de 2016, os pacientes internados em enfermarias do HUGO contam com mais um importante aux\u00edlio no tratamento oferecido na unidade: a acupuntura para reduzir dores decorrentes do politraumatismo. A iniciativa \u00e9 pioneira no Estado e ajuda na evolu\u00e7\u00e3o do quadro cl\u00ednico dos enfermos. A t\u00e9cnica chinesa utilizada h\u00e1 cerca de 5 mil anos, no Oriente, al\u00e9m de humanizar a assist\u00eancia, melhora a qualidade de vida dos pacientes, pois reduz o uso de medicamentos opioides, a ansiedade, ins\u00f4nia, depress\u00e3o, enxaqueca, dentre outras patologias.<\/p><p><strong>Microcirurgia<\/strong> \u2013 Em 2001, a equipe de microcirurgia iniciou seus trabalhos, realizando procedimentos como reconstitui\u00e7\u00e3o de \u00f3rg\u00e3os e repara\u00e7\u00e3o cir\u00fargica para proporcionar qualidade de vida aos pacientes. Atualmente, conta com tr\u00eas cirurgi\u00f5es, al\u00e9m dos m\u00e9dicos residentes que auxiliam nos procedimentos. A dura\u00e7\u00e3o m\u00e9dia destas cirurgias e de at\u00e9 sete horas, onde os pacientes passam por mais de uma etapa na implanta\u00e7\u00e3o ou reconstru\u00e7\u00e3o de \u00f3rg\u00e3os. Muitos dos casos envolvem maior complexidade e tempo de interna\u00e7\u00e3o. O hospital realiza reconstru\u00e7\u00e3o de membros inferiores, superiores, da face e at\u00e9 reimplantes.<\/p><p><strong>Resid\u00eancia M\u00e9dica<\/strong> \u2013 A Resid\u00eancia M\u00e9dica oferecida forma profissionais nas \u00e1reas de Cl\u00ednica M\u00e9dica, Ortopedia, Neurologia, Terapia Intensiva, Cardiologia, Anestesiologia, Geriatria e Cirurgias Geral e do Trauma. Al\u00e9m de permitir uma especializa\u00e7\u00e3o de qualidade com treinamento e supervis\u00e3o reconhecidos nacionalmente, o programa amplia a quantidade de atendimentos e melhora o servi\u00e7o prestado \u00e0 popula\u00e7\u00e3o.<\/p><p><strong>Anima\u00e7\u00e3o Hospitalar \u2013 <\/strong>Realizado pela Liga Acad\u00eamica do Riso (Lar), em parceria com a Pontif\u00edcia Universidade Cat\u00f3lica de Goi\u00e1s (PUC-GO) e com os Terapeutas da Alegria, o projeto leva alegria a pacientes, familiares e funcion\u00e1rios do hospital, propiciando o al\u00edvio da tens\u00e3o e reduzindo a dor f\u00edsica e emocional. A Liga \u00e9 formada por acad\u00eamicos de diversos cursos, que se fantasiam e se dividem em grupos de cinco pessoas. Eles visitam pacientes das Enfermarias das Cl\u00ednicas M\u00e9dica, Cir\u00fargica e Traumatologia, quinzenalmente, \u00e0s sextas-feiras, das 13h \u00e0s 16h. J\u00e1 os Terapeutas da Alegria visitam o Hugo semanalmente, todas as segundas-feiras.<\/p><p><strong>Humaniza\u00e7\u00e3o<\/strong> \u2013 A Comiss\u00e3o de Humaniza\u00e7\u00e3o desenvolve v\u00e1rios projetos com objetivo de humanizar e qualificar o atendimento m\u00e9dico oferecido na unidade. Al\u00e9m da assist\u00eancia em sa\u00fade, o hospital tamb\u00e9m se preocupa com os aspectos sociais e emocionais dos pacientes internados em suas depend\u00eancias.<\/p><p><strong>Projetos de Humaniza\u00e7\u00e3o ativos:<\/strong><\/p><ul><li>Missa mensal na \u00faltima quarta-feira de cada m\u00eas;<\/li><li>Culto Evang\u00e9lico;<\/li><li>Refei\u00e7\u00f5es aos acompanhantes\/pacientes que n\u00e3o tem condi\u00e7\u00f5es;<\/li><li>Sess\u00e3o Pipoca \u00e0 pacientes que t\u00eam dieta liberada nas enfermarias de 15 em 15 dias;<\/li><li>Projeto Empatinhas \u2013 visita canina nas enfermarias;<\/li><li>Doa\u00e7\u00e3o de roupas a pacientes\/acompanhantes;<\/li><li>Kits de Higiene para pacientes que precisam;<\/li><li>Projeto Ler \u00e9 distra\u00e7\u00e3o.<\/li><\/ul><p><strong>Projeto Educa\u00e7\u00e3o Continuada \u2013<\/strong> Implantado em 1997, foi criado com o objetivo de capacitar os servidores, tanto na \u00e1rea t\u00e9cnica como administrativa. A iniciativa j\u00e1 possibilitou cursos e treinamentos em parceria com a Escola de Governo, Corpo de Bombeiros e outros, buscando continuamente a melhoria de conhecimento pr\u00e1tico e te\u00f3rico. O intuito \u00e9 o de melhorar o atendimento ao usu\u00e1rio de maneira efetiva e humanizada, promovendo maior satisfa\u00e7\u00e3o do trabalhador no desempenho de suas fun\u00e7\u00f5es, a adapta\u00e7\u00e3o a novas situa\u00e7\u00f5es, o melhor rendimento dos servi\u00e7os prestados, a promo\u00e7\u00e3o de mudan\u00e7as de comportamento com potencial cr\u00edtico criativo e a eleva\u00e7\u00e3o do n\u00edvel de assist\u00eancia, desenvolvendo tecnologias pr\u00f3prias da \u00e1rea de sa\u00fade.<\/p><p><strong>Programa de Assist\u00eancia Espiritual &#8211; PAE \u2013 <\/strong>Realizado por um grupo de volunt\u00e1rios que prestam servi\u00e7os de car\u00e1ter filantr\u00f3pico, atua em duas frentes. Uma consiste na visita\u00e7\u00e3o hospitalar, que busca professar a f\u00e9, resultando em a\u00e7\u00f5es positivas, em prol do paciente, familiares e acompanhantes. A outra consiste em um curso b\u00e1sico de visitante hospitalar, ministrado por um mestre em Teologia, para capacitar os volunt\u00e1rios espirituais para a pr\u00e1tica da capelania hospitalar no Hugo, conforme a \u00e9tica e as normas institucionais. De segunda \u00e0 sexta feira, no per\u00edodo vespertino, subgrupos de at\u00e9 cinco pessoas visitam as enfermarias.<\/p><p><strong>Servi\u00e7o de Acolhimento Psicol\u00f3gico e Social \u2013 <\/strong>O Hugo trabalha com perfil diferenciado, tanto no atendimento que oferece diretamente ao paciente, quanto a seus familiares, respeitando a fragilidade emocional que normalmente envolve os casos graves que passam diariamente pela unidade de sa\u00fade. Para dar este suporte aos usu\u00e1rios, o hospital conta com os departamentos de Servi\u00e7o Social e de Psicologia Hospitalar, que oferecem um atendimento humanizado aos familiares de pacientes. O objetivo do acolhimento \u00e9 apoiar os parentes dos internos, dentro de suas necessidades espec\u00edficas. As psic\u00f3logas e assistentes sociais est\u00e3o preparadas para prestar apoio psicol\u00f3gico, informa\u00e7\u00f5es sobre procedimentos m\u00e9dicos aplicados nos pacientes e orienta\u00e7\u00f5es diversas.<\/p><p><strong>Projeto de Tratamento Odontol\u00f3gico dos Pacientes nos Leitos das UTIs \u2013<\/strong> A iniciativa oferece tratamento odontol\u00f3gico humanizado ao paciente, melhorando sua qualidade de vida. Algumas vantagens do servi\u00e7o s\u00e3o: redu\u00e7\u00e3o do risco de se contrair e agravar quadros infecciosos; redu\u00e7\u00e3o do tempo de interna\u00e7\u00e3o; redu\u00e7\u00e3o da quantidade de exames complementares; redu\u00e7\u00e3o dos custos hospitalares; racionaliza\u00e7\u00e3o do uso de antibi\u00f3ticos e outras medica\u00e7\u00f5es; aplica\u00e7\u00e3o correta dos recursos (humanos, materiais e equipamentos) da unidade aos pacientes internados e aos procedimentos de m\u00e9dia e alta complexidade.<\/p><p><strong>Divis\u00e3o de Ensino e Pesquisa \u2013<\/strong> A Diretoria de Ensino e Pesquisa (DEP) \u00e9 constitu\u00edda pelos departamentos: Comiss\u00e3o de Resid\u00eancia M\u00e9dica (COREME), Comiss\u00e3o de Resid\u00eancia Multiprofissional (COREMU), Divis\u00e3o de Ensino (DE), Comit\u00ea de \u00c9tica em Pesquisa (CEP) e Biblioteca. Ela \u00e9 respons\u00e1vel por todos os est\u00e1gios realizados no Hugo, bem como pelas pesquisas envolvendo seres humanos, por meio do Comit\u00ea de \u00c9tica e Pesquisa (CEP), cujas coletas de dados ocorrem tanto nesta, quanto em outras institui\u00e7\u00f5es de sa\u00fade. Coordena ainda as visitas t\u00e9cnicas ao hospital, tanto de estudantes como de profissionais da \u00e1rea de sa\u00fade e recebe bolsistas da Organiza\u00e7\u00e3o das Volunt\u00e1rias de Goi\u00e1s (OVG), internos e estagi\u00e1rios.<\/p><p><strong>COREME:<\/strong> Conta com 9 Programas de Resid\u00eancia M\u00e9dica credenciadas pela Comiss\u00e3o Nacional de Resid\u00eancia M\u00e9dica sendo: Anestesiologia, \u00c1rea Cir\u00fargica B\u00e1sica, Cardiologia, Cirurgia Geral, Cl\u00ednica M\u00e9dica, Geriatria, Medicina Intensiva, Neurologia e Ortopedia e Traumatologia. Sendo um total de 9 Supervisores, 62 Preceptores e 77 Residentes e 02 Administrativos.<\/p><p><strong>COREMU:<\/strong> Conta com 02 programas de resid\u00eancia Multiprofissional sendo: Resid\u00eancia Multiprofissional em Urg\u00eancia e Trauma nas \u00e1reas de Enfermagem, Farm\u00e1cia, Fisioterapia, Fonoaudiologia, Nutri\u00e7\u00e3o, Psicologia e Servi\u00e7o Social e a Resid\u00eancia em Cirurgia e Traumatologia Bucomaxilofacial. Sendo um total de 02 Coordenadores, 02 Tutores de campo, 08 Tutores de Nucleo, 58 Preceptores e 47 residentes.<br \/>Divis\u00e3o de Ensino: \u00e9 o Departamento respons\u00e1vel pelo funcionamento e controle dos estagi\u00e1rios\/internos das Institui\u00e7\u00f5es de Ensino conveniados com a Sesg\/SES-GO sendo elas Unifan, Uni Evang\u00e9lica, Est\u00e1cio de S\u00e1, FacUnicamps, UFG, PUC-Goi\u00e1s E UniRV. Disponibilizamos vagas nas seguintes \u00e1reas: Psicologia, Farm\u00e1cia, Biomedicina, Nutri\u00e7\u00e3o, Enfermagem, Servi\u00e7o Social, Fisioterapia, Fonoaudiologia e Medicina.<\/p><p><strong>Biblioteca:<\/strong> Tem como objetivo reunir, organizar e disseminar informa\u00e7\u00f5es em sa\u00fade, com \u00eanfase na produ\u00e7\u00e3o institucional e tamb\u00e9m contribuir para a divulga\u00e7\u00e3o da informa\u00e7\u00e3o em sa\u00fade e estimular sua utiliza\u00e7\u00e3o em institui\u00e7\u00f5es de ensino, pesquisadores, profissionais da sa\u00fade e a popula\u00e7\u00e3o em geral. S\u00e3o oferecidos os seguintes servi\u00e7os: Atendimento \u00e0 comuta\u00e7\u00e3o bibliogr\u00e1fica Bireme (SCAD), Elabora\u00e7\u00e3o de ficha catalogr\u00e1fica, Suporte nas Normas ABNT, APA e Vancouver, Empr\u00e9stimo domiciliar, Espa\u00e7o para estudo individual e em grupos com acesso a computadores, Treinamentos e suporte em base de dados, Suporte bibliogr\u00e1fico em revis\u00f5es e protocolos baseados em evid\u00eancias (realiza\u00e7\u00e3o de estrat\u00e9gia de busca, Gerenciamento das buscas bibliogr\u00e1ficas nas bases de dados, Organiza\u00e7\u00e3o do material recuperado, Remo\u00e7\u00e3o das duplicatas no gerenciador de refer\u00eancias adotados, Envio de planilhas para an\u00e1lise e sele\u00e7\u00e3o para triagem de estudo e descri\u00e7\u00e3o da metodologia de busca), Indexa\u00e7\u00e3o de documentos digitais na BVS (Biblioteca Virtual da Sa\u00fade, antiga BIREME).<\/p><p><strong>Comit\u00ea de \u00c9tica em Pesquisa (CEP):<\/strong> Tem por objetivo, acompanhar os protocolos de pesquisas que envolvem seres humanos, no \u00e2mbito do Hugo e de outras institui\u00e7\u00f5es que n\u00e3o possuem Comit\u00ea de \u00c9tica. Preservando os aspectos \u00e9ticos, em defesa dos direitos dos envolvidos na pesquisa, participantes, pesquisadores e Institui\u00e7\u00f5es. Conta com 01 Coordenador, 01 Vice Coordenador, 1 Secret\u00e1rio e 9 Membros.<\/p>\t\t\t\t\t\t\t\t<\/div>\n\t\t\t\t<\/div>\n\t\t\t\t\t<\/details>\n\t\t\t\t\t\t<details id=\"e-n-accordion-item-3288\" class=\"e-n-accordion-item\" >\n\t\t\t\t<summary class=\"e-n-accordion-item-title\" data-accordion-index=\"9\" tabindex=\"-1\" aria-expanded=\"false\" aria-controls=\"e-n-accordion-item-3288\" >\n\t\t\t\t\t<span class='e-n-accordion-item-title-header'><div class=\"e-n-accordion-item-title-text\"> Ouvidoria <\/div><\/span>\n\t\t\t\t\t\t\t<span class='e-n-accordion-item-title-icon'>\n\t\t\t<span class='e-opened' ><svg aria-hidden=\"true\" class=\"e-font-icon-svg e-fas-angle-down\" viewBox=\"0 0 320 512\" xmlns=\"http:\/\/www.w3.org\/2000\/svg\"><path d=\"M143 352.3L7 216.3c-9.4-9.4-9.4-24.6 0-33.9l22.6-22.6c9.4-9.4 24.6-9.4 33.9 0l96.4 96.4 96.4-96.4c9.4-9.4 24.6-9.4 33.9 0l22.6 22.6c9.4 9.4 9.4 24.6 0 33.9l-136 136c-9.2 9.4-24.4 9.4-33.8 0z\"><\/path><\/svg><\/span>\n\t\t\t<span class='e-closed'><svg aria-hidden=\"true\" class=\"e-font-icon-svg e-fas-angle-right\" viewBox=\"0 0 256 512\" xmlns=\"http:\/\/www.w3.org\/2000\/svg\"><path d=\"M224.3 273l-136 136c-9.4 9.4-24.6 9.4-33.9 0l-22.6-22.6c-9.4-9.4-9.4-24.6 0-33.9l96.4-96.4-96.4-96.4c-9.4-9.4-9.4-24.6 0-33.9L54.3 103c9.4-9.4 24.6-9.4 33.9 0l136 136c9.5 9.4 9.5 24.6.1 34z\"><\/path><\/svg><\/span>\n\t\t<\/span>\n\n\t\t\t\t\t\t<\/summary>\n\t\t\t\t<div role=\"region\" aria-labelledby=\"e-n-accordion-item-3288\" class=\"elementor-element elementor-element-920566d e-con-full e-flex e-con e-child\" data-id=\"920566d\" data-element_type=\"container\" data-e-type=\"container\">\n\t\t\t\t<div class=\"elementor-element elementor-element-772dc15 elementor-widget elementor-widget-text-editor\" data-id=\"772dc15\" data-element_type=\"widget\" data-e-type=\"widget\" data-widget_type=\"text-editor.default\">\n\t\t\t\t\t\t\t\t\t<p>A sala da Ouvidoria do Hugo funciona na sede da unidade.<\/p><p><strong>Endere\u00e7o:<\/strong> Avenida 5\u00aa Radial, Setor Pedro Ludovico, Goi\u00e2nia\/GO.<\/p><p><strong>Telefone:<\/strong> (62) 3201-4348<\/p><p><strong>E-mail:<\/strong> ouvidoria@hugo.org.br<\/p><p><strong>Ouvidora:<\/strong> C\u00e9lia Regina Losano dos Santos<\/p><p>As atribui\u00e7\u00f5es da Ouvidoria incluem receber as manifesta\u00e7\u00f5es dos cidad\u00e3os (solicita\u00e7\u00f5es, reclama\u00e7\u00f5es, den\u00fancias, sugest\u00f5es ou elogios) e encaminhar aos respons\u00e1veis para melhorar a presta\u00e7\u00e3o de servi\u00e7o; fornecer informa\u00e7\u00f5es sobre o funcionamento do SUS e os direitos dos cidad\u00e3os; realizar a media\u00e7\u00e3o de situa\u00e7\u00f5es emergenciais e conflitos; identificar necessidades e entraves existentes no SUS; buscar solu\u00e7\u00f5es para as queixas e indaga\u00e7\u00f5es dos cidad\u00e3os; e promover a excel\u00eancia no atendimento, com o fortalecimento da cidadania e o favorecimento da pr\u00e1tica de gest\u00e3o participativa.<\/p>\t\t\t\t\t\t\t\t<\/div>\n\t\t\t\t<\/div>\n\t\t\t\t\t<\/details>\n\t\t\t\t\t<\/div>\n\t\t\t\t\t\t<\/div>\n\t\t\t\t\t<\/div>\n\t\t\t\t<\/div>\n\t\t\t\t<\/div>\n\t\t","protected":false},"excerpt":{"rendered":"<p>Recep\u00e7\u00e3o Telefone: (62) 3201-4455 Diretoria Dire\u00e7\u00e3o M\u00e9dica: Fabiana Rolla Gerente Assistencial: Erika Kumoto Gerente M\u00e9dico: Patrick Ara\u00fajo E-mail da Diretoria: diretoriahugo@einstein.br Acesso \u00e0 Informa\u00e7\u00e3o da OS Localiza\u00e7\u00e3o Avenida 31 de Mar\u00e7o, s\/n, Av. Pedro Ludovico, Goi\u00e2nia &#8211; GO, 74820-300 \u00a0 \u00a0 O Hospital de Urg\u00eancias de Goi\u00e1s Dr. Valdemiro Cruz (Hugo) \u00e9 uma unidade da [&hellip;]<\/p>\n","protected":false},"author":7,"featured_media":0,"parent":0,"menu_order":0,"comment_status":"closed","ping_status":"closed","template":"","meta":{"footnotes":""},"class_list":["post-37841","page","type-page","status-publish","hentry"],"rttpg_featured_image_url":null,"rttpg_author":{"display_name":"gustavogoncalves","author_link":"https:\/\/goias.gov.br\/saude\/author\/gustavogoncalves\/"},"rttpg_comment":0,"rttpg_category":null,"rttpg_excerpt":"Recep\u00e7\u00e3o Telefone: (62) 3201-4455 Diretoria Dire\u00e7\u00e3o M\u00e9dica: Fabiana Rolla Gerente Assistencial: Erika Kumoto Gerente M\u00e9dico: Patrick Ara\u00fajo E-mail da Diretoria: diretoriahugo@einstein.br Acesso \u00e0 Informa\u00e7\u00e3o da OS Localiza\u00e7\u00e3o Avenida 31 de Mar\u00e7o, s\/n, Av. Pedro Ludovico, Goi\u00e2nia &#8211; GO, 74820-300 \u00a0 \u00a0 O Hospital de Urg\u00eancias de Goi\u00e1s Dr. Valdemiro Cruz (Hugo) \u00e9 uma unidade da&hellip;","_links":{"self":[{"href":"https:\/\/goias.gov.br\/saude\/wp-json\/wp\/v2\/pages\/37841","targetHints":{"allow":["GET"]}}],"collection":[{"href":"https:\/\/goias.gov.br\/saude\/wp-json\/wp\/v2\/pages"}],"about":[{"href":"https:\/\/goias.gov.br\/saude\/wp-json\/wp\/v2\/types\/page"}],"author":[{"embeddable":true,"href":"https:\/\/goias.gov.br\/saude\/wp-json\/wp\/v2\/users\/7"}],"replies":[{"embeddable":true,"href":"https:\/\/goias.gov.br\/saude\/wp-json\/wp\/v2\/comments?post=37841"}],"version-history":[{"count":3,"href":"https:\/\/goias.gov.br\/saude\/wp-json\/wp\/v2\/pages\/37841\/revisions"}],"predecessor-version":[{"id":622405,"href":"https:\/\/goias.gov.br\/saude\/wp-json\/wp\/v2\/pages\/37841\/revisions\/622405"}],"wp:attachment":[{"href":"https:\/\/goias.gov.br\/saude\/wp-json\/wp\/v2\/media?parent=37841"}],"curies":[{"name":"wp","href":"https:\/\/api.w.org\/{rel}","templated":true}]}}