

{"id":37684,"date":"2023-11-30T16:52:43","date_gmt":"2023-11-30T19:52:43","guid":{"rendered":"https:\/\/siteshom.goias.gov.br\/saude\/?page_id=37684"},"modified":"2025-12-02T13:24:52","modified_gmt":"2025-12-02T16:24:52","slug":"programa-reabilita-goias","status":"publish","type":"page","link":"https:\/\/goias.gov.br\/saude\/programa-reabilita-goias\/","title":{"rendered":"Programa Reabilita Goi\u00e1s"},"content":{"rendered":"\t\t<div data-elementor-type=\"wp-page\" data-elementor-id=\"37684\" class=\"elementor elementor-37684\">\n\t\t\t\t<div class=\"elementor-element elementor-element-aed79ea e-flex e-con-boxed e-con e-parent\" data-id=\"aed79ea\" data-element_type=\"container\" data-e-type=\"container\">\n\t\t\t\t\t<div class=\"e-con-inner\">\n\t\t\t\t<div class=\"elementor-element elementor-element-4e5cf39 elementor-widget elementor-widget-heading\" data-id=\"4e5cf39\" data-element_type=\"widget\" data-e-type=\"widget\" data-widget_type=\"heading.default\">\n\t\t\t\t\t<h2 class=\"elementor-heading-title elementor-size-default\">Programa Reabilita Goi\u00e1s<\/h2>\t\t\t\t<\/div>\n\t\t\t\t\t<\/div>\n\t\t\t\t<\/div>\n\t\t<div class=\"elementor-element elementor-element-a8391b9 e-flex e-con-boxed e-con e-parent\" data-id=\"a8391b9\" data-element_type=\"container\" data-e-type=\"container\">\n\t\t\t\t\t<div class=\"e-con-inner\">\n\t\t<div class=\"elementor-element elementor-element-9171c42 e-con-full e-flex e-con e-child\" data-id=\"9171c42\" data-element_type=\"container\" data-e-type=\"container\">\n\t\t\t\t<div class=\"elementor-element elementor-element-7a2e708 elementor-widget elementor-widget-n-accordion\" data-id=\"7a2e708\" data-element_type=\"widget\" data-e-type=\"widget\" data-settings=\"{&quot;default_state&quot;:&quot;all_collapsed&quot;,&quot;max_items_expended&quot;:&quot;one&quot;,&quot;n_accordion_animation_duration&quot;:{&quot;unit&quot;:&quot;ms&quot;,&quot;size&quot;:400,&quot;sizes&quot;:[]}}\" data-widget_type=\"nested-accordion.default\">\n\t\t\t\t\t\t\t<div class=\"e-n-accordion\" aria-label=\"Accordion. Open links with Enter or Space, close with Escape, and navigate with Arrow Keys\">\n\t\t\t\t\t\t<details id=\"e-n-accordion-item-1280\" class=\"e-n-accordion-item\" >\n\t\t\t\t<summary class=\"e-n-accordion-item-title\" data-accordion-index=\"1\" tabindex=\"0\" aria-expanded=\"false\" aria-controls=\"e-n-accordion-item-1280\" >\n\t\t\t\t\t<span class='e-n-accordion-item-title-header'><div class=\"e-n-accordion-item-title-text\"> O que \u00e9 o Programa Reabilita Goi\u00e1s? <\/div><\/span>\n\t\t\t\t\t\t\t<span class='e-n-accordion-item-title-icon'>\n\t\t\t<span class='e-opened' ><svg aria-hidden=\"true\" class=\"e-font-icon-svg e-fas-angle-down\" viewBox=\"0 0 320 512\" xmlns=\"http:\/\/www.w3.org\/2000\/svg\"><path d=\"M143 352.3L7 216.3c-9.4-9.4-9.4-24.6 0-33.9l22.6-22.6c9.4-9.4 24.6-9.4 33.9 0l96.4 96.4 96.4-96.4c9.4-9.4 24.6-9.4 33.9 0l22.6 22.6c9.4 9.4 9.4 24.6 0 33.9l-136 136c-9.2 9.4-24.4 9.4-33.8 0z\"><\/path><\/svg><\/span>\n\t\t\t<span class='e-closed'><svg aria-hidden=\"true\" class=\"e-font-icon-svg e-fas-angle-right\" viewBox=\"0 0 256 512\" xmlns=\"http:\/\/www.w3.org\/2000\/svg\"><path d=\"M224.3 273l-136 136c-9.4 9.4-24.6 9.4-33.9 0l-22.6-22.6c-9.4-9.4-9.4-24.6 0-33.9l96.4-96.4-96.4-96.4c-9.4-9.4-9.4-24.6 0-33.9L54.3 103c9.4-9.4 24.6-9.4 33.9 0l136 136c9.5 9.4 9.5 24.6.1 34z\"><\/path><\/svg><\/span>\n\t\t<\/span>\n\n\t\t\t\t\t\t<\/summary>\n\t\t\t\t<div role=\"region\" aria-labelledby=\"e-n-accordion-item-1280\" class=\"elementor-element elementor-element-1fe305e e-con-full e-flex e-con e-child\" data-id=\"1fe305e\" data-element_type=\"container\" data-e-type=\"container\">\n\t\t\t\t<div class=\"elementor-element elementor-element-851db3c elementor-widget elementor-widget-text-editor\" data-id=\"851db3c\" data-element_type=\"widget\" data-e-type=\"widget\" data-widget_type=\"text-editor.default\">\n\t\t\t\t\t\t\t\t\t<div style=\"text-align: justify;\">\u00c9 um programa desenvolvido pela Secretaria de Estado da Sa\u00fade de Goi\u00e1s que tem o objetivo de qualificar as equipes de aten\u00e7\u00e3o prim\u00e1ria e fortalecer a assist\u00eancia integral \u00e0 sa\u00fade aos usu\u00e1rios com sequela e\/ou limita\u00e7\u00f5es provenientes da COVID19. O programa define um protocolo de reabilita\u00e7\u00e3o que foi elaborado levando em considera\u00e7\u00e3o os recursos humanos e materiais dispon\u00edveis na aten\u00e7\u00e3o prim\u00e1ria, para ser desenvolvido por esse n\u00edvel de aten\u00e7\u00e3o.<\/div>\t\t\t\t\t\t\t\t<\/div>\n\t\t\t\t<\/div>\n\t\t\t\t\t<\/details>\n\t\t\t\t\t\t<details id=\"e-n-accordion-item-1281\" class=\"e-n-accordion-item\" >\n\t\t\t\t<summary class=\"e-n-accordion-item-title\" data-accordion-index=\"2\" tabindex=\"-1\" aria-expanded=\"false\" aria-controls=\"e-n-accordion-item-1281\" >\n\t\t\t\t\t<span class='e-n-accordion-item-title-header'><div class=\"e-n-accordion-item-title-text\"> Qual \u00e9 o p\u00fablico-alvo do Programa Reabilita Goi\u00e1s? <\/div><\/span>\n\t\t\t\t\t\t\t<span class='e-n-accordion-item-title-icon'>\n\t\t\t<span class='e-opened' ><svg aria-hidden=\"true\" class=\"e-font-icon-svg e-fas-angle-down\" viewBox=\"0 0 320 512\" xmlns=\"http:\/\/www.w3.org\/2000\/svg\"><path d=\"M143 352.3L7 216.3c-9.4-9.4-9.4-24.6 0-33.9l22.6-22.6c9.4-9.4 24.6-9.4 33.9 0l96.4 96.4 96.4-96.4c9.4-9.4 24.6-9.4 33.9 0l22.6 22.6c9.4 9.4 9.4 24.6 0 33.9l-136 136c-9.2 9.4-24.4 9.4-33.8 0z\"><\/path><\/svg><\/span>\n\t\t\t<span class='e-closed'><svg aria-hidden=\"true\" class=\"e-font-icon-svg e-fas-angle-right\" viewBox=\"0 0 256 512\" xmlns=\"http:\/\/www.w3.org\/2000\/svg\"><path d=\"M224.3 273l-136 136c-9.4 9.4-24.6 9.4-33.9 0l-22.6-22.6c-9.4-9.4-9.4-24.6 0-33.9l96.4-96.4-96.4-96.4c-9.4-9.4-9.4-24.6 0-33.9L54.3 103c9.4-9.4 24.6-9.4 33.9 0l136 136c9.5 9.4 9.5 24.6.1 34z\"><\/path><\/svg><\/span>\n\t\t<\/span>\n\n\t\t\t\t\t\t<\/summary>\n\t\t\t\t<div role=\"region\" aria-labelledby=\"e-n-accordion-item-1281\" class=\"elementor-element elementor-element-9efce00 e-con-full e-flex e-con e-child\" data-id=\"9efce00\" data-element_type=\"container\" data-e-type=\"container\">\n\t\t\t\t<div class=\"elementor-element elementor-element-5a52aa8 elementor-widget elementor-widget-text-editor\" data-id=\"5a52aa8\" data-element_type=\"widget\" data-e-type=\"widget\" data-widget_type=\"text-editor.default\">\n\t\t\t\t\t\t\t\t\t<p style=\"text-align: justify;\">O Programa Reabilita Goi\u00e1s tem como p\u00fablico-alvo os usu\u00e1rios da aten\u00e7\u00e3o prim\u00e1ria que tem hist\u00f3rico de interna\u00e7\u00e3o por COVID-19 e que apresentam sequelas e\/ou limita\u00e7\u00f5es causadas pela doen\u00e7a ou pelo tempo de interna\u00e7\u00e3o.<\/p>\t\t\t\t\t\t\t\t<\/div>\n\t\t\t\t<\/div>\n\t\t\t\t\t<\/details>\n\t\t\t\t\t\t<details id=\"e-n-accordion-item-1282\" class=\"e-n-accordion-item\" >\n\t\t\t\t<summary class=\"e-n-accordion-item-title\" data-accordion-index=\"3\" tabindex=\"-1\" aria-expanded=\"false\" aria-controls=\"e-n-accordion-item-1282\" >\n\t\t\t\t\t<span class='e-n-accordion-item-title-header'><div class=\"e-n-accordion-item-title-text\"> Como foi organizado o protocolo de reabilita\u00e7\u00e3o do Programa Reabilita Goi\u00e1s? <\/div><\/span>\n\t\t\t\t\t\t\t<span class='e-n-accordion-item-title-icon'>\n\t\t\t<span class='e-opened' ><svg aria-hidden=\"true\" class=\"e-font-icon-svg e-fas-angle-down\" viewBox=\"0 0 320 512\" xmlns=\"http:\/\/www.w3.org\/2000\/svg\"><path d=\"M143 352.3L7 216.3c-9.4-9.4-9.4-24.6 0-33.9l22.6-22.6c9.4-9.4 24.6-9.4 33.9 0l96.4 96.4 96.4-96.4c9.4-9.4 24.6-9.4 33.9 0l22.6 22.6c9.4 9.4 9.4 24.6 0 33.9l-136 136c-9.2 9.4-24.4 9.4-33.8 0z\"><\/path><\/svg><\/span>\n\t\t\t<span class='e-closed'><svg aria-hidden=\"true\" class=\"e-font-icon-svg e-fas-angle-right\" viewBox=\"0 0 256 512\" xmlns=\"http:\/\/www.w3.org\/2000\/svg\"><path d=\"M224.3 273l-136 136c-9.4 9.4-24.6 9.4-33.9 0l-22.6-22.6c-9.4-9.4-9.4-24.6 0-33.9l96.4-96.4-96.4-96.4c-9.4-9.4-9.4-24.6 0-33.9L54.3 103c9.4-9.4 24.6-9.4 33.9 0l136 136c9.5 9.4 9.5 24.6.1 34z\"><\/path><\/svg><\/span>\n\t\t<\/span>\n\n\t\t\t\t\t\t<\/summary>\n\t\t\t\t<div role=\"region\" aria-labelledby=\"e-n-accordion-item-1282\" class=\"elementor-element elementor-element-a411a0c e-con-full e-flex e-con e-child\" data-id=\"a411a0c\" data-element_type=\"container\" data-e-type=\"container\">\n\t\t\t\t<div class=\"elementor-element elementor-element-48e62f6 elementor-widget elementor-widget-text-editor\" data-id=\"48e62f6\" data-element_type=\"widget\" data-e-type=\"widget\" data-widget_type=\"text-editor.default\">\n\t\t\t\t\t\t\t\t\t<div style=\"text-align: justify;\">O protocolo de reabilita\u00e7\u00e3o do Programa Reabilita Goi\u00e1s foi elaborado levando em considera\u00e7\u00e3o os recursos humanos e materiais dispon\u00edveis na aten\u00e7\u00e3o prim\u00e1ria. Ele deve ser aplicado pela equipe multiprofissional desse n\u00edvel de aten\u00e7\u00e3o. A organiza\u00e7\u00e3o do protocolo foi feita em duas partes (parte 1 e 2). Cada parte foi subdividida em atendimento presencial e tele reabilita\u00e7\u00e3o. A frequ\u00eancia das sess\u00f5es foi prevista para acontecer tr\u00eas vezes por semana, sendo uma vez presencial, e as outras duas por meio da tele reabilita\u00e7\u00e3o.<\/div>\t\t\t\t\t\t\t\t<\/div>\n\t\t\t\t<\/div>\n\t\t\t\t\t<\/details>\n\t\t\t\t\t\t<details id=\"e-n-accordion-item-1283\" class=\"e-n-accordion-item\" >\n\t\t\t\t<summary class=\"e-n-accordion-item-title\" data-accordion-index=\"4\" tabindex=\"-1\" aria-expanded=\"false\" aria-controls=\"e-n-accordion-item-1283\" >\n\t\t\t\t\t<span class='e-n-accordion-item-title-header'><div class=\"e-n-accordion-item-title-text\"> Onde encontrar informa\u00e7\u00f5es sobre o programa Reabilita Goi\u00e1s? <\/div><\/span>\n\t\t\t\t\t\t\t<span class='e-n-accordion-item-title-icon'>\n\t\t\t<span class='e-opened' ><svg aria-hidden=\"true\" class=\"e-font-icon-svg e-fas-angle-down\" viewBox=\"0 0 320 512\" xmlns=\"http:\/\/www.w3.org\/2000\/svg\"><path d=\"M143 352.3L7 216.3c-9.4-9.4-9.4-24.6 0-33.9l22.6-22.6c9.4-9.4 24.6-9.4 33.9 0l96.4 96.4 96.4-96.4c9.4-9.4 24.6-9.4 33.9 0l22.6 22.6c9.4 9.4 9.4 24.6 0 33.9l-136 136c-9.2 9.4-24.4 9.4-33.8 0z\"><\/path><\/svg><\/span>\n\t\t\t<span class='e-closed'><svg aria-hidden=\"true\" class=\"e-font-icon-svg e-fas-angle-right\" viewBox=\"0 0 256 512\" xmlns=\"http:\/\/www.w3.org\/2000\/svg\"><path d=\"M224.3 273l-136 136c-9.4 9.4-24.6 9.4-33.9 0l-22.6-22.6c-9.4-9.4-9.4-24.6 0-33.9l96.4-96.4-96.4-96.4c-9.4-9.4-9.4-24.6 0-33.9L54.3 103c9.4-9.4 24.6-9.4 33.9 0l136 136c9.5 9.4 9.5 24.6.1 34z\"><\/path><\/svg><\/span>\n\t\t<\/span>\n\n\t\t\t\t\t\t<\/summary>\n\t\t\t\t<div role=\"region\" aria-labelledby=\"e-n-accordion-item-1283\" class=\"elementor-element elementor-element-50fadf7 e-con-full e-flex e-con e-child\" data-id=\"50fadf7\" data-element_type=\"container\" data-e-type=\"container\">\n\t\t\t\t<div class=\"elementor-element elementor-element-471f58b elementor-widget elementor-widget-text-editor\" data-id=\"471f58b\" data-element_type=\"widget\" data-e-type=\"widget\" data-widget_type=\"text-editor.default\">\n\t\t\t\t\t\t\t\t\t<div style=\"text-align: justify;\">As informa\u00e7\u00f5es sobre o Programa Reabilita Goi\u00e1s, bem como \u00e0quelas referentes ao protocolo de reabilita\u00e7\u00e3o, podem ser encontradas na <a href=\"files\/escola-saude\/cartilhas\/Cartilha-do-Programa-Reabilita-Goias.pdf\" target=\"_blank\" rel=\"noopener noreferrer\">Cartilha do Programa Reabilita Goi\u00e1s<\/a>. Al\u00e9m disso, foram desenvolvidos v\u00eddeos orientativos para auxiliar profissionais de sa\u00fade da aten\u00e7\u00e3o prim\u00e1ria e usu\u00e1rios sobre como realizar as avalia\u00e7\u00f5es cardiorrespirat\u00f3rias e funcionais, e como executar corretamente os exerc\u00edcios previstos no protocolo. Os v\u00eddeos est\u00e3o dispon\u00edveis no canal do YouTube e no <a href=\"https:\/\/educa.saude.go.gov.br\/\" target=\"_blank\" rel=\"noopener noreferrer\">Ambiente Virtual de Aprendizagem da Escola de Sa\u00fade de Goi\u00e1s<\/a>. No decorrer do texto dessa cartilha, os links dos v\u00eddeos ser\u00e3o indicados para complementar a leitura do protocolo.<\/div>\t\t\t\t\t\t\t\t<\/div>\n\t\t\t\t<\/div>\n\t\t\t\t\t<\/details>\n\t\t\t\t\t<\/div>\n\t\t\t\t\t\t<\/div>\n\t\t\t\t<\/div>\n\t\t<div class=\"elementor-element elementor-element-2b6d6c7 e-con-full e-flex e-con e-child\" data-id=\"2b6d6c7\" data-element_type=\"container\" data-e-type=\"container\">\n\t\t\t\t<div class=\"elementor-element elementor-element-3e9d56a elementor-widget elementor-widget-video\" data-id=\"3e9d56a\" data-element_type=\"widget\" data-e-type=\"widget\" data-settings=\"{&quot;youtube_url&quot;:&quot;https:\\\/\\\/youtu.be\\\/QhsmW6bXqxQ&quot;,&quot;video_type&quot;:&quot;youtube&quot;,&quot;controls&quot;:&quot;yes&quot;}\" data-widget_type=\"video.default\">\n\t\t\t\t\t\t\t<div class=\"elementor-wrapper elementor-open-inline\">\n\t\t\t<div class=\"elementor-video\"><\/div>\t\t<\/div>\n\t\t\t\t\t\t<\/div>\n\t\t\t\t<\/div>\n\t\t\t\t\t<\/div>\n\t\t\t\t<\/div>\n\t\t<div class=\"elementor-element elementor-element-8bcf2dc e-con-full e-flex e-con e-parent\" data-id=\"8bcf2dc\" data-element_type=\"container\" data-e-type=\"container\">\n\t\t\t\t<div class=\"elementor-element elementor-element-03d44f4 elementor-widget elementor-widget-html\" data-id=\"03d44f4\" data-element_type=\"widget\" data-e-type=\"widget\" data-widget_type=\"html.default\">\n\t\t\t\t\t<ul class=\"thumbnails\">\r\n        <li class=\"col-12 col-md-6 col-lg-3\" style=\"margin-left: 0;\">\r\n                <div class=\"thumbnail nopaddingall\" style=\"height: 100%;\"><i class=\"fas fa-book-open\"\r\n                                style=\"font-size: 45px; font-weight: 900; padding: 15px 0; background-color: #eee; width: 100%; text-align: center; color: #2A7062; border-radius: 3px;\"><\/i>\r\n\r\n                        <div class=\"caption\">\r\n                                <h3 class=\"h6 nomarginall\"><a\r\n                                                href=\"\/saude\/wp-content\/uploads\/sites\/34\/2023\/12\/Cartilha-do-Programa-Reabilita-Goias.pdf\"\r\n                                                target=\"_blank\">Cartilha Programa Reabilita Goi\u00e1s<\/a><\/h3>\r\n                        <\/div>\r\n                <\/div>\r\n        <\/li>\r\n        <li class=\"col-12 col-md-6 col-lg-3\" style=\"margin-left: 0;\">\r\n                <div class=\"thumbnail nopaddingall\" style=\"height: 100%;\"><i class=\"fas fa-chalkboard-teacher\"\r\n                                style=\"font-size: 45px; font-weight: 900; padding: 15px 0; background-color: #eee; width: 100%; text-align: center; color: #2A7062; border-radius: 3px;\"><\/i>\r\n                        <div class=\"caption\">\r\n                                <h3 class=\"h6 nomarginall\"><a href=\"https:\/\/educa.saude.go.gov.br\/\"\r\n                                                target=\"_blank\">Ambiente Virtual do Programa Reabilita Goi\u00e1s<\/a><\/h3>\r\n                        <\/div>\r\n                <\/div>\r\n        <\/li>\r\n        <li class=\"col-12 col-md-6 col-lg-3\" style=\"margin-left: 0;\">\r\n                <div class=\"thumbnail nopaddingall\" style=\"height: 100%;\"><i class=\"fas fa-clinic-medical\"\r\n                                style=\"font-size: 45px; font-weight: 900; padding: 15px 0; background-color: #eee; width: 100%; text-align: center; color: #2A7062; border-radius: 3px;\"><\/i>\r\n                        <div class=\"caption\">\r\n                                <h3 class=\"h6 nomarginall\"><a href=\"\/saude\/wp-content\/uploads\/sites\/34\/2023\/12\/CER.pdf\"\r\n                                                target=\"_blank\">Centros Especializados em Reabilita\u00e7\u00e3o \u2013 CER <\/a><\/h3>\r\n                        <\/div>\r\n                <\/div>\r\n        <\/li>\r\n        <li class=\"col-12 col-md-6 col-lg-3\" style=\"margin-left: 0;\">\r\n                <div class=\"thumbnail nopaddingall\" style=\"height: 100%;\"><i class=\"fas fa-hand-holding-heart\"\r\n                                style=\"font-size: 45px; font-weight: 900; padding: 15px 0; background-color: #eee; width: 100%; text-align: center; color: #2A7062; border-radius: 3px;\"><\/i>\r\n                        <div class=\"caption\">\r\n                                <h3 class=\"h6 nomarginall\"><a\r\n                                                href=\"\/saude\/wp-content\/uploads\/sites\/34\/files\/escola-saude\/reabilita-goias\/servicosdereabilitacao.ods\"\r\n                                                target=\"_blank\">Servi\u00e7os de Reabilita\u00e7\u00e3o de Goi\u00e1s<\/a><\/h3>\r\n                        <\/div>\r\n                <\/div>\r\n        <\/li>\r\n<\/ul>\r\n\r\n<style>\r\n        .row-fluid .thumbnails {\r\n                margin-left: 0;\r\n        }\r\n\r\n        .thumbnails {\r\n                list-style: none;\r\n        }\r\n\r\n        .thumbnails>li {\r\n                float: left;\r\n                margin-bottom: 20px;\r\n                margin-left: 20px;\r\n        }\r\n\r\n        .thumbnail {\r\n                display: flex;\r\n                flex-wrap: wrap;\r\n                padding: 4px;\r\n                line-height: 20px;\r\n                border: 1px solid #ddd;\r\n                -webkit-border-radius: 4px;\r\n                -moz-border-radius: 4px;\r\n                border-radius: 4px;\r\n                -webkit-box-shadow: 0 1px 3px rgba(0, 0, 0, 0.055);\r\n                -moz-box-shadow: 0 1px 3px rgba(0, 0, 0, 0.055);\r\n                box-shadow: 0 1px 3px rgba(0, 0, 0, 0.055);\r\n                -webkit-transition: all 0.2s ease-in-out;\r\n                -moz-transition: all 0.2s ease-in-out;\r\n                -o-transition: all 0.2s ease-in-out;\r\n                transition: all 0.2s ease-in-out;\r\n        }\r\n\r\n        .nopaddingall {\r\n                padding: 0 !important;\r\n        }\r\n\r\n        .col-12,\r\n        .col-md-6,\r\n        .col-lg-3 {\r\n                position: relative;\r\n                width: 100%;\r\n                min-height: 1px;\r\n                padding-right: 15px;\r\n                padding-left: 15px;\r\n\r\n        }\r\n\r\n        @media (min-width: 992px) {\r\n                .col-lg-3 {\r\n                        flex: 0 0 25%;\r\n                        max-width: 25%;\r\n                }\r\n        }\r\n\r\n        .thumbnail .caption {\r\n                padding: 9px;\r\n                color: #555555;\r\n        }\r\n\r\n        #g-main .h6 {\r\n                font-size: 1.1rem;\r\n        }\r\n<\/style>\t\t\t\t<\/div>\n\t\t\t\t<\/div>\n\t\t<div class=\"elementor-element elementor-element-387faec e-flex e-con-boxed e-con e-parent\" data-id=\"387faec\" data-element_type=\"container\" data-e-type=\"container\">\n\t\t\t\t\t<div class=\"e-con-inner\">\n\t\t<div class=\"elementor-element elementor-element-ec07f71 e-con-full e-flex e-con e-child\" data-id=\"ec07f71\" data-element_type=\"container\" data-e-type=\"container\" data-settings=\"{&quot;background_background&quot;:&quot;classic&quot;}\">\n\t\t\t\t<div class=\"elementor-element elementor-element-97dd5e8 elementor-widget elementor-widget-heading\" data-id=\"97dd5e8\" data-element_type=\"widget\" data-e-type=\"widget\" data-widget_type=\"heading.default\">\n\t\t\t\t\t<h5 class=\"elementor-heading-title elementor-size-default\">Not\u00edcias Programa Reabilita Goi\u00e1s<\/h5>\t\t\t\t<\/div>\n\t\t\t\t<\/div>\n\t\t\t\t<div class=\"elementor-element elementor-element-d0192b5 elementor-widget elementor-widget-html\" data-id=\"d0192b5\" data-element_type=\"widget\" data-e-type=\"widget\" data-widget_type=\"html.default\">\n\t\t\t\t\t<div id=\"\" class=\"last-news-wrap last-news-classic\">\r\n        <div class=\"body\">\r\n                <div class=\"inner\">\r\n                        <div class=\"item\">\r\n                                <a href=\"\/saude\/reabilita-goias-e-tema-de-pesquisa-em-mestrado-de-saude-coletiva-da-ufg\/\">\r\n                                        <div class=\"image\"><img fetchpriority=\"high\" decoding=\"async\"\r\n                                                        src=\"\/saude\/wp-content\/uploads\/sites\/34\/2023\/12\/thumb_2096_13221.png\"\r\n                                                        alt=\"Reabilita Goi\u00e1s&nbsp;\u00e9 tema de pesquisa em Mestrado de Sa\u00fade Coletiva da UFG\"\r\n                                                        width=\"960\" height=\"540\" loading=\"eager\"><\/div>\r\n                                        <h3 class=\"heading\">Reabilita Goi\u00e1s&nbsp;\u00e9 tema de pesquisa em Mestrado de Sa\u00fade\r\n                                                Coletiva da UFG<\/h3>\r\n                                <\/a>\r\n                        <\/div>\r\n                        <div class=\"item\">\r\n                                <a href=\"\/saude\/reabilita-goias-e-apresentado-em-congresso-de-gestao-em-saude-do-centro-oeste\/\">\r\n                                        <div class=\"image\">\r\n                                                <img decoding=\"async\" src=\"\/saude\/wp-content\/uploads\/sites\/34\/2023\/12\/thumb_2096_12697.jpeg\"\r\n                                                        alt=\"Reabilita Goi\u00e1s \u00e9 apresentado em congresso de gest\u00e3o em sa\u00fade do Centro-Oeste\"\r\n                                                        width=\"960\" height=\"540\" loading=\"eager\" \/>\r\n                                        <\/div>\r\n                                        <h3 class=\"heading\">\r\n                                                Reabilita Goi\u00e1s \u00e9 apresentado em congresso de gest\u00e3o em\r\n                                                sa\u00fade do Centro-Oeste\r\n                                        <\/h3>\r\n                                <\/a>\r\n                        <\/div>\r\n                        <div class=\"item\">\r\n                                <a href=\"\/saude\/com-bons-resultados-reabilita-goias-deve-se-estender-por-todo-o-estado\/\">\r\n                                        <div class=\"image\">\r\n                                                <img decoding=\"async\" src=\"\/saude\/wp-content\/uploads\/sites\/34\/2023\/12\/thumb_2096_12697.jpeg\"\r\n                                                        alt=\"Com bons resultados, Reabilita Goi\u00e1s deve se estender por todo o Estado\"\r\n                                                        width=\"960\" height=\"540\" loading=\"eager\" \/>\r\n                                        <\/div>\r\n                                        <h3 class=\"heading\">\r\n                                                Com bons resultados, Reabilita Goi\u00e1s deve se estender por\r\n                                                todo o Estado\r\n                                        <\/h3>\r\n                                <\/a>\r\n                        <\/div>\r\n                <\/div>\r\n        <\/div>\r\n        <div class=\"read-all-link last  linkright\">\r\n                <a href=\"\/saude\" title=\"\" class=\"hasTooltip\" data-original-title=\"Veja mais not\u00edcias\">\r\n                        <span>Veja mais not\u00edcias<\/span>\r\n                        <i class=\"fa fa-chevron-right\"><\/i>\r\n                <\/a>\r\n        <\/div>\r\n<\/div>\r\n\r\n<style>\r\n        .last-news-wrap {\r\n                margin: 0;\r\n        }\r\n\r\n        \/* \r\n        .last-news-wrap .body {\r\n                margin: 0 -15px;\r\n        } *\/\r\n\r\n        .last-news-wrap.last-news-classic {\r\n                display: flex;\r\n        }\r\n\r\n        .last-news-wrap .body .inner {\r\n                clear: both;\r\n                margin: 0;\r\n        }\r\n\r\n        .last-news-wrap.last-news-classic .inner .item {\r\n                width: 50%;\r\n                padding: 10px 15px;\r\n                float: left;\r\n        }\r\n\r\n        .last-news-wrap a {\r\n                color: #202d4f !important;\r\n        }\r\n\r\n        .last-news-wrap.last-news-classic .inner .item .image {\r\n                float: left;\r\n                width: 50%;\r\n                margin-right: 15px;\r\n        }\r\n\r\n        .last-news-wrap.last-news-classic .inner .item .heading {\r\n                font-size: 1.13rem !important;\r\n                line-height: 1.2rem !important;\r\n                margin: 0 0 10px 0;\r\n                font-family: \"Open Sans\";\r\n                color: #202d4f;\r\n                font-weight: 700 !important;\r\n        }\r\n\r\n        .last-news-wrap .read-all-link.last {\r\n                margin-top: 10px;\r\n        }\r\n\r\n        .last-news-wrap .read-all-link {\r\n                margin: 0 15px;\r\n                position: relative;\r\n                top: 140px;\r\n        }\r\n\r\n        .last-news-wrap .linkright {\r\n                text-align: right;\r\n        }\r\n\r\n        a:hover {\r\n                color: #1a1a1a;\r\n                text-decoration: underline;\r\n        }\r\n\r\n        .last-news-wrap.last-news-caption .g-title {\r\n                margin-bottom: 10px !important\r\n        }\r\n\r\n        .last-news-wrap.last-news-caption .inner {\r\n                display: flex;\r\n                flex-wrap: wrap;\r\n                margin: 0;\r\n                text-align: left\r\n        }\r\n\r\n        @media only all and (min-width: 48rem) and (max-width:59.99rem) {\r\n                .last-news-wrap.last-news-classic .inner .item {\r\n                        width: 100%;\r\n                        float: none\r\n                }\r\n        }\r\n\r\n        @media only all and (max-width: 47.99rem) {\r\n                .last-news-wrap.last-news-classic .inner .item {\r\n                        width: 100%;\r\n                        float: none\r\n                }\r\n        }\r\n<\/style>\t\t\t\t<\/div>\n\t\t\t\t\t<\/div>\n\t\t\t\t<\/div>\n\t\t\t\t<\/div>\n\t\t","protected":false},"excerpt":{"rendered":"<p>Programa Reabilita Goi\u00e1s O que \u00e9 o Programa Reabilita Goi\u00e1s? \u00c9 um programa desenvolvido pela Secretaria de Estado da Sa\u00fade de Goi\u00e1s que tem o objetivo de qualificar as equipes de aten\u00e7\u00e3o prim\u00e1ria e fortalecer a assist\u00eancia integral \u00e0 sa\u00fade aos usu\u00e1rios com sequela e\/ou limita\u00e7\u00f5es provenientes da COVID19. O programa define um protocolo de [&hellip;]<\/p>\n","protected":false},"author":222,"featured_media":0,"parent":0,"menu_order":0,"comment_status":"closed","ping_status":"closed","template":"wppb_theme_template","meta":{"footnotes":""},"class_list":["post-37684","page","type-page","status-publish","hentry"],"rttpg_featured_image_url":null,"rttpg_author":{"display_name":"diegomsilva","author_link":"https:\/\/goias.gov.br\/saude\/author\/diegomsilva\/"},"rttpg_comment":0,"rttpg_category":null,"rttpg_excerpt":"Programa Reabilita Goi\u00e1s O que \u00e9 o Programa Reabilita Goi\u00e1s? \u00c9 um programa desenvolvido pela Secretaria de Estado da Sa\u00fade de Goi\u00e1s que tem o objetivo de qualificar as equipes de aten\u00e7\u00e3o prim\u00e1ria e fortalecer a assist\u00eancia integral \u00e0 sa\u00fade aos usu\u00e1rios com sequela e\/ou limita\u00e7\u00f5es provenientes da COVID19. O programa define um protocolo de&hellip;","_links":{"self":[{"href":"https:\/\/goias.gov.br\/saude\/wp-json\/wp\/v2\/pages\/37684","targetHints":{"allow":["GET"]}}],"collection":[{"href":"https:\/\/goias.gov.br\/saude\/wp-json\/wp\/v2\/pages"}],"about":[{"href":"https:\/\/goias.gov.br\/saude\/wp-json\/wp\/v2\/types\/page"}],"author":[{"embeddable":true,"href":"https:\/\/goias.gov.br\/saude\/wp-json\/wp\/v2\/users\/222"}],"replies":[{"embeddable":true,"href":"https:\/\/goias.gov.br\/saude\/wp-json\/wp\/v2\/comments?post=37684"}],"version-history":[{"count":2,"href":"https:\/\/goias.gov.br\/saude\/wp-json\/wp\/v2\/pages\/37684\/revisions"}],"predecessor-version":[{"id":624502,"href":"https:\/\/goias.gov.br\/saude\/wp-json\/wp\/v2\/pages\/37684\/revisions\/624502"}],"wp:attachment":[{"href":"https:\/\/goias.gov.br\/saude\/wp-json\/wp\/v2\/media?parent=37684"}],"curies":[{"name":"wp","href":"https:\/\/api.w.org\/{rel}","templated":true}]}}