

{"id":37443,"date":"2023-11-28T09:15:05","date_gmt":"2023-11-28T12:15:05","guid":{"rendered":"https:\/\/siteshom.goias.gov.br\/saude\/?page_id=37443"},"modified":"2025-12-03T11:27:58","modified_gmt":"2025-12-03T14:27:58","slug":"atencao-especializada","status":"publish","type":"page","link":"https:\/\/goias.gov.br\/saude\/atencao-a-saude\/atencao-especializada\/","title":{"rendered":"Aten\u00e7\u00e3o Especializada"},"content":{"rendered":"\t\t<div data-elementor-type=\"wp-page\" data-elementor-id=\"37443\" class=\"elementor elementor-37443\">\n\t\t\t\t<div class=\"elementor-element elementor-element-3bd8ece e-flex e-con-boxed e-con e-parent\" data-id=\"3bd8ece\" data-element_type=\"container\" data-e-type=\"container\">\n\t\t\t\t\t<div class=\"e-con-inner\">\n\t\t<div class=\"elementor-element elementor-element-ba73ec3 e-con-full e-flex e-con e-child\" data-id=\"ba73ec3\" data-element_type=\"container\" data-e-type=\"container\">\n\t\t\t\t<div class=\"elementor-element elementor-element-c102fc8 elementor-widget elementor-widget-text-editor\" data-id=\"c102fc8\" data-element_type=\"widget\" data-e-type=\"widget\" data-widget_type=\"text-editor.default\">\n\t\t\t\t\t\t\t\t\t<div style=\"text-align: justify;\"><p>A Aten\u00e7\u00e3o Especializada consiste no conjunto de conhecimentos, a\u00e7\u00f5es, pr\u00e1ticas e t\u00e9cnicas assistenciais articuladas a partir processos de trabalho de maior densidade tecnol\u00f3gica.<\/p><p>Organizada sobretudo de forma hierarquizada e regionalizada, a Aten\u00e7\u00e3o Especializada \u00e9 integrante estrat\u00e9gica da Rede de Aten\u00e7\u00e3o \u00e0 Sa\u00fade, operacionalizada em articula\u00e7\u00e3o e em sintonia com a Aten\u00e7\u00e3o B\u00e1sica a fim de fomentar a continuidade da assist\u00eancia de acordo com as necessidades de sa\u00fade da popula\u00e7\u00e3o.<\/p><p>Compete \u00e0 Aten\u00e7\u00e3o Especializada da SES-GO promover a\u00e7\u00f5es que contribuam com a promo\u00e7\u00e3o e preven\u00e7\u00e3o de doen\u00e7as e agravos, tratamento, recupera\u00e7\u00e3o e reabilita\u00e7\u00e3o da sa\u00fade, al\u00e9m de implantar e implementar as pol\u00edticas p\u00fablicas de sa\u00fade para a popula\u00e7\u00e3o goiana, promovendo a\u00e7\u00f5es de integra\u00e7\u00e3o em todos os n\u00edveis de aten\u00e7\u00e3o.<\/p><\/div><div style=\"text-align: justify;\"><p><strong><br \/><\/strong>Da perspectiva assistencial, a Aten\u00e7\u00e3o Especializada da SES-GO \u00e9 composta por a\u00e7\u00f5es e servi\u00e7os da aten\u00e7\u00e3o secund\u00e1ria (servi\u00e7os de apoio diagn\u00f3stico e terap\u00eautico e servi\u00e7os ambulatoriais), da aten\u00e7\u00e3o terci\u00e1ria (diagnose, terapia e aten\u00e7\u00e3o hospitalar), \u00e1rea de urg\u00eancia e emerg\u00eancia (articulada com todos os n\u00edveis de aten\u00e7\u00e3o), hemorrede, nefrologia, oncologia, aten\u00e7\u00e3o domiciliar, al\u00e9m de aten\u00e7\u00e3o \u00e0 pessoa com defici\u00eancia e doen\u00e7as raras.<\/p><p>A Aten\u00e7\u00e3o Especializada conta com os servi\u00e7os:<\/p><p>&#8211;\u00a0<a href=\"https:\/\/goias.gov.br\/saude\/cremic\/\" target=\"_blank\" rel=\"noopener\">CREMIC\u00a0<\/a>(Centro Estadual de Refer\u00eancia em Medicina Integrativa e Complementar)<br \/>&#8211;\u00a0<a href=\"https:\/\/goias.gov.br\/saude\/coeg\/\" target=\"_blank\" rel=\"noopener\">COEG\u00a0<\/a>(Centro Estadual de Odontologia Sebasti\u00e3o Alves Ribeiro)<br \/>&#8211;\u00a0<a href=\"https:\/\/goias.gov.br\/saude\/hospitais-e-policlinicas\/\" target=\"_blank\" rel=\"noopener\">Policl\u00ednicas Estaduais<\/a><\/p><p>Em suas atribui\u00e7\u00f5es, coordena as policl\u00ednicas, localizadas nas macrorregi\u00f5es do Estado, com atua\u00e7\u00e3o para monitorar a execu\u00e7\u00e3o dos servi\u00e7os prestados e pr\u00e9-estabelecidos com as Organiza\u00e7\u00f5es Sociais, contratadas. O atendimento nas policl\u00ednicas estaduais, ocorre por meio da regula\u00e7\u00e3o do estado.<\/p><p>Compete ainda, a coordena\u00e7\u00e3o de leitos de cuidados intensivos; cirurgias eletivas; leitos gerais; hemorrede; aten\u00e7\u00e3o domiciliar; administrativa terci\u00e1ria e monitoramento.<\/p><p>&#8211;\u00a0<a href=\"https:\/\/goias.gov.br\/saude\/rede-hemo\/\" target=\"_blank\" rel=\"noopener\">Rede HEMO<\/a><br \/>&#8211;\u00a0<a href=\"https:\/\/indicadores.saude.go.gov.br\/public\/mapadeleitos.html\" target=\"_blank\" rel=\"noopener\">Painel de Leitos<\/a><br \/>&#8211;\u00a0<a href=\"https:\/\/goias.gov.br\/saude\/estrutura\/hospitais-e-policlinicas\" target=\"_blank\" rel=\"noopener noreferrer\">Unidades Hospitalares<\/a><\/p><\/div>\t\t\t\t\t\t\t\t<\/div>\n\t\t\t\t<\/div>\n\t\t\t\t\t<\/div>\n\t\t\t\t<\/div>\n\t\t<div class=\"elementor-element elementor-element-cf9bbce e-flex e-con-boxed e-con e-parent\" data-id=\"cf9bbce\" data-element_type=\"container\" data-e-type=\"container\">\n\t\t\t\t\t<div class=\"e-con-inner\">\n\t\t<div class=\"elementor-element elementor-element-fa0d929 e-con-full e-flex e-con e-child\" data-id=\"fa0d929\" data-element_type=\"container\" data-e-type=\"container\">\n\t\t\t\t<div class=\"elementor-element elementor-element-93c18f4 elementor-widget elementor-widget-image\" data-id=\"93c18f4\" data-element_type=\"widget\" data-e-type=\"widget\" data-widget_type=\"image.default\">\n\t\t\t\t\t\t\t\t\t\t\t\t\t\t\t\t<a href=\"https:\/\/goias.gov.br\/saude\/wp-content\/uploads\/sites\/34\/files\/regulacao_estadual\/plano-de-acao-estadual-da-oncologia.pdf\" target=\"_blank\">\n\t\t\t\t\t\t\t<img fetchpriority=\"high\" decoding=\"async\" width=\"1024\" height=\"220\" src=\"https:\/\/goias.gov.br\/saude\/wp-content\/uploads\/sites\/34\/2024\/03\/banner-oncologia-regulacao.jpg\" class=\"attachment-large size-large wp-image-43994\" alt=\"\" \/>\t\t\t\t\t\t\t\t<\/a>\n\t\t\t\t\t\t\t\t\t\t\t\t\t\t\t<\/div>\n\t\t\t\t<\/div>\n\t\t\t\t\t<\/div>\n\t\t\t\t<\/div>\n\t\t\t\t<\/div>\n\t\t","protected":false},"excerpt":{"rendered":"<p>A Aten\u00e7\u00e3o Especializada consiste no conjunto de conhecimentos, a\u00e7\u00f5es, pr\u00e1ticas e t\u00e9cnicas assistenciais articuladas a partir processos de trabalho de maior densidade tecnol\u00f3gica. Organizada sobretudo de forma hierarquizada e regionalizada, a Aten\u00e7\u00e3o Especializada \u00e9 integrante estrat\u00e9gica da Rede de Aten\u00e7\u00e3o \u00e0 Sa\u00fade, operacionalizada em articula\u00e7\u00e3o e em sintonia com a Aten\u00e7\u00e3o B\u00e1sica a fim de [&hellip;]<\/p>\n","protected":false},"author":7,"featured_media":0,"parent":39754,"menu_order":0,"comment_status":"closed","ping_status":"closed","template":"","meta":{"footnotes":""},"class_list":["post-37443","page","type-page","status-publish","hentry"],"rttpg_featured_image_url":null,"rttpg_author":{"display_name":"gustavogoncalves","author_link":"https:\/\/goias.gov.br\/saude\/author\/gustavogoncalves\/"},"rttpg_comment":0,"rttpg_category":null,"rttpg_excerpt":"A Aten\u00e7\u00e3o Especializada consiste no conjunto de conhecimentos, a\u00e7\u00f5es, pr\u00e1ticas e t\u00e9cnicas assistenciais articuladas a partir processos de trabalho de maior densidade tecnol\u00f3gica. Organizada sobretudo de forma hierarquizada e regionalizada, a Aten\u00e7\u00e3o Especializada \u00e9 integrante estrat\u00e9gica da Rede de Aten\u00e7\u00e3o \u00e0 Sa\u00fade, operacionalizada em articula\u00e7\u00e3o e em sintonia com a Aten\u00e7\u00e3o B\u00e1sica a fim de&hellip;","_links":{"self":[{"href":"https:\/\/goias.gov.br\/saude\/wp-json\/wp\/v2\/pages\/37443","targetHints":{"allow":["GET"]}}],"collection":[{"href":"https:\/\/goias.gov.br\/saude\/wp-json\/wp\/v2\/pages"}],"about":[{"href":"https:\/\/goias.gov.br\/saude\/wp-json\/wp\/v2\/types\/page"}],"author":[{"embeddable":true,"href":"https:\/\/goias.gov.br\/saude\/wp-json\/wp\/v2\/users\/7"}],"replies":[{"embeddable":true,"href":"https:\/\/goias.gov.br\/saude\/wp-json\/wp\/v2\/comments?post=37443"}],"version-history":[{"count":2,"href":"https:\/\/goias.gov.br\/saude\/wp-json\/wp\/v2\/pages\/37443\/revisions"}],"predecessor-version":[{"id":633079,"href":"https:\/\/goias.gov.br\/saude\/wp-json\/wp\/v2\/pages\/37443\/revisions\/633079"}],"up":[{"embeddable":true,"href":"https:\/\/goias.gov.br\/saude\/wp-json\/wp\/v2\/pages\/39754"}],"wp:attachment":[{"href":"https:\/\/goias.gov.br\/saude\/wp-json\/wp\/v2\/media?parent=37443"}],"curies":[{"name":"wp","href":"https:\/\/api.w.org\/{rel}","templated":true}]}}