

{"id":3439,"date":"2016-01-05T17:19:57","date_gmt":"2016-01-05T19:19:57","guid":{"rendered":"http:\/\/www.policiacientifica.go.gov.br\/?page_id=3439"},"modified":"2025-07-17T11:37:54","modified_gmt":"2025-07-17T14:37:54","slug":"nucleos-regionais-da-sptc","status":"publish","type":"page","link":"https:\/\/goias.gov.br\/policiacientifica\/nucleos-regionais-da-sptc\/","title":{"rendered":"Coordena\u00e7\u00f5es Regionais da Pol\u00edcia T\u00e9cnico-Cient\u00edfica (CRPTCs)"},"content":{"rendered":"<p><span style=\"color: #000000\">A <strong>Pol\u00edcia T\u00e9cnico-Cient\u00edfica do Estado de Goi\u00e1s<\/strong>\u00a0conta\u00a0atualmente com um total de 24 unidades de atendimento\u00a0para melhor atender \u00e0 popula\u00e7\u00e3o goiana, sendo duas\u00a0na capital e outras 22 distribu\u00eddas estrategicamente por 14 Regionais no interior do Estado. (Refer\u00eancia:\u00a0<a href=\"https:\/\/legisla.casacivil.go.gov.br\/pesquisa_legislacao\/103925\/decreto-9842\">Decreto\u00a0n\u00ba 9.842\/2021<\/a>)<\/span><\/p>\n<table border=\"0\">\n<tbody>\n<tr>\n<td colspan=\"2\"><a href=\"#gyn\">Ger\u00eancia Regional de Goi\u00e2nia<\/a><\/td>\n<\/tr>\n<tr>\n<td><a href=\"#1crptc\">1\u00aa\u00a0CRPTC &#8211;\u00a0Coordena\u00e7\u00e3o Regional de Aparecida de Goi\u00e2nia<\/a><br \/>\n<a href=\"#2crptc\">2\u00aa\u00a0CRPTC &#8211;\u00a0Coordena\u00e7\u00e3o Regional da Cidade de Goi\u00e1s<\/a><br \/>\n<a href=\"#3crptc\">3\u00aa\u00a0CRPTC &#8211; Coordena\u00e7\u00e3o Regional de Formosa<\/a><br \/>\n<a href=\"#4crptc\">4\u00aa CRPTC &#8211; Coordena\u00e7\u00e3o Regional de Itumbiara<\/a><br \/>\n<span style=\"color: #ffffff\">\u2026&#8230;&#8230;&#8230;<\/span><a href=\"#4crptc2\">PA &#8211; Posto de Atendimento de Morrinhos<\/a><br \/>\n<span style=\"color: #ffffff\">\u2026&#8230;&#8230;&#8230;<\/span><a href=\"#4crptc3\">PA &#8211; Posto de Atendimento de Caldas Novas<\/a><br \/>\n<a href=\"#5crptc\">5\u00aa\u00a0CRPTC &#8211; Coordena\u00e7\u00e3o Regional de Rio Verde<\/a><br \/>\n<span style=\"color: #ffffff\">\u2026&#8230;&#8230;&#8230;<\/span><a href=\"#5crptc2\">PA &#8211; Posto de Atendimento de Quirin\u00f3polis<\/a><br \/>\n<a href=\"#6crptc\">6\u00aa\u00a0CRPTC &#8211; Coordena\u00e7\u00e3o Regional de Ceres<\/a><br \/>\n<a href=\"#7crptc\">7\u00aa\u00a0CRPTC &#8211; Coordena\u00e7\u00e3o Regional de Urua\u00e7u<\/a><br \/>\n<span style=\"color: #ffffff\">\u2026&#8230;&#8230;&#8230;<\/span><a href=\"#7crptc2\">PA &#8211; Posto de Atendimento de Porangatu<\/a><\/td>\n<td><span style=\"color: #ffffff\">..<\/span><a href=\"#8crptc\">8\u00aa\u00a0CRPTC &#8211;\u00a0Coordena\u00e7\u00e3o\u00a0Regional de Catal\u00e3o<\/a><br \/>\n<span style=\"color: #ffffff\">..<\/span><a href=\"#9crptc\">9\u00aa\u00a0CRPTC &#8211; Coordena\u00e7\u00e3o Regional de Ipor\u00e1<\/a><br \/>\n<span style=\"color: #ffffff\">\u2026&#8230;&#8230;. ..<\/span><a href=\"#9crptc2\">PA &#8211; Posto de Atendimento de S\u00e3o Lu\u00eds de Montes Belos<\/a><br \/>\n<a href=\"#10crptc\">10\u00aa\u00a0CRPTC &#8211; Coordena\u00e7\u00e3o Regional de An\u00e1polis<\/a><br \/>\n<a href=\"#11crptc\">11\u00aa\u00a0CRPTC &#8211;\u00a0Coordena\u00e7\u00e3o Regional de Jata\u00ed<\/a><br \/>\n<span style=\"color: #ffffff\">\u2026&#8230; &#8230;&#8230;\u00a0<\/span><a href=\"#11crptc2\">PA &#8211; Posto de Atendimento de Mineiros<\/a><br \/>\n<a href=\"#12crptc\">12\u00aa CRPTC &#8211;\u00a0Coordena\u00e7\u00e3o Regional de Campos Belos<\/a><br \/>\n<span style=\"color: #ffffff\">\u2026&#8230;. &#8230;&#8230;<\/span><a href=\"#12crptc2\">PA &#8211; Posto de Atendimento de Posse<\/a><br \/>\n<a href=\"#13crptc\">13\u00aa CRPTC &#8211;\u00a0Coordena\u00e7\u00e3o Regional de Goian\u00e9sia<\/a><br \/>\n<a href=\"#14crptc\">14\u00aa CRPTC &#8211; Coordena\u00e7\u00e3o Regional de Luzi\u00e2nia<\/a><br \/>\n<span style=\"color: #ffffff\">\u2026&#8230;. &#8230;&#8230;<\/span><a href=\"#14crptc2\">PA &#8211; Posto de Atendimento de \u00c1guas Lindas<\/a><\/td>\n<\/tr>\n<\/tbody>\n<\/table>\n<dl class=\"linha\"><\/dl>\n<h4><a style=\"color: #000000\" name=\"gyn\"><\/a><strong>Institutos de Criminal\u00edstica Leonardo Rodrigues e de Medicina Legal Aristoclides Teixeira (\u00e1rea de cobertura)<\/strong><\/h4>\n<p><span style=\"color: #ffffff\">.<\/span><br \/>\n<span style=\"color: #000000\"><strong>Abrang\u00eancia:<\/strong><\/span> <span style=\"color: #008000\">Goi\u00e2nia (Vila Rica),<\/span> <span style=\"color: #008000\">Brazabrantes,<\/span> <span style=\"color: #008000\">Catura\u00ed, Goianira, Inhumas (Barata, Margoso, Pedrinhas, Santa Am\u00e1lia, Serra Abaixo, Vila Quilombo),<\/span> <span style=\"color: #008000\">Ner\u00f3polis, Nova Veneza,<\/span> <span style=\"color: #008000\">Santa B\u00e1rbara de Goi\u00e1s, Santo Ant\u00f4nio de Goi\u00e1s, Trindade,<\/span> <span style=\"color: #000000\">Anicuns (Boa Vista, Capelinha, Choupana), Ara\u00e7u, Avelin\u00f3polis (Allan Kardec),\u00a0Campestre de Goi\u00e1s,\u00a0Itau\u00e7u (Povoado de Rosel\u00e2ndia), Naz\u00e1rio (Claudin\u00e1polis),\u00a0Palmeiras de Goi\u00e1s, Palmin\u00f3polis,\u00a0Turv\u00e2nia.<br \/>\n<sup><em><span style=\"color: #008000\">*Os munic\u00edpios em verde\u00a0integram\u00a0a <a style=\"color: #008000\" href=\"http:\/\/www.gabinetecivil.go.gov.br\/pagina_leis.php?id=22493\">Regi\u00e3o Metropolitana de Goi\u00e2nia (RMG)<\/a><\/span><\/em><\/sup><\/span><\/p>\n<p><strong>\u2022 <a href=\"http:\/\/goias.gov.br\/policiacientifica\/expediente#iclr\">Instituto de Criminal\u00edstica Leonardo Rodrigues (ICLR)<\/a><\/strong><br \/>\n<strong> \u2022 <a href=\"http:\/\/goias.gov.br\/policiacientifica\/expediente#imlat\">Instituto de Medicina Legal Aristoclides Teixeira (IMLAT)<\/a><\/strong><\/p>\n<p><span style=\"color: #000000\"><strong>Endere\u00e7o:<\/strong> Avenida Engenheiro At\u00edlio Correia Lima, n. 1.223, Setor Cidade Jardim, Goi\u00e2nia\/GO. CEP: 74.425-030<\/span><br \/>\n<span style=\"color: #000000\"> <strong>Localiza\u00e7\u00e3o:<\/strong><\/span> <a href=\"https:\/\/goo.gl\/maps\/A5M8MST7bdS2\">https:\/\/goo.gl\/maps\/A5M8MST7bdS2<\/a><br \/>\n<span style=\"color: #000000\"><strong>Hor\u00e1rio de Funcionamento:<\/strong> 24h (vari\u00e1vel por Se\u00e7\u00e3o)<\/span><\/p>\n<dl class=\"linha\"><\/dl>\n<h4><span style=\"color: #000000\"><strong><a style=\"color: #000000\" name=\"1crptc\"><\/a>1\u00aa\u00a0CRPTC &#8211; Coordena\u00e7\u00e3o Regional\u00a0<\/strong><strong>de Pol\u00edcia T\u00e9cnico-Cient\u00edfica\u00a0<\/strong><strong>de Aparecida de Goi\u00e2nia <\/strong>| <strong>SEI: 14124<\/strong><\/span><\/h4>\n<p><span style=\"color: #000000\"><strong>Coordenador REGIONAL:<\/strong> Murilo Toscano de Carvalho, Perito Criminal<\/span><\/p>\n<p><span style=\"color: #000000\"><strong>Abrang\u00eancia:<\/strong><\/span> <span style=\"color: #008000\">Aparecida de Goi\u00e2nia (Nova Bras\u00edlia), Abadia de Goi\u00e1s (Vila Nossa Senhora do Perp\u00e9tuo Socorro), Aragoi\u00e2nia, Bela Vista de Goi\u00e1s (Rosel\u00e2ndia), Bonfin\u00f3polis, Caldazinha,<\/span> <span style=\"color: #008000\">Guap\u00f3 (Possel\u00e2ndia), Hidrol\u00e2ndia (Nova F\u00e1tima),<\/span> <span style=\"color: #008000\">Senador Canedo,<\/span> Cezarina (Linda Vista),\u00a0Indiara (Carl\u00e2ndia), Jandaia (Palme\u00fana),\u00a0<span style=\"color: #000000\">Varj\u00e3o (Gercin\u00e1polis, S\u00e3o Benedito).<br \/>\n<em><span style=\"color: #008000\"><sup>*Os munic\u00edpios em verde\u00a0integram\u00a0a <span style=\"color: #008000\"><a style=\"color: #008000\" href=\"http:\/\/www.gabinetecivil.go.gov.br\/pagina_leis.php?id=22493\">Regi\u00e3o Metropolitana de Goi\u00e2nia (RMG)<\/a><\/span><\/sup><br \/>\n<\/span><\/em><\/span><\/p>\n<p><span style=\"color: #000000\"><strong>Divis\u00e3o de Criminal\u00edstica<\/strong><\/span><br \/>\n<span style=\"color: #ffffff\">\u2026.<\/span>\u2022<strong>\u00a0<\/strong>Subdivis\u00e3o de Per\u00edcias Externas (SPE)\u00a0| SEI:\u00a017379<br \/>\n<span style=\"color: #ffffff\">\u2026.<\/span>\u2022<strong>\u00a0<\/strong>Subdivis\u00e3o de Per\u00edcias Internas (SPI)\u00a0| SEI:\u00a017377<br \/>\n<span style=\"color: #ffffff\">\u2026&#8230;&#8230;<\/span>&#8211; Se\u00e7\u00e3o de Bal\u00edstica Forense\u00a0| SEI:\u00a017378<br \/>\n<span style=\"color: #ffffff\">\u2026&#8230;&#8230;<\/span>&#8211; Se\u00e7\u00e3o de Biologia Forense<br \/>\n<span style=\"color: #ffffff\">\u2026&#8230;&#8230;<\/span>&#8211; Se\u00e7\u00e3o de Identifica\u00e7\u00e3o Veicular<br \/>\n<span style=\"color: #ffffff\">\u2026&#8230;&#8230;<\/span>&#8211; Se\u00e7\u00e3o de\u00a0Merceologia, Autenticidade e Vistoria<br \/>\n<span style=\"color: #ffffff\">\u2026&#8230;&#8230;<\/span>&#8211; Se\u00e7\u00e3o de Qu\u00edmica Forense<br \/>\n<span style=\"color: #ffffff\">\u2026.<\/span>\u2022 Central de Evid\u00eancias: (62) 3548-2125\u00a0| SEI:\u00a017382<br \/>\n<span style=\"color: #ffffff\">\u2026.<\/span>\u2022<strong>\u00a0<\/strong>Cart\u00f3rio de Criminal\u00edstica:\u00a0(62) 3280-3557 | SEI:\u00a017376<br \/>\n<span style=\"color: #ffffff\">\u2026.<\/span>&#8211; Plant\u00e3o de Atendimento:\u00a0(62) 9 9640-9213 | SEI:\u00a017381<\/p>\n<p><span style=\"color: #000000\"><strong>Divis\u00e3o de Medicina Legal\u00a0<\/strong>| SEI:\u00a017380<\/span><br \/>\n<span style=\"color: #ffffff\">\u2026.<\/span>\u2022<strong>\u00a0<\/strong>Se\u00e7\u00e3o de Amostras Biol\u00f3gicas<br \/>\n<span style=\"color: #ffffff\">\u2026.<\/span>\u2022 Se\u00e7\u00e3o de Necropapiloscopia<br \/>\n<span style=\"color: #ffffff\">\u2026.<\/span>\u2022\u00a0Se\u00e7\u00e3o de Cad\u00e1ver Ignorado: (62) 3548-2125\u00a0| SEI:\u00a017382<br \/>\n<span style=\"color: #ffffff\">\u2026.<\/span>\u2022<strong>\u00a0<\/strong>Cart\u00f3rio de Medicina Legal: (62) 3280-3557\u00a0| SEI:\u00a017376<br \/>\n<span style=\"color: #ffffff\">\u2026.<\/span>&#8211; Plant\u00e3o de Atendimento:\u00a0(62) 9 9640-9213\u00a0| SEI:\u00a017381<\/p>\n<p><span style=\"color: #000000\"><strong>Telefones:<\/strong>\u00a0(62) 3280-6406 \/ 3548-6928 |<strong> E-mail:<\/strong> aparecida@policiacientifica.go.gov.br<\/span><br \/>\n<span style=\"color: #000000\"> <strong>Divis\u00e3o de Comunica\u00e7\u00e3o Social\u00a0<\/strong>| SEI:\u00a017383<\/span><br \/>\n<span style=\"color: #000000\"> <strong>Coordena\u00e7\u00e3o:<\/strong> (62) 3280-0887 \/ 3280-0800<strong>\u00a0<\/strong>|\u00a0SEI: 14124<\/span><br \/>\n<span style=\"color: #000000\"> <strong>Endere\u00e7o:<\/strong> Rua 01, S\/N., Vila S\u00e3o Joaquim, Aparecida de Goi\u00e2nia\/GO (ao lado do Cemit\u00e9rio Jardim da Paz). CEP: 74.910-440<strong><br \/>\n<\/strong><strong>Localiza\u00e7\u00e3o:<\/strong><\/span> <a href=\"https:\/\/goo.gl\/maps\/NYNNuJHKxz72\">https:\/\/goo.gl\/maps\/NYNNuJHKxz72<\/a><strong><br \/>\n<\/strong><span style=\"color: #000000\"><strong>Hor\u00e1rio de Funcionamento:<\/strong> 24h<\/span><\/p>\n<dl class=\"linha\"><\/dl>\n<h4><span style=\"color: #000000\"><strong><a style=\"color: #000000\" name=\"2crptc\"><\/a>2\u00aa\u00a0CRPTC &#8211; Coordena\u00e7\u00e3o Regional\u00a0<\/strong><strong>de Pol\u00edcia T\u00e9cnico-Cient\u00edfica\u00a0<\/strong><strong>da Cidade de Goi\u00e1s<\/strong><strong>\u00a0<\/strong>|\u00a0<strong>SEI: 14125<\/strong><\/span><\/h4>\n<p><span style=\"color: #000000\"><strong>Coordenador REGIONAL:<\/strong>\u00a0Rog\u00e9rio de Carvalho Ramos, Perito Criminal<\/span><\/p>\n<p><span style=\"color: #000000\"><strong>Abrang\u00eancia:<\/strong> Cidade de Goi\u00e1s (Buenol\u00e2ndia, Calcil\u00e2ndia, David\u00f3polis, S\u00e3o Jo\u00e3o, Uv\u00e1), Adel\u00e2ndia, Americano do Brasil, Araguapaz (S\u00e3o Jos\u00e9 da Fazendinha, Tiririca), Aruan\u00e3, Brit\u00e2nia (Itacai\u00fa, Sicerl\u00e2ndia), Buriti de Goi\u00e1s (Campo das Perdizes), C\u00f3rrego do Ouro, Faina (Cai\u00e7ara, Jeroaquara), Guara\u00edta, Heitora\u00ed, Itabera\u00ed, Itaguari, Itaguaru, Itapirapu\u00e3 (Chibata, Jacil\u00e2ndia), Itapuranga (Cibele, Diol\u00e2ndia), Jussara (Bet\u00e2nia, Campo Alegre, Canad\u00e1, Cesareia, Esta\u00e7\u00e3o Floriano, Juscel\u00e2ndia, Nova Trindade, S\u00e3o Sebasti\u00e3o do Rio Claro), Matrinch\u00e3 (Lua Nova), Moss\u00e2medes (Mirand\u00f3polis), Mozarl\u00e2ndia, Novo Brasil (Barata, Caranda, Capim, Cruzeirinho, Matinha, Novo Goi\u00e1s\/Furreca), Sanclerl\u00e2ndia (Aparecida\/Fartura), Santa F\u00e9 de Goi\u00e1s, Santa Rosa de Goi\u00e1s, Taquaral de Goi\u00e1s.<\/span><\/p>\n<p><span style=\"color: #000000\"><strong>Divis\u00e3o de Criminal\u00edstica<\/strong><\/span><br \/>\n<span style=\"color: #ffffff\">\u2026.<\/span>\u2022<strong>\u00a0<\/strong>Subdivis\u00e3o de Per\u00edcias Externas (SPE)<br \/>\n<span style=\"color: #ffffff\">\u2026.<\/span>\u2022<strong>\u00a0<\/strong>Subdivis\u00e3o de Per\u00edcias Internas (SPI)<br \/>\n<span style=\"color: #ffffff\">\u2026.<\/span>\u2022<strong>\u00a0<\/strong>Cart\u00f3rio de Criminal\u00edstica<\/p>\n<p><span style=\"color: #000000\"><strong>Divis\u00e3o de Medicina Legal<\/strong><\/span><br \/>\n<span style=\"color: #ffffff\">\u2026.<\/span>\u2022<strong>\u00a0<\/strong>Se\u00e7\u00e3o de Amostras Biol\u00f3gicas<br \/>\n<span style=\"color: #ffffff\">\u2026.<\/span>\u2022<strong>\u00a0<\/strong>Cart\u00f3rio de Medicina Legal<\/p>\n<p><span style=\"color: #000000\"><strong>Telefone:<\/strong> (62) 99507-0547 | <strong>E-mail:<\/strong>\u00a0goias@policiacientifica.go.gov.br<\/span><br \/>\n<span style=\"color: #000000\"> <strong>Endere\u00e7o:<\/strong> Avenida Dr. Deusdeth Ferreira de Moura, Quadra 08 Lote 11, Centro, Goi\u00e1s\/GO. CEP: 76.600-000<\/span><br \/>\n<span style=\"color: #000000\"> <strong>Localiza\u00e7\u00e3o:<\/strong><\/span> <a href=\"https:\/\/goo.gl\/maps\/xor5K6okEs12\">https:\/\/goo.gl\/maps\/xor5K6okEs12<\/a><br \/>\n<span style=\"color: #000000\"><strong>Hor\u00e1rio de Funcionamento:<\/strong> 24h<\/span><\/p>\n<dl class=\"linha\"><\/dl>\n<h4><span style=\"color: #000000\"><strong><a style=\"color: #000000\" name=\"3crptc\"><\/a>3\u00aa\u00a0CRPTC &#8211;\u00a0Coordena\u00e7\u00e3o Regional\u00a0<\/strong><strong>de Pol\u00edcia T\u00e9cnico-Cient\u00edfica\u00a0<\/strong><strong>de Formosa<\/strong><strong>\u00a0<\/strong>|\u00a0<strong>SEI: 14127<\/strong><\/span><\/h4>\n<p><span style=\"color: #000000\"><strong>Coordenador REGIONAL:<\/strong> Douglas Cavalcanti, Perito Criminal<\/span><\/p>\n<p><span style=\"color: #000000\"><strong>Abrang\u00eancia:<\/strong> <span style=\"color: #800000\">Formosa (Barreiro, Bezerra, Bisnau, Juscelino Kubitscheck, Santa Rosa), \u00c1gua Fria de Goi\u00e1s (Matinha, Mato Seco),<\/span> <span style=\"color: #800000\">Alto Para\u00edso de Goi\u00e1s (Fraternidade, Moinho, S\u00e3o Jorge),<\/span> <span style=\"color: #800000\">Cabeceiras,<\/span> <span style=\"color: #800000\">Flores de Goi\u00e1s (Airdal\u00e2ndia),<\/span> <span style=\"color: #800000\">Planaltina de Goi\u00e1s (C\u00f3rrego Rico, S\u00e3o Gabriel),<\/span> <span style=\"color: #800000\">S\u00e3o Jo\u00e3o d&#8217;Alian\u00e7a (Forte),<\/span> <span style=\"color: #800000\">Vila Boa (Povoado da Usina de \u00c1lcool).\u00a0<sub><em>*Os munic\u00edpios em marrom integram\u00a0a\u00a0<a style=\"color: #800000\" href=\"https:\/\/www.planalto.gov.br\/ccivil_03\/leis\/lcp\/lcp94.htm\">Regi\u00e3o Integrada de Desenvolvimento do Distrito Federal e Entorno (RIDE)<\/a><\/em><\/sub><\/span><\/span><\/p>\n<p><span style=\"color: #000000\"><strong>Divis\u00e3o de Criminal\u00edstica<\/strong><\/span><br \/>\n<span style=\"color: #ffffff\">\u2026.<\/span>\u2022<strong>\u00a0<\/strong>Subdivis\u00e3o de Per\u00edcias Externas (SPE)<br \/>\n<span style=\"color: #ffffff\">\u2026.<\/span>\u2022<strong>\u00a0<\/strong>Subdivis\u00e3o de Per\u00edcias Internas (SPI)<br \/>\n<span style=\"color: #ffffff\">\u2026.<\/span>\u2022<strong>\u00a0<\/strong>Cart\u00f3rio de Criminal\u00edstica<br \/>\n<span style=\"color: #ffffff\">\u2026.<\/span>&#8211; Plant\u00e3o de Atendimento:\u00a0(61) 9 9636-9648<\/p>\n<p><strong>Divis\u00e3o de Medicina Legal<\/strong><br \/>\n<span style=\"color: #ffffff\">\u2026.<\/span>\u2022<strong>\u00a0<\/strong>Se\u00e7\u00e3o de Amostras Biol\u00f3gicas<br \/>\n<span style=\"color: #ffffff\">\u2026.<\/span>\u2022<strong>\u00a0<\/strong>Cart\u00f3rio de Medicina Legal<br \/>\n<span style=\"color: #ffffff\">\u2026.<\/span>&#8211; Plant\u00e3o de Atendimento:\u00a0(61) 9 9695-8519<\/p>\n<p><strong>Telefones:<\/strong> (61) 3631-2034 \/ 3631-1975 \/ (62) 99507-0971 | <strong>E-mail:<\/strong>\u00a0formosa@policiacientifica.go.gov.br<br \/>\n<strong>Endere\u00e7o:<\/strong> Avenida Celso Caldeira Nunes, Quadra 92 Lotes 02 a 04, Parque Laguna II, Formosa\/GO. CEP: 73.814-110<br \/>\n<strong>Localiza\u00e7\u00e3o:<\/strong> <a href=\"https:\/\/goo.gl\/maps\/hifqWGt3Lhs\">https:\/\/goo.gl\/maps\/hifqWGt3Lhs<\/a><br \/>\n<strong>Hor\u00e1rio de Funcionamento:<\/strong> 24h<\/p>\n<dl class=\"linha\"><\/dl>\n<h4><strong><a name=\"4crptc\"><\/a>4\u00aa\u00a0CRPTC &#8211; Coordena\u00e7\u00e3o Regional\u00a0<\/strong><strong>de Pol\u00edcia T\u00e9cnico-Cient\u00edfica\u00a0<\/strong><strong>de Itumbiara<\/strong><strong>\u00a0<\/strong>|\u00a0<strong>SEI: 14136<\/strong><\/h4>\n<p><strong>Coordenador REGIONAL:<\/strong> Jos\u00e9 Aparecido Gerardi, Perito Criminal<\/p>\n<p><strong>Abrang\u00eancia:<\/strong> Itumbiara (Meia Ponte, Santa Rita do Parana\u00edba), \u00c1gua Limpa, Bom Jesus de Goi\u00e1s (Brejo Bonito, Santa B\u00e1rbara), Buriti Alegre, Cachoeira Dourada (Almerindon\u00f3polis, Nil\u00f3polis), Goiatuba (Marcian\u00f3polis, Posto Alvorada, Santo Ant\u00f4nio, Serrinha, Venda Seca), Inaciol\u00e2ndia, Panam\u00e1.<\/p>\n<p><strong>Divis\u00e3o de Criminal\u00edstica<\/strong><br \/>\n<span style=\"color: #ffffff\">\u2026.<\/span>\u2022<strong>\u00a0<\/strong>Subdivis\u00e3o de Per\u00edcias Externas (SPE)<br \/>\n<span style=\"color: #ffffff\">\u2026.<\/span>\u2022<strong>\u00a0<\/strong>Subdivis\u00e3o de Per\u00edcias Internas (SPI)<br \/>\n<span style=\"color: #ffffff\">\u2026.<\/span>\u2022<strong>\u00a0<\/strong>Cart\u00f3rio de Criminal\u00edstica<\/p>\n<p><strong>Divis\u00e3o de Medicina Legal<\/strong><br \/>\n<span style=\"color: #ffffff\">\u2026.<\/span>\u2022<strong>\u00a0<\/strong>Se\u00e7\u00e3o de Amostras Biol\u00f3gicas<br \/>\n<span style=\"color: #ffffff\">\u2026.<\/span>\u2022<strong>\u00a0<\/strong>Cart\u00f3rio de Medicina Legal<\/p>\n<p><strong>Telefones:<\/strong> (64) 3431-7240 \/ 3431-6562 |\u00a0<strong>E-mail:<\/strong>\u00a0itumbiara@policiacientifica.go.gov.br<br \/>\n<strong>Endere\u00e7o:<\/strong> Rua 23, N\u00ba 330, Setor Vale dos Buritis III, Itumbiara-GO. CEP: 75530-838<br \/>\n<strong>Localiza\u00e7\u00e3o:<\/strong> <a href=\"https:\/\/goo.gl\/maps\/SQidxDjQhu62\">https:\/\/goo.gl\/maps\/SQidxDjQhu62<\/a><br \/>\n<strong>Hor\u00e1rio de Funcionamento: 24h<\/strong><\/p>\n<dl class=\"linha\"><\/dl>\n<h4><strong><a name=\"4crptc2\"><\/a>4<\/strong><strong>\u00aa\u00a0CRPTC\/PA &#8211;\u00a0<\/strong><strong>Posto de Atendimento\u00a0<\/strong><strong>de Pol\u00edcia T\u00e9cnico-Cient\u00edfica\u00a0<\/strong><strong>de Morrinhos<\/strong><strong>\u00a0<\/strong>|\u00a0<strong>SEI:\u00a018669<\/strong><\/h4>\n<p><strong>Chefia:<\/strong> Marcos Silva Leles, Perito Criminal<\/p>\n<p><strong>Abrang\u00eancia:<\/strong> Morrinhos, Alo\u00e2ndia (Nequinha), Crom\u00ednia (Planura Verde), Edealina, Edeia, Jovi\u00e2nia (Guaril\u00e2ndia), Mairipotaba, Piracanjuba, Pontalina, Professor Jamil, Vicentin\u00f3polis (Palitizinho).<\/p>\n<p><strong>Divis\u00e3o de Criminal\u00edstica<\/strong><br \/>\n<span style=\"color: #ffffff\">\u2026.<\/span>\u2022<strong>\u00a0<\/strong>Subdivis\u00e3o de Per\u00edcias Externas (SPE)<br \/>\n<span style=\"color: #ffffff\">\u2026.<\/span>\u2022<strong>\u00a0<\/strong>Subdivis\u00e3o de Per\u00edcias Internas (SPI)<br \/>\n<span style=\"color: #ffffff\">\u2026.<\/span>\u2022<strong>\u00a0<\/strong>Cart\u00f3rio de Criminal\u00edstica<\/p>\n<p><strong>Divis\u00e3o de Medicina Legal<\/strong><br \/>\n<span style=\"color: #ffffff\">\u2026.<\/span>\u2022<strong>\u00a0<\/strong>Se\u00e7\u00e3o de Amostras Biol\u00f3gicas<br \/>\n<span style=\"color: #ffffff\">\u2026.<\/span>\u2022<strong>\u00a0<\/strong>Cart\u00f3rio de Medicina Legal<\/p>\n<p><strong>Telefone\/Fax:<\/strong> (64) 3413-2489 |\u00a0<strong>E-mail:<\/strong>\u00a0morrinhos@policiacientifica.go.gov.br<br \/>\n<strong>Endere\u00e7o:<\/strong> Avenida Ant\u00f4nio Tito, Quadra 1, Lote 2, Morrinhos\/GO 75.650-000<br \/>\n<strong>Localiza\u00e7\u00e3o:<\/strong> <a href=\"https:\/\/maps.app.goo.gl\/1wHwDrPQfz4LYsNu6?g_st=iw\">https:\/\/maps.app.goo.gl\/1wHwDrPQfz4LYsNu6?g_st=iw<\/a><br \/>\n<strong>Hor\u00e1rio de Funcionamento:<\/strong> 24h<\/p>\n<dl class=\"linha\"><\/dl>\n<h4><strong><a name=\"4crptc3\"><\/a>4<\/strong><strong>\u00aa\u00a0CRPTC\/PA &#8211;\u00a0<\/strong><strong>Posto de Atendimento de\u00a0<\/strong><strong>Pol\u00edcia T\u00e9cnico-Cient\u00edfica de\u00a0<\/strong><strong>Caldas Novas<\/strong><strong>\u00a0<\/strong>|\u00a0<strong>SEI:\u00a018670<\/strong><\/h4>\n<p><strong>Chefia:<\/strong> Jos\u00e9 Aparecido Gerardi, Perito Criminal<\/p>\n<p><strong>Abrang\u00eancia:<\/strong> Caldas Novas, Corumba\u00edba, Cristian\u00f3polis, Marzag\u00e3o, Orizona (Alto Alvorada), Palmelo, Pires do Rio, Rio Quente, Santa Cruz de Goi\u00e1s, S\u00e3o Miguel do Passa Quatro.<\/p>\n<p><strong>Divis\u00e3o de Criminal\u00edstica<\/strong><br \/>\n<span style=\"color: #ffffff\">\u2026.<\/span>\u2022<strong>\u00a0<\/strong>Subdivis\u00e3o de Per\u00edcias Externas (SPE)<br \/>\n<span style=\"color: #ffffff\">\u2026.<\/span>\u2022<strong>\u00a0<\/strong>Subdivis\u00e3o de Per\u00edcias Internas (SPI)<br \/>\n<span style=\"color: #ffffff\">\u2026.<\/span>\u2022<strong>\u00a0<\/strong>Cart\u00f3rio de Criminal\u00edstica<\/p>\n<p><strong>Divis\u00e3o de Medicina Legal<\/strong><br \/>\n<span style=\"color: #ffffff\">\u2026.<\/span>\u2022<strong>\u00a0<\/strong>Se\u00e7\u00e3o de Amostras Biol\u00f3gicas<br \/>\n<span style=\"color: #ffffff\">\u2026.<\/span>\u2022<strong>\u00a0<\/strong>Cart\u00f3rio de Medicina Legal<\/p>\n<p><strong>Telefone:<\/strong> (64) 3454-6690 |\u00a0<strong>E-mail:<\/strong>\u00a0caldasnovas@policiacientifica.go.gov.br<br \/>\n<strong>Endere\u00e7o:<\/strong> Rua U, Quadra 48 Lote 09, Setor Nova Vila, Caldas Novas\/GO. CEP: 75.681-662<br \/>\n<strong>Localiza\u00e7\u00e3o:<\/strong> <a href=\"https:\/\/goo.gl\/maps\/4NokAz6d97p\">https:\/\/goo.gl\/maps\/4NokAz6d97p<\/a><br \/>\n<strong>Hor\u00e1rio de Funcionamento:<\/strong> 24h<\/p>\n<dl class=\"linha\"><\/dl>\n<h4><strong><a name=\"5crptc\"><\/a>5\u00aa\u00a0CRPTC &#8211;\u00a0Coordena\u00e7\u00e3o Regional\u00a0<\/strong><strong>de Pol\u00edcia T\u00e9cnico-Cient\u00edfica\u00a0<\/strong><strong>de Rio Verde<\/strong><strong>\u00a0<\/strong>|\u00a0<strong>SEI: 14129<\/strong><\/h4>\n<p><strong>Coordenador REGIONAL:<\/strong> Breno Uch\u00f4a Benavente Blacutt, Perito Criminal<\/p>\n<p><strong>Abrang\u00eancia:<\/strong> Rio Verde (Riverl\u00e2ndia, Lagoa do Bauzinho, Ouroana), Acre\u00fana (Arantina), Mauril\u00e2ndia, Montividiu, Para\u00fana, Santa Helena de Goi\u00e1s, Santo Ant\u00f4nio da Barra (Santa Cruz das Lages\/Quimba), S\u00e3o Jo\u00e3o da Para\u00fana, Turvel\u00e2ndia.<\/p>\n<p><strong>Divis\u00e3o de Criminal\u00edstica<\/strong><br \/>\n<span style=\"color: #ffffff\">\u2026.<\/span>\u2022<strong>\u00a0<\/strong>Subdivis\u00e3o de Per\u00edcias Externas (SPE)<br \/>\n<span style=\"color: #ffffff\">\u2026.<\/span>\u2022<strong>\u00a0<\/strong>Subdivis\u00e3o de Per\u00edcias Internas (SPI)<br \/>\n<span style=\"color: #ffffff\">\u2026&#8230;&#8230;<\/span>&#8211; Se\u00e7\u00e3o de Bal\u00edstica Forense<br \/>\n<span style=\"color: #ffffff\">\u2026&#8230;&#8230;<\/span>&#8211; Se\u00e7\u00e3o de Biologia Forense<br \/>\n<span style=\"color: #ffffff\">\u2026&#8230;&#8230;<\/span>&#8211; Se\u00e7\u00e3o de Identifica\u00e7\u00e3o Veicular<br \/>\n<span style=\"color: #ffffff\">\u2026&#8230;&#8230;<\/span>&#8211; Se\u00e7\u00e3o de\u00a0Merceologia, Autenticidade e Vistoria<br \/>\n<span style=\"color: #ffffff\">\u2026&#8230;&#8230;<\/span>&#8211; Se\u00e7\u00e3o de Qu\u00edmica Forense<br \/>\n<span style=\"color: #ffffff\">\u2026.<\/span>\u2022 Central de Evid\u00eancias<br \/>\n<span style=\"color: #ffffff\">\u2026.<\/span>\u2022<strong>\u00a0<\/strong>Cart\u00f3rio de Criminal\u00edstica<br \/>\n<span style=\"color: #ffffff\">\u2026.<\/span>&#8211; Plant\u00e3o de Atendimento:\u00a0(62) 9 9981-8198<\/p>\n<p><strong>Divis\u00e3o de Medicina Legal<\/strong><br \/>\n<span style=\"color: #ffffff\">\u2026.<\/span>\u2022<strong>\u00a0<\/strong>Se\u00e7\u00e3o de Amostras Biol\u00f3gicas<br \/>\n<span style=\"color: #ffffff\">\u2026.<\/span>\u2022 Se\u00e7\u00e3o de Necropapiloscopia<br \/>\n<span style=\"color: #ffffff\">\u2026.<\/span>\u2022<strong>\u00a0<\/strong>Cart\u00f3rio de Medicina Legal<br \/>\n<span style=\"color: #ffffff\">\u2026.<\/span>&#8211; Plant\u00e3o de Atendimento:\u00a0(62) 9 9610-7605<\/p>\n<p><strong>Divis\u00e3o de Comunica\u00e7\u00e3o Social<\/strong><\/p>\n<p><strong>Telefone:<\/strong> (64) 3620-0915 |\u00a0<strong>E-mail:<\/strong> rioverde@policiacientifica.go.gov.br<br \/>\n<strong>Endere\u00e7o:<\/strong> Rua 15-B, N. 89, Jardim Goi\u00e1s, Rio Verde\/GO. CEP: 75.903-400<br \/>\n<strong>Localiza\u00e7\u00e3o:<\/strong> <a href=\"https:\/\/goo.gl\/maps\/KmgUz52gC6k\">https:\/\/goo.gl\/maps\/KmgUz52gC6k<\/a><br \/>\n<strong>Hor\u00e1rio de Funcionamento:<\/strong> 24h<\/p>\n<dl class=\"linha\"><\/dl>\n<h4><strong><a name=\"5crptc2\"><\/a>5<\/strong><strong>\u00aa\u00a0CRPTC\/PA &#8211;\u00a0<\/strong><strong>Posto de Atendimento\u00a0<\/strong><strong>de Pol\u00edcia T\u00e9cnico-Cient\u00edfica\u00a0<\/strong><strong>de Quirin\u00f3polis<\/strong><strong>\u00a0<\/strong>|\u00a0<strong>SEI:\u00a018671<\/strong><\/h4>\n<p><strong>Chefia:<\/strong> Paulo Vitor Parecis, Perito Criminal<\/p>\n<p><strong>Abrang\u00eancia:<\/strong> Quirin\u00f3polis (Denisl\u00f3polis), Cachoeira Alta (Nova Rep\u00fablica), Castel\u00e2ndia, Gouvel\u00e2ndia, Paranaiguara (Itagua\u00e7u), Porteir\u00e3o, S\u00e3o Sim\u00e3o (Itagua\u00e7u).<\/p>\n<p><strong>Divis\u00e3o de Criminal\u00edstica<\/strong><br \/>\n<span style=\"color: #ffffff\">\u2026.<\/span>\u2022<strong>\u00a0<\/strong>Subdivis\u00e3o de Per\u00edcias Externas (SPE)<br \/>\n<span style=\"color: #ffffff\">\u2026.<\/span>\u2022<strong>\u00a0<\/strong>Subdivis\u00e3o de Per\u00edcias Internas (SPI)<br \/>\n<span style=\"color: #ffffff\">\u2026.<\/span>\u2022<strong>\u00a0<\/strong>Cart\u00f3rio de Criminal\u00edstica<\/p>\n<p><strong>Divis\u00e3o de Medicina Legal<\/strong><br \/>\n<span style=\"color: #ffffff\">\u2026.<\/span>\u2022<strong>\u00a0<\/strong>Se\u00e7\u00e3o de Amostras Biol\u00f3gicas<br \/>\n<span style=\"color: #ffffff\">\u2026.<\/span>\u2022<strong>\u00a0<\/strong>Cart\u00f3rio de Medicina Legal<\/p>\n<p><strong>Telefone:<\/strong> (64) 3651-4621 |\u00a0<strong>E-mail:<\/strong> quirinopolis@policiacientifica.go.gov.br<br \/>\n<strong>Endere\u00e7o:<\/strong> Avenida Vereador J\u00falio Borges, N. 50, Centro, Quirin\u00f3polis\/GO. CEP: 75.860-000<br \/>\n<strong>Localiza\u00e7\u00e3o:<\/strong> <a href=\"https:\/\/goo.gl\/maps\/HLwvDGkAVUN2\">https:\/\/goo.gl\/maps\/HLwvDGkAVUN2<\/a><br \/>\n<strong>Hor\u00e1rio de Funcionamento:<\/strong> 24h<\/p>\n<dl class=\"linha\"><\/dl>\n<h4><strong><a name=\"6crptc\"><\/a>6\u00aa\u00a0CRPTC &#8211;\u00a0Coordena\u00e7\u00e3o Regional\u00a0<\/strong><strong>de Pol\u00edcia T\u00e9cnico-Cient\u00edfica\u00a0<\/strong><strong>de Ceres<\/strong><strong>\u00a0<\/strong>|\u00a0<strong>SEI: 14130<\/strong><\/h4>\n<p><strong>Coordenadora REGIONAL:<\/strong> Keila Cristina Parreira Batista, Aux. de Aut\u00f3psia<\/p>\n<p><strong>Abrang\u00eancia:<\/strong> Ceres (Fartura, Sap\u00e9), Campos Verdes, Carmo do Rio Verde, Crix\u00e1s (Auriverde), Guarinos (Lameiro, Mandin\u00f3polis, Santo Ant\u00f4nio, Tucambira), Ipiranga de Goi\u00e1s (Bom Jesus, C\u00f3rrego Seco, Quebra C\u00f4co), Itapaci (Aparecida de Goi\u00e1s), Morro Agudo de Goi\u00e1s, Nova Am\u00e9rica, Nova Gl\u00f3ria, Pilar de Goi\u00e1s, Rialma (Castrin\u00f3polis), Rian\u00e1polis, Rubiataba (Bragol\u00e2ndia, Cruzeiro\/Cruzeirinho, Goiataba, Valdel\u00e2ndia), Santa Isabel (Ciril\u00e2ndia, Natin\u00f3polis), Santa Terezinha de Goi\u00e1s (Boa Vista, Cedrolina, Luzel\u00e2ndia, Martin\u00f3polis, Tuxel\u00e2ndia), S\u00e3o Patr\u00edcio, Uirapuru (Al\u00e9m, Bacuri, Bucaina, Escarlete, Gaivota, M\u00e3e Maria, Santa Marta, Taquari, Vila Sertaneja), Uruana (Brasl\u00e2ndia\/Sucupira, Francisn\u00f3polis\/Lagoa, Peril\u00e2ndia, Ranch\u00e3o, Uruceres, Uru\u00edta).<\/p>\n<p><strong>Divis\u00e3o de Criminal\u00edstica<\/strong><br \/>\n<span style=\"color: #ffffff\">\u2026.<\/span>\u2022<strong>\u00a0<\/strong>Subdivis\u00e3o de Per\u00edcias Externas (SPE)<br \/>\n<span style=\"color: #ffffff\">\u2026.<\/span>\u2022<strong>\u00a0<\/strong>Subdivis\u00e3o de Per\u00edcias Internas (SPI)<br \/>\n<span style=\"color: #ffffff\">\u2026.<\/span>\u2022<strong>\u00a0<\/strong>Cart\u00f3rio de Criminal\u00edstica<\/p>\n<p><strong>Divis\u00e3o de Medicina Legal<\/strong><br \/>\n<span style=\"color: #ffffff\">\u2026.<\/span>\u2022<strong>\u00a0<\/strong>Se\u00e7\u00e3o de Amostras Biol\u00f3gicas<br \/>\n<span style=\"color: #ffffff\">\u2026.<\/span>\u2022<strong>\u00a0<\/strong>Cart\u00f3rio de Medicina Legal<\/p>\n<p><strong>Telefones:<\/strong> (62) 3307-1359 |\u00a0<strong>Fax:<\/strong> (62) 3307-1664 |\u00a0<strong>E-mail:<\/strong>\u00a0ceres@policiacientifica.go.gov.br<br \/>\n<strong>Endere\u00e7o:<\/strong> Rua 88, Quadra A Lote \u00c1rea, N. 150, Bairro Bernardo Sai\u00e3o, Ceres\/GO. CEP: 76.300-000<br \/>\n<strong>Localiza\u00e7\u00e3o:<\/strong> <a href=\"https:\/\/goo.gl\/maps\/nfiswX54tLs\">https:\/\/goo.gl\/maps\/nfiswX54tLs<\/a><br \/>\n<strong>Hor\u00e1rio de Funcionamento:<\/strong> 24h<\/p>\n<dl class=\"linha\"><\/dl>\n<h4><strong><a name=\"7crptc\"><\/a>7\u00aa\u00a0CRPTC &#8211; Coordena\u00e7\u00e3o Regional\u00a0<\/strong><strong>de Pol\u00edcia T\u00e9cnico-Cient\u00edfica\u00a0<\/strong><strong>de Urua\u00e7u<\/strong><strong>\u00a0<\/strong>|\u00a0<strong>SEI: 14131<\/strong><\/h4>\n<p><strong>Coordenador REGIONAL:<\/strong> Marcelo de Castro Coelho Morais, Perito Criminal<\/p>\n<p><strong>Abrang\u00eancia:<\/strong> Urua\u00e7u (Geria\u00e7u, Indan\u00e1polis, Pau Terra), Alto Horizonte, Amaralina, Campinorte (Arca\u00e7ul\u00e2ndia, Colina\u00e7u, Pau Terra, Quil\u00f4metro 300), Colina do Sul (Vila Borba), Hidrolina, Mara Rosa (Amarol\u00e2ndia), Nova Igua\u00e7u de Goi\u00e1s, S\u00e3o Luiz do Norte, <span style=\"color: #800000\">Niquel\u00e2ndia (Acaba Vida, Bucaina, Buriti Alto, Delgado, Indaian\u00f3polis, Moinho, Muqu\u00e9m, Quebra-Linha, S\u00e3o Luiz do Tocantins, Tupira\u00e7aba\/Tra\u00edras, Valad\u00e3o, Vila Taveira\/Faz Tudo).<br \/>\n<sub><em>*Os munic\u00edpios em marrom integram\u00a0a\u00a0<a style=\"color: #800000\" href=\"https:\/\/www.planalto.gov.br\/ccivil_03\/leis\/lcp\/lcp94.htm\">Regi\u00e3o Integrada de Desenvolvimento do Distrito Federal e Entorno (RIDE)<\/a><\/em><\/sub><\/span><\/p>\n<p><strong>Divis\u00e3o de Criminal\u00edstica<\/strong><br \/>\n<span style=\"color: #ffffff\">\u2026.<\/span>\u2022<strong>\u00a0<\/strong>Subdivis\u00e3o de Per\u00edcias Externas (SPE)<br \/>\n<span style=\"color: #ffffff\">\u2026.<\/span>\u2022<strong>\u00a0<\/strong>Subdivis\u00e3o de Per\u00edcias Internas (SPI)<br \/>\n<span style=\"color: #ffffff\">\u2026&#8230;&#8230;<\/span>&#8211; Se\u00e7\u00e3o de Bal\u00edstica Forense<br \/>\n<span style=\"color: #ffffff\">\u2026&#8230;&#8230;<\/span>&#8211; Se\u00e7\u00e3o de\u00a0Merceologia, Autenticidade e Vistoria<br \/>\n<span style=\"color: #ffffff\">\u2026&#8230;&#8230;<\/span>&#8211; Se\u00e7\u00e3o de Qu\u00edmica Forense<br \/>\n<span style=\"color: #ffffff\">\u2026.<\/span>\u2022 Central de Evid\u00eancias<br \/>\n<span style=\"color: #ffffff\">\u2026.<\/span>\u2022<strong>\u00a0<\/strong>Cart\u00f3rio de Criminal\u00edstica<\/p>\n<p><strong>Divis\u00e3o de Medicina Legal<\/strong><br \/>\n<span style=\"color: #ffffff\">\u2026.<\/span>\u2022<strong>\u00a0<\/strong>Se\u00e7\u00e3o de Amostras Biol\u00f3gicas<br \/>\n<span style=\"color: #ffffff\">\u2026.<\/span>\u2022 Se\u00e7\u00e3o de Necropapiloscopia<br \/>\n<span style=\"color: #ffffff\">\u2026.<\/span>\u2022<strong>\u00a0<\/strong>Cart\u00f3rio de Medicina Legal<\/p>\n<p><strong>Divis\u00e3o de Comunica\u00e7\u00e3o Social<\/strong><\/p>\n<p><strong>Telefone\/Fax:<\/strong> (62) 3357-3880 |\u00a0<strong>E-mail:<\/strong>\u00a0uruacu@policiacientifica.go.gov.br<br \/>\n<strong>Endere\u00e7o:<\/strong> Avenida Carioca, Quadra 07 Lote 03, Setor Novo Rio, Urua\u00e7u\/GO. CEP: 76.400-000<br \/>\n<strong>Localiza\u00e7\u00e3o:<\/strong> <a href=\"https:\/\/goo.gl\/maps\/mGyA5W34KQR2\">https:\/\/goo.gl\/maps\/mGyA5W34KQR2<\/a><br \/>\n<strong>Hor\u00e1rio de Funcionamento:<\/strong> 24h<\/p>\n<dl class=\"linha\"><\/dl>\n<h4><strong><a name=\"7crptc2\"><\/a>7<\/strong><strong>\u00aa\u00a0CRPTC\/PA &#8211;\u00a0<\/strong><strong>Posto de Atendimento de\u00a0<\/strong><strong>Pol\u00edcia T\u00e9cnico-Cient\u00edfica de\u00a0<\/strong><strong>Porangatu<\/strong><strong>\u00a0<\/strong>|\u00a0<strong>SEI:\u00a018672<\/strong><\/h4>\n<p><strong>Chefia:<\/strong> Gustavo Henrique di Almeida Muller, Perito Criminal<\/p>\n<p><strong>Abrang\u00eancia:<\/strong> Porangatu (Araras, Barreiro, Capelinha, Cruz Alta do Norte, Grupel\u00e2ndia, Ent. de S\u00e3o Miguel, Estreito, Serrinha), Bon\u00f3polis, Campina\u00e7u, Estrela do Norte, Formoso, Mina\u00e7u (Santo Ant\u00f4nio da Cana Brava), Montividiu do Norte, Mundo Novo, Mutun\u00f3polis (Bandeirantes, Lagin\u00f3polis, S\u00e3o Sebasti\u00e3o, Vener\u00e2ndia), Nova Crix\u00e1s (Bandeirantes, Masisa, Patos, Ribeir\u00e3o, S\u00e3o Jos\u00e9 dos Bandeirantes, S\u00e3o Mateus, Tiririca, Valverde, Xix\u00e1), Novo Planalto, Santa Tereza de Goi\u00e1s, S\u00e3o Miguel do Araguaia (Luiz Alves), Trombas.<\/p>\n<p><strong>Divis\u00e3o de Criminal\u00edstica<\/strong><br \/>\n<span style=\"color: #ffffff\">\u2026.<\/span>\u2022<strong>\u00a0<\/strong>Subdivis\u00e3o de Per\u00edcias Externas (SPE)<br \/>\n<span style=\"color: #ffffff\">\u2026.<\/span>\u2022<strong>\u00a0<\/strong>Subdivis\u00e3o de Per\u00edcias Internas (SPI)<br \/>\n<span style=\"color: #ffffff\">\u2026.<\/span>\u2022<strong>\u00a0<\/strong>Cart\u00f3rio de Criminal\u00edstica<\/p>\n<p><strong>Divis\u00e3o de Medicina Legal<\/strong><br \/>\n<span style=\"color: #ffffff\">\u2026.<\/span>\u2022<strong>\u00a0<\/strong>Se\u00e7\u00e3o de Amostras Biol\u00f3gicas<br \/>\n<span style=\"color: #ffffff\">\u2026.<\/span>\u2022<strong>\u00a0<\/strong>Cart\u00f3rio de Medicina Legal<\/p>\n<p><strong>Telefone:<\/strong> (62) 3367-2154 |\u00a0<strong>E-mail:<\/strong>\u00a0porangatu@policiacientifica.go.gov.br<br \/>\n<strong>Endere\u00e7o:<\/strong> Rua 22, Esquina com Rua 03, Setor do Lago, Porangatu\/GO. CEP: 76.550-126<br \/>\n<strong>Hor\u00e1rio de Funcionamento:<\/strong> 24h<\/p>\n<dl class=\"linha\"><\/dl>\n<h4><strong><a name=\"8crptc\"><\/a>8\u00aa\u00a0CRPTC &#8211; Coordena\u00e7\u00e3o Regional\u00a0<\/strong><strong>de Pol\u00edcia T\u00e9cnico-Cient\u00edfica\u00a0<\/strong><strong>de Catal\u00e3o<\/strong><strong>\u00a0<\/strong>|\u00a0<strong>SEI: 14132<\/strong><\/h4>\n<p><strong>Coordenador REGIONAL:<\/strong> Ant\u00f4nio Carlos Tessari, M\u00e9dico Legista<\/p>\n<p><strong>Abrang\u00eancia:<\/strong> Catal\u00e3o (Olhos-D&#8217;\u00c1gua, Pedra Branca, Pires Belo, Santo Ant\u00f4nio do Rio Verde), Anhanguera, Campo Alegre de Goi\u00e1s (\u00c9guas), Cumari, Davin\u00f3polis, Goiandira, Ipameri (Cavalheiro, Domiciano Ribeiro\/Resfriado, Vendinha\/Sucuri), Nova Aurora, Ouvidor, Tr\u00eas Ranchos, Uruta\u00ed.<\/p>\n<p><strong>Divis\u00e3o de Criminal\u00edstica<\/strong><br \/>\n<span style=\"color: #ffffff\">\u2026.<\/span>\u2022<strong>\u00a0<\/strong>Subdivis\u00e3o de Per\u00edcias Externas (SPE)<br \/>\n<span style=\"color: #ffffff\">\u2026.<\/span>\u2022<strong>\u00a0<\/strong>Subdivis\u00e3o de Per\u00edcias Internas (SPI)<br \/>\n<span style=\"color: #ffffff\">\u2026.<\/span>\u2022<strong>\u00a0<\/strong>Cart\u00f3rio de Criminal\u00edstica<\/p>\n<p><strong>Divis\u00e3o de Medicina Legal<\/strong><br \/>\n<span style=\"color: #ffffff\">\u2026.<\/span>\u2022<strong>\u00a0<\/strong>Se\u00e7\u00e3o de Amostras Biol\u00f3gicas<br \/>\n<span style=\"color: #ffffff\">\u2026.<\/span>\u2022<strong>\u00a0<\/strong>Cart\u00f3rio de Medicina Legal<\/p>\n<p><strong>Telefones:<\/strong> (64) 3441-1631 |\u00a0<strong>Fax:<\/strong> (64) 3441-1630 |\u00a0<strong>E-mail:<\/strong>\u00a0catalao@policiacientifica.go.gov.br<br \/>\n<strong>Endere\u00e7o:<\/strong> Avenida Dr. Lamartine Pinto de Avelar, N. 1.847, Loteamento Ipanema, Catal\u00e3o\/GO. CEP: 75.705-220<br \/>\n<strong>Localiza\u00e7\u00e3o:<\/strong> <a href=\"https:\/\/goo.gl\/maps\/eGvKiSNxi7z\">https:\/\/goo.gl\/maps\/eGvKiSNxi7z<\/a><br \/>\n<strong>Hor\u00e1rio de Funcionamento:<\/strong> 24h<\/p>\n<dl class=\"linha\"><\/dl>\n<h4><strong><a name=\"9crptc\"><\/a>9\u00aa\u00a0CRPTC &#8211; Coordena\u00e7\u00e3o Regional\u00a0<\/strong><strong>de Pol\u00edcia T\u00e9cnico-Cient\u00edfica\u00a0<\/strong><strong>de Ipor\u00e1<\/strong><strong>\u00a0<\/strong>|\u00a0<strong>SEI: 14133<\/strong><\/h4>\n<p><strong>Coordenador REGIONAL:<\/strong> Jos\u00e9 Mendes da Maia J\u00fanior, Aux. de Aut\u00f3psia<\/p>\n<p><strong>Abrang\u00eancia:<\/strong> Ipor\u00e1, Amorin\u00f3polis (Estrela D&#8217;Alva, Goiapor\u00e1\/Cruzeiro), Aragar\u00e7as, Aren\u00f3polis, Baliza, Bom Jardim de Goi\u00e1s, Caiap\u00f4nia (Boa Vista, Planalto Verde), Diorama, Piranhas, Palestina de Goi\u00e1s.<\/p>\n<p><strong>Divis\u00e3o de Criminal\u00edstica<\/strong><br \/>\n<span style=\"color: #ffffff\">\u2026.<\/span>\u2022<strong>\u00a0<\/strong>Subdivis\u00e3o de Per\u00edcias Externas (SPE)<br \/>\n<span style=\"color: #ffffff\">\u2026.<\/span>\u2022<strong>\u00a0<\/strong>Subdivis\u00e3o de Per\u00edcias Internas (SPI)<br \/>\n<span style=\"color: #ffffff\">\u2026.<\/span>\u2022<strong>\u00a0<\/strong>Cart\u00f3rio de Criminal\u00edstica<\/p>\n<p><strong>Divis\u00e3o de Medicina Legal<\/strong><br \/>\n<span style=\"color: #ffffff\">\u2026.<\/span>\u2022<strong>\u00a0<\/strong>Se\u00e7\u00e3o de Amostras Biol\u00f3gicas<br \/>\n<span style=\"color: #ffffff\">\u2026.<\/span>\u2022<strong>\u00a0<\/strong>Cart\u00f3rio de Medicina Legal<\/p>\n<p><strong>Telefones:<\/strong> (64) 3603-7423 \/ 3603-7420 \/\u00a0(62) 9 9660-9245 |\u00a0<strong>E-mail:<\/strong>\u00a0ipora@policiacientifica.go.gov.br<br \/>\n<strong>Endere\u00e7o:<\/strong> Avenida Goi\u00e1s, N. 811, Centro, Ipor\u00e1\/GO. CEP: 76.200-000<br \/>\n<strong>Localiza\u00e7\u00e3o:<\/strong> <a href=\"https:\/\/goo.gl\/maps\/vaTKqqudCDJ2\">https:\/\/goo.gl\/maps\/vaTKqqudCDJ2<\/a><br \/>\n<strong>Hor\u00e1rio de Funcionamento: 24h<\/strong><\/p>\n<dl class=\"linha\"><\/dl>\n<h4><strong><a name=\"9crptc2\"><\/a>9<\/strong><strong>\u00aa\u00a0CRPTC\/PA &#8211;\u00a0<\/strong><strong>Posto de Atendimento\u00a0<\/strong><strong>de Pol\u00edcia T\u00e9cnico-Cient\u00edfica\u00a0<\/strong><strong>de S\u00e3o Lu\u00eds de Montes Belos<\/strong><strong>\u00a0<\/strong>|\u00a0<strong>SEI:\u00a019593<\/strong><\/h4>\n<p><strong>Chefia:<\/strong> Adriano Pinto Monteiro, Aux. de Aut\u00f3psia<\/p>\n<p><strong>Abrang\u00eancia:<\/strong> S\u00e3o Lu\u00eds de Montes Belos (Rosal\u00e2ndia, Serra Dourada, Silvol\u00e2ndia),\u00a0Auril\u00e2ndia, Cachoeira de Goi\u00e1s,\u00a0Fazenda Nova (Bacil\u00e2ndia, Serra Dourada, Tr\u00eas Marcos), Firmin\u00f3polis (Novo Planalto, Santo Ant\u00f4nio), Israel\u00e2ndia (Pilo\u00e2ndia), Ivol\u00e2ndia (Campol\u00e2ndia, Estrela do Oriente, Petrol\u00e2ndia), Jaupaci, Moipor\u00e1 (Messian\u00f3polis), Montes Claros de Goi\u00e1s (Aparecida do Rio Claro, Ponte Alta do Araguaia, Lucil\u00e2ndia, Registro do Araguaia).<\/p>\n<p><strong>Divis\u00e3o de Criminal\u00edstica<\/strong><br \/>\n<span style=\"color: #ffffff\">\u2026.<\/span>\u2022<strong>\u00a0<\/strong>Subdivis\u00e3o de Per\u00edcias Externas (SPE)<br \/>\n<span style=\"color: #ffffff\">\u2026.<\/span>\u2022<strong>\u00a0<\/strong>Subdivis\u00e3o de Per\u00edcias Internas (SPI)<br \/>\n<span style=\"color: #ffffff\">\u2026.<\/span>\u2022<strong>\u00a0<\/strong>Cart\u00f3rio de Criminal\u00edstica<\/p>\n<p><strong>Divis\u00e3o de Medicina Legal<\/strong><br \/>\n<span style=\"color: #ffffff\">\u2026.<\/span>\u2022<strong>\u00a0<\/strong>Se\u00e7\u00e3o de Amostras Biol\u00f3gicas<br \/>\n<span style=\"color: #ffffff\">\u2026.<\/span>\u2022<strong>\u00a0<\/strong>Cart\u00f3rio de Medicina Legal<\/p>\n<p><strong>Telefones:<\/strong> (64) 3671-1776 \/\u00a0(64) 9 9247-8244 \/ (64) 99322-9417 |\u00a0<strong>E-mail:<\/strong> ptc.paslmb@gmail.com<br \/>\n<strong>Endere\u00e7o:\u00a0<\/strong>Rua Rio Doce, n\u00ba 955, esq. Rua do Campo, Vila Eduarda, S\u00e3o Lu\u00eds de Montes Belos-GO, CEP 76100-000<br \/>\n<strong>Localiza\u00e7\u00e3o:<\/strong><br \/>\n<strong>Hor\u00e1rio de Funcionamento:<\/strong> 24h<\/p>\n<dl class=\"linha\"><\/dl>\n<h4><strong><a name=\"10crptc\"><\/a><span style=\"color: #000000\">10\u00aa\u00a0CRPTC &#8211; Coordena\u00e7\u00e3o Regional\u00a0<\/span><\/strong><span style=\"color: #000000\"><strong>de Pol\u00edcia T\u00e9cnico-Cient\u00edfica\u00a0<\/strong><strong>de An\u00e1polis<\/strong><strong>\u00a0<\/strong>|\u00a0<strong>SEI: 14134<\/strong><\/span><\/h4>\n<p><span style=\"color: #000000\"><strong>Coordenador REGIONAL:<\/strong> Wigney Gustavo Costa, Perito Criminal<\/span><\/p>\n<p><span style=\"color: #000000\"><strong>Abrang\u00eancia:<\/strong> An\u00e1polis (Bran\u00e1polis, Goial\u00e2ndia, Interl\u00e2ndia\/Pau-Terra, Joan\u00e1polis, Miran\u00e1polis, Sous\u00e2nia), Campo Limpo, Damol\u00e2ndia, Gameleira de Goi\u00e1s, Leopoldo de Bulh\u00f5es, Ouro Verde de Goi\u00e1s, Petrolina de Goi\u00e1s, Silv\u00e2nia, Vian\u00f3polis (Brasilinha, Cara\u00edba, Ponte Funda), <span style=\"color: #008000\">Goian\u00e1polis (Vale das Cara\u00edbas), Terez\u00f3polis de Goi\u00e1s, <span style=\"color: #800000\">Abadi\u00e2nia (Planalmira, Posse d\u2019Abadia, Santa L\u00facia, Tr\u00eas Veredas),\u00a0Corumb\u00e1 de Goi\u00e1s,\u00a0Piren\u00f3polis (Bom Jesus, Capela do Rio do Peixe, Caxambu, Goian\u00f3polis\/Malhador\/Maiad\u00f4, \u00cdndio, Jaran\u00e1polis\/Tr\u00eas Ranchos, Lagol\u00e2ndia, Placa, Radiol\u00e2ndia\/Rabeia Bode, Santo Ant\u00f4nio).<\/span><em><span style=\"color: #008000\"><a style=\"color: #008000\" href=\"http:\/\/www.gabinetecivil.go.gov.br\/pagina_leis.php?id=22493\"><br \/>\n<\/a><\/span><\/em><\/span><\/span><span style=\"color: #000000\"><span style=\"color: #008000\"><span style=\"color: #800000\"><sup><em>*Os munic\u00edpios em marrom integram\u00a0a\u00a0<span style=\"color: #800000\"><a style=\"color: #800000\" href=\"https:\/\/www.planalto.gov.br\/ccivil_03\/leis\/lcp\/lcp94.htm\">Regi\u00e3o Integrada de Desenvolvimento do Distrito Federal e Entorno (RIDE)<\/a><\/span><\/em><\/sup><em><span style=\"color: #800000\"><br \/>\n<\/span><\/em> <em><span style=\"color: #800000\"><span style=\"color: #008000\"><em><sup>*Os munic\u00edpios em verde\u00a0integram\u00a0a<\/sup><\/em><\/span><\/span><\/em><sup><em><span style=\"color: #800000\"> <em><a style=\"color: #008000\" href=\"http:\/\/www.gabinetecivil.go.gov.br\/pagina_leis.php?id=22493\"><sup>Regi\u00e3o Metropolitana de Goi\u00e2nia (RMG)<\/sup><\/a><\/em><\/span><\/em><\/sup><\/span><\/span><br \/>\n<\/span><\/p>\n<p><span style=\"color: #000000\"><strong>Divis\u00e3o de Criminal\u00edstica<\/strong><\/span><br \/>\n<span style=\"color: #ffffff\">\u2026.<\/span>\u2022<strong>\u00a0<\/strong>Subdivis\u00e3o de Per\u00edcias Externas (SPE)<br \/>\n<span style=\"color: #ffffff\">\u2026.<\/span>\u2022<strong>\u00a0<\/strong>Subdivis\u00e3o de Per\u00edcias Internas (SPI)<br \/>\n<span style=\"color: #ffffff\">\u2026&#8230;&#8230;<\/span>&#8211; Se\u00e7\u00e3o de Bal\u00edstica Forense\u00a0| SEI:\u00a017771<br \/>\n<span style=\"color: #ffffff\">\u2026.<\/span>\u2022<strong>\u00a0<\/strong>Central de Evid\u00eancias | SEI:\u00a017824<br \/>\n<span style=\"color: #ffffff\">\u2026.<\/span>\u2022<strong>\u00a0<\/strong>Cart\u00f3rio de Criminal\u00edstica\u00a0| SEI:\u00a017755<\/p>\n<p><span style=\"color: #000000\"><strong>Divis\u00e3o de Medicina Legal<\/strong><\/span><br \/>\n<span style=\"color: #ffffff\">\u2026.<\/span>\u2022<strong>\u00a0<\/strong>Se\u00e7\u00e3o de Amostras Biol\u00f3gicas<br \/>\n<span style=\"color: #ffffff\">\u2026.<\/span>\u2022\u00a0Se\u00e7\u00e3o de Cad\u00e1ver Ignorado\u00a0| SEI: 17772<br \/>\n<span style=\"color: #ffffff\">\u2026.<\/span>\u2022<strong>\u00a0<\/strong>Se\u00e7\u00e3o de Necropapiloscopia<br \/>\n<span style=\"color: #ffffff\">\u2026.<\/span>\u2022<strong>\u00a0<\/strong>Cart\u00f3rio de Medicina Legal | SEI:\u00a017756<\/p>\n<p><span style=\"color: #000000\"><strong>Divis\u00e3o de\u00a0Comunica\u00e7\u00e3o Social<\/strong><\/span><\/p>\n<p><span style=\"color: #000000\"><strong>Telefones:<\/strong> (62) 3387-6864 \/ 3387-7329 \/ 3387-6951 |\u00a0<strong>Fax:<\/strong> (62) 3387-6578 |\u00a0<strong>E-mail:<\/strong> anapolis@policiacientifica.go.gov.br<\/span><br \/>\n<span style=\"color: #000000\"> <strong>Endere\u00e7o:<\/strong> Avenida Mato Verde, S\/N., Loteamento Jibran El Hadj, An\u00e1polis\/GO. CEP: 75.131-500<\/span><br \/>\n<span style=\"color: #000000\"> <strong>Localiza\u00e7\u00e3o:<\/strong> <\/span><a href=\"https:\/\/goo.gl\/maps\/n61HhCQY5k12\">https:\/\/goo.gl\/maps\/n61HhCQY5k12<\/a><br \/>\n<span style=\"color: #000000\"><strong>Hor\u00e1rio de Funcionamento:<\/strong> 24h<\/span><\/p>\n<dl class=\"linha\"><\/dl>\n<h4><span style=\"color: #000000\"><strong><a style=\"color: #000000\" name=\"11crptc\"><\/a>11\u00aa\u00a0CRPTC &#8211; Coordena\u00e7\u00e3o Regional\u00a0<\/strong><strong>de Pol\u00edcia T\u00e9cnico-Cient\u00edfica\u00a0<\/strong><strong>de Jata\u00ed<\/strong><strong>\u00a0<\/strong>|\u00a0<strong>SEI: 14135<\/strong><\/span><\/h4>\n<p><strong>Coordenador REGIONAL:<\/strong> Gustavo Donate \u00c1vila, Perito Criminal<\/p>\n<p><strong>Abrang\u00eancia:<\/strong> Jata\u00ed, Aparecida do Rio Doce, Apor\u00e9 (Itumirim), Ca\u00e7u, Itaj\u00e1 (Olaria), Itarum\u00e3 (Olaria do Angico), Lagoa Santa, Serran\u00f3polis.<\/p>\n<p><strong>Divis\u00e3o de Criminal\u00edstica<\/strong><br \/>\n<span style=\"color: #ffffff\">\u2026.<\/span>\u2022<strong>\u00a0<\/strong>Subdivis\u00e3o de Per\u00edcias Externas (SPE)<br \/>\n<span style=\"color: #ffffff\">\u2026.<\/span>\u2022<strong>\u00a0<\/strong>Subdivis\u00e3o de Per\u00edcias Internas (SPI)<br \/>\n<span style=\"color: #ffffff\">\u2026.<\/span>\u2022<strong>\u00a0<\/strong>Cart\u00f3rio de Criminal\u00edstica<\/p>\n<p><strong>Divis\u00e3o de Medicina Legal<\/strong><br \/>\n<span style=\"color: #ffffff\">\u2026.<\/span>\u2022<strong>\u00a0<\/strong>Se\u00e7\u00e3o de Amostras Biol\u00f3gicas<br \/>\n<span style=\"color: #ffffff\">\u2026.<\/span>\u2022<strong>\u00a0<\/strong>Cart\u00f3rio de Medicina Legal<\/p>\n<p><strong>Telefone:<\/strong> (64) 3632-0720 |\u00a0<strong>E-mail:<\/strong>\u00a0jatai@policiacientifica.go.gov.br<br \/>\n<strong>Endere\u00e7o:<\/strong> Avenida Moises Santana, n\u00ba 340, Setor Central, Jata\u00ed-GO. CEP: 75.800-510<br \/>\n<strong>Localiza\u00e7\u00e3o:<\/strong> <a href=\"https:\/\/goo.gl\/maps\/YcdRkywQ1L1HfW9g9\">https:\/\/goo.gl\/maps\/YcdRkywQ1L1HfW9g9<\/a><br \/>\n<strong>Hor\u00e1rio de Funcionamento:<\/strong> 24h<\/p>\n<dl class=\"linha\"><\/dl>\n<h4><strong><a name=\"11crptc2\"><\/a>11<\/strong><strong>\u00aa\u00a0CRPTC\/PA &#8211;\u00a0<\/strong><strong>Posto de Atendimento\u00a0<\/strong><strong>de Pol\u00edcia T\u00e9cnico-Cient\u00edfica\u00a0<\/strong><strong>de Mineiros<\/strong><strong>\u00a0<\/strong>|\u00a0<strong>SEI:\u00a018674<\/strong><\/h4>\n<p><strong>Chefia:<\/strong> Luiz Messias Pires Sousa, Aux. de Aut\u00f3psia<\/p>\n<p><strong>Abrang\u00eancia:<\/strong> Mineiros, Chapad\u00e3o do C\u00e9u, Doverl\u00e2ndia, Perol\u00e2ndia, Portel\u00e2ndia, Santa Rita do Araguaia.<\/p>\n<p><strong>Divis\u00e3o de Criminal\u00edstica<\/strong><br \/>\n<span style=\"color: #ffffff\">\u2026.<\/span>\u2022<strong>\u00a0<\/strong>Subdivis\u00e3o de Per\u00edcias Externas (SPE)<br \/>\n<span style=\"color: #ffffff\">\u2026.<\/span>\u2022<strong>\u00a0<\/strong>Subdivis\u00e3o de Per\u00edcias Internas (SPI)<br \/>\n<span style=\"color: #ffffff\">\u2026.<\/span>\u2022<strong>\u00a0<\/strong>Cart\u00f3rio de Criminal\u00edstica<\/p>\n<p><strong>Divis\u00e3o de Medicina Legal<\/strong><br \/>\n<span style=\"color: #ffffff\">\u2026.<\/span>\u2022<strong>\u00a0<\/strong>Se\u00e7\u00e3o de Amostras Biol\u00f3gicas<br \/>\n<span style=\"color: #ffffff\">\u2026.<\/span>\u2022<strong>\u00a0<\/strong>Cart\u00f3rio de Medicina Legal<\/p>\n<p><strong>Telefone:<\/strong> (64) 3661-0272 |\u00a0<strong>E-mail:<\/strong>\u00a0mineiros@policiacientifica.go.gov.br<br \/>\n<strong>Endere\u00e7o:<\/strong> Pra\u00e7a Coronel Carrijo, N. 18, Centro, Mineiros\/GO. CEP: 75.830-046<br \/>\n<strong>Localiza\u00e7\u00e3o:<\/strong> <a href=\"https:\/\/goo.gl\/maps\/pRTVeZQgHUo\">https:\/\/goo.gl\/maps\/pRTVeZQgHUo<\/a><br \/>\n<strong>Hor\u00e1rio de Funcionamento:<\/strong> 24h<\/p>\n<dl class=\"linha\"><\/dl>\n<h4><strong><a name=\"12crptc\"><\/a>12\u00aa\u00a0CRPTC &#8211; Coordena\u00e7\u00e3o Regional\u00a0<\/strong><strong>de Pol\u00edcia T\u00e9cnico-Cient\u00edfica\u00a0<\/strong><strong>de Campos Belos<\/strong><strong>\u00a0<\/strong>|\u00a0<strong>SEI: 16304<\/strong><\/h4>\n<p><strong>Coordenador REGIONAL:<\/strong> Anna Karollinny Martins Ramos, Aux. de Aut\u00f3psia<\/p>\n<p><strong>Abrang\u00eancia:<\/strong> Campos Belos (Brej\u00e3o), Divin\u00f3polis de Goi\u00e1s (Vazante), Monte Alegre de Goi\u00e1s (Prata), S\u00e3o Domingos (Estiva), Teresina de Goi\u00e1s, <span style=\"color: #800000\">Cavalcante.<br \/>\n<sub><em><sup>*Os munic\u00edpios em marrom integram\u00a0a\u00a0<a style=\"color: #800000\" href=\"https:\/\/www.planalto.gov.br\/ccivil_03\/leis\/lcp\/lcp94.htm\">Regi\u00e3o Integrada de Desenvolvimento do Distrito Federal e Entorno (RIDE)<\/a><\/sup><\/em><\/sub><\/span><\/p>\n<p><strong>Divis\u00e3o de Criminal\u00edstica<\/strong><br \/>\n<span style=\"color: #ffffff\">\u2026.<\/span>\u2022<strong>\u00a0<\/strong>Subdivis\u00e3o de Per\u00edcias Externas (SPE)<br \/>\n<span style=\"color: #ffffff\">\u2026.<\/span>\u2022<strong>\u00a0<\/strong>Subdivis\u00e3o de Per\u00edcias Internas (SPI)<br \/>\n<span style=\"color: #ffffff\">\u2026.<\/span>\u2022<strong>\u00a0<\/strong>Cart\u00f3rio de Criminal\u00edstica<br \/>\n<span style=\"color: #ffffff\">\u2026.<\/span>&#8211; Plant\u00e3o de Atendimento: (62) 9 9976-5595<\/p>\n<p><strong>Divis\u00e3o de Medicina Legal<\/strong><br \/>\n<span style=\"color: #ffffff\">\u2026.<\/span>\u2022<strong>\u00a0<\/strong>Se\u00e7\u00e3o de Amostras Biol\u00f3gicas<br \/>\n<span style=\"color: #ffffff\">\u2026.<\/span>\u2022<strong>\u00a0<\/strong>Cart\u00f3rio de Medicina Legal<br \/>\n<span style=\"color: #ffffff\">\u2026.<\/span>&#8211; Plant\u00e3o de Atendimento:\u00a0(62) 9 9989-1879<\/p>\n<p><strong>Telefone:<\/strong> (62) 3451-3469 |\u00a0<strong>E-mail:<\/strong>\u00a0camposbelos@policiacientifica.go.gov.br<br \/>\n<strong>Endere\u00e7o:<\/strong> Avenida GO-118, QN-1 Lotes 3 e 4, Vila Baiana, Campos Belos\/GO. CEP: 73.840-000<br \/>\n<strong>Localiza\u00e7\u00e3o:<\/strong> <a href=\"https:\/\/goo.gl\/maps\/vkWoUbUuzxL2\">https:\/\/goo.gl\/maps\/vkWoUbUuzxL2<\/a><br \/>\n<strong>Hor\u00e1rio de Funcionamento:<\/strong> 24h<\/p>\n<dl class=\"linha\"><\/dl>\n<h4><strong><a name=\"12crptc2\"><\/a>12<\/strong><strong>\u00aa\u00a0CRPTC\/PA &#8211;\u00a0<\/strong><strong>Posto de Atendimento\u00a0<\/strong><strong>de Pol\u00edcia T\u00e9cnico-Cient\u00edfica\u00a0<\/strong><strong>de Posse<\/strong><strong>\u00a0<\/strong>|\u00a0<strong>SEI:\u00a018675<\/strong><\/h4>\n<p><strong>Chefia:<\/strong> Anna Karollinny Martins Ramos, Aux. de Aut\u00f3psia<\/p>\n<p><strong>Abrang\u00eancia:<\/strong> Posse (Barbosil\u00e2ndia), Buritin\u00f3polis (Angical, Buritizinho, Capoeira do Meio, Currais, Lagoa Nova, Martin\u00f3polis de Goi\u00e1s, Santa Rita, Sobrado, Vila Nova), Damian\u00f3polis, Guarani de Goi\u00e1s (S\u00e3o Pedro), Iaciara (\u00c1gua Quente, Extrema, Levantado), Mamba\u00ed, Nova Roma, S\u00edtio D&#8217;Abadia, <span style=\"color: #800000\">Alvorada do Norte,\u00a0Simol\u00e2ndia.<\/span>\u00a0<span style=\"color: #800000\"><sub><span style=\"color: #800000\"><em><sup>*Os munic\u00edpios em marrom integram\u00a0a\u00a0<a style=\"color: #800000\" href=\"https:\/\/www.planalto.gov.br\/ccivil_03\/leis\/lcp\/lcp94.htm\">Regi\u00e3o Integrada de Desenvolvimento do Distrito Federal e Entorno (RIDE)<\/a><\/sup><\/em><\/span><\/sub><\/span><\/p>\n<p><strong>Divis\u00e3o de Criminal\u00edstica<\/strong><br \/>\n<span style=\"color: #ffffff\">\u2026.<\/span>\u2022<strong>\u00a0<\/strong>Subdivis\u00e3o de Per\u00edcias Externas (SPE)<br \/>\n<span style=\"color: #ffffff\">\u2026.<\/span>\u2022<strong>\u00a0<\/strong>Subdivis\u00e3o de Per\u00edcias Internas (SPI)<br \/>\n<span style=\"color: #ffffff\">\u2026.<\/span>\u2022<strong>\u00a0<\/strong>Cart\u00f3rio de Criminal\u00edstica<br \/>\n<span style=\"color: #ffffff\">\u2026.<\/span>&#8211; Plant\u00e3o de Atendimento:\u00a0(62) 9 9826-3068<\/p>\n<p><strong>Divis\u00e3o de Medicina Legal<\/strong><br \/>\n<span style=\"color: #ffffff\">\u2026.<\/span>\u2022<strong>\u00a0<\/strong>Se\u00e7\u00e3o de Amostras Biol\u00f3gicas<br \/>\n<span style=\"color: #ffffff\">\u2026.<\/span>\u2022<strong>\u00a0<\/strong>Cart\u00f3rio de Medicina Legal<br \/>\n<span style=\"color: #ffffff\">\u2026.<\/span>&#8211; Plant\u00e3o de Atendimento:\u00a0(62) 9 9605-6778<\/p>\n<p><strong>E-mail:<\/strong>\u00a0posse@policiacientifica.go.gov.br<br \/>\n<strong>Endere\u00e7o:<\/strong> Rua Arquimedes Vieira de Brito, N. 55, Centro, Posse\/GO. CEP: 73.900-000<br \/>\n<strong>Localiza\u00e7\u00e3o:<\/strong> <a href=\"https:\/\/goo.gl\/maps\/1tcZVTKSmpM2\">https:\/\/goo.gl\/maps\/1tcZVTKSmpM2<\/a><br \/>\n<strong>Hor\u00e1rio de Funcionamento:<\/strong> 24h<\/p>\n<dl class=\"linha\"><\/dl>\n<h4><strong><a name=\"13crptc\"><\/a>13\u00aa\u00a0CRPTC &#8211;\u00a0Coordena\u00e7\u00e3o Regional\u00a0<\/strong><strong>de Pol\u00edcia T\u00e9cnico-Cient\u00edfica\u00a0<\/strong><strong>de Goian\u00e9sia<\/strong><strong>\u00a0<\/strong>|\u00a0<strong>SEI: 16303<\/strong><\/h4>\n<p><strong>Coordenador REGIONAL:<\/strong> Marcelo Benetti Tanga, Perito Criminal<\/p>\n<p><strong>Abrang\u00eancia:<\/strong> <span style=\"color: #800000\">Goian\u00e9sia (Barreiro\/Limoeiro, Cafel\u00e2ndia, Campo Alegre, Juscel\u00e2ndia, Morro Branco, Natin\u00f3polis),<\/span> <span style=\"color: #800000\">Barro Alto, Vila Prop\u00edcio (Assun\u00e7\u00e3o de Goi\u00e1s, Dois Irm\u00e3os, S\u00e3o Bentinho),<\/span> Jaragu\u00e1 (Alvel\u00e2ndia, Artul\u00e2ndia, Cruzeirinho, Miril\u00e2ndia, Monte Castelo, Palestina, S\u00e3o Geraldo, Vila Santa B\u00e1rbara, Vila Aparecida\/Chapeul\u00e2ndia), Jes\u00fapolis, Santa Rita do Novo Destino (Placa, Verdel\u00e2ndia), S\u00e3o Francisco de Goi\u00e1s.<br \/>\n<span style=\"color: #800000\"><sub><span style=\"color: #800000\"><em><sup>*Os munic\u00edpios em marrom integram\u00a0a\u00a0<a style=\"color: #800000\" href=\"https:\/\/www.planalto.gov.br\/ccivil_03\/leis\/lcp\/lcp94.htm\">Regi\u00e3o Integrada de Desenvolvimento do Distrito Federal e Entorno (RIDE)<\/a><\/sup><\/em><\/span><\/sub><\/span><\/p>\n<p><strong>Divis\u00e3o de Criminal\u00edstica<\/strong><br \/>\n<span style=\"color: #ffffff\">\u2026.<\/span>\u2022<strong>\u00a0<\/strong>Subdivis\u00e3o de Per\u00edcias Externas (SPE)<br \/>\n<span style=\"color: #ffffff\">\u2026.<\/span>\u2022<strong>\u00a0<\/strong>Subdivis\u00e3o de Per\u00edcias Internas (SPI)<br \/>\n<span style=\"color: #ffffff\">\u2026.<\/span>\u2022<strong>\u00a0<\/strong>Cart\u00f3rio de Criminal\u00edstica<\/p>\n<p><strong>Divis\u00e3o de Medicina Legal<\/strong><br \/>\n<span style=\"color: #ffffff\">\u2026.<\/span>\u2022<strong>\u00a0<\/strong>Se\u00e7\u00e3o de Amostras Biol\u00f3gicas<br \/>\n<span style=\"color: #ffffff\">\u2026.<\/span>\u2022<strong>\u00a0<\/strong>Cart\u00f3rio de Medicina Legal<\/p>\n<p><strong>Telefone:<\/strong> (62) 3353-2789 |\u00a0<strong>E-mail:<\/strong>\u00a0goianesia@policiacientifica.go.gov.br<br \/>\n<strong>Endere\u00e7o:<\/strong> Avenida Brasil, N. 967, Esquina com Rua 15, Setor Universit\u00e1rio, Goian\u00e9sia\/GO. CEP: 76.380-067<br \/>\n<strong>Localiza\u00e7\u00e3o:<\/strong> <a href=\"https:\/\/goo.gl\/maps\/8ZQUQmCUSDK2\">https:\/\/goo.gl\/maps\/8ZQUQmCUSDK2<\/a><br \/>\n<strong>Hor\u00e1rio de Funcionamento:<\/strong> 24h<\/p>\n<dl class=\"linha\"><\/dl>\n<h4><strong><a name=\"14crptc\"><\/a>14\u00aa\u00a0CRPTC &#8211; Coordena\u00e7\u00e3o Regional\u00a0<\/strong><strong>de Pol\u00edcia T\u00e9cnico-Cient\u00edfica\u00a0<\/strong><strong>de Luzi\u00e2nia<\/strong><strong>\u00a0<\/strong>|\u00a0<strong>SEI: 14138<\/strong><\/h4>\n<p><strong>Coordenador REGIONAL:<\/strong> Fernando Cesar Lerbach Rodrigues Brasil, Perito Criminal<\/p>\n<p><span style=\"color: #000000\"><strong>Abrang\u00eancia:<\/strong><\/span> <span style=\"color: #800000\">Luzi\u00e2nia (Jardim do Ing\u00e1, Maniratuba), Cidade Ocidental (\u00c1gua Quente, Ch\u00e1caras Regina, Ferraz, Garapa, Jardim do ABC, Mata da Fartura, Povoado Quilombola Mesquita),<\/span> <span style=\"color: #800000\">Cristalina (Campos Lindos, S\u00e3o Bartolomeu),<\/span> <span style=\"color: #800000\">Novo Gama (Lago Azul),<\/span> <span style=\"color: #800000\">Valpara\u00edso de Goi\u00e1s (C\u00e9u Azul, Distrito de Domiciano Ribeiro)<span style=\"color: #000000\"><span style=\"color: #800000\">.\u00a0<\/span><sub><span style=\"color: #800000\"><em><sup>*Os munic\u00edpios em marrom integram\u00a0a\u00a0<a style=\"color: #800000\" href=\"https:\/\/www.planalto.gov.br\/ccivil_03\/leis\/lcp\/lcp94.htm\">Regi\u00e3o Integrada de Desenvolvimento do Distrito Federal e Entorno (RIDE)<\/a><\/sup><\/em><\/span><\/sub><br \/>\n<\/span><\/span><\/p>\n<p><strong>Divis\u00e3o de Criminal\u00edstica<\/strong><br \/>\n<span style=\"color: #ffffff\">\u2026.<\/span>\u2022<strong>\u00a0<\/strong>Subdivis\u00e3o de Per\u00edcias Externas (SPE)<br \/>\n<span style=\"color: #ffffff\">\u2026.<\/span>\u2022<strong>\u00a0<\/strong>Subdivis\u00e3o de Per\u00edcias Internas (SPI)<br \/>\n<span style=\"color: #ffffff\">\u2026&#8230;&#8230;<\/span>&#8211; Se\u00e7\u00e3o de Bal\u00edstica Forense\u00a0| SEI: 18488<br \/>\n<span style=\"color: #ffffff\">\u2026&#8230;&#8230;<\/span>&#8211; Se\u00e7\u00e3o de Biologia Forense<br \/>\n<span style=\"color: #ffffff\">\u2026&#8230;&#8230;<\/span>&#8211; Se\u00e7\u00e3o de Identifica\u00e7\u00e3o Veicular\u00a0| SEI: 18496<br \/>\n<span style=\"color: #ffffff\">\u2026&#8230;&#8230;<\/span>&#8211; Se\u00e7\u00e3o de\u00a0Merceologia, Autenticidade e Vistoria<br \/>\n<span style=\"color: #ffffff\">\u2026&#8230;&#8230;<\/span>&#8211; Se\u00e7\u00e3o de Qu\u00edmica Forense<br \/>\n<span style=\"color: #ffffff\">\u2026.<\/span>\u2022 Central de Evid\u00eancias<br \/>\n<span style=\"color: #ffffff\">\u2026.<\/span>\u2022<strong>\u00a0<\/strong>Cart\u00f3rio de Criminal\u00edstica:\u00a0(61) 3601-2284 | SEI: 18489<\/p>\n<p><strong>Divis\u00e3o de Medicina Legal\u00a0| <\/strong>SEI: 18495<br \/>\n<span style=\"color: #ffffff\">\u2026.<\/span>\u2022<strong>\u00a0<\/strong>Se\u00e7\u00e3o de Amostras Biol\u00f3gicas\u00a0| SEI: 18491<br \/>\n<span style=\"color: #ffffff\">\u2026.<\/span>\u2022 Se\u00e7\u00e3o de Necropapiloscopia<br \/>\n<span style=\"color: #ffffff\">\u2026.<\/span>\u2022<strong>\u00a0<\/strong>Cart\u00f3rio de Medicina Legal: (61) 3601-2599 | SEI: 18490<\/p>\n<p><strong>Telefone: <\/strong>(61) 3601-3374<br \/>\n<strong>Divis\u00e3o de Comunica\u00e7\u00e3o Social<\/strong><br \/>\n<strong>Coordena\u00e7\u00e3o:<\/strong> (61) 3621-2493 |\u00a0<strong>E-mail:<\/strong>\u00a0luziania@policiacientifica.go.gov.br<br \/>\n<strong>Endere\u00e7o:<\/strong> Rua Alberto De Paiva, Quadra 29 Casa 02, Setor Aeroporto, Luzi\u00e2nia\/GO. CEP: 72.801-030<br \/>\n<strong>Localiza\u00e7\u00e3o:<\/strong> <a href=\"https:\/\/goo.gl\/maps\/ZZeeVcRw48M2\">https:\/\/goo.gl\/maps\/ZZeeVcRw48M2<\/a><br \/>\n<strong>Hor\u00e1rio de Funcionamento:<\/strong> 24h<\/p>\n<dl class=\"linha\"><\/dl>\n<h4><strong><a name=\"14crptc2\"><\/a>14<\/strong><strong>\u00aa\u00a0CRPTC\/PA &#8211;\u00a0<\/strong><strong>Posto de Atendimento\u00a0<\/strong><strong>de Pol\u00edcia T\u00e9cnico-Cient\u00edfica\u00a0<\/strong><strong>de \u00c1guas Lindas<\/strong><strong>\u00a0<\/strong>|\u00a0<strong>SEI:\u00a018676<\/strong><\/h4>\n<p><strong>Chefia:<\/strong> Leonardo Antunes Rosa, Auxiliar de Aut\u00f3psia<\/p>\n<p><strong>Abrang\u00eancia:<\/strong> <span style=\"color: #800000\">\u00c1guas Lindas de Goi\u00e1s (Padre L\u00facio),<\/span> <span style=\"color: #800000\">Alex\u00e2nia (Estiva, Morada do Sol, Nova Fl\u00f3rida, Olhos d\u2019\u00c1gua, Serra do Ouro),<\/span> <span style=\"color: #800000\">Cocalzinho de Goi\u00e1s (Edil\u00e2ndia, Girassol),<\/span> <span style=\"color: #800000\">Mimoso de Goi\u00e1s,<\/span> <span style=\"color: #800000\">Padre Bernardo (Boa Vista, Entre Rios, Mari\u00e1polis, Monte Alto, Ouro Verde, Taboquinha, Trajan\u00f3polis, Vendinha),<\/span> <span style=\"color: #800000\">Santo Ant\u00f4nio do Descoberto.\u00a0<sub><span style=\"color: #800000\"><em><sup>*Os munic\u00edpios em marrom integram\u00a0a\u00a0<a style=\"color: #800000\" href=\"https:\/\/www.planalto.gov.br\/ccivil_03\/leis\/lcp\/lcp94.htm\">Regi\u00e3o Integrada de Desenvolvimento do Distrito Federal e Entorno (RIDE)<\/a><\/sup><\/em><\/span><\/sub><\/span><\/p>\n<p><strong>[ ATEN\u00c7\u00c3O ]<\/strong> O Posto de Atendimento de \u00c1guas Lindas est\u00e1 em fase final de constru\u00e7\u00e3o. Temporariamente, os munic\u00edpios de \u00c1guas Lindas de Goi\u00e1s (Padre L\u00facio), Mimoso de Goi\u00e1s, Padre Bernardo (Boa Vista, Entre Rios, Mari\u00e1polis, Monte Alto, Ouro Verde, Taboquinha, Trajan\u00f3polis, Vendinha) e Santo Ant\u00f4nio do Descoberto est\u00e3o sendo atendidos pela\u00a0<a href=\"#14crptc\"><strong>14\u00aa\u00a0CRPTC de Luzi\u00e2nia<\/strong><\/a>, enquanto os munic\u00edpios de Alex\u00e2nia (Estiva, Morada do Sol, Nova Fl\u00f3rida, Olhos d\u2019\u00c1gua, Serra do Ouro) e Cocalzinho de Goi\u00e1s (Edil\u00e2ndia, Girassol) est\u00e3o sendo atendidos pela\u00a0<a href=\"#10crptc\"><strong>10\u00aa\u00a0CRPTC de An\u00e1polis<\/strong><\/a>.<\/p>\n<p><strong>Divis\u00e3o de Criminal\u00edstica<\/strong><br \/>\n<span style=\"color: #ffffff\">\u2026.<\/span>\u2022<strong>\u00a0<\/strong>Subdivis\u00e3o de Per\u00edcias Externas (SPE)<br \/>\n<span style=\"color: #ffffff\">\u2026.<\/span>\u2022<strong>\u00a0<\/strong>Subdivis\u00e3o de Per\u00edcias Internas (SPI)<br \/>\n<span style=\"color: #ffffff\">\u2026.<\/span>\u2022<strong>\u00a0<\/strong>Cart\u00f3rio de Criminal\u00edstica<\/p>\n<p><strong>Divis\u00e3o de Medicina Legal<\/strong><br \/>\n<span style=\"color: #ffffff\">\u2026.<\/span>\u2022<strong>\u00a0<\/strong>Se\u00e7\u00e3o de Amostras Biol\u00f3gicas<br \/>\n<span style=\"color: #ffffff\">\u2026.<\/span>\u2022<strong>\u00a0<\/strong>Cart\u00f3rio de Medicina Legal<\/p>\n<dl class=\"linha\"><\/dl>\n<p style=\"text-align: right\"><em><strong>Atualizado em 14\/07\/2025<\/strong><br \/>\nPerito Criminal Emiliano Luiz Neto<br \/>\nCoordenadoria de Comunica\u00e7\u00e3o e Cerimonial PCIGO<\/em><\/p>\n","protected":false},"excerpt":{"rendered":"<p>A Pol\u00edcia T\u00e9cnico-Cient\u00edfica do Estado de Goi\u00e1s\u00a0conta\u00a0atualmente com um total de 24 unidades de atendimento\u00a0para melhor atender \u00e0 popula\u00e7\u00e3o goiana, sendo duas\u00a0na capital e outras 22 distribu\u00eddas estrategicamente por 14 Regionais no interior do Estado. (Refer\u00eancia:\u00a0Decreto\u00a0n\u00ba 9.842\/2021) Ger\u00eancia Regional de Goi\u00e2nia 1\u00aa\u00a0CRPTC &#8211;\u00a0Coordena\u00e7\u00e3o Regional de Aparecida de Goi\u00e2nia 2\u00aa\u00a0CRPTC &#8211;\u00a0Coordena\u00e7\u00e3o Regional da Cidade de Goi\u00e1s [&hellip;]<\/p>\n","protected":false},"author":77,"featured_media":0,"parent":0,"menu_order":0,"comment_status":"closed","ping_status":"closed","template":"","meta":{"footnotes":""},"class_list":["post-3439","page","type-page","status-publish","hentry"],"rttpg_featured_image_url":null,"rttpg_author":{"display_name":"barbaragodoy","author_link":"https:\/\/goias.gov.br\/policiacientifica\/author\/barbaragodoy\/"},"rttpg_comment":0,"rttpg_category":null,"rttpg_excerpt":"A Pol\u00edcia T\u00e9cnico-Cient\u00edfica do Estado de Goi\u00e1s\u00a0conta\u00a0atualmente com um total de 24 unidades de atendimento\u00a0para melhor atender \u00e0 popula\u00e7\u00e3o goiana, sendo duas\u00a0na capital e outras 22 distribu\u00eddas estrategicamente por 14 Regionais no interior do Estado. (Refer\u00eancia:\u00a0Decreto\u00a0n\u00ba 9.842\/2021) Ger\u00eancia Regional de Goi\u00e2nia 1\u00aa\u00a0CRPTC &#8211;\u00a0Coordena\u00e7\u00e3o Regional de Aparecida de Goi\u00e2nia 2\u00aa\u00a0CRPTC &#8211;\u00a0Coordena\u00e7\u00e3o Regional da Cidade de Goi\u00e1s&hellip;","_links":{"self":[{"href":"https:\/\/goias.gov.br\/policiacientifica\/wp-json\/wp\/v2\/pages\/3439","targetHints":{"allow":["GET"]}}],"collection":[{"href":"https:\/\/goias.gov.br\/policiacientifica\/wp-json\/wp\/v2\/pages"}],"about":[{"href":"https:\/\/goias.gov.br\/policiacientifica\/wp-json\/wp\/v2\/types\/page"}],"author":[{"embeddable":true,"href":"https:\/\/goias.gov.br\/policiacientifica\/wp-json\/wp\/v2\/users\/77"}],"replies":[{"embeddable":true,"href":"https:\/\/goias.gov.br\/policiacientifica\/wp-json\/wp\/v2\/comments?post=3439"}],"version-history":[{"count":2,"href":"https:\/\/goias.gov.br\/policiacientifica\/wp-json\/wp\/v2\/pages\/3439\/revisions"}],"predecessor-version":[{"id":426795,"href":"https:\/\/goias.gov.br\/policiacientifica\/wp-json\/wp\/v2\/pages\/3439\/revisions\/426795"}],"wp:attachment":[{"href":"https:\/\/goias.gov.br\/policiacientifica\/wp-json\/wp\/v2\/media?parent=3439"}],"curies":[{"name":"wp","href":"https:\/\/api.w.org\/{rel}","templated":true}]}}