
{"id":26,"date":"2024-07-24T09:56:31","date_gmt":"2024-07-24T12:56:31","guid":{"rendered":"https:\/\/goias.gov.br\/parquesdegoias\/?post_type=parque-apa-e-unidade&#038;p=26"},"modified":"2026-04-16T09:57:27","modified_gmt":"2026-04-16T12:57:27","slug":"apa-joao-leite","status":"publish","type":"parque-apa-e-unidade","link":"https:\/\/goias.gov.br\/parquesdegoias\/parque-apa-e-unidade\/apa-joao-leite\/","title":{"rendered":"APA Jo\u00e3o Leite"},"content":{"rendered":"\n<p><strong>HIST\u00d3RIA<\/strong><\/p>\n\n\n\n<p>Localizada nas imedia\u00e7\u00f5es da capital Goi\u00e2nia, a \u00c1rea de Prote\u00e7\u00e3o Ambiental Jo\u00e3o Leite ocupa 720 quil\u00f4metros quadrados de extens\u00e3o, que abrangem os seguintes munic\u00edpios: Terez\u00f3polis de Goi\u00e1s, Goian\u00e1polis, Ner\u00f3polis, An\u00e1polis, Campo Limpo de Goi\u00e1s e Ouro Verde de Goi\u00e1s, al\u00e9m da pr\u00f3pria capital.<\/p>\n\n\n\n<p>Al\u00e9m de abastecer cidades populosas, a regi\u00e3o ainda \u00e9 fortemente marcada pelo desenvolvimento agr\u00edcola, tamb\u00e9m dependente dos recursos h\u00eddricos. A APA Jo\u00e3o Leite est\u00e1 inserida na regi\u00e3o hidrogr\u00e1fica do Rio Paran\u00e1, e possui como principais cursos d&#8217;\u00e1gua o Ribeir\u00e3o Jo\u00e3o Leite, Ribeir\u00e3o Meia Ponte e Rio Parana\u00edba; e conta como afluentes com os c\u00f3rregos das Pedras; Mato Grosso; da Posse; dos Inhames; Fund\u00e3o; e Bandeira.   <\/p>\n\n\n\n<p><\/p>\n\n\n\n<figure class=\"wp-block-gallery has-nested-images columns-default is-cropped wp-block-gallery-2 is-layout-flex wp-block-gallery-is-layout-flex\">\n<figure class=\"wp-block-image size-large\"><img decoding=\"async\" data-id=\"683\" src=\"https:\/\/goias.gov.br\/parquesdegoias\/wp-content\/uploads\/sites\/70\/2024\/07\/DSC0744-683x1024.jpg\" alt=\"\" class=\"wp-image-683\"\/><\/figure>\n\n\n\n<figure class=\"wp-block-image size-large\"><img decoding=\"async\" data-id=\"684\" src=\"https:\/\/goias.gov.br\/parquesdegoias\/wp-content\/uploads\/sites\/70\/2024\/07\/MG_1347-1024x683.jpg\" alt=\"\" class=\"wp-image-684\"\/><\/figure>\n<\/figure>\n\n\n\n<p><\/p>\n\n\n<div class=\"wp-block-image\">\n<figure class=\"aligncenter size-large\"><img decoding=\"async\" src=\"https:\/\/goias.gov.br\/parquesdegoias\/wp-content\/uploads\/sites\/70\/2024\/07\/DJI_0258-1024x576.jpg\" alt=\"\" class=\"wp-image-685\"\/><\/figure>\n<\/div>\n\n\n<p><\/p>\n\n\n\n<figure class=\"wp-block-gallery has-nested-images columns-default is-cropped wp-block-gallery-3 is-layout-flex wp-block-gallery-is-layout-flex\">\n<figure class=\"wp-block-image size-large\"><img decoding=\"async\" data-id=\"681\" src=\"https:\/\/goias.gov.br\/parquesdegoias\/wp-content\/uploads\/sites\/70\/2024\/07\/DSC0079-1024x683.jpg\" alt=\"\" class=\"wp-image-681\"\/><\/figure>\n\n\n\n<figure class=\"wp-block-image size-large\"><img decoding=\"async\" data-id=\"682\" src=\"https:\/\/goias.gov.br\/parquesdegoias\/wp-content\/uploads\/sites\/70\/2024\/07\/DSC0082-1024x683.jpg\" alt=\"\" class=\"wp-image-682\"\/><\/figure>\n<\/figure>\n\n\n\n<p><\/p>\n\n\n\n<p id=\"objetivos\"><strong>OBJETIVOS<\/strong><\/p>\n\n\n\n<p>A \u00c1rea de Prote\u00e7\u00e3o Ambiental Jo\u00e3o Leite foi criada em 2002 e delimitada pelo Governo de Goi\u00e1s em 2003 com o objetivo de preservar os recursos h\u00eddricos da bacia hidrogr\u00e1fica do Ribeir\u00e3o Jo\u00e3o Leite, que junto com o rio Meia Ponte abastecem a bacia hidrogr\u00e1fica do Parana\u00edba. No decreto de cria\u00e7\u00e3o da APA, al\u00e9m da prote\u00e7\u00e3o dos recursos h\u00eddricos da bacia do Ribeir\u00e3o Jo\u00e3o Leite, tamb\u00e9m foram determinadas as condi\u00e7\u00f5es para o uso de solo e a concilia\u00e7\u00e3o das atividades econ\u00f4micas condizentes com a preserva\u00e7\u00e3o ambiental.<\/p>\n\n\n\n<p><\/p>\n\n\n\n<p id=\"informacoes\"><strong>INFORMA\u00c7\u00d5ES GERAIS<\/strong><\/p>\n\n\n\n<p>Toda a regi\u00e3o onde est\u00e1 localizada a APA Jo\u00e3o Leite tem vivenciado um processo de despertar para a voca\u00e7\u00e3o do ecoturismo e do turismo rural. Tanto que despontam nas cidades lim\u00edtrofes \u00e0 capital restaurantes rurais, pesqueiros e hot\u00e9is fazenda. Em sua grande maioria, eles focam em promover experi\u00eancias mais pr\u00f3ximas \u00e0 natureza, servindo de ref\u00fagio da vida nas cidades. Logo, o decreto de cria\u00e7\u00e3o da unidade de conserva\u00e7\u00e3o tamb\u00e9m contempla a orienta\u00e7\u00e3o e o disciplinamento do turismo ecol\u00f3gico e o fomento \u00e0 educa\u00e7\u00e3o ambiental.<\/p>\n\n\n\n<p>O relevo onde ela est\u00e1 situada, no centro-sul do Estado, \u00e9 compreendido por um planalto rebaixado e dissecado, esculpido em litologias pr\u00e9-cambrianas diversas. Ali tamb\u00e9m despontam relevos predominantemente aplanados, por vezes tabulares, entrecortados por vales fluviais de tamanhos variados, o que lhes confere um modelado predominantemente ondulado.<\/p>\n\n\n\n<p>O plano de manejo tamb\u00e9m mapeou remanescentes vegetais presentes nessa ampla regi\u00e3o da unidade de conserva\u00e7\u00e3o. Ao norte, foi verificado pequenos fragmentos isolados de vegeta\u00e7\u00e3o nativa, onde est\u00e3o localizadas parte das nascentes do Ribeir\u00e3o Jo\u00e3o Leite.<\/p>\n\n\n\n<p>Nas por\u00e7\u00f5es central e sul, a presen\u00e7a de vegeta\u00e7\u00e3o nativa \u00e9 maior, por vezes havendo conex\u00e3o entre os fragmentos<\/p>\n\n\n\n<p><\/p>\n\n\n\n<figure class=\"wp-block-gallery has-nested-images columns-default is-cropped wp-block-gallery-4 is-layout-flex wp-block-gallery-is-layout-flex\">\n<figure class=\"wp-block-image size-large\"><img decoding=\"async\" data-id=\"686\" src=\"https:\/\/goias.gov.br\/parquesdegoias\/wp-content\/uploads\/sites\/70\/2024\/07\/DSC0633-1024x683.jpg\" alt=\"\" class=\"wp-image-686\"\/><\/figure>\n\n\n\n<figure class=\"wp-block-image size-large\"><img decoding=\"async\" data-id=\"687\" src=\"https:\/\/goias.gov.br\/parquesdegoias\/wp-content\/uploads\/sites\/70\/2024\/07\/DSC0637-1024x683.jpg\" alt=\"\" class=\"wp-image-687\"\/><\/figure>\n<\/figure>\n\n\n\n<p><\/p>\n\n\n<div class=\"wp-block-image\">\n<figure class=\"aligncenter size-large\"><img decoding=\"async\" src=\"https:\/\/goias.gov.br\/parquesdegoias\/wp-content\/uploads\/sites\/70\/2024\/07\/DSC0759-Enhanced-NR-1024x683.jpg\" alt=\"\" class=\"wp-image-688\"\/><\/figure>\n<\/div>\n\n\n<p><\/p>\n\n\n\n<figure class=\"wp-block-gallery has-nested-images columns-default is-cropped wp-block-gallery-5 is-layout-flex wp-block-gallery-is-layout-flex\">\n<figure class=\"wp-block-image size-large\"><img decoding=\"async\" data-id=\"689\" src=\"https:\/\/goias.gov.br\/parquesdegoias\/wp-content\/uploads\/sites\/70\/2024\/07\/DSC0657-1024x683.jpg\" alt=\"\" class=\"wp-image-689\"\/><\/figure>\n\n\n\n<figure class=\"wp-block-image size-large\"><img decoding=\"async\" data-id=\"690\" src=\"https:\/\/goias.gov.br\/parquesdegoias\/wp-content\/uploads\/sites\/70\/2024\/07\/DSC0748-1024x683.jpg\" alt=\"\" class=\"wp-image-690\"\/><\/figure>\n<\/figure>\n\n\n\n<p><\/p>\n\n\n\n<p id=\"legislacao\"><strong>LEGISLA\u00c7\u00c3O<\/strong><\/p>\n\n\n\n<p><a href=\"https:\/\/legisla.casacivil.go.gov.br\/api\/v2\/pesquisa\/legislacoes\/61584\/pdf\" data-type=\"link\" data-id=\"https:\/\/legisla.casacivil.go.gov.br\/api\/v2\/pesquisa\/legislacoes\/61584\/pdf\">Decreto Estadual n\u00ba 5.704, de 27 de dezembro de 2002<\/a> &#8211; Cria a APA Jo\u00e3o Leite<br><a href=\"https:\/\/legisla.casacivil.go.gov.br\/api\/v2\/pesquisa\/legislacoes\/61381\/pdf\" data-type=\"link\" data-id=\"https:\/\/legisla.casacivil.go.gov.br\/api\/v2\/pesquisa\/legislacoes\/61381\/pdf\">Decreto Estadual n\u00ba 5.845, de 10 de outubro de 2003<\/a> &#8211; Delimita a APA Jo\u00e3o Leite<\/p>\n\n\n\n<p><\/p>\n\n\n\n<p id=\"localizacao\"><strong>LOCALIZA\u00c7\u00c3O<\/strong><\/p>\n\n\n\n<p>Localiza-se nos munic\u00edpios de Goi\u00e2nia, Terez\u00f3polis de Goi\u00e1s, Goian\u00e1polis, Ner\u00f3polis, An\u00e1polis, Campo Limpo de Goi\u00e1s e Ouro Verde de Goi\u00e1s.<\/p>\n\n\n\n        <div style=\"margin-top: 30px\">\r\n        <iframe\r\n            src=\"https:\/\/siga.meioambiente.go.gov.br\/maps\/758\/embed\"\r\n            width=\"100%\"\r\n            height=\"500px\"\r\n            style=\"border: none;\">\r\n        <\/iframe>\r\n    <\/div>\r\n\r\n\n\n\n\n<section id=\"atrativos\" class=\"wp-block-group\">\n\n\n\n<p><strong>ATRATIVOS<\/strong><\/p>\n\n\n\n<p>A APA Jo\u00e3o Leite possui dois importantes parques em seus dom\u00ednios: o Parque Estadual Jo\u00e3o Leite e o Parque Estadual Altamiro de Moura Pacheco. Ambos ocupam \u00e1reas vizinhas e margeiam o importante reservat\u00f3rio Jo\u00e3o Leite e sua barragem, feita para o abastecimento de \u00e1gua na regi\u00e3o metropolitana da capital. Ambos s\u00e3o abertos \u00e0 visita\u00e7\u00e3o p\u00fablica, permitindo que os visitantes possam realizar trilhas, passeios contemplativos, observa\u00e7\u00e3o de p\u00e1ssaros, circuitos de bicicleta, entre outras atividades.<\/p>\n\n\n\n<p><\/p>\n\n\n\n<figure class=\"wp-block-gallery has-nested-images columns-default is-cropped wp-block-gallery-6 is-layout-flex wp-block-gallery-is-layout-flex\">\n<figure class=\"wp-block-image size-large\"><img decoding=\"async\" data-id=\"678\" src=\"https:\/\/goias.gov.br\/parquesdegoias\/wp-content\/uploads\/sites\/70\/2024\/07\/DSC0086-683x1024.jpg\" alt=\"\" class=\"wp-image-678\"\/><\/figure>\n\n\n\n<figure class=\"wp-block-image size-large\"><img decoding=\"async\" data-id=\"679\" src=\"https:\/\/goias.gov.br\/parquesdegoias\/wp-content\/uploads\/sites\/70\/2024\/07\/DSC0100-683x1024.jpg\" alt=\"\" class=\"wp-image-679\"\/><\/figure>\n<\/figure>\n\n\n\n<p><\/p>\n\n\n<div class=\"wp-block-image\">\n<figure class=\"aligncenter size-large\"><img decoding=\"async\" src=\"https:\/\/goias.gov.br\/parquesdegoias\/wp-content\/uploads\/sites\/70\/2024\/07\/DJI_0185-1024x576.jpg\" alt=\"\" class=\"wp-image-680\"\/><\/figure>\n<\/div>\n\n\n<\/section>\n\n\n\n<p id=\"plano-de-manejo\"><strong>PLANO DE MANEJO<\/strong><\/p>\n\n\n\n<figure class=\"wp-block-image size-full\"><img decoding=\"async\" src=\"https:\/\/goias.gov.br\/parquesdegoias\/wp-content\/uploads\/sites\/70\/2024\/07\/resumo-joao-leite.png\" alt=\"\" class=\"wp-image-2206\"\/><\/figure>\n\n\n\n<p><a href=\"https:\/\/goias.gov.br\/meioambiente\/wp-content\/uploads\/sites\/33\/2015\/05\/Resumo_Executivo2019-b9f.pdf\" data-type=\"link\" data-id=\"https:\/\/goias.gov.br\/meioambiente\/wp-content\/uploads\/sites\/33\/2015\/05\/Resumo_Executivo2019-b9f.pdf\" target=\"_blank\" rel=\"noreferrer noopener\">Resumo Executivo<\/a> do Plano de Manejo<\/p>\n\n\n\n<figure class=\"wp-block-image size-full\"><a href=\"https:\/\/goias.gov.br\/meioambiente\/wp-content\/uploads\/sites\/33\/2015\/05\/Plano_Manejo-e93.pdf\" target=\"_blank\" rel=\" noreferrer noopener\"><img decoding=\"async\" src=\"https:\/\/goias.gov.br\/parquesdegoias\/wp-content\/uploads\/sites\/70\/2024\/07\/plano-manejo-joao-leite.png\" alt=\"\" class=\"wp-image-2203\"\/><\/a><\/figure>\n\n\n\n<p><br><a href=\"https:\/\/goias.gov.br\/meioambiente\/wp-content\/uploads\/sites\/33\/2015\/05\/Plano_Manejo-e93.pdf\" data-type=\"link\" data-id=\"https:\/\/goias.gov.br\/meioambiente\/wp-content\/uploads\/sites\/33\/2015\/05\/Plano_Manejo-e93.pdf\" target=\"_blank\" rel=\"noreferrer noopener\">Plano de Manejo da \u00c1rea de Prote\u00e7\u00e3o Ambiental<\/a> \u2013 APA Jo\u00e3o Leite<\/p>\n\n\n\n<figure class=\"wp-block-image size-full\"><a href=\"https:\/\/goias.gov.br\/meioambiente\/wp-content\/uploads\/sites\/33\/2015\/05\/Portaria_119_2019_SEMAD-03c.pdf\" target=\"_blank\" rel=\" noreferrer noopener\"><img decoding=\"async\" src=\"https:\/\/goias.gov.br\/parquesdegoias\/wp-content\/uploads\/sites\/70\/2024\/07\/portaria-joao-leite.png\" alt=\"\" class=\"wp-image-2204\"\/><\/a><\/figure>\n\n\n\n<p><br><a href=\"https:\/\/goias.gov.br\/meioambiente\/wp-content\/uploads\/sites\/33\/2015\/05\/Portaria_119_2019_SEMAD-03c.pdf\" data-type=\"link\" data-id=\"https:\/\/goias.gov.br\/meioambiente\/wp-content\/uploads\/sites\/33\/2015\/05\/Portaria_119_2019_SEMAD-03c.pdf\" target=\"_blank\" rel=\"noreferrer noopener\">Portaria de revis\u00e3o<\/a> do Plano de Manejo da \u00c1rea de Prote\u00e7\u00e3o Ambiental \u2013 APA Jo\u00e3o Leite<\/p>\n\n\n\n<p><\/p>\n\n\n\n<p id=\"contatos\"><strong>CONTATOS<\/strong><\/p>\n\n\n\n<p>Superintend\u00eancia de Unidades de Conserva\u00e7\u00e3o, Biodiversidade e Emerg\u00eancias Ambientais \u2013 SUC: (62) 9 9102-3794<br>Ger\u00eancia de Implanta\u00e7\u00e3o e Manejo de Unidades de Conserva\u00e7\u00e3o \u2013 GEMUC: (62) 9 9696-0331 <br>Ger\u00eancia de Cria\u00e7\u00e3o, Regulariza\u00e7\u00e3o Fundi\u00e1ria e Suporte \u00e0 Gest\u00e3o de Unidades de Conserva\u00e7\u00e3o \u2013 GEREF: (62) 9 9952-2041<br>Coordenador (a) da Unidade de Conserva\u00e7\u00e3o: Karoline Ribeiro de Moraes da Cunha<br>E-mail: karoline.cunha@goias.gov.br \/ peamp.meioambiente@goias.gov.br<\/p>\n\n\n\n<p><\/p>\n\n\n\n<figure class=\"wp-block-gallery has-nested-images columns-default is-cropped wp-block-gallery-7 is-layout-flex wp-block-gallery-is-layout-flex\">\n<figure class=\"wp-block-image size-large\"><img decoding=\"async\" data-id=\"695\" src=\"https:\/\/goias.gov.br\/parquesdegoias\/wp-content\/uploads\/sites\/70\/2024\/07\/DSC0091-1024x683.jpg\" alt=\"\" class=\"wp-image-695\"\/><\/figure>\n\n\n\n<figure class=\"wp-block-image size-large\"><img decoding=\"async\" data-id=\"696\" src=\"https:\/\/goias.gov.br\/parquesdegoias\/wp-content\/uploads\/sites\/70\/2024\/07\/DJI_0480-1024x576.jpg\" alt=\"\" class=\"wp-image-696\"\/><\/figure>\n<\/figure>\n\n\n\n<p><\/p>\n\n\n<div class=\"wp-block-image\">\n<figure class=\"aligncenter size-large\"><img decoding=\"async\" src=\"https:\/\/goias.gov.br\/parquesdegoias\/wp-content\/uploads\/sites\/70\/2024\/07\/DSC0624-1024x683.jpg\" alt=\"\" class=\"wp-image-694\"\/><\/figure>\n<\/div>\n\n\n<p><\/p>\n\n\n\n<figure class=\"wp-block-gallery has-nested-images columns-default is-cropped wp-block-gallery-8 is-layout-flex wp-block-gallery-is-layout-flex\">\n<figure class=\"wp-block-image size-large\"><img decoding=\"async\" data-id=\"691\" src=\"https:\/\/goias.gov.br\/parquesdegoias\/wp-content\/uploads\/sites\/70\/2024\/07\/DSC0631-1024x683.jpg\" alt=\"\" class=\"wp-image-691\"\/><\/figure>\n\n\n\n<figure class=\"wp-block-image size-large\"><img decoding=\"async\" data-id=\"692\" src=\"https:\/\/goias.gov.br\/parquesdegoias\/wp-content\/uploads\/sites\/70\/2024\/07\/DSC0639-1024x683.jpg\" alt=\"\" class=\"wp-image-692\"\/><\/figure>\n<\/figure>\n","protected":false},"featured_media":675,"template":"","meta":[],"tipo":[23],"class_list":["post-26","parque-apa-e-unidade","type-parque-apa-e-unidade","status-publish","has-post-thumbnail","hentry","tipo-areas-de-protecao-ambiental"],"acf":[],"_links":{"self":[{"href":"https:\/\/goias.gov.br\/parquesdegoias\/wp-json\/wp\/v2\/parque-apa-e-unidade\/26","targetHints":{"allow":["GET"]}}],"collection":[{"href":"https:\/\/goias.gov.br\/parquesdegoias\/wp-json\/wp\/v2\/parque-apa-e-unidade"}],"about":[{"href":"https:\/\/goias.gov.br\/parquesdegoias\/wp-json\/wp\/v2\/types\/parque-apa-e-unidade"}],"wp:featuredmedia":[{"embeddable":true,"href":"https:\/\/goias.gov.br\/parquesdegoias\/wp-json\/"}],"wp:attachment":[{"href":"https:\/\/goias.gov.br\/parquesdegoias\/wp-json\/wp\/v2\/media?parent=26"}],"wp:term":[{"taxonomy":"tipo","embeddable":true,"href":"https:\/\/goias.gov.br\/parquesdegoias\/wp-json\/wp\/v2\/tipo?post=26"}],"curies":[{"name":"wp","href":"https:\/\/api.w.org\/{rel}","templated":true}]}}