
{"id":24,"date":"2024-07-24T09:54:04","date_gmt":"2024-07-24T12:54:04","guid":{"rendered":"https:\/\/goias.gov.br\/parquesdegoias\/?post_type=parque-apa-e-unidade&#038;p=24"},"modified":"2026-04-16T09:54:11","modified_gmt":"2026-04-16T12:54:11","slug":"apa-dr-sulivan-silvestre","status":"publish","type":"parque-apa-e-unidade","link":"https:\/\/goias.gov.br\/parquesdegoias\/parque-apa-e-unidade\/apa-dr-sulivan-silvestre\/","title":{"rendered":"APA Dr. Sulivan Silvestre"},"content":{"rendered":"\n<p id=\"historia\"><strong>HIST\u00d3RIA<\/strong><\/p>\n\n\n\n<p>Entre os munic\u00edpios de Moss\u00e2medes e Goi\u00e1s, uma majestosa serra motivou a cria\u00e7\u00e3o de uma \u00e1rea protegida para ter suas belezas naturais preservadas. A Serra Dourada, emblem\u00e1tica para o in\u00edcio da civiliza\u00e7\u00e3o moderna goiana, com toda sua riqueza geol\u00f3gica, de fauna e flora, est\u00e1 protegida pela demarca\u00e7\u00e3o da unidade de conserva\u00e7\u00e3o, que recebeu uma \u00c1rea de Prote\u00e7\u00e3o Ambiental.<\/p>\n\n\n\n<p><\/p>\n\n\n<div class=\"wp-block-image\">\n<figure class=\"aligncenter size-large\"><img decoding=\"async\" src=\"https:\/\/goias.gov.br\/parquesdegoias\/wp-content\/uploads\/sites\/70\/2024\/07\/DJI_0280-1024x768.jpg\" alt=\"\" class=\"wp-image-701\"\/><\/figure>\n<\/div>\n\n\n<p><\/p>\n\n\n\n<figure class=\"wp-block-gallery has-nested-images columns-default is-cropped wp-block-gallery-2 is-layout-flex wp-block-gallery-is-layout-flex\">\n<figure class=\"wp-block-image size-large\"><img decoding=\"async\" data-id=\"702\" src=\"https:\/\/goias.gov.br\/parquesdegoias\/wp-content\/uploads\/sites\/70\/2024\/07\/DJI_0801-1024x576.jpg\" alt=\"\" class=\"wp-image-702\"\/><\/figure>\n\n\n\n<figure class=\"wp-block-image size-large\"><img decoding=\"async\" data-id=\"703\" src=\"https:\/\/goias.gov.br\/parquesdegoias\/wp-content\/uploads\/sites\/70\/2024\/07\/DJI_0831-1024x576.jpg\" alt=\"\" class=\"wp-image-703\"\/><\/figure>\n<\/figure>\n\n\n\n<p><\/p>\n\n\n\n<p id=\"objetivos\"><strong>OBJETIVOS<\/strong><\/p>\n\n\n\n<p>A APA Dr. Sulivan Silvestre possui 16.851 hectares onde 58,48% da sua totalidade est\u00e1 sobreposta ao parque e as demais \u00e1reas envolvem os seus arredores. Sua cria\u00e7\u00e3o contribui para a preserva\u00e7\u00e3o da flora, fauna, dos mananciais que integram a sua demarca\u00e7\u00e3o e a geologia peculiar que rende belezas cenogr\u00e1ficas diferenciadas. A vegeta\u00e7\u00e3o caracter\u00edstica da regi\u00e3o \u00e9 composta por floresta estacional e floresta estacional decidual.<\/p>\n\n\n\n<p><\/p>\n\n\n\n<figure class=\"wp-block-gallery has-nested-images columns-default is-cropped wp-block-gallery-3 is-layout-flex wp-block-gallery-is-layout-flex\">\n<figure class=\"wp-block-image size-large\"><img decoding=\"async\" data-id=\"704\" src=\"https:\/\/goias.gov.br\/parquesdegoias\/wp-content\/uploads\/sites\/70\/2024\/07\/MG_3981-1024x683.jpg\" alt=\"\" class=\"wp-image-704\"\/><\/figure>\n\n\n\n<figure class=\"wp-block-image size-large\"><img decoding=\"async\" data-id=\"705\" src=\"https:\/\/goias.gov.br\/parquesdegoias\/wp-content\/uploads\/sites\/70\/2024\/07\/MG_3989-1024x683.jpg\" alt=\"\" class=\"wp-image-705\"\/><\/figure>\n<\/figure>\n\n\n\n<p><\/p>\n\n\n<div class=\"wp-block-image\">\n<figure class=\"aligncenter size-large\"><img decoding=\"async\" src=\"https:\/\/goias.gov.br\/parquesdegoias\/wp-content\/uploads\/sites\/70\/2024\/07\/MG_3986-1024x683.jpg\" alt=\"\" class=\"wp-image-706\"\/><\/figure>\n<\/div>\n\n\n<p><\/p>\n\n\n\n<p id=\"informacoes\"><strong>INFORMA\u00c7\u00d5ES GERAIS<\/strong><\/p>\n\n\n\n<p>Em seu decreto de cria\u00e7\u00e3o, foram elencadas as atividades proibidas de serem executadas na APA. Atividades miner\u00e1rias de qualquer natureza e industriais s\u00e3o vetadas. Bem como obras de terraplanagem e abertura de canais sem licenciamento pr\u00e9vio do \u00f3rg\u00e3o ambiental. S\u00e3o proibidas atividades explorat\u00f3rias da fauna e flora que comp\u00f5em a unidade de conserva\u00e7\u00e3o. Tamb\u00e9m est\u00e3o proibidos o despejo de qualquer efluente e res\u00edduo in natura nos cursos d&#8217;\u00e1gua da APA, e o uso de biocidas em desacordo com as normas ou recomenda\u00e7\u00f5es t\u00e9cnicas.<\/p>\n\n\n\n<p><\/p>\n\n\n\n<p id=\"legislacao\"><strong>LEGISLA\u00c7\u00c3O<\/strong><\/p>\n\n\n\n<p><a href=\"https:\/\/legisla.casacivil.go.gov.br\/pesquisa_legislacao\/62095\/decreto-4866\" data-type=\"link\" data-id=\"https:\/\/legisla.casacivil.go.gov.br\/pesquisa_legislacao\/62095\/decreto-4866\">Decreto Estadual n\u00ba 4.866, de 12 de fevereiro de 1998<\/a> &#8211; Cria a APA Sullivan Silvestre<br><a href=\"https:\/\/legisla.casacivil.go.gov.br\/pesquisa_legislacao\/61741\/decreto-5169\" data-type=\"link\" data-id=\"https:\/\/legisla.casacivil.go.gov.br\/pesquisa_legislacao\/61741\/decreto-5169\">Decreto Estadual n\u00ba 5.169, de 28 de janeiro de 2000<\/a> &#8211; Estabelece os limites da APA<br><a href=\"https:\/\/legisla.casacivil.go.gov.br\/pesquisa_legislacao\/81641\/lei-14075\" data-type=\"link\" data-id=\"https:\/\/legisla.casacivil.go.gov.br\/pesquisa_legislacao\/81641\/lei-14075\">Lei Estadual n\u00ba 14.075, de 28 de dezembro de 2001<\/a> &#8211; Confere outra denomina\u00e7\u00e3o \u00e0 APA<\/p>\n\n\n\n<p><\/p>\n\n\n\n<p id=\"localizacao\"><strong>LOCALIZA\u00c7\u00c3O<\/strong><\/p>\n\n\n\n<p>Localiza-se nos munic\u00edpios de Moss\u00e2medes e cidade de Goi\u00e1s.<\/p>\n\n\n\n        <div style=\"margin-top: 30px\">\r\n        <iframe\r\n            src=\"https:\/\/siga.meioambiente.go.gov.br\/maps\/757\/embed\"\r\n            width=\"100%\"\r\n            height=\"500px\"\r\n            style=\"border: none;\">\r\n        <\/iframe>\r\n    <\/div>\r\n\r\n\n\n\n\n<section id=\"atrativos\" class=\"wp-block-group\">\n\n\n\n<p><strong>ATRATIVOS<\/strong><\/p>\n\n\n\n<p>O principal atrativo da APA Dr. Sulivan Silvestre \u00e9 o Parque Estadual da Serra Dourada. A experi\u00eancia de explorar a Serra Dourada, com estradas vicinais que conduzem a cidades de pedras esculpidas pela a\u00e7\u00e3o do vento e da chuva; por areias que inspiraram artistas locais e extrair das suas variedades de cores mat\u00e9ria-prima para suas obras; visitar mirantes que lan\u00e7am o olhar a perder de vista; refrescar-se em cursos d&#8217;\u00e1gua rasos em meio \u00e0 natureza s\u00e3o permitidos em uma incurs\u00e3o pela unidade de conserva\u00e7\u00e3o.<\/p>\n\n\n\n<p><\/p>\n\n\n<div class=\"wp-block-image\">\n<figure class=\"aligncenter size-large\"><img decoding=\"async\" src=\"https:\/\/goias.gov.br\/parquesdegoias\/wp-content\/uploads\/sites\/70\/2024\/07\/MG_3871-1024x683.jpg\" alt=\"\" class=\"wp-image-711\"\/><\/figure>\n<\/div>\n\n\n<p><\/p>\n\n\n\n<figure class=\"wp-block-gallery has-nested-images columns-default is-cropped wp-block-gallery-4 is-layout-flex wp-block-gallery-is-layout-flex\">\n<figure class=\"wp-block-image size-large\"><img decoding=\"async\" data-id=\"708\" src=\"https:\/\/goias.gov.br\/parquesdegoias\/wp-content\/uploads\/sites\/70\/2024\/07\/MG_3425-1024x683.jpg\" alt=\"\" class=\"wp-image-708\"\/><\/figure>\n\n\n\n<figure class=\"wp-block-image size-large\"><img decoding=\"async\" data-id=\"709\" src=\"https:\/\/goias.gov.br\/parquesdegoias\/wp-content\/uploads\/sites\/70\/2024\/07\/MG_3961-1024x683.jpg\" alt=\"\" class=\"wp-image-709\"\/><\/figure>\n<\/figure>\n\n\n\n<p><\/p>\n\n\n<div class=\"wp-block-image\">\n<figure class=\"aligncenter size-large\"><img decoding=\"async\" src=\"https:\/\/goias.gov.br\/parquesdegoias\/wp-content\/uploads\/sites\/70\/2024\/07\/MG_3743-1024x683.jpg\" alt=\"\" class=\"wp-image-710\"\/><\/figure>\n<\/div>\n\n\n<p><\/p>\n\n\n\n<figure class=\"wp-block-gallery has-nested-images columns-default is-cropped wp-block-gallery-5 is-layout-flex wp-block-gallery-is-layout-flex\">\n<figure class=\"wp-block-image size-large\"><img decoding=\"async\" data-id=\"713\" src=\"https:\/\/goias.gov.br\/parquesdegoias\/wp-content\/uploads\/sites\/70\/2024\/07\/MG_3980-1024x683.jpg\" alt=\"\" class=\"wp-image-713\"\/><\/figure>\n\n\n\n<figure class=\"wp-block-image size-large\"><img decoding=\"async\" data-id=\"712\" src=\"https:\/\/goias.gov.br\/parquesdegoias\/wp-content\/uploads\/sites\/70\/2024\/07\/MG_4007-683x1024.jpg\" alt=\"\" class=\"wp-image-712\"\/><\/figure>\n<\/figure>\n\n\n\n<\/section>\n\n\n\n<section id=\"visitacao\" class=\"wp-block-group\">\n\n\n\n<p><strong>VISITA\u00c7\u00c3O<\/strong><\/p>\n\n\n\n<p>A APA Dr. Sulivan est\u00e1 situada majoritariamente em \u00e1rea de propriedades particulares, portanto o acesso a essas \u00e1reas est\u00e1 condicionada a autoriza\u00e7\u00e3o pr\u00e9via de seus propriet\u00e1rios e\/ ou vinculadas as normas dos respectivos estabelecimentos credenciados ao atendimento ao turista.<\/p>\n\n\n\n<\/section>\n\n\n\n<p><\/p>\n\n\n\n<p><strong>ORIENTA\u00c7\u00d5ES GERAIS<\/strong><\/p>\n\n\n\n<p>Na APA da Dr. Sulivan Silvestre, ficam proibidas:<\/p>\n\n\n\n<ul class=\"wp-block-list\">\n<li>A implanta\u00e7\u00e3o de atividades industriais ou miner\u00e1rias de qualquer natureza;<\/li>\n\n\n\n<li>A realiza\u00e7\u00e3o de obras de terraplanagem e a abertura de canais, sem licenciamento pr\u00e9vio do \u00f3rg\u00e3o ambiental;<\/li>\n\n\n\n<li>A implanta\u00e7\u00e3o e o exerc\u00edcio de atividades capazes de provocar eros\u00e3o ou assoreamento de cursos de \u00e1gua;<\/li>\n\n\n\n<li>O exerc\u00edcio de atividades que impliquem matan\u00e7a, captura ou molestamento de esp\u00e9cies da fauna da regi\u00e3o;<\/li>\n\n\n\n<li>O despejo, nos cursos d\u00b4\u00e1gua abrangidos pela APA, de quaisquer efluentes, res\u00edduos ou detritos in natura;<\/li>\n\n\n\n<li>O uso de biocidas, quando indiscriminado ou em desacordo com as normas ou recomenda\u00e7\u00f5es t\u00e9cnicas;<\/li>\n\n\n\n<li>A implanta\u00e7\u00e3o de condom\u00ednios ou loteamentos, rurais ou urbanos, sem a apresenta\u00e7\u00e3o e aprova\u00e7\u00e3o de estudo de impacto ambiental e relat\u00f3rio de impacto ambiental EIA\/RIMA.<\/li>\n<\/ul>\n\n\n\n<p><\/p>\n\n\n\n<p id=\"contatos\"><strong>CONTATOS<\/strong><\/p>\n\n\n\n<p>Superintend\u00eancia de Unidades de Conserva\u00e7\u00e3o, Biodiversidade e Emerg\u00eancias Ambientais \u2013 SUC: (62) 9 9102-3794<br>Ger\u00eancia de Implanta\u00e7\u00e3o e Manejo de Unidades de Conserva\u00e7\u00e3o \u2013 GEMUC: (62) 9 9696-0331<br>Ger\u00eancia de Cria\u00e7\u00e3o, Regulariza\u00e7\u00e3o Fundi\u00e1ria e Suporte \u00e0 Gest\u00e3o de Unidades de Conserva\u00e7\u00e3o \u2013 GEREF: (62) 9 9952-2041<br>Coordenador da Unidade de Conserva\u00e7\u00e3o: Maur\u00edcio da Veiga Jardim Jacomo<br>E-mail: mauricio.jacomo@goias.gov.br \/ apasulivansilvetre.meioambiente@goias.gov.br<\/p>\n\n\n\n<p><\/p>\n\n\n\n<figure class=\"wp-block-gallery has-nested-images columns-default is-cropped wp-block-gallery-6 is-layout-flex wp-block-gallery-is-layout-flex\">\n<figure class=\"wp-block-image size-large\"><img decoding=\"async\" data-id=\"721\" src=\"https:\/\/goias.gov.br\/parquesdegoias\/wp-content\/uploads\/sites\/70\/2024\/07\/MG_3735-1024x683.jpg\" alt=\"\" class=\"wp-image-721\"\/><\/figure>\n\n\n\n<figure class=\"wp-block-image size-large\"><img decoding=\"async\" data-id=\"720\" src=\"https:\/\/goias.gov.br\/parquesdegoias\/wp-content\/uploads\/sites\/70\/2024\/07\/MG_3996-1024x683.jpg\" alt=\"\" class=\"wp-image-720\"\/><\/figure>\n<\/figure>\n\n\n\n<p><\/p>\n\n\n<div class=\"wp-block-image\">\n<figure class=\"aligncenter size-large\"><img decoding=\"async\" src=\"https:\/\/goias.gov.br\/parquesdegoias\/wp-content\/uploads\/sites\/70\/2024\/07\/MG_3739-1024x683.jpg\" alt=\"\" class=\"wp-image-719\"\/><\/figure>\n<\/div>\n\n\n<p><\/p>\n\n\n\n<figure class=\"wp-block-gallery has-nested-images columns-default is-cropped wp-block-gallery-7 is-layout-flex wp-block-gallery-is-layout-flex\">\n<figure class=\"wp-block-image size-large\"><img decoding=\"async\" data-id=\"718\" src=\"https:\/\/goias.gov.br\/parquesdegoias\/wp-content\/uploads\/sites\/70\/2024\/07\/MG_3394-1024x683.jpg\" alt=\"\" class=\"wp-image-718\"\/><\/figure>\n\n\n\n<figure class=\"wp-block-image size-large\"><img decoding=\"async\" data-id=\"717\" src=\"https:\/\/goias.gov.br\/parquesdegoias\/wp-content\/uploads\/sites\/70\/2024\/07\/MG_3977-1024x683.jpg\" alt=\"\" class=\"wp-image-717\"\/><\/figure>\n<\/figure>\n\n\n\n<p><\/p>\n\n\n<div class=\"wp-block-image\">\n<figure class=\"aligncenter size-large\"><img decoding=\"async\" src=\"https:\/\/goias.gov.br\/parquesdegoias\/wp-content\/uploads\/sites\/70\/2024\/07\/DSC0930-1024x683.jpg\" alt=\"\" class=\"wp-image-716\"\/><\/figure>\n<\/div>\n\n\n<p><\/p>\n\n\n\n<figure class=\"wp-block-gallery has-nested-images columns-default is-cropped wp-block-gallery-8 is-layout-flex wp-block-gallery-is-layout-flex\">\n<figure class=\"wp-block-image size-large\"><img decoding=\"async\" data-id=\"715\" src=\"https:\/\/goias.gov.br\/parquesdegoias\/wp-content\/uploads\/sites\/70\/2024\/07\/DSC0939-1024x683.jpg\" alt=\"\" class=\"wp-image-715\"\/><\/figure>\n\n\n\n<figure class=\"wp-block-image size-large\"><img decoding=\"async\" data-id=\"714\" src=\"https:\/\/goias.gov.br\/parquesdegoias\/wp-content\/uploads\/sites\/70\/2024\/07\/MG_3866-1024x683.jpg\" alt=\"\" class=\"wp-image-714\"\/><\/figure>\n<\/figure>\n","protected":false},"featured_media":700,"template":"","meta":[],"tipo":[23],"class_list":["post-24","parque-apa-e-unidade","type-parque-apa-e-unidade","status-publish","has-post-thumbnail","hentry","tipo-areas-de-protecao-ambiental"],"acf":[],"_links":{"self":[{"href":"https:\/\/goias.gov.br\/parquesdegoias\/wp-json\/wp\/v2\/parque-apa-e-unidade\/24","targetHints":{"allow":["GET"]}}],"collection":[{"href":"https:\/\/goias.gov.br\/parquesdegoias\/wp-json\/wp\/v2\/parque-apa-e-unidade"}],"about":[{"href":"https:\/\/goias.gov.br\/parquesdegoias\/wp-json\/wp\/v2\/types\/parque-apa-e-unidade"}],"wp:featuredmedia":[{"embeddable":true,"href":"https:\/\/goias.gov.br\/parquesdegoias\/wp-json\/"}],"wp:attachment":[{"href":"https:\/\/goias.gov.br\/parquesdegoias\/wp-json\/wp\/v2\/media?parent=24"}],"wp:term":[{"taxonomy":"tipo","embeddable":true,"href":"https:\/\/goias.gov.br\/parquesdegoias\/wp-json\/wp\/v2\/tipo?post=24"}],"curies":[{"name":"wp","href":"https:\/\/api.w.org\/{rel}","templated":true}]}}