
{"id":20,"date":"2024-07-24T09:53:00","date_gmt":"2024-07-24T12:53:00","guid":{"rendered":"https:\/\/goias.gov.br\/parquesdegoias\/?post_type=parque-apa-e-unidade&#038;p=20"},"modified":"2026-04-16T09:28:18","modified_gmt":"2026-04-16T12:28:18","slug":"serra-dourada-pesd","status":"publish","type":"parque-apa-e-unidade","link":"https:\/\/goias.gov.br\/parquesdegoias\/parque-apa-e-unidade\/serra-dourada-pesd\/","title":{"rendered":"Parque Estadual da Serra Dourada (PESD)"},"content":{"rendered":"\n<p id=\"historia\"><strong>HIST\u00d3RIA<\/strong><\/p>\n\n\n\n<p>Uma imponente serra, que envolve a hist\u00f3rica cidade de Goi\u00e1s como uma muralha natural, e que ganha tons dourados ao refletir os raios do p\u00f4r-do-sol, recebeu a delimita\u00e7\u00e3o de um parque para proteg\u00ea-la da a\u00e7\u00e3o humana. O Parque Estadual da Serra Dourada (PESD) se estende pelos munic\u00edpios de Cidade de Goi\u00e1s, Moss\u00e2medes e Buriti de Goi\u00e1s, abrangendo uma \u00e1rea de aproximadamente 30 mil hectares.<\/p>\n\n\n\n<p>Sob os seus limites, est\u00e1 totalmente envolvida a Serra Dourada, que atraiu a aten\u00e7\u00e3o dos bandeirantes na \u00e9poca em que buscavam riquezas pelo interior do pa\u00eds. Aos p\u00e9s da Serra foi estabelecido um importante arraial, que veio a se tornar a primeira capital do Estado.<\/p>\n\n\n\n<p>D\u00e9cadas se passaram at\u00e9 que em 2003 o Governo de Goi\u00e1s criou por decreto (Decreto n\u00ba 5.768) o Parque Estadual da Serra Dourada. Um de seus objetivos principais \u00e9 preservar a integridade deste importante maci\u00e7o rochoso que chega a atingir 1.080 metros, em sua por\u00e7\u00e3o mais alta.<\/p>\n\n\n<div class=\"wp-block-image\">\n<figure class=\"aligncenter size-large\"><img decoding=\"async\" src=\"https:\/\/goias.gov.br\/parquesdegoias\/wp-content\/uploads\/sites\/70\/2024\/07\/MG_3894-1024x683.jpg\" alt=\"\" class=\"wp-image-1031\"\/><\/figure>\n<\/div>\n\n\n<figure class=\"wp-block-gallery has-nested-images columns-default is-cropped wp-block-gallery-2 is-layout-flex wp-block-gallery-is-layout-flex\">\n<figure class=\"wp-block-image size-large\"><img decoding=\"async\" data-id=\"1052\" src=\"https:\/\/goias.gov.br\/parquesdegoias\/wp-content\/uploads\/sites\/70\/2024\/07\/DSC0837-683x1024.jpg\" alt=\"\" class=\"wp-image-1052\"\/><\/figure>\n\n\n\n<figure class=\"wp-block-image size-large\"><img decoding=\"async\" data-id=\"1051\" src=\"https:\/\/goias.gov.br\/parquesdegoias\/wp-content\/uploads\/sites\/70\/2024\/07\/MG_3934-683x1024.jpg\" alt=\"\" class=\"wp-image-1051\"\/><\/figure>\n<\/figure>\n\n\n<div class=\"wp-block-image\">\n<figure class=\"aligncenter size-large\"><img decoding=\"async\" src=\"https:\/\/goias.gov.br\/parquesdegoias\/wp-content\/uploads\/sites\/70\/2024\/07\/MG_3924-1024x683.jpg\" alt=\"\" class=\"wp-image-1050\"\/><\/figure>\n<\/div>\n\n\n<figure class=\"wp-block-gallery has-nested-images columns-default is-cropped wp-block-gallery-3 is-layout-flex wp-block-gallery-is-layout-flex\">\n<figure class=\"wp-block-image size-large\"><img decoding=\"async\" data-id=\"1049\" src=\"https:\/\/goias.gov.br\/parquesdegoias\/wp-content\/uploads\/sites\/70\/2024\/07\/DSC0889-683x1024.jpg\" alt=\"\" class=\"wp-image-1049\"\/><\/figure>\n\n\n\n<figure class=\"wp-block-image size-large\"><img decoding=\"async\" data-id=\"1048\" src=\"https:\/\/goias.gov.br\/parquesdegoias\/wp-content\/uploads\/sites\/70\/2024\/07\/DSC0961-683x1024.jpg\" alt=\"\" class=\"wp-image-1048\"\/><\/figure>\n<\/figure>\n\n\n\n<p id=\"objetivos\"><strong>OBJETIVOS<\/strong><\/p>\n\n\n\n<p>O Parque Estadual da Serra Dourada possui um grande potencial a visita\u00e7\u00e3o, com cursos d&#8217;\u00e1gua envoltos em matas de galerias, mirantes, forma\u00e7\u00f5es rochosas peculiares organizadas de forma similar a uma cidade de pedra, grutas, e um areal que serve de inspira\u00e7\u00e3o para artistas locais, que encontraram na variedade de cores das areias, mat\u00e9ria-prima para suas obras. A SEMAD vem trabalhando para o estabelecimento da regulariza\u00e7\u00e3o fundi\u00e1ria do parque, para que todos estes potenciais atrativos sejam abertos \u00e0 visita\u00e7\u00e3o.<\/p>\n\n\n\n<figure class=\"wp-block-gallery has-nested-images columns-default is-cropped wp-block-gallery-4 is-layout-flex wp-block-gallery-is-layout-flex\">\n<figure class=\"wp-block-image size-large\"><img decoding=\"async\" data-id=\"1033\" src=\"https:\/\/goias.gov.br\/parquesdegoias\/wp-content\/uploads\/sites\/70\/2024\/07\/MG_3802-1024x683.jpg\" alt=\"\" class=\"wp-image-1033\"\/><\/figure>\n\n\n\n<figure class=\"wp-block-image size-large\"><img decoding=\"async\" data-id=\"1032\" src=\"https:\/\/goias.gov.br\/parquesdegoias\/wp-content\/uploads\/sites\/70\/2024\/07\/MG_3803-1024x683.jpg\" alt=\"\" class=\"wp-image-1032\"\/><\/figure>\n<\/figure>\n\n\n<div class=\"wp-block-image\">\n<figure class=\"aligncenter size-large\"><img decoding=\"async\" src=\"https:\/\/goias.gov.br\/parquesdegoias\/wp-content\/uploads\/sites\/70\/2024\/07\/MG_3838-1024x683.jpg\" alt=\"\" class=\"wp-image-1034\"\/><\/figure>\n<\/div>\n\n\n<figure class=\"wp-block-gallery has-nested-images columns-default is-cropped wp-block-gallery-5 is-layout-flex wp-block-gallery-is-layout-flex\">\n<figure class=\"wp-block-image size-large\"><img decoding=\"async\" data-id=\"1036\" src=\"https:\/\/goias.gov.br\/parquesdegoias\/wp-content\/uploads\/sites\/70\/2024\/07\/MG_3827-1024x683.jpg\" alt=\"\" class=\"wp-image-1036\"\/><\/figure>\n\n\n\n<figure class=\"wp-block-image size-large\"><img decoding=\"async\" data-id=\"1035\" src=\"https:\/\/goias.gov.br\/parquesdegoias\/wp-content\/uploads\/sites\/70\/2024\/07\/MG_3831-1024x683.jpg\" alt=\"\" class=\"wp-image-1035\"\/><\/figure>\n<\/figure>\n\n\n<div class=\"wp-block-image\">\n<figure class=\"aligncenter size-large\"><img decoding=\"async\" src=\"https:\/\/goias.gov.br\/parquesdegoias\/wp-content\/uploads\/sites\/70\/2024\/07\/DSC0868-1024x683.jpg\" alt=\"\" class=\"wp-image-1037\"\/><\/figure>\n<\/div>\n\n\n<figure class=\"wp-block-gallery has-nested-images columns-default is-cropped wp-block-gallery-6 is-layout-flex wp-block-gallery-is-layout-flex\">\n<figure class=\"wp-block-image size-large\"><img decoding=\"async\" data-id=\"1041\" src=\"https:\/\/goias.gov.br\/parquesdegoias\/wp-content\/uploads\/sites\/70\/2024\/07\/DSC0866-1-1024x683.jpg\" alt=\"\" class=\"wp-image-1041\"\/><\/figure>\n\n\n\n<figure class=\"wp-block-image size-large\"><img decoding=\"async\" data-id=\"1040\" src=\"https:\/\/goias.gov.br\/parquesdegoias\/wp-content\/uploads\/sites\/70\/2024\/07\/DSC0871-1-1024x683.jpg\" alt=\"\" class=\"wp-image-1040\"\/><\/figure>\n<\/figure>\n\n\n\n<p id=\"informacoes\"><strong>INFORMA\u00c7\u00d5ES GERAIS<\/strong><\/p>\n\n\n\n<p>A Serra Dourada tamb\u00e9m \u00e9 ber\u00e7o de algumas bacias hidrogr\u00e1ficas, sendo importante divisor entre duas delas e tamb\u00e9m os rios Uru e Fartura, que formam ao norte a bacia do Tocantins.<\/p>\n\n\n\n<p>O tipo de relevo da regi\u00e3o da Serra Dourada \u00e9 \u201cHog Back\u201d, que \u00e9 um fen\u00f4meno geomorfol\u00f3gico conhecido como abaulamento ou agrupamento de morros. Esse conjunto rochoso formado por meio de processos deformacionais de car\u00e1ter tect\u00f4nico, comp\u00f5em a atual conforma\u00e7\u00e3o como maci\u00e7o elevado. Mirantes naturais que surgem na subida da Serra permitem que essa caracter\u00edstica da forma\u00e7\u00e3o do relevo seja evidenciada. Uma sequ\u00eancia de morros se estende a perder de vista, proporcionando uma beleza c\u00eanica \u00fanica na regi\u00e3o.<\/p>\n\n\n\n<p>Outro ponto que conquista a aten\u00e7\u00e3o \u00e9 a rica composi\u00e7\u00e3o flor\u00edstica, que apresenta diferentes forma\u00e7\u00f5es fitofision\u00f4micas do Cerrado, tais como floresta semidec\u00eddua, floresta de galeria, buritizal, campo limpo, cerrado sensu stricto e cerrado rupestre. Nesta \u00e1rea pode ser encontrado o pau-papel (<em>Tibouchina papyrus<\/em>), \u00e1rvore end\u00eamica do Cerrado, considerada a \u00e1rvore s\u00edmbolo do estado de Goi\u00e1s. \u00c1rvore com grande potencial para ornamenta\u00e7\u00e3o, com tronco de textura peculiar caracterizada por finas l\u00e2minas que se assemelham ao papel de seda. A conserva\u00e7\u00e3o da esp\u00e9cie est\u00e1 assegurada nos Parques Estaduais Goianos Serra Dourada e Pireneus.<\/p>\n\n\n\n<figure class=\"wp-block-gallery has-nested-images columns-default is-cropped wp-block-gallery-7 is-layout-flex wp-block-gallery-is-layout-flex\">\n<figure class=\"wp-block-image size-large\"><img decoding=\"async\" data-id=\"1043\" src=\"https:\/\/goias.gov.br\/parquesdegoias\/wp-content\/uploads\/sites\/70\/2024\/07\/MG_3913-1024x683.jpg\" alt=\"\" class=\"wp-image-1043\"\/><\/figure>\n\n\n\n<figure class=\"wp-block-image size-large\"><img decoding=\"async\" data-id=\"1042\" src=\"https:\/\/goias.gov.br\/parquesdegoias\/wp-content\/uploads\/sites\/70\/2024\/07\/MG_3915-1024x683.jpg\" alt=\"\" class=\"wp-image-1042\"\/><\/figure>\n<\/figure>\n\n\n<div class=\"wp-block-image\">\n<figure class=\"aligncenter size-large\"><img decoding=\"async\" src=\"https:\/\/goias.gov.br\/parquesdegoias\/wp-content\/uploads\/sites\/70\/2024\/07\/MG_3936-1024x683.jpg\" alt=\"\" class=\"wp-image-1044\"\/><\/figure>\n<\/div>\n\n\n<figure class=\"wp-block-gallery has-nested-images columns-default is-cropped wp-block-gallery-8 is-layout-flex wp-block-gallery-is-layout-flex\">\n<figure class=\"wp-block-image size-large\"><img decoding=\"async\" data-id=\"1046\" src=\"https:\/\/goias.gov.br\/parquesdegoias\/wp-content\/uploads\/sites\/70\/2024\/07\/MG_3877-1024x683.jpg\" alt=\"\" class=\"wp-image-1046\"\/><\/figure>\n\n\n\n<figure class=\"wp-block-image size-large\"><img decoding=\"async\" data-id=\"1045\" src=\"https:\/\/goias.gov.br\/parquesdegoias\/wp-content\/uploads\/sites\/70\/2024\/07\/MG_3879-1024x683.jpg\" alt=\"\" class=\"wp-image-1045\"\/><\/figure>\n<\/figure>\n\n\n\n<p id=\"legislacao\"><strong>LEGISLA\u00c7\u00c3O<\/strong><\/p>\n\n\n\n<p><a href=\"https:\/\/legisla.casacivil.go.gov.br\/pesquisa_legislacao\/61308\/decreto-5768\" data-type=\"link\" data-id=\"https:\/\/legisla.casacivil.go.gov.br\/pesquisa_legislacao\/61308\/decreto-5768\">Decreto N\u00ba 5.768, de 05 de junho de 2003<\/a> &#8211; Cria\u00e7\u00e3o do Parque Estadual da Serra Dourada<\/p>\n\n\n\n<p id=\"localizacao\"><strong>LOCALIZA\u00c7\u00c3O<\/strong><\/p>\n\n\n\n<p>O acesso ao Parque Estadual da Serra Dourada se d\u00e1 pelo munic\u00edpio de Moss\u00e2medes, localizado a 151 quil\u00f4metros de Goi\u00e2nia, e 7,3 quil\u00f4metros do parque. A Reserva Biol\u00f3gica da UFG fica no topo da serra, onde pode ser recebido visitantes, mediante autoriza\u00e7\u00e3o pr\u00e9via.<\/p>\n\n\n\n        <div style=\"margin-top: 30px\">\r\n        <iframe\r\n            src=\"https:\/\/siga.meioambiente.go.gov.br\/maps\/735\/embed\"\r\n            width=\"100%\"\r\n            height=\"500px\"\r\n            style=\"border: none;\">\r\n        <\/iframe>\r\n    <\/div>\r\n\r\n\n\n\n\n<section id=\"visitacao\" class=\"wp-block-group\"><p><strong>VISITA\u00c7\u00c3O<\/strong><\/p>\n\n\n\n<p>Atualmente o Parque Estadual Serra Dourada est\u00e1 em processo de regulariza\u00e7\u00e3o fundi\u00e1ria, por isso a visita\u00e7\u00e3o do parque est\u00e1 restrita \u00e0 Reserva Biol\u00f3gica da Universidade Federal de Goi\u00e1s (UFG). Ressalta-se, no entanto, visita\u00e7\u00e3o s\u00f3 \u00e9 permitida mediante a autoriza\u00e7\u00e3o pr\u00e9via.<\/p><\/section>\n\n\n\n<p>Visitas t\u00e9cnicas, cient\u00edficas, de car\u00e1ter pedag\u00f3gico ou realizadas por grupos numerosos devem ser previamente agendadas junto \u00e0 administra\u00e7\u00e3o da unidade de conserva\u00e7\u00e3o. As orienta\u00e7\u00f5es para solicita\u00e7\u00e3o est\u00e3o dispon\u00edveis no link:&nbsp;<a href=\"https:\/\/goias.gov.br\/parquesdegoias\/autorizacoes\/\">https:\/\/goias.gov.br\/parquesdegoias\/autorizacoes\/<\/a>.<\/p>\n\n\n\n<p><strong>ORIENTA\u00c7\u00d5ES GERAIS<\/strong><\/p>\n\n\n\n<ul class=\"wp-block-list\">\n<li>Esteja preparado para a atividade que voc\u00ea deseja realizar.<\/li>\n\n\n\n<li>N\u00e3o saia da trilha.<\/li>\n\n\n\n<li>Traga \u00e1gua e lanche. Prefira frutas, castanhas ou sandu\u00edches leves.<\/li>\n\n\n\n<li>Utilize roupas adequadas, bon\u00e9 e cal\u00e7ado fechado.<\/li>\n\n\n\n<li>Use protetor solar e repelente contra insetos.<\/li>\n\n\n\n<li>Observe, mas n\u00e3o recolha flores, frutos ou pedras dos locais que voc\u00ea est\u00e1 visitando<\/li>\n\n\n\n<li>N\u00e3o alimente ou incomode os animais.<\/li>\n\n\n\n<li>Todo lixo que voc\u00ea produzir na trilha dever\u00e1 ser trazido de volta, inclusive o lixo org\u00e2nico.<\/li>\n\n\n\n<li>Tenha consci\u00eancia de que atividades em ambientes naturais envolvem alguns riscos, seja respons\u00e1vel pela sua seguran\u00e7a.<\/li>\n<\/ul>\n\n\n\n<section id=\"plano-de-manejo\" class=\"plano de manejo\">\n\n\n\n<p><strong>PLANO DE MANEJO INTEGRADO DO FOGO<\/strong><\/p>\n\n\n\n<figure class=\"wp-block-image size-large is-resized\"><a href=\"https:\/\/goias.gov.br\/parquesdegoias\/wp-content\/uploads\/sites\/70\/2026\/04\/Produto5_PMIF_PESD_v4.pdf\" target=\"_blank\" rel=\"https:\/\/drive.google.com\/file\/d\/1kO51iWJUzcbZ87iWke77tcQAMDbeEolc\/view noreferrer noopener\"><img fetchpriority=\"high\" decoding=\"async\" width=\"724\" height=\"1024\" src=\"https:\/\/goias.gov.br\/parquesdegoias\/wp-content\/uploads\/sites\/70\/2024\/07\/Produto5_PMIF_PESD_v4-1FFFF_page-0001-724x1024.jpg\" alt=\"\" class=\"wp-image-4591\" style=\"aspect-ratio:0.7077036490969406;width:358px;height:auto\" srcset=\"https:\/\/goias.gov.br\/parquesdegoias\/wp-content\/uploads\/sites\/70\/2024\/07\/Produto5_PMIF_PESD_v4-1FFFF_page-0001-724x1024.jpg 724w, https:\/\/goias.gov.br\/parquesdegoias\/wp-content\/uploads\/sites\/70\/2024\/07\/Produto5_PMIF_PESD_v4-1FFFF_page-0001-212x300.jpg 212w, https:\/\/goias.gov.br\/parquesdegoias\/wp-content\/uploads\/sites\/70\/2024\/07\/Produto5_PMIF_PESD_v4-1FFFF_page-0001-768x1086.jpg 768w, https:\/\/goias.gov.br\/parquesdegoias\/wp-content\/uploads\/sites\/70\/2024\/07\/Produto5_PMIF_PESD_v4-1FFFF_page-0001-1086x1536.jpg 1086w, https:\/\/goias.gov.br\/parquesdegoias\/wp-content\/uploads\/sites\/70\/2024\/07\/Produto5_PMIF_PESD_v4-1FFFF_page-0001-1448x2048.jpg 1448w\" sizes=\"(max-width: 724px) 100vw, 724px\" \/><\/a><\/figure>\n\n\n\n<p><a href=\"https:\/\/goias.gov.br\/parquesdegoias\/wp-content\/uploads\/sites\/70\/2026\/04\/Produto5_PMIF_PESD_v4.pdf\" data-type=\"link\" data-id=\"https:\/\/goias.gov.br\/parquesdegoias\/wp-content\/uploads\/sites\/70\/2026\/04\/Produto5_PMIF_PESD_v4.pdf\">Plano de Manejo Integrado do Fogo &#8211; Parque Estadual da Serra Dourada<\/a><\/p>\n\n\n\n<p id=\"contatos\"><strong>CONTATOS<\/strong><\/p>\n\n\n\n<p>Superintend\u00eancia de Unidades de Conserva\u00e7\u00e3o, Biodiversidade e Emerg\u00eancias Ambientais \u2013 SUC: (62) 9 9102-3794.<br>Ger\u00eancia de Implanta\u00e7\u00e3o e Manejo de Unidades de Conserva\u00e7\u00e3o \u2013 GEMUC: (62) 9 9696-0331.<br>Ger\u00eancia de Cria\u00e7\u00e3o, Regulariza\u00e7\u00e3o Fundi\u00e1ria e Suporte \u00e0 Gest\u00e3o de Unidades de Conserva\u00e7\u00e3o \u2013 GEREF : (62) 9 9952-2041.<br>Coordenador da Unidade de Conserva\u00e7\u00e3o: Maur\u00edcio da Veiga Jardim J\u00e1como<br>E-mail: mauricio.jacomo@goias.gov.br \/ pesd.meioambiente@goias.gov.br<\/p>\n","protected":false},"featured_media":1029,"template":"","meta":[],"tipo":[22],"class_list":["post-20","parque-apa-e-unidade","type-parque-apa-e-unidade","status-publish","has-post-thumbnail","hentry","tipo-parques-estaduais-de-goias"],"acf":[],"_links":{"self":[{"href":"https:\/\/goias.gov.br\/parquesdegoias\/wp-json\/wp\/v2\/parque-apa-e-unidade\/20","targetHints":{"allow":["GET"]}}],"collection":[{"href":"https:\/\/goias.gov.br\/parquesdegoias\/wp-json\/wp\/v2\/parque-apa-e-unidade"}],"about":[{"href":"https:\/\/goias.gov.br\/parquesdegoias\/wp-json\/wp\/v2\/types\/parque-apa-e-unidade"}],"wp:featuredmedia":[{"embeddable":true,"href":"https:\/\/goias.gov.br\/parquesdegoias\/wp-json\/"}],"wp:attachment":[{"href":"https:\/\/goias.gov.br\/parquesdegoias\/wp-json\/wp\/v2\/media?parent=20"}],"wp:term":[{"taxonomy":"tipo","embeddable":true,"href":"https:\/\/goias.gov.br\/parquesdegoias\/wp-json\/wp\/v2\/tipo?post=20"}],"curies":[{"name":"wp","href":"https:\/\/api.w.org\/{rel}","templated":true}]}}