
{"id":16,"date":"2024-07-24T09:53:00","date_gmt":"2024-07-24T12:53:00","guid":{"rendered":"https:\/\/goias.gov.br\/parquesdegoias\/?post_type=parque-apa-e-unidade&#038;p=16"},"modified":"2026-04-16T09:14:04","modified_gmt":"2026-04-16T12:14:04","slug":"pema-mata-atlantica-pema","status":"publish","type":"parque-apa-e-unidade","link":"https:\/\/goias.gov.br\/parquesdegoias\/parque-apa-e-unidade\/pema-mata-atlantica-pema\/","title":{"rendered":"Parque Estadual da Mata Atl\u00e2ntica (PEMA)"},"content":{"rendered":"\n<p id=\"historia\"><strong>HIST\u00d3RIA<\/strong><\/p>\n\n\n\n<p>Pr\u00f3ximo \u00e0 divisa com Minas Gerais, na regi\u00e3o Sul do Estado de Goi\u00e1s, um parque com caracter\u00edsticas pr\u00f3prias foi criado. Trata-se do Parque Estadual da Mata Atl\u00e2ntica (PEMA), que conserva resqu\u00edcios da Mata Atl\u00e2ntica em pleno Centro-Oeste brasileiro. Banhado pelo rio Parana\u00edba e pelas \u00e1guas verde esmeralda do Lago das Brisas, s\u00e3o destaques do PEMA a presen\u00e7a abundante de mata frondosa de grande porte, e a quantidade expressiva de \u00e1gua que margeia toda a extens\u00e3o do parque.<\/p>\n\n\n\n<p>O Parque da Mata Atl\u00e2ntica est\u00e1 localizado no munic\u00edpio goiano de \u00c1gua Limpa, h\u00e1 247 quil\u00f4metros da capital Goi\u00e2nia. Sua delimita\u00e7\u00e3o legal lhe conferiu pouco mais de 938 hectares (938,3528 hectares para ser exato), voltados para a preserva\u00e7\u00e3o de nascentes, mananciais, flora e fauna presentes na regi\u00e3o.<\/p>\n\n\n<div class=\"wp-block-image\">\n<figure class=\"aligncenter size-large\"><img decoding=\"async\" src=\"https:\/\/goias.gov.br\/parquesdegoias\/wp-content\/uploads\/sites\/70\/2024\/07\/DSC0104-1024x683.jpg\" alt=\"\" class=\"wp-image-898\"\/><\/figure>\n<\/div>\n\n\n<p><\/p>\n\n\n\n<figure class=\"wp-block-gallery has-nested-images columns-default is-cropped wp-block-gallery-2 is-layout-flex wp-block-gallery-is-layout-flex\">\n<figure class=\"wp-block-image size-large\"><img decoding=\"async\" data-id=\"899\" src=\"https:\/\/goias.gov.br\/parquesdegoias\/wp-content\/uploads\/sites\/70\/2024\/07\/DSC0041-1-1024x683.jpg\" alt=\"\" class=\"wp-image-899\"\/><\/figure>\n\n\n\n<figure class=\"wp-block-image size-large\"><img decoding=\"async\" data-id=\"900\" src=\"https:\/\/goias.gov.br\/parquesdegoias\/wp-content\/uploads\/sites\/70\/2024\/07\/DSC0061-1024x683.jpg\" alt=\"\" class=\"wp-image-900\"\/><\/figure>\n<\/figure>\n\n\n\n<p><\/p>\n\n\n<div class=\"wp-block-image\">\n<figure class=\"aligncenter size-large\"><img decoding=\"async\" src=\"https:\/\/goias.gov.br\/parquesdegoias\/wp-content\/uploads\/sites\/70\/2024\/07\/DSC0223-1-1024x683.jpg\" alt=\"\" class=\"wp-image-911\"\/><\/figure>\n<\/div>\n\n\n<p><\/p>\n\n\n\n<p id=\"objetivos\"><strong>OBJETIVOS<\/strong><\/p>\n\n\n\n<p>Destinada a preservar os resqu\u00edcios florestais com caracter\u00edsticas morfol\u00f3gicas do tipo Mata Atl\u00e2ntica, ocorrente na bacia do rio Parana\u00edba.<\/p>\n\n\n\n<p><\/p>\n\n\n<div class=\"wp-block-image\">\n<figure class=\"aligncenter size-large\"><img decoding=\"async\" src=\"https:\/\/goias.gov.br\/parquesdegoias\/wp-content\/uploads\/sites\/70\/2024\/07\/DSC0175-1024x683.jpg\" alt=\"\" class=\"wp-image-901\"\/><\/figure>\n<\/div>\n\n\n<p><\/p>\n\n\n\n<figure class=\"wp-block-gallery has-nested-images columns-default is-cropped wp-block-gallery-3 is-layout-flex wp-block-gallery-is-layout-flex\">\n<figure class=\"wp-block-image size-large\"><img decoding=\"async\" data-id=\"902\" src=\"https:\/\/goias.gov.br\/parquesdegoias\/wp-content\/uploads\/sites\/70\/2024\/07\/DSC0016-683x1024.jpg\" alt=\"\" class=\"wp-image-902\"\/><\/figure>\n\n\n\n<figure class=\"wp-block-image size-large\"><img decoding=\"async\" data-id=\"903\" src=\"https:\/\/goias.gov.br\/parquesdegoias\/wp-content\/uploads\/sites\/70\/2024\/07\/DSC0169-683x1024.jpg\" alt=\"\" class=\"wp-image-903\"\/><\/figure>\n<\/figure>\n\n\n\n<p><\/p>\n\n\n\n<p id=\"informacoes\"><strong>INFORMA\u00c7\u00d5ES GERAIS<\/strong><\/p>\n\n\n\n<p>S\u00e3o presentes na \u00e1rea delimitada pelo Parque Estadual da Mata Atl\u00e2ntica uma rara fauna composta por animais amea\u00e7ados de extin\u00e7\u00e3o como on\u00e7as, antas, lobos e demais esp\u00e9cies caracter\u00edsticas do bioma Cerrado.<\/p>\n\n\n\n<p>A flora do PEMA apresenta exemplares cl\u00e1ssicos da mata atl\u00e2ntica com destaque para as \u00e1rvores de grande porte: jatob\u00e1, jequitib\u00e1 e a peroba rosa. A regi\u00e3o tamb\u00e9m \u00e9 fortemente marcada pela presen\u00e7a de gameleiras, que despontam em meio aos ambientes florestais e pastagens.<\/p>\n\n\n\n<p>O PEMA diferencia-se dos demais parques estaduais por trazer esse exemplar \u00fanico de floresta densa e de grande porte, permitindo que as trilhas em meio a ela conduzam a passeios contemplativos, envoltos na sombra de copas t\u00e3o altas e imponentes.<br><br>Parcerias estabelecidas pela Secretaria Estadual de Meio Ambiente e Desenvolvimento Sustent\u00e1vel (SEMAD) com institui\u00e7\u00f5es de ensino superior t\u00eam permitido receber pesquisadores interessados em estudar o comportamento da fauna e flora presentes no Parque Estadual da Mata Atl\u00e2ntica. Como parte da infraestrutura dispon\u00edvel, a sede do Parque serve de alojamento para tais pesquisadores, que chegam a passar meses imersos em trabalhos de campo.<\/p>\n\n\n\n<p><\/p>\n\n\n\n<figure class=\"wp-block-gallery has-nested-images columns-default is-cropped wp-block-gallery-4 is-layout-flex wp-block-gallery-is-layout-flex\">\n<figure class=\"wp-block-image size-large\"><img decoding=\"async\" data-id=\"904\" src=\"https:\/\/goias.gov.br\/parquesdegoias\/wp-content\/uploads\/sites\/70\/2024\/07\/DSC0225-683x1024.jpg\" alt=\"\" class=\"wp-image-904\"\/><\/figure>\n\n\n\n<figure class=\"wp-block-image size-large\"><img decoding=\"async\" data-id=\"906\" src=\"https:\/\/goias.gov.br\/parquesdegoias\/wp-content\/uploads\/sites\/70\/2024\/07\/MG_9430-1024x683.jpg\" alt=\"\" class=\"wp-image-906\"\/><\/figure>\n<\/figure>\n\n\n\n<p><\/p>\n\n\n\n<p id=\"legislacao\"><strong>LEGISLA\u00c7\u00c3O<\/strong><\/p>\n\n\n\n<p><a href=\"https:\/\/legisla.casacivil.go.gov.br\/pesquisa_legislacao\/60662\/decreto-6442\" data-type=\"link\" data-id=\"https:\/\/legisla.casacivil.go.gov.br\/pesquisa_legislacao\/60662\/decreto-6442\">Decreto n\u00ba 6.442, de 12 de abril de 2006<\/a> &#8211; Cria o Parque Estadual da Mata Atl\u00e2ntica<\/p>\n\n\n\n<p><\/p>\n\n\n\n<p id=\"localizacao\"><strong>LOCALIZA\u00c7\u00c3O<\/strong><\/p>\n\n\n\n<p>O Parque Estadual da Mata Atl\u00e2ntica est\u00e1 localizado h\u00e1 247 quil\u00f4metros de Goi\u00e2nia e a 22 quil\u00f4metros do munic\u00edpio de \u00c1gua Limpa, sendo acessado via GO-309.<\/p>\n\n\n\n        <div style=\"margin-top: 30px\">\r\n        <iframe\r\n            src=\"https:\/\/siga.meioambiente.go.gov.br\/maps\/732\/embed\"\r\n            width=\"100%\"\r\n            height=\"500px\"\r\n            style=\"border: none;\">\r\n        <\/iframe>\r\n    <\/div>\r\n\r\n\n\n\n\n<section id=\"atrativos\" class=\"wp-block-group\"><p><strong>ATRATIVOS<\/strong><\/p>\n\n\n\n<p>O Parque Estadual da Mata Atl\u00e2ntica possui uma \u00e1rea vasta de vegeta\u00e7\u00e3o remanescente de mata atl\u00e2ntica, onde est\u00e3o preservadas esp\u00e9cies raras como a peroba rosa, \u00e1rvore que j\u00e1 foi s\u00edmbolo do Estado de Goi\u00e1s, e que impressiona pelo seu porte.<\/p>\n\n\n\n<p>Ele \u00e9 banhado pelas \u00e1guas verde esmeraldas do Lago das Brisas e possui mata ciliar preservada pela a\u00e7\u00e3o dos agentes de conserva\u00e7\u00e3o ambiental da Secretaria de Meio Ambiente e Desenvolvimento Sustent\u00e1vel, que fazem o monitoramento do acesso \u00e0 \u00e1rea, que \u00e9 restrita.<\/p>\n\n\n\n<p>Sua sede serve de abrigo a pesquisadores devidamente autorizados a desenvolverem seus trabalhos de campo na unidade de conserva\u00e7\u00e3o.<\/p>\n\n\n<div class=\"wp-block-image\">\n<figure class=\"aligncenter size-large\"><img decoding=\"async\" src=\"https:\/\/goias.gov.br\/parquesdegoias\/wp-content\/uploads\/sites\/70\/2024\/07\/DJI_0679-1024x576.jpg\" alt=\"\" class=\"wp-image-907\"\/><\/figure>\n<\/div>\n\n\n<p><\/p>\n\n\n\n<figure class=\"wp-block-gallery has-nested-images columns-default is-cropped wp-block-gallery-5 is-layout-flex wp-block-gallery-is-layout-flex\">\n<figure class=\"wp-block-image size-large\"><img decoding=\"async\" data-id=\"909\" src=\"https:\/\/goias.gov.br\/parquesdegoias\/wp-content\/uploads\/sites\/70\/2024\/07\/DSC0207-683x1024.jpg\" alt=\"\" class=\"wp-image-909\"\/><\/figure>\n\n\n\n<figure class=\"wp-block-image size-large\"><img decoding=\"async\" data-id=\"908\" src=\"https:\/\/goias.gov.br\/parquesdegoias\/wp-content\/uploads\/sites\/70\/2024\/07\/DSC0218-683x1024.jpg\" alt=\"\" class=\"wp-image-908\"\/><\/figure>\n<\/figure>\n\n\n\n<p><\/p>\n\n\n<div class=\"wp-block-image\">\n<figure class=\"aligncenter size-large\"><img decoding=\"async\" src=\"https:\/\/goias.gov.br\/parquesdegoias\/wp-content\/uploads\/sites\/70\/2024\/07\/DJI_0620-1024x576.jpg\" alt=\"\" class=\"wp-image-910\"\/><\/figure>\n<\/div>\n\n\n<figure class=\"wp-block-gallery has-nested-images columns-default is-cropped wp-block-gallery-6 is-layout-flex wp-block-gallery-is-layout-flex\">\n<figure class=\"wp-block-image size-large\"><img decoding=\"async\" data-id=\"922\" src=\"https:\/\/goias.gov.br\/parquesdegoias\/wp-content\/uploads\/sites\/70\/2024\/07\/DSC0273-1-683x1024.jpg\" alt=\"\" class=\"wp-image-922\"\/><\/figure>\n\n\n\n<figure class=\"wp-block-image size-large\"><img decoding=\"async\" data-id=\"921\" src=\"https:\/\/goias.gov.br\/parquesdegoias\/wp-content\/uploads\/sites\/70\/2024\/07\/DSC0278-683x1024.jpg\" alt=\"\" class=\"wp-image-921\"\/><\/figure>\n<\/figure>\n\n\n<div class=\"wp-block-image\">\n<figure class=\"aligncenter size-large\"><img decoding=\"async\" src=\"https:\/\/goias.gov.br\/parquesdegoias\/wp-content\/uploads\/sites\/70\/2024\/07\/MG_9404-1024x683.jpg\" alt=\"\" class=\"wp-image-920\"\/><\/figure>\n<\/div>\n\n\n<figure class=\"wp-block-gallery has-nested-images columns-default is-cropped wp-block-gallery-7 is-layout-flex wp-block-gallery-is-layout-flex\">\n<figure class=\"wp-block-image size-large\"><img decoding=\"async\" data-id=\"918\" src=\"https:\/\/goias.gov.br\/parquesdegoias\/wp-content\/uploads\/sites\/70\/2024\/07\/DSC0182-1024x683.jpg\" alt=\"\" class=\"wp-image-918\"\/><\/figure>\n\n\n\n<figure class=\"wp-block-image size-large\"><img decoding=\"async\" data-id=\"919\" src=\"https:\/\/goias.gov.br\/parquesdegoias\/wp-content\/uploads\/sites\/70\/2024\/07\/MG_9480-1024x683.jpg\" alt=\"\" class=\"wp-image-919\"\/><\/figure>\n<\/figure>\n\n\n\n<figure class=\"wp-block-gallery has-nested-images columns-default is-cropped wp-block-gallery-8 is-layout-flex wp-block-gallery-is-layout-flex\"><div class=\"wp-block-image\">\n<figure class=\"aligncenter size-large\"><img decoding=\"async\" data-id=\"917\" src=\"https:\/\/goias.gov.br\/parquesdegoias\/wp-content\/uploads\/sites\/70\/2024\/07\/MG_9353-1024x683.jpg\" alt=\"\" class=\"wp-image-917\"\/><\/figure>\n<\/div>\n\n\n<figure class=\"wp-block-image size-large\"><img decoding=\"async\" data-id=\"916\" src=\"https:\/\/goias.gov.br\/parquesdegoias\/wp-content\/uploads\/sites\/70\/2024\/07\/DSC0202-1024x683.jpg\" alt=\"\" class=\"wp-image-916\"\/><\/figure>\n\n\n\n<figure class=\"wp-block-image size-large\"><img decoding=\"async\" data-id=\"915\" src=\"https:\/\/goias.gov.br\/parquesdegoias\/wp-content\/uploads\/sites\/70\/2024\/07\/DJI_0662-1024x576.jpg\" alt=\"\" class=\"wp-image-915\"\/><\/figure>\n<\/figure>\n\n\n<div class=\"wp-block-image\">\n<figure class=\"aligncenter size-large\"><img decoding=\"async\" src=\"https:\/\/goias.gov.br\/parquesdegoias\/wp-content\/uploads\/sites\/70\/2024\/07\/DSC0175-1-1024x683.jpg\" alt=\"\" class=\"wp-image-914\"\/><\/figure>\n<\/div>\n\n\n<figure class=\"wp-block-gallery has-nested-images columns-default is-cropped wp-block-gallery-9 is-layout-flex wp-block-gallery-is-layout-flex\">\n<figure class=\"wp-block-image size-large\"><img decoding=\"async\" data-id=\"912\" src=\"https:\/\/goias.gov.br\/parquesdegoias\/wp-content\/uploads\/sites\/70\/2024\/07\/DSC0037-1024x683.jpg\" alt=\"\" class=\"wp-image-912\"\/><\/figure>\n\n\n\n<figure class=\"wp-block-image size-large\"><img decoding=\"async\" data-id=\"913\" src=\"https:\/\/goias.gov.br\/parquesdegoias\/wp-content\/uploads\/sites\/70\/2024\/07\/MG_9384-1024x683.jpg\" alt=\"\" class=\"wp-image-913\"\/><\/figure>\n<\/figure>\n\n\n\n<section id=\"visitacao\" class=\"wp-block-group\"><p><strong>VISITA\u00c7\u00c3O<\/strong><\/p>\n\n\n\n<p>O Parque Estadual da Mata Atl\u00e2ntica \u00e9 aberto \u00e0 visita\u00e7\u00e3o p\u00fablica.<\/p><\/section>\n\n\n\n<p>Visitas t\u00e9cnicas, cient\u00edficas, de car\u00e1ter pedag\u00f3gico ou realizadas por grupos numerosos devem ser previamente agendadas junto \u00e0 administra\u00e7\u00e3o da unidade de conserva\u00e7\u00e3o. As orienta\u00e7\u00f5es para solicita\u00e7\u00e3o est\u00e3o dispon\u00edveis no link:&nbsp;<a href=\"https:\/\/goias.gov.br\/parquesdegoias\/autorizacoes\/\">https:\/\/goias.gov.br\/parquesdegoias\/autorizacoes\/<\/a>.<\/p>\n\n\n\n<p id=\"contatos\"><strong>CONTATOS<\/strong><br><br>Superintend\u00eancia de Unidades de Conserva\u00e7\u00e3o, Biodiversidade e Emerg\u00eancias Ambientais \u2013 SUC: (62) 9 9102-3794.<br>Ger\u00eancia de Implanta\u00e7\u00e3o e Manejo de Unidades de Conserva\u00e7\u00e3o \u2013 GEMUC: (62) 99696-0331.<br>Ger\u00eancia de Cria\u00e7\u00e3o, Regulariza\u00e7\u00e3o Fundi\u00e1ria e Suporte \u00e0 Gest\u00e3o de Unidades de Conserva\u00e7\u00e3o \u2013 GEREF: (62) 9 9952-2041.<br>Coordenador(a) da Unidade de Conserva\u00e7\u00e3o: \u00c2ngela de F\u00e1tima Pereira Bispo<br>E-mail: angela.bispo@goias.gov.br \/ pema.meioambiente@goias.gov.br<\/p>\n","protected":false},"featured_media":895,"template":"","meta":[],"tipo":[22],"class_list":["post-16","parque-apa-e-unidade","type-parque-apa-e-unidade","status-publish","has-post-thumbnail","hentry","tipo-parques-estaduais-de-goias"],"acf":[],"_links":{"self":[{"href":"https:\/\/goias.gov.br\/parquesdegoias\/wp-json\/wp\/v2\/parque-apa-e-unidade\/16","targetHints":{"allow":["GET"]}}],"collection":[{"href":"https:\/\/goias.gov.br\/parquesdegoias\/wp-json\/wp\/v2\/parque-apa-e-unidade"}],"about":[{"href":"https:\/\/goias.gov.br\/parquesdegoias\/wp-json\/wp\/v2\/types\/parque-apa-e-unidade"}],"wp:featuredmedia":[{"embeddable":true,"href":"https:\/\/goias.gov.br\/parquesdegoias\/wp-json\/"}],"wp:attachment":[{"href":"https:\/\/goias.gov.br\/parquesdegoias\/wp-json\/wp\/v2\/media?parent=16"}],"wp:term":[{"taxonomy":"tipo","embeddable":true,"href":"https:\/\/goias.gov.br\/parquesdegoias\/wp-json\/wp\/v2\/tipo?post=16"}],"curies":[{"name":"wp","href":"https:\/\/api.w.org\/{rel}","templated":true}]}}