
{"id":39,"date":"2024-07-24T10:02:21","date_gmt":"2024-07-24T13:02:21","guid":{"rendered":"https:\/\/goias.gov.br\/parquesdegoias\/?page_id=39"},"modified":"2025-12-04T15:50:13","modified_gmt":"2025-12-04T18:50:13","slug":"contato","status":"publish","type":"page","link":"https:\/\/goias.gov.br\/parquesdegoias\/contato\/","title":{"rendered":"Contato"},"content":{"rendered":"\t\t<div data-elementor-type=\"wp-page\" data-elementor-id=\"39\" class=\"elementor elementor-39\">\n\t\t\t\t<div class=\"elementor-element elementor-element-28b98b8 e-flex e-con-boxed e-con e-parent\" data-id=\"28b98b8\" data-element_type=\"container\" data-e-type=\"container\" data-settings=\"{&quot;background_background&quot;:&quot;classic&quot;}\">\n\t\t\t\t\t<div class=\"e-con-inner\">\n\t\t\t\t\t<\/div>\n\t\t\t\t<\/div>\n\t\t<div class=\"elementor-element elementor-element-722332b e-flex e-con-boxed e-con e-parent\" data-id=\"722332b\" data-element_type=\"container\" data-e-type=\"container\">\n\t\t\t\t\t<div class=\"e-con-inner\">\n\t\t<div class=\"elementor-element elementor-element-d06eb0d e-con-full e-flex e-con e-child\" data-id=\"d06eb0d\" data-element_type=\"container\" data-e-type=\"container\">\n\t\t\t\t<div class=\"elementor-element elementor-element-ff715d0 elementor-widget elementor-widget-heading\" data-id=\"ff715d0\" data-element_type=\"widget\" data-e-type=\"widget\" data-widget_type=\"heading.default\">\n\t\t\t\t\t<h2 class=\"elementor-heading-title elementor-size-default\">Contatos<\/h2>\t\t\t\t<\/div>\n\t\t\t\t<div class=\"elementor-element elementor-element-79bdcb1 elementor-widget elementor-widget-text-editor\" data-id=\"79bdcb1\" data-element_type=\"widget\" data-e-type=\"widget\" data-widget_type=\"text-editor.default\">\n\t\t\t\t\t\t\t\t\t<div style=\"font-family: Arial, sans-serif; font-size: 12px; font-weight: 400; color: #000;\"><p style=\"margin-bottom: 1em;\"><span style=\"font-family: arial, helvetica, sans-serif; color: #000000; font-size: 10pt;\">O atendimento presencial ao p\u00fablico da SEMAD ocorre na sede administrativa localizada no <strong>Pal\u00e1cio Pedro Ludovico Teixeira<\/strong> (Setor Central). J\u00e1 as unidades t\u00e9cnicas (SUC, GEREF, GEMUC, GEBIO e GEGIA) funcionam no pr\u00e9dio da SEMAD no <strong>Parque Amaz\u00f4nia<\/strong>.<\/span><\/p><p><span style=\"font-family: arial, helvetica, sans-serif; color: #000000; font-size: 10pt;\"><strong>Atendimento presencial:<\/strong> segunda a sexta-feira, das <strong>08h \u00e0s 12h<\/strong> e das <strong>14h \u00e0s 18h<\/strong>.<\/span><\/p><p><span style=\"font-size: 10pt;\"><strong>Pal\u00e1cio Pedro Ludovico Teixeira:<\/strong> Rua 82, n\u00ba 400, Ed. Pal\u00e1cio Pedro Ludovico Teixeira, 2\u00ba andar, Setor Central<\/span><br \/><span style=\"font-size: 10pt;\">CEP: 74.083-010 \u2013 Goi\u00e2nia\/GO<\/span><br \/><span style=\"font-size: 10pt;\">Telefone (62) 3201-5200 \u2013 3201-5201 (Recep\u00e7\u00e3o)<\/span><\/p><p><span style=\"font-size: 10pt;\"><strong>Unidade Parque Amaz\u00f4nia:<\/strong> Avenida Jos\u00e9 Leandro da Cruz, n\u00ba 1578, Parque Amaz\u00f4nia<\/span><br \/><span style=\"font-size: 10pt;\">CEP: 74.843-010 \u2013 Goi\u00e2nia\/GO<\/span><br \/><span style=\"font-size: 10pt;\">Telefone (62) 3201-5206 (Recep\u00e7\u00e3o)<\/span><\/p><p><span style=\"font-family: arial, helvetica, sans-serif; color: #000000; font-size: 10pt;\"><strong>Superintend\u00eancia de Unidades de Conserva\u00e7\u00e3o, Biodiversidade e Emerg\u00eancias Ambientais (SUC)<\/strong><\/span><br \/><span style=\"font-family: arial, helvetica, sans-serif; color: #000000; font-size: 10pt;\">Respons\u00e1vel: Zilma Alves Maia<\/span><br \/><span style=\"font-family: arial, helvetica, sans-serif; color: #000000; font-size: 10pt;\">E-mail: <a href=\"mailto:suc.meioambiente@goias.gov.br\">suc.meioambiente@goias.gov.br<\/a><\/span><br \/><span style=\"font-family: arial, helvetica, sans-serif; color: #000000; font-size: 10pt;\">Telefones: (62) 3201-5295 | (62) 9 9102-3794 (WhatsApp)\u00a0<\/span><br \/><span style=\"font-family: arial, helvetica, sans-serif; color: #000000; font-size: 10pt;\">SEI: 13049<\/span><\/p><p><span style=\"font-family: arial, helvetica, sans-serif; color: #000000; font-size: 10pt;\"><strong>Ger\u00eancia de Cria\u00e7\u00e3o, Regulariza\u00e7\u00e3o Fundi\u00e1ria e Suporte \u00e0 Gest\u00e3o de Unidades de Conserva\u00e7\u00e3o (GEREF)<\/strong><\/span><br \/><span style=\"font-family: arial, helvetica, sans-serif; color: #000000; font-size: 10pt;\">Respons\u00e1vel: Eric Rezende Kolailat<\/span><br \/><span style=\"font-family: arial, helvetica, sans-serif; color: #000000; font-size: 10pt;\"><a href=\"mailto:eric.kolailat@goias.gov.br\">eric.kolailat@goias.gov.br<\/a> | <a href=\"mailto:regularizacaofundiaria.meioambiente@goias.gov.br\">regularizacaofundiaria.meioambiente@goias.gov.br<\/a><\/span><br \/><span style=\"font-family: arial, helvetica, sans-serif; color: #000000; font-size: 10pt;\">Telefones: (62) 3265-1340\u00a0| (62) 9 9952-2041 (WhatsApp)<\/span><br \/><span style=\"font-family: arial, helvetica, sans-serif; color: #000000; font-size: 10pt;\">SEI: 18334<\/span><\/p><p><span style=\"font-family: arial, helvetica, sans-serif; color: #000000; font-size: 10pt;\"><strong>Ger\u00eancia de Implanta\u00e7\u00e3o e Manejo de Unidades de Conserva\u00e7\u00e3o (GEMUC)<\/strong><\/span><br \/><span style=\"font-family: arial, helvetica, sans-serif; color: #000000; font-size: 10pt;\">Respons\u00e1vel: Caio Cesar Neves Sousa<\/span><br \/><span style=\"font-family: arial, helvetica, sans-serif; color: #000000; font-size: 10pt;\">E-mail: <a href=\"mailto:caio.sousa@goias.gov.br\">caio.sousa@goias.gov.br<\/a> | <a href=\"mailto:gap.meioambiente@goias.gov.br\">gap.meioambiente@goias.gov.br<\/a><\/span><br \/><span style=\"font-family: arial, helvetica, sans-serif; color: #000000; font-size: 10pt;\">Telefones: (62) 3265-1340 | (62) 99952-2041 (WhatsApp)<\/span><br \/><span style=\"font-family: arial, helvetica, sans-serif; color: #000000; font-size: 10pt;\">SEI: 18333<\/span><\/p><p><span style=\"font-family: arial, helvetica, sans-serif; color: #000000; font-size: 10pt;\"><strong>Ger\u00eancia de Conserva\u00e7\u00e3o, Biodiversidade e Fauna (GEBIO)<\/strong><\/span><br \/><span style=\"font-family: arial, helvetica, sans-serif; color: #000000; font-size: 10pt;\">Respons\u00e1vel: Max Vin\u00edcius de Paula Abreu<\/span><br \/><span style=\"font-family: arial, helvetica, sans-serif; color: #000000; font-size: 10pt;\">E-mail: <a href=\"mailto:gfrp.meioambiente@goias.gov.br\">gfrp.meioambiente@goias.gov.br<\/a><\/span><br \/><span style=\"font-family: arial, helvetica, sans-serif; color: #000000; font-size: 10pt;\">Telefones: (62) 3201-5215 | (62) 9 8268-7478 (WhatsApp)<\/span><br \/><span style=\"font-family: arial, helvetica, sans-serif; color: #000000; font-size: 10pt;\">SEI: 06305<\/span><\/p><span style=\"font-size: 10pt; font-family: arial, helvetica, sans-serif;\"><strong><span style=\"color: #000000;\">Ger\u00eancia de Gest\u00e3o e Preven\u00e7\u00e3o de Inc\u00eandios e Acidentes Ambientais (GEGIA)<\/span><\/strong><\/span><br \/><span style=\"font-family: arial, helvetica, sans-serif; color: #000000; font-size: 10pt;\">Respons\u00e1vel: Sayro Geane Oliveira dos Reis<\/span><br \/><span style=\"font-family: arial, helvetica, sans-serif; color: #000000; font-size: 10pt;\">E-mail: <a href=\"mailto:gegia.meioambiente@goias.gov.br\">gegia.meioambiente@goias.gov.br<\/a> | <a href=\"mailto:sayro.reis@goias.gov.br\">sayro.reis@goias.gov.br<\/a><\/span><br \/><span style=\"font-family: arial, helvetica, sans-serif; font-size: 10pt;\"><span style=\"color: #000000;\">Telefones: (62) 3201-5232 | (62) 99279-8321 <span style=\"font-family: arial, helvetica, sans-serif; color: #000000; font-size: 10pt;\">(WhatsApp)<\/span><\/span><\/span><\/div><div style=\"font-family: Arial, sans-serif; font-size: 12px; font-weight: 400; color: #000;\"><span style=\"font-family: arial, helvetica, sans-serif; font-size: 10pt;\">SEI: 22111<\/span><\/div>\t\t\t\t\t\t\t\t<\/div>\n\t\t\t\t<\/div>\n\t\t<div class=\"elementor-element elementor-element-9590e26 e-con-full e-flex e-con e-child\" data-id=\"9590e26\" data-element_type=\"container\" data-e-type=\"container\">\n\t\t\t\t<div class=\"elementor-element elementor-element-e094c99 elementor-widget elementor-widget-heading\" data-id=\"e094c99\" data-element_type=\"widget\" data-e-type=\"widget\" data-widget_type=\"heading.default\">\n\t\t\t\t\t<h2 class=\"elementor-heading-title elementor-size-default\">Fale com a SEMAD<\/h2>\t\t\t\t<\/div>\n\t\t\t\t<div class=\"elementor-element elementor-element-95cf016 elementor-widget elementor-widget-shortcode\" data-id=\"95cf016\" data-element_type=\"widget\" data-e-type=\"widget\" data-widget_type=\"shortcode.default\">\n\t\t\t\t\t\t\t<div class=\"elementor-shortcode\">\n<div class=\"wpcf7 no-js\" id=\"wpcf7-f2323-o1\" lang=\"pt-BR\" dir=\"ltr\" data-wpcf7-id=\"2323\">\n<div class=\"screen-reader-response\"><p role=\"status\" aria-live=\"polite\" aria-atomic=\"true\"><\/p> <ul><\/ul><\/div>\n<form action=\"\/parquesdegoias\/wp-json\/wp\/v2\/pages\/39#wpcf7-f2323-o1\" method=\"post\" class=\"wpcf7-form init\" aria-label=\"Formul\u00e1rios de contato\" novalidate=\"novalidate\" data-status=\"init\">\n<fieldset class=\"hidden-fields-container\"><input type=\"hidden\" name=\"_wpcf7\" value=\"2323\" \/><input type=\"hidden\" name=\"_wpcf7_version\" value=\"6.1.5\" \/><input type=\"hidden\" name=\"_wpcf7_locale\" value=\"pt_BR\" \/><input type=\"hidden\" name=\"_wpcf7_unit_tag\" value=\"wpcf7-f2323-o1\" \/><input type=\"hidden\" name=\"_wpcf7_container_post\" value=\"0\" \/><input type=\"hidden\" name=\"_wpcf7_posted_data_hash\" value=\"\" \/>\n<\/fieldset>\n<p><label> Seu nome<br \/>\n<span class=\"wpcf7-form-control-wrap\" data-name=\"your-name\"><input size=\"40\" maxlength=\"400\" class=\"wpcf7-form-control wpcf7-text wpcf7-validates-as-required\" autocomplete=\"name\" aria-required=\"true\" aria-invalid=\"false\" value=\"\" type=\"text\" name=\"your-name\" \/><\/span> <\/label>\n<\/p>\n<p><label> Seu e-mail<br \/>\n<span class=\"wpcf7-form-control-wrap\" data-name=\"your-email\"><input size=\"40\" maxlength=\"400\" class=\"wpcf7-form-control wpcf7-email wpcf7-validates-as-required wpcf7-text wpcf7-validates-as-email\" autocomplete=\"email\" aria-required=\"true\" aria-invalid=\"false\" value=\"\" type=\"email\" name=\"your-email\" \/><\/span> <\/label>\n<\/p>\n<p><label> Assunto<br \/>\n<span class=\"wpcf7-form-control-wrap\" data-name=\"your-subject\"><input size=\"40\" maxlength=\"400\" class=\"wpcf7-form-control wpcf7-text wpcf7-validates-as-required\" aria-required=\"true\" aria-invalid=\"false\" value=\"\" type=\"text\" name=\"your-subject\" \/><\/span> <\/label>\n<\/p>\n<p><label> Sua mensagem (opcional)<br \/>\n<span class=\"wpcf7-form-control-wrap\" data-name=\"your-message\"><textarea cols=\"40\" rows=\"10\" maxlength=\"2000\" class=\"wpcf7-form-control wpcf7-textarea\" aria-invalid=\"false\" name=\"your-message\"><\/textarea><\/span> <\/label>\n<\/p>\n<p><input class=\"wpcf7-form-control wpcf7-submit has-spinner\" type=\"submit\" value=\"Enviar\" \/>\n<\/p><div class=\"wpcf7-response-output\" aria-hidden=\"true\"><\/div>\n<\/form>\n<\/div>\n<\/div>\n\t\t\t\t\t\t<\/div>\n\t\t\t\t<div class=\"elementor-element elementor-element-fa08d07 elementor-widget elementor-widget-text-editor\" data-id=\"fa08d07\" data-element_type=\"widget\" data-e-type=\"widget\" data-widget_type=\"text-editor.default\">\n\t\t\t\t\t\t\t\t\t<p><span style=\"font-family: arial, helvetica, sans-serif; font-size: 12pt;\"><strong><span style=\"color: #000000;\">Ouvidoria Setorial<\/span><\/strong><\/span><br \/><span style=\"color: #000000; font-size: 12pt;\">Telefone (62) 3201-5269<\/span><\/p>\t\t\t\t\t\t\t\t<\/div>\n\t\t\t\t<div class=\"elementor-element elementor-element-f4d8433 elementor-widget elementor-widget-heading\" data-id=\"f4d8433\" data-element_type=\"widget\" data-e-type=\"widget\" data-widget_type=\"heading.default\">\n\t\t\t\t\t<h2 class=\"elementor-heading-title elementor-size-default\"><a href=\"mailto:ouvidoria.meioambiente@goias.gov.br\" target=\"_blank\">ouvidoria.meioambiente@goias.gov.br<\/a><\/h2>\t\t\t\t<\/div>\n\t\t\t\t<\/div>\n\t\t\t\t\t<\/div>\n\t\t\t\t<\/div>\n\t\t\t\t<\/div>\n\t\t","protected":false},"excerpt":{"rendered":"<p>Contatos O atendimento presencial ao p\u00fablico da SEMAD ocorre na sede administrativa localizada no Pal\u00e1cio Pedro Ludovico Teixeira (Setor Central). J\u00e1 as unidades t\u00e9cnicas (SUC, GEREF, GEMUC, GEBIO e GEGIA) funcionam no pr\u00e9dio da SEMAD no Parque Amaz\u00f4nia. Atendimento presencial: segunda a sexta-feira, das 08h \u00e0s 12h e das 14h \u00e0s 18h. Pal\u00e1cio Pedro Ludovico [&hellip;]<\/p>\n","protected":false},"author":1471,"featured_media":0,"parent":0,"menu_order":0,"comment_status":"closed","ping_status":"closed","template":"elementor_header_footer","meta":{"footnotes":""},"class_list":["post-39","page","type-page","status-publish","hentry"],"acf":[],"rttpg_featured_image_url":null,"rttpg_author":{"display_name":"","author_link":"https:\/\/goias.gov.br\/parquesdegoias\/author\/"},"rttpg_comment":0,"rttpg_category":null,"rttpg_excerpt":"Contatos O atendimento presencial ao p\u00fablico da SEMAD ocorre na sede administrativa localizada no Pal\u00e1cio Pedro Ludovico Teixeira (Setor Central). J\u00e1 as unidades t\u00e9cnicas (SUC, GEREF, GEMUC, GEBIO e GEGIA) funcionam no pr\u00e9dio da SEMAD no Parque Amaz\u00f4nia. Atendimento presencial: segunda a sexta-feira, das 08h \u00e0s 12h e das 14h \u00e0s 18h. Pal\u00e1cio Pedro Ludovico&hellip;","_links":{"self":[{"href":"https:\/\/goias.gov.br\/parquesdegoias\/wp-json\/wp\/v2\/pages\/39","targetHints":{"allow":["GET"]}}],"collection":[{"href":"https:\/\/goias.gov.br\/parquesdegoias\/wp-json\/wp\/v2\/pages"}],"about":[{"href":"https:\/\/goias.gov.br\/parquesdegoias\/wp-json\/wp\/v2\/types\/page"}],"author":[{"embeddable":true,"href":"https:\/\/goias.gov.br\/parquesdegoias\/wp-json\/wp\/v2\/users\/1471"}],"replies":[{"embeddable":true,"href":"https:\/\/goias.gov.br\/parquesdegoias\/wp-json\/wp\/v2\/comments?post=39"}],"version-history":[{"count":2,"href":"https:\/\/goias.gov.br\/parquesdegoias\/wp-json\/wp\/v2\/pages\/39\/revisions"}],"predecessor-version":[{"id":2774,"href":"https:\/\/goias.gov.br\/parquesdegoias\/wp-json\/wp\/v2\/pages\/39\/revisions\/2774"}],"wp:attachment":[{"href":"https:\/\/goias.gov.br\/parquesdegoias\/wp-json\/wp\/v2\/media?parent=39"}],"curies":[{"name":"wp","href":"https:\/\/api.w.org\/{rel}","templated":true}]}}