
{"id":2621,"date":"2025-12-03T16:38:45","date_gmt":"2025-12-03T19:38:45","guid":{"rendered":"https:\/\/goias.gov.br\/parquesdegoias\/?page_id=2621"},"modified":"2026-03-09T16:48:44","modified_gmt":"2026-03-09T19:48:44","slug":"autorizacoes","status":"publish","type":"page","link":"https:\/\/goias.gov.br\/parquesdegoias\/autorizacoes\/","title":{"rendered":"Autoriza\u00e7\u00f5es"},"content":{"rendered":"\t\t<div data-elementor-type=\"wp-page\" data-elementor-id=\"2621\" class=\"elementor elementor-2621\">\n\t\t\t\t<div class=\"elementor-element elementor-element-35a44631 e-con-full e-flex e-con e-parent\" data-id=\"35a44631\" data-element_type=\"container\" data-e-type=\"container\">\n\t\t<div class=\"elementor-element elementor-element-4cbd91c1 e-con-full e-flex e-con e-child\" data-id=\"4cbd91c1\" data-element_type=\"container\" data-e-type=\"container\" data-settings=\"{&quot;background_background&quot;:&quot;classic&quot;}\">\n\t\t\t\t<div class=\"elementor-element elementor-element-7057f000 elementor-widget__width-initial elementor-widget-mobile__width-initial elementor-widget elementor-widget-heading\" data-id=\"7057f000\" data-element_type=\"widget\" data-e-type=\"widget\" data-widget_type=\"heading.default\">\n\t\t\t\t\t<h2 class=\"elementor-heading-title elementor-size-default\">AUTORIZA\u00c7\u00d5ES DE USO EM UNIDADES DE CONSERVA\u00c7\u00c3O<\/h2>\t\t\t\t<\/div>\n\t\t\t\t<\/div>\n\t\t<div class=\"elementor-element elementor-element-1b3f8b94 e-con-full e-flex e-con e-child\" data-id=\"1b3f8b94\" data-element_type=\"container\" data-e-type=\"container\">\n\t\t<div class=\"elementor-element elementor-element-13aec048 e-con-full e-flex e-con e-child\" data-id=\"13aec048\" data-element_type=\"container\" data-e-type=\"container\">\n\t\t\t\t<div class=\"elementor-element elementor-element-6aa57797 elementor-widget__width-initial elementor-widget-tablet__width-initial elementor-widget-mobile__width-initial elementor-widget elementor-widget-text-editor\" data-id=\"6aa57797\" data-element_type=\"widget\" data-e-type=\"widget\" data-widget_type=\"text-editor.default\">\n\t\t\t\t\t\t\t\t\t<p><span style=\"font-family: arial, helvetica, sans-serif; font-size: 12pt; color: #000000;\">As Unidades de Conserva\u00e7\u00e3o (UCs) s\u00e3o espa\u00e7os territoriais legalmente institu\u00eddos pelo Poder P\u00fablico, com caracter\u00edsticas naturais relevantes e objetivos definidos de conserva\u00e7\u00e3o, conforme estabelece a Lei Estadual n\u00ba 14.247\/2002. Essas \u00e1reas desempenham papel essencial na preserva\u00e7\u00e3o da biodiversidade, na manuten\u00e7\u00e3o dos processos ecol\u00f3gicos e na promo\u00e7\u00e3o do uso sustent\u00e1vel dos recursos naturais.<\/span><\/p><p><span style=\"font-family: arial, helvetica, sans-serif; font-size: 12pt; color: #000000;\">Para que atividades humanas ocorram nesses espa\u00e7os de forma compat\u00edvel com seus objetivos, \u00e9 necess\u00e1rio seguir procedimentos espec\u00edficos de autoriza\u00e7\u00e3o. Esses procedimentos asseguram que pesquisas, visitas, eventos e demais usos estejam alinhados com os princ\u00edpios de prote\u00e7\u00e3o integral ou uso sustent\u00e1vel, conforme a categoria da UC.<\/span><\/p><p><span style=\"font-family: arial, helvetica, sans-serif; font-size: 12pt; color: #000000;\">O processo de autoriza\u00e7\u00e3o busca garantir que todas as atividades sejam realizadas de maneira ambientalmente respons\u00e1vel, socialmente justa e economicamente vi\u00e1vel, preservando a integridade dos ecossistemas e o bem-estar das comunidades locais. Al\u00e9m disso, segue os princ\u00edpios de legalidade, transpar\u00eancia e efici\u00eancia, previstos na legisla\u00e7\u00e3o vigente.<\/span><\/p><p><span style=\"font-family: arial, helvetica, sans-serif; font-size: 12pt; color: #000000;\"><u><b>Autoriza\u00e7\u00e3o para Pesquisa em Unidade de Conserva\u00e7\u00e3o<\/b><\/u><\/span><\/p><p align=\"justify\"><span style=\"font-family: arial, helvetica, sans-serif; font-size: 12pt; color: #000000;\">A solicita\u00e7\u00e3o para obter Autoriza\u00e7\u00e3o para Pesquisa em Unidade de Conserva\u00e7\u00e3o do Estado de Goi\u00e1s dever\u00e1 ser realizada atrav\u00e9s do envio da documenta\u00e7\u00e3o necess\u00e1ria, para o seguinte e-mail: <a style=\"color: #000000;\" href=\"mailto:vaptvupt.meioambiente@goias.gov.br\"><u>vaptvupt.meioambiente@goias.gov.br<\/u><\/a>. Neste e-mail deve-se solicitar que o processo SEI seja remetido \u00e0 Ger\u00eancia de Cria\u00e7\u00e3o, Regulariza\u00e7\u00e3o Fundi\u00e1ria e Suporte \u00e0 Gest\u00e3o de Unidades de Conserva\u00e7\u00e3o (18334). Obs.: O processo administrativo espec\u00edfico s\u00f3 ser\u00e1 aberto com toda a documenta\u00e7\u00e3o necess\u00e1ria.<\/span><\/p><p><span style=\"font-family: arial, helvetica, sans-serif; font-size: 12pt;\"><strong><span style=\"color: #000000;\">Documenta\u00e7\u00e3o necess\u00e1ria:<\/span><\/strong><\/span><\/p><ul><li style=\"list-style-type: none;\"><ul style=\"list-style-type: circle;\"><li><span style=\"font-family: arial, helvetica, sans-serif; font-size: 12pt; color: #000000;\"><a href=\"https:\/\/goias.gov.br\/parquesdegoias\/wp-content\/uploads\/sites\/70\/2026\/03\/Formulario-Res.-CEMAm-05-2016-1.pdf\"><b>Formul\u00e1rio de Solicita\u00e7<span style=\"color: #61ce70;\">\u00e3o<\/span><\/b><\/a><span style=\"color: #61ce70;\"><strong>;<\/strong><\/span><\/span><\/li><li><span style=\"font-family: arial, helvetica, sans-serif; font-size: 12pt; color: #000000;\"><b>Projeto de pesquisa<\/b> (deve conter t\u00edtulo, objetivos, justificativas, revis\u00e3o bibliogr\u00e1fica, metodologia, indica\u00e7\u00e3o dos t\u00e1xons que ser\u00e3o coletados, capturados, marcados ou transportados, indica\u00e7\u00e3o do destino previsto para o material coletado, indica\u00e7\u00e3o das \u00e1reas, resultados esperados, cronograma de execu\u00e7\u00e3o, equipe executora, refer\u00eancia bibliogr\u00e1fica, se haver\u00e1 acesso ao patrim\u00f4nio gen\u00e9tico ou ao conhecimento tradicional associado, assim como outras informa\u00e7\u00f5es pertinentes a atividades a ser executada);<\/span><\/li><li><span style=\"font-family: arial, helvetica, sans-serif; font-size: 12pt; color: #000000;\"><b>Comprovante de cadastro no Sistema de Autoriza\u00e7\u00e3o e Informa\u00e7\u00e3o em Biodiversidade \u2013 SISBio <\/b>(se houver coleta de material biol\u00f3gico, captura ou marca\u00e7\u00e3o de animais silvestres in situ, manuten\u00e7\u00e3o tempor\u00e1ria de esp\u00e9cimes da fauna silvestre em cativeiro, transporte de material biol\u00f3gico, recebimento e envio de material biol\u00f3gico ao exterior ou se tratar de pesquisa em cavidade natural subterr\u00e2nea);<\/span><\/li><li><span style=\"font-family: arial, helvetica, sans-serif; font-size: 12pt; color: #000000;\"><b>Curr\u00edculo <\/b><i><b>Lattes<\/b><\/i><b> &#8211; plataforma <\/b><i><b>Lattes<\/b><\/i><b> do CNPq<\/b> (de todos integrantes da equipe, exceto auxiliares de campo e condutores de ve\u00edculos).<\/span><\/li><\/ul><\/li><\/ul><p><span style=\"font-size: 12pt; font-family: arial, helvetica, sans-serif; color: #000000;\">Prazos: encaminhamento da documenta\u00e7\u00e3o com 60 dias antes do in\u00edcio previsto da atividade;<\/span><\/p><p align=\"justify\"><span style=\"font-size: 12pt; font-family: arial, helvetica, sans-serif; color: #000000;\">Unidades de Conserva\u00e7\u00e3o eleg\u00edveis para emiss\u00e3o da autoriza\u00e7\u00e3o: todas as Unidades de Conserva\u00e7\u00e3o Estaduais de Goi\u00e1s, exceto \u00e0s categorias Reserva Particular do Patrim\u00f4nio Natural (RPPN), Reserva Privada de Desenvolvimento Sustent\u00e1vel (RPDS) e \u00c1rea de Prote\u00e7\u00e3o Ambiental (APA).<\/span><\/p><p><span style=\"font-size: 12pt; font-family: arial, helvetica, sans-serif; color: #000000;\">Custo: n\u00e3o h\u00e1 cobran\u00e7a de taxa para este tipo de autoriza\u00e7\u00e3o;<\/span><\/p><p><span style=\"font-size: 12pt; font-family: arial, helvetica, sans-serif; color: #000000;\">Legisla\u00e7\u00e3o aplic\u00e1vel: Resolu\u00e7\u00e3o CEMAm n\u00ba 05\/2016.<\/span><\/p><p><span style=\"font-family: arial, helvetica, sans-serif; font-size: 12pt; color: #000000;\"><u><b>Autoriza\u00e7\u00e3o para Visita T\u00e9cnica e de Campo em Unidade de Conserva\u00e7\u00e3o<\/b><\/u><\/span><\/p><p align=\"justify\"><span style=\"font-family: arial, helvetica, sans-serif; font-size: 12pt; color: #000000;\">A solicita\u00e7\u00e3o para obter Autoriza\u00e7\u00e3o para Visita T\u00e9cnica e de Campo em Unidade de Conserva\u00e7\u00e3o do Estado de Goi\u00e1s dever\u00e1 ser realizada atrav\u00e9s do envio da documenta\u00e7\u00e3o necess\u00e1ria, para o seguinte e-mail: <a style=\"color: #000000;\" href=\"mailto:vaptvupt.meioambiente@goias.gov.br\"><u>vaptvupt.meioambiente@goias.gov.br<\/u><\/a>. Neste e-mail deve-se solicitar que o processo SEI seja remetido \u00e0 Ger\u00eancia de Cria\u00e7\u00e3o, Regulariza\u00e7\u00e3o Fundi\u00e1ria e Suporte \u00e0 Gest\u00e3o de Unidades de Conserva\u00e7\u00e3o (GEREF &#8211; 18334). Obs.: O processo administrativo espec\u00edfico s\u00f3 ser\u00e1 aberto com toda a documenta\u00e7\u00e3o necess\u00e1ria.<\/span><\/p><p><span style=\"font-family: arial, helvetica, sans-serif; font-size: 12pt;\"><strong><span style=\"color: #000000;\">Documenta\u00e7\u00e3o necess\u00e1ria:<\/span><\/strong><\/span><\/p><ul><li style=\"list-style-type: none;\"><ul style=\"list-style-type: circle;\"><li><span style=\"font-family: arial, helvetica, sans-serif; font-size: 12pt;\"><a href=\"https:\/\/goias.gov.br\/parquesdegoias\/wp-content\/uploads\/sites\/70\/2026\/03\/Formulario-Res.-CEMAm-05-2016-1.pdf\"><b>Formul\u00e1rio de Solicita\u00e7\u00e3o;<\/b><\/a><\/span><\/li><li><span style=\"font-family: arial, helvetica, sans-serif; font-size: 12pt; color: #000000;\"><b>Descri\u00e7\u00e3o b\u00e1sica das atividades a serem executadas<\/b> (ementa da disciplina, nome e CPF dos professores e t\u00e9cnicos envolvidos na disciplina, descri\u00e7\u00e3o b\u00e1sica das atividades a serem executadas, metodologias, indica\u00e7\u00e3o dos t\u00e1xons que ser\u00e3o capturados, coletados, marcados ou transportados, indica\u00e7\u00e3o do destino previsto para o material coletado e indica\u00e7\u00e3o das \u00e1reas escolhidas para as atividades);<\/span><\/li><li><span style=\"font-family: arial, helvetica, sans-serif; font-size: 12pt; color: #000000;\"><b>Curr\u00edculo <\/b><i><b>Lattes<\/b><\/i><b> &#8211; plataforma <\/b><i><b>Lattes<\/b><\/i><b> do CNPq <\/b>(professor ou t\u00e9cnico. Obs.: todos os professores e t\u00e9cnicos envolvidos na disciplina dever\u00e3o estar cadastrados no Sistema de Autoriza\u00e7\u00e3o e Informa\u00e7\u00e3o em Biodiversidade &#8211; SISBio);<\/span><\/li><li><span style=\"font-family: arial, helvetica, sans-serif; font-size: 12pt; color: #000000;\"><b>Carta de apresenta\u00e7\u00e3o da institui\u00e7\u00e3o<\/b>.<\/span><\/li><\/ul><\/li><\/ul><p><span style=\"font-size: 12pt; font-family: arial, helvetica, sans-serif; color: #000000;\">Prazos: encaminhamento da documenta\u00e7\u00e3o com 60 dias antes do in\u00edcio previsto da atividade;<\/span><\/p><p><span style=\"font-size: 12pt; font-family: arial, helvetica, sans-serif; color: #000000;\">Unidades de Conserva\u00e7\u00e3o eleg\u00edveis para emiss\u00e3o da autoriza\u00e7\u00e3o: todas as Unidades de Conserva\u00e7\u00e3o Estaduais de Goi\u00e1s, exceto \u00e0s categorias Reserva Particular do Patrim\u00f4nio Natural (RPPN), Reserva Privada de Desenvolvimento Sustent\u00e1vel (RPDS) e \u00c1rea de Prote\u00e7\u00e3o Ambiental (APA).<\/span><\/p><p><span style=\"font-size: 12pt; font-family: arial, helvetica, sans-serif; color: #000000;\">Custo: n\u00e3o h\u00e1 cobran\u00e7a de taxa para este tipo de autoriza\u00e7\u00e3o;<\/span><\/p><p><span style=\"font-size: 12pt; font-family: arial, helvetica, sans-serif; color: #000000;\">Legisla\u00e7\u00e3o aplic\u00e1vel: Resolu\u00e7\u00e3o CEMAm n\u00ba 05\/2016.<\/span><\/p><p><span style=\"font-family: arial, helvetica, sans-serif; font-size: 12pt; color: #000000;\"><u><b>Autoriza\u00e7\u00e3o para Atividade Espeleol\u00f3gica em Unidade Conserva\u00e7\u00e3o<\/b><\/u><\/span><\/p><p><span style=\"font-family: arial, helvetica, sans-serif; font-size: 12pt; color: #000000;\">A solicita\u00e7\u00e3o para obter Autoriza\u00e7\u00e3o para Atividade Espeleol\u00f3gica em Unidade Conserva\u00e7\u00e3o do Estado de Goi\u00e1s dever\u00e1 ser realizada atrav\u00e9s do envio da documenta\u00e7\u00e3o necess\u00e1ria, para o seguinte e-mail: <a style=\"color: #000000;\" href=\"mailto:vaptvupt.meioambiente@goias.gov.br\"><u>vaptvupt.meioambiente@goias.gov.br<\/u><\/a>. Neste e-mail deve-se solicitar que o processo SEI seja remetido \u00e0 Ger\u00eancia de Cria\u00e7\u00e3o, Regulariza\u00e7\u00e3o Fundi\u00e1ria e Suporte \u00e0 Gest\u00e3o de Unidades de Conserva\u00e7\u00e3o (GEREF &#8211; 18334). Obs.: O processo administrativo espec\u00edfico s\u00f3 ser\u00e1 aberto com toda a documenta\u00e7\u00e3o necess\u00e1ria.<\/span><\/p><p><span style=\"font-family: arial, helvetica, sans-serif; font-size: 12pt;\"><strong><span style=\"color: #000000;\">Documenta\u00e7\u00e3o necess\u00e1ria:<\/span><\/strong><\/span><\/p><ul><li style=\"list-style-type: none;\"><ul style=\"list-style-type: circle;\"><li><span style=\"font-family: arial, helvetica, sans-serif; font-size: 12pt;\"><a href=\"https:\/\/goias.gov.br\/parquesdegoias\/wp-content\/uploads\/sites\/70\/2026\/03\/Formulario-Res.-CEMAm-05-2016-1.pdf\"><b>Formul\u00e1rio de Solicita\u00e7\u00e3o; <\/b><\/a><\/span><\/li><li><span style=\"font-family: arial, helvetica, sans-serif; font-size: 12pt; color: #000000;\"><b>Descri\u00e7\u00e3o b\u00e1sica das atividades a serem executadas<\/b> (descrever detalhadamente todos os pontos e aspectos relativos \u00e0 realiza\u00e7\u00e3o de atividades t\u00e9cnico-cient\u00edficas de prospec\u00e7\u00e3o, explora\u00e7\u00e3o, topografia e\/ou mapeamento de cavidades naturais subterr\u00e2neas e outras que implicarem na coleta de dados espeleol\u00f3gicos);<\/span><\/li><li><span style=\"font-family: arial, helvetica, sans-serif; font-size: 12pt; color: #000000;\"><b>Curr\u00edculo <\/b><i><b>Lattes<\/b><\/i><b> &#8211; plataforma <\/b><i><b>Lattes<\/b><\/i><b> do CNPq <\/b>(caso os participantes n\u00e3o tenham, apresentar curr\u00edculo simples com descri\u00e7\u00e3o das atividades realizadas);<\/span><\/li><li><span style=\"font-size: 12pt; font-family: arial, helvetica, sans-serif; color: #000000;\"><b>Carta de apresenta\u00e7\u00e3o de entidade espeleol\u00f3gica.<\/b><\/span><\/li><\/ul><\/li><\/ul><p><span style=\"font-size: 12pt; font-family: arial, helvetica, sans-serif; color: #000000;\">Prazos: encaminhamento da documenta\u00e7\u00e3o com 60 dias antes do in\u00edcio previsto da atividade;<\/span><\/p><p align=\"justify\"><span style=\"font-size: 12pt; font-family: arial, helvetica, sans-serif; color: #000000;\">Unidades de Conserva\u00e7\u00e3o eleg\u00edveis para emiss\u00e3o da autoriza\u00e7\u00e3o: todas as Unidades de Conserva\u00e7\u00e3o Estaduais de Goi\u00e1s, exceto \u00e0s categorias Reserva Particular do Patrim\u00f4nio Natural (RPPN), Reserva Privada de Desenvolvimento Sustent\u00e1vel (RPDS) e \u00c1rea de Prote\u00e7\u00e3o Ambiental (APA).<\/span><\/p><p><span style=\"font-size: 12pt; font-family: arial, helvetica, sans-serif; color: #000000;\">Custo: n\u00e3o h\u00e1 cobran\u00e7a de taxa para este tipo de autoriza\u00e7\u00e3o;<\/span><\/p><p><span style=\"font-size: 12pt; font-family: arial, helvetica, sans-serif; color: #000000;\">Legisla\u00e7\u00e3o aplic\u00e1vel: Resolu\u00e7\u00e3o CEMAm n\u00ba 05\/2016.<\/span><\/p><p align=\"justify\"><span style=\"font-family: arial, helvetica, sans-serif; font-size: 12pt; color: #000000;\"><u><b>Autoriza\u00e7\u00e3o para Uso de Alojamento\/Hospedagem e Uso de Audit\u00f3rio em Unidade de Conserva\u00e7\u00e3o<\/b><\/u><\/span><\/p><p align=\"justify\"><span style=\"font-family: arial, helvetica, sans-serif; font-size: 12pt; color: #000000;\">A solicita\u00e7\u00e3o para obter Autoriza\u00e7\u00e3o para Uso de Alojamento\/Hospedagem ou Uso de Audit\u00f3rio em Unidade de Conserva\u00e7\u00e3o do Estado de Goi\u00e1s dever\u00e1 ser realizada atrav\u00e9s do envio da documenta\u00e7\u00e3o necess\u00e1ria, para o seguinte e-mail: <a style=\"color: #000000;\" href=\"mailto:vaptvupt.meioambiente@goias.gov.br\"><u>vaptvupt.meioambiente@goias.gov.br<\/u><\/a>. Neste e-mail deve-se solicitar que o processo SEI seja remetido \u00e0 Ger\u00eancia de Cria\u00e7\u00e3o, Regulariza\u00e7\u00e3o Fundi\u00e1ria e Suporte \u00e0 Gest\u00e3o de Unidades de Conserva\u00e7\u00e3o (GEREF &#8211; 18334). Obs.: O processo administrativo espec\u00edfico s\u00f3 ser\u00e1 aberto com toda a documenta\u00e7\u00e3o necess\u00e1ria.<\/span><\/p><p align=\"justify\"><span style=\"font-family: arial, helvetica, sans-serif; font-size: 12pt;\"><strong><span style=\"color: #000000;\">Documenta\u00e7\u00e3o necess\u00e1ria:<\/span><\/strong><\/span><\/p><ul><li style=\"list-style-type: none;\"><ul style=\"list-style-type: circle;\"><li><span style=\"font-family: arial, helvetica, sans-serif; font-size: 12pt;\"><a href=\"https:\/\/goias.gov.br\/parquesdegoias\/wp-content\/uploads\/sites\/70\/2026\/03\/Formulario-Espaco-Evento-Alojam-Auditor.pdf\"><b>Formul\u00e1rio de Solicita\u00e7\u00e3o;<\/b><\/a><\/span><\/li><li><span style=\"font-size: 12pt; font-family: arial, helvetica, sans-serif; color: #000000;\"><b>Documentos do solicitante:<\/b><\/span><br \/><ul style=\"list-style-type: circle;\"><li><span style=\"font-family: arial, helvetica, sans-serif; font-size: 12pt; color: #000000;\"><b>Se pessoa f\u00edsica: <\/b>c\u00f3pia do CPF e RG;<\/span><\/li><li><span style=\"font-family: arial, helvetica, sans-serif; font-size: 12pt; color: #000000;\"><b>Se pessoa jur\u00eddica: <\/b>c\u00f3pia do contrato social e suas altera\u00e7\u00f5es; c\u00f3pia da ata de elei\u00e7\u00e3o e posse da diretoria atual; c\u00f3pia do CPF e RG do interessado ou do representante indicado na procura\u00e7\u00e3o; c\u00f3pia da Inscri\u00e7\u00e3o no CNPJ e da Inscri\u00e7\u00e3o Estadual, no caso de pessoa jur\u00eddica, com a situa\u00e7\u00e3o atual;<\/span><\/li><\/ul><\/li><li><span style=\"font-size: 12pt; font-family: arial, helvetica, sans-serif; color: #000000;\"><b>Lista de pessoas (nome completo, RG e CPF) e n\u00famero total.<\/b><\/span><\/li><\/ul><\/li><\/ul><p><span style=\"font-size: 12pt; font-family: arial, helvetica, sans-serif; color: #000000;\">Prazos: encaminhamento da documenta\u00e7\u00e3o com 60 dias antes do in\u00edcio previsto da atividade;<\/span><\/p><p align=\"justify\"><span style=\"font-family: arial, helvetica, sans-serif; font-size: 12pt;\"><strong><span style=\"color: #000000;\">Unidades de Conserva\u00e7\u00e3o eleg\u00edveis para emiss\u00e3o da autoriza\u00e7\u00e3o:<\/span><\/strong><\/span><\/p><p style=\"padding-left: 40px;\" align=\"justify\"><span style=\"font-size: 12pt; font-family: arial, helvetica, sans-serif; color: #000000;\"><strong>a) Uso de Alojamento e Hospedagem:<\/strong> Parque Estadual da Serra de Caldas Novas e Parque Estadual de Terra Ronca;<\/span><\/p><p style=\"padding-left: 40px;\" align=\"justify\"><span style=\"font-size: 12pt; font-family: arial, helvetica, sans-serif; color: #000000;\"><strong>b) Uso de Audit\u00f3rio:<\/strong> Parque Estadual da Serra de Caldas Novas.<\/span><\/p><p align=\"justify\"><span style=\"font-size: 12pt; font-family: arial, helvetica, sans-serif; color: #000000;\">Custo: n\u00e3o h\u00e1 cobran\u00e7a de taxa para este tipo de autoriza\u00e7\u00e3o;<\/span><\/p><p><span style=\"font-size: 12pt; font-family: arial, helvetica, sans-serif; color: #000000;\">Legisla\u00e7\u00e3o aplic\u00e1vel: Lei Estadual n\u00ba 14.247\/2002.<\/span><\/p><p><span style=\"font-family: arial, helvetica, sans-serif; font-size: 12pt; color: #000000;\"><u><b>Autoriza\u00e7\u00e3o para Uso de Espa\u00e7o e Realiza\u00e7\u00e3o de Eventos em Unidade de Conserva\u00e7\u00e3o<\/b><\/u><\/span><\/p><p align=\"justify\"><span style=\"font-family: arial, helvetica, sans-serif; font-size: 12pt; color: #000000;\">A solicita\u00e7\u00e3o para obter Autoriza\u00e7\u00e3o para Uso de Espa\u00e7o e Realiza\u00e7\u00e3o de Eventos em Unidade de Conserva\u00e7\u00e3o do Estado de Goi\u00e1s dever\u00e1 ser realizada atrav\u00e9s do envio da documenta\u00e7\u00e3o necess\u00e1ria, para o seguinte e-mail: <a style=\"color: #000000;\" href=\"mailto:vaptvupt.meioambiente@goias.gov.br\"><u>vaptvupt.meioambiente@goias.gov.br<\/u><\/a>. Neste e-mail deve-se solicitar que o processo SEI seja remetido \u00e0 Ger\u00eancia de Cria\u00e7\u00e3o, Regulariza\u00e7\u00e3o Fundi\u00e1ria e Suporte \u00e0 Gest\u00e3o de Unidades de Conserva\u00e7\u00e3o (GEREF &#8211; 18334). Obs.: O processo administrativo espec\u00edfico s\u00f3 ser\u00e1 aberto com toda a documenta\u00e7\u00e3o necess\u00e1ria.<\/span><\/p><p><span style=\"font-family: arial, helvetica, sans-serif; font-size: 12pt;\"><strong><span style=\"color: #000000;\">Documenta\u00e7\u00e3o necess\u00e1ria:<\/span><\/strong><\/span><\/p><ul><li style=\"list-style-type: none;\"><ul style=\"list-style-type: circle;\"><li><span style=\"font-family: arial, helvetica, sans-serif; font-size: 12pt;\"><a href=\"https:\/\/goias.gov.br\/parquesdegoias\/wp-content\/uploads\/sites\/70\/2026\/03\/Formulario-Espaco-Evento-Alojam-Auditor.pdf\"><b>Formul\u00e1rio de Solicita\u00e7\u00e3o;<\/b><\/a><\/span><\/li><li><span style=\"font-size: 12pt; font-family: arial, helvetica, sans-serif; color: #000000;\"><b>Documentos do solicitante:<\/b><\/span><br \/><ul style=\"list-style-type: circle;\"><li><span style=\"font-family: arial, helvetica, sans-serif; font-size: 12pt; color: #000000;\"><b>Se pessoa f\u00edsica: <\/b>c\u00f3pia do CPF e RG;<\/span><\/li><li><span style=\"font-family: arial, helvetica, sans-serif; font-size: 12pt; color: #000000;\"><b>Se pessoa jur\u00eddica: <\/b>c\u00f3pia do contrato social e suas altera\u00e7\u00f5es; c\u00f3pia da ata de elei\u00e7\u00e3o e posse da diretoria atual; c\u00f3pia do CPF e RG do interessado ou do representante indicado na procura\u00e7\u00e3o; c\u00f3pia da Inscri\u00e7\u00e3o no CNPJ e da Inscri\u00e7\u00e3o Estadual, no caso de pessoa jur\u00eddica, com a situa\u00e7\u00e3o atual.<\/span><\/li><\/ul><\/li><\/ul><\/li><\/ul><p><span style=\"font-size: 12pt; font-family: arial, helvetica, sans-serif; color: #000000;\">Prazos: encaminhamento da documenta\u00e7\u00e3o com 60 dias antes do in\u00edcio previsto da atividade;<\/span><\/p><p><span style=\"font-family: arial, helvetica, sans-serif; font-size: 12pt; color: #000000;\"><strong>Unidades de Conserva\u00e7\u00e3o eleg\u00edveis para emiss\u00e3o da autoriza\u00e7\u00e3o:<\/strong> Parque Estadual da Serra de Caldas Novas, Parque Estadual dos Pireneus, Parque Estadual de Terra Ronca, Parque Estadual Altamiro de Moura Pacheco \/ Parque Estadual do Jo\u00e3o Leite, Parque Estadual Telma Ortegal, Parque Estadual da Mata Atl\u00e2ntica, Parque Estadual do Araguaia, Parque Estadual \u00c1guas do Para\u00edso, Parque Estadual da Serra de Jaragu\u00e1, \u00c1rea de Relevante Interesse Ecol\u00f3gico \u00c1guas de S\u00e3o Jo\u00e3o.<\/span><\/p><p><span style=\"font-size: 12pt; font-family: arial, helvetica, sans-serif; color: #000000;\">Custo: n\u00e3o h\u00e1 cobran\u00e7a de taxa para este tipo de autoriza\u00e7\u00e3o;<\/span><\/p><p><span style=\"font-size: 12pt; font-family: arial, helvetica, sans-serif; color: #000000;\">Legisla\u00e7\u00e3o aplic\u00e1vel: Lei Estadual n\u00ba 14.247\/2002.<\/span><\/p><p><span style=\"font-family: arial, helvetica, sans-serif; font-size: 12pt; color: #000000;\"><u><b>Autoriza\u00e7\u00e3o para Uso de Imagem em Unidade de Conserva\u00e7\u00e3o<\/b><\/u><\/span><\/p><p><span style=\"font-family: arial, helvetica, sans-serif; font-size: 12pt; color: #000000;\">A solicita\u00e7\u00e3o para obter Autoriza\u00e7\u00e3o para Uso de Imagem em Unidade de Conserva\u00e7\u00e3o do Estado de Goi\u00e1s dever\u00e1 ser realizada atrav\u00e9s do envio da documenta\u00e7\u00e3o necess\u00e1ria, para o seguinte e-mail: <a style=\"color: #000000;\" href=\"mailto:vaptvupt.meioambiente@goias.gov.br\"><u>vaptvupt.meioambiente@goias.gov.br<\/u><\/a>. Neste e-mail deve-se solicitar que o processo SEI seja remetido \u00e0 Ger\u00eancia de Cria\u00e7\u00e3o, Regulariza\u00e7\u00e3o Fundi\u00e1ria e Suporte \u00e0 Gest\u00e3o de Unidades de Conserva\u00e7\u00e3o (GEREF &#8211; 18334). Obs.: O processo administrativo espec\u00edfico s\u00f3 ser\u00e1 aberto com toda a documenta\u00e7\u00e3o necess\u00e1ria.<\/span><\/p><p><span style=\"font-size: 12pt; font-family: arial, helvetica, sans-serif; color: #000000;\"><strong>IMPORTANTE<\/strong> &#8211; A produ\u00e7\u00e3o de imagens em \u00e1reas abertas \u00e0 visita\u00e7\u00e3o nas unidades de conserva\u00e7\u00e3o estaduais sem aparatos ou equipe que alterem a rotina dos locais abertos \u00e0 visita\u00e7\u00e3o n\u00e3o depende de autoriza\u00e7\u00e3o pr\u00e9via e espec\u00edfica do \u00f3rg\u00e3o gestor. Entretanto, n\u00e3o dispensa a necessidade de autoriza\u00e7\u00e3o de uso, pr\u00e9via e espec\u00edfica, quando a explora\u00e7\u00e3o da imagem possuir finalidade comercial.<\/span><\/p><p><span style=\"font-family: arial, helvetica, sans-serif; font-size: 12pt;\"><strong><span style=\"color: #000000;\">Documenta\u00e7\u00e3o necess\u00e1ria:<\/span><\/strong><\/span><\/p><ul><li style=\"list-style-type: none;\"><ul><li><span style=\"font-family: arial, helvetica, sans-serif; font-size: 12pt;\"><a href=\"https:\/\/goias.gov.br\/parquesdegoias\/wp-content\/uploads\/sites\/70\/2026\/03\/Formulario-Uso-Imagem.pdf\"><b>Formul\u00e1rio de Solicita\u00e7\u00e3o;<\/b><\/a><\/span><\/li><li><span style=\"font-size: 12pt; font-family: arial, helvetica, sans-serif; color: #000000;\"><b>Documentos do solicitante:<\/b><\/span><ul><li><span style=\"font-family: arial, helvetica, sans-serif; font-size: 12pt; color: #000000;\"><b>Se pessoa f\u00edsica: <\/b>c\u00f3pia do CPF e RG;<\/span><\/li><li><span style=\"font-family: arial, helvetica, sans-serif; font-size: 12pt; color: #000000;\"><b>Se pessoa jur\u00eddica: <\/b>c\u00f3pia do contrato social e suas altera\u00e7\u00f5es; c\u00f3pia da ata de elei\u00e7\u00e3o e posse da diretoria atual; c\u00f3pia do CPF e RG do interessado ou do representante indicado na procura\u00e7\u00e3o; c\u00f3pia da Inscri\u00e7\u00e3o no CNPJ e da Inscri\u00e7\u00e3o Estadual, no caso de pessoa jur\u00eddica, com a situa\u00e7\u00e3o atual.<\/span><\/li><\/ul><\/li><\/ul><\/li><\/ul><p><span style=\"font-size: 12pt; font-family: arial, helvetica, sans-serif; color: #000000;\">Prazos: encaminhamento da documenta\u00e7\u00e3o com 60 dias antes do in\u00edcio previsto da atividade;<\/span><\/p><p><span style=\"font-family: arial, helvetica, sans-serif; font-size: 12pt; color: #000000;\"><strong>Unidades de Conserva\u00e7\u00e3o eleg\u00edveis para emiss\u00e3o da autoriza\u00e7\u00e3o:<\/strong> Parque Estadual da Serra de Caldas Novas, Parque Estadual dos Pireneus, Parque Estadual de Terra Ronca, Parque Estadual Altamiro de Moura Pacheco \/ Parque Estadual do Jo\u00e3o Leite, Parque Estadual Telma Ortegal, Parque Estadual da Mata Atl\u00e2ntica, Parque Estadual do Araguaia, Parque Estadual \u00c1guas do Para\u00edso, Parque Estadual da Serra de Jaragu\u00e1, \u00c1rea de Relevante Interesse Ecol\u00f3gico \u00c1guas de S\u00e3o Jo\u00e3o.<\/span><\/p><p><span style=\"font-size: 12pt; font-family: arial, helvetica, sans-serif; color: #000000;\">Custo: n\u00e3o h\u00e1 cobran\u00e7a de taxa para este tipo de autoriza\u00e7\u00e3o;<\/span><\/p><p><span style=\"font-size: 12pt; font-family: arial, helvetica, sans-serif; color: #000000;\">Legisla\u00e7\u00e3o aplic\u00e1vel: Lei Estadual n\u00ba 14.247\/2002.<\/span><\/p><p><span style=\"font-family: arial, helvetica, sans-serif; font-size: 12pt; color: #000000;\"><u><b>Autoriza\u00e7\u00e3o para Usos Diversos em Unidade de Conserva\u00e7\u00e3o<\/b><\/u><\/span><\/p><p><span style=\"font-family: arial, helvetica, sans-serif; font-size: 12pt; color: #000000;\">A solicita\u00e7\u00e3o para obter Autoriza\u00e7\u00e3o para Usos Diversos em Unidade de Conserva\u00e7\u00e3o do Estado de Goi\u00e1s dever\u00e1 ser realizada atrav\u00e9s do envio da documenta\u00e7\u00e3o necess\u00e1ria, para o seguinte e-mail: <a style=\"color: #000000;\" href=\"mailto:vaptvupt.meioambiente@goias.gov.br\"><u>vaptvupt.meioambiente@goias.gov.br<\/u><\/a>. Neste e-mail deve-se solicitar que o processo SEI seja remetido \u00e0 Ger\u00eancia de Cria\u00e7\u00e3o, Regulariza\u00e7\u00e3o Fundi\u00e1ria e Suporte \u00e0 Gest\u00e3o de Unidades de Conserva\u00e7\u00e3o (GEREF &#8211; 18334). Obs.: O processo administrativo espec\u00edfico s\u00f3 ser\u00e1 aberto com toda a documenta\u00e7\u00e3o necess\u00e1ria.<\/span><\/p><p><span style=\"font-family: arial, helvetica, sans-serif; font-size: 12pt;\"><strong><span style=\"color: #000000;\">Documenta\u00e7\u00e3o necess\u00e1ria:<\/span><\/strong><\/span><\/p><ul><li style=\"list-style-type: none;\"><ul style=\"list-style-type: circle;\"><li><span style=\"font-family: arial, helvetica, sans-serif; font-size: 12pt;\"><a href=\"https:\/\/goias.gov.br\/parquesdegoias\/wp-content\/uploads\/sites\/70\/2026\/03\/Formulario-Espaco-Evento-Alojam-Auditor.pdf\"><b>Formul\u00e1rio de Solicita\u00e7\u00e3o;<\/b><\/a><\/span><\/li><li><span style=\"font-size: 12pt; font-family: arial, helvetica, sans-serif; color: #000000;\"><b>Documentos do solicitante:<\/b><\/span><br \/><ul style=\"list-style-type: circle;\"><li><span style=\"font-family: arial, helvetica, sans-serif; font-size: 12pt; color: #000000;\"><b>Se pessoa f\u00edsica: <\/b>c\u00f3pia do CPF e RG;<\/span><\/li><li><span style=\"font-family: arial, helvetica, sans-serif; font-size: 12pt; color: #000000;\"><b>Se pessoa jur\u00eddica: <\/b>c\u00f3pia do contrato social e suas altera\u00e7\u00f5es; c\u00f3pia da ata de elei\u00e7\u00e3o e posse da diretoria atual; c\u00f3pia do CPF e RG do interessado ou do representante indicado na procura\u00e7\u00e3o; c\u00f3pia da Inscri\u00e7\u00e3o no CNPJ e da Inscri\u00e7\u00e3o Estadual, no caso de pessoa jur\u00eddica, com a situa\u00e7\u00e3o atual.<\/span><\/li><\/ul><\/li><\/ul><\/li><\/ul><p><span style=\"font-size: 12pt; font-family: arial, helvetica, sans-serif; color: #000000;\">Prazos: encaminhamento da documenta\u00e7\u00e3o com 60 dias antes do in\u00edcio previsto da atividade;<\/span><\/p><p><span style=\"font-size: 12pt; font-family: arial, helvetica, sans-serif; color: #000000;\"><strong>Unidades de Conserva\u00e7\u00e3o eleg\u00edveis para emiss\u00e3o da autoriza\u00e7\u00e3o:<\/strong> todas as Unidades de Conserva\u00e7\u00e3o Estaduais de Goi\u00e1s, exceto \u00e0s categorias Reserva Particular do Patrim\u00f4nio Natural (RPPN), Reserva Privada de Desenvolvimento Sustent\u00e1vel (RPDS) e \u00c1rea de Prote\u00e7\u00e3o Ambiental (APA).<\/span><\/p><p><span style=\"font-size: 12pt; font-family: arial, helvetica, sans-serif; color: #000000;\">Custo: n\u00e3o h\u00e1 cobran\u00e7a de taxa para este tipo de autoriza\u00e7\u00e3o;<\/span><\/p><p><span style=\"font-size: 12pt; font-family: arial, helvetica, sans-serif; color: #000000;\">Legisla\u00e7\u00e3o aplic\u00e1vel: Lei Estadual n\u00ba 14.247\/2002.<\/span><\/p>\t\t\t\t\t\t\t\t<\/div>\n\t\t\t\t<\/div>\n\t\t\t\t<\/div>\n\t\t\t\t<\/div>\n\t\t<div class=\"elementor-element elementor-element-9205281 e-flex e-con-boxed e-con e-parent\" data-id=\"9205281\" data-element_type=\"container\" data-e-type=\"container\">\n\t\t\t\t\t<div class=\"e-con-inner\">\n\t\t\t\t<div class=\"elementor-element elementor-element-1c307323 elementor-widget elementor-widget-html\" data-id=\"1c307323\" data-element_type=\"widget\" data-e-type=\"widget\" data-widget_type=\"html.default\">\n\t\t\t\t\t<style>\r\n  \/* Troque 2084 pelo ID da p\u00e1gina (veja a URL: post=2084) *\/\r\n  body.page-id-2084 .entry-title,\r\n  body.page-id-2084 .page-title,\r\n  body.page-id-2084 .post-title,\r\n  body.page-id-2084 .page-header,\r\n  body.page-id-2084 .content-area > header,\r\n  body.page-id-2084 .site-main > header {\r\n    display: none !important;\r\n  }\r\n\r\n  \/* Se o tema usa pseudo-elemento decorativo com o t\u00edtulo *\/\r\n  body.page-id-2084 .entry-title::before,\r\n  body.page-id-2084 .page-header::before {\r\n    content: none !important;\r\n  }\r\n\r\n  \/* Remove espa\u00e7o extra de cabe\u00e7alhos do tema (se houver) *\/\r\n  body.page-id-2084 .site-content,\r\n  body.page-id-2084 .content-area {\r\n    margin-top: 0 !important;\r\n    padding-top: 0 !important;\r\n  }\r\n<\/style>\r\n\t\t\t\t<\/div>\n\t\t\t\t\t<\/div>\n\t\t\t\t<\/div>\n\t\t\t\t<\/div>\n\t\t","protected":false},"excerpt":{"rendered":"<p>AUTORIZA\u00c7\u00d5ES DE USO EM UNIDADES DE CONSERVA\u00c7\u00c3O As Unidades de Conserva\u00e7\u00e3o (UCs) s\u00e3o espa\u00e7os territoriais legalmente institu\u00eddos pelo Poder P\u00fablico, com caracter\u00edsticas naturais relevantes e objetivos definidos de conserva\u00e7\u00e3o, conforme estabelece a Lei Estadual n\u00ba 14.247\/2002. Essas \u00e1reas desempenham papel essencial na preserva\u00e7\u00e3o da biodiversidade, na manuten\u00e7\u00e3o dos processos ecol\u00f3gicos e na promo\u00e7\u00e3o do uso [&hellip;]<\/p>\n","protected":false},"author":1497,"featured_media":0,"parent":0,"menu_order":0,"comment_status":"closed","ping_status":"closed","template":"","meta":{"footnotes":""},"class_list":["post-2621","page","type-page","status-publish","hentry"],"acf":[],"rttpg_featured_image_url":null,"rttpg_author":{"display_name":"","author_link":"https:\/\/goias.gov.br\/parquesdegoias\/author\/"},"rttpg_comment":0,"rttpg_category":null,"rttpg_excerpt":"AUTORIZA\u00c7\u00d5ES DE USO EM UNIDADES DE CONSERVA\u00c7\u00c3O As Unidades de Conserva\u00e7\u00e3o (UCs) s\u00e3o espa\u00e7os territoriais legalmente institu\u00eddos pelo Poder P\u00fablico, com caracter\u00edsticas naturais relevantes e objetivos definidos de conserva\u00e7\u00e3o, conforme estabelece a Lei Estadual n\u00ba 14.247\/2002. Essas \u00e1reas desempenham papel essencial na preserva\u00e7\u00e3o da biodiversidade, na manuten\u00e7\u00e3o dos processos ecol\u00f3gicos e na promo\u00e7\u00e3o do uso&hellip;","_links":{"self":[{"href":"https:\/\/goias.gov.br\/parquesdegoias\/wp-json\/wp\/v2\/pages\/2621","targetHints":{"allow":["GET"]}}],"collection":[{"href":"https:\/\/goias.gov.br\/parquesdegoias\/wp-json\/wp\/v2\/pages"}],"about":[{"href":"https:\/\/goias.gov.br\/parquesdegoias\/wp-json\/wp\/v2\/types\/page"}],"author":[{"embeddable":true,"href":"https:\/\/goias.gov.br\/parquesdegoias\/wp-json\/wp\/v2\/users\/1497"}],"replies":[{"embeddable":true,"href":"https:\/\/goias.gov.br\/parquesdegoias\/wp-json\/wp\/v2\/comments?post=2621"}],"version-history":[{"count":2,"href":"https:\/\/goias.gov.br\/parquesdegoias\/wp-json\/wp\/v2\/pages\/2621\/revisions"}],"predecessor-version":[{"id":4500,"href":"https:\/\/goias.gov.br\/parquesdegoias\/wp-json\/wp\/v2\/pages\/2621\/revisions\/4500"}],"wp:attachment":[{"href":"https:\/\/goias.gov.br\/parquesdegoias\/wp-json\/wp\/v2\/media?parent=2621"}],"curies":[{"name":"wp","href":"https:\/\/api.w.org\/{rel}","templated":true}]}}