
{"id":1932,"date":"2025-08-22T04:45:08","date_gmt":"2025-08-22T07:45:08","guid":{"rendered":"https:\/\/goias.gov.br\/parquesdegoias\/?page_id=1932"},"modified":"2026-01-22T09:23:05","modified_gmt":"2026-01-22T12:23:05","slug":"concessao-de-uso-publico","status":"publish","type":"page","link":"https:\/\/goias.gov.br\/parquesdegoias\/concessao-de-uso-publico\/","title":{"rendered":"Concess\u00e3o de Uso P\u00fablico"},"content":{"rendered":"\t\t<div data-elementor-type=\"wp-page\" data-elementor-id=\"1932\" class=\"elementor elementor-1932\">\n\t\t\t\t<div class=\"elementor-element elementor-element-73219578 e-con-full e-flex e-con e-parent\" data-id=\"73219578\" data-element_type=\"container\" data-e-type=\"container\">\n\t\t<div class=\"elementor-element elementor-element-553cc79e e-con-full e-flex e-con e-child\" data-id=\"553cc79e\" data-element_type=\"container\" data-e-type=\"container\" data-settings=\"{&quot;background_background&quot;:&quot;classic&quot;}\">\n\t\t\t\t<div class=\"elementor-element elementor-element-736aef8a elementor-widget__width-initial elementor-widget-mobile__width-initial elementor-widget-tablet__width-initial elementor-widget elementor-widget-heading\" data-id=\"736aef8a\" data-element_type=\"widget\" data-e-type=\"widget\" data-widget_type=\"heading.default\">\n\t\t\t\t\t<h2 class=\"elementor-heading-title elementor-size-default\">CONCESS\u00c3O DE USO P\u00daBLICO<\/h2>\t\t\t\t<\/div>\n\t\t\t\t<\/div>\n\t\t<div class=\"elementor-element elementor-element-2c55db03 e-con-full e-flex e-con e-child\" data-id=\"2c55db03\" data-element_type=\"container\" data-e-type=\"container\">\n\t\t<div class=\"elementor-element elementor-element-78cc9428 e-con-full e-flex e-con e-child\" data-id=\"78cc9428\" data-element_type=\"container\" data-e-type=\"container\">\n\t\t\t\t<div class=\"elementor-element elementor-element-6f46df99 elementor-widget__width-initial elementor-widget elementor-widget-text-editor\" data-id=\"6f46df99\" data-element_type=\"widget\" data-e-type=\"widget\" data-widget_type=\"text-editor.default\">\n\t\t\t\t\t\t\t\t\t<p><span style=\"font-family: arial, helvetica, sans-serif; font-size: 12pt;\"><span style=\"color: #000000;\">A Secretaria Estadual de Meio Ambiente e Desenvolvimento Sustent\u00e1vel (Semad) administra 25 unidades de conserva\u00e7\u00e3o (UCs). Treze s\u00e3o da categoria \u201cparque estadual\u201d, cujo objetivo \u00e9 promover o turismo ecol\u00f3gico e garantir a preserva\u00e7\u00e3o ambiental.<\/span><\/span><\/p><p><span style=\"font-family: arial, helvetica, sans-serif; font-size: 12pt;\"><span style=\"color: #000000;\">Essas unidades possuem potencial significativo para o crescimento do turismo ecol\u00f3gico, favorecendo o desenvolvimento econ\u00f4mico, social e ambiental das regi\u00f5es onde est\u00e3o localizadas.<\/span><\/span><\/p><p><span style=\"font-family: arial, helvetica, sans-serif; font-size: 12pt;\"><span style=\"color: #000000;\">Com o intuito de aprimorar e diversificar os servi\u00e7os tur\u00edsticos oferecidos por essas unidades, a Semad iniciou estudos para viabilizar a concess\u00e3o das \u00e1reas de uso p\u00fablico de algumas de suas unidades de conserva\u00e7\u00e3o.<\/span><\/span><\/p><p><span style=\"font-family: arial, helvetica, sans-serif; font-size: 12pt;\"><span style=\"color: #000000;\">O modelo de concess\u00e3o permite que a administra\u00e7\u00e3o p\u00fablica se beneficie da expertise do setor privado, viabilizando a implanta\u00e7\u00e3o de novas estruturas e a diversifica\u00e7\u00e3o dos servi\u00e7os tur\u00edsticos, aprimorando e garantindo uma melhor experi\u00eancia para os visitantes nas unidades de conserva\u00e7\u00e3o.<\/span><\/span><\/p><p><span style=\"font-family: arial, helvetica, sans-serif; font-size: 12pt;\"><strong><span style=\"color: #000000;\">Projetos em andamento<\/span><\/strong><\/span><\/p><p><span style=\"font-family: arial, helvetica, sans-serif; font-size: 12pt; color: #000000;\">A SEMAD, em parceria com o BNDES, est\u00e1 desenvolvendo uma carteira estrat\u00e9gica de projetos voltada para a moderniza\u00e7\u00e3o e valoriza\u00e7\u00e3o do turismo em unidades de conserva\u00e7\u00e3o. Esses projetos t\u00eam como objetivo estruturar concess\u00f5es para presta\u00e7\u00e3o dos servi\u00e7os de apoio \u00e0 visita\u00e7\u00e3o, revitaliza\u00e7\u00e3o, moderniza\u00e7\u00e3o, opera\u00e7\u00e3o e manuten\u00e7\u00e3o dos servi\u00e7os tur\u00edsticos.<\/span><\/p><p><span style=\"font-family: arial, helvetica, sans-serif; font-size: 12pt; color: #000000;\">Parques Estaduais contemplados no projeto:<\/span><\/p><ul style=\"list-style-type: circle;\"><li><span style=\"font-family: arial, helvetica, sans-serif; font-size: 12pt; color: #000000;\">Parque Estadual Serra de Caldas Novas;<\/span><\/li><li><span style=\"font-family: arial, helvetica, sans-serif; font-size: 12pt; color: #000000;\">Parque Estadual de Terra Ronca;<\/span><\/li><li><span style=\"font-family: arial, helvetica, sans-serif; font-size: 12pt; color: #000000;\">Parque Estadual Altamiro de Moura Pacheco e Parque Estadual Jo\u00e3o Leite (estrutura\u00e7\u00e3o conjunta).<\/span><\/li><\/ul><p><span style=\"font-family: arial, helvetica, sans-serif; font-size: 12pt; color: #000000;\">Essa iniciativa representa um passo importante para fortalecer o ecoturismo em Goi\u00e1s, contribuindo para uma experi\u00eancia mais agrad\u00e1vel e segura aos visitantes, com melhorias significativas nas edifica\u00e7\u00f5es e na infraestrutura, proporcionadas pela participa\u00e7\u00e3o do setor privado.<\/span><\/p>\t\t\t\t\t\t\t\t<\/div>\n\t\t\t\t<div class=\"elementor-element elementor-element-fa5d4fe elementor-widget__width-initial elementor-widget elementor-widget-text-editor\" data-id=\"fa5d4fe\" data-element_type=\"widget\" data-e-type=\"widget\" data-widget_type=\"text-editor.default\">\n\t\t\t\t\t\t\t\t\t<section style=\"font-family: inherit; line-height: 1.6; color: #000;\" aria-labelledby=\"concessao-uc\"><\/section><section style=\"font-family: inherit; line-height: 1.6; color: #000;\" aria-labelledby=\"concessao-uc\"><\/section><p><span style=\"font-family: arial, helvetica, sans-serif; font-size: 12pt;\"><strong><a href=\"https:\/\/goias.gov.br\/meioambiente\/consulta-publica\/\"><span style=\"color: #000000;\">Consulta e audi\u00eancia p\u00fablica<\/span><\/a><\/strong><\/span><\/p>\t\t\t\t\t\t\t\t<\/div>\n\t\t<div class=\"elementor-element elementor-element-9dafb0d e-con-full e-flex e-con e-child\" data-id=\"9dafb0d\" data-element_type=\"container\" data-e-type=\"container\">\n\t\t\t\t<div class=\"elementor-element elementor-element-62fbe7a e-transform e-transform e-transform elementor-widget__width-initial elementor-widget-tablet__width-initial elementor-widget elementor-widget-image\" data-id=\"62fbe7a\" data-element_type=\"widget\" data-e-type=\"widget\" data-settings=\"{&quot;_transform_rotateZ_effect_hover&quot;:{&quot;unit&quot;:&quot;px&quot;,&quot;size&quot;:2,&quot;sizes&quot;:[]},&quot;_transform_scale_effect_hover&quot;:{&quot;unit&quot;:&quot;px&quot;,&quot;size&quot;:1.1,&quot;sizes&quot;:[]},&quot;_transform_rotateZ_effect_hover_tablet&quot;:{&quot;unit&quot;:&quot;deg&quot;,&quot;size&quot;:&quot;&quot;,&quot;sizes&quot;:[]},&quot;_transform_rotateZ_effect_hover_mobile&quot;:{&quot;unit&quot;:&quot;deg&quot;,&quot;size&quot;:&quot;&quot;,&quot;sizes&quot;:[]},&quot;_transform_scale_effect_hover_tablet&quot;:{&quot;unit&quot;:&quot;px&quot;,&quot;size&quot;:&quot;&quot;,&quot;sizes&quot;:[]},&quot;_transform_scale_effect_hover_mobile&quot;:{&quot;unit&quot;:&quot;px&quot;,&quot;size&quot;:&quot;&quot;,&quot;sizes&quot;:[]},&quot;_transform_skewX_effect_hover&quot;:{&quot;unit&quot;:&quot;px&quot;,&quot;size&quot;:&quot;&quot;,&quot;sizes&quot;:[]},&quot;_transform_skewX_effect_hover_tablet&quot;:{&quot;unit&quot;:&quot;deg&quot;,&quot;size&quot;:&quot;&quot;,&quot;sizes&quot;:[]},&quot;_transform_skewX_effect_hover_mobile&quot;:{&quot;unit&quot;:&quot;deg&quot;,&quot;size&quot;:&quot;&quot;,&quot;sizes&quot;:[]},&quot;_transform_skewY_effect_hover&quot;:{&quot;unit&quot;:&quot;px&quot;,&quot;size&quot;:&quot;&quot;,&quot;sizes&quot;:[]},&quot;_transform_skewY_effect_hover_tablet&quot;:{&quot;unit&quot;:&quot;deg&quot;,&quot;size&quot;:&quot;&quot;,&quot;sizes&quot;:[]},&quot;_transform_skewY_effect_hover_mobile&quot;:{&quot;unit&quot;:&quot;deg&quot;,&quot;size&quot;:&quot;&quot;,&quot;sizes&quot;:[]}}\" data-widget_type=\"image.default\">\n\t\t\t\t\t\t\t\t\t\t\t\t<figure class=\"wp-caption\">\n\t\t\t\t\t\t\t\t\t\t\t<a href=\"https:\/\/goias.gov.br\/meioambiente\/aviso-de-consulta-e-audiencia-publica-no-01-2023\/\">\n\t\t\t\t\t\t\t<img fetchpriority=\"high\" decoding=\"async\" width=\"1024\" height=\"683\" src=\"https:\/\/goias.gov.br\/parquesdegoias\/wp-content\/uploads\/sites\/70\/slider3\/MG_9801-1024x683.jpeg\" class=\"attachment-large size-large wp-image-2218\" alt=\"\" srcset=\"https:\/\/goias.gov.br\/parquesdegoias\/wp-content\/uploads\/sites\/70\/slider3\/MG_9801-1024x683.jpeg 1024w, https:\/\/goias.gov.br\/parquesdegoias\/wp-content\/uploads\/sites\/70\/slider3\/MG_9801-300x200.jpeg 300w, https:\/\/goias.gov.br\/parquesdegoias\/wp-content\/uploads\/sites\/70\/slider3\/MG_9801-768x512.jpeg 768w, https:\/\/goias.gov.br\/parquesdegoias\/wp-content\/uploads\/sites\/70\/slider3\/MG_9801-1536x1024.jpeg 1536w, https:\/\/goias.gov.br\/parquesdegoias\/wp-content\/uploads\/sites\/70\/slider3\/MG_9801.jpeg 2048w\" sizes=\"(max-width: 1024px) 100vw, 1024px\" \/>\t\t\t\t\t\t\t\t<\/a>\n\t\t\t\t\t\t\t\t\t\t\t<figcaption class=\"widget-image-caption wp-caption-text\">Parque Estadual da Serra de Caldas Novas (PESCAN)<\/figcaption>\n\t\t\t\t\t\t\t\t\t\t<\/figure>\n\t\t\t\t\t\t\t\t\t<\/div>\n\t\t\t\t<\/div>\n\t\t\t\t<div class=\"elementor-element elementor-element-4a336fc elementor-widget__width-initial elementor-widget elementor-widget-text-editor\" data-id=\"4a336fc\" data-element_type=\"widget\" data-e-type=\"widget\" data-widget_type=\"text-editor.default\">\n\t\t\t\t\t\t\t\t\t<section style=\"font-family: inherit; line-height: 1.6; color: #000;\" aria-labelledby=\"concessao-uc\"><\/section><section style=\"font-family: inherit; line-height: 1.6; color: #000;\" aria-labelledby=\"concessao-uc\"><\/section><p><span style=\"font-family: arial, helvetica, sans-serif; font-size: 12pt;\"><strong><a href=\"https:\/\/goias.gov.br\/meioambiente\/concorrencia\/\"><span style=\"color: #000000;\">Concorr\u00eancia<\/span><\/a><\/strong><\/span><\/p>\t\t\t\t\t\t\t\t<\/div>\n\t\t<div class=\"elementor-element elementor-element-3b23857 e-con-full e-flex e-con e-child\" data-id=\"3b23857\" data-element_type=\"container\" data-e-type=\"container\">\n\t\t\t\t<div class=\"elementor-element elementor-element-83b8b32 e-transform e-transform e-transform elementor-widget elementor-widget-image\" data-id=\"83b8b32\" data-element_type=\"widget\" data-e-type=\"widget\" data-settings=\"{&quot;_transform_rotateZ_effect_hover&quot;:{&quot;unit&quot;:&quot;px&quot;,&quot;size&quot;:2,&quot;sizes&quot;:[]},&quot;_transform_scale_effect_hover&quot;:{&quot;unit&quot;:&quot;px&quot;,&quot;size&quot;:1.1,&quot;sizes&quot;:[]},&quot;_transform_rotateZ_effect_hover_tablet&quot;:{&quot;unit&quot;:&quot;deg&quot;,&quot;size&quot;:&quot;&quot;,&quot;sizes&quot;:[]},&quot;_transform_rotateZ_effect_hover_mobile&quot;:{&quot;unit&quot;:&quot;deg&quot;,&quot;size&quot;:&quot;&quot;,&quot;sizes&quot;:[]},&quot;_transform_scale_effect_hover_tablet&quot;:{&quot;unit&quot;:&quot;px&quot;,&quot;size&quot;:&quot;&quot;,&quot;sizes&quot;:[]},&quot;_transform_scale_effect_hover_mobile&quot;:{&quot;unit&quot;:&quot;px&quot;,&quot;size&quot;:&quot;&quot;,&quot;sizes&quot;:[]},&quot;_transform_skewX_effect_hover&quot;:{&quot;unit&quot;:&quot;px&quot;,&quot;size&quot;:&quot;&quot;,&quot;sizes&quot;:[]},&quot;_transform_skewX_effect_hover_tablet&quot;:{&quot;unit&quot;:&quot;deg&quot;,&quot;size&quot;:&quot;&quot;,&quot;sizes&quot;:[]},&quot;_transform_skewX_effect_hover_mobile&quot;:{&quot;unit&quot;:&quot;deg&quot;,&quot;size&quot;:&quot;&quot;,&quot;sizes&quot;:[]},&quot;_transform_skewY_effect_hover&quot;:{&quot;unit&quot;:&quot;px&quot;,&quot;size&quot;:&quot;&quot;,&quot;sizes&quot;:[]},&quot;_transform_skewY_effect_hover_tablet&quot;:{&quot;unit&quot;:&quot;deg&quot;,&quot;size&quot;:&quot;&quot;,&quot;sizes&quot;:[]},&quot;_transform_skewY_effect_hover_mobile&quot;:{&quot;unit&quot;:&quot;deg&quot;,&quot;size&quot;:&quot;&quot;,&quot;sizes&quot;:[]}}\" data-widget_type=\"image.default\">\n\t\t\t\t\t\t\t\t\t\t\t\t<figure class=\"wp-caption\">\n\t\t\t\t\t\t\t\t\t\t\t<a href=\"https:\/\/goias.gov.br\/meioambiente\/concorrencia\/\">\n\t\t\t\t\t\t\t<img decoding=\"async\" width=\"1024\" height=\"559\" src=\"https:\/\/goias.gov.br\/parquesdegoias\/wp-content\/uploads\/sites\/70\/2025\/12\/DJI_0934-1-1-1024x559.jpg\" class=\"attachment-large size-large wp-image-2864\" alt=\"\" srcset=\"https:\/\/goias.gov.br\/parquesdegoias\/wp-content\/uploads\/sites\/70\/2025\/12\/DJI_0934-1-1-1024x559.jpg 1024w, https:\/\/goias.gov.br\/parquesdegoias\/wp-content\/uploads\/sites\/70\/2025\/12\/DJI_0934-1-1-300x164.jpg 300w, https:\/\/goias.gov.br\/parquesdegoias\/wp-content\/uploads\/sites\/70\/2025\/12\/DJI_0934-1-1-768x419.jpg 768w, https:\/\/goias.gov.br\/parquesdegoias\/wp-content\/uploads\/sites\/70\/2025\/12\/DJI_0934-1-1-1536x839.jpg 1536w, https:\/\/goias.gov.br\/parquesdegoias\/wp-content\/uploads\/sites\/70\/2025\/12\/DJI_0934-1-1-2048x1118.jpg 2048w\" sizes=\"(max-width: 1024px) 100vw, 1024px\" \/>\t\t\t\t\t\t\t\t<\/a>\n\t\t\t\t\t\t\t\t\t\t\t<figcaption class=\"widget-image-caption wp-caption-text\">Parque Estadual da Serra de Caldas Novas (PESCAN)<\/figcaption>\n\t\t\t\t\t\t\t\t\t\t<\/figure>\n\t\t\t\t\t\t\t\t\t<\/div>\n\t\t\t\t<\/div>\n\t\t\t\t<\/div>\n\t\t\t\t<\/div>\n\t\t\t\t<\/div>\n\t\t\t\t<\/div>\n\t\t","protected":false},"excerpt":{"rendered":"<p>CONCESS\u00c3O DE USO P\u00daBLICO A Secretaria Estadual de Meio Ambiente e Desenvolvimento Sustent\u00e1vel (Semad) administra 25 unidades de conserva\u00e7\u00e3o (UCs). Treze s\u00e3o da categoria \u201cparque estadual\u201d, cujo objetivo \u00e9 promover o turismo ecol\u00f3gico e garantir a preserva\u00e7\u00e3o ambiental. Essas unidades possuem potencial significativo para o crescimento do turismo ecol\u00f3gico, favorecendo o desenvolvimento econ\u00f4mico, social e [&hellip;]<\/p>\n","protected":false},"author":1471,"featured_media":0,"parent":0,"menu_order":0,"comment_status":"closed","ping_status":"closed","template":"elementor_header_footer","meta":{"footnotes":""},"class_list":["post-1932","page","type-page","status-publish","hentry"],"acf":[],"rttpg_featured_image_url":null,"rttpg_author":{"display_name":"","author_link":"https:\/\/goias.gov.br\/parquesdegoias\/author\/"},"rttpg_comment":0,"rttpg_category":null,"rttpg_excerpt":"CONCESS\u00c3O DE USO P\u00daBLICO A Secretaria Estadual de Meio Ambiente e Desenvolvimento Sustent\u00e1vel (Semad) administra 25 unidades de conserva\u00e7\u00e3o (UCs). Treze s\u00e3o da categoria \u201cparque estadual\u201d, cujo objetivo \u00e9 promover o turismo ecol\u00f3gico e garantir a preserva\u00e7\u00e3o ambiental. Essas unidades possuem potencial significativo para o crescimento do turismo ecol\u00f3gico, favorecendo o desenvolvimento econ\u00f4mico, social e&hellip;","_links":{"self":[{"href":"https:\/\/goias.gov.br\/parquesdegoias\/wp-json\/wp\/v2\/pages\/1932","targetHints":{"allow":["GET"]}}],"collection":[{"href":"https:\/\/goias.gov.br\/parquesdegoias\/wp-json\/wp\/v2\/pages"}],"about":[{"href":"https:\/\/goias.gov.br\/parquesdegoias\/wp-json\/wp\/v2\/types\/page"}],"author":[{"embeddable":true,"href":"https:\/\/goias.gov.br\/parquesdegoias\/wp-json\/wp\/v2\/users\/1471"}],"replies":[{"embeddable":true,"href":"https:\/\/goias.gov.br\/parquesdegoias\/wp-json\/wp\/v2\/comments?post=1932"}],"version-history":[{"count":2,"href":"https:\/\/goias.gov.br\/parquesdegoias\/wp-json\/wp\/v2\/pages\/1932\/revisions"}],"predecessor-version":[{"id":4232,"href":"https:\/\/goias.gov.br\/parquesdegoias\/wp-json\/wp\/v2\/pages\/1932\/revisions\/4232"}],"wp:attachment":[{"href":"https:\/\/goias.gov.br\/parquesdegoias\/wp-json\/wp\/v2\/media?parent=1932"}],"curies":[{"name":"wp","href":"https:\/\/api.w.org\/{rel}","templated":true}]}}