

{"id":5758,"date":"2023-09-22T15:07:21","date_gmt":"2023-09-22T18:07:21","guid":{"rendered":"https:\/\/siteshom.goias.gov.br\/metrobus\/?page_id=5758"},"modified":"2025-12-12T10:56:19","modified_gmt":"2025-12-12T13:56:19","slug":"a-metrobus","status":"publish","type":"page","link":"https:\/\/goias.gov.br\/metrobus\/a-metrobus\/","title":{"rendered":"A Metrobus"},"content":{"rendered":"\t\t<div data-elementor-type=\"wp-page\" data-elementor-id=\"5758\" class=\"elementor elementor-5758\">\n\t\t\t\t<div class=\"elementor-element elementor-element-f87145d e-flex e-con-boxed e-con e-parent\" data-id=\"f87145d\" data-element_type=\"container\" data-e-type=\"container\">\n\t\t\t\t\t<div class=\"e-con-inner\">\n\t\t<div class=\"elementor-element elementor-element-aa12969 e-con-full e-flex e-con e-child\" data-id=\"aa12969\" data-element_type=\"container\" data-e-type=\"container\">\n\t\t\t\t<div class=\"elementor-element elementor-element-f2bbcd4 elementor-widget elementor-widget-shortcode\" data-id=\"f2bbcd4\" data-element_type=\"widget\" data-e-type=\"widget\" data-widget_type=\"shortcode.default\">\n\t\t\t\t\t\t\t<div class=\"elementor-shortcode\"><div data-post-id=\"8705\" class=\"insert-page insert-page-8705 \"><h1 class='insert-page-title'>Compet\u00eancias<\/h1>\n<p>Tem a finalidade explorar a opera\u00e7\u00e3o de servi\u00e7os de transporte coletivo de passageiros, de caracter\u00edsticas urbanas, em munic\u00edpios, aglomerados urbanos e \u00e1reas metropolitanas, mediante contratos de concess\u00e3o.<\/p>\n\n\n\n<p><a href=\"https:\/\/goias.gov.br\/metrobus\/wp-content\/uploads\/sites\/13\/2018\/05\/Metrobus-EstatutoSocial-atualizadoagosto-20-d96.pdf\"><em>Fonte: Estatuto Social \u2013 atualizado na AGE de 19\/08\/2020 \u2013 Registrado na JUCEG sob o n\u00ba. 20201051982 em 23\/08\/2020<\/em><\/a><\/p>\n\n\n\n<h4><span style=\"color: #008000\">Saiba mais<\/span><\/h4>\n<ul>\n<li><a href=\"https:\/\/goias.gov.br\/metrobus\/quem-somos\/\">Quem Somos?<\/a><\/li>\n<li><a href=\"https:\/\/goias.gov.br\/metrobus\/wp-content\/uploads\/sites\/13\/2018\/07\/ATA-AGE-E-ESTATUTO-19-08-20-REGISTRADA.pdf\">Ata da Assembleia Geral Extraordin\u00e1ria de Acionista da Metrobus Transporte Coletivo S\/A, realizada no dia 19 de agosto de 2020<\/a><\/li>\n<\/ul>\n<p>\u00a0<\/p>\n<ul class='post-meta'>\n<li><span class='post-meta-key'>rank_math_internal_links_processed:<\/span> 1<\/li>\n<li><span class='post-meta-key'>rank_math_seo_score:<\/span> 11<\/li>\n<\/ul>\n<\/div><\/div>\n\t\t\t\t\t\t<\/div>\n\t\t\t\t<div class=\"elementor-element elementor-element-42ee2c3 elementor-widget elementor-widget-shortcode\" data-id=\"42ee2c3\" data-element_type=\"widget\" data-e-type=\"widget\" data-widget_type=\"shortcode.default\">\n\t\t\t\t\t\t\t<div class=\"elementor-shortcode\"><div data-post-id=\"8709\" class=\"insert-page insert-page-8709 \"><h1 class='insert-page-title'>Endere\u00e7os, Telefones, E-mails e Hor\u00e1rios de Atendimento<\/h1>\n<p>Rua Patriarca, n\u00ba 299<br>Vila Regina &#8211;  Goi\u00e2nia\/GO \u2013 CEP: 74453-610<br>Atendimento: 08h \u00e0s 12h e 13h \u00e0s 17h<\/p>\n\n\n\n<p><strong>Atendimento ao Cidad\u00e3o<\/strong><br>E-mail:&nbsp;<a href=\"mailto:atendimento@metrobus.go.gov.br\">atendimento@metrobus.go.gov.br<\/a><br>Telefone:&nbsp;(62) 3230-7500<\/p>\n\n\n\n<p><strong>Ouvidoria Setorial<\/strong><br>E-mail:\u00a0<a href=\"mailto:ouvidoria@metrobus.go.gov.br\">ouvidoria@metrobus.go.gov.br<\/a><br>Telefone:\u00a0(62) 3230-7537 e\/ou no Whatsapp (62) 99602-8704<\/p>\n\n\n\n<p><strong>Imprensa<\/strong><br>E-mail:&nbsp;<a href=\"leticia.ojanuario@metrobus.go.gov.br\">leticia.ojanuario@metrobus.go.gov.br<\/a><br>Telefone:&nbsp;(62) 3230-7507<\/p>\n<ul class='post-meta'>\n<li><span class='post-meta-key'>rank_math_internal_links_processed:<\/span> 1<\/li>\n<li><span class='post-meta-key'>rank_math_seo_score:<\/span> 7<\/li>\n<\/ul>\n<\/div><\/div>\n\t\t\t\t\t\t<\/div>\n\t\t\t\t<div class=\"elementor-element elementor-element-7678c38 elementor-widget elementor-widget-shortcode\" data-id=\"7678c38\" data-element_type=\"widget\" data-e-type=\"widget\" data-widget_type=\"shortcode.default\">\n\t\t\t\t\t\t\t<div class=\"elementor-shortcode\"><div data-post-id=\"8713\" class=\"insert-page insert-page-8713 \"><h1 class='insert-page-title'>Estrutura Organizacional<\/h1>\n<figure class=\"wp-block-image size-large\"><a href=\"https:\/\/goias.gov.br\/metrobus\/wp-content\/uploads\/sites\/13\/2026\/02\/Orgonograma-Hierarquico_page-0001-1.jpg\"><img fetchpriority=\"high\" fetchpriority=\"high\" decoding=\"async\" width=\"1024\" height=\"640\" src=\"https:\/\/goias.gov.br\/metrobus\/wp-content\/uploads\/sites\/13\/2026\/02\/Orgonograma-Hierarquico_page-0001-1-1024x640.jpg\" alt=\"\" class=\"wp-image-24100\" srcset=\"https:\/\/goias.gov.br\/metrobus\/wp-content\/uploads\/sites\/13\/2026\/02\/Orgonograma-Hierarquico_page-0001-1-1024x640.jpg 1024w, https:\/\/goias.gov.br\/metrobus\/wp-content\/uploads\/sites\/13\/2026\/02\/Orgonograma-Hierarquico_page-0001-1-300x188.jpg 300w, https:\/\/goias.gov.br\/metrobus\/wp-content\/uploads\/sites\/13\/2026\/02\/Orgonograma-Hierarquico_page-0001-1-768x480.jpg 768w, https:\/\/goias.gov.br\/metrobus\/wp-content\/uploads\/sites\/13\/2026\/02\/Orgonograma-Hierarquico_page-0001-1-1536x960.jpg 1536w, https:\/\/goias.gov.br\/metrobus\/wp-content\/uploads\/sites\/13\/2026\/02\/Orgonograma-Hierarquico_page-0001-1-2048x1280.jpg 2048w\" sizes=\"(max-width: 1024px) 100vw, 1024px\" \/><\/a><\/figure>\n\n\n\n<p>Fonte:\u00a0 <a href=\"https:\/\/goias.gov.br\/metrobus\/wp-content\/uploads\/sites\/13\/2018\/05\/Metrobus-EstatutoSocial-atualizadoagosto-20-d96.pdf\">Estatuto Social da Metrobus Transportes Coletivos<\/a><\/p>\n<p>Saiba quem s\u00e3o nossos servidores e as fun\u00e7\u00f5es que exercem:<\/p>\n<ul>\n<li><a href=\"https:\/\/goias.gov.br\/metrobus\/cargos-e-seus-ocupantes\/\">Cargos e seus ocupantes<\/a><\/li>\n<li><a href=\"https:\/\/goias.gov.br\/metrobus\/wp-content\/uploads\/sites\/13\/2018\/05\/Metrobus-EstatutoSocial-atualizadoagosto-20-d96.pdf\">Estatuto Social<\/a><\/li>\n<\/ul>\n<ul class='post-meta'>\n<li><span class='post-meta-key'>rank_math_internal_links_processed:<\/span> 1<\/li>\n<li><span class='post-meta-key'>rank_math_seo_score:<\/span> 12<\/li>\n<li><span class='post-meta-key'>rank_math_og_content_image:<\/span> a:2:{s:5:\"check\";s:32:\"0d44320818c1da911c6b52126f092688\";s:6:\"images\";a:1:{i:0;i:9030;}}<\/li>\n<\/ul>\n<\/div><\/div>\n\t\t\t\t\t\t<\/div>\n\t\t\t\t<\/div>\n\t\t<div class=\"elementor-element elementor-element-9f2f775 e-con-full e-flex e-con e-child\" data-id=\"9f2f775\" data-element_type=\"container\" data-e-type=\"container\">\n\t\t\t\t<div class=\"elementor-element elementor-element-6ac1430 elementor-widget elementor-widget-shortcode\" data-id=\"6ac1430\" data-element_type=\"widget\" data-e-type=\"widget\" data-widget_type=\"shortcode.default\">\n\t\t\t\t\t\t\t<div class=\"elementor-shortcode\"><div data-post-id=\"8707\" class=\"insert-page insert-page-8707 \"><h1 class='insert-page-title'>Presidente<\/h1>\n<figure class=\"wp-block-image size-full\"><img decoding=\"async\" width=\"505\" height=\"758\" src=\"https:\/\/goias.gov.br\/metrobus\/wp-content\/uploads\/sites\/13\/2024\/06\/Design-sem-nome-60.png\" alt=\"\" class=\"wp-image-8715\"\/><\/figure>\n\n\n\n<h4><span style=\"color: #008000;\">Francisco Caldas<\/span><br \/><span style=\"color: #999999;\">Presidente<\/span><\/h4>\n\n\n\n<p>\u00c9 atualmente Diretor Presidente da Metrobus S\/A, empresa de transporte Metropolitano de Economia Mista, do Estado de Goi\u00e1s, tendo at\u00e9 recentemente sido funcion\u00e1rio de carreira do Banco Interamericano (BID).<\/p>\n<p>Ocupou diversos cargos executivos na administra\u00e7\u00e3o p\u00fablica brasileira, especialmente o de Secret\u00e1rio de Estado do Planejamento e Gest\u00e3o do Rio de Janeiro, Secret\u00e1rio Adjunto da Fazenda do Rio de Janeiro e Secret\u00e1rio Municipal de Controle. Foi tamb\u00e9m Presidente do Conselho de RioPrevid\u00eancia, membro do Conselho de administra\u00e7\u00e3o da AgeRio, e membro do Conselho fiscal da FAPERJ, atualmente segue como membro do Conselho de Administra\u00e7\u00e3o da empresa Goi\u00e1s Parcerias, do Conselho Fiscal das Ind\u00fastrias Qu\u00edmicas de Goi\u00e1s e do Conselho Fiscal do IMDS \u2013 Instituto de Mobilidade Social, tendo iniciado sua carreira no mercado de transporte ferrovi\u00e1rio urbano de passageiros, entre outros.<\/p>\n<p>\u00c9 formado em Engenharia Civil, Mestre em Ci\u00eancia da Computa\u00e7\u00e3o pela Universidade Federal Fluminense e Doutor em Administra\u00e7\u00e3o P\u00fablica e Finan\u00e7as pela Funda\u00e7\u00e3o Get\u00falio Vargas (RJ), al\u00e9m de MBAs em Finan\u00e7as e Administra\u00e7\u00e3o P\u00fablica (UFF e FGV).<\/p>\n<p>Tamb\u00e9m leciona h\u00e1 15 anos em institui\u00e7\u00f5es de ensino superior em cursos de gradua\u00e7\u00e3o e p\u00f3s-gradua\u00e7\u00e3o, na FGV-EBAPE(CIM), FGV-OnLine, FGV-In Company, Universidade Candido Mendes e no IDP de Bras\u00edlia.<\/p>\n<p>\u00c9 palestrante, autor de publica\u00e7\u00f5es sobre temas relacionados \u00e0 gest\u00e3o e finan\u00e7as p\u00fablicas e colaborador em iniciativas de transforma\u00e7\u00e3o da gest\u00e3o p\u00fablica.<\/p>\n<ul class='post-meta'>\n<li><span class='post-meta-key'>rank_math_internal_links_processed:<\/span> 1<\/li>\n<li><span class='post-meta-key'>rank_math_seo_score:<\/span> 8<\/li>\n<li><span class='post-meta-key'>rank_math_og_content_image:<\/span> a:2:{s:5:\"check\";s:32:\"83a9c38ffc42d93c4f568c708a8652e3\";s:6:\"images\";a:1:{i:0;i:8715;}}<\/li>\n<\/ul>\n<\/div><\/div>\n\t\t\t\t\t\t<\/div>\n\t\t\t\t<\/div>\n\t\t\t\t\t<\/div>\n\t\t\t\t<\/div>\n\t\t\t\t<\/div>\n\t\t","protected":false},"excerpt":{"rendered":"","protected":false},"author":676,"featured_media":0,"parent":0,"menu_order":0,"comment_status":"closed","ping_status":"closed","template":"","meta":{"footnotes":""},"class_list":["post-5758","page","type-page","status-publish","hentry"],"rttpg_featured_image_url":null,"rttpg_author":{"display_name":"leticiaojanuario","author_link":"https:\/\/goias.gov.br\/metrobus\/author\/leticiaojanuario\/"},"rttpg_comment":0,"rttpg_category":null,"rttpg_excerpt":null,"_links":{"self":[{"href":"https:\/\/goias.gov.br\/metrobus\/wp-json\/wp\/v2\/pages\/5758","targetHints":{"allow":["GET"]}}],"collection":[{"href":"https:\/\/goias.gov.br\/metrobus\/wp-json\/wp\/v2\/pages"}],"about":[{"href":"https:\/\/goias.gov.br\/metrobus\/wp-json\/wp\/v2\/types\/page"}],"author":[{"embeddable":true,"href":"https:\/\/goias.gov.br\/metrobus\/wp-json\/wp\/v2\/users\/676"}],"replies":[{"embeddable":true,"href":"https:\/\/goias.gov.br\/metrobus\/wp-json\/wp\/v2\/comments?post=5758"}],"version-history":[{"count":2,"href":"https:\/\/goias.gov.br\/metrobus\/wp-json\/wp\/v2\/pages\/5758\/revisions"}],"predecessor-version":[{"id":22371,"href":"https:\/\/goias.gov.br\/metrobus\/wp-json\/wp\/v2\/pages\/5758\/revisions\/22371"}],"wp:attachment":[{"href":"https:\/\/goias.gov.br\/metrobus\/wp-json\/wp\/v2\/media?parent=5758"}],"curies":[{"name":"wp","href":"https:\/\/api.w.org\/{rel}","templated":true}]}}