

{"id":28393,"date":"2023-11-17T15:35:12","date_gmt":"2023-11-17T18:35:12","guid":{"rendered":"https:\/\/siteshom.goias.gov.br\/meioambiente\/?page_id=28393"},"modified":"2026-03-06T14:24:11","modified_gmt":"2026-03-06T17:24:11","slug":"fema","status":"publish","type":"page","link":"https:\/\/goias.gov.br\/meioambiente\/fema\/","title":{"rendered":"FEMA"},"content":{"rendered":"\t\t<div data-elementor-type=\"wp-page\" data-elementor-id=\"28393\" class=\"elementor elementor-28393\">\n\t\t\t\t<div class=\"elementor-element elementor-element-22fda70 e-flex e-con-boxed e-con e-parent\" data-id=\"22fda70\" data-element_type=\"container\" data-e-type=\"container\">\n\t\t\t\t\t<div class=\"e-con-inner\">\n\t\t\t\t<div class=\"elementor-element elementor-element-b319203 elementor-widget elementor-widget-shortcode\" data-id=\"b319203\" data-element_type=\"widget\" data-e-type=\"widget\" data-widget_type=\"shortcode.default\">\n\t\t\t\t\t\t\t<div class=\"elementor-shortcode\"><div data-post-id=\"24776\" class=\"insert-page insert-page-24776 \"><h1 class='insert-page-title'>Fundo Estadual do Meio Ambiente (Fema)<\/h1>\n<p><strong>O que \u00e9 o FEMA? E para que serve o FEMA?<\/strong><\/p>\n\n\n\n<ul class=\"wp-block-list\">\n<li>O Fundo Estadual do Meio Ambiente (FEMA) \u00e9 uma unidade or\u00e7ament\u00e1ria, onde \u00e9 feita a reserva de receita destinada \u00e0 aplica\u00e7\u00e3o conforme as determina\u00e7\u00f5es das leis ambientais e vinculado \u00e0 Secretaria de Estado de Meio Ambiente e Desenvolvimento Sustent\u00e1vel.<\/li>\n\n\n\n<li>Pertence \u00e0 conta \u00fanica do Tesouro Estadual e obedece \u00e0s diretrizes de or\u00e7amento e finan\u00e7as p\u00fablicas.<\/li>\n\n\n\n<li>\u00c9 utilizado para a execu\u00e7\u00e3o de pol\u00edticas p\u00fablicas de meio ambiente, conforme o Plano Plurianual (PPA) e a Lei Or\u00e7ament\u00e1ria Anual (LOA).<\/li>\n<\/ul>\n\n\n\n<ul class=\"wp-block-list\">\n<li><strong>Para utilizar os recursos do FEMA, algumas regras p\u00fablicas devem ser seguidas:<\/strong>\n<ul class=\"wp-block-list\">\n<li>O item deve estar previsto no Plano de Compras Anual.<\/li>\n\n\n\n<li>O item deve ter rela\u00e7\u00e3o com alguma a\u00e7\u00e3o do Plano Plurianual.<\/li>\n\n\n\n<li>O item deve estar previsto na Lei Or\u00e7ament\u00e1ria Anual.<\/li>\n\n\n\n<li>A contrata\u00e7\u00e3o deve seguir a legisla\u00e7\u00e3o aplic\u00e1vel.<\/li>\n<\/ul>\n<\/li>\n<\/ul>\n\n\n\n<p><strong>Quais os recursos financeiros que comp\u00f5em o FEMA atualmente?<\/strong><\/p>\n\n\n\n<ul class=\"wp-block-list\">\n<li>O FEMA \u00e9 composto por receitas advindas de Multas, Taxas e pela receita de Termo de Ajuste e Conduta \u2013 TAC.<\/li>\n<\/ul>\n\n\n\n<p>Temos:<\/p>\n\n\n\n<p><strong>Multas \u2013 Fonte de recurso n\u00ba 17990142<\/strong><\/p>\n\n\n\n<p><strong>Nesta fonte arrecadamos as multas que s\u00e3o pagas por meio de DARE, sendo elas: Multas Administrativas de Res\u00edduos S\u00f3lidos, Recursos H\u00eddricos, Fauna e Programas Ambientais e Multas Judiciais.<\/strong><\/p>\n\n\n\n<p><strong>Taxas \u2013 Fonte de Recurso n\u00ba 17530162<\/strong><\/p>\n\n\n\n<p><strong>Nesta fonte arrecadamos as Taxas Ambientais. S\u00e3o elas: taxa de Fiscaliza\u00e7\u00e3o de Goi\u00e1s &#8211; TFAGO, Taxa de Outorga de Recursos H\u00eddricos &#8211; TORH e Taxa de Licenciamento Ambiental &#8211; TLA.<\/strong><\/p>\n\n\n\n<p><strong>TAC \u2013 Fonte de Recurso n\u00ba 17590001<\/strong><\/p>\n\n\n\n<p><strong>Esta receita \u00e9 proveniente de um Termo de Ajuste de Conduta, celebrado entre o Minist\u00e9rio P\u00fablico do Estado de Goi\u00e1s, a Secretaria de Economia e a SEMAD.<\/strong><\/p>\n\n\n\n<p><strong>Como s\u00e3o realizadas as despesas do FEMA?<\/strong><\/p>\n\n\n\n<p>As despesas do FEMA s\u00e3o executadas por meio de a\u00e7\u00f5es or\u00e7ament\u00e1rias vinculadas ao Plano Plurianual vigente, classificadas por grupos de despesas e fontes de recurso.<\/p>\n\n\n\n<ul class=\"wp-block-list\">\n<li><strong>A\u00e7\u00e3o Or\u00e7ament\u00e1ria:<\/strong> Cada a\u00e7\u00e3o or\u00e7ament\u00e1ria representa uma categoria espec\u00edfica de despesa. Alguns exemplos:\n<ul class=\"wp-block-list\">\n<li><strong>Gest\u00e3o e Manuten\u00e7\u00e3o:<\/strong> Utilizada para gastos com contratos de manuten\u00e7\u00e3o e custeio da SEMAD, como energia, \u00e1gua, telefone, internet e loca\u00e7\u00f5es de ve\u00edculos.<\/li>\n\n\n\n<li><strong>Regulariza\u00e7\u00e3o Fundi\u00e1ria em Unidades de Conserva\u00e7\u00e3o:<\/strong> Exclusiva para gastos com pagamento de terras de Parques Estaduais.<\/li>\n<\/ul>\n<\/li>\n<\/ul>\n\n\n\n<ul class=\"wp-block-list\">\n<li><strong>Grupos de Despesa:<\/strong> S\u00e3o classifica\u00e7\u00f5es cont\u00e1beis que distribuem os gastos em:\n<ul class=\"wp-block-list\">\n<li><strong>Custeio<\/strong><\/li>\n\n\n\n<li><strong>Pessoal<\/strong><\/li>\n\n\n\n<li><strong>Investimento<\/strong><\/li>\n\n\n\n<li><strong>Invers\u00f5es Financeiras<\/strong><\/li>\n<\/ul>\n<\/li>\n<\/ul>\n\n\n\n<ul class=\"wp-block-list\">\n<li><strong>Fontes de Recursos ou Fontes de Arrecada\u00e7\u00e3o:<\/strong> As fontes determinam de onde v\u00eam os recursos para as despesas.<\/li>\n<\/ul>\n\n\n\n<p><strong>Legisla\u00e7\u00e3o Aplicada:<\/strong><\/p>\n\n\n\n<ul class=\"wp-block-list\">\n<li>Lei complementar n\u00ba 20\/1996.<\/li>\n\n\n\n<li>Lei Nacional 6.938\/1981.<\/li>\n\n\n\n<li>Lei Estadual n\u00ba 13.123\/1997.<\/li>\n\n\n\n<li>Lei Estadual n\u00ba 14.241\/2002.<\/li>\n\n\n\n<li>Lei Estadual n\u00ba 14.247\/2002.<\/li>\n\n\n\n<li>Lei Estadual n\u00ba 14.248\/2002.<\/li>\n\n\n\n<li>Lei Estadual 13.025\/2009.<\/li>\n\n\n\n<li>Lei Estadual n\u00ba 18.102\/2013.<\/li>\n\n\n\n<li>Lei Estadual 20.694\/2019.<\/li>\n<\/ul>\n<ul class='post-meta'>\n<li><span class='post-meta-key'>tpg-post-view-count:<\/span> 634<\/li>\n<li><span class='post-meta-key'>rank_math_internal_links_processed:<\/span> 1<\/li>\n<li><span class='post-meta-key'>footnotes:<\/span> <\/li>\n<\/ul>\n<\/div><\/div>\n\t\t\t\t\t\t<\/div>\n\t\t\t\t\t<\/div>\n\t\t\t\t<\/div>\n\t\t\t\t<\/div>\n\t\t","protected":false},"excerpt":{"rendered":"","protected":false},"author":7,"featured_media":0,"parent":0,"menu_order":0,"comment_status":"closed","ping_status":"closed","template":"wppb_theme_template","meta":{"footnotes":"","_links_to":"","_links_to_target":""},"class_list":["post-28393","page","type-page","status-publish","hentry"],"rttpg_featured_image_url":null,"rttpg_author":{"display_name":"gustavogoncalves","author_link":"https:\/\/goias.gov.br\/meioambiente\/author\/gustavogoncalves\/"},"rttpg_comment":0,"rttpg_category":"","rttpg_excerpt":null,"_links":{"self":[{"href":"https:\/\/goias.gov.br\/meioambiente\/wp-json\/wp\/v2\/pages\/28393","targetHints":{"allow":["GET"]}}],"collection":[{"href":"https:\/\/goias.gov.br\/meioambiente\/wp-json\/wp\/v2\/pages"}],"about":[{"href":"https:\/\/goias.gov.br\/meioambiente\/wp-json\/wp\/v2\/types\/page"}],"author":[{"embeddable":true,"href":"https:\/\/goias.gov.br\/meioambiente\/wp-json\/wp\/v2\/users\/7"}],"replies":[{"embeddable":true,"href":"https:\/\/goias.gov.br\/meioambiente\/wp-json\/wp\/v2\/comments?post=28393"}],"version-history":[{"count":3,"href":"https:\/\/goias.gov.br\/meioambiente\/wp-json\/wp\/v2\/pages\/28393\/revisions"}],"predecessor-version":[{"id":298305,"href":"https:\/\/goias.gov.br\/meioambiente\/wp-json\/wp\/v2\/pages\/28393\/revisions\/298305"}],"wp:attachment":[{"href":"https:\/\/goias.gov.br\/meioambiente\/wp-json\/wp\/v2\/media?parent=28393"}],"curies":[{"name":"wp","href":"https:\/\/api.w.org\/{rel}","templated":true}]}}