

{"id":28343,"date":"2023-11-16T14:28:54","date_gmt":"2023-11-16T17:28:54","guid":{"rendered":"https:\/\/siteshom.goias.gov.br\/meioambiente\/?page_id=28343"},"modified":"2026-03-06T14:05:00","modified_gmt":"2026-03-06T17:05:00","slug":"institucional","status":"publish","type":"page","link":"https:\/\/goias.gov.br\/meioambiente\/institucional\/","title":{"rendered":"Institucional"},"content":{"rendered":"\t\t<div data-elementor-type=\"wp-page\" data-elementor-id=\"28343\" class=\"elementor elementor-28343\">\n\t\t\t\t<div class=\"elementor-element elementor-element-2c6a8d3 e-flex e-con-boxed e-con e-parent\" data-id=\"2c6a8d3\" data-element_type=\"container\" data-e-type=\"container\">\n\t\t\t\t\t<div class=\"e-con-inner\">\n\t\t\t\t<div class=\"elementor-element elementor-element-1bd598f elementor-widget elementor-widget-shortcode\" data-id=\"1bd598f\" data-element_type=\"widget\" data-e-type=\"widget\" data-widget_type=\"shortcode.default\">\n\t\t\t\t\t\t\t<div class=\"elementor-shortcode\"><div data-post-id=\"5\" class=\"insert-page insert-page-5 \"><h1 class='insert-page-title'>A Secretaria<\/h1><p><img decoding=\"async\" src=\"images\/headers\/walden-pond.jpg\" alt=\"\" \/><\/p>\n<p>A Secretaria de Estado de Meio Ambiente e Desenvolvimento Sustent&aacute;vel(Semad) foi criada pela Lei 20.417, de 06 de fevereiro de 2019 que altera a&nbsp;<a href=\"http:\/\/www.gabinetecivil.go.gov.br\/pagina_leis.php?id=19586\">Lei estadual n&ordm; 17.257, de 25 de janeiro de 2011<\/a>.<\/p>\n<ul class='post-meta'>\n<li><span class='post-meta-key'>author_alias:<\/span> Joomla<\/li>\n<li><span class='post-meta-key'>tpg-post-view-count:<\/span> 269<\/li>\n<li><span class='post-meta-key'>rank_math_og_content_image:<\/span> a:2:{s:5:\"check\";s:32:\"e82cfca392804a2a5cea6c78d2380aa8\";s:6:\"images\";a:0:{}}<\/li>\n<li><span class='post-meta-key'>footnotes:<\/span> <\/li>\n<li><span class='post-meta-key'>rank_math_internal_links_processed:<\/span> 1<\/li>\n<\/ul>\n<\/div><\/div>\n\t\t\t\t\t\t<\/div>\n\t\t\t\t\t<\/div>\n\t\t\t\t<\/div>\n\t\t<div class=\"elementor-element elementor-element-d26cd48 e-flex e-con-boxed e-con e-parent\" data-id=\"d26cd48\" data-element_type=\"container\" data-e-type=\"container\">\n\t\t\t\t\t<div class=\"e-con-inner\">\n\t\t<div class=\"elementor-element elementor-element-c51ff39 e-con-full e-flex e-con e-child\" data-id=\"c51ff39\" data-element_type=\"container\" data-e-type=\"container\">\n\t\t\t\t<div class=\"elementor-element elementor-element-7172c90 elementor-widget elementor-widget-shortcode\" data-id=\"7172c90\" data-element_type=\"widget\" data-e-type=\"widget\" data-widget_type=\"shortcode.default\">\n\t\t\t\t\t\t\t<div class=\"elementor-shortcode\"><div data-post-id=\"21\" class=\"insert-page insert-page-21 \"><h1 class='insert-page-title'>Compet\u00eancias<\/h1><p>Conforme estabelecido no art. 2\u00ba do <a href=\"https:\/\/legisla.casacivil.go.gov.br\/pesquisa_legislacao\/108819\/decreto-10464\">DECRETO N\u00ba 10.464, DE 7 DE MAIO DE 2024<\/a>, s\u00e3o compet\u00eancias da SEMAD:<\/p>\n<p class=\"inciso\">I \u2013 a formula\u00e7\u00e3o e a execu\u00e7\u00e3o da pol\u00edtica estadual do meio ambiente e dos recursos h\u00eddricos para o desenvolvimento sustent\u00e1vel;<\/p>\n<p class=\"inciso\">II \u2013 a formula\u00e7\u00e3o das pol\u00edticas estaduais dos res\u00edduos s\u00f3lidos;<\/p>\n<p class=\"inciso\">III \u2013 a prote\u00e7\u00e3o dos ecossistemas, dos recursos h\u00eddricos e minerais, da flora e da fauna, bem como o exerc\u00edcio do poder de pol\u00edcia sobre as atividades que causem impacto ambiental;<\/p>\n<p class=\"inciso\">IV \u2013 a ado\u00e7\u00e3o de estrat\u00e9gias, mecanismos e instrumentos econ\u00f4micos e sociais para a melhoria da qualidade ambiental e o uso sustent\u00e1vel dos recursos naturais;<\/p>\n<p class=\"inciso\">V \u2013 a formula\u00e7\u00e3o e a execu\u00e7\u00e3o de pol\u00edticas da regulariza\u00e7\u00e3o ambiental rural e do licenciamento ambiental para a integra\u00e7\u00e3o entre o meio ambiente e a produ\u00e7\u00e3o econ\u00f4mica;<\/p>\n<p class=\"inciso\">VI \u2013 a produ\u00e7\u00e3o, a sistematiza\u00e7\u00e3o e a divulga\u00e7\u00e3o de informa\u00e7\u00f5es nas \u00e1reas de ci\u00eancias atmosf\u00e9ricas, agrometeorologia, meteorologia e hidrologia;<\/p>\n<p class=\"inciso\">VII \u2013 a coordena\u00e7\u00e3o do zoneamento ecol\u00f3gico-econ\u00f4mico do Estado em articula\u00e7\u00e3o com institui\u00e7\u00f5es federais, estaduais e municipais; e<\/p>\n<p class=\"inciso\">VIII \u2013 a promo\u00e7\u00e3o da educa\u00e7\u00e3o ambiental, a media\u00e7\u00e3o de conflitos ambientais e a produ\u00e7\u00e3o de conhecimento cient\u00edfico para o uso sustent\u00e1vel dos recursos ambientais e h\u00eddricos.<\/p>\n<ul class='post-meta'>\n<li><span class='post-meta-key'>tpg-post-view-count:<\/span> 1309<\/li>\n<li><span class='post-meta-key'>rank_math_internal_links_processed:<\/span> 1<\/li>\n<li><span class='post-meta-key'>footnotes:<\/span> <\/li>\n<\/ul>\n<\/div><\/div>\n\t\t\t\t\t\t<\/div>\n\t\t\t\t<div class=\"elementor-element elementor-element-949b707 elementor-widget elementor-widget-shortcode\" data-id=\"949b707\" data-element_type=\"widget\" data-e-type=\"widget\" data-widget_type=\"shortcode.default\">\n\t\t\t\t\t\t\t<div class=\"elementor-shortcode\"><div data-post-id=\"15\" class=\"insert-page insert-page-15 \"><h1 class='insert-page-title'>Canais de Atendimento<\/h1><p class=\"nomargintop\">O atendimento presencial acontece de <strong>segunda a sexta-feira das 08h \u00e0s 12h e das 14h \u00e0s 18h<\/strong>.<\/p>\n<address>Sede: Rua 82, n\u00ba 400, Ed. Pal\u00e1cio Pedro Ludovico Teixeira, 2\u00ba andar, Setor Central<br \/>\nCEP: 74.083-010 \u2013 Goi\u00e2nia\/GO<br \/>\nTelefone (62) 3201-5200 &#8211; 3201-5201 (Recep\u00e7\u00e3o)<\/p>\n<\/address>\n<address>\n<address>Unidade Parque Amaz\u00f4nia: Avenida Jos\u00e9 Leandro da Cruz, n\u00ba 1578, Parque Amaz\u00f4nia<br \/>\nCEP: 74.843-010 &#8211; Goi\u00e2nia\/GO<br \/>\nTelefone (62) 3201-5206 (Recep\u00e7\u00e3o)<\/p>\n<\/address>\n<\/address>\n<address><a href=\"mailto:ouvidoria.meioambiente@goias.gov.br\">ouvidoria.meioambiente@goias.gov.br<\/a><\/address>\n<address><a href=\"https:\/\/goias.gov.br\/meioambiente\/cargos-e-seus-ocupantes\/\" target=\"_blank\" rel=\"noopener\">Veja aqui contatos de todos os departamentos da Semad<\/a><\/address>\n<p><span id=\"more-15\"><\/span><\/p>\n<ul class='post-meta'>\n<li><span class='post-meta-key'>tpg-post-view-count:<\/span> 2757<\/li>\n<li><span class='post-meta-key'>footnotes:<\/span> <\/li>\n<li><span class='post-meta-key'>rank_math_internal_links_processed:<\/span> 1<\/li>\n<\/ul>\n<\/div><\/div>\n\t\t\t\t\t\t<\/div>\n\t\t\t\t<\/div>\n\t\t<div class=\"elementor-element elementor-element-70eb909 e-con-full e-flex e-con e-child\" data-id=\"70eb909\" data-element_type=\"container\" data-e-type=\"container\">\n\t\t\t\t<div class=\"elementor-element elementor-element-e115b33 elementor-widget elementor-widget-shortcode\" data-id=\"e115b33\" data-element_type=\"widget\" data-e-type=\"widget\" data-widget_type=\"shortcode.default\">\n\t\t\t\t\t\t\t<div class=\"elementor-shortcode\"><div data-post-id=\"18\" class=\"insert-page insert-page-18 \"><h1 class='insert-page-title'>Secret\u00e1ria<\/h1><p class=\"pull-center\"><img fetchpriority=\"high\" fetchpriority=\"high\" decoding=\"async\" id=\"\" class=\"size-full wp-image-16 aligncenter\" title=\"\" src=\"https:\/\/goias.gov.br\/meioambiente\/wp-content\/uploads\/sites\/33\/2018\/07\/Vulcanis-cd5.jpeg\" alt=\"\" width=\"246\" height=\"371\" data-image-widget-flowlayout=\"1\" srcset=\"https:\/\/goias.gov.br\/meioambiente\/wp-content\/uploads\/sites\/33\/2018\/07\/Vulcanis-cd5.jpeg 848w, https:\/\/goias.gov.br\/meioambiente\/wp-content\/uploads\/sites\/33\/2018\/07\/Vulcanis-cd5-199x300.jpeg 199w, https:\/\/goias.gov.br\/meioambiente\/wp-content\/uploads\/sites\/33\/2018\/07\/Vulcanis-cd5-678x1024.jpeg 678w, https:\/\/goias.gov.br\/meioambiente\/wp-content\/uploads\/sites\/33\/2018\/07\/Vulcanis-cd5-768x1159.jpeg 768w\" sizes=\"(max-width: 246px) 100vw, 246px\" \/><\/p>\n<p><b>Andr\u00e9a Vulcanis \u2013 Secret\u00e1ria de Estado de Meio Ambiente e Desenvolvimento Sustent\u00e1vel<\/b><\/p>\n<p>Possui gradua\u00e7\u00e3o em Direito e mestrado em Direito Socioecon\u00f4mico pela PUC-PR, com foco em Direito Ambiental. \u00c9 procuradora federal, vinculada \u00e0 Advocacia Geral da Uni\u00e3o.<\/p>\n<p>Conta com mais de 22 anos de experi\u00eancia no exerc\u00edcio de cargos jur\u00eddicos e de gest\u00e3o ligados \u00e0 \u00e1rea ambiental, dentre eles o de procuradora-geral do Instituto Brasileiro do Meio Ambiente (Ibama), superintendente estadual do Ibama no Estado do Paran\u00e1, chefe de Gabinete junto \u00e0 Ag\u00eancia Reguladora de \u00c1guas e Saneamento do Distrito Federal (Adasa) e subsecret\u00e1ria de Assuntos Estrat\u00e9gicos da Secretaria de Meio Ambiente do Distrito Federal.<\/p>\n<p>Exerceu advocacia e consultoria na \u00e1rea ambiental. Foi presidente da C\u00e2mara T\u00e9cnica de Assuntos Jur\u00eddicos do Conselho Nacional de Meio Ambiente (Conama). Professora de Direito Ambiental, com diversos livros e artigos publicados.<\/p>\n<ul class='post-meta'>\n<li><span class='post-meta-key'>tpg-post-view-count:<\/span> 1927<\/li>\n<li><span class='post-meta-key'>rank_math_og_content_image:<\/span> a:2:{s:5:\"check\";s:32:\"342166f457f22dec0738f5ac70074a08\";s:6:\"images\";a:1:{i:0;i:16;}}<\/li>\n<li><span class='post-meta-key'>rank_math_internal_links_processed:<\/span> 1<\/li>\n<\/ul>\n<\/div><\/div>\n\t\t\t\t\t\t<\/div>\n\t\t\t\t<\/div>\n\t\t\t\t\t<\/div>\n\t\t\t\t<\/div>\n\t\t<div class=\"elementor-element elementor-element-eeddc50 e-flex e-con-boxed e-con e-parent\" data-id=\"eeddc50\" data-element_type=\"container\" data-e-type=\"container\">\n\t\t\t\t\t<div class=\"e-con-inner\">\n\t\t\t\t<div class=\"elementor-element elementor-element-6f0b061 elementor-widget elementor-widget-shortcode\" data-id=\"6f0b061\" data-element_type=\"widget\" data-e-type=\"widget\" data-widget_type=\"shortcode.default\">\n\t\t\t\t\t\t\t<div class=\"elementor-shortcode\"><div data-post-id=\"23\" class=\"insert-page insert-page-23 \"><h1 class='insert-page-title'>Estrutura Organizacional<\/h1><p><a href=\"https:\/\/legisla.casacivil.go.gov.br\/pesquisa_legislacao\/108819\/decreto-10464\">DECRETO N\u00ba 10.464, DE 7 DE MAIO DE 2024<\/a><br \/>\nArt. 3\u00ba As unidades administrativas que constituem as estruturas b\u00e1sica da SEMAD s\u00e3o as seguintes :<\/p>\n<p class=\"inciso\">I \u2013 <strong>\u00f3rg\u00e3os colegiados:<\/strong><\/p>\n<p class=\"alinea\">a) Conselho Estadual do Meio Ambiente \u2013 CEMAm; e<\/p>\n<p class=\"alinea\">b) Conselho Estadual dos Recursos H\u00eddricos \u2013 CERH\u00ed;<\/p>\n<p class=\"inciso\"><strong>II \u2013 Gabinete do Secret\u00e1rio, com as seguintes unidades:<\/strong><\/p>\n<p>a) Chefia de Gabinete;<\/p>\n<p>b) Comunica\u00e7\u00e3o Setorial;<\/p>\n<p>c) Procuradoria Setorial<\/p>\n<p>g) Escrit\u00f3rio de Projetos Setorial;<\/p>\n<p>h) Superintend\u00eancia de Gest\u00e3o Integrada<\/p>\n<p><strong>i) Subsecretaria de Planejamento, Gest\u00e3o Ambiental e Desenvolvimento Sustent\u00e1vel<\/strong><\/p>\n<ol>\n<li>Superintend\u00eancia de Planejamento, Formula\u00e7\u00e3o e Gest\u00e3o Institucional<\/li>\n<li>Superintend\u00eancia de Gest\u00e3o Ambiental<\/li>\n<li>Superintend\u00eancia de Desenvolvimento Sustent\u00e1vel e Res\u00edduos S\u00f3lidos<\/li>\n<\/ol>\n<p><strong>j) Subsecretaria de Licenciamento, Fiscaliza\u00e7\u00e3o e Controle Ambiental<\/strong><\/p>\n<ol>\n<li>Superintend\u00eancia de Licenciamento Ambiental<\/li>\n<li>Superintend\u00eancia de Fiscaliza\u00e7\u00e3o e Controle Ambiental<\/li>\n<\/ol>\n<p><strong>k) Subsecretaria de Biodiversidade, Unidades de Conserva\u00e7\u00e3o e Seguran\u00e7a H\u00eddrica, com as seguintes unidades:<\/strong><\/p>\n<ol>\n<li>Superintend\u00eancia de Unidades de Conserva\u00e7\u00e3o, Biodiversidade e Emerg\u00eancias Ambientais<\/li>\n<li>Superintend\u00eancia de Recursos H\u00eddricos e Informa\u00e7\u00f5es Ambientais<\/li>\n<\/ol>\n<ul class=\"list-unidades\">\n<li><a href=\"https:\/\/goias.gov.br\/meioambiente\/wp-content\/uploads\/sites\/33\/2018\/07\/SEMADOK-1-534.pdf\" target=\"_blank\" rel=\"noopener\">Conhe\u00e7a tamb\u00e9m o nosso organograma.<\/a><\/li>\n<\/ul>\n<ul>\n<li><a href=\"https:\/\/goias.gov.br\/meioambiente\/cargos-e-seus-ocupantes\/\">Saiba quem \u00e9 quem em\u00a0Cargos e seus Ocupantes<\/a><\/li>\n<\/ul>\n<ul class='post-meta'>\n<li><span class='post-meta-key'>tpg-post-view-count:<\/span> 1437<\/li>\n<li><span class='post-meta-key'>rank_math_internal_links_processed:<\/span> 1<\/li>\n<li><span class='post-meta-key'>footnotes:<\/span> <\/li>\n<\/ul>\n<\/div><\/div>\n\t\t\t\t\t\t<\/div>\n\t\t\t\t\t<\/div>\n\t\t\t\t<\/div>\n\t\t\t\t<\/div>\n\t\t","protected":false},"excerpt":{"rendered":"","protected":false},"author":7,"featured_media":0,"parent":0,"menu_order":0,"comment_status":"closed","ping_status":"closed","template":"wppb_theme_template","meta":{"footnotes":"","_links_to":"","_links_to_target":""},"class_list":["post-28343","page","type-page","status-publish","hentry"],"rttpg_featured_image_url":null,"rttpg_author":{"display_name":"gustavogoncalves","author_link":"https:\/\/goias.gov.br\/meioambiente\/author\/gustavogoncalves\/"},"rttpg_comment":0,"rttpg_category":"","rttpg_excerpt":null,"_links":{"self":[{"href":"https:\/\/goias.gov.br\/meioambiente\/wp-json\/wp\/v2\/pages\/28343","targetHints":{"allow":["GET"]}}],"collection":[{"href":"https:\/\/goias.gov.br\/meioambiente\/wp-json\/wp\/v2\/pages"}],"about":[{"href":"https:\/\/goias.gov.br\/meioambiente\/wp-json\/wp\/v2\/types\/page"}],"author":[{"embeddable":true,"href":"https:\/\/goias.gov.br\/meioambiente\/wp-json\/wp\/v2\/users\/7"}],"replies":[{"embeddable":true,"href":"https:\/\/goias.gov.br\/meioambiente\/wp-json\/wp\/v2\/comments?post=28343"}],"version-history":[{"count":2,"href":"https:\/\/goias.gov.br\/meioambiente\/wp-json\/wp\/v2\/pages\/28343\/revisions"}],"predecessor-version":[{"id":298047,"href":"https:\/\/goias.gov.br\/meioambiente\/wp-json\/wp\/v2\/pages\/28343\/revisions\/298047"}],"wp:attachment":[{"href":"https:\/\/goias.gov.br\/meioambiente\/wp-json\/wp\/v2\/media?parent=28343"}],"curies":[{"name":"wp","href":"https:\/\/api.w.org\/{rel}","templated":true}]}}