

{"id":3006,"date":"2024-01-12T11:44:52","date_gmt":"2024-01-12T14:44:52","guid":{"rendered":"https:\/\/siteshom.goias.gov.br\/juceg\/?page_id=3006"},"modified":"2026-03-10T15:44:15","modified_gmt":"2026-03-10T18:44:15","slug":"a-juceg","status":"publish","type":"page","link":"https:\/\/goias.gov.br\/juceg\/a-juceg\/","title":{"rendered":"A Juceg"},"content":{"rendered":"\t\t<div data-elementor-type=\"wp-page\" data-elementor-id=\"3006\" class=\"elementor elementor-3006\">\n\t\t\t\t<div class=\"elementor-element elementor-element-ceacaf8 e-flex e-con-boxed e-con e-parent\" data-id=\"ceacaf8\" data-element_type=\"container\" data-e-type=\"container\">\n\t\t\t\t\t<div class=\"e-con-inner\">\n\t\t<div class=\"elementor-element elementor-element-ed3837a e-con-full e-flex e-con e-child\" data-id=\"ed3837a\" data-element_type=\"container\" data-e-type=\"container\">\n\t\t\t\t<div class=\"elementor-element elementor-element-777defb elementor-widget elementor-widget-shortcode\" data-id=\"777defb\" data-element_type=\"widget\" data-e-type=\"widget\" data-widget_type=\"shortcode.default\">\n\t\t\t\t\t\t\t<div class=\"elementor-shortcode\"><div data-post-id=\"44\" class=\"insert-page insert-page-44 \"><h1 class='insert-page-title'>Compet\u00eancias<\/h1>\n<p>Segundo o estabelecido na&nbsp;<a href=\"https:\/\/legisla.casacivil.go.gov.br\/pesquisa_legislacao\/106749\/lei-21792\" target=\"_blank\" rel=\"noreferrer noopener\">Lei n\u00ba 21.792, de 16 de fevereiro de 2023,<\/a>&nbsp;e seus incisos:<\/p>\n\n\n\n<h4 class=\"wp-block-heading\">Art. 67. \u00c0 JUCEG competem:<\/h4>\n\n\n\n<p>I \u2013 o registro de empresas mercantis, de acordo com a legisla\u00e7\u00e3o federal aplic\u00e1vel;<\/p>\n\n\n\n<p>II \u2013 a elabora\u00e7\u00e3o da tabela de pre\u00e7os de seus servi\u00e7os, observados os atos especificados em instru\u00e7\u00e3o normativa do Departamento Nacional de Registro Empresarial e Integra\u00e7\u00e3o \u2013 DREI;<\/p>\n\n\n\n<p>III \u2013 o processamento da habilita\u00e7\u00e3o, da nomea\u00e7\u00e3o, da matr\u00edcula e do cancelamento dos tradutores p\u00fablicos e int\u00e9rpretes comerciais, bem como da matr\u00edcula e do cancelamento de leiloeiros e administradores de armaz\u00e9ns gerais;<\/p>\n\n\n\n<p>IV \u2013 a elabora\u00e7\u00e3o dos respectivos regimentos internos e suas altera\u00e7\u00f5es, bem como as resolu\u00e7\u00f5es de car\u00e1ter administrativo, necess\u00e1rias ao fiel cumprimento das normas legais, regulamentares e regimentais;<\/p>\n\n\n\n<p>V \u2013 a expedi\u00e7\u00e3o das carteiras de exerc\u00edcio profissional de pessoas legalmente inscritas no Registro P\u00fablico de Empresas Mercantis e Atividades Afins, conforme instru\u00e7\u00e3o normativa do DREI;<\/p>\n\n\n\n<p>VI \u2013 o assentamento de usos e pr\u00e1ticas mercantis; VII \u2013 a presta\u00e7\u00e3o de informa\u00e7\u00f5es ao DREI; e<br><br>VIII \u2013 a organiza\u00e7\u00e3o, a atualiza\u00e7\u00e3o e a auditoria, observadas as instru\u00e7\u00f5es normativas do DREI, do Cadastro Estadual de Empresas Mercantis \u2013 CEE, integrante do Cadastro Nacional de Empresas Mercantis \u2013 CNE.<\/p>\n<ul class='post-meta'>\n<li><span class='post-meta-key'>tpg-post-view-count:<\/span> 253<\/li>\n<li><span class='post-meta-key'>rank_math_seo_score:<\/span> 11<\/li>\n<li><span class='post-meta-key'>rank_math_primary_category:<\/span> 2<\/li>\n<li><span class='post-meta-key'>rank_math_og_content_image:<\/span> a:2:{s:5:\"check\";s:32:\"6eba0a696c5c0ed0d81186a762b0a83b\";s:6:\"images\";a:1:{i:0;i:43;}}<\/li>\n<li><span class='post-meta-key'>rank_math_analytic_object_id:<\/span> 1715<\/li>\n<li><span class='post-meta-key'>rank_math_internal_links_processed:<\/span> 1<\/li>\n<li><span class='post-meta-key'>footnotes:<\/span> <\/li>\n<\/ul>\n<\/div><\/div>\n\t\t\t\t\t\t<\/div>\n\t\t\t\t<div class=\"elementor-element elementor-element-74f9e9f elementor-widget elementor-widget-shortcode\" data-id=\"74f9e9f\" data-element_type=\"widget\" data-e-type=\"widget\" data-widget_type=\"shortcode.default\">\n\t\t\t\t\t\t\t<div class=\"elementor-shortcode\"><div data-post-id=\"4342\" class=\"insert-page insert-page-4342 \"><h1 class='insert-page-title'>Endere\u00e7os, Telefones, E-mails e Hor\u00e1rios de Atendimento<\/h1>\n<h4><span style=\"color: #008000\">Sede<\/span><\/h4>\n<p>Rua 260 esquina com Rua 259, Quadra 85-A, Lote 5-E<br \/>Setor Leste Universit\u00e1rio &#8211; Goi\u00e2nia\/GO &#8211; CEP 74.610-240<br \/>Localiza\u00e7\u00e3o: <a href=\"https:\/\/goo.gl\/maps\/rjjcBD44BYsF5adf8\">Google Maps<\/a><br \/>Atendimento: 08h \u00e0s 12h e 14h \u00e0s 18h<\/p>\n<p><strong>Atendimento ao Cidad\u00e3o<br \/><\/strong>Telefone: (62) 3252-9200 (Sede)<br \/>E-mail: <a href=\"mailto:atendimento@juceg.go.gov.br\">atendimento@juceg.go.gov.br<\/a><\/p>\n<p><strong>Ouvidoria Setorial<\/strong><br \/>Telefone: (62) 3252- 9276<strong><br \/><\/strong>E-mail: <a href=\"mailto:ouvidoria@juceg.go.gov.br\">ouvidoria@juceg.go.gov.br<\/a><\/p>\n<p><strong>Imprensa<\/strong><br \/>Telefone: (62) 3252-9275<strong><br \/><\/strong>E-mail: <a href=\"mailto:comunicacao@juceg.go.gov.br\">comunicacao@juceg.go.gov.br<\/a><\/p>\n<h4><span style=\"color: #008000\"><br \/>Gabinete do Presidente<\/span><\/h4>\n<p>Telefone: (62) 3252-9239 \/ (62) 3252-9238<br \/><strong>E-mails:<\/strong>\u00a0<a href=\"mailto:presidente.euclides@juceg.go.gov.br\">presidente.euclides@juceg.go.gov.br<\/a><br \/>\u00a0 \u00a0 \u00a0 \u00a0 \u00a0 \u00a0 \u00a0 <a href=\"mailto:presidencia@juceg.go.gov.br\">presidencia@juceg.go.gov.br<\/a><\/p>\n<p><strong><span style=\"color: #000000\">Gabinete do Vice-Presidente<\/span><\/strong><\/p>\n<p>Telefone: (62) 3252-9294<br \/>E-mail: <a href=\"mailto:vicepresidencia@juceg.go.gov.br\">vicepresidencia@juceg.go.gov.br<\/a><\/p>\n<p><strong><span style=\"color: #000000\">Chefia de Gabinete<\/span><\/strong><\/p>\n<p>Telefone: (62) 3252-9266<br \/>E-mail: <a href=\"mailto:chefiadegabinete@juceg.go.gov.br\">chefiadegabinete@juceg.go.gov.br<\/a><\/p>\n<p>\u00a0<\/p>\n<p>\u00a0<\/p>\n<ul class='post-meta'>\n<li><span class='post-meta-key'>rank_math_seo_score:<\/span> 12<\/li>\n<li><span class='post-meta-key'>rank_math_internal_links_processed:<\/span> 1<\/li>\n<\/ul>\n<\/div><\/div>\n\t\t\t\t\t\t<\/div>\n\t\t\t\t<\/div>\n\t\t<div class=\"elementor-element elementor-element-ed24b3e e-con-full e-flex e-con e-child\" data-id=\"ed24b3e\" data-element_type=\"container\" data-e-type=\"container\">\n\t\t\t\t<div class=\"elementor-element elementor-element-37442c4 elementor-widget elementor-widget-shortcode\" data-id=\"37442c4\" data-element_type=\"widget\" data-e-type=\"widget\" data-widget_type=\"shortcode.default\">\n\t\t\t\t\t\t\t<div class=\"elementor-shortcode\"><div data-post-id=\"2110\" class=\"insert-page insert-page-2110 \"><h1 class='insert-page-title'>Perfil do Presidente<\/h1><p><img fetchpriority=\"high\" fetchpriority=\"high\" decoding=\"async\" id=\"\" class=\" size-full wp-image-39\" title=\"\" src=\"https:\/\/goias.gov.br\/juceg\/wp-content\/uploads\/sites\/42\/2018\/07\/Euclides_Barbo_Siqueira-7cc.jpeg\" alt=\"\" width=\"1024\" height=\"768\" srcset=\"https:\/\/goias.gov.br\/juceg\/wp-content\/uploads\/sites\/42\/2018\/07\/Euclides_Barbo_Siqueira-7cc.jpeg 1024w, https:\/\/goias.gov.br\/juceg\/wp-content\/uploads\/sites\/42\/2018\/07\/Euclides_Barbo_Siqueira-7cc-300x225.jpeg 300w, https:\/\/goias.gov.br\/juceg\/wp-content\/uploads\/sites\/42\/2018\/07\/Euclides_Barbo_Siqueira-7cc-768x576.jpeg 768w, https:\/\/goias.gov.br\/juceg\/wp-content\/uploads\/sites\/42\/2018\/07\/Euclides_Barbo_Siqueira-7cc-600x450.jpeg 600w\" sizes=\"(max-width: 1024px) 100vw, 1024px\" \/><\/p>\n<p><strong>Euclides Barbo Siqueira<\/strong><\/p>\n<h6><em>Curr\u00edculo<\/em><\/h6>\n<p><span style=\"color: #999999\"><span style=\"color: black;font-family: Calibri,sans-serif\">Nascido em Goi\u00e2nia, formado em Pedagogia pela PUC-GO, tem especializal\u00e7\u00e3o em Educa\u00e7\u00e3o pela mesma entidade. Egresso do ramo da educa\u00e7\u00e3o e da infraestrutura h\u00e1 mais de 30 anos, Euclides formou carreira de lideran\u00e7a em frentes importantes de mercado e representatividade empresarial. J\u00e1 foi presidente do Conselho de Desenvolvimento Econ\u00f4mico, Sustent\u00e1vel e Estrat\u00e9gico de Goi\u00e2nia (Codese), diretor da C\u00e2mara de Dirigentes Lojistas de Goi\u00e2nia (CDL), membro efetivo do Conselho da Cooperativa Sicoob Lojicred, presidente da Associa\u00e7\u00e3o Comercial e Industrial de Goi\u00e1s (Acieg).<\/span><\/span><\/p>\n<p><span style=\"color: #999999\"><span style=\"color: black;font-family: Calibri,sans-serif\">Em 2019, foi convidado pelo governador Ronaldo Caiado para presidir a Autarquia.\u00a0Desde ent\u00e3o, \u00e9 presidente da Juceg e tamb\u00e9m comp\u00f5e o corpo de vogais da entidade.\u00a0<\/span><span style=\"color: black;font-family: Calibri,sans-serif\">\u00a0<\/span><\/span><\/p>\n<p><span style=\"color: #999999\"><span style=\"color: black;font-family: Calibri,sans-serif\">Em sua atual gest\u00e3o, Euclides implantou melhorias na Juceg, como a desburocratiza\u00e7\u00e3o e a digitaliza\u00e7\u00e3o dos processos de abertura de empresas. Tudo est\u00e1 em ambiente 100% on-line. Essas facilidades levaram Goi\u00e1s a um p\u00f3dio: sa\u00edmos do \u00faltimo lugar (27\u00ba) para o 1\u00ba lugar no ranking nacional de tempo para abertura de empresas, segundo a Rede Nacional para a Simplifica\u00e7\u00e3o do Registro e da Legaliza\u00e7\u00e3o de Empresas e Neg\u00f3cios (RedeSim).\u00a0<\/span><\/span><\/p>\n<p><span style=\"color: #999999\"><span style=\"color: black;font-family: Calibri,sans-serif\"><b>\u201cNo in\u00edcio de 2019, ocup\u00e1vamos a 27\u00ba coloca\u00e7\u00e3o, o pior \u00edndice do pa\u00eds no tempo para se abrir uma empresa. Com o apoio do governo, informatiza\u00e7\u00e3o e integra\u00e7\u00e3o nos processos, conseguimos alcan\u00e7ar o 1\u00ba lugar e agora nos mantemos sempre nas primeiras coloca\u00e7\u00f5es. Seguiremos firmes para manter esse excelente desempenho e proporcionar um ambiente seguro e atrativo para que novas empresas se instalem em Goi\u00e1s\u201d<\/b><\/span><span style=\"color: black;font-family: Calibri,sans-serif\">, destaca Euclides.<\/span><\/span><\/p>\n<ul class='post-meta'>\n<li><span class='post-meta-key'>tpg-post-view-count:<\/span> 1006<\/li>\n<li><span class='post-meta-key'>rank_math_analytic_object_id:<\/span> 406<\/li>\n<li><span class='post-meta-key'>rank_math_internal_links_processed:<\/span> 1<\/li>\n<li><span class='post-meta-key'>footnotes:<\/span> <\/li>\n<li><span class='post-meta-key'>rank_math_og_content_image:<\/span> a:2:{s:5:\"check\";s:32:\"9f08b4d06199e155b8dae5a93e5e3b85\";s:6:\"images\";a:1:{i:0;i:39;}}<\/li>\n<\/ul>\n<\/div><\/div>\n\t\t\t\t\t\t<\/div>\n\t\t\t\t<div class=\"elementor-element elementor-element-47ab4a0 elementor-widget elementor-widget-shortcode\" data-id=\"47ab4a0\" data-element_type=\"widget\" data-e-type=\"widget\" data-widget_type=\"shortcode.default\">\n\t\t\t\t\t\t\t<div class=\"elementor-shortcode\"><div data-post-id=\"4336\" class=\"insert-page insert-page-4336 \"><h1 class='insert-page-title'>Estrutura Organizacional<\/h1>\n<figure class=\"wp-block-image size-full\"><img decoding=\"async\" width=\"2560\" height=\"1810\" src=\"https:\/\/goias.gov.br\/juceg\/wp-content\/uploads\/sites\/42\/2024\/10\/estrutura-juceg-scaled.jpg\" alt=\"\" class=\"wp-image-6815\" srcset=\"https:\/\/goias.gov.br\/juceg\/wp-content\/uploads\/sites\/42\/2024\/10\/estrutura-juceg-scaled.jpg 2560w, https:\/\/goias.gov.br\/juceg\/wp-content\/uploads\/sites\/42\/2024\/10\/estrutura-juceg-300x212.jpg 300w, https:\/\/goias.gov.br\/juceg\/wp-content\/uploads\/sites\/42\/2024\/10\/estrutura-juceg-1024x724.jpg 1024w, https:\/\/goias.gov.br\/juceg\/wp-content\/uploads\/sites\/42\/2024\/10\/estrutura-juceg-768x543.jpg 768w, https:\/\/goias.gov.br\/juceg\/wp-content\/uploads\/sites\/42\/2024\/10\/estrutura-juceg-1536x1086.jpg 1536w, https:\/\/goias.gov.br\/juceg\/wp-content\/uploads\/sites\/42\/2024\/10\/estrutura-juceg-2048x1448.jpg 2048w\" sizes=\"(max-width: 2560px) 100vw, 2560px\" \/><\/figure>\n\n\n\n<p>Fonte: \u00a0<a href=\"https:\/\/legisla.casacivil.go.gov.br\/pesquisa_legislacao\/106749\/lei-21792\" target=\"_blank\" rel=\"noopener\">Lei n\u00ba 21.792, de 16 de fevereiro de 2023<\/a><\/p>\n<p>Saiba quem s\u00e3o nossos servidores e as fun\u00e7\u00f5es que exercem:<\/p>\n<ul>\n<li><a href=\"https:\/\/goias.gov.br\/juceg\/cargos-e-seus-ocupantes\/\">Cargos e seus ocupantes<\/a><\/li>\n<li><a href=\"https:\/\/goias.gov.br\/juceg\/wp-content\/uploads\/sites\/42\/2026\/04\/Regulamento-Decreto-Numerado-10.321.pdf\">Regulamento Juceg<\/a><\/li>\n<li><a href=\"https:\/\/goias.gov.br\/juceg\/quem-somos\/\">Quem Somos?<\/a><\/li>\n<li><a href=\"https:\/\/goias.gov.br\/juceg\/wp-content\/uploads\/sites\/42\/2024\/05\/Plano-Estrategico.pdf\">Planejamento Estrat\u00e9gico<\/a><\/li>\n<\/ul>\n\n\n\n<p><\/p>\n<ul class='post-meta'>\n<li><span class='post-meta-key'>rank_math_seo_score:<\/span> 18<\/li>\n<li><span class='post-meta-key'>rank_math_internal_links_processed:<\/span> 1<\/li>\n<li><span class='post-meta-key'>rank_math_og_content_image:<\/span> a:2:{s:5:\"check\";s:32:\"792847b848aa66e1e1706825d448f23e\";s:6:\"images\";a:1:{i:0;i:6815;}}<\/li>\n<\/ul>\n<\/div><\/div>\n\t\t\t\t\t\t<\/div>\n\t\t\t\t<\/div>\n\t\t\t\t\t<\/div>\n\t\t\t\t<\/div>\n\t\t\t\t<\/div>\n\t\t","protected":false},"excerpt":{"rendered":"","protected":false},"author":77,"featured_media":0,"parent":0,"menu_order":0,"comment_status":"closed","ping_status":"closed","template":"","meta":{"footnotes":""},"class_list":["post-3006","page","type-page","status-publish","hentry"],"rttpg_featured_image_url":null,"rttpg_author":{"display_name":"barbaragodoy","author_link":"https:\/\/goias.gov.br\/juceg\/author\/barbaragodoy\/"},"rttpg_comment":0,"rttpg_category":null,"rttpg_excerpt":null,"_links":{"self":[{"href":"https:\/\/goias.gov.br\/juceg\/wp-json\/wp\/v2\/pages\/3006","targetHints":{"allow":["GET"]}}],"collection":[{"href":"https:\/\/goias.gov.br\/juceg\/wp-json\/wp\/v2\/pages"}],"about":[{"href":"https:\/\/goias.gov.br\/juceg\/wp-json\/wp\/v2\/types\/page"}],"author":[{"embeddable":true,"href":"https:\/\/goias.gov.br\/juceg\/wp-json\/wp\/v2\/users\/77"}],"replies":[{"embeddable":true,"href":"https:\/\/goias.gov.br\/juceg\/wp-json\/wp\/v2\/comments?post=3006"}],"version-history":[{"count":2,"href":"https:\/\/goias.gov.br\/juceg\/wp-json\/wp\/v2\/pages\/3006\/revisions"}],"predecessor-version":[{"id":31251,"href":"https:\/\/goias.gov.br\/juceg\/wp-json\/wp\/v2\/pages\/3006\/revisions\/31251"}],"wp:attachment":[{"href":"https:\/\/goias.gov.br\/juceg\/wp-json\/wp\/v2\/media?parent=3006"}],"curies":[{"name":"wp","href":"https:\/\/api.w.org\/{rel}","templated":true}]}}