

{"id":39967,"date":"2024-02-08T09:05:17","date_gmt":"2024-02-08T12:05:17","guid":{"rendered":"https:\/\/siteshom.goias.gov.br\/inovacao\/agenda-de-autoridades\/"},"modified":"2026-04-26T02:39:04","modified_gmt":"2026-04-26T05:39:04","slug":"agenda-de-autoridades","status":"publish","type":"page","link":"https:\/\/goias.gov.br\/inovacao\/agenda-de-autoridades\/","title":{"rendered":"Agenda de Autoridades"},"content":{"rendered":"<p><strong style='margin-block-end: -1.8rem'><a href='https:\/\/goias.gov.br\/inovacao\/secretario-de-estado\/'>Secret\u00e1rio de Estado<\/a><\/strong><br \/>JOSE FREDERICO LYRA NETTO<\/p>\n<p><strong style='margin-block-end: -1.8rem'><a href='https:\/\/goias.gov.br\/inovacao\/chefe-de-gabinete\/'>Chefe de Gabinete<\/a><\/strong><br \/>THIAGO PEREIRA DA SILVA<\/p>\n<p><strong style='margin-block-end: -1.8rem'><a href='https:\/\/goias.gov.br\/inovacao\/chefe-da-comunicacao-setorial\/'>Chefe da Comunica\u00e7\u00e3o Setorial<\/a><\/strong><br \/>MARCOS VINICIUS NUNES CARREIRO<\/p>\n<p><strong style='margin-block-end: -1.8rem'><a href='https:\/\/goias.gov.br\/inovacao\/chefe-do-escritorio-de-projetos-setorial\/'>Chefe do Escrit\u00f3rio de Projetos Setorial<\/a><\/strong><br \/>CLARA GOMES VELOSO DA SILVA<\/p>\n<p><strong style='margin-block-end: -1.8rem'><a href='https:\/\/goias.gov.br\/inovacao\/chefe-da-procuradoria-setorial\/'>Chefe da Procuradoria Setorial<\/a><\/strong><br \/>TOMAZ AQUINO DA SILVA JUNIOR<\/p>\n<p><strong style='margin-block-end: -1.8rem'><a href='https:\/\/goias.gov.br\/inovacao\/subsecretario-de-formacao-de-talentos-e-transformacao-digital\/'>Subsecret\u00e1rio de Forma\u00e7\u00e3o de Talentos e Transforma\u00e7\u00e3o Digital<\/a><\/strong><br \/>ROBERT BONIFACIO DA SILVA<\/p>\n<p><strong style='margin-block-end: -1.8rem'><a href='https:\/\/goias.gov.br\/inovacao\/superintendente-de-capacitacao-e-formacao-tecnologica\/'>Superintendente de Capacita\u00e7\u00e3o e Forma\u00e7\u00e3o Tecnol\u00f3gica<\/a><\/strong><br \/>JANA\u00cdNA MAGAT\u00c3O<\/p>\n<p><strong style='margin-block-end: -1.8rem'><a href='https:\/\/goias.gov.br\/inovacao\/superintendente-de-transformacao-digital\/'>Superintendente de Transforma\u00e7\u00e3o Digital<\/a><\/strong><br \/>VANIA DE CARVALHO MARCAL BAREICHA<\/p>\n<p><strong style='margin-block-end: -1.8rem'><a href='https:\/\/goias.gov.br\/inovacao\/subsecretario-de-inovacao-e-desenvolvimento-sustentavel\/'>Subsecret\u00e1rio de Inova\u00e7\u00e3o e Desenvolvimento Sustent\u00e1vel<\/a><\/strong><br \/>RAPHAEL DOS SANTOS VELOSO MARTINS<\/p>\n<p><strong style='margin-block-end: -1.8rem'><a href='https:\/\/goias.gov.br\/inovacao\/superintendente-de-inovacao-tecnologica\/'>Superintendente de Inova\u00e7\u00e3o Tecnol\u00f3gica<\/a><\/strong><br \/>GABRIEL AUGUSTO SILVA ALVES<\/p>\n<p><strong style='margin-block-end: -1.8rem'><a href='https:\/\/goias.gov.br\/inovacao\/superintendente-de-desenvolvimento-sustentavel\/'>Superintendente de Desenvolvimento Sustent\u00e1vel<\/a><\/strong><br \/>VALQUIRIA DUARTE VIEIRA RODRIGUES<\/p>\n<p><strong style='margin-block-end: -1.8rem'><a href='https:\/\/goias.gov.br\/inovacao\/superintendente-de-gestao-integrada\/'>Superintendente de Gest\u00e3o Integrada<\/a><\/strong><br \/>MARCO ANTONIO FERNANDES FILHO<\/p>\n","protected":false},"excerpt":{"rendered":"<p>Secret\u00e1rio de EstadoJOSE FREDERICO LYRA NETTO Chefe de GabineteTHIAGO PEREIRA DA SILVA Chefe da Comunica\u00e7\u00e3o SetorialMARCOS VINICIUS NUNES CARREIRO Chefe do Escrit\u00f3rio de Projetos SetorialCLARA GOMES VELOSO DA SILVA Chefe da Procuradoria SetorialTOMAZ AQUINO DA SILVA JUNIOR Subsecret\u00e1rio de Forma\u00e7\u00e3o de Talentos e Transforma\u00e7\u00e3o DigitalROBERT BONIFACIO DA SILVA Superintendente de Capacita\u00e7\u00e3o e Forma\u00e7\u00e3o Tecnol\u00f3gicaJANA\u00cdNA MAGAT\u00c3O [&hellip;]<\/p>\n","protected":false},"author":2,"featured_media":0,"parent":0,"menu_order":0,"comment_status":"closed","ping_status":"closed","template":"","meta":{"footnotes":""},"class_list":["post-39967","page","type-page","status-publish","hentry"],"rttpg_featured_image_url":null,"rttpg_author":{"display_name":"rogerioduarte","author_link":"https:\/\/goias.gov.br\/inovacao\/author\/rogerioduarte\/"},"rttpg_comment":0,"rttpg_category":null,"rttpg_excerpt":"Secret\u00e1rio de EstadoJOSE FREDERICO LYRA NETTO Chefe de GabineteTHIAGO PEREIRA DA SILVA Chefe da Comunica\u00e7\u00e3o SetorialMARCOS VINICIUS NUNES CARREIRO Chefe do Escrit\u00f3rio de Projetos SetorialCLARA GOMES VELOSO DA SILVA Chefe da Procuradoria SetorialTOMAZ AQUINO DA SILVA JUNIOR Subsecret\u00e1rio de Forma\u00e7\u00e3o de Talentos e Transforma\u00e7\u00e3o DigitalROBERT BONIFACIO DA SILVA Superintendente de Capacita\u00e7\u00e3o e Forma\u00e7\u00e3o Tecnol\u00f3gicaJANA\u00cdNA MAGAT\u00c3O&hellip;","_links":{"self":[{"href":"https:\/\/goias.gov.br\/inovacao\/wp-json\/wp\/v2\/pages\/39967","targetHints":{"allow":["GET"]}}],"collection":[{"href":"https:\/\/goias.gov.br\/inovacao\/wp-json\/wp\/v2\/pages"}],"about":[{"href":"https:\/\/goias.gov.br\/inovacao\/wp-json\/wp\/v2\/types\/page"}],"author":[{"embeddable":true,"href":"https:\/\/goias.gov.br\/inovacao\/wp-json\/wp\/v2\/users\/2"}],"replies":[{"embeddable":true,"href":"https:\/\/goias.gov.br\/inovacao\/wp-json\/wp\/v2\/comments?post=39967"}],"version-history":[{"count":2,"href":"https:\/\/goias.gov.br\/inovacao\/wp-json\/wp\/v2\/pages\/39967\/revisions"}],"predecessor-version":[{"id":120245,"href":"https:\/\/goias.gov.br\/inovacao\/wp-json\/wp\/v2\/pages\/39967\/revisions\/120245"}],"wp:attachment":[{"href":"https:\/\/goias.gov.br\/inovacao\/wp-json\/wp\/v2\/media?parent=39967"}],"curies":[{"name":"wp","href":"https:\/\/api.w.org\/{rel}","templated":true}]}}