

{"id":105331,"date":"2026-03-02T12:08:38","date_gmt":"2026-03-02T15:08:38","guid":{"rendered":"https:\/\/goias.gov.br\/inovacao\/?page_id=105331"},"modified":"2026-04-29T17:12:37","modified_gmt":"2026-04-29T20:12:37","slug":"goias-pelo-mundo","status":"publish","type":"page","link":"https:\/\/goias.gov.br\/inovacao\/goias-pelo-mundo\/","title":{"rendered":"Goi\u00e1s Pelo Mundo"},"content":{"rendered":"\t\t<div data-elementor-type=\"wp-post\" data-elementor-id=\"105331\" class=\"elementor elementor-105331\">\n\t\t\t\t<div class=\"elementor-element elementor-element-d5c24d9 e-flex e-con-boxed e-con e-parent\" data-id=\"d5c24d9\" data-element_type=\"container\" data-e-type=\"container\">\n\t\t\t\t\t<div class=\"e-con-inner\">\n\t\t\t\t<div class=\"elementor-element elementor-element-4cfeabd elementor-arrows-position-inside elementor-pagination-position-outside elementor-widget elementor-widget-image-carousel\" data-id=\"4cfeabd\" data-element_type=\"widget\" data-e-type=\"widget\" data-settings=\"{&quot;slides_to_show&quot;:&quot;1&quot;,&quot;navigation&quot;:&quot;both&quot;,&quot;autoplay&quot;:&quot;yes&quot;,&quot;pause_on_hover&quot;:&quot;yes&quot;,&quot;pause_on_interaction&quot;:&quot;yes&quot;,&quot;autoplay_speed&quot;:5000,&quot;infinite&quot;:&quot;yes&quot;,&quot;effect&quot;:&quot;slide&quot;,&quot;speed&quot;:500}\" data-widget_type=\"image-carousel.default\">\n\t\t\t\t\t\t\t<div class=\"elementor-image-carousel-wrapper swiper\" role=\"region\" aria-roledescription=\"carousel\" aria-label=\"Carrossel de imagens\" dir=\"ltr\">\n\t\t\t<div class=\"elementor-image-carousel swiper-wrapper\" aria-live=\"off\">\n\t\t\t\t\t\t\t\t<div class=\"swiper-slide\" role=\"group\" aria-roledescription=\"slide\" aria-label=\"1 de 7\"><figure class=\"swiper-slide-inner\"><img decoding=\"async\" class=\"swiper-slide-image\" src=\"https:\/\/goias.gov.br\/inovacao\/wp-content\/uploads\/sites\/26\/2026\/02\/Prancheta-1-2-1024x512.png\" alt=\"Prancheta 1\" \/><\/figure><\/div><div class=\"swiper-slide\" role=\"group\" aria-roledescription=\"slide\" aria-label=\"2 de 7\"><figure class=\"swiper-slide-inner\"><img decoding=\"async\" class=\"swiper-slide-image\" src=\"https:\/\/goias.gov.br\/inovacao\/wp-content\/uploads\/sites\/26\/2026\/02\/Prancheta-2-1024x512.jpg\" alt=\"Prancheta 2\" \/><\/figure><\/div><div class=\"swiper-slide\" role=\"group\" aria-roledescription=\"slide\" aria-label=\"3 de 7\"><figure class=\"swiper-slide-inner\"><img decoding=\"async\" class=\"swiper-slide-image\" src=\"https:\/\/goias.gov.br\/inovacao\/wp-content\/uploads\/sites\/26\/2026\/02\/Prancheta-3-1-1024x512.png\" alt=\"Prancheta 3\" \/><\/figure><\/div><div class=\"swiper-slide\" role=\"group\" aria-roledescription=\"slide\" aria-label=\"4 de 7\"><figure class=\"swiper-slide-inner\"><img decoding=\"async\" class=\"swiper-slide-image\" src=\"https:\/\/goias.gov.br\/inovacao\/wp-content\/uploads\/sites\/26\/2026\/02\/Prancheta-4-1024x512.jpg\" alt=\"Prancheta 4\" \/><\/figure><\/div><div class=\"swiper-slide\" role=\"group\" aria-roledescription=\"slide\" aria-label=\"5 de 7\"><figure class=\"swiper-slide-inner\"><img decoding=\"async\" class=\"swiper-slide-image\" src=\"https:\/\/goias.gov.br\/inovacao\/wp-content\/uploads\/sites\/26\/2026\/02\/Prancheta-5-1024x512.jpg\" alt=\"Prancheta 5\" \/><\/figure><\/div><div class=\"swiper-slide\" role=\"group\" aria-roledescription=\"slide\" aria-label=\"6 de 7\"><figure class=\"swiper-slide-inner\"><img decoding=\"async\" class=\"swiper-slide-image\" src=\"https:\/\/goias.gov.br\/inovacao\/wp-content\/uploads\/sites\/26\/2026\/02\/Prancheta-6-1024x512.png\" alt=\"Prancheta 6\" \/><\/figure><\/div><div class=\"swiper-slide\" role=\"group\" aria-roledescription=\"slide\" aria-label=\"7 de 7\"><figure class=\"swiper-slide-inner\"><img decoding=\"async\" class=\"swiper-slide-image\" src=\"https:\/\/goias.gov.br\/inovacao\/wp-content\/uploads\/sites\/26\/2026\/02\/Prancheta-7-1024x512.jpg\" alt=\"Prancheta 7\" \/><\/figure><\/div>\t\t\t<\/div>\n\t\t\t\t\t\t\t\t\t\t\t\t<div class=\"elementor-swiper-button elementor-swiper-button-prev\" role=\"button\" tabindex=\"0\">\n\t\t\t\t\t\t<svg aria-hidden=\"true\" class=\"e-font-icon-svg e-eicon-chevron-left\" viewBox=\"0 0 1000 1000\" xmlns=\"http:\/\/www.w3.org\/2000\/svg\"><path d=\"M646 125C629 125 613 133 604 142L308 442C296 454 292 471 292 487 292 504 296 521 308 533L604 854C617 867 629 875 646 875 663 875 679 871 692 858 704 846 713 829 713 812 713 796 708 779 692 767L438 487 692 225C700 217 708 204 708 187 708 171 704 154 692 142 675 129 663 125 646 125Z\"><\/path><\/svg>\t\t\t\t\t<\/div>\n\t\t\t\t\t<div class=\"elementor-swiper-button elementor-swiper-button-next\" role=\"button\" tabindex=\"0\">\n\t\t\t\t\t\t<svg aria-hidden=\"true\" class=\"e-font-icon-svg e-eicon-chevron-right\" viewBox=\"0 0 1000 1000\" xmlns=\"http:\/\/www.w3.org\/2000\/svg\"><path d=\"M696 533C708 521 713 504 713 487 713 471 708 454 696 446L400 146C388 133 375 125 354 125 338 125 325 129 313 142 300 154 292 171 292 187 292 204 296 221 308 233L563 492 304 771C292 783 288 800 288 817 288 833 296 850 308 863 321 871 338 875 354 875 371 875 388 867 400 854L696 533Z\"><\/path><\/svg>\t\t\t\t\t<\/div>\n\t\t\t\t\n\t\t\t\t\t\t\t\t\t<div class=\"swiper-pagination\"><\/div>\n\t\t\t\t\t\t\t\t\t<\/div>\n\t\t\t\t\t\t<\/div>\n\t\t\t\t\t<\/div>\n\t\t\t\t<\/div>\n\t\t<div class=\"elementor-element elementor-element-dbb7753 e-flex e-con-boxed e-con e-parent\" data-id=\"dbb7753\" data-element_type=\"container\" data-e-type=\"container\">\n\t\t\t\t\t<div class=\"e-con-inner\">\n\t\t\t\t<div class=\"elementor-element elementor-element-fe5431f elementor-widget elementor-widget-text-editor\" data-id=\"fe5431f\" data-element_type=\"widget\" data-e-type=\"widget\" data-widget_type=\"text-editor.default\">\n\t\t\t\t\t\t\t\t\t<div><span style=\"font-size: 14pt; color: #000000;\">O <strong>Programa Goi\u00e1s pelo Mundo<\/strong>, lan\u00e7ado pelo Governo de Goi\u00e1s no final de 2025, ir\u00e1 contemplar, nos pr\u00f3ximos cinco anos, estudantes, professores, pesquisadores com <strong>interc\u00e2mbios internacionais<\/strong>, <strong>bolsas de mestrado<\/strong> em universidades de excel\u00eancia e apoio \u00e0 participa\u00e7\u00e3o em <strong>miss\u00f5es de pesquisa<\/strong> e <strong>eventos no exterior.<\/strong><\/span><\/div><div>\u00a0<\/div><div><span style=\"font-size: 14pt; color: #000000;\">A iniciativa \u00e9 coordenada pela Secretaria de Ci\u00eancia, Tecnologia e Inova\u00e7\u00e3o (Secti), no \u00e2mbito do Goi\u00e1s Social, em parceria com a Funda\u00e7\u00e3o de Amparo \u00e0 Pesquisa do Estado de Goi\u00e1s (Fapeg), a Secretaria de Estado da Administra\u00e7\u00e3o (Sead). Para o <strong>mestrado internacional<\/strong> o programa conta ainda com a colabora\u00e7\u00e3o do Instituto Trajet\u00f3rias \u2014 organiza\u00e7\u00e3o sem fins lucrativos criada com o apoio das funda\u00e7\u00f5es Lemann e V\u00e9lezReyes+.<\/span><\/div><div>\u00a0<\/div><div><span style=\"font-size: 14pt; color: #000000;\"><strong>Resultados esperados:<\/strong><\/span><\/div><div><span style=\"font-size: 14pt; color: #000000;\">\u2022Amplia\u00e7\u00e3o da profici\u00eancia em l\u00edngua inglesa de talentos goianos;<\/span><\/div><div><span style=\"font-size: 14pt; color: #000000;\">\u2022Fortalecimento da cultura de internacionaliza\u00e7\u00e3o nas escolas do Estado;<\/span><\/div><div><span style=\"font-size: 14pt; color: #000000;\">\u2022Inser\u00e7\u00e3o de profissionais e estudantes goianos em redes globais de desenvolvimento cient\u00edfico e tecnol\u00f3gico.<\/span><\/div>\t\t\t\t\t\t\t\t<\/div>\n\t\t\t\t\t<\/div>\n\t\t\t\t<\/div>\n\t\t<div class=\"elementor-element elementor-element-548f0b3 e-con-full e-flex e-con e-parent\" data-id=\"548f0b3\" data-element_type=\"container\" data-e-type=\"container\" data-settings=\"{&quot;background_background&quot;:&quot;gradient&quot;}\">\n\t\t\t\t<div class=\"elementor-element elementor-element-150faf6 e-n-tabs-mobile elementor-widget elementor-widget-n-tabs\" data-id=\"150faf6\" data-element_type=\"widget\" data-e-type=\"widget\" data-settings=\"{&quot;horizontal_scroll&quot;:&quot;disable&quot;}\" data-widget_type=\"nested-tabs.default\">\n\t\t\t\t\t\t\t<div class=\"e-n-tabs\" data-widget-number=\"22084342\" aria-label=\"Abas. Abra itens com &quot;Enter&quot; ou &quot;Espa\u00e7o&quot;, feche com &quot;Escape&quot; e navegue usando as teclas de &quot;Seta&quot;.\">\n\t\t\t<div class=\"e-n-tabs-heading\" role=\"tablist\">\n\t\t\t\t\t<button id=\"e-n-tab-title-220843421\" data-tab-title-id=\"e-n-tab-title-220843421\" class=\"e-n-tab-title\" aria-selected=\"true\" data-tab-index=\"1\" role=\"tab\" tabindex=\"0\" aria-controls=\"e-n-tab-content-220843421\" style=\"--n-tabs-title-order: 1;\">\n\t\t\t\t\t\t<span class=\"e-n-tab-title-text\">\n\t\t\t\tInterc\u00e2mbio Internacional\t\t\t<\/span>\n\t\t<\/button>\n\t\t\t\t<button id=\"e-n-tab-title-220843422\" data-tab-title-id=\"e-n-tab-title-220843422\" class=\"e-n-tab-title\" aria-selected=\"false\" data-tab-index=\"2\" role=\"tab\" tabindex=\"-1\" aria-controls=\"e-n-tab-content-220843422\" style=\"--n-tabs-title-order: 2;\">\n\t\t\t\t\t\t<span class=\"e-n-tab-title-text\">\n\t\t\t\tMestrado Internacional\t\t\t<\/span>\n\t\t<\/button>\n\t\t\t\t<button id=\"e-n-tab-title-220843423\" data-tab-title-id=\"e-n-tab-title-220843423\" class=\"e-n-tab-title\" aria-selected=\"false\" data-tab-index=\"3\" role=\"tab\" tabindex=\"-1\" aria-controls=\"e-n-tab-content-220843423\" style=\"--n-tabs-title-order: 3;\">\n\t\t\t\t\t\t<span class=\"e-n-tab-title-text\">\n\t\t\t\tPesquisadores\t\t\t<\/span>\n\t\t<\/button>\n\t\t\t\t<button id=\"e-n-tab-title-220843424\" data-tab-title-id=\"e-n-tab-title-220843424\" class=\"e-n-tab-title\" aria-selected=\"false\" data-tab-index=\"4\" role=\"tab\" tabindex=\"-1\" aria-controls=\"e-n-tab-content-220843424\" style=\"--n-tabs-title-order: 4;\">\n\t\t\t\t\t\t<span class=\"e-n-tab-title-text\">\n\t\t\t\tCompeti\u00e7\u00f5es e Festivais Internacionais\t\t\t<\/span>\n\t\t<\/button>\n\t\t\t\t\t<\/div>\n\t\t\t<div class=\"e-n-tabs-content\">\n\t\t\t\t<div id=\"e-n-tab-content-220843421\" role=\"tabpanel\" aria-labelledby=\"e-n-tab-title-220843421\" data-tab-index=\"1\" style=\"--n-tabs-title-order: 1;\" class=\"e-active elementor-element elementor-element-5cc9375 e-con-full e-flex e-con e-child\" data-id=\"5cc9375\" data-element_type=\"container\" data-e-type=\"container\" data-settings=\"{&quot;background_background&quot;:&quot;gradient&quot;}\">\n\t\t<div class=\"elementor-element elementor-element-b9f4b83 e-con-full e-flex e-con e-child\" data-id=\"b9f4b83\" data-element_type=\"container\" data-e-type=\"container\" data-settings=\"{&quot;background_background&quot;:&quot;gradient&quot;}\">\n\t\t\t\t<div class=\"elementor-element elementor-element-4cdd129 elementor-invisible elementor-widget elementor-widget-text-editor\" data-id=\"4cdd129\" data-element_type=\"widget\" data-e-type=\"widget\" data-settings=\"{&quot;_animation&quot;:&quot;fadeInLeft&quot;}\" data-widget_type=\"text-editor.default\">\n\t\t\t\t\t\t\t\t\t<h5><span style=\"color: #000000;\">Oportunidades internacionais na Inglaterra, Austr\u00e1lia e Singapura para transformar o futuro de estudantes e professores<\/span><\/h5>\t\t\t\t\t\t\t\t<\/div>\n\t\t\t\t<\/div>\n\t\t<div class=\"elementor-element elementor-element-3ee2266 e-grid e-con-boxed e-con e-child\" data-id=\"3ee2266\" data-element_type=\"container\" data-e-type=\"container\" data-settings=\"{&quot;background_background&quot;:&quot;classic&quot;}\">\n\t\t\t\t\t<div class=\"e-con-inner\">\n\t\t\t\t<div class=\"elementor-element elementor-element-c515696 elementor-widget elementor-widget-text-editor\" data-id=\"c515696\" data-element_type=\"widget\" data-e-type=\"widget\" data-widget_type=\"text-editor.default\">\n\t\t\t\t\t\t\t\t\t<p><span style=\"color: #000000;\">Em uma das frentes, o <strong>Goi\u00e1s pelo Mundo &#8211; Interc\u00e2mbio<\/strong> vai promover uma experi\u00eancia imersiva, aos talentos goianos, em um ambiente acad\u00eamico internacional, proporcionando o aprendizado e o aprimoramento da l\u00edngua inglesa, o desenvolvimento de compet\u00eancias interculturais, a amplia\u00e7\u00e3o da vis\u00e3o de mundo e o enriquecimento da forma\u00e7\u00e3o pessoal, acad\u00eamica e profissional. No primeiro semestre <\/span><span style=\"color: #4d4d4d; font-weight: bold; font-size: 12pt;\">ser\u00e3o 200 intercambistas selecionados e divididos para imers\u00e3o em tr\u00eas pa\u00edses: Inglaterra, Austr\u00e1lia e Singapura.\u00a0<\/span><\/p>\n<div><span style=\"color: #4d4d4d; font-weight: bold; font-size: 1rem;\">\u00a0<\/span><\/div>\t\t\t\t\t\t\t\t<\/div>\n\t\t\t\t<div class=\"elementor-element elementor-element-4fa479a elementor-widget elementor-widget-text-editor\" data-id=\"4fa479a\" data-element_type=\"widget\" data-e-type=\"widget\" data-widget_type=\"text-editor.default\">\n\t\t\t\t\t\t\t\t\t<div><strong>Quem poder\u00e1 participar:<\/strong><\/div><ul><li><span style=\"color: #000000;\">Estudantes do programa Jornada para o Futuro (Escolas Estaduais e Escolas do Futuro de Goi\u00e1s);<\/span><\/li><li><span style=\"color: #000000;\">Estudantes dos cursos t\u00e9cnico e superior tecnol\u00f3gico das Escolas do Futuro de Goi\u00e1s;<\/span><\/li><li><span style=\"color: #000000;\">Estudantes vencedores\/as da Olimp\u00edada de IA;<\/span><\/li><li><span style=\"color: #000000;\">Graduandos de universidades privadas que sejam bolsistas do Probem;<\/span><\/li><li><span style=\"color: #000000;\">Graduandos da UEG;<\/span><\/li><li><span style=\"color: #000000;\">Professores da EFG;<\/span><\/li><li><span style=\"color: #000000;\">Tutores da Olimp\u00edada de IA;<\/span><\/li><\/ul>\t\t\t\t\t\t\t\t<\/div>\n\t\t\t\t\t<\/div>\n\t\t\t\t<\/div>\n\t\t<div class=\"elementor-element elementor-element-8c7896d e-con-full e-flex e-con e-child\" data-id=\"8c7896d\" data-element_type=\"container\" data-e-type=\"container\" data-settings=\"{&quot;background_background&quot;:&quot;classic&quot;}\">\n\t\t\t\t<div class=\"elementor-element elementor-element-fe0f996 elementor-invisible elementor-widget elementor-widget-heading\" data-id=\"fe0f996\" data-element_type=\"widget\" data-e-type=\"widget\" data-settings=\"{&quot;_animation&quot;:&quot;fadeInLeft&quot;}\" data-widget_type=\"heading.default\">\n\t\t\t\t\t<h2 class=\"elementor-heading-title elementor-size-default\">EDITAIS<\/h2>\t\t\t\t<\/div>\n\t\t\t\t<\/div>\n\t\t<div class=\"elementor-element elementor-element-66cc33d e-flex e-con-boxed e-con e-child\" data-id=\"66cc33d\" data-element_type=\"container\" data-e-type=\"container\" data-settings=\"{&quot;background_background&quot;:&quot;classic&quot;}\">\n\t\t\t\t\t<div class=\"e-con-inner\">\n\t\t\t\t<div class=\"elementor-element elementor-element-c99e440 elementor-widget__width-initial elementor-widget elementor-widget-text-editor\" data-id=\"c99e440\" data-element_type=\"widget\" data-e-type=\"widget\" data-widget_type=\"text-editor.default\">\n\t\t\t\t\t\t\t\t\t<h4><strong><span style=\"color: #000000; font-family: georgia, palatino, serif;\">Goi\u00e1s Pelo Mundo &#8211; Austr\u00e1lia<\/span><\/strong><\/h4><h4><strong><span style=\"color: #000000; font-family: georgia, palatino, serif;\">Edital 05\/2026 Graduandos ProBem<\/span><\/strong><\/h4><p><strong><span style=\"color: #000000;\">Cronograma resumido<\/span><\/strong><\/p><div><p><span style=\"color: #000000;\"><b>Inscri\u00e7\u00f5es: <\/b>de 5 a 18\/03<\/span><\/p><\/div><div><strong><span style=\"color: #000000;\">Fase 1 &#8211; An\u00e1lise Documental<\/span><\/strong><\/div><div><span style=\"color: #000000;\">\u202223\/03 \u2013 Resultado\u00a0<\/span><\/div><div>\u00a0<\/div><div><strong><span style=\"color: #000000;\">Fase 2 \u2013 Desempenho acad\u00eamico<\/span><\/strong><\/div><div><span style=\"color: #000000;\">\u202227\/03 \u2013 Resultado\u00a0<\/span><\/div><div>\u00a0<\/div><div><strong><span style=\"color: #000000;\">Fase 3 \u2013 Entrevistas<\/span><\/strong><\/div><div><span style=\"color: #000000;\">\u202227\/03 \u2013 Divulga\u00e7\u00e3o da agenda<\/span><\/div><div><span style=\"color: #000000;\">\u202230\/03 a 02\/04 \u2013 Entrevistas<\/span><\/div><div><span style=\"color: #000000;\">\u202209\/04 \u2013 Resultado\u00a0<\/span><\/div><div>\u00a0<\/div><div><strong><span style=\"color: #000000;\">Resultado do Processo Seletivo<\/span><\/strong><\/div><div><span style=\"color: #000000;\">\u202209\/04 \u2013 Resultado preliminar<\/span><\/div><div><span style=\"color: #000000;\">\u202209 a 10\/04 \u2013 Recursos<\/span><\/div><div><span style=\"color: #000000;\">\u202215\/04 \u2013 Resultado definitivo<\/span><\/div>\t\t\t\t\t\t\t\t<\/div>\n\t\t<div class=\"elementor-element elementor-element-7ed315e e-con-full e-flex e-con e-child\" data-id=\"7ed315e\" data-element_type=\"container\" data-e-type=\"container\">\n\t\t\t\t<div class=\"elementor-element elementor-element-92779c6 elementor-button-info elementor-align-left elementor-widget elementor-widget-button\" data-id=\"92779c6\" data-element_type=\"widget\" data-e-type=\"widget\" data-settings=\"{&quot;_animation&quot;:&quot;none&quot;}\" data-widget_type=\"button.default\">\n\t\t\t\t\t\t\t\t\t\t<a class=\"elementor-button elementor-button-link elementor-size-sm\" href=\"https:\/\/goias.gov.br\/inovacao\/wp-content\/uploads\/sites\/26\/2026\/03\/Goias-pelo-Mundo-Edital-05-26-PROBEM.pdf\" target=\"_blank\">\n\t\t\t\t\t\t<span class=\"elementor-button-content-wrapper\">\n\t\t\t\t\t\t\t\t\t<span class=\"elementor-button-text\">Edital ProBem<\/span>\n\t\t\t\t\t<\/span>\n\t\t\t\t\t<\/a>\n\t\t\t\t\t\t\t\t<\/div>\n\t\t\t\t<div class=\"elementor-element elementor-element-aebc700 elementor-button-info elementor-align-left elementor-widget elementor-widget-button\" data-id=\"aebc700\" data-element_type=\"widget\" data-e-type=\"widget\" data-widget_type=\"button.default\">\n\t\t\t\t\t\t\t\t\t\t<a class=\"elementor-button elementor-button-link elementor-size-sm\" href=\"https:\/\/goias.gov.br\/inovacao\/wp-content\/uploads\/sites\/26\/2026\/03\/Edital-05-Cronograma-do-Processo-Seletivo.pdf\" target=\"_blank\">\n\t\t\t\t\t\t<span class=\"elementor-button-content-wrapper\">\n\t\t\t\t\t\t\t\t\t<span class=\"elementor-button-text\">Cronograma ProBem <\/span>\n\t\t\t\t\t<\/span>\n\t\t\t\t\t<\/a>\n\t\t\t\t\t\t\t\t<\/div>\n\t\t\t\t<div class=\"elementor-element elementor-element-f2f4fb2 elementor-button-info elementor-align-left elementor-widget elementor-widget-button\" data-id=\"f2f4fb2\" data-element_type=\"widget\" data-e-type=\"widget\" data-widget_type=\"button.default\">\n\t\t\t\t\t\t\t\t\t\t<a class=\"elementor-button elementor-button-link elementor-size-sm\" href=\"https:\/\/goias.gov.br\/inovacao\/wp-content\/uploads\/sites\/26\/2026\/03\/Edital-05-Modelo-de-interposicao-de-recurso.pdf\" target=\"_blank\">\n\t\t\t\t\t\t<span class=\"elementor-button-content-wrapper\">\n\t\t\t\t\t\t\t\t\t<span class=\"elementor-button-text\">Modelo de recurso ProBem <\/span>\n\t\t\t\t\t<\/span>\n\t\t\t\t\t<\/a>\n\t\t\t\t\t\t\t\t<\/div>\n\t\t\t\t<div class=\"elementor-element elementor-element-bc75a13 elementor-button-info elementor-align-left elementor-widget elementor-widget-button\" data-id=\"bc75a13\" data-element_type=\"widget\" data-e-type=\"widget\" data-settings=\"{&quot;_animation&quot;:&quot;none&quot;}\" data-widget_type=\"button.default\">\n\t\t\t\t\t\t\t\t\t\t<a class=\"elementor-button elementor-button-link elementor-size-sm\" href=\"https:\/\/goias.gov.br\/inovacao\/wp-content\/uploads\/sites\/26\/2026\/03\/Retificacao-01-Edital-05-Goias-pelo-Mundo-beneficiarios-PROBEM.pdf\" target=\"_blank\">\n\t\t\t\t\t\t<span class=\"elementor-button-content-wrapper\">\n\t\t\t\t\t\t\t\t\t<span class=\"elementor-button-text\">Retifica\u00e7\u00e3o n\u00ba 01 ao edital 05\/2026<\/span>\n\t\t\t\t\t<\/span>\n\t\t\t\t\t<\/a>\n\t\t\t\t\t\t\t\t<\/div>\n\t\t\t\t<div class=\"elementor-element elementor-element-f0ea9ff elementor-button-info elementor-align-left elementor-widget elementor-widget-button\" data-id=\"f0ea9ff\" data-element_type=\"widget\" data-e-type=\"widget\" data-settings=\"{&quot;_animation&quot;:&quot;none&quot;}\" data-widget_type=\"button.default\">\n\t\t\t\t\t\t\t\t\t\t<a class=\"elementor-button elementor-button-link elementor-size-sm\" href=\"https:\/\/goias.gov.br\/inovacao\/wp-content\/uploads\/sites\/26\/2026\/03\/Retificacao-02-Edital-05-Goias-pelo-Mundo-beneficiarios-PROBEM.pdf\" target=\"_blank\">\n\t\t\t\t\t\t<span class=\"elementor-button-content-wrapper\">\n\t\t\t\t\t\t\t\t\t<span class=\"elementor-button-text\">Retifica\u00e7\u00e3o n\u00ba 02 ao edital 05\/2026<\/span>\n\t\t\t\t\t<\/span>\n\t\t\t\t\t<\/a>\n\t\t\t\t\t\t\t\t<\/div>\n\t\t\t\t<div class=\"elementor-element elementor-element-3cf159f elementor-button-info elementor-align-left elementor-widget elementor-widget-button\" data-id=\"3cf159f\" data-element_type=\"widget\" data-e-type=\"widget\" data-widget_type=\"button.default\">\n\t\t\t\t\t\t\t\t\t\t<a class=\"elementor-button elementor-button-link elementor-size-sm\" href=\"https:\/\/goias.gov.br\/inovacao\/wp-content\/uploads\/sites\/26\/2026\/03\/Anexo-I-Cronograma-do-Processo-Seletivo-Retificado-Edital-05-Goias-pelo-Mundo-beneficiarios-PROBEM.pdf\" target=\"_blank\">\n\t\t\t\t\t\t<span class=\"elementor-button-content-wrapper\">\n\t\t\t\t\t\t\t\t\t<span class=\"elementor-button-text\">Cronograma retificado do edital 05\/2026<\/span>\n\t\t\t\t\t<\/span>\n\t\t\t\t\t<\/a>\n\t\t\t\t\t\t\t\t<\/div>\n\t\t\t\t<div class=\"elementor-element elementor-element-f67af7c elementor-button-info elementor-align-left elementor-widget elementor-widget-button\" data-id=\"f67af7c\" data-element_type=\"widget\" data-e-type=\"widget\" data-widget_type=\"button.default\">\n\t\t\t\t\t\t\t\t\t\t<a class=\"elementor-button elementor-button-link elementor-size-sm\" href=\"https:\/\/goias.gov.br\/inovacao\/wp-content\/uploads\/sites\/26\/2026\/03\/Edital-05-Resultado-Preliminar-Inscricoes-Deferidas-e-Indeferidas-beneficiarios-Probem-Australia.pdf\" target=\"_blank\">\n\t\t\t\t\t\t<span class=\"elementor-button-content-wrapper\">\n\t\t\t\t\t\t\t\t\t<span class=\"elementor-button-text\">Resultado: inscri\u00e7\u00f5es deferidas e indeferidas - Preliminar - Etapa 1<\/span>\n\t\t\t\t\t<\/span>\n\t\t\t\t\t<\/a>\n\t\t\t\t\t\t\t\t<\/div>\n\t\t\t\t<div class=\"elementor-element elementor-element-d31bf80 elementor-button-info elementor-align-left elementor-widget elementor-widget-button\" data-id=\"d31bf80\" data-element_type=\"widget\" data-e-type=\"widget\" data-settings=\"{&quot;_animation&quot;:&quot;none&quot;}\" data-widget_type=\"button.default\">\n\t\t\t\t\t\t\t\t\t\t<a class=\"elementor-button elementor-button-link elementor-size-sm\" href=\"https:\/\/goias.gov.br\/inovacao\/wp-content\/uploads\/sites\/26\/2026\/03\/Edital-05-Resultado-dos-julgamentos-dos-recursos-recebidos-Analise-Documental-FASE-1.pdf\" target=\"_blank\">\n\t\t\t\t\t\t<span class=\"elementor-button-content-wrapper\">\n\t\t\t\t\t\t\t\t\t<span class=\"elementor-button-text\">Resultado dos julgamentos dos recursos - Preliminar da Fase 1<\/span>\n\t\t\t\t\t<\/span>\n\t\t\t\t\t<\/a>\n\t\t\t\t\t\t\t\t<\/div>\n\t\t\t\t<div class=\"elementor-element elementor-element-7c6bb87 elementor-button-info elementor-align-left elementor-widget elementor-widget-button\" data-id=\"7c6bb87\" data-element_type=\"widget\" data-e-type=\"widget\" data-settings=\"{&quot;_animation&quot;:&quot;none&quot;}\" data-widget_type=\"button.default\">\n\t\t\t\t\t\t\t\t\t\t<a class=\"elementor-button elementor-button-link elementor-size-sm\" href=\"https:\/\/goias.gov.br\/inovacao\/wp-content\/uploads\/sites\/26\/2026\/03\/Edital-05-Resultado-Final-Inscricoes-Deferidas-e-Indeferidas-beneficiarios-Probem-Australia.pdf\" target=\"_blank\">\n\t\t\t\t\t\t<span class=\"elementor-button-content-wrapper\">\n\t\t\t\t\t\t\t\t\t<span class=\"elementor-button-text\">Resultado das inscri\u00e7\u00f5es deferidas e indeferidas - Final - Etapa 1<\/span>\n\t\t\t\t\t<\/span>\n\t\t\t\t\t<\/a>\n\t\t\t\t\t\t\t\t<\/div>\n\t\t\t\t<div class=\"elementor-element elementor-element-23df86f elementor-button-info elementor-align-left elementor-widget elementor-widget-button\" data-id=\"23df86f\" data-element_type=\"widget\" data-e-type=\"widget\" data-settings=\"{&quot;_animation&quot;:&quot;none&quot;}\" data-widget_type=\"button.default\">\n\t\t\t\t\t\t\t\t\t\t<a class=\"elementor-button elementor-button-link elementor-size-sm\" href=\"https:\/\/goias.gov.br\/inovacao\/wp-content\/uploads\/sites\/26\/2026\/03\/Edital-05-Resultado-Preliminar-Desempenho-Academico-beneficiarios-Probem-Australia.pdf\" target=\"_blank\">\n\t\t\t\t\t\t<span class=\"elementor-button-content-wrapper\">\n\t\t\t\t\t\t\t\t\t<span class=\"elementor-button-text\">Resultado de desempenho acad\u00eamico - Preliminar - Fase 2<\/span>\n\t\t\t\t\t<\/span>\n\t\t\t\t\t<\/a>\n\t\t\t\t\t\t\t\t<\/div>\n\t\t\t\t<div class=\"elementor-element elementor-element-1df79bc elementor-button-info elementor-align-left elementor-widget elementor-widget-button\" data-id=\"1df79bc\" data-element_type=\"widget\" data-e-type=\"widget\" data-widget_type=\"button.default\">\n\t\t\t\t\t\t\t\t\t\t<a class=\"elementor-button elementor-button-link elementor-size-sm\" href=\"https:\/\/goias.gov.br\/inovacao\/wp-content\/uploads\/sites\/26\/2026\/03\/Edital-05-Resultado-dos-julgamentos-dos-recursos-recebidos-Desempenho-Academico-FASE-2.pdf\" target=\"_blank\">\n\t\t\t\t\t\t<span class=\"elementor-button-content-wrapper\">\n\t\t\t\t\t\t\t\t\t<span class=\"elementor-button-text\">Resultado dos recursos contra o resultado preliminar da Fase 2<\/span>\n\t\t\t\t\t<\/span>\n\t\t\t\t\t<\/a>\n\t\t\t\t\t\t\t\t<\/div>\n\t\t\t\t<div class=\"elementor-element elementor-element-a7372c8 elementor-button-info elementor-align-left elementor-widget elementor-widget-button\" data-id=\"a7372c8\" data-element_type=\"widget\" data-e-type=\"widget\" data-widget_type=\"button.default\">\n\t\t\t\t\t\t\t\t\t\t<a class=\"elementor-button elementor-button-link elementor-size-sm\" href=\"https:\/\/goias.gov.br\/inovacao\/wp-content\/uploads\/sites\/26\/2026\/03\/Edital-05-Resultado-Final-Desempenho-Academico-beneficiarios-Probem-Australia.pdf\" target=\"_blank\">\n\t\t\t\t\t\t<span class=\"elementor-button-content-wrapper\">\n\t\t\t\t\t\t\t\t\t<span class=\"elementor-button-text\">Resultado da avalia\u00e7\u00e3o de desempenho acad\u00eamico - Final - Fase 2\u00a0<\/span>\n\t\t\t\t\t<\/span>\n\t\t\t\t\t<\/a>\n\t\t\t\t\t\t\t\t<\/div>\n\t\t\t\t<div class=\"elementor-element elementor-element-88e45e7 elementor-button-info elementor-align-left elementor-widget elementor-widget-button\" data-id=\"88e45e7\" data-element_type=\"widget\" data-e-type=\"widget\" data-widget_type=\"button.default\">\n\t\t\t\t\t\t\t\t\t\t<a class=\"elementor-button elementor-button-link elementor-size-sm\" href=\"https:\/\/goias.gov.br\/inovacao\/wp-content\/uploads\/sites\/26\/2026\/03\/Edital-05-Etapa-3-Agenda-de-realizacao-das-entrevistas-beneficiarios-PROBEM-Australia.pdf\" target=\"_blank\">\n\t\t\t\t\t\t<span class=\"elementor-button-content-wrapper\">\n\t\t\t\t\t\t\t\t\t<span class=\"elementor-button-text\">Agenda de realiza\u00e7\u00e3o das entrevistas - Fase 3<\/span>\n\t\t\t\t\t<\/span>\n\t\t\t\t\t<\/a>\n\t\t\t\t\t\t\t\t<\/div>\n\t\t\t\t<div class=\"elementor-element elementor-element-19adef4 elementor-button-info elementor-align-left elementor-widget elementor-widget-button\" data-id=\"19adef4\" data-element_type=\"widget\" data-e-type=\"widget\" data-widget_type=\"button.default\">\n\t\t\t\t\t\t\t\t\t\t<a class=\"elementor-button elementor-button-link elementor-size-sm\" href=\"https:\/\/goias.gov.br\/inovacao\/wp-content\/uploads\/sites\/26\/2026\/04\/Retificacao-03-Edital-05-Goias-pelo-Mundo-beneficiarios-PROBEM.pdf\" target=\"_blank\">\n\t\t\t\t\t\t<span class=\"elementor-button-content-wrapper\">\n\t\t\t\t\t\t\t\t\t<span class=\"elementor-button-text\">Retifica\u00e7\u00e3o 03 ao edital 05\/2025 - Cronograma retificado<\/span>\n\t\t\t\t\t<\/span>\n\t\t\t\t\t<\/a>\n\t\t\t\t\t\t\t\t<\/div>\n\t\t\t\t<div class=\"elementor-element elementor-element-de46463 elementor-button-info elementor-align-left elementor-widget elementor-widget-button\" data-id=\"de46463\" data-element_type=\"widget\" data-e-type=\"widget\" data-widget_type=\"button.default\">\n\t\t\t\t\t\t\t\t\t\t<a class=\"elementor-button elementor-button-link elementor-size-sm\" href=\"https:\/\/goias.gov.br\/inovacao\/wp-content\/uploads\/sites\/26\/2026\/04\/Edital-05-Resultado-Preliminar-Entrevistas-beneficiarios-Probem-Australia.pdf\" target=\"_blank\">\n\t\t\t\t\t\t<span class=\"elementor-button-content-wrapper\">\n\t\t\t\t\t\t\t\t\t<span class=\"elementor-button-text\">Resultado das entrevistas - Preliminar - Fase 3<\/span>\n\t\t\t\t\t<\/span>\n\t\t\t\t\t<\/a>\n\t\t\t\t\t\t\t\t<\/div>\n\t\t\t\t<div class=\"elementor-element elementor-element-9ee1f53 elementor-button-info elementor-widget elementor-widget-button\" data-id=\"9ee1f53\" data-element_type=\"widget\" data-e-type=\"widget\" data-widget_type=\"button.default\">\n\t\t\t\t\t\t\t\t\t\t<a class=\"elementor-button elementor-button-link elementor-size-sm\" href=\"https:\/\/goias.gov.br\/inovacao\/wp-content\/uploads\/sites\/26\/2026\/04\/Edital-05-Resultado-dos-julgamentos-dos-recursos-recebidos-Entrevistas-FASE-3.pdf\" target=\"_blank\">\n\t\t\t\t\t\t<span class=\"elementor-button-content-wrapper\">\n\t\t\t\t\t\t\t\t\t<span class=\"elementor-button-text\">Resultado dos recursos contra o resultado preliminar da Fase 3<\/span>\n\t\t\t\t\t<\/span>\n\t\t\t\t\t<\/a>\n\t\t\t\t\t\t\t\t<\/div>\n\t\t\t\t<div class=\"elementor-element elementor-element-a2ead45 elementor-button-info elementor-align-left elementor-widget elementor-widget-button\" data-id=\"a2ead45\" data-element_type=\"widget\" data-e-type=\"widget\" data-widget_type=\"button.default\">\n\t\t\t\t\t\t\t\t\t\t<a class=\"elementor-button elementor-button-link elementor-size-sm\" href=\"https:\/\/goias.gov.br\/inovacao\/wp-content\/uploads\/sites\/26\/2026\/04\/Edital-05-Resultado-Final-Entrevistas-beneficiarios-Probem-Australia.pdf\" target=\"_blank\">\n\t\t\t\t\t\t<span class=\"elementor-button-content-wrapper\">\n\t\t\t\t\t\t\t\t\t<span class=\"elementor-button-text\">Resultado das entrevistas - Final - Fase 3<\/span>\n\t\t\t\t\t<\/span>\n\t\t\t\t\t<\/a>\n\t\t\t\t\t\t\t\t<\/div>\n\t\t\t\t<div class=\"elementor-element elementor-element-66b2e1f elementor-button-info elementor-align-left elementor-widget elementor-widget-button\" data-id=\"66b2e1f\" data-element_type=\"widget\" data-e-type=\"widget\" data-widget_type=\"button.default\">\n\t\t\t\t\t\t\t\t\t\t<a class=\"elementor-button elementor-button-link elementor-size-sm\" href=\"https:\/\/goias.gov.br\/inovacao\/wp-content\/uploads\/sites\/26\/2026\/04\/Edital-05-Resultado-Preliminar-do-processo-seletivo-beneficiarios-Probem-Australia.pdf\" target=\"_blank\">\n\t\t\t\t\t\t<span class=\"elementor-button-content-wrapper\">\n\t\t\t\t\t\t\t\t\t<span class=\"elementor-button-text\">Resultado Preliminar Final do processo seletivo<\/span>\n\t\t\t\t\t<\/span>\n\t\t\t\t\t<\/a>\n\t\t\t\t\t\t\t\t<\/div>\n\t\t\t\t<div class=\"elementor-element elementor-element-0361c9b elementor-button-info elementor-align-left elementor-widget elementor-widget-button\" data-id=\"0361c9b\" data-element_type=\"widget\" data-e-type=\"widget\" data-widget_type=\"button.default\">\n\t\t\t\t\t\t\t\t\t\t<a class=\"elementor-button elementor-button-link elementor-size-sm\" href=\"https:\/\/goias.gov.br\/inovacao\/wp-content\/uploads\/sites\/26\/2026\/04\/Retificacao-04-Edital-05-Goias-pelo-Mundo-beneficiarios-PROBEM.pdf\" target=\"_blank\">\n\t\t\t\t\t\t<span class=\"elementor-button-content-wrapper\">\n\t\t\t\t\t\t\t\t\t<span class=\"elementor-button-text\">Retifica\u00e7\u00e3o n\u00ba 04 ao edital 05\/2026 - Cronograma retificado<\/span>\n\t\t\t\t\t<\/span>\n\t\t\t\t\t<\/a>\n\t\t\t\t\t\t\t\t<\/div>\n\t\t\t\t<div class=\"elementor-element elementor-element-ea34741 elementor-button-info elementor-align-left elementor-widget elementor-widget-button\" data-id=\"ea34741\" data-element_type=\"widget\" data-e-type=\"widget\" data-widget_type=\"button.default\">\n\t\t\t\t\t\t\t\t\t\t<a class=\"elementor-button elementor-button-link elementor-size-sm\" href=\"https:\/\/goias.gov.br\/inovacao\/wp-content\/uploads\/sites\/26\/2026\/04\/Retificacao-05-Edital-05-Goias-pelo-Mundo-beneficiarios-PROBEM.pdf\" target=\"_blank\">\n\t\t\t\t\t\t<span class=\"elementor-button-content-wrapper\">\n\t\t\t\t\t\t\t\t\t<span class=\"elementor-button-text\">Retifica\u00e7\u00e3o n\u00ba 05 ao edital 05\/2026 - Cronograma retificado<\/span>\n\t\t\t\t\t<\/span>\n\t\t\t\t\t<\/a>\n\t\t\t\t\t\t\t\t<\/div>\n\t\t\t\t<div class=\"elementor-element elementor-element-fad8458 elementor-button-info elementor-align-left elementor-widget elementor-widget-button\" data-id=\"fad8458\" data-element_type=\"widget\" data-e-type=\"widget\" data-widget_type=\"button.default\">\n\t\t\t\t\t\t\t\t\t\t<a class=\"elementor-button elementor-button-link elementor-size-sm\" href=\"https:\/\/goias.gov.br\/inovacao\/wp-content\/uploads\/sites\/26\/2026\/04\/Edital-05-Resultado-dos-julgamentos-dos-recursos-recebidos-Resultado-preliminar-final.pdf\" target=\"_blank\">\n\t\t\t\t\t\t<span class=\"elementor-button-content-wrapper\">\n\t\t\t\t\t\t\t\t\t<span class=\"elementor-button-text\">Resultado dos recursos interpostos contra resultado preliminar <\/span>\n\t\t\t\t\t<\/span>\n\t\t\t\t\t<\/a>\n\t\t\t\t\t\t\t\t<\/div>\n\t\t\t\t<div class=\"elementor-element elementor-element-a9b4b1f elementor-button-info elementor-align-left elementor-widget elementor-widget-button\" data-id=\"a9b4b1f\" data-element_type=\"widget\" data-e-type=\"widget\" data-widget_type=\"button.default\">\n\t\t\t\t\t\t\t\t\t\t<a class=\"elementor-button elementor-button-link elementor-size-sm\" href=\"https:\/\/goias.gov.br\/inovacao\/wp-content\/uploads\/sites\/26\/2026\/04\/Edital-05-Resultado-Definitivo-do-processo-seletivo-beneficiarios-Probem-Australia.pdf\" target=\"_blank\">\n\t\t\t\t\t\t<span class=\"elementor-button-content-wrapper\">\n\t\t\t\t\t\t\t\t\t<span class=\"elementor-button-text\">Resultado final do processo seletivo - Edital 05\/2026<\/span>\n\t\t\t\t\t<\/span>\n\t\t\t\t\t<\/a>\n\t\t\t\t\t\t\t\t<\/div>\n\t\t\t\t<\/div>\n\t\t\t\t\t<\/div>\n\t\t\t\t<\/div>\n\t\t<div class=\"elementor-element elementor-element-585b5bc e-flex e-con-boxed e-con e-child\" data-id=\"585b5bc\" data-element_type=\"container\" data-e-type=\"container\" data-settings=\"{&quot;background_background&quot;:&quot;classic&quot;}\">\n\t\t\t\t\t<div class=\"e-con-inner\">\n\t\t\t\t<div class=\"elementor-element elementor-element-269728e elementor-widget__width-initial elementor-widget elementor-widget-text-editor\" data-id=\"269728e\" data-element_type=\"widget\" data-e-type=\"widget\" data-widget_type=\"text-editor.default\">\n\t\t\t\t\t\t\t\t\t<h4><strong><span style=\"color: #000000; font-family: georgia, palatino, serif;\">Goi\u00e1s Pelo Mundo &#8211; Austr\u00e1lia<\/span><\/strong><\/h4><h4><strong><span style=\"color: #000000; font-family: georgia, palatino, serif;\">Edital 06\/2026 Discentes UEG<br \/><\/span><\/strong><\/h4><p><strong><span style=\"font-family: georgia, palatino, serif;\"><span style=\"color: #000000; font-family: Roboto, sans-serif;\">Cronograma resumido<\/span><\/span><\/strong><\/p><div><span style=\"color: #000000;\"><b>Inscri\u00e7\u00f5es: <\/b>de 5 a 18\/03<\/span><\/div><div>\u00a0<\/div><div><div><strong><span style=\"color: #000000;\">Fase 1 \u2013 An\u00e1lise documental<\/span><\/strong><\/div><div><span style=\"color: #000000;\">\u202223\/03 \u2013 Resultado\u00a0<\/span><\/div><div>\u00a0<\/div><div><strong><span style=\"color: #000000;\">Fase 2 \u2013 Desempenho acad\u00eamico<\/span><\/strong><\/div><div><span style=\"color: #000000;\">\u202227\/03 \u2013 Resultado\u00a0<\/span><\/div><div>\u00a0<\/div><div><strong><span style=\"color: #000000;\">Fase 3 \u2013 Entrevistas<\/span><\/strong><\/div><div><span style=\"color: #000000;\">\u202227\/03 \u2013 Divulga\u00e7\u00e3o da agenda<\/span><\/div><div><span style=\"color: #000000;\">\u202230\/03 a 02\/04 \u2013 Realiza\u00e7\u00e3o das entrevistas<\/span><\/div><div><span style=\"color: #000000;\">\u202209\/04 \u2013 Resultado\u00a0<\/span><\/div><div>\u00a0<\/div><div><strong><span style=\"color: #000000;\">Resultado do Processo Seletivo<\/span><\/strong><\/div><div><span style=\"color: #000000;\">\u202209\/04 \u2013 Resultado preliminar<\/span><\/div><div><span style=\"color: #000000;\">\u202209 a 10\/04 \u2013 Prazo para recursos<\/span><\/div><div><span style=\"color: #000000;\">\u202215\/04 \u2013 Resultado definitivo<\/span><\/div><\/div>\t\t\t\t\t\t\t\t<\/div>\n\t\t<div class=\"elementor-element elementor-element-0845587 e-con-full e-flex e-con e-child\" data-id=\"0845587\" data-element_type=\"container\" data-e-type=\"container\">\n\t\t\t\t<div class=\"elementor-element elementor-element-ddb0f40 elementor-button-info elementor-align-left elementor-widget elementor-widget-button\" data-id=\"ddb0f40\" data-element_type=\"widget\" data-e-type=\"widget\" data-settings=\"{&quot;_animation&quot;:&quot;none&quot;}\" data-widget_type=\"button.default\">\n\t\t\t\t\t\t\t\t\t\t<a class=\"elementor-button elementor-button-link elementor-size-sm\" href=\"https:\/\/goias.gov.br\/inovacao\/wp-content\/uploads\/sites\/26\/2026\/03\/Goias-pelo-Mundo-Edital-06-26-UEG.pdf\" target=\"_blank\">\n\t\t\t\t\t\t<span class=\"elementor-button-content-wrapper\">\n\t\t\t\t\t\t\t\t\t<span class=\"elementor-button-text\">Edital Discentes UEG<\/span>\n\t\t\t\t\t<\/span>\n\t\t\t\t\t<\/a>\n\t\t\t\t\t\t\t\t<\/div>\n\t\t\t\t<div class=\"elementor-element elementor-element-6da9d34 elementor-button-info elementor-align-left elementor-widget elementor-widget-button\" data-id=\"6da9d34\" data-element_type=\"widget\" data-e-type=\"widget\" data-widget_type=\"button.default\">\n\t\t\t\t\t\t\t\t\t\t<a class=\"elementor-button elementor-button-link elementor-size-sm\" href=\"https:\/\/goias.gov.br\/inovacao\/wp-content\/uploads\/sites\/26\/2026\/03\/Edital-06-Cronograma-do-Processo-Seletivo.pdf\" target=\"_blank\">\n\t\t\t\t\t\t<span class=\"elementor-button-content-wrapper\">\n\t\t\t\t\t\t\t\t\t<span class=\"elementor-button-text\">Cronograma Discentes UEG<\/span>\n\t\t\t\t\t<\/span>\n\t\t\t\t\t<\/a>\n\t\t\t\t\t\t\t\t<\/div>\n\t\t\t\t<div class=\"elementor-element elementor-element-0ffe7f0 elementor-button-info elementor-align-left elementor-widget elementor-widget-button\" data-id=\"0ffe7f0\" data-element_type=\"widget\" data-e-type=\"widget\" data-widget_type=\"button.default\">\n\t\t\t\t\t\t\t\t\t\t<a class=\"elementor-button elementor-button-link elementor-size-sm\" href=\"https:\/\/goias.gov.br\/inovacao\/wp-content\/uploads\/sites\/26\/2026\/03\/Edital-06-Modelo-de-interposicao-de-recurso.pdf\" target=\"_blank\">\n\t\t\t\t\t\t<span class=\"elementor-button-content-wrapper\">\n\t\t\t\t\t\t\t\t\t<span class=\"elementor-button-text\">Modelo de Recurso Discentes UEG<\/span>\n\t\t\t\t\t<\/span>\n\t\t\t\t\t<\/a>\n\t\t\t\t\t\t\t\t<\/div>\n\t\t\t\t<div class=\"elementor-element elementor-element-5961d79 elementor-button-info elementor-align-left elementor-widget elementor-widget-button\" data-id=\"5961d79\" data-element_type=\"widget\" data-e-type=\"widget\" data-settings=\"{&quot;_animation&quot;:&quot;none&quot;}\" data-widget_type=\"button.default\">\n\t\t\t\t\t\t\t\t\t\t<a class=\"elementor-button elementor-button-link elementor-size-sm\" href=\"https:\/\/goias.gov.br\/inovacao\/wp-content\/uploads\/sites\/26\/2026\/03\/Retificacao-01-Edital-06-Goias-pelo-Mundo-discentes-UEG.pdf\" target=\"_blank\">\n\t\t\t\t\t\t<span class=\"elementor-button-content-wrapper\">\n\t\t\t\t\t\t\t\t\t<span class=\"elementor-button-text\">Retifica\u00e7\u00e3o n\u00ba 01 ao edital 06\/2026<\/span>\n\t\t\t\t\t<\/span>\n\t\t\t\t\t<\/a>\n\t\t\t\t\t\t\t\t<\/div>\n\t\t\t\t<div class=\"elementor-element elementor-element-baa3cc8 elementor-button-info elementor-align-left elementor-widget elementor-widget-button\" data-id=\"baa3cc8\" data-element_type=\"widget\" data-e-type=\"widget\" data-widget_type=\"button.default\">\n\t\t\t\t\t\t\t\t\t\t<a class=\"elementor-button elementor-button-link elementor-size-sm\" href=\"https:\/\/goias.gov.br\/inovacao\/wp-content\/uploads\/sites\/26\/2026\/03\/Anexo-I-Cronograma-do-Processo-Seletivo-Retificado-Edital-06-Goias-pelo-Mundo-discentes-UEG.pdf\" target=\"_blank\">\n\t\t\t\t\t\t<span class=\"elementor-button-content-wrapper\">\n\t\t\t\t\t\t\t\t\t<span class=\"elementor-button-text\">Cronograma retificado do edital 06\/2026<\/span>\n\t\t\t\t\t<\/span>\n\t\t\t\t\t<\/a>\n\t\t\t\t\t\t\t\t<\/div>\n\t\t\t\t<div class=\"elementor-element elementor-element-2ca71f6 elementor-button-info elementor-align-left elementor-widget elementor-widget-button\" data-id=\"2ca71f6\" data-element_type=\"widget\" data-e-type=\"widget\" data-widget_type=\"button.default\">\n\t\t\t\t\t\t\t\t\t\t<a class=\"elementor-button elementor-button-link elementor-size-sm\" href=\"https:\/\/goias.gov.br\/inovacao\/wp-content\/uploads\/sites\/26\/2026\/03\/Edital-06-Resultado-Preliminar-Inscricoes-Deferidas-e-Indeferidas-discentes-UEG-Australia.pdf\" target=\"_blank\">\n\t\t\t\t\t\t<span class=\"elementor-button-content-wrapper\">\n\t\t\t\t\t\t\t\t\t<span class=\"elementor-button-text\">Resultado: inscri\u00e7\u00f5es deferidas e indeferidas - Preliminar - Etapa 1<\/span>\n\t\t\t\t\t<\/span>\n\t\t\t\t\t<\/a>\n\t\t\t\t\t\t\t\t<\/div>\n\t\t\t\t<div class=\"elementor-element elementor-element-31e1e93 elementor-button-info elementor-align-left elementor-widget elementor-widget-button\" data-id=\"31e1e93\" data-element_type=\"widget\" data-e-type=\"widget\" data-settings=\"{&quot;_animation&quot;:&quot;none&quot;}\" data-widget_type=\"button.default\">\n\t\t\t\t\t\t\t\t\t\t<a class=\"elementor-button elementor-button-link elementor-size-sm\" href=\"https:\/\/goias.gov.br\/inovacao\/wp-content\/uploads\/sites\/26\/2026\/03\/Edital-06-Resultado-dos-julgamentos-dos-recursos-recebidos-Analise-Documental-FASE-1.pdf\" target=\"_blank\">\n\t\t\t\t\t\t<span class=\"elementor-button-content-wrapper\">\n\t\t\t\t\t\t\t\t\t<span class=\"elementor-button-text\">Resultado dos julgamentos dos recursos - Preliminar da Fase 1 <\/span>\n\t\t\t\t\t<\/span>\n\t\t\t\t\t<\/a>\n\t\t\t\t\t\t\t\t<\/div>\n\t\t\t\t<div class=\"elementor-element elementor-element-1356028 elementor-button-info elementor-align-left elementor-widget elementor-widget-button\" data-id=\"1356028\" data-element_type=\"widget\" data-e-type=\"widget\" data-widget_type=\"button.default\">\n\t\t\t\t\t\t\t\t\t\t<a class=\"elementor-button elementor-button-link elementor-size-sm\" href=\"https:\/\/goias.gov.br\/inovacao\/wp-content\/uploads\/sites\/26\/2026\/03\/Edital-06-Resultado-Final-Inscricoes-Deferidas-e-Indeferidas-discentes-UEG-Australia.pdf\" target=\"_blank\">\n\t\t\t\t\t\t<span class=\"elementor-button-content-wrapper\">\n\t\t\t\t\t\t\t\t\t<span class=\"elementor-button-text\">Resultado das inscri\u00e7\u00f5es deferidas e indeferidas - Final - Etapa 1<\/span>\n\t\t\t\t\t<\/span>\n\t\t\t\t\t<\/a>\n\t\t\t\t\t\t\t\t<\/div>\n\t\t\t\t<div class=\"elementor-element elementor-element-f9d5cfa elementor-button-info elementor-align-left elementor-widget elementor-widget-button\" data-id=\"f9d5cfa\" data-element_type=\"widget\" data-e-type=\"widget\" data-settings=\"{&quot;_animation&quot;:&quot;none&quot;}\" data-widget_type=\"button.default\">\n\t\t\t\t\t\t\t\t\t\t<a class=\"elementor-button elementor-button-link elementor-size-sm\" href=\"https:\/\/goias.gov.br\/inovacao\/wp-content\/uploads\/sites\/26\/2026\/03\/Edital-06-Resultado-Preliminar-Desempenho-Academico-discentes-UEG-Australia-1.pdf\" target=\"_blank\">\n\t\t\t\t\t\t<span class=\"elementor-button-content-wrapper\">\n\t\t\t\t\t\t\t\t\t<span class=\"elementor-button-text\">Resultado de desempenho acad\u00eamico - Preliminar - Fase 2\u00a0<\/span>\n\t\t\t\t\t<\/span>\n\t\t\t\t\t<\/a>\n\t\t\t\t\t\t\t\t<\/div>\n\t\t\t\t<div class=\"elementor-element elementor-element-33441a9 elementor-button-info elementor-align-left elementor-widget elementor-widget-button\" data-id=\"33441a9\" data-element_type=\"widget\" data-e-type=\"widget\" data-widget_type=\"button.default\">\n\t\t\t\t\t\t\t\t\t\t<a class=\"elementor-button elementor-button-link elementor-size-sm\" href=\"https:\/\/goias.gov.br\/inovacao\/wp-content\/uploads\/sites\/26\/2026\/03\/Edital-06-Resultado-dos-julgamentos-dos-recursos-recebidos-Desempenho-Academico-FASE-2.pdf\" target=\"_blank\">\n\t\t\t\t\t\t<span class=\"elementor-button-content-wrapper\">\n\t\t\t\t\t\t\t\t\t<span class=\"elementor-button-text\">Resultado dos recursos contra o resultado preliminar da Fase 2<\/span>\n\t\t\t\t\t<\/span>\n\t\t\t\t\t<\/a>\n\t\t\t\t\t\t\t\t<\/div>\n\t\t\t\t<div class=\"elementor-element elementor-element-62bc756 elementor-button-info elementor-align-left elementor-widget elementor-widget-button\" data-id=\"62bc756\" data-element_type=\"widget\" data-e-type=\"widget\" data-widget_type=\"button.default\">\n\t\t\t\t\t\t\t\t\t\t<a class=\"elementor-button elementor-button-link elementor-size-sm\" href=\"https:\/\/goias.gov.br\/inovacao\/wp-content\/uploads\/sites\/26\/2026\/03\/Edital-06-Resultado-Final-Desempenho-Academico-discentes-UEG-Australia.pdf\" target=\"_blank\">\n\t\t\t\t\t\t<span class=\"elementor-button-content-wrapper\">\n\t\t\t\t\t\t\t\t\t<span class=\"elementor-button-text\">Resultado da avalia\u00e7\u00e3o de desempenho acad\u00eamico - Final - Fase 2<\/span>\n\t\t\t\t\t<\/span>\n\t\t\t\t\t<\/a>\n\t\t\t\t\t\t\t\t<\/div>\n\t\t\t\t<div class=\"elementor-element elementor-element-f2cbd3e elementor-button-info elementor-align-left elementor-widget elementor-widget-button\" data-id=\"f2cbd3e\" data-element_type=\"widget\" data-e-type=\"widget\" data-widget_type=\"button.default\">\n\t\t\t\t\t\t\t\t\t\t<a class=\"elementor-button elementor-button-link elementor-size-sm\" href=\"https:\/\/goias.gov.br\/inovacao\/wp-content\/uploads\/sites\/26\/2026\/03\/Edital-06-Etapa-3-Agenda-de-realizacao-das-entrevistas-discentes-UEG-Australia.pdf\" target=\"_blank\">\n\t\t\t\t\t\t<span class=\"elementor-button-content-wrapper\">\n\t\t\t\t\t\t\t\t\t<span class=\"elementor-button-text\">Agenda de realiza\u00e7\u00e3o das entrevistas - Fase 3<\/span>\n\t\t\t\t\t<\/span>\n\t\t\t\t\t<\/a>\n\t\t\t\t\t\t\t\t<\/div>\n\t\t\t\t<div class=\"elementor-element elementor-element-127e736 elementor-button-info elementor-align-left elementor-widget elementor-widget-button\" data-id=\"127e736\" data-element_type=\"widget\" data-e-type=\"widget\" data-widget_type=\"button.default\">\n\t\t\t\t\t\t\t\t\t\t<a class=\"elementor-button elementor-button-link elementor-size-sm\" href=\"https:\/\/goias.gov.br\/inovacao\/wp-content\/uploads\/sites\/26\/2026\/04\/Retificacao-02-Edital-06-Goias-pelo-Mundo-discentes-UEG.pdf\" target=\"_blank\">\n\t\t\t\t\t\t<span class=\"elementor-button-content-wrapper\">\n\t\t\t\t\t\t\t\t\t<span class=\"elementor-button-text\">Retifica\u00e7\u00e3o 02 ao edital 06\/2026 - Cronograma retificado<\/span>\n\t\t\t\t\t<\/span>\n\t\t\t\t\t<\/a>\n\t\t\t\t\t\t\t\t<\/div>\n\t\t\t\t<div class=\"elementor-element elementor-element-22ddf84 elementor-button-info elementor-align-left elementor-widget elementor-widget-button\" data-id=\"22ddf84\" data-element_type=\"widget\" data-e-type=\"widget\" data-widget_type=\"button.default\">\n\t\t\t\t\t\t\t\t\t\t<a class=\"elementor-button elementor-button-link elementor-size-sm\" href=\"https:\/\/goias.gov.br\/inovacao\/wp-content\/uploads\/sites\/26\/2026\/04\/Edital-06-Resultado-Preliminar-Entrevistas-discentes-UEG-Australia.pdf\" target=\"_blank\">\n\t\t\t\t\t\t<span class=\"elementor-button-content-wrapper\">\n\t\t\t\t\t\t\t\t\t<span class=\"elementor-button-text\">Resultado das entrevistas - Preliminar - Fase 3<\/span>\n\t\t\t\t\t<\/span>\n\t\t\t\t\t<\/a>\n\t\t\t\t\t\t\t\t<\/div>\n\t\t\t\t<div class=\"elementor-element elementor-element-11503e4 elementor-button-info elementor-align-left elementor-widget elementor-widget-button\" data-id=\"11503e4\" data-element_type=\"widget\" data-e-type=\"widget\" data-widget_type=\"button.default\">\n\t\t\t\t\t\t\t\t\t\t<a class=\"elementor-button elementor-button-link elementor-size-sm\" href=\"https:\/\/goias.gov.br\/inovacao\/wp-content\/uploads\/sites\/26\/2026\/04\/Edital-06-Resultado-dos-julgamentos-dos-recursos-recebidos-Entrevistas-FASE-3.pdf\" target=\"_blank\">\n\t\t\t\t\t\t<span class=\"elementor-button-content-wrapper\">\n\t\t\t\t\t\t\t\t\t<span class=\"elementor-button-text\">Resultado dos recursos contra o resultado preliminar da Fase 3<\/span>\n\t\t\t\t\t<\/span>\n\t\t\t\t\t<\/a>\n\t\t\t\t\t\t\t\t<\/div>\n\t\t\t\t<div class=\"elementor-element elementor-element-39fca82 elementor-button-info elementor-align-left elementor-widget elementor-widget-button\" data-id=\"39fca82\" data-element_type=\"widget\" data-e-type=\"widget\" data-widget_type=\"button.default\">\n\t\t\t\t\t\t\t\t\t\t<a class=\"elementor-button elementor-button-link elementor-size-sm\" href=\"https:\/\/goias.gov.br\/inovacao\/wp-content\/uploads\/sites\/26\/2026\/04\/Edital-06-Resultado-Final-Entrevistas-discentes-UEG-Australia.pdf\" target=\"_blank\">\n\t\t\t\t\t\t<span class=\"elementor-button-content-wrapper\">\n\t\t\t\t\t\t\t\t\t<span class=\"elementor-button-text\">Resultado das entrevistas - Final - Fase 3<\/span>\n\t\t\t\t\t<\/span>\n\t\t\t\t\t<\/a>\n\t\t\t\t\t\t\t\t<\/div>\n\t\t\t\t<div class=\"elementor-element elementor-element-c8a3451 elementor-button-info elementor-align-left elementor-widget elementor-widget-button\" data-id=\"c8a3451\" data-element_type=\"widget\" data-e-type=\"widget\" data-widget_type=\"button.default\">\n\t\t\t\t\t\t\t\t\t\t<a class=\"elementor-button elementor-button-link elementor-size-sm\" href=\"https:\/\/goias.gov.br\/inovacao\/wp-content\/uploads\/sites\/26\/2026\/04\/Edital-06-Resultado-preliminar-do-processo-seletivo-discentes-UEG-Australia.pdf\" target=\"_blank\">\n\t\t\t\t\t\t<span class=\"elementor-button-content-wrapper\">\n\t\t\t\t\t\t\t\t\t<span class=\"elementor-button-text\">Resultado Preliminar Final do processo seletivo<\/span>\n\t\t\t\t\t<\/span>\n\t\t\t\t\t<\/a>\n\t\t\t\t\t\t\t\t<\/div>\n\t\t\t\t<div class=\"elementor-element elementor-element-b4103aa elementor-button-info elementor-align-left elementor-widget elementor-widget-button\" data-id=\"b4103aa\" data-element_type=\"widget\" data-e-type=\"widget\" data-widget_type=\"button.default\">\n\t\t\t\t\t\t\t\t\t\t<a class=\"elementor-button elementor-button-link elementor-size-sm\" href=\"https:\/\/goias.gov.br\/inovacao\/wp-content\/uploads\/sites\/26\/2026\/04\/Retificacao-03-Edital-06-Goias-pelo-Mundo-discentes-UEG.pdf\" target=\"_blank\">\n\t\t\t\t\t\t<span class=\"elementor-button-content-wrapper\">\n\t\t\t\t\t\t\t\t\t<span class=\"elementor-button-text\">Retifica\u00e7\u00e3o n\u00ba 03 ao edital 06\/2026 - Cronograma retificado<\/span>\n\t\t\t\t\t<\/span>\n\t\t\t\t\t<\/a>\n\t\t\t\t\t\t\t\t<\/div>\n\t\t\t\t<div class=\"elementor-element elementor-element-f7cb3cd elementor-button-info elementor-align-left elementor-widget elementor-widget-button\" data-id=\"f7cb3cd\" data-element_type=\"widget\" data-e-type=\"widget\" data-widget_type=\"button.default\">\n\t\t\t\t\t\t\t\t\t\t<a class=\"elementor-button elementor-button-link elementor-size-sm\" href=\"https:\/\/goias.gov.br\/inovacao\/wp-content\/uploads\/sites\/26\/2026\/04\/Edital-06-Resultado-dos-julgamentos-dos-recursos-recebidos-Resultado-Preliminar-Final.pdf\" target=\"_blank\">\n\t\t\t\t\t\t<span class=\"elementor-button-content-wrapper\">\n\t\t\t\t\t\t\t\t\t<span class=\"elementor-button-text\">Resultado dos recursos interpostos contra resultado preliminar <\/span>\n\t\t\t\t\t<\/span>\n\t\t\t\t\t<\/a>\n\t\t\t\t\t\t\t\t<\/div>\n\t\t\t\t<div class=\"elementor-element elementor-element-e365c49 elementor-button-info elementor-align-left elementor-widget elementor-widget-button\" data-id=\"e365c49\" data-element_type=\"widget\" data-e-type=\"widget\" data-widget_type=\"button.default\">\n\t\t\t\t\t\t\t\t\t\t<a class=\"elementor-button elementor-button-link elementor-size-sm\" href=\"https:\/\/goias.gov.br\/inovacao\/wp-content\/uploads\/sites\/26\/2026\/04\/Edital-06-Resultado-definitivo-do-processo-seletivo-discentes-UEG-Australia.pdf\" target=\"_blank\">\n\t\t\t\t\t\t<span class=\"elementor-button-content-wrapper\">\n\t\t\t\t\t\t\t\t\t<span class=\"elementor-button-text\">Resultado final do processo seletivo - Edital 06\/2026<\/span>\n\t\t\t\t\t<\/span>\n\t\t\t\t\t<\/a>\n\t\t\t\t\t\t\t\t<\/div>\n\t\t\t\t<\/div>\n\t\t\t\t\t<\/div>\n\t\t\t\t<\/div>\n\t\t\t\t<\/div>\n\t\t<div id=\"e-n-tab-content-220843422\" role=\"tabpanel\" aria-labelledby=\"e-n-tab-title-220843422\" data-tab-index=\"2\" style=\"--n-tabs-title-order: 2;\" class=\" elementor-element elementor-element-f3c2e05 e-con-full e-flex e-con e-child\" data-id=\"f3c2e05\" data-element_type=\"container\" data-e-type=\"container\" data-settings=\"{&quot;background_background&quot;:&quot;slideshow&quot;,&quot;animation&quot;:&quot;none&quot;,&quot;background_slideshow_gallery&quot;:[],&quot;background_slideshow_loop&quot;:&quot;yes&quot;,&quot;background_slideshow_slide_duration&quot;:5000,&quot;background_slideshow_slide_transition&quot;:&quot;fade&quot;,&quot;background_slideshow_transition_duration&quot;:500}\">\n\t\t<div class=\"elementor-element elementor-element-0c13881 e-con-full e-flex e-con e-child\" data-id=\"0c13881\" data-element_type=\"container\" data-e-type=\"container\" data-settings=\"{&quot;background_background&quot;:&quot;classic&quot;}\">\n\t\t\t\t<div class=\"elementor-element elementor-element-23bd06e elementor-invisible elementor-widget elementor-widget-text-editor\" data-id=\"23bd06e\" data-element_type=\"widget\" data-e-type=\"widget\" data-settings=\"{&quot;_animation&quot;:&quot;fadeInLeft&quot;}\" data-widget_type=\"text-editor.default\">\n\t\t\t\t\t\t\t\t\t<p style=\"text-align: center;\"><b>Talentos goianos nas 100 melhores universidades do mundo, com apoio para acesso, perman\u00eancia e alto desempenho acad\u00eamico<\/b><\/p>\t\t\t\t\t\t\t\t<\/div>\n\t\t\t\t<\/div>\n\t\t<div class=\"elementor-element elementor-element-49d45da e-con-full e-flex e-con e-child\" data-id=\"49d45da\" data-element_type=\"container\" data-e-type=\"container\">\n\t\t<div class=\"elementor-element elementor-element-4a5c108 e-grid e-con-full e-con e-child\" data-id=\"4a5c108\" data-element_type=\"container\" data-e-type=\"container\">\n\t\t\t\t<div class=\"elementor-element elementor-element-61ee091 elementor-widget elementor-widget-text-editor\" data-id=\"61ee091\" data-element_type=\"widget\" data-e-type=\"widget\" data-widget_type=\"text-editor.default\">\n\t\t\t\t\t\t\t\t\t<p><span style=\"color: #000000;\"><strong>Goi\u00e1s pelo Mundo Mestrado Internacional<\/strong>, programa que vai conceder\u00a0<strong>bolsas integrais<\/strong>\u00a0para forma\u00e7\u00e3o em cursos de\u00a0<strong>mestrado no exterior, \u00e9 uma iniciativa da Secti e da Fapeg em parceria com o Instituto Trajet\u00f3rias<\/strong>. A iniciativa integra a pol\u00edtica de internacionaliza\u00e7\u00e3o do ensino superior e de fortalecimento da pesquisa aplicada em \u00e1reas estrat\u00e9gicas para o desenvolvimento do Estado.\u00a0<\/span><\/p><p><span style=\"color: #000000;\">O programa prev\u00ea a concess\u00e3o de <strong>cinco\u00a0bolsas<\/strong>\u00a0para\u00a0<strong>candidatos aprovados em institui\u00e7\u00f5es estrangeiras de reconhecida excel\u00eancia acad\u00eamica.<\/strong><\/span><\/p><p><span style=\"color: #000000;\"><strong>Objetivos:<\/strong><\/span><\/p><ul><li><span style=\"color: #000000;\">Ampliar o acesso de goianos ao mestrado no exterior;<\/span><\/li><li><span style=\"color: #000000;\">Formar profissionais qualificados em \u00e1reas estrat\u00e9gicas para Goi\u00e1s;<\/span><\/li><li><span style=\"color: #000000;\">Fortalecer pesquisa, inova\u00e7\u00e3o e coopera\u00e7\u00e3o internacional;<\/span><\/li><li><span style=\"color: #000000;\">Apoiar a sele\u00e7\u00e3o e envio de estudantes a institui\u00e7\u00f5es de excel\u00eancia;<\/span><\/li><li><span style=\"color: #000000;\">Garantir a reintegra\u00e7\u00e3o dos egressos com impacto no desenvolvimento do estado.<\/span><\/li><\/ul><p><strong><span style=\"color: #000000;\">Crit\u00e9rios de Sele\u00e7\u00e3o:<\/span><\/strong><\/p><p><span style=\"color: #000000;\">Institui\u00e7\u00f5es eleg\u00edveis<\/span><\/p><ul><li><span style=\"color: #000000;\">Universidades classificadas entre as 100 melhores do World University Ranking 2026, da Times Higher Education (conforme edital).<\/span><\/li><\/ul>\t\t\t\t\t\t\t\t<\/div>\n\t\t\t\t<div class=\"elementor-element elementor-element-f9ec05b elementor-widget elementor-widget-text-editor\" data-id=\"f9ec05b\" data-element_type=\"widget\" data-e-type=\"widget\" data-widget_type=\"text-editor.default\">\n\t\t\t\t\t\t\t\t\t<p><strong><span style=\"color: #000000;\">\u00c1reas estrat\u00e9gicas<\/span><\/strong><\/p><p><span style=\"color: #000000;\">a) STEM (Ci\u00eancia, Tecnologia, Engenharias e Matem\u00e1tica);<\/span><\/p><p><span style=\"color: #000000;\"> b) Tecnologias da Informa\u00e7\u00e3o e Comunica\u00e7\u00e3o (TIC) e Intelig\u00eancia Artificial;<\/span><\/p><p><span style=\"color: #000000;\"> c) Ci\u00eancias Agr\u00e1rias, Agroneg\u00f3cio e Alimentos;<\/span><\/p><p><span style=\"color: #000000;\"> d) Minera\u00e7\u00e3o;<\/span><\/p><p><span style=\"color: #000000;\">e) Gest\u00e3o P\u00fablica e Pol\u00edticas p\u00fablicas;<\/span><\/p><p><span style=\"color: #000000;\"> f) Educa\u00e7\u00e3o;<\/span><\/p><p><span style=\"color: #000000;\"> g) Sa\u00fade;<\/span><\/p><p><span style=\"color: #000000;\"> h) Mudan\u00e7as Clim\u00e1ticas e Transi\u00e7\u00e3o Energ\u00e9tica;<\/span><\/p><p><strong><span style=\"color: #000000;\">Requisitos do candidato<\/span><\/strong><\/p><ul style=\"list-style-type: disc;\"><li><span style=\"color: #000000;\">Possuir v\u00ednculo direto com o Estado de Goi\u00e1s, comprovado por meio da apresenta\u00e7\u00e3o de comprovante de gradua\u00e7\u00e3o conclu\u00edda em institui\u00e7\u00e3o de ensino superior, p\u00fablica ou comunit\u00e1ria ou particular, com sede em Goi\u00e1s, OU comprovante de vincula\u00e7\u00e3o trabalhista, por no m\u00ednimo 2 (dois) anos, com institui\u00e7\u00e3o, p\u00fablica ou privada, com sede em Goi\u00e1s;<\/span><\/li><li><span style=\"color: #000000;\">Ter iniciado o processo de candidatura (\u201capplication\u201d) ou obtido carta de aceite\/admiss\u00e3o em programas de mestrado em universidades internacionais;<\/span><\/li><li><span style=\"color: #000000;\">N\u00e3o possuir t\u00edtulo de mestre por qualquer institui\u00e7\u00e3o de ensino superior nacional ou estrangeira;<\/span><\/li><li><span style=\"color: #000000;\">Residir no Estado de Goi\u00e1s;<\/span><\/li><li><span style=\"color: #000000;\">Anuir com os crit\u00e9rios de retribui\u00e7\u00e3o<\/span><\/li><\/ul>\t\t\t\t\t\t\t\t<\/div>\n\t\t\t\t<\/div>\n\t\t\t\t<\/div>\n\t\t<div class=\"elementor-element elementor-element-416533f e-con-full e-flex e-con e-child\" data-id=\"416533f\" data-element_type=\"container\" data-e-type=\"container\" data-settings=\"{&quot;background_background&quot;:&quot;classic&quot;}\">\n\t\t\t\t<div class=\"elementor-element elementor-element-d3ef900 elementor-invisible elementor-widget elementor-widget-heading\" data-id=\"d3ef900\" data-element_type=\"widget\" data-e-type=\"widget\" data-settings=\"{&quot;_animation&quot;:&quot;fadeInLeft&quot;}\" data-widget_type=\"heading.default\">\n\t\t\t\t\t<h2 class=\"elementor-heading-title elementor-size-default\">EDITAIS - INSCRI\u00c7\u00d5ES ABERTAS <\/h2>\t\t\t\t<\/div>\n\t\t\t\t<\/div>\n\t\t<div class=\"elementor-element elementor-element-1ac3bef e-con-full e-flex e-con e-child\" data-id=\"1ac3bef\" data-element_type=\"container\" data-e-type=\"container\">\n\t\t<div class=\"elementor-element elementor-element-6facdad e-con-full e-flex e-con e-child\" data-id=\"6facdad\" data-element_type=\"container\" data-e-type=\"container\" data-settings=\"{&quot;background_background&quot;:&quot;classic&quot;}\">\n\t\t\t\t<div class=\"elementor-element elementor-element-9268198 elementor-widget__width-initial elementor-widget elementor-widget-text-editor\" data-id=\"9268198\" data-element_type=\"widget\" data-e-type=\"widget\" data-widget_type=\"text-editor.default\">\n\t\t\t\t\t\t\t\t\t<h4><strong><span style=\"color: #000000;\">PROGRAMA GOI\u00c1S PELO MUNDO<\/span><\/strong><\/h4><h4><strong><span style=\"color: #000000;\"> MESTRADO INTERNACIONAL<\/span><\/strong><\/h4><h4><span style=\"color: #000000;\">CHAMADA P\u00daBLICA SECTI\/FAPEG N\u00ba 05\/2026<\/span><\/h4><p><strong><span style=\"color: #000000;\">Cronograma<\/span><\/strong><\/p><div><p><span style=\"color: #000000;\"><b>Inscri\u00e7\u00f5es: <\/b>de 07\/04 a 08\/05\/2026<\/span><\/p><\/div><div><strong><span style=\"color: #000000;\">Enquadramento: <\/span><\/strong><span style=\"color: #000000;\">de 11 a 13\/05\/2026<\/span><\/div><div>\u00a0<\/div><div><strong><span style=\"color: #000000;\">Interposi\u00e7\u00e3o de recurso administrativo: <\/span><\/strong><span style=\"color: #000000;\">At\u00e9 05 (cinco) dias \u00fateis ap\u00f3s a publica\u00e7\u00e3o do resultado preliminar do enquadramento<\/span><\/div><div>\u00a0<\/div><div><strong><span style=\"color: #000000;\">Resultado do enquadramento: <\/span><\/strong><span style=\"color: #000000;\">21\/05\/2026<\/span><\/div><div>\u00a0<\/div><div><strong><span style=\"color: #000000;\">Avalia\u00e7\u00e3o das candidaturas pelo Comit\u00ea de Avalia\u00e7\u00e3o: <\/span><\/strong><span style=\"color: #000000;\">d<\/span><span style=\"color: #000000;\">e 22 a 29\/05\/2026<\/span><\/div><div>\u00a0<\/div><div><strong><span style=\"color: #000000;\">Resultado preliminar das candidaturas aprovadas: <\/span><\/strong><span style=\"color: #000000;\">a<\/span><span style=\"color: #000000;\">t\u00e9 03\/06\/2026<\/span><\/div><div>\u00a0<\/div><div><strong><span style=\"color: #000000;\">Interposi\u00e7\u00e3o de recurso administrativo contra o resultado preliminar: <\/span><\/strong><span style=\"color: #000000;\">a<\/span><span style=\"color: #000000;\">t\u00e9 5 (cinco) dias \u00fateis ap\u00f3s a divulga\u00e7\u00e3o do resultado preliminar*<\/span><\/div><div>\u00a0<\/div><div><strong><span style=\"color: #000000;\">Avalia\u00e7\u00e3o de recurso administrativo: <\/span><\/strong><span style=\"color: #000000;\">p<\/span><span style=\"color: #000000;\">razo de 02 (dois) dias \u00fateis<\/span><\/div><div>\u00a0<\/div><div><strong><span style=\"color: #000000;\">Resultado das candidaturas aprovadas: <\/span><\/strong><span style=\"color: #000000;\">a partir de 17\/06\/2026<\/span><\/div><div>\u00a0<\/div><div><strong><span style=\"color: #000000;\">Assinatura do Termo de Outorga: <\/span><\/strong><span style=\"color: #000000;\">a<\/span><span style=\"color: #000000;\">t\u00e9 30 dias \u00fateis ap\u00f3s divulga\u00e7\u00e3o do resultado\u00a0<\/span><\/div><div>\u00a0<\/div><div><strong><span style=\"color: #000000;\">In\u00edcio da implementa\u00e7\u00e3o das bolsas: <\/span><\/strong><span style=\"color: #000000;\">a<\/span><span style=\"color: #000000;\">\u00a0partir de agosto de 2026<\/span><\/div><div>\u00a0<\/div><div><p><span style=\"color: #000000;\">(*) Todos os prazos vencem \u00e0s 23h59min. A FAPEG, a SECTI e o Instituto Trajet\u00f3rias fornecer\u00e3o suporte e informa\u00e7\u00f5es aos candidatos at\u00e9 \u00e0s 17h. Ser\u00e1 considerado o hor\u00e1rio oficial de Bras\u00edlia\/DF.<\/span><\/p><\/div>\t\t\t\t\t\t\t\t<\/div>\n\t\t<div class=\"elementor-element elementor-element-c6f8614 e-con-full e-flex e-con e-child\" data-id=\"c6f8614\" data-element_type=\"container\" data-e-type=\"container\">\n\t\t\t\t<div class=\"elementor-element elementor-element-c172192 elementor-button-info elementor-align-left elementor-widget elementor-widget-button\" data-id=\"c172192\" data-element_type=\"widget\" data-e-type=\"widget\" data-settings=\"{&quot;_animation&quot;:&quot;none&quot;}\" data-widget_type=\"button.default\">\n\t\t\t\t\t\t\t\t\t\t<a class=\"elementor-button elementor-button-link elementor-size-sm\" href=\"https:\/\/goias.gov.br\/inovacao\/wp-content\/uploads\/sites\/26\/2026\/04\/CHAMADA_PUBLICA_SECTI_FAPEG___Mestrado_Internacional_publicacao__2___1_.pdf\" target=\"_blank\">\n\t\t\t\t\t\t<span class=\"elementor-button-content-wrapper\">\n\t\t\t\t\t\t\t\t\t<span class=\"elementor-button-text\">Chamamento P\u00fablico\/Edital<\/span>\n\t\t\t\t\t<\/span>\n\t\t\t\t\t<\/a>\n\t\t\t\t\t\t\t\t<\/div>\n\t\t\t\t<\/div>\n\t\t\t\t<\/div>\n\t\t\t\t<\/div>\n\t\t\t\t<\/div>\n\t\t<div id=\"e-n-tab-content-220843423\" role=\"tabpanel\" aria-labelledby=\"e-n-tab-title-220843423\" data-tab-index=\"3\" style=\"--n-tabs-title-order: 3;\" class=\" elementor-element elementor-element-af37954 e-con-full e-flex e-con e-child\" data-id=\"af37954\" data-element_type=\"container\" data-e-type=\"container\" data-settings=\"{&quot;background_background&quot;:&quot;classic&quot;}\">\n\t\t<div class=\"elementor-element elementor-element-11064a1 e-flex e-con-boxed e-con e-child\" data-id=\"11064a1\" data-element_type=\"container\" data-e-type=\"container\" data-settings=\"{&quot;background_background&quot;:&quot;classic&quot;}\">\n\t\t\t\t\t<div class=\"e-con-inner\">\n\t\t\t\t<div class=\"elementor-element elementor-element-2316613 elementor-widget__width-initial elementor-invisible elementor-widget elementor-widget-text-editor\" data-id=\"2316613\" data-element_type=\"widget\" data-e-type=\"widget\" data-settings=\"{&quot;_animation&quot;:&quot;fadeInLeft&quot;}\" data-widget_type=\"text-editor.default\">\n\t\t\t\t\t\t\t\t\t<p style=\"text-align: center;\"><strong>Fortalecimento da produ\u00e7\u00e3o cient\u00edfica por meio de miss\u00f5es internacionais e est\u00e1gios de pesquisa<\/strong><\/p>\t\t\t\t\t\t\t\t<\/div>\n\t\t\t\t\t<\/div>\n\t\t\t\t<\/div>\n\t\t<div class=\"elementor-element elementor-element-ab54e48 e-grid e-con-full e-con e-child\" data-id=\"ab54e48\" data-element_type=\"container\" data-e-type=\"container\">\n\t\t\t\t<div class=\"elementor-element elementor-element-e53e97d elementor-widget elementor-widget-text-editor\" data-id=\"e53e97d\" data-element_type=\"widget\" data-e-type=\"widget\" data-widget_type=\"text-editor.default\">\n\t\t\t\t\t\t\t\t\t<p><span style=\"color: #000000;\">Para impulsionar a produ\u00e7\u00e3o cient\u00edfica brasileira, o Goi\u00e1s pelo Mundo tamb\u00e9m contempla o <strong>financiamento de pesquisadores p\u00f3s-graduandos e doutores para miss\u00f5es de pesquisa no exterior.<\/strong><\/span><\/p>\t\t\t\t\t\t\t\t<\/div>\n\t\t\t\t<\/div>\n\t\t<div class=\"elementor-element elementor-element-6bcd790 e-con-full e-flex e-con e-child\" data-id=\"6bcd790\" data-element_type=\"container\" data-e-type=\"container\" data-settings=\"{&quot;background_background&quot;:&quot;classic&quot;}\">\n\t\t\t\t<div class=\"elementor-element elementor-element-902f18c elementor-invisible elementor-widget elementor-widget-heading\" data-id=\"902f18c\" data-element_type=\"widget\" data-e-type=\"widget\" data-settings=\"{&quot;_animation&quot;:&quot;fadeInLeft&quot;}\" data-widget_type=\"heading.default\">\n\t\t\t\t\t<h2 class=\"elementor-heading-title elementor-size-default\">EDITAIS - INSCRI\u00c7\u00d5ES ABERTAS<\/h2>\t\t\t\t<\/div>\n\t\t\t\t<\/div>\n\t\t\t\t<\/div>\n\t\t<div id=\"e-n-tab-content-220843424\" role=\"tabpanel\" aria-labelledby=\"e-n-tab-title-220843424\" data-tab-index=\"4\" style=\"--n-tabs-title-order: 4;\" class=\" elementor-element elementor-element-58fb0ec e-flex e-con-boxed e-con e-child\" data-id=\"58fb0ec\" data-element_type=\"container\" data-e-type=\"container\">\n\t\t\t\t\t<div class=\"e-con-inner\">\n\t\t<div class=\"elementor-element elementor-element-b0a69c5 e-con-full e-flex e-con e-child\" data-id=\"b0a69c5\" data-element_type=\"container\" data-e-type=\"container\">\n\t\t\t\t<div class=\"elementor-element elementor-element-b5dc45e elementor-invisible elementor-widget elementor-widget-text-editor\" data-id=\"b5dc45e\" data-element_type=\"widget\" data-e-type=\"widget\" data-settings=\"{&quot;_animation&quot;:&quot;fadeInLeft&quot;}\" data-widget_type=\"text-editor.default\">\n\t\t\t\t\t\t\t\t\t<p style=\"text-align: center;\"><strong><span style=\"color: #000000;\">Projetando talentos goianos para o cen\u00e1rio internacional, fortalecendo a atua\u00e7\u00e3o da Escola do Futuro de Goi\u00e1s em Artes Basileu Fran\u00e7a,\u00a0 e da Orquestra Sinf\u00f4nica Jovem de Goi\u00e1s em competi\u00e7\u00f5es, festivais e turn\u00eas no exterior.<\/span><\/strong><\/p>\t\t\t\t\t\t\t\t<\/div>\n\t\t\t\t<\/div>\n\t\t\t\t\t<\/div>\n\t\t\t\t<\/div>\n\t\t\t\t\t<\/div>\n\t\t<\/div>\n\t\t\t\t\t\t<\/div>\n\t\t<div class=\"elementor-element elementor-element-15322cf e-con-full e-flex e-con e-child\" data-id=\"15322cf\" data-element_type=\"container\" data-e-type=\"container\">\n\t\t<div class=\"elementor-element elementor-element-d9131f6 e-con-full e-flex e-con e-child\" data-id=\"d9131f6\" data-element_type=\"container\" data-e-type=\"container\" data-settings=\"{&quot;background_background&quot;:&quot;classic&quot;}\">\n\t\t\t\t<div class=\"elementor-element elementor-element-3d26e11 elementor-widget__width-initial elementor-widget elementor-widget-text-editor\" data-id=\"3d26e11\" data-element_type=\"widget\" data-e-type=\"widget\" data-widget_type=\"text-editor.default\">\n\t\t\t\t\t\t\t\t\t<h4><strong><span style=\"color: #000000;\">PROGRAMA DE MOBILIDADE INTERNACIONAL PARTICIPA\u00c7\u00c3O EM EVENTOS NO EXTERIOR (2026-2017)<\/span><\/strong><\/h4><h4><span style=\"color: #000000;\">CHAMADA P\u00daBLICA SECTI\/FAPEG N\u00ba 08\/2026<\/span><\/h4><p><strong><span style=\"color: #000000;\">Cronograma<\/span><\/strong><\/p><p><strong><span style=\"color: #000000;\">1\u00ba CICLO: EVENTOS DE AGOSTO DE 2026 A FEVEREIRO DE 2027<\/span><\/strong><\/p><div><p><span style=\"color: #000000;\"><b>Inscri\u00e7\u00f5es: <\/b>de 29\/04 a 29\/05\/2026<\/span><\/p><\/div><div><strong><span style=\"color: #000000;\">Resultado preliminar (Fase I): <\/span><\/strong><span style=\"color: #000000;\">02\/06\/2026<\/span><\/div><div>\u00a0<\/div><div><strong><span style=\"color: #000000;\">Recursos contra o enquadramento: <\/span><\/strong><span style=\"color: #000000;\">At\u00e9 05 (cinco) dias corridos da publica\u00e7\u00e3o do resultado preliminar<\/span><\/div><div>\u00a0<\/div><div><strong><span style=\"color: #000000;\">Resultado do enquadramento: <\/span><\/strong><span style=\"color: #000000;\">21\/05\/2026<\/span><\/div><div>\u00a0<\/div><div><strong><span style=\"color: #000000;\">Resultado final (Fase I): <\/span><\/strong><span style=\"color: #000000;\">08\/06\/2026<\/span><\/div><div>\u00a0<\/div><div><strong><span style=\"color: #000000;\">Resultado preliminar da an\u00e1lise de m\u00e9rito (Etapa II): <\/span><\/strong><span style=\"color: #000000;\">09\/06\/2026<\/span><\/div><div>\u00a0<\/div><div><strong><span style=\"color: #000000;\">Recursos contra a an\u00e1lise de m\u00e9rito: <\/span><\/strong><span style=\"color: #000000;\">a<\/span><span style=\"color: #000000;\">t\u00e9 5 (cinco) dias corridos ap\u00f3s a divulga\u00e7\u00e3o do resultado preliminar*<\/span><\/div><div>\u00a0<\/div><div><strong><span style=\"color: #000000;\">Recurso final da an\u00e1lise de m\u00e9rito (Etapa II): <\/span><\/strong><span style=\"color: #000000;\">15\/06\/2026<\/span><\/div><div><strong><span style=\"color: #000000;\"><br \/>2\u00ba CICLO: EVENTOS DE MAR\u00c7O DE 2027 A JULHO DE 2027<\/span><\/strong><\/div><div><p><strong><span style=\"color: #000000;\">Per\u00edodo de inscri\u00e7\u00e3o: <\/span><\/strong><span style=\"color: #000000;\">01\/09\/2026 a 30\/09\/2026<\/span><\/p><\/div><div><strong><span style=\"color: #000000;\">Resultado preliminar (Etapa I): <\/span><\/strong><span style=\"color: #000000;\">06\/10\/2026<\/span><span style=\"color: #000000;\">\u00a0<\/span><\/div><div><p><strong><span style=\"color: #000000;\">Recursos contra o enquadramento: <\/span><\/strong><span style=\"color: #000000;\">at\u00e9 5 (cinco) dias corridos da publica\u00e7\u00e3o do resultado preliminar<\/span><\/p><p><strong><span style=\"color: #000000;\">Resultado final do enquadramento (Etapa I):<\/span><\/strong> <span style=\"color: #000000;\">13\/10\/2026<br \/><br \/>Resultado preliminar da an\u00e1lise de m\u00e9rito (Etapa II): 20\/10\/2026<br \/><br \/>Recursos contra a an\u00e1lise de m\u00e9rito: at\u00e9 5 (cinco) dias corridos da publica\u00e7\u00e3o da an\u00e1lise de m\u00e9ritos<br \/><br \/>Resultado final da an\u00e1lise de m\u00e9rito (Etapa II): (29\/10\/2026)<br \/><br \/>(*) Todos os prazos vencem \u00e0s 23h59min. A FAPEG, a SECTI e o Instituto Trajet\u00f3rias fornecer\u00e3o suporte e informa\u00e7\u00f5es aos candidatos at\u00e9 \u00e0s 17h. Ser\u00e1 considerado o hor\u00e1rio oficial de Bras\u00edlia\/DF.<\/span><\/p><\/div>\t\t\t\t\t\t\t\t<\/div>\n\t\t<div class=\"elementor-element elementor-element-c021843 e-con-full e-flex e-con e-child\" data-id=\"c021843\" data-element_type=\"container\" data-e-type=\"container\">\n\t\t\t\t<div class=\"elementor-element elementor-element-5107835 elementor-button-info elementor-align-left elementor-widget elementor-widget-button\" data-id=\"5107835\" data-element_type=\"widget\" data-e-type=\"widget\" data-settings=\"{&quot;_animation&quot;:&quot;none&quot;}\" data-widget_type=\"button.default\">\n\t\t\t\t\t\t\t\t\t\t<a class=\"elementor-button elementor-button-link elementor-size-sm\" href=\"https:\/\/goias.gov.br\/inovacao\/wp-content\/uploads\/sites\/26\/2026\/04\/Chamada-Publica-FAPEG-no-08.2026-\u2014-Programa-de-Mobilidade-Internacional-Participacao-em-Eventos-no-Exterior-2026\u20132027.pdf\" target=\"_blank\">\n\t\t\t\t\t\t<span class=\"elementor-button-content-wrapper\">\n\t\t\t\t\t\t\t\t\t<span class=\"elementor-button-text\">Chamamento P\u00fablico\/Edital<\/span>\n\t\t\t\t\t<\/span>\n\t\t\t\t\t<\/a>\n\t\t\t\t\t\t\t\t<\/div>\n\t\t\t\t<\/div>\n\t\t\t\t<\/div>\n\t\t\t\t<\/div>\n\t\t\t\t<\/div>\n\t\t<div class=\"elementor-element elementor-element-5f43e55 e-flex e-con-boxed e-con e-parent\" data-id=\"5f43e55\" data-element_type=\"container\" data-e-type=\"container\">\n\t\t\t\t\t<div class=\"e-con-inner\">\n\t\t\t\t\t<\/div>\n\t\t\t\t<\/div>\n\t\t\t\t<\/div>\n\t\t","protected":false},"excerpt":{"rendered":"<p>O Programa Goi\u00e1s pelo Mundo, lan\u00e7ado pelo Governo de Goi\u00e1s no final de 2025, ir\u00e1 contemplar, nos pr\u00f3ximos cinco anos, estudantes, professores, pesquisadores com interc\u00e2mbios internacionais, bolsas de mestrado em universidades de excel\u00eancia e apoio \u00e0 participa\u00e7\u00e3o em miss\u00f5es de pesquisa e eventos no exterior.\u00a0A iniciativa \u00e9 coordenada pela Secretaria de Ci\u00eancia, Tecnologia e Inova\u00e7\u00e3o [&hellip;]<\/p>\n","protected":false},"author":331,"featured_media":0,"parent":0,"menu_order":0,"comment_status":"closed","ping_status":"closed","template":"","meta":{"footnotes":""},"class_list":["post-105331","page","type-page","status-publish","hentry"],"rttpg_featured_image_url":null,"rttpg_author":{"display_name":"divinarosa","author_link":"https:\/\/goias.gov.br\/inovacao\/author\/divinarosa\/"},"rttpg_comment":0,"rttpg_category":null,"rttpg_excerpt":"O Programa Goi\u00e1s pelo Mundo, lan\u00e7ado pelo Governo de Goi\u00e1s no final de 2025, ir\u00e1 contemplar, nos pr\u00f3ximos cinco anos, estudantes, professores, pesquisadores com interc\u00e2mbios internacionais, bolsas de mestrado em universidades de excel\u00eancia e apoio \u00e0 participa\u00e7\u00e3o em miss\u00f5es de pesquisa e eventos no exterior.\u00a0A iniciativa \u00e9 coordenada pela Secretaria de Ci\u00eancia, Tecnologia e Inova\u00e7\u00e3o&hellip;","_links":{"self":[{"href":"https:\/\/goias.gov.br\/inovacao\/wp-json\/wp\/v2\/pages\/105331","targetHints":{"allow":["GET"]}}],"collection":[{"href":"https:\/\/goias.gov.br\/inovacao\/wp-json\/wp\/v2\/pages"}],"about":[{"href":"https:\/\/goias.gov.br\/inovacao\/wp-json\/wp\/v2\/types\/page"}],"author":[{"embeddable":true,"href":"https:\/\/goias.gov.br\/inovacao\/wp-json\/wp\/v2\/users\/331"}],"replies":[{"embeddable":true,"href":"https:\/\/goias.gov.br\/inovacao\/wp-json\/wp\/v2\/comments?post=105331"}],"version-history":[{"count":2,"href":"https:\/\/goias.gov.br\/inovacao\/wp-json\/wp\/v2\/pages\/105331\/revisions"}],"predecessor-version":[{"id":122049,"href":"https:\/\/goias.gov.br\/inovacao\/wp-json\/wp\/v2\/pages\/105331\/revisions\/122049"}],"wp:attachment":[{"href":"https:\/\/goias.gov.br\/inovacao\/wp-json\/wp\/v2\/media?parent=105331"}],"curies":[{"name":"wp","href":"https:\/\/api.w.org\/{rel}","templated":true}]}}