{"id":204626,"date":"2026-08-17T10:46:21","date_gmt":"2026-08-17T13:46:21","guid":{"rendered":"https:\/\/goias.gov.br\/escoladesaude\/?page_id=204626"},"modified":"2026-08-17T10:56:38","modified_gmt":"2026-08-17T13:56:38","slug":"saude-organizacional-e-futuro-ted-talk-e-podcast","status":"publish","type":"page","link":"https:\/\/goias.gov.br\/escoladesaude\/saude-organizacional-e-futuro-ted-talk-e-podcast\/","title":{"rendered":"Sa\u00fade Organizacional e Futuro &#8211; Ted Talk e Podcast"},"content":{"rendered":"\t\t<div data-elementor-type=\"wp-page\" data-elementor-id=\"204626\" class=\"elementor elementor-204626\">\n\t\t\t\t<div class=\"elementor-element elementor-element-1eddbebd e-con e-atomic-element e-flexbox-base e-1eddbebd-126e030 \" data-id=\"1eddbebd\" data-element_type=\"e-flexbox\" data-e-type=\"e-flexbox\" data-interaction-id=\"1eddbebd\">\n    <div class=\"elementor-element elementor-element-11edf5f1 e-con e-atomic-element e-flexbox-base e-11edf5f1-a3bdd64 \" data-id=\"11edf5f1\" data-element_type=\"e-flexbox\" data-e-type=\"e-flexbox\" data-interaction-id=\"11edf5f1\">\n    \t\t\t<img fetchpriority=\"high\" decoding=\"async\" class=\"e-image-base e-af2a59d-e20cfdd\" data-interaction-id=\"af2a59d\" id=\"204628\" src=\"https:\/\/goias.gov.br\/escoladesaude\/wp-content\/uploads\/sites\/59\/2026\/08\/unnamed-64-300x203.png\" width=\"300\" height=\"203\" srcset=\"https:\/\/goias.gov.br\/escoladesaude\/wp-content\/uploads\/sites\/59\/2026\/08\/unnamed-64-300x203.png 300w, https:\/\/goias.gov.br\/escoladesaude\/wp-content\/uploads\/sites\/59\/2026\/08\/unnamed-64-768x519.png 768w, https:\/\/goias.gov.br\/escoladesaude\/wp-content\/uploads\/sites\/59\/2026\/08\/unnamed-64.png 780w\" alt=\"\"\/>\t\t\n<\/div>\n<div class=\"elementor-element elementor-element-3c372b32 e-con e-atomic-element e-flexbox-base e-3c372b32-635eb04 \" data-id=\"3c372b32\" data-element_type=\"e-flexbox\" data-e-type=\"e-flexbox\" data-interaction-id=\"3c372b32\">\n    \t\t\t<img decoding=\"async\" class=\"e-image-base e-7062edeb-0a815cf\" data-interaction-id=\"7062edeb\" id=\"204629\" src=\"https:\/\/goias.gov.br\/escoladesaude\/wp-content\/uploads\/sites\/59\/2026\/08\/unnamed-65-300x156.png\" width=\"300\" height=\"156\" srcset=\"https:\/\/goias.gov.br\/escoladesaude\/wp-content\/uploads\/sites\/59\/2026\/08\/unnamed-65-300x156.png 300w, https:\/\/goias.gov.br\/escoladesaude\/wp-content\/uploads\/sites\/59\/2026\/08\/unnamed-65-1024x534.png 1024w, https:\/\/goias.gov.br\/escoladesaude\/wp-content\/uploads\/sites\/59\/2026\/08\/unnamed-65-768x400.png 768w, https:\/\/goias.gov.br\/escoladesaude\/wp-content\/uploads\/sites\/59\/2026\/08\/unnamed-65.png 1034w\" alt=\"\"\/>\t\t\n<\/div>\n\n<\/div>\n<div class=\"elementor-element elementor-element-21ca8d83 e-con e-atomic-element e-flexbox-base e-21ca8d83-6b2a92e \" data-id=\"21ca8d83\" data-element_type=\"e-flexbox\" data-e-type=\"e-flexbox\" data-interaction-id=\"21ca8d83\">\n    <div class=\"elementor-element elementor-element-5b9bf667 e-con e-atomic-element e-flexbox-base e-5b9bf667-17e62c1 \" data-id=\"5b9bf667\" data-element_type=\"e-flexbox\" data-e-type=\"e-flexbox\" data-interaction-id=\"5b9bf667\">\n    \t\t<div class=\"elementor-element elementor-element-3a877d7 elementor-widget__width-initial elementor-widget elementor-widget-text-editor\" data-id=\"3a877d7\" data-element_type=\"widget\" data-e-type=\"widget\" data-widget_type=\"text-editor.default\">\n\t\t\t\t\t\t\t\t\t<div class=\"oKdM2c ZZyype Kzv0Me\"><div id=\"h.154a9d5cfd5cf880_259\" class=\"hJDwNd-AhqUyc-Clt0zb Ft7HRd-AhqUyc-Clt0zb jXK9ad D2fZ2 zu5uec OjCsFc dmUFtb\"><div class=\"jXK9ad-SmKAyb\"><div class=\"tyJCtd mGzaTb Depvyb baZpAe\"><div class=\"CjVfdc\" style=\"text-align: justify;\"><div class=\"oKdM2c ZZyype Kzv0Me\"><div id=\"h.59a13bd48295c7d_12\" class=\"hJDwNd-AhqUyc-Clt0zb Ft7HRd-AhqUyc-Clt0zb jXK9ad D2fZ2 zu5uec OjCsFc dmUFtb\"><div class=\"jXK9ad-SmKAyb\"><div class=\"tyJCtd mGzaTb Depvyb baZpAe\"><div class=\"CjVfdc\"><div class=\"oKdM2c ZZyype Kzv0Me\"><div id=\"h.5a7102d3dda793b4_164\" class=\"hJDwNd-AhqUyc-Clt0zb Ft7HRd-AhqUyc-Clt0zb jXK9ad D2fZ2 zu5uec OjCsFc dmUFtb\"><div class=\"jXK9ad-SmKAyb\"><div class=\"tyJCtd mGzaTb Depvyb baZpAe\"><div class=\"CjVfdc\"><strong><span class=\"jgG6ef C9DxTc \" style=\"color: #000000;\">Antes que voc\u00ea adoe\u00e7a, EPIs da Sa\u00fade Mental | Izabella Camargo | TEDxSaoPaulo<\/span><\/strong><\/div><\/div><\/div><\/div><\/div><div class=\"oKdM2c ZZyype\"><div id=\"h.5a7102d3dda793b4_166\" class=\"hJDwNd-AhqUyc-Clt0zb Ft7HRd-AhqUyc-Clt0zb jXK9ad D2fZ2 zu5uec wHaque g5GTcb\"><div class=\"jXK9ad-SmKAyb\"><div class=\"tyJCtd mGzaTb Depvyb baZpAe\"><p class=\"zfr3Q CDt4Ke \" dir=\"ltr\"><span class=\"C9DxTc \" style=\"color: #000000;\">Seguran\u00e7a n\u00e3o se discute. Equipamentos de prote\u00e7\u00e3o individual s\u00e3o obrigat\u00f3rios em muitas profiss\u00f5es e situa\u00e7\u00f5es, mas e a prote\u00e7\u00e3o da mente?\u00a0<\/span><\/p><p class=\"zfr3Q CDt4Ke \" dir=\"ltr\"><a class=\"XqQF9c\" href=\"https:\/\/www.youtube.com\/watch?v=7SiWqsSvGwY\" target=\"_blank\" rel=\"noopener\"><span class=\"C9DxTc aw5Odc \">https:\/\/www.youtube.com\/watch?v=7SiWqsSvGwY<\/span><\/a><span class=\"C9DxTc \">\u00a0<\/span><\/p><p class=\"zfr3Q CDt4Ke \" dir=\"ltr\"><span class=\"C9DxTc \" style=\"color: #000000;\">Com lucidez e autoridade, Izabella Camargo prop\u00f5e de forma in\u00e9dita no Brasil os EPIs da sa\u00fade mental, para que a sa\u00fade mental tenha o mesmo cuidado que a f\u00edsica, afinal, dor que n\u00e3o sangra d\u00f3i em dobro.\u00a0<\/span><\/p><p class=\"zfr3Q CDt4Ke \" dir=\"ltr\"><span class=\"C9DxTc \" style=\"color: #000000;\">Nesta palestra, ela compartilha aprendizados sobre limites e a s\u00edndrome de burnout, produtividade sustent\u00e1vel e bem-estar no trabalho, mostrando que preservar a mente n\u00e3o \u00e9 luxo, \u00e9 condi\u00e7\u00e3o para seguir em frente com sa\u00fade e prop\u00f3sito.\u00a0<\/span><\/p><p class=\"zfr3Q CDt4Ke \" dir=\"ltr\"><span class=\"C9DxTc \" style=\"color: #000000;\">Uma conversa essencial para quem vive (ou lidera) o mundo do trabalho de hoje. Paranaense, m\u00e3e, jornalista, apresentadora, palestrante, promotora de sa\u00fade, bem-estar no trabalho e longevidade.\u00a0<\/span><\/p><p class=\"zfr3Q CDt4Ke \" dir=\"ltr\"><span class=\"C9DxTc \" style=\"color: #000000;\">Criadora do movimento pela Produtividade Sustent\u00e1vel. Trabalhou como apresentadora e rep\u00f3rter da TV Globo, Band e SBT. Pesquisadora da s\u00edndrome de burnout.\u00a0<\/span><\/p><p class=\"zfr3Q CDt4Ke \" dir=\"ltr\"><span class=\"C9DxTc \" style=\"color: #000000;\">Curadora de conte\u00fados relacionados \u00e0 sa\u00fade integral e cultura do trabalho.\u00a0<\/span><\/p><p class=\"zfr3Q CDt4Ke \" dir=\"ltr\"><span class=\"C9DxTc \" style=\"color: #000000;\">Maior influenciadora de RH do Brasil pelo Pr\u00eamio IBest.\u00a0<\/span><\/p><p class=\"zfr3Q CDt4Ke \" dir=\"ltr\"><span class=\"C9DxTc \" style=\"color: #000000;\">Autora do Best-Seller &#8211; \u201cD\u00c1 UM TEMPO! Como encontrar limites em um mundo sem limites&#8221;.\u00a0<\/span><\/p><p class=\"zfr3Q CDt4Ke \" dir=\"ltr\"><span class=\"C9DxTc \" style=\"color: #000000;\">Embaixadora do movimento gerar bem-estar da ABQV &#8211; Associa\u00e7\u00e3o Brasileira de qualidade de vida.\u00a0<\/span><\/p><\/div><\/div><\/div><\/div><\/div><\/div><\/div><\/div><\/div><\/div><\/div><\/div><\/div><\/div>\t\t\t\t\t\t\t\t<\/div>\n\t\t\n<\/div>\n<div class=\"elementor-element elementor-element-1126fdc1 e-con e-atomic-element e-flexbox-base e-1126fdc1-a90f2c0 \" data-id=\"1126fdc1\" data-element_type=\"e-flexbox\" data-e-type=\"e-flexbox\" data-interaction-id=\"1126fdc1\">\n    \t\t<div class=\"elementor-element elementor-element-7cf69b29 elementor-widget__width-initial elementor-widget elementor-widget-text-editor\" data-id=\"7cf69b29\" data-element_type=\"widget\" data-e-type=\"widget\" data-widget_type=\"text-editor.default\">\n\t\t\t\t\t\t\t\t\t<div class=\"oKdM2c ZZyype Kzv0Me\"><div id=\"h.c3b1d75f3fac136_106\" class=\"hJDwNd-AhqUyc-Clt0zb Ft7HRd-AhqUyc-Clt0zb jXK9ad D2fZ2 zu5uec OjCsFc dmUFtb\" style=\"text-align: justify;\"><div class=\"jXK9ad-SmKAyb\"><div class=\"tyJCtd mGzaTb Depvyb baZpAe\"><div class=\"CjVfdc\" style=\"text-align: justify;\"><div class=\"oKdM2c ZZyype Kzv0Me\"><div id=\"h.1df5b4fd44e252d_76\" class=\"hJDwNd-AhqUyc-Clt0zb Ft7HRd-AhqUyc-Clt0zb jXK9ad D2fZ2 zu5uec OjCsFc dmUFtb\"><div class=\"jXK9ad-SmKAyb\"><div class=\"tyJCtd mGzaTb Depvyb baZpAe\"><div class=\"CjVfdc\"><div class=\"oKdM2c ZZyype Kzv0Me\"><div id=\"h.2e2f6f47ed7a4436_147\" class=\"hJDwNd-AhqUyc-Clt0zb Ft7HRd-AhqUyc-Clt0zb jXK9ad D2fZ2 zu5uec OjCsFc dmUFtb\"><div class=\"jXK9ad-SmKAyb\"><div class=\"tyJCtd mGzaTb Depvyb baZpAe\"><p class=\"zfr3Q CDt4Ke \" dir=\"ltr\"><strong><span style=\"color: #000000;\"><span class=\"jgG6ef C9DxTc \">CULTURA | O SUCESSO E A RU\u00cdNA DA SUA EMPRESA | O Conselho 02<\/span><span class=\"jgG6ef C9DxTc \">\u00a0<\/span><\/span><\/strong><\/p><\/div><\/div><\/div><\/div><div class=\"oKdM2c ZZyype\"><div id=\"h.2e2f6f47ed7a4436_149\" class=\"hJDwNd-AhqUyc-Clt0zb Ft7HRd-AhqUyc-Clt0zb jXK9ad D2fZ2 zu5uec wHaque g5GTcb\"><div class=\"jXK9ad-SmKAyb\"><div class=\"tyJCtd mGzaTb Depvyb baZpAe\"><p class=\"zfr3Q CDt4Ke \" dir=\"ltr\"><span class=\"C9DxTc \" style=\"color: #000000;\">O Conselho \u00e9 uma mesa redonda que vai trazer hist\u00f3rias e aprendizados de grandes profissionais e executivos do mercado.<\/span><\/p><p class=\"zfr3Q CDt4Ke \" dir=\"ltr\"><span class=\"C9DxTc \" style=\"color: #000000;\">Tema do epis\u00f3dio: como construir uma cultura forte; como construir um time forte; como ter um neg\u00f3cio bem sucedido<\/span><\/p><p class=\"zfr3Q CDt4Ke \" dir=\"ltr\"><span class=\"C9DxTc \" style=\"color: #000000;\">Carlos Busch (Mentor de neg\u00f3cios no Equity +); Geraldo Rufino (Fundador da JR Diesel); Tom Leite (CEO do Grupo Trigo); Alexandre Ostrowiecki (CEO da Multi).<\/span><\/p><p class=\"zfr3Q CDt4Ke \" dir=\"ltr\"><a class=\"XqQF9c\" href=\"https:\/\/youtu.be\/PkLa7XHjZ9k?si=USE8iD2H60anODuY\" target=\"_blank\" rel=\"noopener\"><span class=\"C9DxTc aw5Odc \">https:\/\/youtu.be\/PkLa7XHjZ9k?si=USE8iD2H60anODuY<\/span><\/a><span class=\"C9DxTc \">\u00a0<\/span><\/p><p class=\"zfr3Q CDt4Ke \" dir=\"ltr\"><span class=\"C9DxTc \" style=\"color: #000000;\">Principais t\u00f3picos:<\/span><\/p><ul class=\"n8H08c UVNKR \"><li class=\"zfr3Q TYR86d eD0Rn \" dir=\"ltr\"><p class=\"zfr3Q CDt4Ke \" dir=\"ltr\" role=\"presentation\"><span style=\"color: #000000;\"><span class=\"C9DxTc \">C<\/span><span class=\"C9DxTc \">omo construir uma cultura forte;\u00a0<\/span><\/span><\/p><\/li><li class=\"zfr3Q TYR86d eD0Rn \" dir=\"ltr\"><p class=\"zfr3Q CDt4Ke \" dir=\"ltr\" role=\"presentation\"><span style=\"color: #000000;\"><span class=\"C9DxTc \">C<\/span><span class=\"C9DxTc \">omo construir um time forte;\u00a0<\/span><\/span><\/p><\/li><li class=\"zfr3Q TYR86d eD0Rn \" dir=\"ltr\"><p class=\"zfr3Q CDt4Ke \" dir=\"ltr\" role=\"presentation\"><span style=\"color: #000000;\"><span class=\"C9DxTc \">C<\/span><span class=\"C9DxTc \">omo ter um neg\u00f3cio bem sucedido<\/span><\/span><\/p><\/li><\/ul><\/div><\/div><\/div><\/div><\/div><\/div><\/div><\/div><\/div><\/div><\/div><\/div><\/div><\/div>\t\t\t\t\t\t\t\t<\/div>\n\t\t\n<\/div>\n\n<\/div>\n<div class=\"elementor-element elementor-element-4a37668f e-con e-atomic-element e-flexbox-base e-4a37668f-5225c87 \" data-id=\"4a37668f\" data-element_type=\"e-flexbox\" data-e-type=\"e-flexbox\" data-interaction-id=\"4a37668f\">\n    <div class=\"elementor-element elementor-element-4c2ef395 e-con e-atomic-element e-flexbox-base e-4c2ef395-a2c8996 \" data-id=\"4c2ef395\" data-element_type=\"e-flexbox\" data-e-type=\"e-flexbox\" data-interaction-id=\"4c2ef395\">\n    \t\t\t<img decoding=\"async\" class=\"e-image-base e-4c42b044-add53cc\" data-interaction-id=\"4c42b044\" id=\"204630\" src=\"https:\/\/goias.gov.br\/escoladesaude\/wp-content\/uploads\/sites\/59\/2026\/08\/unnamed-66-300x300.png\" width=\"300\" height=\"300\" srcset=\"https:\/\/goias.gov.br\/escoladesaude\/wp-content\/uploads\/sites\/59\/2026\/08\/unnamed-66-300x300.png 300w, https:\/\/goias.gov.br\/escoladesaude\/wp-content\/uploads\/sites\/59\/2026\/08\/unnamed-66-150x150.png 150w, https:\/\/goias.gov.br\/escoladesaude\/wp-content\/uploads\/sites\/59\/2026\/08\/unnamed-66.png 742w\" alt=\"\"\/>\t\t\n<\/div>\n<div class=\"elementor-element elementor-element-784658d3 e-con e-atomic-element e-flexbox-base e-784658d3-6abef2b \" data-id=\"784658d3\" data-element_type=\"e-flexbox\" data-e-type=\"e-flexbox\" data-interaction-id=\"784658d3\">\n    \t\t\t<img loading=\"lazy\" decoding=\"async\" class=\"e-image-base e-6a8bda2-235bec3\" data-interaction-id=\"6a8bda2\" id=\"204631\" src=\"https:\/\/goias.gov.br\/escoladesaude\/wp-content\/uploads\/sites\/59\/2026\/08\/unnamed-67-300x184.png\" width=\"300\" height=\"184\" srcset=\"https:\/\/goias.gov.br\/escoladesaude\/wp-content\/uploads\/sites\/59\/2026\/08\/unnamed-67-300x184.png 300w, https:\/\/goias.gov.br\/escoladesaude\/wp-content\/uploads\/sites\/59\/2026\/08\/unnamed-67-768x471.png 768w, https:\/\/goias.gov.br\/escoladesaude\/wp-content\/uploads\/sites\/59\/2026\/08\/unnamed-67.png 931w\" alt=\"\"\/>\t\t\n<\/div>\n\n<\/div>\n<div class=\"elementor-element elementor-element-621390a7 e-con e-atomic-element e-flexbox-base e-621390a7-678912d \" data-id=\"621390a7\" data-element_type=\"e-flexbox\" data-e-type=\"e-flexbox\" data-interaction-id=\"621390a7\">\n    <div class=\"elementor-element elementor-element-2666173c e-con e-atomic-element e-flexbox-base e-2666173c-5477158 \" data-id=\"2666173c\" data-element_type=\"e-flexbox\" data-e-type=\"e-flexbox\" data-interaction-id=\"2666173c\">\n    \t\t<div class=\"elementor-element elementor-element-158a5fd3 elementor-widget__width-initial elementor-widget elementor-widget-text-editor\" data-id=\"158a5fd3\" data-element_type=\"widget\" data-e-type=\"widget\" data-widget_type=\"text-editor.default\">\n\t\t\t\t\t\t\t\t\t<div class=\"oKdM2c ZZyype Kzv0Me\"><div id=\"h.154a9d5cfd5cf880_259\" class=\"hJDwNd-AhqUyc-Clt0zb Ft7HRd-AhqUyc-Clt0zb jXK9ad D2fZ2 zu5uec OjCsFc dmUFtb\"><div class=\"jXK9ad-SmKAyb\"><div class=\"tyJCtd mGzaTb Depvyb baZpAe\"><div class=\"CjVfdc\" style=\"text-align: justify;\"><div class=\"oKdM2c ZZyype Kzv0Me\"><div id=\"h.5a7102d3dda793b4_46\" class=\"hJDwNd-AhqUyc-Clt0zb Ft7HRd-AhqUyc-Clt0zb jXK9ad D2fZ2 zu5uec OjCsFc dmUFtb\"><div class=\"jXK9ad-SmKAyb\"><div class=\"tyJCtd mGzaTb Depvyb baZpAe\"><div class=\"CjVfdc\"><div class=\"oKdM2c ZZyype Kzv0Me\"><div id=\"h.c3b1d75f3fac136_84\" class=\"hJDwNd-AhqUyc-Clt0zb Ft7HRd-AhqUyc-Clt0zb jXK9ad D2fZ2 zu5uec OjCsFc dmUFtb\"><div class=\"jXK9ad-SmKAyb\"><div class=\"tyJCtd mGzaTb Depvyb baZpAe\"><div class=\"CjVfdc\"><div class=\"oKdM2c ZZyype Kzv0Me\"><div id=\"h.1df5b4fd44e252d_92\" class=\"hJDwNd-AhqUyc-Clt0zb Ft7HRd-AhqUyc-Clt0zb jXK9ad D2fZ2 zu5uec OjCsFc dmUFtb\"><div class=\"jXK9ad-SmKAyb\"><div class=\"tyJCtd mGzaTb Depvyb baZpAe\"><div class=\"CjVfdc\"><div class=\"oKdM2c ZZyype Kzv0Me\"><div id=\"h.5a7102d3dda793b4_180\" class=\"hJDwNd-AhqUyc-Clt0zb Ft7HRd-AhqUyc-Clt0zb jXK9ad D2fZ2 zu5uec OjCsFc dmUFtb\"><div class=\"jXK9ad-SmKAyb\"><div class=\"tyJCtd mGzaTb Depvyb baZpAe\"><div class=\"CjVfdc\"><strong><span class=\"jgG6ef C9DxTc \" style=\"color: #000000;\">O caminho para a sa\u00fade mental nas organiza\u00e7\u00f5es | Daniela Brandi | TEDxFaceres<\/span><\/strong><\/div><\/div><\/div><\/div><\/div><div class=\"oKdM2c ZZyype\"><div id=\"h.5a7102d3dda793b4_182\" class=\"hJDwNd-AhqUyc-Clt0zb Ft7HRd-AhqUyc-Clt0zb jXK9ad D2fZ2 zu5uec wHaque g5GTcb\"><div class=\"jXK9ad-SmKAyb\"><div class=\"tyJCtd mGzaTb Depvyb baZpAe\"><p class=\"zfr3Q CDt4Ke \" dir=\"ltr\"><span class=\"C9DxTc \" style=\"color: #000000;\">O cuidado com a sa\u00fade mental como uma necessidade urgente para promover produtividade, criatividade e inova\u00e7\u00e3o nas empresas.<\/span><\/p><p class=\"zfr3Q CDt4Ke \" dir=\"ltr\"><a class=\"XqQF9c\" href=\"https:\/\/www.youtube.com\/watch?v=ofxnyrbm0I0&amp;t=257s\" target=\"_blank\" rel=\"noopener\"><span class=\"C9DxTc aw5Odc \">https:\/\/www.youtube.com\/watch?v=ofxnyrbm0I0&amp;t=257s<\/span><\/a><span class=\"C9DxTc \">\u00a0<\/span><\/p><p class=\"zfr3Q CDt4Ke \" dir=\"ltr\"><span class=\"C9DxTc \" style=\"color: #000000;\">Psic\u00f3loga cl\u00ednica e organizacional com 25 anos de experi\u00eancia.\u00a0<\/span><\/p><p class=\"zfr3Q CDt4Ke \" dir=\"ltr\"><span class=\"C9DxTc \" style=\"color: #000000;\">Propriet\u00e1ria da Brandi Psicologia Aplicada, ela desenvolveu o M\u00e9todo do Beab\u00e1 de Gest\u00e3o de Pessoas, unindo sua paix\u00e3o pela psicologia organizacional e seu amor pela pr\u00e1tica cl\u00ednica.\u00a0<\/span><\/p><p class=\"zfr3Q CDt4Ke \" dir=\"ltr\"><span class=\"C9DxTc \" style=\"color: #000000;\">Formada em Psicologia pela Unesp, com mestrado em Engenharia Urbana pela UFSCar, e uma especializa\u00e7\u00e3o em Psican\u00e1lise do S\u00e9culo XXI pela FAAP, ela acredita que com a pr\u00e1tica, o trabalho se torna mais simples e eficiente.\u00a0<\/span><\/p><\/div><\/div><\/div><\/div><\/div><\/div><\/div><\/div><\/div><\/div><\/div><\/div><\/div><\/div><\/div><\/div><\/div><\/div><\/div><\/div><\/div><\/div><\/div><\/div>\t\t\t\t\t\t\t\t<\/div>\n\t\t\n<\/div>\n<div class=\"elementor-element elementor-element-48b672b8 e-con e-atomic-element e-flexbox-base e-48b672b8-de99a3d \" data-id=\"48b672b8\" data-element_type=\"e-flexbox\" data-e-type=\"e-flexbox\" data-interaction-id=\"48b672b8\">\n    \t\t<div class=\"elementor-element elementor-element-628c3fb9 elementor-widget__width-initial elementor-widget elementor-widget-text-editor\" data-id=\"628c3fb9\" data-element_type=\"widget\" data-e-type=\"widget\" data-widget_type=\"text-editor.default\">\n\t\t\t\t\t\t\t\t\t<div class=\"oKdM2c ZZyype Kzv0Me\"><div id=\"h.c3b1d75f3fac136_106\" class=\"hJDwNd-AhqUyc-Clt0zb Ft7HRd-AhqUyc-Clt0zb jXK9ad D2fZ2 zu5uec OjCsFc dmUFtb\" style=\"text-align: justify;\"><div class=\"jXK9ad-SmKAyb\"><div class=\"tyJCtd mGzaTb Depvyb baZpAe\"><div class=\"CjVfdc\" style=\"text-align: justify;\"><div class=\"oKdM2c ZZyype Kzv0Me\"><div id=\"h.1df5b4fd44e252d_8\" class=\"hJDwNd-AhqUyc-Clt0zb Ft7HRd-AhqUyc-Clt0zb jXK9ad D2fZ2 zu5uec OjCsFc dmUFtb\"><div class=\"jXK9ad-SmKAyb\"><div class=\"tyJCtd mGzaTb Depvyb baZpAe\"><div class=\"CjVfdc\"><div class=\"oKdM2c ZZyype Kzv0Me\"><div id=\"h.5a7102d3dda793b4_46\" class=\"hJDwNd-AhqUyc-Clt0zb Ft7HRd-AhqUyc-Clt0zb jXK9ad D2fZ2 zu5uec OjCsFc dmUFtb\"><div class=\"jXK9ad-SmKAyb\"><div class=\"tyJCtd mGzaTb Depvyb baZpAe\"><div class=\"CjVfdc\"><div class=\"oKdM2c ZZyype Kzv0Me\"><div id=\"h.1df5b4fd44e252d_146\" class=\"hJDwNd-AhqUyc-Clt0zb Ft7HRd-AhqUyc-Clt0zb jXK9ad D2fZ2 zu5uec OjCsFc dmUFtb\"><div class=\"jXK9ad-SmKAyb\"><div class=\"tyJCtd mGzaTb Depvyb baZpAe\"><div class=\"CjVfdc\"><div class=\"oKdM2c ZZyype Kzv0Me\"><div id=\"h.5a7102d3dda793b4_197\" class=\"hJDwNd-AhqUyc-Clt0zb Ft7HRd-AhqUyc-Clt0zb jXK9ad D2fZ2 zu5uec OjCsFc dmUFtb\"><div class=\"jXK9ad-SmKAyb\"><div class=\"tyJCtd mGzaTb Depvyb baZpAe\"><div class=\"CjVfdc\"><strong><span class=\"jgG6ef C9DxTc \" style=\"color: #000000;\">Kit de Sobreviv\u00eancia para a sa\u00fade mental no futuro | Alana Anijar | TEDxUFTM<\/span><\/strong><\/div><\/div><\/div><\/div><\/div><div class=\"oKdM2c ZZyype\"><div id=\"h.5a7102d3dda793b4_199\" class=\"hJDwNd-AhqUyc-Clt0zb Ft7HRd-AhqUyc-Clt0zb jXK9ad D2fZ2 zu5uec wHaque g5GTcb\"><div class=\"jXK9ad-SmKAyb\"><div class=\"tyJCtd mGzaTb Depvyb baZpAe\"><p class=\"zfr3Q CDt4Ke \" dir=\"ltr\"><span class=\"C9DxTc \" style=\"color: #000000;\">Voc\u00ea vive ou s\u00f3 sobrevive?<\/span><\/p><p class=\"zfr3Q CDt4Ke \" dir=\"ltr\"><a class=\"XqQF9c\" href=\"https:\/\/www.youtube.com\/watch?v=9lbwSuHNMWU\" target=\"_blank\" rel=\"noopener\"><span class=\"C9DxTc aw5Odc \">https:\/\/www.youtube.com\/watch?v=9lbwSuHNMWU<\/span><\/a><span class=\"C9DxTc \">\u00a0<\/span><\/p><p class=\"zfr3Q CDt4Ke \" dir=\"ltr\"><span class=\"C9DxTc \" style=\"color: #000000;\">No TEDx da Alana Anijar, \u201cKit de sobreviv\u00eancia psicol\u00f3gica para a sa\u00fade mental do futuro\u201d, o convite \u00e9 claro: pare. respire. sinta.<\/span><\/p><p class=\"zfr3Q CDt4Ke \" dir=\"ltr\"><span class=\"C9DxTc \" style=\"color: #000000;\">Alana parte de uma hist\u00f3ria que poderia ser a sua, a dela ou de algu\u00e9m que voc\u00ea ama. Uma hist\u00f3ria comum, mas cheia de significados, pra falar do cansa\u00e7o emocional que muita gente carrega em sil\u00eancio. Ela apresenta um kit simb\u00f3lico com tudo o que a gente precisa para n\u00e3o desmoronar num mundo que cobra tanto. Um verdadeiro manual de primeiros socorros emocionais, que nos ajuda a lembrar do essencial: cuidar da mente tamb\u00e9m \u00e9 cuidar do futuro.<\/span><\/p><p class=\"zfr3Q CDt4Ke \" dir=\"ltr\"><span class=\"C9DxTc \" style=\"color: #000000;\">Esse v\u00eddeo \u00e9 um convite: a cuidar da mente com intencionalidade, a viver com mais presen\u00e7a e a transformar, de dentro pra fora, o futuro que a gente quer viver.\u00a0<\/span><\/p><p class=\"zfr3Q CDt4Ke \" dir=\"ltr\"><span style=\"color: #000000;\"><span class=\"C9DxTc \">Mentes saud\u00e1veis constroem um futuro melhor! E esse futuro come\u00e7a aqui e com voc\u00ea. Fundadora do Psi do futuro, ela traz uma abordagem que conecta ci\u00eancia, acolhimento e prop\u00f3sito &#8211; tudo para nos ajudar a enxergar al\u00e9m dos nossos pontos de vistas habituais<\/span><span class=\"C9DxTc \">\u00a0<\/span><\/span><\/p><\/div><\/div><\/div><\/div><\/div><\/div><\/div><\/div><\/div><\/div><\/div><\/div><\/div><\/div><\/div><\/div><\/div><\/div><\/div><\/div><\/div><\/div><\/div><\/div>\t\t\t\t\t\t\t\t<\/div>\n\t\t\n<\/div>\n\n<\/div>\n<div class=\"elementor-element elementor-element-7744c40 e-con e-atomic-element e-flexbox-base e-7744c40-70277b7 \" data-id=\"7744c40\" data-element_type=\"e-flexbox\" data-e-type=\"e-flexbox\" data-interaction-id=\"7744c40\">\n    <div class=\"elementor-element elementor-element-9bb7c49 e-con e-atomic-element e-flexbox-base e-9bb7c49-fe7244b \" data-id=\"9bb7c49\" data-element_type=\"e-flexbox\" data-e-type=\"e-flexbox\" data-interaction-id=\"9bb7c49\">\n    \t\t\t<img loading=\"lazy\" decoding=\"async\" class=\"e-image-base e-291985c-3d4e6aa\" data-interaction-id=\"291985c\" id=\"204635\" src=\"https:\/\/goias.gov.br\/escoladesaude\/wp-content\/uploads\/sites\/59\/2026\/08\/unnamed-68-300x102.png\" width=\"300\" height=\"102\" srcset=\"https:\/\/goias.gov.br\/escoladesaude\/wp-content\/uploads\/sites\/59\/2026\/08\/unnamed-68-300x102.png 300w, https:\/\/goias.gov.br\/escoladesaude\/wp-content\/uploads\/sites\/59\/2026\/08\/unnamed-68-1024x349.png 1024w, https:\/\/goias.gov.br\/escoladesaude\/wp-content\/uploads\/sites\/59\/2026\/08\/unnamed-68-768x262.png 768w, https:\/\/goias.gov.br\/escoladesaude\/wp-content\/uploads\/sites\/59\/2026\/08\/unnamed-68.png 1134w\" alt=\"\"\/>\t\t\n<\/div>\n<div class=\"elementor-element elementor-element-3f7c9dc e-con e-atomic-element e-flexbox-base e-3f7c9dc-a189bc4 \" data-id=\"3f7c9dc\" data-element_type=\"e-flexbox\" data-e-type=\"e-flexbox\" data-interaction-id=\"3f7c9dc\">\n    \t\t\t<img loading=\"lazy\" decoding=\"async\" class=\"e-image-base e-39ce22a-23c0447\" data-interaction-id=\"39ce22a\" id=\"204636\" src=\"https:\/\/goias.gov.br\/escoladesaude\/wp-content\/uploads\/sites\/59\/2026\/08\/unnamed-69-300x293.png\" width=\"300\" height=\"293\" srcset=\"https:\/\/goias.gov.br\/escoladesaude\/wp-content\/uploads\/sites\/59\/2026\/08\/unnamed-69-300x293.png 300w, https:\/\/goias.gov.br\/escoladesaude\/wp-content\/uploads\/sites\/59\/2026\/08\/unnamed-69.png 541w\" alt=\"\"\/>\t\t\n<\/div>\n\n<\/div>\n<div class=\"elementor-element elementor-element-62d7b39 e-con e-atomic-element e-flexbox-base e-62d7b39-1dfe990 \" data-id=\"62d7b39\" data-element_type=\"e-flexbox\" data-e-type=\"e-flexbox\" data-interaction-id=\"62d7b39\">\n    <div class=\"elementor-element elementor-element-7af137d e-con e-atomic-element e-flexbox-base e-7af137d-78162ee \" data-id=\"7af137d\" data-element_type=\"e-flexbox\" data-e-type=\"e-flexbox\" data-interaction-id=\"7af137d\">\n    \t\t<div class=\"elementor-element elementor-element-5b269b8 elementor-widget__width-initial elementor-widget elementor-widget-text-editor\" data-id=\"5b269b8\" data-element_type=\"widget\" data-e-type=\"widget\" data-widget_type=\"text-editor.default\">\n\t\t\t\t\t\t\t\t\t<div class=\"oKdM2c ZZyype Kzv0Me\"><div id=\"h.154a9d5cfd5cf880_259\" class=\"hJDwNd-AhqUyc-Clt0zb Ft7HRd-AhqUyc-Clt0zb jXK9ad D2fZ2 zu5uec OjCsFc dmUFtb\"><div class=\"jXK9ad-SmKAyb\"><div class=\"tyJCtd mGzaTb Depvyb baZpAe\"><div class=\"CjVfdc\" style=\"text-align: justify;\"><div class=\"oKdM2c ZZyype Kzv0Me\"><div id=\"h.5a7102d3dda793b4_46\" class=\"hJDwNd-AhqUyc-Clt0zb Ft7HRd-AhqUyc-Clt0zb jXK9ad D2fZ2 zu5uec OjCsFc dmUFtb\"><div class=\"jXK9ad-SmKAyb\"><div class=\"tyJCtd mGzaTb Depvyb baZpAe\"><div class=\"CjVfdc\"><div class=\"oKdM2c ZZyype Kzv0Me\"><div id=\"h.c3b1d75f3fac136_84\" class=\"hJDwNd-AhqUyc-Clt0zb Ft7HRd-AhqUyc-Clt0zb jXK9ad D2fZ2 zu5uec OjCsFc dmUFtb\"><div class=\"jXK9ad-SmKAyb\"><div class=\"tyJCtd mGzaTb Depvyb baZpAe\"><div class=\"CjVfdc\"><div class=\"oKdM2c ZZyype Kzv0Me\"><div id=\"h.1df5b4fd44e252d_92\" class=\"hJDwNd-AhqUyc-Clt0zb Ft7HRd-AhqUyc-Clt0zb jXK9ad D2fZ2 zu5uec OjCsFc dmUFtb\"><div class=\"jXK9ad-SmKAyb\"><div class=\"tyJCtd mGzaTb Depvyb baZpAe\"><div class=\"CjVfdc\"><div class=\"oKdM2c ZZyype Kzv0Me\"><div id=\"h.5a7102d3dda793b4_180\" class=\"hJDwNd-AhqUyc-Clt0zb Ft7HRd-AhqUyc-Clt0zb jXK9ad D2fZ2 zu5uec OjCsFc dmUFtb\"><div class=\"jXK9ad-SmKAyb\"><div class=\"tyJCtd mGzaTb Depvyb baZpAe\"><div class=\"CjVfdc\"><div class=\"oKdM2c ZZyype Kzv0Me\"><div id=\"h.170f9bfbd812e0bd_23\" class=\"hJDwNd-AhqUyc-Clt0zb Ft7HRd-AhqUyc-Clt0zb jXK9ad D2fZ2 zu5uec OjCsFc dmUFtb\"><div class=\"jXK9ad-SmKAyb\"><div class=\"tyJCtd mGzaTb Depvyb baZpAe\"><div class=\"CjVfdc\"><strong><span class=\"jgG6ef C9DxTc \" style=\"color: #000000;\">COMO EQUILIBRAR NEG\u00d3CIOS, MATERNIDADE E FAM\u00cdLIA | O Conselho 26<\/span><\/strong><\/div><\/div><\/div><\/div><\/div><div class=\"oKdM2c ZZyype\"><div id=\"h.170f9bfbd812e0bd_25\" class=\"hJDwNd-AhqUyc-Clt0zb Ft7HRd-AhqUyc-Clt0zb jXK9ad D2fZ2 zu5uec wHaque g5GTcb\"><div class=\"jXK9ad-SmKAyb\"><div class=\"tyJCtd mGzaTb Depvyb baZpAe\"><p class=\"zfr3Q CDt4Ke \" dir=\"ltr\"><span class=\"C9DxTc \" style=\"color: #000000;\">O Conselho \u00e9 uma mesa redonda que vai trazer hist\u00f3rias e aprendizados de grandes profissionais e executivos do mercado.<\/span><\/p><p class=\"zfr3Q CDt4Ke \" dir=\"ltr\"><span class=\"C9DxTc \" style=\"color: #000000;\">Equilibrar neg\u00f3cios, maternidade e fam\u00edlia n\u00e3o \u00e9 uma quest\u00e3o de tempo perfeito, mas de prioridades conscientes. A verdadeira sabedoria est\u00e1 em aceitar que alguns dias a empresa demandar\u00e1 mais, outros os filhos precisar\u00e3o de nossa presen\u00e7a total, e isso \u00e9 parte da dan\u00e7a natural da vida.<\/span><\/p><p class=\"zfr3Q CDt4Ke \" dir=\"ltr\"><span style=\"color: #000000;\"><span class=\"C9DxTc \">O segredo n\u00e3o reside em ser perfeita em todas as frentes simultaneamente, mas em estar presente de forma genu\u00edna onde voc\u00ea escolhe investir sua energia a cada momento. No final, o legado que deixamos n\u00e3o est\u00e1 na quantidade de horas trabalhadas, mas na qualidade das conex\u00f5es que constru\u00edmos tanto no mundo profissional quanto no cora\u00e7\u00e3o do lar.<\/span><span class=\"C9DxTc \">\u00a0<\/span><\/span><\/p><p class=\"zfr3Q CDt4Ke \" dir=\"ltr\"><span class=\"C9DxTc \" style=\"color: #000000;\">Cris Junqueira (Co-fundadora do Nubank); Juliana Roschel (CMO da Nubank); Vanessa Gordilho (Vice-presidente executiva da Vibra); Luciana Diniz (Diretora e Fundadora da Wise Up)<\/span><\/p><p class=\"zfr3Q CDt4Ke \" dir=\"ltr\"><a class=\"XqQF9c\" href=\"https:\/\/youtu.be\/ympe_KSQ4ng?si=gmLUIODZzKex9ovG\" target=\"_blank\" rel=\"noopener\"><span class=\"C9DxTc aw5Odc \">https:\/\/youtu.be\/ympe_KSQ4ng?si=gmLUIODZzKex9ovG<\/span><\/a><span class=\"C9DxTc \">\u00a0<\/span><\/p><p class=\"zfr3Q CDt4Ke \" dir=\"ltr\"><span class=\"C9DxTc \" style=\"color: #000000;\">Principais t\u00f3picos:<\/span><\/p><ul class=\"n8H08c UVNKR \"><li class=\"zfr3Q TYR86d eD0Rn \" dir=\"ltr\"><p class=\"zfr3Q CDt4Ke \" dir=\"ltr\" role=\"presentation\"><span class=\"C9DxTc \" style=\"color: #000000;\">Equilibrar neg\u00f3cios, maternidade e fam\u00edlia\u00a0<\/span><\/p><\/li><\/ul><\/div><\/div><\/div><\/div><\/div><\/div><\/div><\/div><\/div><\/div><\/div><\/div><\/div><\/div><\/div><\/div><\/div><\/div><\/div><\/div><\/div><\/div><\/div><\/div><\/div><\/div><\/div><\/div><\/div>\t\t\t\t\t\t\t\t<\/div>\n\t\t\n<\/div>\n<div class=\"elementor-element elementor-element-bc3e648 e-con e-atomic-element e-flexbox-base e-bc3e648-95b9656 \" data-id=\"bc3e648\" data-element_type=\"e-flexbox\" data-e-type=\"e-flexbox\" data-interaction-id=\"bc3e648\">\n    \t\t<div class=\"elementor-element elementor-element-215cb9f elementor-widget__width-initial elementor-widget elementor-widget-text-editor\" data-id=\"215cb9f\" data-element_type=\"widget\" data-e-type=\"widget\" data-widget_type=\"text-editor.default\">\n\t\t\t\t\t\t\t\t\t<div class=\"oKdM2c ZZyype Kzv0Me\"><div id=\"h.c3b1d75f3fac136_106\" class=\"hJDwNd-AhqUyc-Clt0zb Ft7HRd-AhqUyc-Clt0zb jXK9ad D2fZ2 zu5uec OjCsFc dmUFtb\" style=\"text-align: justify;\"><div class=\"jXK9ad-SmKAyb\"><div class=\"tyJCtd mGzaTb Depvyb baZpAe\"><div class=\"CjVfdc\" style=\"text-align: justify;\"><div class=\"oKdM2c ZZyype Kzv0Me\"><div id=\"h.1df5b4fd44e252d_8\" class=\"hJDwNd-AhqUyc-Clt0zb Ft7HRd-AhqUyc-Clt0zb jXK9ad D2fZ2 zu5uec OjCsFc dmUFtb\"><div class=\"jXK9ad-SmKAyb\"><div class=\"tyJCtd mGzaTb Depvyb baZpAe\"><div class=\"CjVfdc\"><div class=\"oKdM2c ZZyype Kzv0Me\"><div id=\"h.5a7102d3dda793b4_46\" class=\"hJDwNd-AhqUyc-Clt0zb Ft7HRd-AhqUyc-Clt0zb jXK9ad D2fZ2 zu5uec OjCsFc dmUFtb\"><div class=\"jXK9ad-SmKAyb\"><div class=\"tyJCtd mGzaTb Depvyb baZpAe\"><div class=\"CjVfdc\"><div class=\"oKdM2c ZZyype Kzv0Me\"><div id=\"h.1df5b4fd44e252d_146\" class=\"hJDwNd-AhqUyc-Clt0zb Ft7HRd-AhqUyc-Clt0zb jXK9ad D2fZ2 zu5uec OjCsFc dmUFtb\"><div class=\"jXK9ad-SmKAyb\"><div class=\"tyJCtd mGzaTb Depvyb baZpAe\"><div class=\"CjVfdc\"><div class=\"oKdM2c ZZyype Kzv0Me\"><div id=\"h.5a7102d3dda793b4_197\" class=\"hJDwNd-AhqUyc-Clt0zb Ft7HRd-AhqUyc-Clt0zb jXK9ad D2fZ2 zu5uec OjCsFc dmUFtb\"><div class=\"jXK9ad-SmKAyb\"><div class=\"tyJCtd mGzaTb Depvyb baZpAe\"><div class=\"CjVfdc\"><div class=\"oKdM2c ZZyype Kzv0Me\"><div id=\"h.5a7102d3dda793b4_213\" class=\"hJDwNd-AhqUyc-Clt0zb Ft7HRd-AhqUyc-Clt0zb jXK9ad D2fZ2 zu5uec OjCsFc dmUFtb\"><div class=\"jXK9ad-SmKAyb\"><div class=\"tyJCtd mGzaTb Depvyb baZpAe\"><div class=\"CjVfdc\"><strong><span class=\"jgG6ef C9DxTc \" style=\"color: #000000;\">Como pessoas comuns atingem resultados incr\u00edveis | Alex Bonif\u00e1cio | TEDxYouth@EAB<\/span><\/strong><\/div><\/div><\/div><\/div><\/div><div class=\"oKdM2c ZZyype\"><div id=\"h.5a7102d3dda793b4_215\" class=\"hJDwNd-AhqUyc-Clt0zb Ft7HRd-AhqUyc-Clt0zb jXK9ad D2fZ2 zu5uec wHaque g5GTcb\"><div class=\"jXK9ad-SmKAyb\"><div class=\"tyJCtd mGzaTb Depvyb baZpAe\"><p class=\"zfr3Q CDt4Ke \" dir=\"ltr\"><span class=\"C9DxTc \" style=\"color: #000000;\">E se os recursos que voc\u00ea precisa para revolucionar o desempenho no trabalho e na vida j\u00e1 estivessem dispon\u00edveis, mas ignorados?<\/span><\/p><p class=\"zfr3Q CDt4Ke \" dir=\"ltr\"><a class=\"XqQF9c\" href=\"https:\/\/www.youtube.com\/watch?v=kk8wsWgclN0&amp;t=330s\" target=\"_blank\" rel=\"noopener\"><span class=\"C9DxTc aw5Odc \">https:\/\/www.youtube.com\/watch?v=kk8wsWgclN0&amp;t=330s<\/span><\/a><span class=\"C9DxTc \">\u00a0<\/span><\/p><p class=\"zfr3Q CDt4Ke \" dir=\"ltr\"><span style=\"color: #000000;\"><span class=\"C9DxTc \">Perceber e explorar essas alternativas pode ser a diferen\u00e7a entre sobreviver ou prosperar.\u00a0 Alex Bonifacio \u00e9 escritor e palestrante. H\u00e1 mais de uma d\u00e9cada estuda pessoas com elevado poder de realiza\u00e7\u00e3o, nas mais diversas \u00e1reas, para identificar os fatores que interferem no surgimento do potencial m\u00e1ximo.<\/span><span class=\"C9DxTc \">\u00a0<\/span><\/span><\/p><\/div><\/div><\/div><\/div><\/div><\/div><\/div><\/div><\/div><\/div><\/div><\/div><\/div><\/div><\/div><\/div><\/div><\/div><\/div><\/div><\/div><\/div><\/div><\/div><\/div><\/div><\/div><\/div><\/div>\t\t\t\t\t\t\t\t<\/div>\n\t\t\n<\/div>\n\n<\/div>\n<div class=\"elementor-element elementor-element-dca2184 e-con e-atomic-element e-flexbox-base e-dca2184-84bafe5 \" data-id=\"dca2184\" data-element_type=\"e-flexbox\" data-e-type=\"e-flexbox\" data-interaction-id=\"dca2184\">\n    <div class=\"elementor-element elementor-element-c42bb53 e-con e-atomic-element e-flexbox-base e-c42bb53-46bc1b0 \" data-id=\"c42bb53\" data-element_type=\"e-flexbox\" data-e-type=\"e-flexbox\" data-interaction-id=\"c42bb53\">\n    \t\t\t<img loading=\"lazy\" decoding=\"async\" class=\"e-image-base e-48c78c9-639b83b\" data-interaction-id=\"48c78c9\" id=\"204640\" src=\"https:\/\/goias.gov.br\/escoladesaude\/wp-content\/uploads\/sites\/59\/2026\/08\/unnamed-70-197x300.png\" width=\"197\" height=\"300\" srcset=\"https:\/\/goias.gov.br\/escoladesaude\/wp-content\/uploads\/sites\/59\/2026\/08\/unnamed-70-197x300.png 197w, https:\/\/goias.gov.br\/escoladesaude\/wp-content\/uploads\/sites\/59\/2026\/08\/unnamed-70.png 395w\" alt=\"\"\/>\t\t\n<\/div>\n<div class=\"elementor-element elementor-element-7c73c90 e-con e-atomic-element e-flexbox-base e-7c73c90-1a1491f \" data-id=\"7c73c90\" data-element_type=\"e-flexbox\" data-e-type=\"e-flexbox\" data-interaction-id=\"7c73c90\">\n    \n<\/div>\n\n<\/div>\n<div class=\"elementor-element elementor-element-37840d7 e-con e-atomic-element e-flexbox-base e-37840d7-8be3484 \" data-id=\"37840d7\" data-element_type=\"e-flexbox\" data-e-type=\"e-flexbox\" data-interaction-id=\"37840d7\">\n    <div class=\"elementor-element elementor-element-0e16843 e-con e-atomic-element e-flexbox-base e-0e16843-480e8a5 \" data-id=\"0e16843\" data-element_type=\"e-flexbox\" data-e-type=\"e-flexbox\" data-interaction-id=\"0e16843\">\n    \t\t<div class=\"elementor-element elementor-element-017d90b elementor-widget__width-initial elementor-widget elementor-widget-text-editor\" data-id=\"017d90b\" data-element_type=\"widget\" data-e-type=\"widget\" data-widget_type=\"text-editor.default\">\n\t\t\t\t\t\t\t\t\t<div class=\"oKdM2c ZZyype Kzv0Me\"><div id=\"h.154a9d5cfd5cf880_259\" class=\"hJDwNd-AhqUyc-Clt0zb Ft7HRd-AhqUyc-Clt0zb jXK9ad D2fZ2 zu5uec OjCsFc dmUFtb\"><div class=\"jXK9ad-SmKAyb\"><div class=\"tyJCtd mGzaTb Depvyb baZpAe\"><div class=\"CjVfdc\" style=\"text-align: justify;\"><div class=\"oKdM2c ZZyype Kzv0Me\"><div id=\"h.5a7102d3dda793b4_46\" class=\"hJDwNd-AhqUyc-Clt0zb Ft7HRd-AhqUyc-Clt0zb jXK9ad D2fZ2 zu5uec OjCsFc dmUFtb\"><div class=\"jXK9ad-SmKAyb\"><div class=\"tyJCtd mGzaTb Depvyb baZpAe\"><div class=\"CjVfdc\"><div class=\"oKdM2c ZZyype Kzv0Me\"><div id=\"h.c3b1d75f3fac136_84\" class=\"hJDwNd-AhqUyc-Clt0zb Ft7HRd-AhqUyc-Clt0zb jXK9ad D2fZ2 zu5uec OjCsFc dmUFtb\"><div class=\"jXK9ad-SmKAyb\"><div class=\"tyJCtd mGzaTb Depvyb baZpAe\"><div class=\"CjVfdc\"><div class=\"oKdM2c ZZyype Kzv0Me\"><div id=\"h.1df5b4fd44e252d_92\" class=\"hJDwNd-AhqUyc-Clt0zb Ft7HRd-AhqUyc-Clt0zb jXK9ad D2fZ2 zu5uec OjCsFc dmUFtb\"><div class=\"jXK9ad-SmKAyb\"><div class=\"tyJCtd mGzaTb Depvyb baZpAe\"><div class=\"CjVfdc\"><div class=\"oKdM2c ZZyype Kzv0Me\"><div id=\"h.5a7102d3dda793b4_180\" class=\"hJDwNd-AhqUyc-Clt0zb Ft7HRd-AhqUyc-Clt0zb jXK9ad D2fZ2 zu5uec OjCsFc dmUFtb\"><div class=\"jXK9ad-SmKAyb\"><div class=\"tyJCtd mGzaTb Depvyb baZpAe\"><div class=\"CjVfdc\"><div class=\"oKdM2c ZZyype Kzv0Me\"><div id=\"h.170f9bfbd812e0bd_23\" class=\"hJDwNd-AhqUyc-Clt0zb Ft7HRd-AhqUyc-Clt0zb jXK9ad D2fZ2 zu5uec OjCsFc dmUFtb\"><div class=\"jXK9ad-SmKAyb\"><div class=\"tyJCtd mGzaTb Depvyb baZpAe\"><div class=\"CjVfdc\"><div class=\"oKdM2c ZZyype Kzv0Me\"><div id=\"h.5a7102d3dda793b4_229\" class=\"hJDwNd-AhqUyc-Clt0zb Ft7HRd-AhqUyc-Clt0zb jXK9ad D2fZ2 zu5uec OjCsFc dmUFtb\"><div class=\"jXK9ad-SmKAyb\"><div class=\"tyJCtd mGzaTb Depvyb baZpAe\"><div class=\"CjVfdc\"><strong><span class=\"jgG6ef C9DxTc \" style=\"color: #000000;\">Neuroci\u00eancia da F\u00e9: O Impacto da Espiritualidade no C\u00e9rebro e Sa\u00fade | Fernando Gomes | TEDxUFTM<\/span><\/strong><\/div><\/div><\/div><\/div><\/div><div class=\"oKdM2c ZZyype\"><div id=\"h.5a7102d3dda793b4_231\" class=\"hJDwNd-AhqUyc-Clt0zb Ft7HRd-AhqUyc-Clt0zb jXK9ad D2fZ2 zu5uec wHaque g5GTcb\"><div class=\"jXK9ad-SmKAyb\"><div class=\"tyJCtd mGzaTb Depvyb baZpAe\"><p class=\"zfr3Q CDt4Ke \" dir=\"ltr\"><span class=\"C9DxTc \" style=\"color: #000000;\">Nesta palestra transformadora do TEDx UFTM 2025, Dr. Fernando Gomes Pinto mergulha em um tema que conecta ci\u00eancia, espiritualidade e sa\u00fade mental: a neuroci\u00eancia da f\u00e9. Com base em sua viv\u00eancia como m\u00e9dico e neurocientista, ele mostra como a espiritualidade pode influenciar positivamente o c\u00e9rebro, aliviar o sofrimento emocional e ampliar o sentido da vida.<\/span><\/p><p class=\"zfr3Q CDt4Ke \" dir=\"ltr\"><a class=\"XqQF9c\" href=\"https:\/\/www.youtube.com\/watch?v=WuhD1esdHNo\" target=\"_blank\" rel=\"noopener\"><span class=\"C9DxTc aw5Odc \">https:\/\/www.youtube.com\/watch?v=WuhD1esdHNo<\/span><\/a><span class=\"C9DxTc \">\u00a0<\/span><span class=\"C9DxTc \">\u00a0<\/span><\/p><p class=\"zfr3Q CDt4Ke \" dir=\"ltr\"><span style=\"color: #000000;\"><span class=\"C9DxTc \">Da atividade cerebral durante ora\u00e7\u00f5es e medita\u00e7\u00f5es at\u00e9 o papel das tradi\u00e7\u00f5es religiosas, da intelig\u00eancia existencial ao exemplo de Chico Xavier, Dr. Fernando nos convida a refletir sobre o que realmente sustenta nossa sa\u00fade \u2014 e como f\u00e9 e ci\u00eancia podem caminhar juntas rumo a uma vida com mais prop\u00f3sito e equil\u00edbrio. Refer\u00eancia quando o assunto \u00e9 o funcionamento do c\u00e9rebro e o impacto da neuroci\u00eancia no nosso dia a dia. Com vasta experi\u00eancia na \u00e1rea m\u00e9dica e na divulga\u00e7\u00e3o cient\u00edfica, ele chega ao TEDxUFTM para nos fazer refletir sobre como o conhecimento do c\u00e9rebro pode transformar nossas Perspectivas.<\/span><span class=\"C9DxTc \">\u00a0<\/span><\/span><\/p><\/div><\/div><\/div><\/div><\/div><\/div><\/div><\/div><\/div><\/div><\/div><\/div><\/div><\/div><\/div><\/div><\/div><\/div><\/div><\/div><\/div><\/div><\/div><\/div><\/div><\/div><\/div><\/div><\/div><\/div><\/div><\/div><\/div><\/div>\t\t\t\t\t\t\t\t<\/div>\n\t\t\n<\/div>\n\n<\/div>\n\t\t<\/div>\n\t\t","protected":false},"excerpt":{"rendered":"<p>Antes que voc\u00ea adoe\u00e7a, EPIs da Sa\u00fade Mental | Izabella Camargo | TEDxSaoPaulo Seguran\u00e7a n\u00e3o se discute. Equipamentos de prote\u00e7\u00e3o individual s\u00e3o obrigat\u00f3rios em muitas profiss\u00f5es e situa\u00e7\u00f5es, mas e a prote\u00e7\u00e3o da mente?\u00a0 https:\/\/www.youtube.com\/watch?v=7SiWqsSvGwY\u00a0 Com lucidez e autoridade, Izabella Camargo prop\u00f5e de forma in\u00e9dita no Brasil os EPIs da sa\u00fade mental, para que a [&hellip;]<\/p>\n","protected":false},"author":584,"featured_media":0,"parent":0,"menu_order":0,"comment_status":"closed","ping_status":"closed","template":"","meta":{"footnotes":"","_links_to":"","_links_to_target":""},"class_list":["post-204626","page","type-page","status-publish","hentry"],"rttpg_featured_image_url":null,"rttpg_author":{"display_name":"angelicaabadia","author_link":"https:\/\/goias.gov.br\/escoladesaude\/author\/angelicaabadia\/"},"rttpg_comment":0,"rttpg_category":null,"rttpg_excerpt":"Antes que voc\u00ea adoe\u00e7a, EPIs da Sa\u00fade Mental | Izabella Camargo | TEDxSaoPaulo Seguran\u00e7a n\u00e3o se discute. Equipamentos de prote\u00e7\u00e3o individual s\u00e3o obrigat\u00f3rios em muitas profiss\u00f5es e situa\u00e7\u00f5es, mas e a prote\u00e7\u00e3o da mente?\u00a0 https:\/\/www.youtube.com\/watch?v=7SiWqsSvGwY\u00a0 Com lucidez e autoridade, Izabella Camargo prop\u00f5e de forma in\u00e9dita no Brasil os EPIs da sa\u00fade mental, para que a&hellip;","_links":{"self":[{"href":"https:\/\/goias.gov.br\/escoladesaude\/wp-json\/wp\/v2\/pages\/204626","targetHints":{"allow":["GET"]}}],"collection":[{"href":"https:\/\/goias.gov.br\/escoladesaude\/wp-json\/wp\/v2\/pages"}],"about":[{"href":"https:\/\/goias.gov.br\/escoladesaude\/wp-json\/wp\/v2\/types\/page"}],"author":[{"embeddable":true,"href":"https:\/\/goias.gov.br\/escoladesaude\/wp-json\/wp\/v2\/users\/584"}],"replies":[{"embeddable":true,"href":"https:\/\/goias.gov.br\/escoladesaude\/wp-json\/wp\/v2\/comments?post=204626"}],"version-history":[{"count":2,"href":"https:\/\/goias.gov.br\/escoladesaude\/wp-json\/wp\/v2\/pages\/204626\/revisions"}],"predecessor-version":[{"id":204643,"href":"https:\/\/goias.gov.br\/escoladesaude\/wp-json\/wp\/v2\/pages\/204626\/revisions\/204643"}],"wp:attachment":[{"href":"https:\/\/goias.gov.br\/escoladesaude\/wp-json\/wp\/v2\/media?parent=204626"}],"curies":[{"name":"wp","href":"https:\/\/api.w.org\/{rel}","templated":true}]}}