{"id":204612,"date":"2026-08-17T10:19:33","date_gmt":"2026-08-17T13:19:33","guid":{"rendered":"https:\/\/goias.gov.br\/escoladesaude\/?page_id=204612"},"modified":"2026-08-17T10:33:22","modified_gmt":"2026-08-17T13:33:22","slug":"saude-organizacional-e-futuro-cursos","status":"publish","type":"page","link":"https:\/\/goias.gov.br\/escoladesaude\/saude-organizacional-e-futuro-cursos\/","title":{"rendered":"Sa\u00fade Organizacional e Futuro &#8211; cursos"},"content":{"rendered":"\t\t<div data-elementor-type=\"wp-page\" data-elementor-id=\"204612\" class=\"elementor elementor-204612\">\n\t\t\t\t<div class=\"elementor-element elementor-element-7d17796e e-con e-atomic-element e-flexbox-base e-7d17796e-a6d9576 \" data-id=\"7d17796e\" data-element_type=\"e-flexbox\" data-e-type=\"e-flexbox\" data-interaction-id=\"7d17796e\">\n    <div class=\"elementor-element elementor-element-2d828cde e-con e-atomic-element e-flexbox-base e-2d828cde-fc690dd \" data-id=\"2d828cde\" data-element_type=\"e-flexbox\" data-e-type=\"e-flexbox\" data-interaction-id=\"2d828cde\">\n    \t\t\t<img fetchpriority=\"high\" decoding=\"async\" class=\"e-image-base e-764eb561-8e38e77\" data-interaction-id=\"764eb561\" id=\"204615\" src=\"https:\/\/goias.gov.br\/escoladesaude\/wp-content\/uploads\/sites\/59\/2026\/08\/unnamed-59-300x189.png\" width=\"300\" height=\"189\" srcset=\"https:\/\/goias.gov.br\/escoladesaude\/wp-content\/uploads\/sites\/59\/2026\/08\/unnamed-59-300x189.png 300w, https:\/\/goias.gov.br\/escoladesaude\/wp-content\/uploads\/sites\/59\/2026\/08\/unnamed-59.png 509w\" alt=\"\"\/>\t\t\n<\/div>\n<div class=\"elementor-element elementor-element-602a5bcd e-con e-atomic-element e-flexbox-base e-602a5bcd-8d56c44 \" data-id=\"602a5bcd\" data-element_type=\"e-flexbox\" data-e-type=\"e-flexbox\" data-interaction-id=\"602a5bcd\">\n    \t\t\t<img decoding=\"async\" class=\"e-image-base e-5a7c3538-2cb697a\" data-interaction-id=\"5a7c3538\" id=\"204616\" src=\"https:\/\/goias.gov.br\/escoladesaude\/wp-content\/uploads\/sites\/59\/2026\/08\/unnamed-60-300x199.png\" width=\"300\" height=\"199\" srcset=\"https:\/\/goias.gov.br\/escoladesaude\/wp-content\/uploads\/sites\/59\/2026\/08\/unnamed-60-300x199.png 300w, https:\/\/goias.gov.br\/escoladesaude\/wp-content\/uploads\/sites\/59\/2026\/08\/unnamed-60.png 505w\" alt=\"\"\/>\t\t\n<\/div>\n\n<\/div>\n<div class=\"elementor-element elementor-element-10e2684f e-con e-atomic-element e-flexbox-base e-10e2684f-ac45e70 \" data-id=\"10e2684f\" data-element_type=\"e-flexbox\" data-e-type=\"e-flexbox\" data-interaction-id=\"10e2684f\">\n    <div class=\"elementor-element elementor-element-1d681353 e-con e-atomic-element e-flexbox-base e-1d681353-9f73230 \" data-id=\"1d681353\" data-element_type=\"e-flexbox\" data-e-type=\"e-flexbox\" data-interaction-id=\"1d681353\">\n    \t\t<div class=\"elementor-element elementor-element-6e1d16f3 elementor-widget__width-initial elementor-widget elementor-widget-text-editor\" data-id=\"6e1d16f3\" data-element_type=\"widget\" data-e-type=\"widget\" data-widget_type=\"text-editor.default\">\n\t\t\t\t\t\t\t\t\t<div class=\"oKdM2c ZZyype Kzv0Me\"><div id=\"h.154a9d5cfd5cf880_259\" class=\"hJDwNd-AhqUyc-Clt0zb Ft7HRd-AhqUyc-Clt0zb jXK9ad D2fZ2 zu5uec OjCsFc dmUFtb\"><div class=\"jXK9ad-SmKAyb\"><div class=\"tyJCtd mGzaTb Depvyb baZpAe\"><div class=\"CjVfdc\" style=\"text-align: justify;\"><div class=\"oKdM2c ZZyype Kzv0Me\"><div id=\"h.59a13bd48295c7d_12\" class=\"hJDwNd-AhqUyc-Clt0zb Ft7HRd-AhqUyc-Clt0zb jXK9ad D2fZ2 zu5uec OjCsFc dmUFtb\"><div class=\"jXK9ad-SmKAyb\"><div class=\"tyJCtd mGzaTb Depvyb baZpAe\"><div class=\"CjVfdc\"><div class=\"oKdM2c ZZyype Kzv0Me\"><div id=\"h.4cdc8775bec4b176_61\" class=\"hJDwNd-AhqUyc-Clt0zb Ft7HRd-AhqUyc-Clt0zb jXK9ad D2fZ2 zu5uec OjCsFc dmUFtb\"><div class=\"jXK9ad-SmKAyb\"><div class=\"tyJCtd mGzaTb Depvyb baZpAe\"><div class=\"CjVfdc\"><strong><span class=\"jgG6ef C9DxTc \" style=\"color: #000000;\">Employee Experience (EX): Engajamento e Produtividade no Setor P\u00fablico<\/span><\/strong><\/div><\/div><\/div><\/div><\/div><div class=\"oKdM2c ZZyype\"><div id=\"h.4cdc8775bec4b176_63\" class=\"hJDwNd-AhqUyc-Clt0zb Ft7HRd-AhqUyc-Clt0zb jXK9ad D2fZ2 zu5uec wHaque g5GTcb\"><div class=\"jXK9ad-SmKAyb\"><div class=\"tyJCtd mGzaTb Depvyb baZpAe\"><p class=\"zfr3Q CDt4Ke \" dir=\"ltr\"><span style=\"color: #000000;\"><span class=\"C9DxTc \">Transforme a experi\u00eancia dos servidores e eleve o engajamento e a produtividade no setor p\u00fablico! O curso aborda EX e produtividade, seguran\u00e7a psicol\u00f3gica e confian\u00e7a criativa, comunica\u00e7\u00e3o organizacional emp\u00e1tica com storytelling de dados e boas pr\u00e1ticas de employee experience para a transforma\u00e7\u00e3o digital. Destinado a gestores, l\u00edderes de RH e profissionais que desejam melhorar o ambiente de trabalho e os resultados das equipes p\u00fablicas.<\/span><span class=\"C9DxTc \">\u00a0<\/span><\/span><\/p><p class=\"zfr3Q CDt4Ke \" dir=\"ltr\"><a class=\"XqQF9c\" href=\"https:\/\/www.escolavirtual.gov.br\/curso\/805\" target=\"_blank\" rel=\"noopener\"><span class=\"C9DxTc aw5Odc \">https:\/\/www.escolavirtual.gov.br\/curso\/805<\/span><\/a><span class=\"C9DxTc \">\u00a0<\/span><\/p><p class=\"zfr3Q CDt4Ke \" dir=\"ltr\"><span class=\"C9DxTc \" style=\"color: #000000;\">Conte\u00fado Program\u00e1tico:<\/span><\/p><ul class=\"n8H08c UVNKR \"><li class=\"zfr3Q TYR86d eD0Rn \" dir=\"ltr\"><p class=\"zfr3Q CDt4Ke \" dir=\"ltr\" role=\"presentation\"><span class=\"C9DxTc \" style=\"color: #000000;\">M\u00f3dulo 1: EX: Engajamento e Produtividade no Setor P\u00fablico;<\/span><\/p><\/li><li class=\"zfr3Q TYR86d eD0Rn \" dir=\"ltr\"><p class=\"zfr3Q CDt4Ke \" dir=\"ltr\" role=\"presentation\"><span class=\"C9DxTc \" style=\"color: #000000;\">M\u00f3dulo 2: Seguran\u00e7a Psicol\u00f3gica no Trabalho e Confian\u00e7a Criativa;<\/span><\/p><\/li><li class=\"zfr3Q TYR86d eD0Rn \" dir=\"ltr\"><p class=\"zfr3Q CDt4Ke \" dir=\"ltr\" role=\"presentation\"><span class=\"C9DxTc \" style=\"color: #000000;\">M\u00f3dulo 3: Comunica\u00e7\u00e3o Organizacional Emp\u00e1tica com Storytelling de Dados;<\/span><\/p><\/li><li class=\"zfr3Q TYR86d eD0Rn \" dir=\"ltr\"><p class=\"zfr3Q CDt4Ke \" dir=\"ltr\" role=\"presentation\"><span class=\"C9DxTc \" style=\"color: #000000;\">M\u00f3dulo 4: Boas Pr\u00e1ticas de Employee Experience para Transforma\u00e7\u00e3o Digital.<\/span><\/p><\/li><\/ul><\/div><\/div><\/div><\/div><\/div><\/div><\/div><\/div><\/div><\/div><\/div><\/div><\/div><\/div>\t\t\t\t\t\t\t\t<\/div>\n\t\t\n<\/div>\n<div class=\"elementor-element elementor-element-150ac5ce e-con e-atomic-element e-flexbox-base e-150ac5ce-90dfef4 \" data-id=\"150ac5ce\" data-element_type=\"e-flexbox\" data-e-type=\"e-flexbox\" data-interaction-id=\"150ac5ce\">\n    \t\t<div class=\"elementor-element elementor-element-65be8594 elementor-widget__width-initial elementor-widget elementor-widget-text-editor\" data-id=\"65be8594\" data-element_type=\"widget\" data-e-type=\"widget\" data-widget_type=\"text-editor.default\">\n\t\t\t\t\t\t\t\t\t<div class=\"oKdM2c ZZyype Kzv0Me\"><div id=\"h.c3b1d75f3fac136_106\" class=\"hJDwNd-AhqUyc-Clt0zb Ft7HRd-AhqUyc-Clt0zb jXK9ad D2fZ2 zu5uec OjCsFc dmUFtb\" style=\"text-align: justify;\"><div class=\"jXK9ad-SmKAyb\"><div class=\"tyJCtd mGzaTb Depvyb baZpAe\"><div class=\"CjVfdc\" style=\"text-align: justify;\"><div class=\"oKdM2c ZZyype Kzv0Me\"><div id=\"h.1df5b4fd44e252d_76\" class=\"hJDwNd-AhqUyc-Clt0zb Ft7HRd-AhqUyc-Clt0zb jXK9ad D2fZ2 zu5uec OjCsFc dmUFtb\"><div class=\"jXK9ad-SmKAyb\"><div class=\"tyJCtd mGzaTb Depvyb baZpAe\"><div class=\"CjVfdc\"><div class=\"oKdM2c ZZyype Kzv0Me\"><div id=\"h.4cdc8775bec4b176_221\" class=\"hJDwNd-AhqUyc-Clt0zb Ft7HRd-AhqUyc-Clt0zb jXK9ad D2fZ2 zu5uec OjCsFc dmUFtb\"><div class=\"jXK9ad-SmKAyb\"><div class=\"tyJCtd mGzaTb Depvyb baZpAe\"><div class=\"oKdM2c ZZyype Kzv0Me\"><div id=\"h.4cdc8775bec4b176_269\" class=\"hJDwNd-AhqUyc-Clt0zb Ft7HRd-AhqUyc-Clt0zb jXK9ad D2fZ2 zu5uec OjCsFc dmUFtb\"><div class=\"jXK9ad-SmKAyb\"><div class=\"tyJCtd mGzaTb Depvyb baZpAe\"><div class=\"CjVfdc\"><strong><span class=\"jgG6ef C9DxTc \" style=\"color: #000000;\">Planejamento Estrat\u00e9gico para Organiza\u00e7\u00f5es P\u00fablicas<\/span><\/strong><\/div><\/div><\/div><\/div><\/div><div class=\"oKdM2c ZZyype\"><div id=\"h.4cdc8775bec4b176_271\" class=\"hJDwNd-AhqUyc-Clt0zb Ft7HRd-AhqUyc-Clt0zb jXK9ad D2fZ2 zu5uec wHaque g5GTcb\"><div class=\"jXK9ad-SmKAyb\"><div class=\"tyJCtd mGzaTb Depvyb baZpAe\"><p class=\"zfr3Q CDt4Ke \" dir=\"ltr\"><span style=\"color: #000000;\"><span class=\"C9DxTc \">Desenvolva compet\u00eancias de planejamento estrat\u00e9gico aplicadas \u00e0s organiza\u00e7\u00f5es p\u00fablicas! O curso aborda o pensamento estrat\u00e9gico, a constru\u00e7\u00e3o de estrat\u00e9gia, a tradu\u00e7\u00e3o da estrat\u00e9gia em objetivos e metas e o projeto de implementa\u00e7\u00e3o da gest\u00e3o estrat\u00e9gica. Destinado a gestores, analistas e l\u00edderes do setor p\u00fablico que desejam estruturar processos de planejamento mais robustos, alinhados \u00e0s prioridades institucionais e orientados \u00e0 entrega de resultados para a sociedade.<\/span><span class=\"C9DxTc \">\u00a0<\/span><\/span><\/p><p class=\"zfr3Q CDt4Ke \" dir=\"ltr\"><a class=\"XqQF9c\" href=\"https:\/\/www.escolavirtual.gov.br\/curso\/107\" target=\"_blank\" rel=\"noopener\"><span class=\"C9DxTc aw5Odc \">https:\/\/www.escolavirtual.gov.br\/curso\/107<\/span><\/a><span class=\"C9DxTc \">\u00a0<\/span><\/p><p class=\"zfr3Q CDt4Ke \" dir=\"ltr\"><span class=\"C9DxTc \" style=\"color: #000000;\">Conte\u00fado Program\u00e1tico:<\/span><\/p><ul class=\"n8H08c UVNKR \"><li class=\"zfr3Q TYR86d eD0Rn \" dir=\"ltr\"><p class=\"zfr3Q CDt4Ke \" dir=\"ltr\" role=\"presentation\"><span class=\"C9DxTc \" style=\"color: #000000;\">M\u00f3dulo 1 : Pensamento Estrat\u00e9gico<\/span><\/p><\/li><li class=\"zfr3Q TYR86d eD0Rn \" dir=\"ltr\"><p class=\"zfr3Q CDt4Ke \" dir=\"ltr\" role=\"presentation\"><span class=\"C9DxTc \" style=\"color: #000000;\">M\u00f3dulo 2 : Constru\u00e7\u00e3o de Estrat\u00e9gia<\/span><\/p><\/li><li class=\"zfr3Q TYR86d eD0Rn \" dir=\"ltr\"><p class=\"zfr3Q CDt4Ke \" dir=\"ltr\" role=\"presentation\"><span class=\"C9DxTc \" style=\"color: #000000;\">M\u00f3dulo 3 : Tradu\u00e7\u00e3o da Estrat\u00e9gia<\/span><\/p><\/li><li class=\"zfr3Q TYR86d eD0Rn \" dir=\"ltr\"><p class=\"zfr3Q CDt4Ke \" dir=\"ltr\" role=\"presentation\"><span class=\"C9DxTc \" style=\"color: #000000;\">M\u00f3dulo 4 : Projeto de Implementa\u00e7\u00e3o da Gest\u00e3o Estrat\u00e9gica<\/span><\/p><\/li><\/ul><\/div><\/div><\/div><\/div><\/div><\/div><\/div><\/div><\/div><\/div><\/div><\/div><\/div><\/div><\/div><\/div><\/div><\/div>\t\t\t\t\t\t\t\t<\/div>\n\t\t\n<\/div>\n\n<\/div>\n<div class=\"elementor-element elementor-element-32f3447a e-con e-atomic-element e-flexbox-base e-32f3447a-fa1a48b \" data-id=\"32f3447a\" data-element_type=\"e-flexbox\" data-e-type=\"e-flexbox\" data-interaction-id=\"32f3447a\">\n    <div class=\"elementor-element elementor-element-774e5019 e-con e-atomic-element e-flexbox-base e-774e5019-13d37ec \" data-id=\"774e5019\" data-element_type=\"e-flexbox\" data-e-type=\"e-flexbox\" data-interaction-id=\"774e5019\">\n    \t\t\t<img decoding=\"async\" class=\"e-image-base e-3f5bebd3-c629c66\" data-interaction-id=\"3f5bebd3\" id=\"204617\" src=\"https:\/\/goias.gov.br\/escoladesaude\/wp-content\/uploads\/sites\/59\/2026\/08\/unnamed-61-300x213.png\" width=\"300\" height=\"213\" srcset=\"https:\/\/goias.gov.br\/escoladesaude\/wp-content\/uploads\/sites\/59\/2026\/08\/unnamed-61-300x213.png 300w, https:\/\/goias.gov.br\/escoladesaude\/wp-content\/uploads\/sites\/59\/2026\/08\/unnamed-61.png 515w\" alt=\"\"\/>\t\t\n<\/div>\n<div class=\"elementor-element elementor-element-10d38f24 e-con e-atomic-element e-flexbox-base e-10d38f24-5f061a9 \" data-id=\"10d38f24\" data-element_type=\"e-flexbox\" data-e-type=\"e-flexbox\" data-interaction-id=\"10d38f24\">\n    \t\t\t<img loading=\"lazy\" decoding=\"async\" class=\"e-image-base e-77d67a1-8e23af9\" data-interaction-id=\"77d67a1\" id=\"204618\" src=\"https:\/\/goias.gov.br\/escoladesaude\/wp-content\/uploads\/sites\/59\/2026\/08\/unnamed-62-300x202.png\" width=\"300\" height=\"202\" srcset=\"https:\/\/goias.gov.br\/escoladesaude\/wp-content\/uploads\/sites\/59\/2026\/08\/unnamed-62-300x202.png 300w, https:\/\/goias.gov.br\/escoladesaude\/wp-content\/uploads\/sites\/59\/2026\/08\/unnamed-62.png 513w\" alt=\"\"\/>\t\t\n<\/div>\n\n<\/div>\n<div class=\"elementor-element elementor-element-597e9f2d e-con e-atomic-element e-flexbox-base e-597e9f2d-ce9e527 \" data-id=\"597e9f2d\" data-element_type=\"e-flexbox\" data-e-type=\"e-flexbox\" data-interaction-id=\"597e9f2d\">\n    <div class=\"elementor-element elementor-element-6c438093 e-con e-atomic-element e-flexbox-base e-6c438093-e612981 \" data-id=\"6c438093\" data-element_type=\"e-flexbox\" data-e-type=\"e-flexbox\" data-interaction-id=\"6c438093\">\n    \t\t<div class=\"elementor-element elementor-element-3800c398 elementor-widget__width-initial elementor-widget elementor-widget-text-editor\" data-id=\"3800c398\" data-element_type=\"widget\" data-e-type=\"widget\" data-widget_type=\"text-editor.default\">\n\t\t\t\t\t\t\t\t\t<div class=\"oKdM2c ZZyype Kzv0Me\"><div id=\"h.154a9d5cfd5cf880_259\" class=\"hJDwNd-AhqUyc-Clt0zb Ft7HRd-AhqUyc-Clt0zb jXK9ad D2fZ2 zu5uec OjCsFc dmUFtb\"><div class=\"jXK9ad-SmKAyb\"><div class=\"tyJCtd mGzaTb Depvyb baZpAe\"><div class=\"CjVfdc\" style=\"text-align: justify;\"><div class=\"oKdM2c ZZyype Kzv0Me\"><div id=\"h.5a7102d3dda793b4_46\" class=\"hJDwNd-AhqUyc-Clt0zb Ft7HRd-AhqUyc-Clt0zb jXK9ad D2fZ2 zu5uec OjCsFc dmUFtb\"><div class=\"jXK9ad-SmKAyb\"><div class=\"tyJCtd mGzaTb Depvyb baZpAe\"><div class=\"CjVfdc\"><div class=\"oKdM2c ZZyype Kzv0Me\"><div id=\"h.c3b1d75f3fac136_84\" class=\"hJDwNd-AhqUyc-Clt0zb Ft7HRd-AhqUyc-Clt0zb jXK9ad D2fZ2 zu5uec OjCsFc dmUFtb\"><div class=\"jXK9ad-SmKAyb\"><div class=\"tyJCtd mGzaTb Depvyb baZpAe\"><div class=\"CjVfdc\"><div class=\"oKdM2c ZZyype Kzv0Me\"><div id=\"h.1df5b4fd44e252d_92\" class=\"hJDwNd-AhqUyc-Clt0zb Ft7HRd-AhqUyc-Clt0zb jXK9ad D2fZ2 zu5uec OjCsFc dmUFtb\"><div class=\"jXK9ad-SmKAyb\"><div class=\"tyJCtd mGzaTb Depvyb baZpAe\"><div class=\"CjVfdc\"><div class=\"oKdM2c ZZyype Kzv0Me\"><div id=\"h.4cdc8775bec4b176_221\" class=\"hJDwNd-AhqUyc-Clt0zb Ft7HRd-AhqUyc-Clt0zb jXK9ad D2fZ2 zu5uec OjCsFc dmUFtb\"><div class=\"jXK9ad-SmKAyb\"><div class=\"tyJCtd mGzaTb Depvyb baZpAe\"><p id=\"h.ow78f8ylhhpa\" class=\"zfr3Q CDt4Ke \" dir=\"ltr\"><strong><span class=\"jgG6ef C9DxTc \" style=\"color: #000000;\">Gest\u00e3o Estrat\u00e9gica e Inova\u00e7\u00e3o nas Empresas Estatais<\/span><\/strong><\/p><\/div><\/div><\/div><\/div><div class=\"oKdM2c ZZyype\"><div id=\"h.4cdc8775bec4b176_223\" class=\"hJDwNd-AhqUyc-Clt0zb Ft7HRd-AhqUyc-Clt0zb jXK9ad D2fZ2 zu5uec wHaque g5GTcb\"><div class=\"jXK9ad-SmKAyb\"><div class=\"tyJCtd mGzaTb Depvyb baZpAe\"><p class=\"zfr3Q CDt4Ke \" dir=\"ltr\"><span class=\"C9DxTc \" style=\"color: #000000;\">Desenvolva estrat\u00e9gia e inova\u00e7\u00e3o nas empresas estatais com foco em resultados e responsabilidade! O curso aborda planejamento estrat\u00e9gico, plano de neg\u00f3cios e metas, a agenda ODS\/ESG e diversidade, pol\u00edticas p\u00fablicas aplicadas \u00e0s estatais e inova\u00e7\u00e3o como vetor de transforma\u00e7\u00e3o. Destinado a diretores, conselheiros e gestores de empresas estatais que desejam alinhar a estrat\u00e9gia empresarial \u00e0s demandas de sustentabilidade, diversidade e inova\u00e7\u00e3o.<\/span><span class=\"C9DxTc \">\u00a0<\/span><\/p><p class=\"zfr3Q CDt4Ke \" dir=\"ltr\"><a class=\"XqQF9c\" href=\"https:\/\/www.escolavirtual.gov.br\/curso\/1398\" target=\"_blank\" rel=\"noopener\"><span class=\"C9DxTc aw5Odc \">https:\/\/www.escolavirtual.gov.br\/curso\/1398<\/span><\/a><span class=\"C9DxTc \">\u00a0<\/span><\/p><p class=\"zfr3Q CDt4Ke \" dir=\"ltr\"><span class=\"C9DxTc \" style=\"color: #000000;\">Conte\u00fado Program\u00e1tico:<\/span><\/p><ul class=\"n8H08c UVNKR \"><li class=\"zfr3Q TYR86d eD0Rn \" dir=\"ltr\"><p class=\"zfr3Q CDt4Ke \" dir=\"ltr\" role=\"presentation\"><span class=\"C9DxTc \" style=\"color: #000000;\">M\u00f3dulo 1 &#8211; Planejamento Estrat\u00e9gico, Plano de Neg\u00f3cios e Metas<\/span><\/p><\/li><li class=\"zfr3Q TYR86d eD0Rn \" dir=\"ltr\"><p class=\"zfr3Q CDt4Ke \" dir=\"ltr\" role=\"presentation\"><span class=\"C9DxTc \" style=\"color: #000000;\">M\u00f3dulo 2 &#8211; Agenda ODS\/ESG e Diversidade<\/span><\/p><\/li><li class=\"zfr3Q TYR86d eD0Rn \" dir=\"ltr\"><p class=\"zfr3Q CDt4Ke \" dir=\"ltr\" role=\"presentation\"><span class=\"C9DxTc \" style=\"color: #000000;\">M\u00f3dulo 3 &#8211; Pol\u00edtica P\u00fablica<\/span><\/p><\/li><li class=\"zfr3Q TYR86d eD0Rn \" dir=\"ltr\"><p class=\"zfr3Q CDt4Ke \" dir=\"ltr\" role=\"presentation\"><span class=\"C9DxTc \" style=\"color: #000000;\">M\u00f3dulo 4 &#8211; Inova\u00e7\u00e3o<\/span><\/p><\/li><\/ul><\/div><\/div><\/div><\/div><\/div><\/div><\/div><\/div><\/div><\/div><\/div><\/div><\/div><\/div><\/div><\/div><\/div><\/div><\/div><\/div><\/div><\/div><\/div><\/div>\t\t\t\t\t\t\t\t<\/div>\n\t\t\n<\/div>\n<div class=\"elementor-element elementor-element-64115ec8 e-con e-atomic-element e-flexbox-base e-64115ec8-95440d1 \" data-id=\"64115ec8\" data-element_type=\"e-flexbox\" data-e-type=\"e-flexbox\" data-interaction-id=\"64115ec8\">\n    \t\t<div class=\"elementor-element elementor-element-24e06dc8 elementor-widget__width-initial elementor-widget elementor-widget-text-editor\" data-id=\"24e06dc8\" data-element_type=\"widget\" data-e-type=\"widget\" data-widget_type=\"text-editor.default\">\n\t\t\t\t\t\t\t\t\t<div class=\"oKdM2c ZZyype Kzv0Me\"><div id=\"h.c3b1d75f3fac136_106\" class=\"hJDwNd-AhqUyc-Clt0zb Ft7HRd-AhqUyc-Clt0zb jXK9ad D2fZ2 zu5uec OjCsFc dmUFtb\" style=\"text-align: justify;\"><div class=\"jXK9ad-SmKAyb\"><div class=\"tyJCtd mGzaTb Depvyb baZpAe\"><div class=\"CjVfdc\" style=\"text-align: justify;\"><div class=\"oKdM2c ZZyype Kzv0Me\"><div id=\"h.1df5b4fd44e252d_8\" class=\"hJDwNd-AhqUyc-Clt0zb Ft7HRd-AhqUyc-Clt0zb jXK9ad D2fZ2 zu5uec OjCsFc dmUFtb\"><div class=\"jXK9ad-SmKAyb\"><div class=\"tyJCtd mGzaTb Depvyb baZpAe\"><div class=\"CjVfdc\"><div class=\"oKdM2c ZZyype Kzv0Me\"><div id=\"h.5a7102d3dda793b4_46\" class=\"hJDwNd-AhqUyc-Clt0zb Ft7HRd-AhqUyc-Clt0zb jXK9ad D2fZ2 zu5uec OjCsFc dmUFtb\"><div class=\"jXK9ad-SmKAyb\"><div class=\"tyJCtd mGzaTb Depvyb baZpAe\"><div class=\"CjVfdc\"><div class=\"oKdM2c ZZyype Kzv0Me\"><div id=\"h.1df5b4fd44e252d_146\" class=\"hJDwNd-AhqUyc-Clt0zb Ft7HRd-AhqUyc-Clt0zb jXK9ad D2fZ2 zu5uec OjCsFc dmUFtb\"><div class=\"jXK9ad-SmKAyb\"><div class=\"tyJCtd mGzaTb Depvyb baZpAe\"><div class=\"CjVfdc\"><div class=\"oKdM2c ZZyype Kzv0Me\"><div id=\"h.4cdc8775bec4b176_237\" class=\"hJDwNd-AhqUyc-Clt0zb Ft7HRd-AhqUyc-Clt0zb jXK9ad D2fZ2 zu5uec OjCsFc dmUFtb\"><div class=\"jXK9ad-SmKAyb\"><div class=\"tyJCtd mGzaTb Depvyb baZpAe\"><div class=\"CjVfdc\"><strong><span class=\"jgG6ef C9DxTc \" style=\"color: #000000;\">Cultura Organizacional \u00c1gil Aplicada ao Contexto P\u00fablico<\/span><\/strong><\/div><\/div><\/div><\/div><\/div><div class=\"oKdM2c ZZyype\"><div id=\"h.4cdc8775bec4b176_239\" class=\"hJDwNd-AhqUyc-Clt0zb Ft7HRd-AhqUyc-Clt0zb jXK9ad D2fZ2 zu5uec wHaque g5GTcb\"><div class=\"jXK9ad-SmKAyb\"><div class=\"tyJCtd mGzaTb Depvyb baZpAe\"><p class=\"zfr3Q CDt4Ke \" dir=\"ltr\"><span style=\"color: #000000;\"><span class=\"C9DxTc \">Construa uma cultura organizacional \u00e1gil no setor p\u00fablico com estrat\u00e9gia e gest\u00e3o da mudan\u00e7a! O curso aborda a compreens\u00e3o da cultura organizacional, a cultura \u00e1gil e sua aplica\u00e7\u00e3o e a gest\u00e3o da mudan\u00e7a para a transi\u00e7\u00e3o. Destinado a gestores, l\u00edderes de transforma\u00e7\u00e3o e analistas que buscam cultivar uma cultura de agilidade nas organiza\u00e7\u00f5es p\u00fablicas, promovendo mentalidade de melhoria cont\u00ednua, colabora\u00e7\u00e3o e adapta\u00e7\u00e3o r\u00e1pida \u00e0s mudan\u00e7as do ambiente.<\/span><span class=\"C9DxTc \">\u00a0<\/span><span class=\"C9DxTc \">\u00a0<\/span><\/span><\/p><p class=\"zfr3Q CDt4Ke \" dir=\"ltr\"><a class=\"XqQF9c\" href=\"https:\/\/www.escolavirtual.gov.br\/curso\/525\" target=\"_blank\" rel=\"noopener\"><span class=\"C9DxTc aw5Odc \">https:\/\/www.escolavirtual.gov.br\/curso\/525<\/span><\/a><span class=\"C9DxTc \">\u00a0<\/span><\/p><p class=\"zfr3Q CDt4Ke \" dir=\"ltr\"><span class=\"C9DxTc \" style=\"color: #000000;\">Conte\u00fado Program\u00e1tico:<\/span><\/p><ul class=\"n8H08c UVNKR \"><li class=\"zfr3Q TYR86d eD0Rn \" dir=\"ltr\"><p class=\"zfr3Q CDt4Ke \" dir=\"ltr\" role=\"presentation\"><span class=\"C9DxTc \" style=\"color: #000000;\">M\u00f3dulo 1: Compreendendo a Cultura Organizacional;<\/span><\/p><\/li><li class=\"zfr3Q TYR86d eD0Rn \" dir=\"ltr\"><p class=\"zfr3Q CDt4Ke \" dir=\"ltr\" role=\"presentation\"><span class=\"C9DxTc \" style=\"color: #000000;\">M\u00f3dulo 2: A Cultura \u00c1gil e sua Aplica\u00e7\u00e3o ao Setor P\u00fablico;<\/span><\/p><\/li><li class=\"zfr3Q TYR86d eD0Rn \" dir=\"ltr\"><p class=\"zfr3Q CDt4Ke \" dir=\"ltr\" role=\"presentation\"><span class=\"C9DxTc \" style=\"color: #000000;\">M\u00f3dulo 3: Gest\u00e3o de Mudan\u00e7a.<\/span><\/p><\/li><\/ul><\/div><\/div><\/div><\/div><\/div><\/div><\/div><\/div><\/div><\/div><\/div><\/div><\/div><\/div><\/div><\/div><\/div><\/div><\/div><\/div><\/div><\/div><\/div><\/div>\t\t\t\t\t\t\t\t<\/div>\n\t\t\n<\/div>\n\n<\/div>\n<div class=\"elementor-element elementor-element-5793c96 e-con e-atomic-element e-flexbox-base e-5793c96-d26f285 \" data-id=\"5793c96\" data-element_type=\"e-flexbox\" data-e-type=\"e-flexbox\" data-interaction-id=\"5793c96\">\n    <div class=\"elementor-element elementor-element-dbd3e7f e-con e-atomic-element e-flexbox-base e-dbd3e7f-7f8a86a \" data-id=\"dbd3e7f\" data-element_type=\"e-flexbox\" data-e-type=\"e-flexbox\" data-interaction-id=\"dbd3e7f\">\n    \t\t\t<img loading=\"lazy\" decoding=\"async\" class=\"e-image-base e-31c8b90-389286e\" data-interaction-id=\"31c8b90\" id=\"204619\" src=\"https:\/\/goias.gov.br\/escoladesaude\/wp-content\/uploads\/sites\/59\/2026\/08\/unnamed-63-300x122.png\" width=\"300\" height=\"122\" srcset=\"https:\/\/goias.gov.br\/escoladesaude\/wp-content\/uploads\/sites\/59\/2026\/08\/unnamed-63-300x122.png 300w, https:\/\/goias.gov.br\/escoladesaude\/wp-content\/uploads\/sites\/59\/2026\/08\/unnamed-63-768x313.png 768w, https:\/\/goias.gov.br\/escoladesaude\/wp-content\/uploads\/sites\/59\/2026\/08\/unnamed-63.png 870w\" alt=\"\"\/>\t\t\n<\/div>\n<div class=\"elementor-element elementor-element-63acac4 e-con e-atomic-element e-flexbox-base e-63acac4-5e6fcbd \" data-id=\"63acac4\" data-element_type=\"e-flexbox\" data-e-type=\"e-flexbox\" data-interaction-id=\"63acac4\">\n    \n<\/div>\n\n<\/div>\n<div class=\"elementor-element elementor-element-6c3f481 e-con e-atomic-element e-flexbox-base e-6c3f481-b5b6b70 \" data-id=\"6c3f481\" data-element_type=\"e-flexbox\" data-e-type=\"e-flexbox\" data-interaction-id=\"6c3f481\">\n    <div class=\"elementor-element elementor-element-3f72e75 e-con e-atomic-element e-flexbox-base e-3f72e75-9fefe6d \" data-id=\"3f72e75\" data-element_type=\"e-flexbox\" data-e-type=\"e-flexbox\" data-interaction-id=\"3f72e75\">\n    \t\t<div class=\"elementor-element elementor-element-c994f58 elementor-widget__width-initial elementor-widget elementor-widget-text-editor\" data-id=\"c994f58\" data-element_type=\"widget\" data-e-type=\"widget\" data-widget_type=\"text-editor.default\">\n\t\t\t\t\t\t\t\t\t<div class=\"oKdM2c ZZyype Kzv0Me\"><div id=\"h.154a9d5cfd5cf880_259\" class=\"hJDwNd-AhqUyc-Clt0zb Ft7HRd-AhqUyc-Clt0zb jXK9ad D2fZ2 zu5uec OjCsFc dmUFtb\"><div class=\"jXK9ad-SmKAyb\"><div class=\"tyJCtd mGzaTb Depvyb baZpAe\"><div class=\"CjVfdc\" style=\"text-align: justify;\"><div class=\"oKdM2c ZZyype Kzv0Me\"><div id=\"h.5a7102d3dda793b4_46\" class=\"hJDwNd-AhqUyc-Clt0zb Ft7HRd-AhqUyc-Clt0zb jXK9ad D2fZ2 zu5uec OjCsFc dmUFtb\"><div class=\"jXK9ad-SmKAyb\"><div class=\"tyJCtd mGzaTb Depvyb baZpAe\"><div class=\"CjVfdc\"><div class=\"oKdM2c ZZyype Kzv0Me\"><div id=\"h.c3b1d75f3fac136_84\" class=\"hJDwNd-AhqUyc-Clt0zb Ft7HRd-AhqUyc-Clt0zb jXK9ad D2fZ2 zu5uec OjCsFc dmUFtb\"><div class=\"jXK9ad-SmKAyb\"><div class=\"tyJCtd mGzaTb Depvyb baZpAe\"><div class=\"CjVfdc\"><div class=\"oKdM2c ZZyype Kzv0Me\"><div id=\"h.1df5b4fd44e252d_92\" class=\"hJDwNd-AhqUyc-Clt0zb Ft7HRd-AhqUyc-Clt0zb jXK9ad D2fZ2 zu5uec OjCsFc dmUFtb\"><div class=\"jXK9ad-SmKAyb\"><div class=\"tyJCtd mGzaTb Depvyb baZpAe\"><div class=\"CjVfdc\"><div class=\"oKdM2c ZZyype Kzv0Me\"><div id=\"h.4cdc8775bec4b176_221\" class=\"hJDwNd-AhqUyc-Clt0zb Ft7HRd-AhqUyc-Clt0zb jXK9ad D2fZ2 zu5uec OjCsFc dmUFtb\"><div class=\"jXK9ad-SmKAyb\"><div class=\"tyJCtd mGzaTb Depvyb baZpAe\"><div class=\"oKdM2c ZZyype Kzv0Me\"><div id=\"h.4cdc8775bec4b176_280\" class=\"hJDwNd-AhqUyc-Clt0zb Ft7HRd-AhqUyc-Clt0zb jXK9ad D2fZ2 zu5uec OjCsFc dmUFtb\"><div class=\"jXK9ad-SmKAyb\"><div class=\"tyJCtd mGzaTb Depvyb baZpAe\"><div class=\"CjVfdc\"><strong><span class=\"jgG6ef C9DxTc \" style=\"color: #000000;\">Sa\u00fade Mental no Trabalho<\/span><\/strong><\/div><\/div><\/div><\/div><\/div><div class=\"oKdM2c ZZyype\"><div id=\"h.4cdc8775bec4b176_282\" class=\"hJDwNd-AhqUyc-Clt0zb Ft7HRd-AhqUyc-Clt0zb jXK9ad D2fZ2 zu5uec wHaque g5GTcb\"><div class=\"jXK9ad-SmKAyb\"><div class=\"tyJCtd mGzaTb Depvyb baZpAe\"><p class=\"zfr3Q CDt4Ke \" dir=\"ltr\"><span style=\"color: #000000;\"><span class=\"C9DxTc \">Promover a compreens\u00e3o cr\u00edtica sobre os determinantes sociais e organizacionais da sa\u00fade mental no trabalho e fomentar estrat\u00e9gias de promo\u00e7\u00e3o, preven\u00e7\u00e3o e cuidado nos territ\u00f3rios e institui\u00e7\u00f5es.\u2028 Compreender a import\u00e2ncia da sa\u00fade mental no ambiente laboral e como ela \u00e9 afetada pelas condi\u00e7\u00f5es de trabalho. Refletir sobre a precariza\u00e7\u00e3o e as viol\u00eancias no trabalho e suas repercuss\u00f5es na sa\u00fade mental. Desenvolver estrat\u00e9gias de identifica\u00e7\u00e3o precoce, manejo e preven\u00e7\u00e3o de transtornos mentais relacionados ao trabalho. Reconhecer e aplicar pr\u00e1ticas e pol\u00edticas de promo\u00e7\u00e3o de ambientes laborais saud\u00e1veis.<\/span><span class=\"C9DxTc \">\u00a0<\/span><\/span><\/p><p class=\"zfr3Q CDt4Ke \" dir=\"ltr\"><span style=\"color: #000000;\"><span class=\"C9DxTc \">A crescente incid\u00eancia de transtornos mentais relacionados ao trabalho, intensificada pela precariza\u00e7\u00e3o das rela\u00e7\u00f5es laborais e pela falta de pol\u00edticas institucionais de cuidado, demanda a\u00e7\u00f5es formativas que ampliem a capacidade de vigil\u00e2ncia e preven\u00e7\u00e3o no campo da sa\u00fade do trabalhador. O curso busca fortalecer a atua\u00e7\u00e3o das redes RAPS, RENASTT e CEREST, contribuindo para pr\u00e1ticas de cuidado integrais e intersetoriais.<\/span><span class=\"C9DxTc \">\u00a0<\/span><\/span><\/p><p class=\"zfr3Q CDt4Ke \" dir=\"ltr\"><a class=\"XqQF9c\" href=\"https:\/\/cursosqualificacao.campusvirtual.fiocruz.br\/hotsite\/saudemental-trabalho\/login\" target=\"_blank\" rel=\"noopener\"><span class=\"C9DxTc aw5Odc \">https:\/\/cursosqualificacao.campusvirtual.fiocruz.br\/hotsite\/saudemental-trabalho\/login<\/span><\/a><span class=\"C9DxTc \">\u00a0<\/span><\/p><\/div><\/div><\/div><\/div><\/div><\/div><\/div><\/div><\/div><\/div><\/div><\/div><\/div><\/div><\/div><\/div><\/div><\/div><\/div><\/div><\/div><\/div><\/div><\/div><\/div><\/div><\/div><\/div>\t\t\t\t\t\t\t\t<\/div>\n\t\t\n<\/div>\n\n<\/div>\n\t\t<\/div>\n\t\t","protected":false},"excerpt":{"rendered":"<p>Employee Experience (EX): Engajamento e Produtividade no Setor P\u00fablico Transforme a experi\u00eancia dos servidores e eleve o engajamento e a produtividade no setor p\u00fablico! O curso aborda EX e produtividade, seguran\u00e7a psicol\u00f3gica e confian\u00e7a criativa, comunica\u00e7\u00e3o organizacional emp\u00e1tica com storytelling de dados e boas pr\u00e1ticas de employee experience para a transforma\u00e7\u00e3o digital. Destinado a gestores, [&hellip;]<\/p>\n","protected":false},"author":584,"featured_media":0,"parent":0,"menu_order":0,"comment_status":"closed","ping_status":"closed","template":"","meta":{"footnotes":"","_links_to":"","_links_to_target":""},"class_list":["post-204612","page","type-page","status-publish","hentry"],"rttpg_featured_image_url":null,"rttpg_author":{"display_name":"angelicaabadia","author_link":"https:\/\/goias.gov.br\/escoladesaude\/author\/angelicaabadia\/"},"rttpg_comment":0,"rttpg_category":null,"rttpg_excerpt":"Employee Experience (EX): Engajamento e Produtividade no Setor P\u00fablico Transforme a experi\u00eancia dos servidores e eleve o engajamento e a produtividade no setor p\u00fablico! O curso aborda EX e produtividade, seguran\u00e7a psicol\u00f3gica e confian\u00e7a criativa, comunica\u00e7\u00e3o organizacional emp\u00e1tica com storytelling de dados e boas pr\u00e1ticas de employee experience para a transforma\u00e7\u00e3o digital. Destinado a gestores,&hellip;","_links":{"self":[{"href":"https:\/\/goias.gov.br\/escoladesaude\/wp-json\/wp\/v2\/pages\/204612","targetHints":{"allow":["GET"]}}],"collection":[{"href":"https:\/\/goias.gov.br\/escoladesaude\/wp-json\/wp\/v2\/pages"}],"about":[{"href":"https:\/\/goias.gov.br\/escoladesaude\/wp-json\/wp\/v2\/types\/page"}],"author":[{"embeddable":true,"href":"https:\/\/goias.gov.br\/escoladesaude\/wp-json\/wp\/v2\/users\/584"}],"replies":[{"embeddable":true,"href":"https:\/\/goias.gov.br\/escoladesaude\/wp-json\/wp\/v2\/comments?post=204612"}],"version-history":[{"count":2,"href":"https:\/\/goias.gov.br\/escoladesaude\/wp-json\/wp\/v2\/pages\/204612\/revisions"}],"predecessor-version":[{"id":204622,"href":"https:\/\/goias.gov.br\/escoladesaude\/wp-json\/wp\/v2\/pages\/204612\/revisions\/204622"}],"wp:attachment":[{"href":"https:\/\/goias.gov.br\/escoladesaude\/wp-json\/wp\/v2\/media?parent=204612"}],"curies":[{"name":"wp","href":"https:\/\/api.w.org\/{rel}","templated":true}]}}