{"id":204242,"date":"2026-08-06T08:45:52","date_gmt":"2026-08-06T11:45:52","guid":{"rendered":"https:\/\/goias.gov.br\/escoladesaude\/?page_id=204242"},"modified":"2026-08-14T09:40:57","modified_gmt":"2026-08-14T12:40:57","slug":"autolideranca-livros-artigos-e-casos-de-sucesso","status":"publish","type":"page","link":"https:\/\/goias.gov.br\/escoladesaude\/autolideranca-livros-artigos-e-casos-de-sucesso\/","title":{"rendered":"Autolideran\u00e7a &#8211; Livros, artigos e casos de sucesso"},"content":{"rendered":"\t\t<div data-elementor-type=\"wp-page\" data-elementor-id=\"204242\" class=\"elementor elementor-204242\">\n\t\t\t\t<div class=\"elementor-element elementor-element-6206b6f e-con e-atomic-element e-flexbox-base e-6206b6f-8703058 \" data-id=\"6206b6f\" data-element_type=\"e-flexbox\" data-e-type=\"e-flexbox\" data-interaction-id=\"6206b6f\">\n    <div class=\"elementor-element elementor-element-1b55221 e-con e-atomic-element e-flexbox-base e-1b55221-4888398 \" data-id=\"1b55221\" data-element_type=\"e-flexbox\" data-e-type=\"e-flexbox\" data-interaction-id=\"1b55221\">\n    \t\t\t<img fetchpriority=\"high\" decoding=\"async\" class=\"e-image-base e-4044d5b-30220f7\" data-interaction-id=\"4044d5b\" id=\"204252\" src=\"https:\/\/goias.gov.br\/escoladesaude\/wp-content\/uploads\/sites\/59\/2026\/08\/unnamed-14.png\" width=\"1278\" height=\"245\" srcset=\"https:\/\/goias.gov.br\/escoladesaude\/wp-content\/uploads\/sites\/59\/2026\/08\/unnamed-14.png 1278w, https:\/\/goias.gov.br\/escoladesaude\/wp-content\/uploads\/sites\/59\/2026\/08\/unnamed-14-300x58.png 300w, https:\/\/goias.gov.br\/escoladesaude\/wp-content\/uploads\/sites\/59\/2026\/08\/unnamed-14-1024x196.png 1024w, https:\/\/goias.gov.br\/escoladesaude\/wp-content\/uploads\/sites\/59\/2026\/08\/unnamed-14-768x147.png 768w\" alt=\"\"\/>\t\t\n<\/div>\n<div class=\"elementor-element elementor-element-14b4228 e-con e-atomic-element e-flexbox-base e-14b4228-87a15f9 \" data-id=\"14b4228\" data-element_type=\"e-flexbox\" data-e-type=\"e-flexbox\" data-interaction-id=\"14b4228\">\n    \t\t\t<img decoding=\"async\" class=\"e-image-base e-f218a58-b5ab773\" data-interaction-id=\"f218a58\" id=\"204251\" src=\"https:\/\/goias.gov.br\/escoladesaude\/wp-content\/uploads\/sites\/59\/2026\/08\/unnamed-15-288x300.png\" width=\"288\" height=\"300\" srcset=\"https:\/\/goias.gov.br\/escoladesaude\/wp-content\/uploads\/sites\/59\/2026\/08\/unnamed-15-288x300.png 288w, https:\/\/goias.gov.br\/escoladesaude\/wp-content\/uploads\/sites\/59\/2026\/08\/unnamed-15-768x800.png 768w, https:\/\/goias.gov.br\/escoladesaude\/wp-content\/uploads\/sites\/59\/2026\/08\/unnamed-15.png 791w\" alt=\"\"\/>\t\t\n<\/div>\n\n<\/div>\n<div class=\"elementor-element elementor-element-b98b8b9 e-con e-atomic-element e-flexbox-base e-b98b8b9-d23c5a9 \" data-id=\"b98b8b9\" data-element_type=\"e-flexbox\" data-e-type=\"e-flexbox\" data-interaction-id=\"b98b8b9\">\n    <div class=\"elementor-element elementor-element-215dabc e-con e-atomic-element e-flexbox-base e-215dabc-fdd89d1 \" data-id=\"215dabc\" data-element_type=\"e-flexbox\" data-e-type=\"e-flexbox\" data-interaction-id=\"215dabc\">\n    \t\t<div class=\"elementor-element elementor-element-b74ea15 elementor-widget elementor-widget-text-editor\" data-id=\"b74ea15\" data-element_type=\"widget\" data-e-type=\"widget\" data-widget_type=\"text-editor.default\">\n\t\t\t\t\t\t\t\t\t<div class=\"oKdM2c ZZyype Kzv0Me\"><div id=\"h.5a7102d3dda793b4_73\" class=\"hJDwNd-AhqUyc-Clt0zb Ft7HRd-AhqUyc-Clt0zb jXK9ad D2fZ2 zu5uec OjCsFc dmUFtb\"><div class=\"jXK9ad-SmKAyb\"><div class=\"tyJCtd mGzaTb Depvyb baZpAe\"><p class=\"zfr3Q CDt4Ke \" dir=\"ltr\" style=\"text-align: justify;\"><strong><span style=\"color: #000000;\"><span class=\"jgG6ef C9DxTc \">Lideran\u00e7a e processos intersubjetivos em organiza\u00e7\u00f5es p\u00fablicas de sa\u00fade<\/span><span class=\"jgG6ef C9DxTc \">\u00a0<\/span><\/span><\/strong><\/p><\/div><\/div><\/div><\/div><div class=\"oKdM2c ZZyype\"><div id=\"h.5a7102d3dda793b4_75\" class=\"hJDwNd-AhqUyc-Clt0zb Ft7HRd-AhqUyc-Clt0zb jXK9ad D2fZ2 zu5uec wHaque g5GTcb\"><div class=\"jXK9ad-SmKAyb\"><div class=\"tyJCtd mGzaTb Depvyb baZpAe\"><p class=\"zfr3Q CDt4Ke \" dir=\"ltr\" style=\"text-align: justify;\"><span class=\"C9DxTc \" style=\"color: #000000;\">Artigo<\/span><\/p><p class=\"zfr3Q CDt4Ke \" dir=\"ltr\" style=\"text-align: justify;\"><span style=\"color: #000000;\"><span class=\"C9DxTc \">Lideran\u00e7a e processos intersubjetivos em organiza\u00e7\u00f5es p\u00fablicas de sa\u00fade<\/span><span class=\"C9DxTc \"> \u2014 excelente para conectar lideran\u00e7a, subjetividade e gest\u00e3o em sa\u00fade.\u00a0<\/span><\/span><\/p><p class=\"zfr3Q CDt4Ke \" dir=\"ltr\" style=\"text-align: justify;\"><a class=\"XqQF9c\" href=\"https:\/\/www.scielo.br\/j\/csc\/a\/cTKhP6RkcvH8d7hmBmVXJKB\/?lang=pt\" target=\"_blank\" rel=\"noopener\"><span class=\"C9DxTc aw5Odc \">https:\/\/www.scielo.br\/j\/csc\/a\/cTKhP6RkcvH8d7hmBmVXJKB\/?lang=pt\u00a0<\/span><\/a><\/p><\/div><\/div><\/div><\/div>\t\t\t\t\t\t\t\t<\/div>\n\t\t\n<\/div>\n<div class=\"elementor-element elementor-element-9775639 e-con e-atomic-element e-flexbox-base e-9775639-dfce5c9 \" data-id=\"9775639\" data-element_type=\"e-flexbox\" data-e-type=\"e-flexbox\" data-interaction-id=\"9775639\">\n    \t\t<div class=\"elementor-element elementor-element-195b389 elementor-widget__width-initial elementor-widget elementor-widget-text-editor\" data-id=\"195b389\" data-element_type=\"widget\" data-e-type=\"widget\" data-widget_type=\"text-editor.default\">\n\t\t\t\t\t\t\t\t\t<div class=\"oKdM2c ZZyype Kzv0Me\"><div id=\"h.2d76853b0c330544_120\" class=\"hJDwNd-AhqUyc-Clt0zb Ft7HRd-AhqUyc-Clt0zb jXK9ad D2fZ2 zu5uec OjCsFc dmUFtb\"><div class=\"jXK9ad-SmKAyb\"><div class=\"tyJCtd mGzaTb Depvyb baZpAe\"><div class=\"CjVfdc\" style=\"text-align: left;\"><strong><span class=\"jgG6ef C9DxTc \" style=\"color: #000000;\">AUTOLIDERAN\u00c7A COMO CONJUNTO DE META-HABILIDADES PSICOCOMPORTAMENTAIS DE SUPORTE \u00c0 APRENDIZAGEM E PERFOMANCE INDIVIDUAL\u00a0<\/span><\/strong><\/div><\/div><\/div><\/div><\/div><div class=\"oKdM2c ZZyype\"><div id=\"h.2d76853b0c330544_122\" class=\"hJDwNd-AhqUyc-Clt0zb Ft7HRd-AhqUyc-Clt0zb jXK9ad D2fZ2 zu5uec wHaque g5GTcb\"><div class=\"jXK9ad-SmKAyb\"><div class=\"tyJCtd mGzaTb Depvyb baZpAe\"><p class=\"zfr3Q CDt4Ke \" dir=\"ltr\" style=\"text-align: justify;\"><span class=\"C9DxTc \" style=\"color: #000000;\">Que estrat\u00e9gias de suporte psicol\u00f3gico e comportamental \u00e0 aprendizagem e desempenho, em contexto de ampla aplicabilidade, podem ser \u00fateis para a vida profissional e particular de um indiv\u00edduo? Uma poss\u00edvel resposta para essa quest\u00e3o s\u00e3o as estrat\u00e9gias de autolideran\u00e7a, que envolvem estrat\u00e9gias cognitivas, comportamentais, e de busca por recompensas intr\u00ednsecas \u00e0s atividades a serem desempenhadas.\u00a0<\/span><\/p><p class=\"zfr3Q CDt4Ke \" dir=\"ltr\" style=\"text-align: justify;\"><a href=\"https:\/\/sites.tcu.gov.br\/recursos\/trabalhos-pos-graduacao\/pdfs\/Autolideran%C3%A7a%20como%20conjunto%20demeta-habilidades%20psicocomportamentais%20de%20suporte%20%C3%A0%20aprendizagem%20e%20.pdf\">Acesse aqui<\/a><\/p><\/div><\/div><\/div><\/div>\t\t\t\t\t\t\t\t<\/div>\n\t\t\n<\/div>\n\n<\/div>\n<div class=\"elementor-element elementor-element-23bfb82 e-con e-atomic-element e-flexbox-base e-2d78c3a \" data-id=\"23bfb82\" data-element_type=\"e-flexbox\" data-e-type=\"e-flexbox\" data-interaction-id=\"23bfb82\">\n    <div class=\"elementor-element elementor-element-02d315d e-con e-atomic-element e-flexbox-base e-2e994b2 \" data-id=\"02d315d\" data-element_type=\"e-flexbox\" data-e-type=\"e-flexbox\" data-interaction-id=\"02d315d\">\n    \t\t\t<img decoding=\"async\" class=\"e-image-base e-26d7594-1bae4cd\" data-interaction-id=\"26d7594\" id=\"204249\" src=\"https:\/\/goias.gov.br\/escoladesaude\/wp-content\/uploads\/sites\/59\/2026\/08\/unnamed-17-300x124.png\" width=\"300\" height=\"124\" srcset=\"https:\/\/goias.gov.br\/escoladesaude\/wp-content\/uploads\/sites\/59\/2026\/08\/unnamed-17-300x124.png 300w, https:\/\/goias.gov.br\/escoladesaude\/wp-content\/uploads\/sites\/59\/2026\/08\/unnamed-17.png 735w\" alt=\"\"\/>\t\t\n<\/div>\n<div class=\"elementor-element elementor-element-e35a8b1 e-con e-atomic-element e-flexbox-base e-4d18445 \" data-id=\"e35a8b1\" data-element_type=\"e-flexbox\" data-e-type=\"e-flexbox\" data-interaction-id=\"e35a8b1\">\n    \t\t\t<img loading=\"lazy\" decoding=\"async\" class=\"e-image-base e-d8b8352-7acbf69\" data-interaction-id=\"d8b8352\" id=\"204171\" src=\"https:\/\/goias.gov.br\/escoladesaude\/wp-content\/uploads\/sites\/59\/2026\/08\/unnamed-4-300x161.png\" width=\"300\" height=\"161\" srcset=\"https:\/\/goias.gov.br\/escoladesaude\/wp-content\/uploads\/sites\/59\/2026\/08\/unnamed-4-300x161.png 300w, https:\/\/goias.gov.br\/escoladesaude\/wp-content\/uploads\/sites\/59\/2026\/08\/unnamed-4.png 623w\" alt=\"\"\/>\t\t\n<\/div>\n\n<\/div>\n<div class=\"elementor-element elementor-element-751c7b8 e-con e-atomic-element e-flexbox-base e-751c7b8-630e3fa \" data-id=\"751c7b8\" data-element_type=\"e-flexbox\" data-e-type=\"e-flexbox\" data-interaction-id=\"751c7b8\">\n    <div class=\"elementor-element elementor-element-8e55da7 e-con e-atomic-element e-flexbox-base e-8e55da7-deea7d4 \" data-id=\"8e55da7\" data-element_type=\"e-flexbox\" data-e-type=\"e-flexbox\" data-interaction-id=\"8e55da7\">\n    \t\t<div class=\"elementor-element elementor-element-5a43265 elementor-widget__width-initial elementor-widget elementor-widget-text-editor\" data-id=\"5a43265\" data-element_type=\"widget\" data-e-type=\"widget\" data-widget_type=\"text-editor.default\">\n\t\t\t\t\t\t\t\t\t<div class=\"oKdM2c ZZyype Kzv0Me\"><div id=\"h.2d76853b0c330544_156\" class=\"hJDwNd-AhqUyc-Clt0zb Ft7HRd-AhqUyc-Clt0zb jXK9ad D2fZ2 zu5uec OjCsFc dmUFtb\"><div class=\"jXK9ad-SmKAyb\"><div class=\"tyJCtd mGzaTb Depvyb baZpAe\"><div class=\"CjVfdc\" style=\"text-align: justify;\"><strong><span class=\"jgG6ef C9DxTc \" style=\"color: #000000;\">Autolideran\u00e7a: compet\u00eancia para seu sucesso pessoal<\/span><\/strong><\/div><\/div><\/div><\/div><\/div><div class=\"oKdM2c ZZyype\"><div id=\"h.2d76853b0c330544_158\" class=\"hJDwNd-AhqUyc-Clt0zb Ft7HRd-AhqUyc-Clt0zb jXK9ad D2fZ2 zu5uec wHaque g5GTcb\"><div class=\"jXK9ad-SmKAyb\"><div class=\"tyJCtd mGzaTb Depvyb baZpAe\"><p class=\"zfr3Q CDt4Ke \" dir=\"ltr\" style=\"text-align: justify;\"><span class=\"C9DxTc \" style=\"color: #000000;\">A autolideran\u00e7a \u00e9 uma habilidade essencial para quem busca crescimento pessoal e profissional em um mundo cada vez mais din\u00e2mico e desafiador.<\/span><\/p><p class=\"zfr3Q CDt4Ke \" dir=\"ltr\" style=\"text-align: justify;\"><span class=\"C9DxTc \" style=\"color: #000000;\">Ser capaz de guiar suas pr\u00f3prias a\u00e7\u00f5es, definir metas e se manter a motiva\u00e7\u00e3o s\u00e3o caracter\u00edsticas que n\u00e3o apenas aumentam a produtividade, mas tamb\u00e9m proporcionam maior clareza e satisfa\u00e7\u00e3o na vida.<\/span><\/p><p class=\"zfr3Q CDt4Ke \" dir=\"ltr\" style=\"text-align: justify;\"><span class=\"C9DxTc \" style=\"color: #000000;\">Independentemente do seu campo de atua\u00e7\u00e3o, desenvolver a capacidade de se autoliderar pode transformar sua carreira e trazer benef\u00edcios para a organiza\u00e7\u00e3o em que trabalha. Se voc\u00ea deseja descobrir o que \u00e9 autolideran\u00e7a, por que ela \u00e9 importante e como desenvolv\u00ea-la, continue a leitura deste artigo at\u00e9 o final!<\/span><\/p><p class=\"zfr3Q CDt4Ke \" dir=\"ltr\" style=\"text-align: justify;\"><a class=\"XqQF9c\" href=\"https:\/\/www.alura.com.br\/artigos\/autolideranca?srsltid=AfmBOoqXy2mc-IEgNpbc_apJrMVC0BsbSDm213IvtQJKeZbQwGGLklxG\" target=\"_blank\" rel=\"noopener\"><span class=\"C9DxTc aw5Odc \">https:\/\/www.alura.com.br\/artigos\/autolideranca?srsltid=AfmBOoqXy2mc-IEgNpbc_apJrMVC0BsbSDm213IvtQJKeZbQwGGLklxG<\/span><\/a><span class=\"C9DxTc \">\u00a0<\/span><\/p><\/div><\/div><\/div><\/div>\t\t\t\t\t\t\t\t<\/div>\n\t\t\n<\/div>\n<div class=\"elementor-element elementor-element-0f88408 e-con e-atomic-element e-flexbox-base e-0f88408-38e9368 \" data-id=\"0f88408\" data-element_type=\"e-flexbox\" data-e-type=\"e-flexbox\" data-interaction-id=\"0f88408\">\n    \t\t<div class=\"elementor-element elementor-element-840408d elementor-widget__width-initial elementor-widget elementor-widget-text-editor\" data-id=\"840408d\" data-element_type=\"widget\" data-e-type=\"widget\" data-widget_type=\"text-editor.default\">\n\t\t\t\t\t\t\t\t\t<div class=\"oKdM2c ZZyype Kzv0Me\"><div id=\"h.2d76853b0c330544_120\" class=\"hJDwNd-AhqUyc-Clt0zb Ft7HRd-AhqUyc-Clt0zb jXK9ad D2fZ2 zu5uec OjCsFc dmUFtb\"><div class=\"jXK9ad-SmKAyb\"><div class=\"tyJCtd mGzaTb Depvyb baZpAe\"><div class=\"CjVfdc\" style=\"text-align: left;\"><div class=\"oKdM2c ZZyype Kzv0Me\"><div id=\"h.2d76853b0c330544_109\" class=\"hJDwNd-AhqUyc-Clt0zb Ft7HRd-AhqUyc-Clt0zb jXK9ad D2fZ2 zu5uec OjCsFc dmUFtb\"><div class=\"jXK9ad-SmKAyb\"><div class=\"tyJCtd mGzaTb Depvyb baZpAe\"><div class=\"CjVfdc\" style=\"text-align: justify;\"><strong><span class=\"jgG6ef C9DxTc \" style=\"color: #000000;\">As virtudes nas organiza\u00e7\u00f5es<\/span><\/strong><\/div><\/div><\/div><\/div><\/div><div class=\"oKdM2c ZZyype\"><div id=\"h.2d76853b0c330544_111\" class=\"hJDwNd-AhqUyc-Clt0zb Ft7HRd-AhqUyc-Clt0zb jXK9ad D2fZ2 zu5uec wHaque g5GTcb\"><div class=\"jXK9ad-SmKAyb\"><div class=\"tyJCtd mGzaTb Depvyb baZpAe\"><p class=\"zfr3Q CDt4Ke \" dir=\"ltr\" style=\"text-align: justify;\"><span style=\"color: #000000;\"><span class=\"C9DxTc \">O termo \u201cvirtudes\u201d andou arredado do l\u00e9xico organizacional. Todavia, mais recentemente, uma vaga de interesse motivada por esc\u00e2ndalos no mundo empresarial (particularmente no setor financeiro) trouxe as virtudes para o centro do palco. Neste artigo, discutimos a no\u00e7\u00e3o de virtude, apresentamos um quarteto de perspetivas complementares sobre a virtude enquanto processo organizacional, e discutimos formas poss\u00edveis de estimular a pr\u00e1tica organizacional virtuosa numa perspetiva de comportamento organizacional.<\/span><span class=\"C9DxTc \">\u00a0<\/span><\/span><\/p><p class=\"zfr3Q CDt4Ke \" dir=\"ltr\"><a class=\"XqQF9c\" href=\"https:\/\/run.unl.pt\/bitstreams\/7144035e-a9f3-497c-9ffe-8b6d80f15a2f\/download\" target=\"_blank\" rel=\"noopener\"><span class=\"C9DxTc aw5Odc \">https:\/\/run.unl.pt\/bitstreams\/7144035e-a9f3-497c-9ffe-8b6d80f15a2f\/download<\/span><\/a><span class=\"C9DxTc \">\u00a0<\/span><\/p><\/div><\/div><\/div><\/div><\/div><\/div><\/div><\/div><\/div><div class=\"oKdM2c ZZyype\"><div id=\"h.2d76853b0c330544_122\" class=\"hJDwNd-AhqUyc-Clt0zb Ft7HRd-AhqUyc-Clt0zb jXK9ad D2fZ2 zu5uec wHaque g5GTcb\"><div class=\"jXK9ad-SmKAyb\"><div class=\"tyJCtd mGzaTb Depvyb baZpAe\">\u00a0<\/div><\/div><\/div><\/div>\t\t\t\t\t\t\t\t<\/div>\n\t\t\n<\/div>\n\n<\/div>\n<div class=\"elementor-element elementor-element-dc3fbf8 e-con e-atomic-element e-flexbox-base e-dc3fbf8-5c28e0f \" data-id=\"dc3fbf8\" data-element_type=\"e-flexbox\" data-e-type=\"e-flexbox\" data-interaction-id=\"dc3fbf8\">\n    <div class=\"elementor-element elementor-element-f4fb2b1 e-con e-atomic-element e-flexbox-base e-f4fb2b1-7e53785 \" data-id=\"f4fb2b1\" data-element_type=\"e-flexbox\" data-e-type=\"e-flexbox\" data-interaction-id=\"f4fb2b1\">\n    \t\t\t<img loading=\"lazy\" decoding=\"async\" class=\"e-image-base e-5a5b38e-7a42935\" data-interaction-id=\"5a5b38e\" id=\"204248\" src=\"https:\/\/goias.gov.br\/escoladesaude\/wp-content\/uploads\/sites\/59\/2026\/08\/unnamed-18.png\" width=\"607\" height=\"287\" srcset=\"https:\/\/goias.gov.br\/escoladesaude\/wp-content\/uploads\/sites\/59\/2026\/08\/unnamed-18.png 607w, https:\/\/goias.gov.br\/escoladesaude\/wp-content\/uploads\/sites\/59\/2026\/08\/unnamed-18-300x142.png 300w\" alt=\"\"\/>\t\t\n<\/div>\n<div class=\"elementor-element elementor-element-cee9936 e-con e-atomic-element e-flexbox-base e-cee9936-26f841b \" data-id=\"cee9936\" data-element_type=\"e-flexbox\" data-e-type=\"e-flexbox\" data-interaction-id=\"cee9936\">\n    \t\t\t<img loading=\"lazy\" decoding=\"async\" class=\"e-image-base e-e0d7f3d-a65d2e0\" data-interaction-id=\"e0d7f3d\" id=\"204247\" src=\"https:\/\/goias.gov.br\/escoladesaude\/wp-content\/uploads\/sites\/59\/2026\/08\/unnamed-19-193x300.png\" width=\"193\" height=\"300\" srcset=\"https:\/\/goias.gov.br\/escoladesaude\/wp-content\/uploads\/sites\/59\/2026\/08\/unnamed-19-193x300.png 193w, https:\/\/goias.gov.br\/escoladesaude\/wp-content\/uploads\/sites\/59\/2026\/08\/unnamed-19.png 290w\" alt=\"\"\/>\t\t\n<\/div>\n\n<\/div>\n<div class=\"elementor-element elementor-element-bedefa1 e-con e-atomic-element e-flexbox-base e-bedefa1-1eb44cc \" data-id=\"bedefa1\" data-element_type=\"e-flexbox\" data-e-type=\"e-flexbox\" data-interaction-id=\"bedefa1\">\n    <div class=\"elementor-element elementor-element-52658c1 e-con e-atomic-element e-flexbox-base e-52658c1-ae60a33 \" data-id=\"52658c1\" data-element_type=\"e-flexbox\" data-e-type=\"e-flexbox\" data-interaction-id=\"52658c1\">\n    \t\t<div class=\"elementor-element elementor-element-8308643 elementor-widget__width-initial elementor-widget elementor-widget-text-editor\" data-id=\"8308643\" data-element_type=\"widget\" data-e-type=\"widget\" data-widget_type=\"text-editor.default\">\n\t\t\t\t\t\t\t\t\t<div class=\"oKdM2c ZZyype Kzv0Me\"><div id=\"h.2d76853b0c330544_156\" class=\"hJDwNd-AhqUyc-Clt0zb Ft7HRd-AhqUyc-Clt0zb jXK9ad D2fZ2 zu5uec OjCsFc dmUFtb\"><div class=\"jXK9ad-SmKAyb\"><div class=\"tyJCtd mGzaTb Depvyb baZpAe\"><div class=\"CjVfdc\" style=\"text-align: justify;\"><div class=\"oKdM2c ZZyype Kzv0Me\"><div id=\"h.1df5b4fd44e252d_57\" class=\"hJDwNd-AhqUyc-Clt0zb Ft7HRd-AhqUyc-Clt0zb jXK9ad D2fZ2 zu5uec OjCsFc dmUFtb\"><div class=\"jXK9ad-SmKAyb\"><div class=\"tyJCtd mGzaTb Depvyb baZpAe\"><div class=\"CjVfdc\"><span style=\"color: #000000;\">As possibilidades para realiza\u00e7\u00e3o de atividades laborais se multiplicam com as diferentes op\u00e7\u00f5es tecnol\u00f3gicas e, consequentemente, exigem das pessoas mais sinergia ao utilizar o tempo para realizar suas tarefas. <\/span><\/div><div>\u00a0<\/div><div class=\"CjVfdc\"><span style=\"color: #000000;\">Pois, al\u00e9m do trabalho, os seres humanos, habitualmente, possuem outros aspectos da vida que requerem cuidado, como fam\u00edlia, compromissos sociais, atividades f\u00edsicas, lazer, cultura, educa\u00e7\u00e3o, sa\u00fade e aprimoramento pessoal e profissional, essas ocupa\u00e7\u00f5es, fazem parte, desse per\u00edodo cont\u00ednuo, chamado tempo, no qual \u00e9 um elemento em que se carece de gerenciamento adequado, por estar presente em todas dimens\u00f5es humanas.<\/span>\u00a0<\/div><\/div><\/div><\/div><\/div><div class=\"oKdM2c ZZyype\"><div id=\"h.1df5b4fd44e252d_59\" class=\"hJDwNd-AhqUyc-Clt0zb Ft7HRd-AhqUyc-Clt0zb jXK9ad D2fZ2 zu5uec wHaque g5GTcb\"><div class=\"jXK9ad-SmKAyb\"><div class=\"tyJCtd mGzaTb Depvyb baZpAe\"><p class=\"zfr3Q CDt4Ke \" dir=\"ltr\" style=\"text-align: left;\"><a href=\"https:\/\/admpg.com.br\/2019\/anais\/2018\/arquivos\/06022018_190629_5b131a853d259.pdf\">Acesse aqui<\/a><\/p><\/div><\/div><\/div><\/div><\/div><\/div><\/div><\/div><\/div>\t\t\t\t\t\t\t\t<\/div>\n\t\t\n<\/div>\n<div class=\"elementor-element elementor-element-4197aa0 e-con e-atomic-element e-flexbox-base e-4197aa0-9f8ee82 \" data-id=\"4197aa0\" data-element_type=\"e-flexbox\" data-e-type=\"e-flexbox\" data-interaction-id=\"4197aa0\">\n    \t\t<div class=\"elementor-element elementor-element-1dd8232 elementor-widget__width-initial elementor-widget elementor-widget-text-editor\" data-id=\"1dd8232\" data-element_type=\"widget\" data-e-type=\"widget\" data-widget_type=\"text-editor.default\">\n\t\t\t\t\t\t\t\t\t<div class=\"oKdM2c ZZyype Kzv0Me\"><div id=\"h.2d76853b0c330544_120\" class=\"hJDwNd-AhqUyc-Clt0zb Ft7HRd-AhqUyc-Clt0zb jXK9ad D2fZ2 zu5uec OjCsFc dmUFtb\"><div class=\"jXK9ad-SmKAyb\"><div class=\"tyJCtd mGzaTb Depvyb baZpAe\"><div class=\"CjVfdc\" style=\"text-align: left;\"><div class=\"oKdM2c ZZyype Kzv0Me\"><div id=\"h.2d76853b0c330544_109\" class=\"hJDwNd-AhqUyc-Clt0zb Ft7HRd-AhqUyc-Clt0zb jXK9ad D2fZ2 zu5uec OjCsFc dmUFtb\"><div class=\"jXK9ad-SmKAyb\"><div class=\"tyJCtd mGzaTb Depvyb baZpAe\"><div class=\"CjVfdc\" style=\"text-align: justify;\"><div class=\"oKdM2c ZZyype Kzv0Me\"><div id=\"h.7d4b9729bec7a59b_8\" class=\"hJDwNd-AhqUyc-Clt0zb Ft7HRd-AhqUyc-Clt0zb jXK9ad D2fZ2 zu5uec OjCsFc dmUFtb\"><div class=\"jXK9ad-SmKAyb\"><div class=\"tyJCtd mGzaTb Depvyb baZpAe\"><div class=\"CjVfdc\"><strong><span class=\"jgG6ef C9DxTc \" style=\"color: #000000;\">Comece por voc\u00ea: Destrave sua vida atrav\u00e9s da autolideran\u00e7a<\/span><\/strong><\/div><\/div><\/div><\/div><\/div><div class=\"oKdM2c ZZyype\"><div id=\"h.7d4b9729bec7a59b_10\" class=\"hJDwNd-AhqUyc-Clt0zb Ft7HRd-AhqUyc-Clt0zb jXK9ad D2fZ2 zu5uec wHaque g5GTcb\"><div class=\"jXK9ad-SmKAyb\"><div class=\"tyJCtd mGzaTb Depvyb baZpAe\"><p class=\"zfr3Q CDt4Ke \" dir=\"ltr\"><span class=\"C9DxTc \" style=\"color: #000000;\">Paula construiu uma carreira que poucos ousam planejar: Unilever, Cargill, Danone, Natura, The Body Shop. Foram d\u00e9cadas em multinacionais, liderando equipes nacional e internacionalmente, ocupando alto cargos e gerenciando crises que n\u00e3o avisam antes de chegar. Do lado de fora, a imagem era impec\u00e1vel.<\/span><\/p><p class=\"zfr3Q CDt4Ke \" dir=\"ltr\"><span class=\"C9DxTc \" style=\"color: #000000;\">Em algum ponto da escalada, contudo, algo se perdeu do lado de dentro: o casamento foi se apagando, os sonhos pararam de aparecer, o corpo come\u00e7ou a cobrar o que a agenda ignorava, e a executiva que &#8220;fazia tudo sozinha&#8221; se viu diante de um espelho que refletia uma imagem que ela n\u00e3o reconhecia mais. Foi preciso chegar ao limite para entender que o problema n\u00e3o estava na carreira, mas no centro de si mesma.\u00a0<\/span><span style=\"color: #000000;\"><span class=\"C9DxTc \">Comece por voc\u00ea \u00e9 o relato honesto de quem teve sucesso e quase perdeu o que realmente importava no processo.\u00a0 Para mulheres que conquistaram muito e ainda sentem que falta algo, este livro prop\u00f5e uma virada de perspectiva: nenhuma agenda, cargo ou conquista sustenta uma vida desorganizada por dentro.<\/span><span class=\"C9DxTc \">\u00a0<\/span><\/span><\/p><\/div><\/div><\/div><\/div><\/div><\/div><\/div><\/div><\/div><\/div><\/div><\/div><\/div><\/div>\t\t\t\t\t\t\t\t<\/div>\n\t\t\n<\/div>\n\n<\/div>\n<div class=\"elementor-element elementor-element-6e635a5 e-con e-atomic-element e-flexbox-base e-6e635a5-d16f953 \" data-id=\"6e635a5\" data-element_type=\"e-flexbox\" data-e-type=\"e-flexbox\" data-interaction-id=\"6e635a5\">\n    <div class=\"elementor-element elementor-element-78dbb36 e-con e-atomic-element e-flexbox-base e-78dbb36-162aa2c \" data-id=\"78dbb36\" data-element_type=\"e-flexbox\" data-e-type=\"e-flexbox\" data-interaction-id=\"78dbb36\">\n    \t\t\t<img loading=\"lazy\" decoding=\"async\" class=\"e-image-base e-b5f7969-f858241\" data-interaction-id=\"b5f7969\" id=\"204246\" src=\"https:\/\/goias.gov.br\/escoladesaude\/wp-content\/uploads\/sites\/59\/2026\/08\/unnamed-20.png\" width=\"187\" height=\"289\" srcset=\"\" alt=\"\"\/>\t\t\n<\/div>\n\n<\/div>\n<div class=\"elementor-element elementor-element-5f1298d e-con e-atomic-element e-flexbox-base e-5f1298d-3f155d5 \" data-id=\"5f1298d\" data-element_type=\"e-flexbox\" data-e-type=\"e-flexbox\" data-interaction-id=\"5f1298d\">\n    <div class=\"elementor-element elementor-element-f60665e e-con e-atomic-element e-flexbox-base e-f60665e-4a228b0 \" data-id=\"f60665e\" data-element_type=\"e-flexbox\" data-e-type=\"e-flexbox\" data-interaction-id=\"f60665e\">\n    \t\t<div class=\"elementor-element elementor-element-2cf9e10 elementor-widget__width-initial elementor-widget elementor-widget-text-editor\" data-id=\"2cf9e10\" data-element_type=\"widget\" data-e-type=\"widget\" data-widget_type=\"text-editor.default\">\n\t\t\t\t\t\t\t\t\t<div class=\"oKdM2c ZZyype Kzv0Me\"><div id=\"h.2d76853b0c330544_156\" class=\"hJDwNd-AhqUyc-Clt0zb Ft7HRd-AhqUyc-Clt0zb jXK9ad D2fZ2 zu5uec OjCsFc dmUFtb\"><div class=\"jXK9ad-SmKAyb\"><div class=\"tyJCtd mGzaTb Depvyb baZpAe\"><div class=\"CjVfdc\" style=\"text-align: justify;\"><div class=\"oKdM2c ZZyype Kzv0Me\"><div id=\"h.1df5b4fd44e252d_57\" class=\"hJDwNd-AhqUyc-Clt0zb Ft7HRd-AhqUyc-Clt0zb jXK9ad D2fZ2 zu5uec OjCsFc dmUFtb\"><div class=\"jXK9ad-SmKAyb\"><div class=\"tyJCtd mGzaTb Depvyb baZpAe\"><div class=\"CjVfdc\"><div class=\"oKdM2c ZZyype Kzv0Me\"><div id=\"h.6a140e066af48213_8\" class=\"hJDwNd-AhqUyc-Clt0zb Ft7HRd-AhqUyc-Clt0zb jXK9ad D2fZ2 zu5uec OjCsFc dmUFtb\"><div class=\"jXK9ad-SmKAyb\"><div class=\"tyJCtd mGzaTb Depvyb baZpAe\"><div class=\"CjVfdc\"><strong><span style=\"color: #000000;\">Em Busca de Sentido<\/span><\/strong><\/div><\/div><\/div><\/div><\/div><div class=\"oKdM2c ZZyype\"><div id=\"h.6a140e066af48213_10\" class=\"hJDwNd-AhqUyc-Clt0zb Ft7HRd-AhqUyc-Clt0zb jXK9ad D2fZ2 zu5uec wHaque g5GTcb\"><div class=\"jXK9ad-SmKAyb\"><div class=\"tyJCtd mGzaTb Depvyb baZpAe\"><p class=\"zfr3Q CDt4Ke \" dir=\"ltr\"><span style=\"color: #000000;\"><span class=\"C9DxTc \">Em Busca de Sentido<\/span><span class=\"C9DxTc \">\u00a0\u00e9 um livro de\u00a0<\/span><span class=\"C9DxTc \">Viktor Frankl<\/span><span class=\"C9DxTc \">\u00a0publicado originalmente em 1946. A obra combina relato autobiogr\u00e1fico e reflex\u00e3o psicol\u00f3gica, descrevendo as experi\u00eancias do autor em campos de concentra\u00e7\u00e3o nazistas e apresentando os fundamentos da\u00a0<\/span><span class=\"C9DxTc \">logoterapia<\/span><span class=\"C9DxTc \">, abordagem centrada na busca de significado para a vida.\u00a0<\/span><\/span><\/p><div class=\"CjVfdc\"><strong><span class=\"C9DxTc \" style=\"color: #000000;\">Estrutura da obra<\/span><\/strong><\/div><p class=\"zfr3Q CDt4Ke \" dir=\"ltr\"><span class=\"C9DxTc \" style=\"color: #000000;\">O livro \u00e9 dividido em duas partes principais. Na primeira, Frankl relata sua viv\u00eancia como prisioneiro durante a Segunda Guerra Mundial, observando como diferentes pessoas reagiam ao sofrimento extremo. Na segunda, apresenta os conceitos centrais da logoterapia, defendendo que a busca por sentido \u00e9 uma motiva\u00e7\u00e3o humana fundamental.\u00a0<\/span><\/p><div class=\"CjVfdc\"><strong><span class=\"C9DxTc \" style=\"color: #000000;\">Ideias centrais<\/span><\/strong><\/div><p class=\"zfr3Q CDt4Ke \" dir=\"ltr\"><span class=\"C9DxTc \" style=\"color: #000000;\">A tese mais conhecida da obra \u00e9 que a vida pode manter significado mesmo em circunst\u00e2ncias extremamente adversas. Frankl argumenta que, embora nem sempre seja poss\u00edvel controlar os acontecimentos, existe uma liberdade interior relacionada \u00e0 escolha da atitude diante deles. O autor tamb\u00e9m sustenta que prop\u00f3sito, amor, responsabilidade e valores pessoais podem ajudar indiv\u00edduos a enfrentar sofrimento, perda e incerteza.\u00a0<\/span><\/p><div class=\"CjVfdc\"><strong><span class=\"C9DxTc \" style=\"color: #000000;\">Impacto e relev\u00e2ncia<\/span><\/strong><\/div><p class=\"zfr3Q CDt4Ke \" dir=\"ltr\"><span class=\"C9DxTc \" style=\"color: #000000;\">O livro tornou-se um dos textos mais influentes da psicologia existencial do s\u00e9culo XX. Suas reflex\u00f5es ultrapassaram o campo cl\u00ednico e passaram a ser discutidas em educa\u00e7\u00e3o, lideran\u00e7a, filosofia e desenvolvimento pessoal. D\u00e9cadas ap\u00f3s sua publica\u00e7\u00e3o, continua sendo amplamente lido e traduzido em diversos idiomas.<\/span><\/p><\/div><\/div><\/div><\/div><\/div><\/div><\/div><\/div><\/div><div class=\"oKdM2c ZZyype\"><div id=\"h.1df5b4fd44e252d_59\" class=\"hJDwNd-AhqUyc-Clt0zb Ft7HRd-AhqUyc-Clt0zb jXK9ad D2fZ2 zu5uec wHaque g5GTcb\"><div class=\"jXK9ad-SmKAyb\"><div class=\"tyJCtd mGzaTb Depvyb baZpAe\">\u00a0<\/div><\/div><\/div><\/div><\/div><\/div><\/div><\/div><\/div>\t\t\t\t\t\t\t\t<\/div>\n\t\t\n<\/div>\n\n<\/div>\n<div class=\"elementor-element elementor-element-ff09642 e-con e-atomic-element e-flexbox-base e-ff09642-d8f55ed \" data-id=\"ff09642\" data-element_type=\"e-flexbox\" data-e-type=\"e-flexbox\" data-interaction-id=\"ff09642\">\n    <div class=\"elementor-element elementor-element-45037e1 e-con e-atomic-element e-flexbox-base e-45037e1-3744d12 \" data-id=\"45037e1\" data-element_type=\"e-flexbox\" data-e-type=\"e-flexbox\" data-interaction-id=\"45037e1\">\n    \t\t\t<img loading=\"lazy\" decoding=\"async\" class=\"e-image-base e-9896361-31cf9e5\" data-interaction-id=\"9896361\" id=\"204245\" src=\"https:\/\/goias.gov.br\/escoladesaude\/wp-content\/uploads\/sites\/59\/2026\/08\/unnamed-21.png\" width=\"260\" height=\"263\" srcset=\"\" alt=\"\"\/>\t\t\n<\/div>\n<div class=\"elementor-element elementor-element-f89f8ec e-con e-atomic-element e-flexbox-base e-f89f8ec-46911c9 \" data-id=\"f89f8ec\" data-element_type=\"e-flexbox\" data-e-type=\"e-flexbox\" data-interaction-id=\"f89f8ec\">\n    \t\t\t<img loading=\"lazy\" decoding=\"async\" class=\"e-image-base \" data-interaction-id=\"5c08737\" id=\"204244\" src=\"https:\/\/goias.gov.br\/escoladesaude\/wp-content\/uploads\/sites\/59\/2026\/08\/unnamed-22-206x300.png\" width=\"206\" height=\"300\" srcset=\"https:\/\/goias.gov.br\/escoladesaude\/wp-content\/uploads\/sites\/59\/2026\/08\/unnamed-22-206x300.png 206w, https:\/\/goias.gov.br\/escoladesaude\/wp-content\/uploads\/sites\/59\/2026\/08\/unnamed-22.png 289w\" alt=\"\"\/>\t\t\n<\/div>\n\n<\/div>\n<div class=\"elementor-element elementor-element-15541a6 e-con e-atomic-element e-flexbox-base e-15541a6-4ae84b6 \" data-id=\"15541a6\" data-element_type=\"e-flexbox\" data-e-type=\"e-flexbox\" data-interaction-id=\"15541a6\">\n    <div class=\"elementor-element elementor-element-4140bc8 e-con e-atomic-element e-flexbox-base e-4140bc8-5750ecc \" data-id=\"4140bc8\" data-element_type=\"e-flexbox\" data-e-type=\"e-flexbox\" data-interaction-id=\"4140bc8\">\n    \t\t<div class=\"elementor-element elementor-element-5db8255 elementor-widget__width-initial elementor-widget elementor-widget-text-editor\" data-id=\"5db8255\" data-element_type=\"widget\" data-e-type=\"widget\" data-widget_type=\"text-editor.default\">\n\t\t\t\t\t\t\t\t\t<div class=\"oKdM2c ZZyype Kzv0Me\"><div id=\"h.2d76853b0c330544_156\" class=\"hJDwNd-AhqUyc-Clt0zb Ft7HRd-AhqUyc-Clt0zb jXK9ad D2fZ2 zu5uec OjCsFc dmUFtb\"><div class=\"jXK9ad-SmKAyb\"><div class=\"tyJCtd mGzaTb Depvyb baZpAe\"><div class=\"CjVfdc\" style=\"text-align: justify;\"><div class=\"oKdM2c ZZyype Kzv0Me\"><div id=\"h.1df5b4fd44e252d_57\" class=\"hJDwNd-AhqUyc-Clt0zb Ft7HRd-AhqUyc-Clt0zb jXK9ad D2fZ2 zu5uec OjCsFc dmUFtb\"><div class=\"jXK9ad-SmKAyb\"><div class=\"tyJCtd mGzaTb Depvyb baZpAe\"><div class=\"CjVfdc\"><div class=\"oKdM2c ZZyype Kzv0Me\"><div id=\"h.6a140e066af48213_8\" class=\"hJDwNd-AhqUyc-Clt0zb Ft7HRd-AhqUyc-Clt0zb jXK9ad D2fZ2 zu5uec OjCsFc dmUFtb\"><div class=\"jXK9ad-SmKAyb\"><div class=\"tyJCtd mGzaTb Depvyb baZpAe\"><div class=\"CjVfdc\"><div class=\"oKdM2c ZZyype Kzv0Me\"><div id=\"h.6a140e066af48213_24\" class=\"hJDwNd-AhqUyc-Clt0zb Ft7HRd-AhqUyc-Clt0zb jXK9ad D2fZ2 zu5uec OjCsFc dmUFtb\"><div class=\"jXK9ad-SmKAyb\"><div class=\"tyJCtd mGzaTb Depvyb baZpAe\"><div class=\"CjVfdc\"><strong><span class=\"jgG6ef C9DxTc \" style=\"color: #000000;\">\u00c9tica a Nic\u00f4maco<\/span><\/strong><\/div><\/div><\/div><\/div><\/div><div class=\"oKdM2c ZZyype\"><div id=\"h.6a140e066af48213_26\" class=\"hJDwNd-AhqUyc-Clt0zb Ft7HRd-AhqUyc-Clt0zb jXK9ad D2fZ2 zu5uec wHaque g5GTcb\"><div class=\"jXK9ad-SmKAyb\"><div class=\"tyJCtd mGzaTb Depvyb baZpAe\"><p class=\"zfr3Q CDt4Ke \" dir=\"ltr\"><span style=\"color: #000000;\"><span class=\"C9DxTc \">\u00c9tica a Nic\u00f4maco<\/span><span class=\"C9DxTc \">\u00a0\u00e9 a principal obra \u00e9tica de\u00a0<\/span><span class=\"C9DxTc \">Arist\u00f3teles<\/span><span class=\"C9DxTc \">\u00a0e um dos textos mais influentes da filosofia ocidental. Escrita no s\u00e9culo IV a.C., ela investiga como os seres humanos podem viver bem e alcan\u00e7ar a\u00a0<\/span><span class=\"C9DxTc \">eudaimonia<\/span><span class=\"C9DxTc \"> \u2014 termo frequentemente traduzido como felicidade, florescimento ou realiza\u00e7\u00e3o humana.\u00a0<\/span><\/span><\/p><div class=\"CjVfdc\"><strong><span class=\"C9DxTc \" style=\"color: #000000;\">Temas centrais<\/span><\/strong><\/div><p class=\"zfr3Q CDt4Ke \" dir=\"ltr\"><span class=\"C9DxTc \" style=\"color: #000000;\">A obra sustenta que todas as a\u00e7\u00f5es humanas visam algum bem, mas existe um bem supremo buscado por si mesmo: a felicidade. Para Arist\u00f3teles, essa felicidade n\u00e3o se reduz a prazer, riqueza ou fama; ela consiste em uma vida orientada pela raz\u00e3o e pela pr\u00e1tica constante das virtudes.<\/span><\/p><\/div><\/div><\/div><\/div><\/div><\/div><\/div><\/div><\/div><\/div><\/div><\/div><\/div><\/div><div class=\"oKdM2c ZZyype\"><div id=\"h.1df5b4fd44e252d_59\" class=\"hJDwNd-AhqUyc-Clt0zb Ft7HRd-AhqUyc-Clt0zb jXK9ad D2fZ2 zu5uec wHaque g5GTcb\"><div class=\"jXK9ad-SmKAyb\"><div class=\"tyJCtd mGzaTb Depvyb baZpAe\">\u00a0<\/div><\/div><\/div><\/div><\/div><\/div><\/div><\/div><\/div>\t\t\t\t\t\t\t\t<\/div>\n\t\t\n<\/div>\n<div class=\"elementor-element elementor-element-55c3232 e-con e-atomic-element e-flexbox-base e-55c3232-f3b60fb \" data-id=\"55c3232\" data-element_type=\"e-flexbox\" data-e-type=\"e-flexbox\" data-interaction-id=\"55c3232\">\n    \t\t<div class=\"elementor-element elementor-element-d3b58af elementor-widget__width-initial elementor-widget elementor-widget-text-editor\" data-id=\"d3b58af\" data-element_type=\"widget\" data-e-type=\"widget\" data-widget_type=\"text-editor.default\">\n\t\t\t\t\t\t\t\t\t<div class=\"oKdM2c ZZyype Kzv0Me\"><div id=\"h.6a140e066af48213_40\" class=\"hJDwNd-AhqUyc-Clt0zb Ft7HRd-AhqUyc-Clt0zb jXK9ad D2fZ2 zu5uec OjCsFc dmUFtb\"><div class=\"jXK9ad-SmKAyb\"><div class=\"tyJCtd mGzaTb Depvyb baZpAe\"><div class=\"CjVfdc\" style=\"text-align: justify;\"><strong><span class=\"jgG6ef C9DxTc \" style=\"color: #000000;\">Comece pelo porqu\u00ea: Como grandes l\u00edderes inspiram pessoas e equipes a agir<\/span><\/strong><\/div><\/div><\/div><\/div><\/div><div class=\"oKdM2c ZZyype\"><div id=\"h.6a140e066af48213_42\" class=\"hJDwNd-AhqUyc-Clt0zb Ft7HRd-AhqUyc-Clt0zb jXK9ad D2fZ2 zu5uec wHaque g5GTcb\"><div class=\"jXK9ad-SmKAyb\"><div class=\"tyJCtd mGzaTb Depvyb baZpAe\"><p class=\"zfr3Q CDt4Ke \" dir=\"ltr\" style=\"text-align: justify;\"><span class=\"C9DxTc \" style=\"color: #000000;\">Como grandes l\u00edderes inspiram pessoas e equipes a agir.<\/span><\/p><p class=\"zfr3Q CDt4Ke \" dir=\"ltr\" style=\"text-align: justify;\"><span style=\"color: #000000;\"><span class=\"C9DxTc \">\u201cSimon Sinek \u00e9 um dos pensadores mais incr\u00edveis do nosso tempo.\u201d \u2013\u00a0<\/span><span class=\"C9DxTc \">Steven Bartlett,<\/span><span class=\"C9DxTc \">\u00a0autor de\u00a0<\/span><span class=\"C9DxTc \">O di\u00e1rio de um CEO<\/span><\/span><\/p><p class=\"zfr3Q CDt4Ke \" dir=\"ltr\" style=\"text-align: justify;\"><span style=\"color: #000000;\"><span class=\"C9DxTc \">&#8220;Espero inspirar as pessoas a fazer as coisas que as inspiram para que juntos possamos construir as empresas, uma economia e um mundo nos quais confian\u00e7a e lealdade sejam a regra, n\u00e3o a exce\u00e7\u00e3o. Este livro n\u00e3o foi criado para lhe dizer o que fazer ou como faz\u00ea-lo. O objetivo n\u00e3o \u00e9 lhe dar uma linha de a\u00e7\u00e3o. \u00c9 oferecer a voc\u00ea o\u00a0<\/span><span class=\"C9DxTc \">motivo<\/span><span class=\"C9DxTc \">\u00a0da a\u00e7\u00e3o.<\/span><\/span><\/p><p class=\"zfr3Q CDt4Ke \" dir=\"ltr\" style=\"text-align: justify;\"><span style=\"color: #000000;\"><span class=\"C9DxTc \">Para os que t\u00eam a mente aberta a novas ideias, buscam alcan\u00e7ar sucesso duradouro e acreditam que seu \u00eaxito requer a ajuda de outras pessoas, eu ofere\u00e7o um desafio. De agora em diante, comece pelo porqu\u00ea.&#8221; \u2013\u00a0<\/span><span class=\"C9DxTc \">Simon Sinek<\/span><\/span><\/p><\/div><\/div><\/div><\/div>\t\t\t\t\t\t\t\t<\/div>\n\t\t\n<\/div>\n\n<\/div>\n\t\t<\/div>\n\t\t","protected":false},"excerpt":{"rendered":"<p>Lideran\u00e7a e processos intersubjetivos em organiza\u00e7\u00f5es p\u00fablicas de sa\u00fade\u00a0 Artigo Lideran\u00e7a e processos intersubjetivos em organiza\u00e7\u00f5es p\u00fablicas de sa\u00fade \u2014 excelente para conectar lideran\u00e7a, subjetividade e gest\u00e3o em sa\u00fade.\u00a0 https:\/\/www.scielo.br\/j\/csc\/a\/cTKhP6RkcvH8d7hmBmVXJKB\/?lang=pt\u00a0 AUTOLIDERAN\u00c7A COMO CONJUNTO DE META-HABILIDADES PSICOCOMPORTAMENTAIS DE SUPORTE \u00c0 APRENDIZAGEM E PERFOMANCE INDIVIDUAL\u00a0 Que estrat\u00e9gias de suporte psicol\u00f3gico e comportamental \u00e0 aprendizagem e desempenho, em [&hellip;]<\/p>\n","protected":false},"author":584,"featured_media":0,"parent":0,"menu_order":0,"comment_status":"closed","ping_status":"closed","template":"","meta":{"footnotes":"","_links_to":"","_links_to_target":""},"class_list":["post-204242","page","type-page","status-publish","hentry"],"rttpg_featured_image_url":null,"rttpg_author":{"display_name":"angelicaabadia","author_link":"https:\/\/goias.gov.br\/escoladesaude\/author\/angelicaabadia\/"},"rttpg_comment":0,"rttpg_category":null,"rttpg_excerpt":"Lideran\u00e7a e processos intersubjetivos em organiza\u00e7\u00f5es p\u00fablicas de sa\u00fade\u00a0 Artigo Lideran\u00e7a e processos intersubjetivos em organiza\u00e7\u00f5es p\u00fablicas de sa\u00fade \u2014 excelente para conectar lideran\u00e7a, subjetividade e gest\u00e3o em sa\u00fade.\u00a0 https:\/\/www.scielo.br\/j\/csc\/a\/cTKhP6RkcvH8d7hmBmVXJKB\/?lang=pt\u00a0 AUTOLIDERAN\u00c7A COMO CONJUNTO DE META-HABILIDADES PSICOCOMPORTAMENTAIS DE SUPORTE \u00c0 APRENDIZAGEM E PERFOMANCE INDIVIDUAL\u00a0 Que estrat\u00e9gias de suporte psicol\u00f3gico e comportamental \u00e0 aprendizagem e desempenho, em&hellip;","_links":{"self":[{"href":"https:\/\/goias.gov.br\/escoladesaude\/wp-json\/wp\/v2\/pages\/204242","targetHints":{"allow":["GET"]}}],"collection":[{"href":"https:\/\/goias.gov.br\/escoladesaude\/wp-json\/wp\/v2\/pages"}],"about":[{"href":"https:\/\/goias.gov.br\/escoladesaude\/wp-json\/wp\/v2\/types\/page"}],"author":[{"embeddable":true,"href":"https:\/\/goias.gov.br\/escoladesaude\/wp-json\/wp\/v2\/users\/584"}],"replies":[{"embeddable":true,"href":"https:\/\/goias.gov.br\/escoladesaude\/wp-json\/wp\/v2\/comments?post=204242"}],"version-history":[{"count":2,"href":"https:\/\/goias.gov.br\/escoladesaude\/wp-json\/wp\/v2\/pages\/204242\/revisions"}],"predecessor-version":[{"id":204598,"href":"https:\/\/goias.gov.br\/escoladesaude\/wp-json\/wp\/v2\/pages\/204242\/revisions\/204598"}],"wp:attachment":[{"href":"https:\/\/goias.gov.br\/escoladesaude\/wp-json\/wp\/v2\/media?parent=204242"}],"curies":[{"name":"wp","href":"https:\/\/api.w.org\/{rel}","templated":true}]}}