{"id":204202,"date":"2026-08-05T10:40:30","date_gmt":"2026-08-05T13:40:30","guid":{"rendered":"https:\/\/goias.gov.br\/escoladesaude\/?page_id=204202"},"modified":"2026-08-05T11:12:50","modified_gmt":"2026-08-05T14:12:50","slug":"autolideranca-ted-talk-e-podcast","status":"publish","type":"page","link":"https:\/\/goias.gov.br\/escoladesaude\/autolideranca-ted-talk-e-podcast\/","title":{"rendered":"Autolideran\u00e7a &#8211; Ted Talk e Podcast"},"content":{"rendered":"\t\t<div data-elementor-type=\"wp-page\" data-elementor-id=\"204202\" class=\"elementor elementor-204202\">\n\t\t\t\t<div class=\"elementor-element elementor-element-94bd419 e-con e-atomic-element e-flexbox-base e-b0eb2fd \" data-id=\"94bd419\" data-element_type=\"e-flexbox\" data-e-type=\"e-flexbox\" data-interaction-id=\"94bd419\">\n    <div class=\"elementor-element elementor-element-ee8aeab e-con e-atomic-element e-flexbox-base e-bb58dd6 \" data-id=\"ee8aeab\" data-element_type=\"e-flexbox\" data-e-type=\"e-flexbox\" data-interaction-id=\"ee8aeab\">\n    \t\t\t<img fetchpriority=\"high\" decoding=\"async\" class=\"e-image-base e-7bb2e74-67fa76c\" data-interaction-id=\"7bb2e74\" id=\"204212\" src=\"https:\/\/goias.gov.br\/escoladesaude\/wp-content\/uploads\/sites\/59\/2026\/08\/unnamed-6-300x284.png\" width=\"300\" height=\"284\" srcset=\"https:\/\/goias.gov.br\/escoladesaude\/wp-content\/uploads\/sites\/59\/2026\/08\/unnamed-6-300x284.png 300w, https:\/\/goias.gov.br\/escoladesaude\/wp-content\/uploads\/sites\/59\/2026\/08\/unnamed-6.png 646w\" alt=\"\"\/>\t\t\n<\/div>\n<div class=\"elementor-element elementor-element-f5b0700 e-con e-atomic-element e-flexbox-base e-8cc2960 \" data-id=\"f5b0700\" data-element_type=\"e-flexbox\" data-e-type=\"e-flexbox\" data-interaction-id=\"f5b0700\">\n    \t\t\t<img decoding=\"async\" class=\"e-image-base e-c5291d8-ffe0660\" data-interaction-id=\"c5291d8\" id=\"204211\" src=\"https:\/\/goias.gov.br\/escoladesaude\/wp-content\/uploads\/sites\/59\/2026\/08\/unnamed-7-300x289.png\" width=\"300\" height=\"289\" srcset=\"https:\/\/goias.gov.br\/escoladesaude\/wp-content\/uploads\/sites\/59\/2026\/08\/unnamed-7-300x289.png 300w, https:\/\/goias.gov.br\/escoladesaude\/wp-content\/uploads\/sites\/59\/2026\/08\/unnamed-7.png 683w\" alt=\"\"\/>\t\t\n<\/div>\n\n<\/div>\n<div class=\"elementor-element elementor-element-bdd28f7 e-con e-atomic-element e-flexbox-base e-bdd28f7-d1ffeea \" data-id=\"bdd28f7\" data-element_type=\"e-flexbox\" data-e-type=\"e-flexbox\" data-interaction-id=\"bdd28f7\">\n    <div class=\"elementor-element elementor-element-ec567ff e-con e-atomic-element e-flexbox-base e-ec567ff-1f5198d \" data-id=\"ec567ff\" data-element_type=\"e-flexbox\" data-e-type=\"e-flexbox\" data-interaction-id=\"ec567ff\">\n    \t\t<div class=\"elementor-element elementor-element-75087ae elementor-widget__width-initial elementor-widget elementor-widget-text-editor\" data-id=\"75087ae\" data-element_type=\"widget\" data-e-type=\"widget\" data-widget_type=\"text-editor.default\">\n\t\t\t\t\t\t\t\t\t<div class=\"oKdM2c ZZyype Kzv0Me\"><div id=\"h.5a7102d3dda793b4_57\" class=\"hJDwNd-AhqUyc-Clt0zb Ft7HRd-AhqUyc-Clt0zb jXK9ad D2fZ2 zu5uec OjCsFc dmUFtb\"><div class=\"jXK9ad-SmKAyb\"><div class=\"tyJCtd mGzaTb Depvyb baZpAe\"><p class=\"zfr3Q CDt4Ke \" dir=\"ltr\" style=\"text-align: justify;\"><strong><span class=\"jgG6ef C9DxTc \" style=\"color: #000000;\">Autoconhecimento e prop\u00f3sito de vida: felicidade | Marcia Amaral Corr\u00eaa de Moraes | TEDxPassoFundo\u00a0 \u00a0 \u00a0 \u00a0 \u00a0 \u00a0 \u00a0 \u00a0 \u00a0 \u00a0 \u00a0 \u00a0 \u00a0 \u00a0 \u00a0 \u00a0 \u00a0 \u00a0 \u00a0 \u00a0 \u00a0 \u00a0 \u00a0 <\/span><\/strong>Tempo:\u00a0 17 minutos<\/p><\/div><\/div><\/div><\/div><div class=\"oKdM2c ZZyype\"><div id=\"h.5a7102d3dda793b4_59\" class=\"hJDwNd-AhqUyc-Clt0zb Ft7HRd-AhqUyc-Clt0zb jXK9ad D2fZ2 zu5uec wHaque g5GTcb\"><div class=\"jXK9ad-SmKAyb\"><div class=\"tyJCtd mGzaTb Depvyb baZpAe\"><p class=\"zfr3Q CDt4Ke \" dir=\"ltr\" style=\"text-align: justify;\"><span class=\"C9DxTc \" style=\"color: #000000;\">Explora os desafios de viver em tempos l\u00edquidos, onde certezas se tornam provis\u00f3rias.<\/span><\/p><p class=\"zfr3Q CDt4Ke \" dir=\"ltr\" style=\"text-align: justify;\"><a class=\"XqQF9c\" href=\"https:\/\/www.youtube.com\/watch?v=rvbAmJr5Pzo\" target=\"_blank\" rel=\"noopener\"><span class=\"C9DxTc aw5Odc \">https:\/\/www.youtube.com\/watch?v=rvbAmJr5Pzo<\/span><\/a><span class=\"C9DxTc \">\u00a0<\/span><\/p><p class=\"zfr3Q CDt4Ke \" dir=\"ltr\" style=\"text-align: justify;\" role=\"presentation\"><span style=\"color: #000000;\">M\u00e1rcia Moraes \u00e9 doutora em Psicologia e Educa\u00e7\u00e3o pela USP, professora do IFRS, pesquisadora, autora de livros e especialista em aprendizagem humana, rela\u00e7\u00f5es interpessoais e cultura de paz. Com mais de 20 anos de experi\u00eancia como psicopedagoga cl\u00ednica, institucional e docente universit\u00e1ria, dedica-se \u00e0 pesquisa e \u00e0 inova\u00e7\u00e3o em processos educativos. Seu trabalho tamb\u00e9m aborda o autoconhecimento por meio da identifica\u00e7\u00e3o de arqu\u00e9tipos internos, promovendo a conex\u00e3o entre pensamentos, sentimentos e a\u00e7\u00f5es para uma vida com mais prop\u00f3sito.<\/span><\/p><\/div><\/div><\/div><\/div>\t\t\t\t\t\t\t\t<\/div>\n\t\t\n<\/div>\n<div class=\"elementor-element elementor-element-7dc4401 e-con e-atomic-element e-flexbox-base e-7dc4401-691771b \" data-id=\"7dc4401\" data-element_type=\"e-flexbox\" data-e-type=\"e-flexbox\" data-interaction-id=\"7dc4401\">\n    \t\t<div class=\"elementor-element elementor-element-4d08f62 elementor-widget__width-initial elementor-widget elementor-widget-text-editor\" data-id=\"4d08f62\" data-element_type=\"widget\" data-e-type=\"widget\" data-widget_type=\"text-editor.default\">\n\t\t\t\t\t\t\t\t\t<div class=\"oKdM2c ZZyype Kzv0Me\"><div id=\"h.2d76853b0c330544_136\" class=\"hJDwNd-AhqUyc-Clt0zb Ft7HRd-AhqUyc-Clt0zb jXK9ad D2fZ2 zu5uec OjCsFc dmUFtb\"><div class=\"jXK9ad-SmKAyb\"><div class=\"tyJCtd mGzaTb Depvyb baZpAe\"><p class=\"zfr3Q CDt4Ke \" dir=\"ltr\" style=\"text-align: justify;\"><strong><span style=\"color: #000000;\"><span class=\"jgG6ef C9DxTc \">TED &#8211; A lideran\u00e7a de todo dia<\/span><span class=\"jgG6ef C9DxTc \"> &#8211; <\/span><\/span><\/strong><span class=\"jgG6ef C9DxTc \"><span class=\"C9DxTc \">Tempo:\u00a0\u00a0<\/span><\/span><span class=\"jgG6ef C9DxTc \"><span class=\"C9DxTc \">6\u00a0<\/span><span class=\"C9DxTc \">minutos<\/span><\/span><\/p><\/div><\/div><\/div><\/div><div class=\"oKdM2c ZZyype\"><div id=\"h.2d76853b0c330544_138\" class=\"hJDwNd-AhqUyc-Clt0zb Ft7HRd-AhqUyc-Clt0zb jXK9ad D2fZ2 zu5uec wHaque g5GTcb\"><div class=\"jXK9ad-SmKAyb\"><div class=\"tyJCtd mGzaTb Depvyb baZpAe\"><p class=\"zfr3Q CDt4Ke \" dir=\"ltr\" style=\"text-align: justify;\"><span style=\"color: #000000;\"><span class=\"C9DxTc \">Todos n\u00f3s mudamos a vida de algu\u00e9m &#8211; normalmente sem nem mesmo nos darmos conta disto. Nesta divertida conversa, Drew Dudley nos convida a celebrarmos a lideran\u00e7a como o ato di\u00e1rio de melhorarmos a vida uns dos outros.<\/span><span class=\"C9DxTc \">\u00a0<\/span><\/span><\/p><p class=\"zfr3Q CDt4Ke \" dir=\"ltr\" style=\"text-align: justify;\"><a class=\"XqQF9c\" href=\"https:\/\/www.youtube.com\/watch?v=uwPMKdtqfhY\" target=\"_blank\" rel=\"noopener\"><span class=\"C9DxTc aw5Odc \">https:\/\/www.youtube.com\/watch?v=uwPMKdtqfhY<\/span><\/a><span class=\"C9DxTc \">\u00a0<\/span><\/p><p class=\"zfr3Q CDt4Ke \" dir=\"ltr\" style=\"text-align: justify;\"><span style=\"color: #000000;\"><span class=\"C9DxTc \">Anderson Barbosa desafia a vis\u00e3o grandiosa de lideran\u00e7a, propondo que pequenas a\u00e7\u00f5es cotidianas t\u00eam um impacto profundo. A palestra explora como momentos simples podem transformar a vida de algu\u00e9m, incentivando a valoriza\u00e7\u00e3o dessas intera\u00e7\u00f5es di\u00e1rias.<\/span><span class=\"C9DxTc \">\u00a0<\/span><\/span><\/p><\/div><\/div><\/div><\/div>\t\t\t\t\t\t\t\t<\/div>\n\t\t\n<\/div>\n\n<\/div>\n<div class=\"elementor-element elementor-element-59ba164 e-con e-atomic-element e-flexbox-base e-59ba164-a90bfde \" data-id=\"59ba164\" data-element_type=\"e-flexbox\" data-e-type=\"e-flexbox\" data-interaction-id=\"59ba164\">\n    <div class=\"elementor-element elementor-element-f3eb4da e-con e-atomic-element e-flexbox-base e-f3eb4da-e35245f \" data-id=\"f3eb4da\" data-element_type=\"e-flexbox\" data-e-type=\"e-flexbox\" data-interaction-id=\"f3eb4da\">\n    \t\t\t<img decoding=\"async\" class=\"e-image-base e-7da8220-19109bc\" data-interaction-id=\"7da8220\" id=\"204209\" src=\"https:\/\/goias.gov.br\/escoladesaude\/wp-content\/uploads\/sites\/59\/2026\/08\/unnamed-8-300x269.png\" width=\"300\" height=\"269\" srcset=\"https:\/\/goias.gov.br\/escoladesaude\/wp-content\/uploads\/sites\/59\/2026\/08\/unnamed-8-300x269.png 300w, https:\/\/goias.gov.br\/escoladesaude\/wp-content\/uploads\/sites\/59\/2026\/08\/unnamed-8.png 521w\" alt=\"\"\/>\t\t\n<\/div>\n<div class=\"elementor-element elementor-element-9e4ea45 e-con e-atomic-element e-flexbox-base e-9e4ea45-ea449ab \" data-id=\"9e4ea45\" data-element_type=\"e-flexbox\" data-e-type=\"e-flexbox\" data-interaction-id=\"9e4ea45\">\n    \t\t\t<img loading=\"lazy\" decoding=\"async\" class=\"e-image-base e-225d5f2-9b2a52b\" data-interaction-id=\"225d5f2\" id=\"204208\" src=\"https:\/\/goias.gov.br\/escoladesaude\/wp-content\/uploads\/sites\/59\/2026\/08\/unnamed-9-169x300.png\" width=\"169\" height=\"300\" srcset=\"https:\/\/goias.gov.br\/escoladesaude\/wp-content\/uploads\/sites\/59\/2026\/08\/unnamed-9-169x300.png 169w, https:\/\/goias.gov.br\/escoladesaude\/wp-content\/uploads\/sites\/59\/2026\/08\/unnamed-9.png 345w\" alt=\"\"\/>\t\t\n<\/div>\n\n<\/div>\n<div class=\"elementor-element elementor-element-2a168a3 e-con e-atomic-element e-flexbox-base e-2a168a3-764ee68 \" data-id=\"2a168a3\" data-element_type=\"e-flexbox\" data-e-type=\"e-flexbox\" data-interaction-id=\"2a168a3\">\n    <div class=\"elementor-element elementor-element-654d707 e-con e-atomic-element e-flexbox-base e-654d707-9759d58 \" data-id=\"654d707\" data-element_type=\"e-flexbox\" data-e-type=\"e-flexbox\" data-interaction-id=\"654d707\">\n    \t\t<div class=\"elementor-element elementor-element-d6f77fb elementor-widget__width-initial elementor-widget elementor-widget-text-editor\" data-id=\"d6f77fb\" data-element_type=\"widget\" data-e-type=\"widget\" data-widget_type=\"text-editor.default\">\n\t\t\t\t\t\t\t\t\t<div class=\"oKdM2c ZZyype Kzv0Me\"><div id=\"h.5a7102d3dda793b4_57\" class=\"hJDwNd-AhqUyc-Clt0zb Ft7HRd-AhqUyc-Clt0zb jXK9ad D2fZ2 zu5uec OjCsFc dmUFtb\"><div class=\"jXK9ad-SmKAyb\"><div class=\"tyJCtd mGzaTb Depvyb baZpAe\"><div class=\"oKdM2c ZZyype Kzv0Me\"><div id=\"h.1df5b4fd44e252d_24\" class=\"hJDwNd-AhqUyc-Clt0zb Ft7HRd-AhqUyc-Clt0zb jXK9ad D2fZ2 zu5uec OjCsFc dmUFtb\"><div class=\"jXK9ad-SmKAyb\"><div class=\"tyJCtd mGzaTb Depvyb baZpAe\"><div class=\"CjVfdc\" style=\"text-align: justify;\"><strong><span class=\"jgG6ef C9DxTc \" style=\"color: #000000;\">Como assumir o controle do seu tempo livre | Laura Vanderkam | TED<\/span><\/strong><\/div><div><span class=\"C9DxTc \">Tempo:\u00a0\u00a0<\/span><span class=\"C9DxTc \">12<\/span><span class=\"C9DxTc \">\u00a0minutos<\/span><\/div><\/div><\/div><\/div><\/div><div class=\"oKdM2c ZZyype\"><div id=\"h.1df5b4fd44e252d_26\" class=\"hJDwNd-AhqUyc-Clt0zb Ft7HRd-AhqUyc-Clt0zb jXK9ad D2fZ2 zu5uec wHaque g5GTcb\"><div class=\"jXK9ad-SmKAyb\"><div class=\"tyJCtd mGzaTb Depvyb baZpAe\"><p class=\"zfr3Q CDt4Ke \" dir=\"ltr\" style=\"text-align: justify;\"><span class=\"C9DxTc \" style=\"color: #000000;\">Cada semana tem 168 horas. Como encontramos tempo para o que realmente importa?\u00a0<\/span><\/p><p class=\"zfr3Q CDt4Ke \" dir=\"ltr\" style=\"text-align: justify;\"><a class=\"XqQF9c\" href=\"https:\/\/www.youtube.com\/watch?v=n3kNlFMXslo&amp;list=PLAAswjIrOb4R2bMubSTu0j-1OVFDRlH4n\" target=\"_blank\" rel=\"noopener\"><span class=\"C9DxTc aw5Odc \">https:\/\/www.youtube.com\/watch?v=n3kNlFMXslo&amp;list=PLAAswjIrOb4R2bMubSTu0j-1OVFDRlH4n<\/span><\/a><span class=\"C9DxTc \">\u00a0<\/span><\/p><p class=\"zfr3Q CDt4Ke \" dir=\"ltr\" style=\"text-align: justify;\"><span style=\"color: #000000;\"><span class=\"C9DxTc \">A especialista em gest\u00e3o do tempo, Laura Vanderkam, estuda como pessoas ocupadas gastam suas vidas e descobriu que muitos de n\u00f3s superestimamos drasticamente nossos compromissos semanais, enquanto subestimamos o tempo que temos para n\u00f3s mesmos. Ela oferece algumas estrat\u00e9gias pr\u00e1ticas para ajudar a encontrar mais tempo para o que importa, para que possamos &#8220;construir a vida que desejamos no tempo que temos.<\/span><\/span><\/p><\/div><\/div><\/div><\/div><\/div><\/div><\/div><\/div>\t\t\t\t\t\t\t\t<\/div>\n\t\t\n<\/div>\n<div class=\"elementor-element elementor-element-2ffe893 e-con e-atomic-element e-flexbox-base e-2ffe893-2a271c1 \" data-id=\"2ffe893\" data-element_type=\"e-flexbox\" data-e-type=\"e-flexbox\" data-interaction-id=\"2ffe893\">\n    \t\t<div class=\"elementor-element elementor-element-fb116cc elementor-widget__width-initial elementor-widget elementor-widget-text-editor\" data-id=\"fb116cc\" data-element_type=\"widget\" data-e-type=\"widget\" data-widget_type=\"text-editor.default\">\n\t\t\t\t\t\t\t\t\t<div class=\"oKdM2c ZZyype Kzv0Me\"><div id=\"h.2d76853b0c330544_136\" class=\"hJDwNd-AhqUyc-Clt0zb Ft7HRd-AhqUyc-Clt0zb jXK9ad D2fZ2 zu5uec OjCsFc dmUFtb\"><div class=\"jXK9ad-SmKAyb\"><div class=\"tyJCtd mGzaTb Depvyb baZpAe\"><div class=\"oKdM2c ZZyype Kzv0Me\"><div id=\"h.5a7102d3dda793b4_89\" class=\"hJDwNd-AhqUyc-Clt0zb Ft7HRd-AhqUyc-Clt0zb jXK9ad D2fZ2 zu5uec OjCsFc dmUFtb\"><div class=\"jXK9ad-SmKAyb\"><div class=\"tyJCtd mGzaTb Depvyb baZpAe\"><p class=\"zfr3Q CDt4Ke \" dir=\"ltr\" style=\"text-align: left;\"><strong><span class=\"jgG6ef C9DxTc \" style=\"color: #000000;\">Forjando seu pr\u00f3prio destino | Rossandro Klinjey | TEDxJoaoPessoa &#8211; <\/span><\/strong><span class=\"C9DxTc \">Tempo:\u00a0 1<\/span><span class=\"C9DxTc \">6<\/span><span class=\"C9DxTc \">\u00a0minutos<\/span><\/p><\/div><\/div><\/div><\/div><div class=\"oKdM2c ZZyype\"><div id=\"h.5a7102d3dda793b4_91\" class=\"hJDwNd-AhqUyc-Clt0zb Ft7HRd-AhqUyc-Clt0zb jXK9ad D2fZ2 zu5uec wHaque g5GTcb\"><div class=\"jXK9ad-SmKAyb\"><div class=\"tyJCtd mGzaTb Depvyb baZpAe\"><p class=\"zfr3Q CDt4Ke \" dir=\"ltr\" style=\"text-align: justify;\"><span class=\"C9DxTc \" style=\"color: #000000;\">Prop\u00f3sito<\/span><\/p><p class=\"zfr3Q CDt4Ke \" dir=\"ltr\" style=\"text-align: justify;\"><a class=\"XqQF9c\" href=\"https:\/\/www.youtube.com\/watch?v=VFgvnQjc5nc\" target=\"_blank\" rel=\"noopener\"><span class=\"C9DxTc aw5Odc \">https:\/\/www.youtube.com\/watch?v=VFgvnQjc5nc<\/span><\/a><span class=\"C9DxTc \">\u00a0<\/span><\/p><div class=\"flex max-w-full flex-col gap-4 grow\" style=\"text-align: justify;\"><div class=\"min-h-8 text-message relative flex w-full flex-col items-end gap-2 text-start break-words whitespace-normal outline-none keyboard-focused:focus-ring [.text-message+&amp;]:mt-1\" dir=\"auto\" tabindex=\"0\" data-message-author-role=\"assistant\" data-message-id=\"5da9f45e-2ca9-48b7-b4a2-8e29df4c2640\" data-message-model-slug=\"gpt-5-5\" data-turn-start-message=\"true\"><div class=\"flex w-full flex-col gap-1 empty:hidden\"><div class=\"markdown prose dark:prose-invert wrap-break-word w-full light markdown-new-styling\"><p class=\"PDq2pG_selectionAnchorContainer\" data-start=\"0\" data-end=\"530\" data-is-last-node=\"\" data-is-only-node=\"\"><span style=\"color: #000000;\">Rossandro Klinjey \u00e9 psic\u00f3logo, palestrante e especialista em Educa\u00e7\u00e3o e Desenvolvimento Humano, reconhecido por seu trabalho em sa\u00fade mental, intelig\u00eancia emocional e autoestima. Fundador da Educa, \u00e9 autor de diversos livros <strong data-start=\"225\" data-end=\"241\">best-sellers<\/strong>, entre eles <strong data-start=\"254\" data-end=\"268\">Autoperd\u00e3o<\/strong>, <strong data-start=\"270\" data-end=\"297\">O Tempo do Autoencontro<\/strong>, <strong data-start=\"299\" data-end=\"323\">Eu Escolho Ser Feliz<\/strong>, <strong data-start=\"325\" data-end=\"353\">As Cinco Faces do Perd\u00e3o<\/strong>, <strong data-start=\"355\" data-end=\"374\">Temas Complexos<\/strong> e <strong data-start=\"377\" data-end=\"397\">Help: Me Eduque!<\/strong>. Sua trajet\u00f3ria de supera\u00e7\u00e3o e suas obras inspiram pessoas a desenvolverem o autoconhecimento, o autoamor e rela\u00e7\u00f5es mais saud\u00e1veis.<\/span><\/p><\/div><\/div><\/div><\/div><ul class=\"n8H08c UVNKR \"><li class=\"zfr3Q TYR86d eD0Rn \" dir=\"ltr\" style=\"text-align: justify;\"><p class=\"zfr3Q CDt4Ke \" dir=\"ltr\" role=\"presentation\"><span class=\"C9DxTc \" style=\"color: #000000;\">Introspec\u00e7\u00e3o<\/span><\/p><\/li><li class=\"zfr3Q TYR86d eD0Rn \" dir=\"ltr\"><p class=\"zfr3Q CDt4Ke \" dir=\"ltr\" style=\"text-align: justify;\" role=\"presentation\"><span class=\"C9DxTc \" style=\"color: #000000;\">Indentificando arqu\u00e9tipos internos que conectam pensamentos, sentimentos e a\u00e7\u00f5es para alcan\u00e7ar um maior autoconhecimento e uma vida com prop\u00f3sito.<\/span><\/p><\/li><\/ul><\/div><\/div><\/div><\/div><\/div><\/div><\/div><\/div>\t\t\t\t\t\t\t\t<\/div>\n\t\t\n<\/div>\n\n<\/div>\n<div class=\"elementor-element elementor-element-676bbf1 e-con e-atomic-element e-flexbox-base e-676bbf1-7ff0388 \" data-id=\"676bbf1\" data-element_type=\"e-flexbox\" data-e-type=\"e-flexbox\" data-interaction-id=\"676bbf1\">\n    <div class=\"elementor-element elementor-element-4fd1b60 e-con e-atomic-element e-flexbox-base e-4fd1b60-3593276 \" data-id=\"4fd1b60\" data-element_type=\"e-flexbox\" data-e-type=\"e-flexbox\" data-interaction-id=\"4fd1b60\">\n    \t\t\t<img loading=\"lazy\" decoding=\"async\" class=\"e-image-base e-79669b3-1588933\" data-interaction-id=\"79669b3\" id=\"204207\" src=\"https:\/\/goias.gov.br\/escoladesaude\/wp-content\/uploads\/sites\/59\/2026\/08\/unnamed-10-300x293.png\" width=\"300\" height=\"293\" srcset=\"https:\/\/goias.gov.br\/escoladesaude\/wp-content\/uploads\/sites\/59\/2026\/08\/unnamed-10-300x293.png 300w, https:\/\/goias.gov.br\/escoladesaude\/wp-content\/uploads\/sites\/59\/2026\/08\/unnamed-10.png 438w\" alt=\"\"\/>\t\t\n<\/div>\n<div class=\"elementor-element elementor-element-26deaa8 e-con e-atomic-element e-flexbox-base e-26deaa8-28439ca \" data-id=\"26deaa8\" data-element_type=\"e-flexbox\" data-e-type=\"e-flexbox\" data-interaction-id=\"26deaa8\">\n    \t\t\t<img loading=\"lazy\" decoding=\"async\" class=\"e-image-base e-67f098d-fefa623\" data-interaction-id=\"67f098d\" id=\"204206\" src=\"https:\/\/goias.gov.br\/escoladesaude\/wp-content\/uploads\/sites\/59\/2026\/08\/unnamed-11-300x289.jpg\" width=\"300\" height=\"289\" srcset=\"https:\/\/goias.gov.br\/escoladesaude\/wp-content\/uploads\/sites\/59\/2026\/08\/unnamed-11-300x289.jpg 300w, https:\/\/goias.gov.br\/escoladesaude\/wp-content\/uploads\/sites\/59\/2026\/08\/unnamed-11.jpg 711w\" alt=\"\"\/>\t\t\n<\/div>\n\n<\/div>\n<div class=\"elementor-element elementor-element-a3bc492 e-con e-atomic-element e-flexbox-base e-a3bc492-244dcdf \" data-id=\"a3bc492\" data-element_type=\"e-flexbox\" data-e-type=\"e-flexbox\" data-interaction-id=\"a3bc492\">\n    <div class=\"elementor-element elementor-element-8886397 e-con e-atomic-element e-flexbox-base e-8886397-0678afd \" data-id=\"8886397\" data-element_type=\"e-flexbox\" data-e-type=\"e-flexbox\" data-interaction-id=\"8886397\">\n    \t\t<div class=\"elementor-element elementor-element-400e360 elementor-widget__width-initial elementor-widget elementor-widget-text-editor\" data-id=\"400e360\" data-element_type=\"widget\" data-e-type=\"widget\" data-widget_type=\"text-editor.default\">\n\t\t\t\t\t\t\t\t\t<div class=\"oKdM2c ZZyype Kzv0Me\"><div id=\"h.5a7102d3dda793b4_57\" class=\"hJDwNd-AhqUyc-Clt0zb Ft7HRd-AhqUyc-Clt0zb jXK9ad D2fZ2 zu5uec OjCsFc dmUFtb\"><div class=\"jXK9ad-SmKAyb\"><div class=\"tyJCtd mGzaTb Depvyb baZpAe\"><div class=\"oKdM2c ZZyype Kzv0Me\"><div id=\"h.1df5b4fd44e252d_24\" class=\"hJDwNd-AhqUyc-Clt0zb Ft7HRd-AhqUyc-Clt0zb jXK9ad D2fZ2 zu5uec OjCsFc dmUFtb\"><div class=\"jXK9ad-SmKAyb\"><div class=\"tyJCtd mGzaTb Depvyb baZpAe\"><div class=\"CjVfdc\" style=\"text-align: justify;\"><div class=\"oKdM2c ZZyype Kzv0Me\"><div id=\"h.5a7102d3dda793b4_128\" class=\"hJDwNd-AhqUyc-Clt0zb Ft7HRd-AhqUyc-Clt0zb jXK9ad D2fZ2 zu5uec OjCsFc dmUFtb\"><div class=\"jXK9ad-SmKAyb\"><div class=\"tyJCtd mGzaTb Depvyb baZpAe\"><p class=\"zfr3Q CDt4Ke \" dir=\"ltr\"><strong><span class=\"jgG6ef C9DxTc \" style=\"color: #000000;\">A Ci\u00eancia da Felicidade | Fl\u00e1via da Veiga | TEDxUFES &#8211; <\/span><\/strong><span class=\"C9DxTc \">Tempo:\u00a0\u00a0<\/span><span class=\"C9DxTc \">18<\/span><span class=\"C9DxTc \">\u00a0minutos<\/span><\/p><\/div><\/div><\/div><\/div><div class=\"oKdM2c ZZyype\"><div id=\"h.5a7102d3dda793b4_130\" class=\"hJDwNd-AhqUyc-Clt0zb Ft7HRd-AhqUyc-Clt0zb jXK9ad D2fZ2 zu5uec wHaque g5GTcb\"><div class=\"jXK9ad-SmKAyb\"><div class=\"tyJCtd mGzaTb Depvyb baZpAe\"><p class=\"zfr3Q CDt4Ke \" dir=\"ltr\"><span style=\"color: #000000;\"><span class=\"C9DxTc \">Fl\u00e1via da Veiga explora a felicidade como uma compet\u00eancia cient\u00edfica que pode ser treinada, indo al\u00e9m das no\u00e7\u00f5es comuns de consumo e sucesso. Atrav\u00e9s de uma perspectiva baseada na neuroci\u00eancia e psicologia positiva, Fl\u00e1via discute como mudar a estrutura da nossa percep\u00e7\u00e3o e h\u00e1bitos di\u00e1rios pode transformar a maneira como enfrentamos os desafios e a dor.<\/span><span class=\"C9DxTc \">\u00a0<\/span><\/span><\/p><p class=\"zfr3Q CDt4Ke \" dir=\"ltr\"><a class=\"XqQF9c\" href=\"https:\/\/www.youtube.com\/watch?v=eYiGaTR485g\" target=\"_blank\" rel=\"noopener\"><span class=\"C9DxTc aw5Odc \">https:\/\/www.youtube.com\/watch?v=eYiGaTR485g<\/span><\/a><span class=\"C9DxTc \">\u00a0<\/span><\/p><div class=\"flex max-w-full flex-col gap-4 grow\"><div class=\"min-h-8 text-message relative flex w-full flex-col items-end gap-2 text-start break-words whitespace-normal outline-none keyboard-focused:focus-ring [.text-message+&amp;]:mt-1\" dir=\"auto\" tabindex=\"0\" data-message-author-role=\"assistant\" data-message-id=\"1c2ce501-52c4-43b5-926c-60fc47757dbb\" data-message-model-slug=\"gpt-5-5\" data-turn-start-message=\"true\"><div class=\"flex w-full flex-col gap-1 empty:hidden\"><div class=\"markdown prose dark:prose-invert wrap-break-word w-full light markdown-new-styling\"><p class=\"PDq2pG_selectionAnchorContainer\" data-start=\"0\" data-end=\"350\"><span style=\"color: #000000;\">Fl\u00e1via da Veiga \u00e9 empres\u00e1ria, graduada em Publicidade pela Ufes, p\u00f3s-graduada pela FGV e possui certifica\u00e7\u00f5es pela Harvard Business School e pelo INSEAD, em Singapura. Em sua palestra, compartilha experi\u00eancias pessoais e demonstra como pequenas a\u00e7\u00f5es di\u00e1rias podem fortalecer a felicidade, o prop\u00f3sito e a capacidade de enfrentar os desafios da vida.<\/span><\/p><p data-start=\"352\" data-end=\"533\" data-is-last-node=\"\" data-is-only-node=\"\"><strong><span style=\"color: #000000;\">\u201cO mundo est\u00e1 passando por uma grande transforma\u00e7\u00e3o e uma nova forma de pensar nos ajudar\u00e1 a viver neste novo mundo e enfrentar os desafios que est\u00e3o por vir.\u201d \u2013 Fl\u00e1via da Veiga<\/span><\/strong><\/p><\/div><\/div><\/div><\/div><div class=\"z-0 flex min-h-[46px] justify-start\">\u00a0<\/div><div class=\"pointer-events-none -mb-px h-px w-full opacity-0\" aria-hidden=\"true\">\u00a0<\/div><\/div><\/div><\/div><\/div><\/div><\/div><\/div><\/div><\/div><\/div><\/div><\/div><\/div>\t\t\t\t\t\t\t\t<\/div>\n\t\t\n<\/div>\n<div class=\"elementor-element elementor-element-7730b13 e-con e-atomic-element e-flexbox-base e-7730b13-1e90f37 \" data-id=\"7730b13\" data-element_type=\"e-flexbox\" data-e-type=\"e-flexbox\" data-interaction-id=\"7730b13\">\n    \t\t<div class=\"elementor-element elementor-element-3357483 elementor-widget__width-initial elementor-widget elementor-widget-text-editor\" data-id=\"3357483\" data-element_type=\"widget\" data-e-type=\"widget\" data-widget_type=\"text-editor.default\">\n\t\t\t\t\t\t\t\t\t<div class=\"oKdM2c ZZyype Kzv0Me\"><div id=\"h.2d76853b0c330544_136\" class=\"hJDwNd-AhqUyc-Clt0zb Ft7HRd-AhqUyc-Clt0zb jXK9ad D2fZ2 zu5uec OjCsFc dmUFtb\"><div class=\"jXK9ad-SmKAyb\"><div class=\"tyJCtd mGzaTb Depvyb baZpAe\"><div class=\"oKdM2c ZZyype Kzv0Me\"><div id=\"h.5a7102d3dda793b4_89\" class=\"hJDwNd-AhqUyc-Clt0zb Ft7HRd-AhqUyc-Clt0zb jXK9ad D2fZ2 zu5uec OjCsFc dmUFtb\"><div class=\"jXK9ad-SmKAyb\"><div class=\"tyJCtd mGzaTb Depvyb baZpAe\"><div class=\"oKdM2c ZZyype Kzv0Me\"><div id=\"h.5a7102d3dda793b4_153\" class=\"hJDwNd-AhqUyc-Clt0zb Ft7HRd-AhqUyc-Clt0zb jXK9ad D2fZ2 zu5uec OjCsFc dmUFtb\"><div class=\"jXK9ad-SmKAyb\"><div class=\"tyJCtd mGzaTb Depvyb baZpAe\"><p class=\"zfr3Q CDt4Ke \" dir=\"ltr\"><strong><span class=\"jgG6ef C9DxTc \" style=\"color: #000000;\">O estranho caso da vida confort\u00e1vel e sem sentido | Emanuel Arag\u00e3o | TEDxSaoPaulo &#8211; <\/span><\/strong><span class=\"C9DxTc \">Tempo:\u00a0 1<\/span><span class=\"C9DxTc \">5<\/span><span class=\"C9DxTc \">\u00a0minutos<\/span><\/p><\/div><\/div><\/div><\/div><div class=\"oKdM2c ZZyype\"><div id=\"h.5a7102d3dda793b4_155\" class=\"hJDwNd-AhqUyc-Clt0zb Ft7HRd-AhqUyc-Clt0zb jXK9ad D2fZ2 zu5uec wHaque g5GTcb\"><div class=\"jXK9ad-SmKAyb\"><div class=\"tyJCtd mGzaTb Depvyb baZpAe\"><p class=\"zfr3Q CDt4Ke \" dir=\"ltr\" style=\"text-align: justify;\"><span class=\"C9DxTc \" style=\"color: #000000;\">Emanuel Arag\u00e3o explora como a vida moderna separou busca e recompensa, criando conflitos na busca de uma vida com mais sentido.\u00a0<\/span><span class=\"C9DxTc \" style=\"color: #000000;\">Com sua abordagem que une psican\u00e1lise, filosofia e neuroci\u00eancia, ele prop\u00f5e uma reflex\u00e3o sobre o papel do esfor\u00e7o, da frustra\u00e7\u00e3o e do desconforto na constru\u00e7\u00e3o de uma vida que realmente fa\u00e7a sentido.\u00a0<\/span><\/p><p class=\"zfr3Q CDt4Ke \" dir=\"ltr\" style=\"text-align: justify;\"><span class=\"C9DxTc \" style=\"color: #000000;\">Por que, paradoxalmente, o caminho mais confort\u00e1vel pode ser o mais vazio?\u00a0<\/span><\/p><p class=\"zfr3Q CDt4Ke \" dir=\"ltr\" style=\"text-align: justify;\"><span class=\"C9DxTc \" style=\"color: #000000;\">Um convite \u00e0 reflex\u00e3o profunda, e pr\u00e1tica, sobre como viver melhor.\u00a0<\/span><\/p><p class=\"zfr3Q CDt4Ke \" dir=\"ltr\" style=\"text-align: justify;\"><a class=\"XqQF9c\" href=\"https:\/\/www.youtube.com\/watch?v=2igfLjjBuZw\" target=\"_blank\" rel=\"noopener\"><span class=\"C9DxTc aw5Odc \">https:\/\/www.youtube.com\/watch?v=2igfLjjBuZw<\/span><\/a><span class=\"C9DxTc \">\u00a0<\/span><\/p><p class=\"zfr3Q CDt4Ke \" dir=\"ltr\" style=\"text-align: justify;\"><span class=\"C9DxTc \" style=\"color: #000000;\">Emanuel Orth de Arag\u00e3o \u00e9 um psicanalista brasileiro, escritor, fil\u00f3sofo, dramaturgo e criador da autoescrita. Bacharel em filosofia pela Universidade de Bras\u00edlia.\u00a0<\/span><span class=\"C9DxTc \" style=\"color: #000000;\">\u00c9 autor de obras em diversas \u00e1reas, incluindo literatura, teatro e audiovisual.\u00a0<\/span><span style=\"color: #000000;\"><span class=\"C9DxTc \">Publicou dois livros: o romance Reflex\u00e3o a respeito do vaso e o mais recente, Dez princ\u00edpios antes do fim (enunciado para uma vida poss\u00edvel), que combina os campos da neuropsican\u00e1lise e autofic\u00e7\u00e3o.<\/span><span class=\"C9DxTc \">\u00a0<\/span><\/span><\/p><\/div><\/div><\/div><\/div><\/div><\/div><\/div><\/div><\/div><\/div><\/div><\/div>\t\t\t\t\t\t\t\t<\/div>\n\t\t\n<\/div>\n\n<\/div>\n<div class=\"elementor-element elementor-element-e25f68b e-con e-atomic-element e-flexbox-base e-e25f68b-80218ac \" data-id=\"e25f68b\" data-element_type=\"e-flexbox\" data-e-type=\"e-flexbox\" data-interaction-id=\"e25f68b\">\n    <div class=\"elementor-element elementor-element-52731eb e-con e-atomic-element e-flexbox-base e-52731eb-b026797 \" data-id=\"52731eb\" data-element_type=\"e-flexbox\" data-e-type=\"e-flexbox\" data-interaction-id=\"52731eb\">\n    \t\t\t<img loading=\"lazy\" decoding=\"async\" class=\"e-image-base e-17a4428-899cf68\" data-interaction-id=\"17a4428\" id=\"204205\" src=\"https:\/\/goias.gov.br\/escoladesaude\/wp-content\/uploads\/sites\/59\/2026\/08\/unnamed-12-768x316.jpg\" width=\"768\" height=\"316\" srcset=\"https:\/\/goias.gov.br\/escoladesaude\/wp-content\/uploads\/sites\/59\/2026\/08\/unnamed-12-768x316.jpg 768w, https:\/\/goias.gov.br\/escoladesaude\/wp-content\/uploads\/sites\/59\/2026\/08\/unnamed-12-300x124.jpg 300w, https:\/\/goias.gov.br\/escoladesaude\/wp-content\/uploads\/sites\/59\/2026\/08\/unnamed-12-1024x422.jpg 1024w, https:\/\/goias.gov.br\/escoladesaude\/wp-content\/uploads\/sites\/59\/2026\/08\/unnamed-12.jpg 1190w\" alt=\"\"\/>\t\t\n<\/div>\n<div class=\"elementor-element elementor-element-63caa3f e-con e-atomic-element e-flexbox-base e-63caa3f-79b5acc \" data-id=\"63caa3f\" data-element_type=\"e-flexbox\" data-e-type=\"e-flexbox\" data-interaction-id=\"63caa3f\">\n    \t\t\t<img loading=\"lazy\" decoding=\"async\" class=\"e-image-base e-8be34db-a0d1cd6\" data-interaction-id=\"8be34db\" id=\"204204\" src=\"https:\/\/goias.gov.br\/escoladesaude\/wp-content\/uploads\/sites\/59\/2026\/08\/unnamed-13.png\" width=\"191\" height=\"200\" srcset=\"\" alt=\"\"\/>\t\t\n<\/div>\n\n<\/div>\n<div class=\"elementor-element elementor-element-9c9ee2d e-con e-atomic-element e-flexbox-base e-9c9ee2d-169deae \" data-id=\"9c9ee2d\" data-element_type=\"e-flexbox\" data-e-type=\"e-flexbox\" data-interaction-id=\"9c9ee2d\">\n    <div class=\"elementor-element elementor-element-0c8f1d9 e-con e-atomic-element e-flexbox-base e-0c8f1d9-5164eac \" data-id=\"0c8f1d9\" data-element_type=\"e-flexbox\" data-e-type=\"e-flexbox\" data-interaction-id=\"0c8f1d9\">\n    \t\t<div class=\"elementor-element elementor-element-de1a784 elementor-widget__width-initial elementor-widget elementor-widget-text-editor\" data-id=\"de1a784\" data-element_type=\"widget\" data-e-type=\"widget\" data-widget_type=\"text-editor.default\">\n\t\t\t\t\t\t\t\t\t<div class=\"oKdM2c ZZyype Kzv0Me\"><div id=\"h.5a7102d3dda793b4_57\" class=\"hJDwNd-AhqUyc-Clt0zb Ft7HRd-AhqUyc-Clt0zb jXK9ad D2fZ2 zu5uec OjCsFc dmUFtb\"><div class=\"jXK9ad-SmKAyb\"><div class=\"tyJCtd mGzaTb Depvyb baZpAe\"><div class=\"oKdM2c ZZyype Kzv0Me\"><div id=\"h.1df5b4fd44e252d_24\" class=\"hJDwNd-AhqUyc-Clt0zb Ft7HRd-AhqUyc-Clt0zb jXK9ad D2fZ2 zu5uec OjCsFc dmUFtb\"><div class=\"jXK9ad-SmKAyb\"><div class=\"tyJCtd mGzaTb Depvyb baZpAe\"><div class=\"CjVfdc\" style=\"text-align: justify;\"><div class=\"oKdM2c ZZyype Kzv0Me\"><div id=\"h.5a7102d3dda793b4_128\" class=\"hJDwNd-AhqUyc-Clt0zb Ft7HRd-AhqUyc-Clt0zb jXK9ad D2fZ2 zu5uec OjCsFc dmUFtb\"><div class=\"jXK9ad-SmKAyb\"><div class=\"tyJCtd mGzaTb Depvyb baZpAe\"><div class=\"oKdM2c ZZyype Kzv0Me\"><div id=\"h.170f9bfbd812e0bd_67\" class=\"hJDwNd-AhqUyc-Clt0zb Ft7HRd-AhqUyc-Clt0zb jXK9ad D2fZ2 zu5uec OjCsFc dmUFtb\"><div class=\"jXK9ad-SmKAyb\"><div class=\"tyJCtd mGzaTb Depvyb baZpAe\"><div class=\"CjVfdc\"><strong><span style=\"color: #000000;\"><span class=\"jgG6ef C9DxTc \">PROP\u00d3SITO | Como descobrir seu prop\u00f3sito de vida | O Conselho 19<\/span><span class=\"jgG6ef C9DxTc \">\u00a0<\/span><\/span><\/strong><\/div><div><span class=\"C9DxTc \">Tempo: 1h: 23 m<\/span><span class=\"C9DxTc \">inutos<\/span><\/div><\/div><\/div><\/div><\/div><div class=\"oKdM2c ZZyype\"><div id=\"h.170f9bfbd812e0bd_69\" class=\"hJDwNd-AhqUyc-Clt0zb Ft7HRd-AhqUyc-Clt0zb jXK9ad D2fZ2 zu5uec wHaque g5GTcb\"><div class=\"jXK9ad-SmKAyb\"><div class=\"tyJCtd mGzaTb Depvyb baZpAe\"><p class=\"zfr3Q CDt4Ke \" dir=\"ltr\"><span class=\"C9DxTc \" style=\"color: #000000;\">PROP\u00d3SITO<\/span><\/p><p class=\"zfr3Q CDt4Ke \" dir=\"ltr\"><span class=\"C9DxTc \" style=\"color: #000000;\">Mais do que um podcast, O Conselho \u00e9 uma mesa redonda que promete trazer hist\u00f3rias e aprendizados de grandes profissionais e executivos do mercado.\u00a0<\/span><\/p><p class=\"zfr3Q CDt4Ke \" dir=\"ltr\"><span style=\"color: #000000;\"><span class=\"C9DxTc \">Guilherme Freire (Professor e Mestre em Filosofia, foi diretor e s\u00f3cio em startups, \u00e9 s\u00f3cio fundador do Em Busca da Verdade e da Comunidade Filosofia do Zero), Paulo Vieira (Master Coach, PhD em Business Administration e Mestre em Coach pela Florida Christian University e Presidente da Febracis e escritor business), Cl\u00f3vis de Barros Filho (Professor, Doutor pela USP; Autor de mais de 35 obras) e Joel Jota (Empres\u00e1rio e Ex-Nadador da Sele\u00e7\u00e3o Brasileira)<\/span><span class=\"C9DxTc \">\u00a0<\/span><\/span><\/p><p class=\"zfr3Q CDt4Ke \" dir=\"ltr\"><a class=\"XqQF9c\" href=\"https:\/\/youtu.be\/HnDbpr1A01o?si=NgHOCY67yHDsBgUZ\" target=\"_blank\" rel=\"noopener\"><span class=\"C9DxTc aw5Odc \">https:\/\/youtu.be\/HnDbpr1A01o?si=NgHOCY67yHDsBgUZ<\/span><\/a><span class=\"C9DxTc \">\u00a0<\/span><\/p><p class=\"zfr3Q CDt4Ke \" dir=\"ltr\"><span class=\"C9DxTc \" style=\"color: #000000;\">Principais t\u00f3picos<\/span><\/p><ul class=\"n8H08c UVNKR \"><li class=\"zfr3Q TYR86d eD0Rn \" dir=\"ltr\"><p class=\"zfr3Q CDt4Ke \" dir=\"ltr\" role=\"presentation\"><span style=\"color: #000000;\"><span class=\"C9DxTc \">Como Descobrir Seu Prop\u00f3sito de Vida.<\/span><span class=\"C9DxTc \">\u00a0<\/span><\/span><\/p><\/li><li class=\"zfr3Q TYR86d eD0Rn \" dir=\"ltr\"><p class=\"zfr3Q CDt4Ke \" dir=\"ltr\" role=\"presentation\"><span style=\"color: #000000;\"><span class=\"C9DxTc \">Prop\u00f3sito vs. Voca\u00e7\u00e3o: A Diferen\u00e7a Que Todo Empreendedor Precisa Saber.<\/span><span class=\"C9DxTc \">\u00a0<\/span><\/span><\/p><\/li><li class=\"zfr3Q TYR86d eD0Rn \" dir=\"ltr\"><p class=\"zfr3Q CDt4Ke \" dir=\"ltr\" role=\"presentation\"><span style=\"color: #000000;\"><span class=\"C9DxTc \">Como o Prop\u00f3sito Reduz a Ang\u00fastia Existencial e Simplifica Sua Vida<\/span><span class=\"C9DxTc \">.<\/span><\/span><\/p><\/li><li class=\"zfr3Q TYR86d eD0Rn \" dir=\"ltr\"><p class=\"zfr3Q CDt4Ke \" dir=\"ltr\" role=\"presentation\"><span style=\"color: #000000;\"><span class=\"C9DxTc \">O Caminho da Virtude: Como Desenvolver Excel\u00eancia Pessoal e Profissional<\/span><span class=\"C9DxTc \">.<\/span><\/span><\/p><\/li><li class=\"zfr3Q TYR86d eD0Rn \" dir=\"ltr\"><p class=\"zfr3Q CDt4Ke \" dir=\"ltr\" role=\"presentation\"><span style=\"color: #000000;\"><span class=\"C9DxTc \">Como Viver Uma Vida Que Vale a Pena: O Crit\u00e9rio Definitivo<\/span><span class=\"C9DxTc \">.<\/span><\/span><\/p><\/li><\/ul><\/div><\/div><\/div><\/div><\/div><\/div><\/div><\/div><\/div><\/div><\/div><\/div><\/div><\/div><\/div><\/div><\/div>\t\t\t\t\t\t\t\t<\/div>\n\t\t\n<\/div>\n<div class=\"elementor-element elementor-element-3c463e8 e-con e-atomic-element e-flexbox-base e-3c463e8-4734ca9 \" data-id=\"3c463e8\" data-element_type=\"e-flexbox\" data-e-type=\"e-flexbox\" data-interaction-id=\"3c463e8\">\n    \t\t<div class=\"elementor-element elementor-element-41c3b44 elementor-widget__width-initial elementor-widget elementor-widget-text-editor\" data-id=\"41c3b44\" data-element_type=\"widget\" data-e-type=\"widget\" data-widget_type=\"text-editor.default\">\n\t\t\t\t\t\t\t\t\t<div class=\"oKdM2c ZZyype Kzv0Me\"><div id=\"h.2d76853b0c330544_136\" class=\"hJDwNd-AhqUyc-Clt0zb Ft7HRd-AhqUyc-Clt0zb jXK9ad D2fZ2 zu5uec OjCsFc dmUFtb\"><div class=\"jXK9ad-SmKAyb\"><div class=\"tyJCtd mGzaTb Depvyb baZpAe\"><div class=\"oKdM2c ZZyype Kzv0Me\"><div id=\"h.5a7102d3dda793b4_89\" class=\"hJDwNd-AhqUyc-Clt0zb Ft7HRd-AhqUyc-Clt0zb jXK9ad D2fZ2 zu5uec OjCsFc dmUFtb\"><div class=\"jXK9ad-SmKAyb\"><div class=\"tyJCtd mGzaTb Depvyb baZpAe\"><div class=\"oKdM2c ZZyype Kzv0Me\"><div id=\"h.5a7102d3dda793b4_153\" class=\"hJDwNd-AhqUyc-Clt0zb Ft7HRd-AhqUyc-Clt0zb jXK9ad D2fZ2 zu5uec OjCsFc dmUFtb\"><div class=\"jXK9ad-SmKAyb\"><div class=\"tyJCtd mGzaTb Depvyb baZpAe\"><div class=\"oKdM2c ZZyype Kzv0Me\"><div id=\"h.612edb93101f5696_53\" class=\"hJDwNd-AhqUyc-Clt0zb Ft7HRd-AhqUyc-Clt0zb jXK9ad D2fZ2 zu5uec OjCsFc dmUFtb\"><div class=\"jXK9ad-SmKAyb\"><div class=\"tyJCtd mGzaTb Depvyb baZpAe\"><div class=\"CjVfdc\"><strong><span class=\"jgG6ef C9DxTc \" style=\"color: #000000;\">COMO SER UMA LIDERAN\u00c7A COMPASSIVA<\/span><\/strong><\/div><div>Tempo:\u00a0 9 minutos<\/div><\/div><\/div><\/div><\/div><div class=\"oKdM2c ZZyype\"><div id=\"h.612edb93101f5696_55\" class=\"hJDwNd-AhqUyc-Clt0zb Ft7HRd-AhqUyc-Clt0zb jXK9ad D2fZ2 zu5uec wHaque g5GTcb\"><div class=\"jXK9ad-SmKAyb\"><div class=\"tyJCtd mGzaTb Depvyb baZpAe\"><p class=\"zfr3Q CDt4Ke \" dir=\"ltr\" style=\"text-align: justify;\"><span class=\"C9DxTc \" style=\"color: #000000;\">Muita gente ainda acredita que lideran\u00e7a firme significa gritar, impor medo e controlar. Mas a ci\u00eancia prova o contr\u00e1rio: lideran\u00e7as mais emp\u00e1ticas e compassivas geram 76% mais engajamento e reduzem a rotatividade da equipe em at\u00e9 40%!\u00a0<\/span><\/p><p class=\"zfr3Q CDt4Ke \" dir=\"ltr\" style=\"text-align: justify;\"><span style=\"color: #000000;\"><span class=\"C9DxTc \">Poscast:\u00a0<\/span><span class=\"C9DxTc \">L\u00edder HD<\/span><\/span><\/p><p class=\"zfr3Q CDt4Ke \" dir=\"ltr\" style=\"text-align: justify;\"><a class=\"XqQF9c\" href=\"https:\/\/open.spotify.com\/episode\/5K1WmRbxwgKWYCOvHJgCdK\" target=\"_blank\" rel=\"noopener\"><span class=\"C9DxTc aw5Odc \">https:\/\/open.spotify.com\/episode\/5K1WmRbxwgKWYCOvHJgCdK<\/span><\/a><span class=\"C9DxTc \">\u00a0<\/span><\/p><p class=\"zfr3Q CDt4Ke \" dir=\"ltr\" style=\"text-align: justify;\"><span class=\"C9DxTc \" style=\"color: #000000;\">O que voc\u00ea vai descobrir:<\/span><\/p><ul class=\"n8H08c UVNKR \"><li class=\"zfr3Q TYR86d eD0Rn \" dir=\"ltr\" style=\"text-align: justify;\"><p class=\"zfr3Q CDt4Ke \" dir=\"ltr\" role=\"presentation\"><span class=\"C9DxTc \" style=\"color: #000000;\">Por que liderar com amor n\u00e3o \u00e9 fraqueza, mas sim uma das formas mais poderosas de conduzir pessoas.\u00a0<\/span><\/p><\/li><li class=\"zfr3Q TYR86d eD0Rn \" dir=\"ltr\"><p class=\"zfr3Q CDt4Ke \" dir=\"ltr\" style=\"text-align: justify;\" role=\"presentation\"><span class=\"C9DxTc \"><span style=\"color: #000000;\">Se voc\u00ea quer ser um l\u00edder de verdade, que constr\u00f3i conex\u00f5es reais e resultados duradouros, esse v\u00eddeo \u00e9 para voc\u00ea.<\/span>\u00a0<\/span><\/p><\/li><\/ul><\/div><\/div><\/div><\/div><\/div><\/div><\/div><\/div><\/div><\/div><\/div><\/div><\/div><\/div><\/div><\/div>\t\t\t\t\t\t\t\t<\/div>\n\t\t\n<\/div>\n\n<\/div>\n\t\t<\/div>\n\t\t","protected":false},"excerpt":{"rendered":"<p>Autoconhecimento e prop\u00f3sito de vida: felicidade | Marcia Amaral Corr\u00eaa de Moraes | TEDxPassoFundo\u00a0 \u00a0 \u00a0 \u00a0 \u00a0 \u00a0 \u00a0 \u00a0 \u00a0 \u00a0 \u00a0 \u00a0 \u00a0 \u00a0 \u00a0 \u00a0 \u00a0 \u00a0 \u00a0 \u00a0 \u00a0 \u00a0 \u00a0 Tempo:\u00a0 17 minutos Explora os desafios de viver em tempos l\u00edquidos, onde certezas se tornam provis\u00f3rias. https:\/\/www.youtube.com\/watch?v=rvbAmJr5Pzo\u00a0 M\u00e1rcia Moraes [&hellip;]<\/p>\n","protected":false},"author":584,"featured_media":0,"parent":0,"menu_order":0,"comment_status":"closed","ping_status":"closed","template":"","meta":{"footnotes":"","_links_to":"","_links_to_target":""},"class_list":["post-204202","page","type-page","status-publish","hentry"],"rttpg_featured_image_url":null,"rttpg_author":{"display_name":"angelicaabadia","author_link":"https:\/\/goias.gov.br\/escoladesaude\/author\/angelicaabadia\/"},"rttpg_comment":0,"rttpg_category":null,"rttpg_excerpt":"Autoconhecimento e prop\u00f3sito de vida: felicidade | Marcia Amaral Corr\u00eaa de Moraes | TEDxPassoFundo\u00a0 \u00a0 \u00a0 \u00a0 \u00a0 \u00a0 \u00a0 \u00a0 \u00a0 \u00a0 \u00a0 \u00a0 \u00a0 \u00a0 \u00a0 \u00a0 \u00a0 \u00a0 \u00a0 \u00a0 \u00a0 \u00a0 \u00a0 Tempo:\u00a0 17 minutos Explora os desafios de viver em tempos l\u00edquidos, onde certezas se tornam provis\u00f3rias. https:\/\/www.youtube.com\/watch?v=rvbAmJr5Pzo\u00a0 M\u00e1rcia Moraes&hellip;","_links":{"self":[{"href":"https:\/\/goias.gov.br\/escoladesaude\/wp-json\/wp\/v2\/pages\/204202","targetHints":{"allow":["GET"]}}],"collection":[{"href":"https:\/\/goias.gov.br\/escoladesaude\/wp-json\/wp\/v2\/pages"}],"about":[{"href":"https:\/\/goias.gov.br\/escoladesaude\/wp-json\/wp\/v2\/types\/page"}],"author":[{"embeddable":true,"href":"https:\/\/goias.gov.br\/escoladesaude\/wp-json\/wp\/v2\/users\/584"}],"replies":[{"embeddable":true,"href":"https:\/\/goias.gov.br\/escoladesaude\/wp-json\/wp\/v2\/comments?post=204202"}],"version-history":[{"count":2,"href":"https:\/\/goias.gov.br\/escoladesaude\/wp-json\/wp\/v2\/pages\/204202\/revisions"}],"predecessor-version":[{"id":204225,"href":"https:\/\/goias.gov.br\/escoladesaude\/wp-json\/wp\/v2\/pages\/204202\/revisions\/204225"}],"wp:attachment":[{"href":"https:\/\/goias.gov.br\/escoladesaude\/wp-json\/wp\/v2\/media?parent=204202"}],"curies":[{"name":"wp","href":"https:\/\/api.w.org\/{rel}","templated":true}]}}