{"id":204167,"date":"2026-08-05T08:38:22","date_gmt":"2026-08-05T11:38:22","guid":{"rendered":"https:\/\/goias.gov.br\/escoladesaude\/?page_id=204167"},"modified":"2026-08-14T10:31:29","modified_gmt":"2026-08-14T13:31:29","slug":"autolideranca-cursos","status":"publish","type":"page","link":"https:\/\/goias.gov.br\/escoladesaude\/autolideranca-cursos\/","title":{"rendered":"Autolideran\u00e7a &#8211; Cursos"},"content":{"rendered":"\t\t<div data-elementor-type=\"wp-page\" data-elementor-id=\"204167\" class=\"elementor elementor-204167\">\n\t\t\t\t<div class=\"elementor-element elementor-element-2203b95 e-con e-atomic-element e-flexbox-base e-fa024b4 \" data-id=\"2203b95\" data-element_type=\"e-flexbox\" data-e-type=\"e-flexbox\" data-interaction-id=\"2203b95\">\n    <div class=\"elementor-element elementor-element-e057dbf e-con e-atomic-element e-flexbox-base e-6cae56e \" data-id=\"e057dbf\" data-element_type=\"e-flexbox\" data-e-type=\"e-flexbox\" data-interaction-id=\"e057dbf\">\n    \t\t\t<img decoding=\"async\" class=\"e-image-base e-a163e43-bb94c9d\" data-interaction-id=\"a163e43\" id=\"204175\" src=\"https:\/\/goias.gov.br\/escoladesaude\/wp-content\/uploads\/sites\/59\/2026\/08\/unnamed-300x156.jpg\" width=\"300\" height=\"156\" srcset=\"https:\/\/goias.gov.br\/escoladesaude\/wp-content\/uploads\/sites\/59\/2026\/08\/unnamed-300x156.jpg 300w, https:\/\/goias.gov.br\/escoladesaude\/wp-content\/uploads\/sites\/59\/2026\/08\/unnamed-768x400.jpg 768w, https:\/\/goias.gov.br\/escoladesaude\/wp-content\/uploads\/sites\/59\/2026\/08\/unnamed.jpg 800w\" alt=\"\"\/>\t\t\n<\/div>\n<div class=\"elementor-element elementor-element-85103ff e-con e-atomic-element e-flexbox-base e-85103ff-65954bd \" data-id=\"85103ff\" data-element_type=\"e-flexbox\" data-e-type=\"e-flexbox\" data-interaction-id=\"85103ff\">\n    \t\t\t<img fetchpriority=\"high\" decoding=\"async\" class=\"e-image-base e-cf9bf8f-b2f1605\" data-interaction-id=\"cf9bf8f\" id=\"204174\" src=\"https:\/\/goias.gov.br\/escoladesaude\/wp-content\/uploads\/sites\/59\/2026\/08\/unnamed-1-300x195.png\" width=\"300\" height=\"195\" srcset=\"https:\/\/goias.gov.br\/escoladesaude\/wp-content\/uploads\/sites\/59\/2026\/08\/unnamed-1-300x195.png 300w, https:\/\/goias.gov.br\/escoladesaude\/wp-content\/uploads\/sites\/59\/2026\/08\/unnamed-1.png 306w\" alt=\"\"\/>\t\t\n<\/div>\n\n<\/div>\n<div class=\"elementor-element elementor-element-87fa12e e-con e-atomic-element e-flexbox-base e-85822f8 \" data-id=\"87fa12e\" data-element_type=\"e-flexbox\" data-e-type=\"e-flexbox\" data-interaction-id=\"87fa12e\">\n    <div class=\"elementor-element elementor-element-13409ab e-con e-atomic-element e-flexbox-base e-ce76b85 \" data-id=\"13409ab\" data-element_type=\"e-flexbox\" data-e-type=\"e-flexbox\" data-interaction-id=\"13409ab\">\n    \t\t<div class=\"elementor-element elementor-element-c0be267 elementor-widget__width-initial elementor-widget elementor-widget-text-editor\" data-id=\"c0be267\" data-element_type=\"widget\" data-e-type=\"widget\" data-widget_type=\"text-editor.default\">\n\t\t\t\t\t\t\t\t\t<div class=\"oKdM2c ZZyype Kzv0Me\"><div id=\"h.154a9d5cfd5cf880_259\" class=\"hJDwNd-AhqUyc-Clt0zb Ft7HRd-AhqUyc-Clt0zb jXK9ad D2fZ2 zu5uec OjCsFc dmUFtb\"><div class=\"jXK9ad-SmKAyb\"><div class=\"tyJCtd mGzaTb Depvyb baZpAe\"><div class=\"CjVfdc\" style=\"text-align: justify;\"><strong><span style=\"color: #000000;\"><span class=\"jgG6ef C9DxTc \" style=\"font-size: 12pt;\">Lideran\u00e7a como Ess\u00eancia da Gest\u00e3o<\/span><\/span><\/strong><\/div><\/div><\/div><\/div><\/div><div class=\"oKdM2c ZZyype\"><div id=\"h.154a9d5cfd5cf880_263\" class=\"hJDwNd-AhqUyc-Clt0zb Ft7HRd-AhqUyc-Clt0zb jXK9ad D2fZ2 zu5uec wHaque g5GTcb\"><div class=\"jXK9ad-SmKAyb\"><div class=\"tyJCtd mGzaTb Depvyb baZpAe\"><p class=\"zfr3Q CDt4Ke \" dir=\"ltr\" style=\"text-align: justify;\"><span class=\"C9DxTc \" style=\"font-size: 12pt; color: #000000;\">Identifique as compet\u00eancias e atributos ideais de um bom l\u00edder. Neste curso voc\u00ea ir\u00e1 entender como o papel do l\u00edder dentro das organiza\u00e7\u00f5es pode fazer a diferen\u00e7a no desempenho das equipes.\u00a0<\/span><\/p><p class=\"zfr3Q CDt4Ke \" dir=\"ltr\" style=\"text-align: justify;\"><span style=\"font-size: 12pt;\"><a class=\"XqQF9c\" href=\"https:\/\/suap.enap.gov.br\/vitrine\/curso\/2985\/\/\" target=\"_blank\" rel=\"noopener\"><span class=\"C9DxTc aw5Odc \">https:\/\/suap.enap.gov.br\/vitrine\/curso\/2985\/<\/span><\/a><\/span><\/p><p class=\"zfr3Q CDt4Ke \" dir=\"ltr\" style=\"text-align: justify;\"><span class=\"C9DxTc \" style=\"font-size: 12pt; color: #000000;\">Principais t\u00f3picos:<\/span><\/p><ul class=\"n8H08c UVNKR \"><li class=\"zfr3Q TYR86d eD0Rn \" dir=\"ltr\" style=\"text-align: justify;\"><p class=\"zfr3Q CDt4Ke \" dir=\"ltr\" role=\"presentation\"><span class=\"C9DxTc \" style=\"font-size: 12pt; color: #000000;\">Estilos de Lideran\u00e7a, desafios gerenciais e pilares da lideran\u00e7a e gest\u00e3o;<\/span><\/p><\/li><li class=\"zfr3Q TYR86d eD0Rn \" dir=\"ltr\" style=\"text-align: justify;\"><p class=\"zfr3Q CDt4Ke \" dir=\"ltr\" role=\"presentation\"><span class=\"C9DxTc \" style=\"font-size: 12pt; color: #000000;\">Micro-gerenciamento x Sub-gerenciamento;<\/span><\/p><\/li><li class=\"zfr3Q TYR86d eD0Rn \" dir=\"ltr\" style=\"text-align: justify;\"><p class=\"zfr3Q CDt4Ke \" dir=\"ltr\" role=\"presentation\"><span class=\"C9DxTc \" style=\"font-size: 12pt; color: #000000;\">Usos e abusos na gest\u00e3o do tempo;<\/span><\/p><\/li><li class=\"zfr3Q TYR86d eD0Rn \" dir=\"ltr\" style=\"text-align: justify;\"><p class=\"zfr3Q CDt4Ke \" dir=\"ltr\" role=\"presentation\"><span class=\"C9DxTc \" style=\"font-size: 12pt; color: #000000;\">Ferramentas para gest\u00e3o dos resultados \u2013 delega\u00e7\u00e3o;<\/span><\/p><\/li><li class=\"zfr3Q TYR86d eD0Rn \" dir=\"ltr\"><p class=\"zfr3Q CDt4Ke \" dir=\"ltr\" style=\"text-align: justify;\" role=\"presentation\"><span class=\"C9DxTc \" style=\"font-size: 12pt; color: #000000;\">Gest\u00e3o Ascendente.<\/span><\/p><\/li><\/ul><\/div><\/div><\/div><\/div>\t\t\t\t\t\t\t\t<\/div>\n\t\t\n<\/div>\n<div class=\"elementor-element elementor-element-03e39df e-con e-atomic-element e-flexbox-base e-0b7ea11 \" data-id=\"03e39df\" data-element_type=\"e-flexbox\" data-e-type=\"e-flexbox\" data-interaction-id=\"03e39df\">\n    \t\t<div class=\"elementor-element elementor-element-50f2369 elementor-widget__width-initial elementor-widget elementor-widget-text-editor\" data-id=\"50f2369\" data-element_type=\"widget\" data-e-type=\"widget\" data-widget_type=\"text-editor.default\">\n\t\t\t\t\t\t\t\t\t<div class=\"oKdM2c ZZyype Kzv0Me\"><p>\u00a0<\/p><div id=\"h.c3b1d75f3fac136_106\" class=\"hJDwNd-AhqUyc-Clt0zb Ft7HRd-AhqUyc-Clt0zb jXK9ad D2fZ2 zu5uec OjCsFc dmUFtb\" style=\"text-align: justify;\"><div class=\"jXK9ad-SmKAyb\"><div class=\"tyJCtd mGzaTb Depvyb baZpAe\"><div class=\"CjVfdc\" style=\"text-align: justify;\"><strong><span class=\"jgG6ef C9DxTc \" style=\"color: #000000;\">Gest\u00e3o Pessoal &#8211; Base da Lideran\u00e7a<\/span><\/strong><\/div><\/div><\/div><\/div><\/div><div class=\"oKdM2c ZZyype\"><div id=\"h.c3b1d75f3fac136_108\" class=\"hJDwNd-AhqUyc-Clt0zb Ft7HRd-AhqUyc-Clt0zb jXK9ad D2fZ2 zu5uec wHaque g5GTcb\"><div class=\"jXK9ad-SmKAyb\"><div class=\"tyJCtd mGzaTb Depvyb baZpAe\"><p class=\"zfr3Q CDt4Ke \" dir=\"ltr\" style=\"text-align: justify;\"><span class=\"C9DxTc \" style=\"color: #000000;\">A base da gest\u00e3o pessoal \u00e9 o autoconhecimento. O curso, nessa concep\u00e7\u00e3o, permite aos estudantes refletir sobre suas virtudes, for\u00e7as de car\u00e1ter, valores pessoais, motivadores intr\u00ednsecos de trabalho e perfil comportamental. A reflex\u00e3o possibilita aos estudantes organizar estrat\u00e9gias de melhoria em sua vida laboral e em sua vida pessoal, por meio de instrumentos que ser\u00e3o disponibilizados ao longo do curso. Nesse sentido, o curso ser\u00e1 de extrema import\u00e2ncia para os profissionais que desejam obter um estado consciente em rela\u00e7\u00e3o aos meios vi\u00e1veis de se conseguir alcan\u00e7ar um determinado objetivo.\u00a0<\/span><\/p><p class=\"zfr3Q CDt4Ke \" dir=\"ltr\" style=\"text-align: justify;\"><a class=\"XqQF9c\" href=\"https:\/\/www.escolavirtual.gov.br\/curso\/163\" target=\"_blank\" rel=\"noopener\"><span class=\"C9DxTc \">https:\/\/www.escolavirtual.gov.br\/curso\/163<\/span><\/a><\/p><p class=\"zfr3Q CDt4Ke \" dir=\"ltr\" style=\"text-align: justify;\"><span class=\"C9DxTc \" style=\"color: #000000;\">Conte\u00fado Program\u00e1tico:<\/span><\/p><ul class=\"n8H08c UVNKR \"><li class=\"zfr3Q TYR86d eD0Rn \" dir=\"ltr\" style=\"text-align: justify;\"><p class=\"zfr3Q CDt4Ke \" dir=\"ltr\" role=\"presentation\"><span class=\"C9DxTc \" style=\"color: #000000;\">M\u00f3dulo 1: O Desenvolvimento Biopsicossocial e a Dimens\u00e3o Biol\u00f3gica;<\/span><\/p><\/li><li class=\"zfr3Q TYR86d eD0Rn \" dir=\"ltr\" style=\"text-align: justify;\"><p class=\"zfr3Q CDt4Ke \" dir=\"ltr\" role=\"presentation\"><span class=\"C9DxTc \" style=\"color: #000000;\">M\u00f3dulo 2: Dimens\u00f5es Psicol\u00f3gica e Perfil Comportamental;<\/span><\/p><\/li><li class=\"zfr3Q TYR86d eD0Rn \" dir=\"ltr\" style=\"text-align: justify;\"><p class=\"zfr3Q CDt4Ke \" dir=\"ltr\" role=\"presentation\"><span class=\"C9DxTc \" style=\"color: #000000;\">M\u00f3dulo 3: Dimens\u00e3o Social e Desenvolvimento Integrativo;<\/span><\/p><\/li><li class=\"zfr3Q TYR86d eD0Rn \" dir=\"ltr\" style=\"text-align: justify;\"><p class=\"zfr3Q CDt4Ke \" dir=\"ltr\" role=\"presentation\"><span class=\"C9DxTc \" style=\"color: #000000;\">M\u00f3dulo 4: Mentalidade e aspectos relacionados \u00e0 Psicologia Positiva;<\/span><\/p><\/li><li class=\"zfr3Q TYR86d eD0Rn \" dir=\"ltr\" style=\"text-align: justify;\"><p class=\"zfr3Q CDt4Ke \" dir=\"ltr\" role=\"presentation\"><span class=\"C9DxTc \" style=\"color: #000000;\">M\u00f3dulo 5: Virtudes, For\u00e7as de car\u00e1ter, cren\u00e7as e valores pessoais;<\/span><\/p><\/li><li class=\"zfr3Q TYR86d eD0Rn \" dir=\"ltr\"><p class=\"zfr3Q CDt4Ke \" dir=\"ltr\" style=\"text-align: justify;\" role=\"presentation\"><span class=\"C9DxTc \" style=\"color: #000000;\">M\u00f3dulo 6: T\u00e9cnicas de Coaching.<\/span><\/p><\/li><\/ul><\/div><\/div><\/div><\/div>\t\t\t\t\t\t\t\t<\/div>\n\t\t\n<\/div>\n\n<\/div>\n<div class=\"elementor-element elementor-element-89e2043 e-con e-atomic-element e-flexbox-base e-89e2043-a8132ee \" data-id=\"89e2043\" data-element_type=\"e-flexbox\" data-e-type=\"e-flexbox\" data-interaction-id=\"89e2043\">\n    <div class=\"elementor-element elementor-element-7b0eed3 e-con e-atomic-element e-flexbox-base e-7b0eed3-a58ab97 \" data-id=\"7b0eed3\" data-element_type=\"e-flexbox\" data-e-type=\"e-flexbox\" data-interaction-id=\"7b0eed3\">\n    \t\t\t<img decoding=\"async\" class=\"e-image-base e-d04f8db-c515e88\" data-interaction-id=\"d04f8db\" id=\"204175\" src=\"https:\/\/goias.gov.br\/escoladesaude\/wp-content\/uploads\/sites\/59\/2026\/08\/unnamed-300x156.jpg\" width=\"300\" height=\"156\" srcset=\"https:\/\/goias.gov.br\/escoladesaude\/wp-content\/uploads\/sites\/59\/2026\/08\/unnamed-300x156.jpg 300w, https:\/\/goias.gov.br\/escoladesaude\/wp-content\/uploads\/sites\/59\/2026\/08\/unnamed-768x400.jpg 768w, https:\/\/goias.gov.br\/escoladesaude\/wp-content\/uploads\/sites\/59\/2026\/08\/unnamed.jpg 800w\" alt=\"\"\/>\t\t\n<\/div>\n<div class=\"elementor-element elementor-element-b56d8a8 e-con e-atomic-element e-flexbox-base e-b56d8a8-77da266 \" data-id=\"b56d8a8\" data-element_type=\"e-flexbox\" data-e-type=\"e-flexbox\" data-interaction-id=\"b56d8a8\">\n    \t\t\t<img loading=\"lazy\" decoding=\"async\" class=\"e-image-base e-bf9ff22-452faf3\" data-interaction-id=\"bf9ff22\" id=\"204175\" src=\"https:\/\/goias.gov.br\/escoladesaude\/wp-content\/uploads\/sites\/59\/2026\/08\/unnamed-300x156.jpg\" width=\"300\" height=\"156\" srcset=\"https:\/\/goias.gov.br\/escoladesaude\/wp-content\/uploads\/sites\/59\/2026\/08\/unnamed-300x156.jpg 300w, https:\/\/goias.gov.br\/escoladesaude\/wp-content\/uploads\/sites\/59\/2026\/08\/unnamed-768x400.jpg 768w, https:\/\/goias.gov.br\/escoladesaude\/wp-content\/uploads\/sites\/59\/2026\/08\/unnamed.jpg 800w\" alt=\"\"\/>\t\t\n<\/div>\n\n<\/div>\n<div class=\"elementor-element elementor-element-be0af91 e-con e-atomic-element e-flexbox-base e-be0af91-6183b0c \" data-id=\"be0af91\" data-element_type=\"e-flexbox\" data-e-type=\"e-flexbox\" data-interaction-id=\"be0af91\">\n    <div class=\"elementor-element elementor-element-1af59a0 e-con e-atomic-element e-flexbox-base e-1af59a0-5c3f48b \" data-id=\"1af59a0\" data-element_type=\"e-flexbox\" data-e-type=\"e-flexbox\" data-interaction-id=\"1af59a0\">\n    \t\t<div class=\"elementor-element elementor-element-e648789 elementor-widget__width-initial elementor-widget elementor-widget-text-editor\" data-id=\"e648789\" data-element_type=\"widget\" data-e-type=\"widget\" data-widget_type=\"text-editor.default\">\n\t\t\t\t\t\t\t\t\t<div class=\"oKdM2c ZZyype Kzv0Me\"><div id=\"h.154a9d5cfd5cf880_259\" class=\"hJDwNd-AhqUyc-Clt0zb Ft7HRd-AhqUyc-Clt0zb jXK9ad D2fZ2 zu5uec OjCsFc dmUFtb\"><div class=\"jXK9ad-SmKAyb\"><div class=\"tyJCtd mGzaTb Depvyb baZpAe\"><div class=\"CjVfdc\" style=\"text-align: justify;\"><div class=\"oKdM2c ZZyype Kzv0Me\"><div id=\"h.5a7102d3dda793b4_46\" class=\"hJDwNd-AhqUyc-Clt0zb Ft7HRd-AhqUyc-Clt0zb jXK9ad D2fZ2 zu5uec OjCsFc dmUFtb\"><div class=\"jXK9ad-SmKAyb\"><div class=\"tyJCtd mGzaTb Depvyb baZpAe\"><div class=\"CjVfdc\"><div class=\"oKdM2c ZZyype Kzv0Me\"><div id=\"h.c3b1d75f3fac136_84\" class=\"hJDwNd-AhqUyc-Clt0zb Ft7HRd-AhqUyc-Clt0zb jXK9ad D2fZ2 zu5uec OjCsFc dmUFtb\"><div class=\"jXK9ad-SmKAyb\"><div class=\"tyJCtd mGzaTb Depvyb baZpAe\"><div class=\"CjVfdc\"><strong><span class=\"jgG6ef C9DxTc \" style=\"color: #000000;\">Lideran\u00e7a humanizada: autodesenvolvimento e rela\u00e7\u00f5es interpessoais<\/span><\/strong><\/div><\/div><\/div><\/div><\/div><div class=\"oKdM2c ZZyype\"><div id=\"h.c3b1d75f3fac136_86\" class=\"hJDwNd-AhqUyc-Clt0zb Ft7HRd-AhqUyc-Clt0zb jXK9ad D2fZ2 zu5uec wHaque g5GTcb\"><div class=\"jXK9ad-SmKAyb\"><div class=\"tyJCtd mGzaTb Depvyb baZpAe\"><p class=\"zfr3Q CDt4Ke \" dir=\"ltr\"><span class=\"C9DxTc \" style=\"color: #000000;\">Prepare-se para assumir sua lideran\u00e7a com autenticidade a partir do autodesenvolvimento e da constitui\u00e7\u00e3o de positivos relacionamentos profissionais. Neste curso, voc\u00ea poder\u00e1 elaborar um processo de desenvolvimento cont\u00ednuo para integrar seu estilo pessoal de lideran\u00e7a humanizada.\u00a0<\/span><\/p><p class=\"zfr3Q CDt4Ke \" dir=\"ltr\"><a class=\"XqQF9c\" href=\"https:\/\/suap.enap.gov.br\/vitrine\/curso\/2100\/\" target=\"_blank\" rel=\"noopener\"><span class=\"C9DxTc aw5Odc \">https:\/\/suap.enap.gov.br\/vitrine\/curso\/2100\/<\/span><\/a><span class=\"C9DxTc \">\u00a0<\/span><\/p><p class=\"zfr3Q CDt4Ke \" dir=\"ltr\"><span class=\"C9DxTc \" style=\"color: #000000;\">Principais t\u00f3picos:<\/span><\/p><ul class=\"n8H08c UVNKR \"><li class=\"zfr3Q TYR86d eD0Rn \" dir=\"ltr\"><p class=\"zfr3Q CDt4Ke \" dir=\"ltr\" role=\"presentation\"><span class=\"C9DxTc \" style=\"color: #000000;\">A decis\u00e3o de liderar: a primeira transi\u00e7\u00e3o no Pipeline de Lideran\u00e7a; o que significa ter lideran\u00e7a pessoal.<\/span><\/p><\/li><li class=\"zfr3Q TYR86d eD0Rn \" dir=\"ltr\"><p class=\"zfr3Q CDt4Ke \" dir=\"ltr\" role=\"presentation\"><span class=\"C9DxTc \" style=\"color: #000000;\">O processo de autoconsci\u00eancia: autoconhecimento no \u00e2mbito da lideran\u00e7a pessoal; autorresponsabilidade e l\u00f3cus de controle; princ\u00edpios norteadores.<\/span><\/p><\/li><li class=\"zfr3Q TYR86d eD0Rn \" dir=\"ltr\"><p class=\"zfr3Q CDt4Ke \" dir=\"ltr\" role=\"presentation\"><span class=\"C9DxTc \" style=\"color: #000000;\">Autogerenciamento: intelig\u00eancia emocional e a autorregula\u00e7\u00e3o emocional; desafios perante a forma\u00e7\u00e3o de h\u00e1bitos pessoais.<\/span><\/p><\/li><li class=\"zfr3Q TYR86d eD0Rn \" dir=\"ltr\"><p class=\"zfr3Q CDt4Ke \" dir=\"ltr\" role=\"presentation\"><span class=\"C9DxTc \" style=\"color: #000000;\">Consci\u00eancia social: n\u00edveis de escuta na Teoria U; percep\u00e7\u00e3o, empatia e espa\u00e7o de escuta no contexto profissional.<\/span><\/p><\/li><li class=\"zfr3Q TYR86d eD0Rn \" dir=\"ltr\"><p class=\"zfr3Q CDt4Ke \" dir=\"ltr\" role=\"presentation\"><span class=\"C9DxTc \" style=\"color: #000000;\">Gerenciando relacionamentos: comunica\u00e7\u00e3o assertiva; confian\u00e7a nas rela\u00e7\u00f5es profissionais; motiva\u00e7\u00f5es para liderar.<\/span><\/p><\/li><li class=\"zfr3Q TYR86d eD0Rn \" dir=\"ltr\"><p class=\"zfr3Q CDt4Ke \" dir=\"ltr\" role=\"presentation\"><span class=\"C9DxTc \" style=\"color: #000000;\">Lideran\u00e7a humanizada: pressupostos da lideran\u00e7a humanizada; lideran\u00e7a aut\u00eantica; desenvolvimento cont\u00ednuo como l\u00edder de si mesmo e de outros.<\/span><\/p><\/li><\/ul><\/div><\/div><\/div><\/div><\/div><\/div><\/div><\/div><\/div><\/div><\/div><\/div><\/div><\/div>\t\t\t\t\t\t\t\t<\/div>\n\t\t\n<\/div>\n<div class=\"elementor-element elementor-element-c47acf7 e-con e-atomic-element e-flexbox-base e-c47acf7-9101d53 \" data-id=\"c47acf7\" data-element_type=\"e-flexbox\" data-e-type=\"e-flexbox\" data-interaction-id=\"c47acf7\">\n    \t\t<div class=\"elementor-element elementor-element-0eb8a28 elementor-widget__width-initial elementor-widget elementor-widget-text-editor\" data-id=\"0eb8a28\" data-element_type=\"widget\" data-e-type=\"widget\" data-widget_type=\"text-editor.default\">\n\t\t\t\t\t\t\t\t\t<div class=\"oKdM2c ZZyype Kzv0Me\"><div id=\"h.c3b1d75f3fac136_106\" class=\"hJDwNd-AhqUyc-Clt0zb Ft7HRd-AhqUyc-Clt0zb jXK9ad D2fZ2 zu5uec OjCsFc dmUFtb\" style=\"text-align: justify;\"><div class=\"jXK9ad-SmKAyb\"><div class=\"tyJCtd mGzaTb Depvyb baZpAe\"><div class=\"CjVfdc\" style=\"text-align: justify;\"><div class=\"oKdM2c ZZyype Kzv0Me\"><div id=\"h.1df5b4fd44e252d_8\" class=\"hJDwNd-AhqUyc-Clt0zb Ft7HRd-AhqUyc-Clt0zb jXK9ad D2fZ2 zu5uec OjCsFc dmUFtb\"><div class=\"jXK9ad-SmKAyb\"><div class=\"tyJCtd mGzaTb Depvyb baZpAe\"><div class=\"CjVfdc\"><div class=\"oKdM2c ZZyype Kzv0Me\"><div id=\"h.5a7102d3dda793b4_46\" class=\"hJDwNd-AhqUyc-Clt0zb Ft7HRd-AhqUyc-Clt0zb jXK9ad D2fZ2 zu5uec OjCsFc dmUFtb\"><div class=\"jXK9ad-SmKAyb\"><div class=\"tyJCtd mGzaTb Depvyb baZpAe\"><div class=\"CjVfdc\"><strong><span class=\"jgG6ef C9DxTc \" style=\"color: #000000;\">Autoconhecimento e Motiva\u00e7\u00e3o<\/span><\/strong><\/div><\/div><\/div><\/div><\/div><div class=\"oKdM2c ZZyype\"><div id=\"h.5a7102d3dda793b4_48\" class=\"hJDwNd-AhqUyc-Clt0zb Ft7HRd-AhqUyc-Clt0zb jXK9ad D2fZ2 zu5uec wHaque g5GTcb\"><div class=\"jXK9ad-SmKAyb\"><div class=\"tyJCtd mGzaTb Depvyb baZpAe\"><p class=\"zfr3Q CDt4Ke \" dir=\"ltr\"><span style=\"color: #000000;\"><span class=\"C9DxTc \">Desenvolva autoconhecimento e motiva\u00e7\u00e3o para uma vida profissional mais plena e significativa! O curso aborda auditoria interna positiva, autoconhecimento e desenvolvimento profissional, carreira e vida pessoal, mudan\u00e7a, prop\u00f3sito existencial, potencial humano, comportamento, conviv\u00eancia, aten\u00e7\u00e3o, foco e concentra\u00e7\u00e3o. Destinado a servidores e profissionais que buscam refletir sobre si mesmos, encontrar prop\u00f3sito e desenvolver uma trajet\u00f3ria mais equilibrada e motivada.<\/span><span class=\"C9DxTc \">\u00a0<\/span><\/span><\/p><p class=\"zfr3Q CDt4Ke \" dir=\"ltr\"><a class=\"XqQF9c\" href=\"https:\/\/www.escolavirtual.gov.br\/curso\/765\" target=\"_blank\" rel=\"noopener\"><span class=\"C9DxTc aw5Odc \">https:\/\/www.escolavirtual.gov.br\/curso\/765<\/span><\/a><span class=\"C9DxTc \">\u00a0<\/span><\/p><p class=\"zfr3Q CDt4Ke \" dir=\"ltr\"><span class=\"C9DxTc \" style=\"color: #000000;\">Conte\u00fado Program\u00e1tico:<\/span><\/p><ul class=\"n8H08c UVNKR \"><li class=\"zfr3Q TYR86d eD0Rn \" dir=\"ltr\"><p class=\"zfr3Q CDt4Ke \" dir=\"ltr\" role=\"presentation\"><span class=\"C9DxTc \" style=\"color: #000000;\">M\u00f3dulo 1- Auditoria Interna Positiva<\/span><\/p><\/li><li class=\"zfr3Q TYR86d eD0Rn \" dir=\"ltr\"><p class=\"zfr3Q CDt4Ke \" dir=\"ltr\" role=\"presentation\"><span class=\"C9DxTc \" style=\"color: #000000;\">M\u00f3dulo 2 &#8211; Autoconhecimento e Desenvolvimento Profissional<\/span><\/p><\/li><li class=\"zfr3Q TYR86d eD0Rn \" dir=\"ltr\"><p class=\"zfr3Q CDt4Ke \" dir=\"ltr\" role=\"presentation\"><span class=\"C9DxTc \" style=\"color: #000000;\">M\u00f3dulo 3 &#8211; Carreira e Vida Pessoal<\/span><\/p><\/li><li class=\"zfr3Q TYR86d eD0Rn \" dir=\"ltr\"><p class=\"zfr3Q CDt4Ke \" dir=\"ltr\" role=\"presentation\"><span class=\"C9DxTc \" style=\"color: #000000;\">M\u00f3dulo 4 &#8211; Mudan\u00e7a<\/span><\/p><\/li><li class=\"zfr3Q TYR86d eD0Rn \" dir=\"ltr\"><p class=\"zfr3Q CDt4Ke \" dir=\"ltr\" role=\"presentation\"><span class=\"C9DxTc \" style=\"color: #000000;\">M\u00f3dulo 5 &#8211; Prop\u00f3sito Existencial<\/span><\/p><\/li><li class=\"zfr3Q TYR86d eD0Rn \" dir=\"ltr\"><p class=\"zfr3Q CDt4Ke \" dir=\"ltr\" role=\"presentation\"><span class=\"C9DxTc \" style=\"color: #000000;\">M\u00f3dulo 6 &#8211; Potencial Humano<\/span><\/p><\/li><li class=\"zfr3Q TYR86d eD0Rn \" dir=\"ltr\"><p class=\"zfr3Q CDt4Ke \" dir=\"ltr\" role=\"presentation\"><span class=\"C9DxTc \" style=\"color: #000000;\">M\u00f3dulo 7 &#8211; Comportamento e Conviv\u00eancia<\/span><\/p><\/li><li class=\"zfr3Q TYR86d eD0Rn \" dir=\"ltr\"><p class=\"zfr3Q CDt4Ke \" dir=\"ltr\" role=\"presentation\"><span class=\"C9DxTc \" style=\"color: #000000;\">M\u00f3dulo 8 &#8211; Aten\u00e7\u00e3o, Foco e Concentra\u00e7\u00e3o<\/span><\/p><\/li><\/ul><\/div><\/div><\/div><\/div><\/div><\/div><\/div><\/div><\/div><\/div><\/div><\/div><\/div><\/div>\t\t\t\t\t\t\t\t<\/div>\n\t\t\n<\/div>\n\n<\/div>\n<div class=\"elementor-element elementor-element-afd9763 e-con e-atomic-element e-flexbox-base e-afd9763-d96ba53 \" data-id=\"afd9763\" data-element_type=\"e-flexbox\" data-e-type=\"e-flexbox\" data-interaction-id=\"afd9763\">\n    <div class=\"elementor-element elementor-element-0c03896 e-con e-atomic-element e-flexbox-base e-0c03896-6acd2bc \" data-id=\"0c03896\" data-element_type=\"e-flexbox\" data-e-type=\"e-flexbox\" data-interaction-id=\"0c03896\">\n    \t\t\t<img loading=\"lazy\" decoding=\"async\" class=\"e-image-base e-38a841e-2c8bb51\" data-interaction-id=\"38a841e\" id=\"204173\" src=\"https:\/\/goias.gov.br\/escoladesaude\/wp-content\/uploads\/sites\/59\/2026\/08\/unnamed-2-300x186.png\" width=\"300\" height=\"186\" srcset=\"https:\/\/goias.gov.br\/escoladesaude\/wp-content\/uploads\/sites\/59\/2026\/08\/unnamed-2-300x186.png 300w, https:\/\/goias.gov.br\/escoladesaude\/wp-content\/uploads\/sites\/59\/2026\/08\/unnamed-2.png 549w\" alt=\"\"\/>\t\t\n<\/div>\n<div class=\"elementor-element elementor-element-e369dfc e-con e-atomic-element e-flexbox-base e-e369dfc-d357642 \" data-id=\"e369dfc\" data-element_type=\"e-flexbox\" data-e-type=\"e-flexbox\" data-interaction-id=\"e369dfc\">\n    \t\t\t<img loading=\"lazy\" decoding=\"async\" class=\"e-image-base e-deedfb3-d60999e\" data-interaction-id=\"deedfb3\" id=\"204172\" src=\"https:\/\/goias.gov.br\/escoladesaude\/wp-content\/uploads\/sites\/59\/2026\/08\/unnamed-3-300x156.png\" width=\"300\" height=\"156\" srcset=\"https:\/\/goias.gov.br\/escoladesaude\/wp-content\/uploads\/sites\/59\/2026\/08\/unnamed-3-300x156.png 300w, https:\/\/goias.gov.br\/escoladesaude\/wp-content\/uploads\/sites\/59\/2026\/08\/unnamed-3-768x399.png 768w, https:\/\/goias.gov.br\/escoladesaude\/wp-content\/uploads\/sites\/59\/2026\/08\/unnamed-3.png 1017w\" alt=\"\"\/>\t\t\n<\/div>\n\n<\/div>\n<div class=\"elementor-element elementor-element-9cfb87e e-con e-atomic-element e-flexbox-base e-9cfb87e-35c6ca1 \" data-id=\"9cfb87e\" data-element_type=\"e-flexbox\" data-e-type=\"e-flexbox\" data-interaction-id=\"9cfb87e\">\n    <div class=\"elementor-element elementor-element-b532e03 e-con e-atomic-element e-flexbox-base e-b532e03-bf64ccf \" data-id=\"b532e03\" data-element_type=\"e-flexbox\" data-e-type=\"e-flexbox\" data-interaction-id=\"b532e03\">\n    \t\t<div class=\"elementor-element elementor-element-d77e97f elementor-widget__width-initial elementor-widget elementor-widget-text-editor\" data-id=\"d77e97f\" data-element_type=\"widget\" data-e-type=\"widget\" data-widget_type=\"text-editor.default\">\n\t\t\t\t\t\t\t\t\t<div class=\"oKdM2c ZZyype Kzv0Me\"><div id=\"h.c3b1d75f3fac136_106\" class=\"hJDwNd-AhqUyc-Clt0zb Ft7HRd-AhqUyc-Clt0zb jXK9ad D2fZ2 zu5uec OjCsFc dmUFtb\" style=\"text-align: justify;\"><div class=\"jXK9ad-SmKAyb\"><div class=\"tyJCtd mGzaTb Depvyb baZpAe\"><div class=\"CjVfdc\" style=\"text-align: justify;\"><div class=\"oKdM2c ZZyype Kzv0Me\"><div id=\"h.1df5b4fd44e252d_8\" class=\"hJDwNd-AhqUyc-Clt0zb Ft7HRd-AhqUyc-Clt0zb jXK9ad D2fZ2 zu5uec OjCsFc dmUFtb\"><div class=\"jXK9ad-SmKAyb\"><div class=\"tyJCtd mGzaTb Depvyb baZpAe\"><div class=\"CjVfdc\"><div class=\"oKdM2c ZZyype Kzv0Me\"><div id=\"h.2d76853b0c330544_93\" class=\"hJDwNd-AhqUyc-Clt0zb Ft7HRd-AhqUyc-Clt0zb jXK9ad D2fZ2 zu5uec OjCsFc dmUFtb\"><div class=\"jXK9ad-SmKAyb\"><div class=\"tyJCtd mGzaTb Depvyb baZpAe\"><div class=\"CjVfdc\"><strong><span class=\"jgG6ef C9DxTc \" style=\"color: #000000;\">Intelig\u00eancia Emocional &#8211; SEBRAE<\/span><\/strong><\/div><\/div><\/div><\/div><\/div><div class=\"oKdM2c ZZyype\"><div id=\"h.2d76853b0c330544_95\" class=\"hJDwNd-AhqUyc-Clt0zb Ft7HRd-AhqUyc-Clt0zb jXK9ad D2fZ2 zu5uec wHaque g5GTcb\"><div class=\"jXK9ad-SmKAyb\"><div class=\"tyJCtd mGzaTb Depvyb baZpAe\"><p class=\"zfr3Q CDt4Ke \" dir=\"ltr\"><span class=\"C9DxTc \" style=\"color: #000000;\">Voc\u00ea sabia que suas emo\u00e7\u00f5es impactam tudo \u2014 desde o rendimento no trabalho at\u00e9 a qualidade dos seus relacionamentos? Intelig\u00eancia emocional \u00e9 uma habilidade essencial para quem deseja viver com mais equil\u00edbrio, clareza e prop\u00f3sito, tanto na vida pessoal quanto na carreira. Neste curso gratuito, voc\u00ea vai aprender a transformar suas emo\u00e7\u00f5es em aliadas, desenvolvendo habilidades para lidar com o estresse, prevenir o burnout e fortalecer sua sa\u00fade mental de forma pr\u00e1tica e baseada em evid\u00eancias cient\u00edficas.<\/span><\/p><p class=\"zfr3Q CDt4Ke \" dir=\"ltr\"><span class=\"C9DxTc \" style=\"color: #000000;\">Al\u00e9m dos fundamentos da intelig\u00eancia emocional, o conte\u00fado traz um olhar especial para a lideran\u00e7a e a vida empreendedora.\u00a0<\/span><\/p><p class=\"zfr3Q CDt4Ke \" dir=\"ltr\"><a class=\"XqQF9c\" href=\"https:\/\/sebraeplay.com.br\/cursos\/inteligencia-emocional\" target=\"_blank\" rel=\"noopener\"><span class=\"C9DxTc aw5Odc \">https:\/\/sebraeplay.com.br\/cursos\/inteligencia-emocional<\/span><\/a><span class=\"C9DxTc \">\u00a0<\/span><\/p><p class=\"zfr3Q CDt4Ke \" dir=\"ltr\"><span class=\"C9DxTc \" style=\"color: #000000;\">Confira os principais aprendizados que voc\u00ea vai adquirir:<\/span><span class=\"C9DxTc \" style=\"color: #000000;\">\u00a0<\/span><\/p><ul class=\"n8H08c UVNKR \"><li class=\"zfr3Q TYR86d eD0Rn \" dir=\"ltr\"><p class=\"zfr3Q CDt4Ke \" dir=\"ltr\" role=\"presentation\"><span class=\"C9DxTc \" style=\"color: #000000;\">Identificar emo\u00e7\u00f5es e compreender seus impactos;<\/span><\/p><\/li><li class=\"zfr3Q TYR86d eD0Rn \" dir=\"ltr\"><p class=\"zfr3Q CDt4Ke \" dir=\"ltr\" role=\"presentation\"><span class=\"C9DxTc \" style=\"color: #000000;\">Aplicar t\u00e9cnicas eficazes para prevenir e lidar com o burnout;<\/span><\/p><\/li><li class=\"zfr3Q TYR86d eD0Rn \" dir=\"ltr\"><p class=\"zfr3Q CDt4Ke \" dir=\"ltr\" role=\"presentation\"><span class=\"C9DxTc \" style=\"color: #000000;\">Utilizar a intelig\u00eancia emocional para melhorar sua comunica\u00e7\u00e3o e lideran\u00e7a;<\/span><\/p><\/li><li class=\"zfr3Q TYR86d eD0Rn \" dir=\"ltr\"><p class=\"zfr3Q CDt4Ke \" dir=\"ltr\" role=\"presentation\"><span class=\"C9DxTc \" style=\"color: #000000;\">Desenvolver for\u00e7as de car\u00e1ter que promovem equil\u00edbrio emocional duradouro;<\/span><\/p><\/li><li class=\"zfr3Q TYR86d eD0Rn \" dir=\"ltr\"><p class=\"zfr3Q CDt4Ke \" dir=\"ltr\" role=\"presentation\"><span class=\"C9DxTc \" style=\"color: #000000;\">Refor\u00e7ar seu prop\u00f3sito e sentido de vida diante dos desafios cotidianos;<\/span><\/p><\/li><li class=\"zfr3Q TYR86d eD0Rn \" dir=\"ltr\"><p class=\"zfr3Q CDt4Ke \" dir=\"ltr\" role=\"presentation\"><span class=\"C9DxTc \" style=\"color: #000000;\">Construir h\u00e1bitos saud\u00e1veis para manter a sa\u00fade emocional no dia a dia.<\/span><\/p><\/li><\/ul><\/div><\/div><\/div><\/div><\/div><\/div><\/div><\/div><\/div><\/div><\/div><\/div><\/div><\/div>\t\t\t\t\t\t\t\t<\/div>\n\t\t\n<\/div>\n<div class=\"elementor-element elementor-element-ab7e509 e-con e-atomic-element e-flexbox-base e-ab7e509-6d28de3 \" data-id=\"ab7e509\" data-element_type=\"e-flexbox\" data-e-type=\"e-flexbox\" data-interaction-id=\"ab7e509\">\n    \t\t<div class=\"elementor-element elementor-element-cbebbca elementor-widget__width-initial elementor-widget elementor-widget-text-editor\" data-id=\"cbebbca\" data-element_type=\"widget\" data-e-type=\"widget\" data-widget_type=\"text-editor.default\">\n\t\t\t\t\t\t\t\t\t<div class=\"oKdM2c ZZyype Kzv0Me\"><div id=\"h.c3b1d75f3fac136_106\" class=\"hJDwNd-AhqUyc-Clt0zb Ft7HRd-AhqUyc-Clt0zb jXK9ad D2fZ2 zu5uec OjCsFc dmUFtb\" style=\"text-align: justify;\"><div class=\"jXK9ad-SmKAyb\"><div class=\"tyJCtd mGzaTb Depvyb baZpAe\"><div class=\"CjVfdc\" style=\"text-align: justify;\"><div class=\"oKdM2c ZZyype Kzv0Me\"><div id=\"h.1df5b4fd44e252d_8\" class=\"hJDwNd-AhqUyc-Clt0zb Ft7HRd-AhqUyc-Clt0zb jXK9ad D2fZ2 zu5uec OjCsFc dmUFtb\"><div class=\"jXK9ad-SmKAyb\"><div class=\"tyJCtd mGzaTb Depvyb baZpAe\"><div class=\"CjVfdc\"><div class=\"oKdM2c ZZyype Kzv0Me\"><div id=\"h.2d76853b0c330544_93\" class=\"hJDwNd-AhqUyc-Clt0zb Ft7HRd-AhqUyc-Clt0zb jXK9ad D2fZ2 zu5uec OjCsFc dmUFtb\"><div class=\"jXK9ad-SmKAyb\"><div class=\"tyJCtd mGzaTb Depvyb baZpAe\"><div class=\"CjVfdc\"><div class=\"oKdM2c ZZyype Kzv0Me\"><div id=\"h.5a7102d3dda793b4_35\" class=\"hJDwNd-AhqUyc-Clt0zb Ft7HRd-AhqUyc-Clt0zb jXK9ad D2fZ2 zu5uec OjCsFc dmUFtb\"><div class=\"jXK9ad-SmKAyb\"><div class=\"tyJCtd mGzaTb Depvyb baZpAe\"><div class=\"CjVfdc\"><strong><span class=\"jgG6ef C9DxTc \" style=\"color: #000000;\">Autoconhecimento: a Base para Intelig\u00eancia Emocional e Resili\u00eancia &#8211; FGV<\/span><\/strong><\/div><\/div><\/div><\/div><\/div><div class=\"oKdM2c ZZyype\"><div id=\"h.5a7102d3dda793b4_37\" class=\"hJDwNd-AhqUyc-Clt0zb Ft7HRd-AhqUyc-Clt0zb jXK9ad D2fZ2 zu5uec wHaque g5GTcb\"><div class=\"jXK9ad-SmKAyb\"><div class=\"tyJCtd mGzaTb Depvyb baZpAe\"><p class=\"zfr3Q CDt4Ke \" dir=\"ltr\"><span style=\"color: #000000;\"><span class=\"C9DxTc \">O curso\u00a0<\/span><span class=\"C9DxTc \">Autoconhecimento: a Base para Intelig\u00eancia Emocional e Resili\u00eancia<\/span><span class=\"C9DxTc \">\u00a0aborda as principais teorias sobre a intelig\u00eancia emocional, a resili\u00eancia e o autoconhecimento. Al\u00e9m disso, abordaremos algumas ferramentas que poder\u00e3o possibilitar um aumento do seu autoconhecimento.<\/span><span class=\"C9DxTc \">\u00a0<\/span><\/span><\/p><p class=\"zfr3Q CDt4Ke \" dir=\"ltr\"><a class=\"XqQF9c\" href=\"https:\/\/educacao-executiva.fgv.br\/cursos\/online\/curta-media-duracao-online\/autoconhecimento-base-para-inteligencia-emocional-e-resiliencia\" target=\"_blank\" rel=\"noopener\"><span class=\"C9DxTc aw5Odc \">https:\/\/educacao-executiva.fgv.br\/cursos\/online\/curta-media-duracao-online\/autoconhecimento-base-para-inteligencia-emocional-e-resiliencia<\/span><\/a><span class=\"C9DxTc \">\u00a0<\/span><\/p><p class=\"zfr3Q CDt4Ke \" dir=\"ltr\"><span class=\"C9DxTc \" style=\"color: #000000;\">Objetivos a serem desenvolvidos ao longo do curso:<\/span><\/p><ul class=\"n8H08c UVNKR \"><li class=\"zfr3Q TYR86d eD0Rn \" dir=\"ltr\"><p class=\"zfr3Q CDt4Ke \" dir=\"ltr\" role=\"presentation\"><span class=\"C9DxTc \" style=\"color: #000000;\">compreender as principais teorias sobre IE;<\/span><\/p><\/li><li class=\"zfr3Q TYR86d eD0Rn \" dir=\"ltr\"><p class=\"zfr3Q CDt4Ke \" dir=\"ltr\" role=\"presentation\"><span class=\"C9DxTc \" style=\"color: #000000;\">compreender o quociente de adversidade e<\/span><\/p><\/li><li class=\"zfr3Q TYR86d eD0Rn \" dir=\"ltr\"><p class=\"zfr3Q CDt4Ke \" dir=\"ltr\" role=\"presentation\"><span class=\"C9DxTc \" style=\"color: #000000;\">realizar pr\u00e1ticas para avalia\u00e7\u00e3o do pr\u00f3prio n\u00edvel de autoconhecimento.<\/span><\/p><\/li><\/ul><\/div><\/div><\/div><\/div><\/div><\/div><\/div><\/div><\/div><\/div><\/div><\/div><\/div><\/div><\/div><\/div><\/div><\/div><\/div>\t\t\t\t\t\t\t\t<\/div>\n\t\t\n<\/div>\n\n<\/div>\n<div class=\"elementor-element elementor-element-34072c6 e-con e-atomic-element e-flexbox-base e-34072c6-08df65e \" data-id=\"34072c6\" data-element_type=\"e-flexbox\" data-e-type=\"e-flexbox\" data-interaction-id=\"34072c6\">\n    <div class=\"elementor-element elementor-element-bb42ca6 e-con e-atomic-element e-flexbox-base e-bb42ca6-cdf3118 \" data-id=\"bb42ca6\" data-element_type=\"e-flexbox\" data-e-type=\"e-flexbox\" data-interaction-id=\"bb42ca6\">\n    \t\t\t<img loading=\"lazy\" decoding=\"async\" class=\"e-image-base e-563ae3a-3950c4c\" data-interaction-id=\"563ae3a\" id=\"204171\" src=\"https:\/\/goias.gov.br\/escoladesaude\/wp-content\/uploads\/sites\/59\/2026\/08\/unnamed-4-300x161.png\" width=\"300\" height=\"161\" srcset=\"https:\/\/goias.gov.br\/escoladesaude\/wp-content\/uploads\/sites\/59\/2026\/08\/unnamed-4-300x161.png 300w, https:\/\/goias.gov.br\/escoladesaude\/wp-content\/uploads\/sites\/59\/2026\/08\/unnamed-4.png 623w\" alt=\"\"\/>\t\t\n<\/div>\n<div class=\"elementor-element elementor-element-aa723d3 e-con e-atomic-element e-flexbox-base e-aa723d3-4096774 \" data-id=\"aa723d3\" data-element_type=\"e-flexbox\" data-e-type=\"e-flexbox\" data-interaction-id=\"aa723d3\">\n    \t\t\t<img loading=\"lazy\" decoding=\"async\" class=\"e-image-base e-e58d8b5-9961ffa\" data-interaction-id=\"e58d8b5\" id=\"204170\" src=\"https:\/\/goias.gov.br\/escoladesaude\/wp-content\/uploads\/sites\/59\/2026\/08\/unnamed-5-300x198.png\" width=\"300\" height=\"198\" srcset=\"https:\/\/goias.gov.br\/escoladesaude\/wp-content\/uploads\/sites\/59\/2026\/08\/unnamed-5-300x198.png 300w, https:\/\/goias.gov.br\/escoladesaude\/wp-content\/uploads\/sites\/59\/2026\/08\/unnamed-5.png 512w\" alt=\"\"\/>\t\t\n<\/div>\n\n<\/div>\n<div class=\"elementor-element elementor-element-47d57a1 e-con e-atomic-element e-flexbox-base e-47d57a1-ff227fa \" data-id=\"47d57a1\" data-element_type=\"e-flexbox\" data-e-type=\"e-flexbox\" data-interaction-id=\"47d57a1\">\n    <div class=\"elementor-element elementor-element-6c2b407 e-con e-atomic-element e-flexbox-base e-6c2b407-4a64230 \" data-id=\"6c2b407\" data-element_type=\"e-flexbox\" data-e-type=\"e-flexbox\" data-interaction-id=\"6c2b407\">\n    \t\t<div class=\"elementor-element elementor-element-3f2c690 elementor-widget__width-initial elementor-widget elementor-widget-text-editor\" data-id=\"3f2c690\" data-element_type=\"widget\" data-e-type=\"widget\" data-widget_type=\"text-editor.default\">\n\t\t\t\t\t\t\t\t\t<div class=\"oKdM2c ZZyype Kzv0Me\"><div id=\"h.2d76853b0c330544_93\" class=\"hJDwNd-AhqUyc-Clt0zb Ft7HRd-AhqUyc-Clt0zb jXK9ad D2fZ2 zu5uec OjCsFc dmUFtb\"><div class=\"jXK9ad-SmKAyb\"><div class=\"tyJCtd mGzaTb Depvyb baZpAe\"><div class=\"CjVfdc\" style=\"text-align: justify;\"><strong><span class=\"jgG6ef C9DxTc \" style=\"color: #000000;\">Intelig\u00eancia Emocional &#8211; SEBRAE<\/span><\/strong><\/div><\/div><\/div><\/div><\/div><div class=\"oKdM2c ZZyype\"><div id=\"h.2d76853b0c330544_95\" class=\"hJDwNd-AhqUyc-Clt0zb Ft7HRd-AhqUyc-Clt0zb jXK9ad D2fZ2 zu5uec wHaque g5GTcb\"><div class=\"jXK9ad-SmKAyb\"><div class=\"tyJCtd mGzaTb Depvyb baZpAe\"><p class=\"zfr3Q CDt4Ke \" dir=\"ltr\" style=\"text-align: justify;\"><span class=\"C9DxTc \" style=\"color: #000000;\">Voc\u00ea sabia que suas emo\u00e7\u00f5es impactam tudo \u2014 desde o rendimento no trabalho at\u00e9 a qualidade dos seus relacionamentos? Intelig\u00eancia emocional \u00e9 uma habilidade essencial para quem deseja viver com mais equil\u00edbrio, clareza e prop\u00f3sito, tanto na vida pessoal quanto na carreira. Neste curso gratuito, voc\u00ea vai aprender a transformar suas emo\u00e7\u00f5es em aliadas, desenvolvendo habilidades para lidar com o estresse, prevenir o burnout e fortalecer sua sa\u00fade mental de forma pr\u00e1tica e baseada em evid\u00eancias cient\u00edficas.<\/span><\/p><p class=\"zfr3Q CDt4Ke \" dir=\"ltr\" style=\"text-align: justify;\"><span class=\"C9DxTc \" style=\"color: #000000;\">Al\u00e9m dos fundamentos da intelig\u00eancia emocional, o conte\u00fado traz um olhar especial para a lideran\u00e7a e a vida empreendedora.\u00a0<\/span><\/p><p class=\"zfr3Q CDt4Ke \" dir=\"ltr\" style=\"text-align: justify;\"><a class=\"XqQF9c\" href=\"https:\/\/sebraeplay.com.br\/cursos\/inteligencia-emocional\" target=\"_blank\" rel=\"noopener\"><span class=\"C9DxTc aw5Odc \">https:\/\/sebraeplay.com.br\/cursos\/inteligencia-emocional<\/span><\/a><span class=\"C9DxTc \">\u00a0<\/span><\/p><p class=\"zfr3Q CDt4Ke \" dir=\"ltr\" style=\"text-align: justify;\"><span class=\"C9DxTc \" style=\"color: #000000;\">Confira os principais aprendizados que voc\u00ea vai adquirir:<\/span><span class=\"C9DxTc \" style=\"color: #000000;\">\u00a0<\/span><\/p><ul class=\"n8H08c UVNKR \"><li class=\"zfr3Q TYR86d eD0Rn \" dir=\"ltr\" style=\"text-align: justify;\"><p class=\"zfr3Q CDt4Ke \" dir=\"ltr\" role=\"presentation\"><span class=\"C9DxTc \" style=\"color: #000000;\">Identificar emo\u00e7\u00f5es e compreender seus impactos;<\/span><\/p><\/li><li class=\"zfr3Q TYR86d eD0Rn \" dir=\"ltr\" style=\"text-align: justify;\"><p class=\"zfr3Q CDt4Ke \" dir=\"ltr\" role=\"presentation\"><span class=\"C9DxTc \" style=\"color: #000000;\">Aplicar t\u00e9cnicas eficazes para prevenir e lidar com o burnout;<\/span><\/p><\/li><li class=\"zfr3Q TYR86d eD0Rn \" dir=\"ltr\" style=\"text-align: justify;\"><p class=\"zfr3Q CDt4Ke \" dir=\"ltr\" role=\"presentation\"><span class=\"C9DxTc \" style=\"color: #000000;\">Utilizar a intelig\u00eancia emocional para melhorar sua comunica\u00e7\u00e3o e lideran\u00e7a;<\/span><\/p><\/li><li class=\"zfr3Q TYR86d eD0Rn \" dir=\"ltr\" style=\"text-align: justify;\"><p class=\"zfr3Q CDt4Ke \" dir=\"ltr\" role=\"presentation\"><span class=\"C9DxTc \" style=\"color: #000000;\">Desenvolver for\u00e7as de car\u00e1ter que promovem equil\u00edbrio emocional duradouro;<\/span><\/p><\/li><li class=\"zfr3Q TYR86d eD0Rn \" dir=\"ltr\" style=\"text-align: justify;\"><p class=\"zfr3Q CDt4Ke \" dir=\"ltr\" role=\"presentation\"><span class=\"C9DxTc \" style=\"color: #000000;\">Refor\u00e7ar seu prop\u00f3sito e sentido de vida diante dos desafios cotidianos;<\/span><\/p><\/li><li class=\"zfr3Q TYR86d eD0Rn \" dir=\"ltr\"><p class=\"zfr3Q CDt4Ke \" dir=\"ltr\" style=\"text-align: justify;\" role=\"presentation\"><span class=\"C9DxTc \" style=\"color: #000000;\">Construir h\u00e1bitos saud\u00e1veis para manter a sa\u00fade emocional no dia a dia.<\/span><\/p><\/li><\/ul><\/div><\/div><\/div><\/div>\t\t\t\t\t\t\t\t<\/div>\n\t\t\n<\/div>\n<div class=\"elementor-element elementor-element-148976a e-con e-atomic-element e-flexbox-base e-148976a-93af478 \" data-id=\"148976a\" data-element_type=\"e-flexbox\" data-e-type=\"e-flexbox\" data-interaction-id=\"148976a\">\n    \t\t<div class=\"elementor-element elementor-element-5686ba1 elementor-widget__width-initial elementor-widget elementor-widget-text-editor\" data-id=\"5686ba1\" data-element_type=\"widget\" data-e-type=\"widget\" data-widget_type=\"text-editor.default\">\n\t\t\t\t\t\t\t\t\t<div class=\"oKdM2c ZZyype Kzv0Me\"><div id=\"h.1df5b4fd44e252d_40\" class=\"hJDwNd-AhqUyc-Clt0zb Ft7HRd-AhqUyc-Clt0zb jXK9ad D2fZ2 zu5uec OjCsFc dmUFtb\"><div class=\"jXK9ad-SmKAyb\"><div class=\"tyJCtd mGzaTb Depvyb baZpAe\"><div class=\"CjVfdc\"><strong><span class=\"jgG6ef C9DxTc \" style=\"color: #000000;\">Gest\u00e3o do Tempo e Produtividade<\/span><\/strong><\/div><\/div><\/div><\/div><\/div><div class=\"oKdM2c ZZyype\"><div id=\"h.1df5b4fd44e252d_42\" class=\"hJDwNd-AhqUyc-Clt0zb Ft7HRd-AhqUyc-Clt0zb jXK9ad D2fZ2 zu5uec wHaque g5GTcb\"><div class=\"jXK9ad-SmKAyb\"><div class=\"tyJCtd mGzaTb Depvyb baZpAe\"><p class=\"zfr3Q CDt4Ke \" dir=\"ltr\"><span style=\"color: #000000;\"><span class=\"C9DxTc \">Desenvolva sua produtividade com autoconhecimento e ferramentas pr\u00e1ticas de gest\u00e3o do tempo! O curso aborda o autoconhecimento, os conceitos de produtividade, os elementos e ferramentas de melhoria de desempenho, a gest\u00e3o do tempo e as atitudes das pessoas produtivas. Destinado a servidores e profissionais que desejam superar a procrastina\u00e7\u00e3o, organizar melhor sua rotina e entregar mais resultados com qualidade, equil\u00edbrio e prop\u00f3sito no trabalho.<\/span><span class=\"C9DxTc \">\u00a0<\/span><\/span><\/p><p class=\"zfr3Q CDt4Ke \" dir=\"ltr\"><a class=\"XqQF9c\" href=\"https:\/\/www.escolavirtual.gov.br\/curso\/468\" target=\"_blank\" rel=\"noopener\"><span class=\"C9DxTc aw5Odc \">https:\/\/www.escolavirtual.gov.br\/curso\/468<\/span><\/a><span class=\"C9DxTc \">\u00a0<\/span><\/p><p class=\"zfr3Q CDt4Ke \" dir=\"ltr\"><span style=\"color: #000000;\"><span class=\"C9DxTc \">\u00a0<\/span><span class=\"C9DxTc \">C<\/span><span class=\"C9DxTc \">onte\u00fado Program\u00e1tico:<\/span><\/span><\/p><ul class=\"n8H08c UVNKR \"><li class=\"zfr3Q TYR86d eD0Rn \" dir=\"ltr\"><p class=\"zfr3Q CDt4Ke \" dir=\"ltr\" role=\"presentation\"><span class=\"C9DxTc \" style=\"color: #000000;\">M\u00f3dulo 1 \u2013 AUTOCONHECIMENTO: paradas e reflex\u00f5es.<\/span><\/p><\/li><li class=\"zfr3Q TYR86d eD0Rn \" dir=\"ltr\"><p class=\"zfr3Q CDt4Ke \" dir=\"ltr\" role=\"presentation\"><span class=\"C9DxTc \" style=\"color: #000000;\">M\u00f3dulo 2 \u2013 PRODUTIVIDADE: conceitos e contextos.<\/span><\/p><\/li><li class=\"zfr3Q TYR86d eD0Rn \" dir=\"ltr\"><p class=\"zfr3Q CDt4Ke \" dir=\"ltr\" role=\"presentation\"><span class=\"C9DxTc \" style=\"color: #000000;\">M\u00f3dulo 3 \u2013 Elementos e ferramentas de produtividade.<\/span><\/p><\/li><li class=\"zfr3Q TYR86d eD0Rn \" dir=\"ltr\"><p class=\"zfr3Q CDt4Ke \" dir=\"ltr\" role=\"presentation\"><span class=\"C9DxTc \" style=\"color: #000000;\">M\u00f3dulo 4 \u2013 Gest\u00e3o do tempo.<\/span><\/p><\/li><li class=\"zfr3Q TYR86d eD0Rn \" dir=\"ltr\"><p class=\"zfr3Q CDt4Ke \" dir=\"ltr\" role=\"presentation\"><span class=\"C9DxTc \" style=\"color: #000000;\">M\u00f3dulo 5 \u2013 Atitudes de pessoas produtivas.<\/span><\/p><\/li><\/ul><\/div><\/div><\/div><\/div>\t\t\t\t\t\t\t\t<\/div>\n\t\t\n<\/div>\n\n<\/div>\n\t\t<\/div>\n\t\t","protected":false},"excerpt":{"rendered":"<p>Lideran\u00e7a como Ess\u00eancia da Gest\u00e3o Identifique as compet\u00eancias e atributos ideais de um bom l\u00edder. Neste curso voc\u00ea ir\u00e1 entender como o papel do l\u00edder dentro das organiza\u00e7\u00f5es pode fazer a diferen\u00e7a no desempenho das equipes.\u00a0 https:\/\/suap.enap.gov.br\/vitrine\/curso\/2985\/ Principais t\u00f3picos: Estilos de Lideran\u00e7a, desafios gerenciais e pilares da lideran\u00e7a e gest\u00e3o; Micro-gerenciamento x Sub-gerenciamento; Usos e [&hellip;]<\/p>\n","protected":false},"author":584,"featured_media":0,"parent":0,"menu_order":0,"comment_status":"closed","ping_status":"closed","template":"","meta":{"footnotes":"","_links_to":"","_links_to_target":""},"class_list":["post-204167","page","type-page","status-publish","hentry"],"rttpg_featured_image_url":null,"rttpg_author":{"display_name":"angelicaabadia","author_link":"https:\/\/goias.gov.br\/escoladesaude\/author\/angelicaabadia\/"},"rttpg_comment":0,"rttpg_category":null,"rttpg_excerpt":"Lideran\u00e7a como Ess\u00eancia da Gest\u00e3o Identifique as compet\u00eancias e atributos ideais de um bom l\u00edder. Neste curso voc\u00ea ir\u00e1 entender como o papel do l\u00edder dentro das organiza\u00e7\u00f5es pode fazer a diferen\u00e7a no desempenho das equipes.\u00a0 https:\/\/suap.enap.gov.br\/vitrine\/curso\/2985\/ Principais t\u00f3picos: Estilos de Lideran\u00e7a, desafios gerenciais e pilares da lideran\u00e7a e gest\u00e3o; Micro-gerenciamento x Sub-gerenciamento; Usos e&hellip;","_links":{"self":[{"href":"https:\/\/goias.gov.br\/escoladesaude\/wp-json\/wp\/v2\/pages\/204167","targetHints":{"allow":["GET"]}}],"collection":[{"href":"https:\/\/goias.gov.br\/escoladesaude\/wp-json\/wp\/v2\/pages"}],"about":[{"href":"https:\/\/goias.gov.br\/escoladesaude\/wp-json\/wp\/v2\/types\/page"}],"author":[{"embeddable":true,"href":"https:\/\/goias.gov.br\/escoladesaude\/wp-json\/wp\/v2\/users\/584"}],"replies":[{"embeddable":true,"href":"https:\/\/goias.gov.br\/escoladesaude\/wp-json\/wp\/v2\/comments?post=204167"}],"version-history":[{"count":2,"href":"https:\/\/goias.gov.br\/escoladesaude\/wp-json\/wp\/v2\/pages\/204167\/revisions"}],"predecessor-version":[{"id":204611,"href":"https:\/\/goias.gov.br\/escoladesaude\/wp-json\/wp\/v2\/pages\/204167\/revisions\/204611"}],"wp:attachment":[{"href":"https:\/\/goias.gov.br\/escoladesaude\/wp-json\/wp\/v2\/media?parent=204167"}],"curies":[{"name":"wp","href":"https:\/\/api.w.org\/{rel}","templated":true}]}}