{"id":202349,"date":"2025-10-22T08:23:07","date_gmt":"2025-10-22T11:23:07","guid":{"rendered":"https:\/\/goias.gov.br\/escoladesaude\/?page_id=202349"},"modified":"2026-08-27T10:25:28","modified_gmt":"2026-08-27T13:25:28","slug":"desenvolvimento-profissional","status":"publish","type":"page","link":"https:\/\/goias.gov.br\/escoladesaude\/desenvolvimento-profissional\/","title":{"rendered":"Desenvolvimento Profissional"},"content":{"rendered":"\t\t<div data-elementor-type=\"wp-page\" data-elementor-id=\"202349\" class=\"elementor elementor-202349\">\n\t\t\t\t<div class=\"elementor-element elementor-element-7e697dc e-flex e-con-boxed e-con e-parent\" data-id=\"7e697dc\" data-element_type=\"container\" data-e-type=\"container\">\n\t\t\t\t\t<div class=\"e-con-inner\">\n\t\t\t\t<div class=\"elementor-element elementor-element-a7e7df7 elementor-widget elementor-widget-text-editor\" data-id=\"a7e7df7\" data-element_type=\"widget\" data-e-type=\"widget\" data-widget_type=\"text-editor.default\">\n\t\t\t\t\t\t\t\t\t<p class=\"zfr3Q CDt4Ke \" dir=\"ltr\" style=\"text-align: justify;\"><span class=\"C9DxTc \"><span style=\"color: #000000;\">O Desenvolvimento Profissional na Secretaria de Estado da Sa\u00fade de Goi\u00e1s (SES-GO) est\u00e1 orientado na Pol\u00edtica de Desenvolvimento de Pessoas, institu\u00edda pelo<\/span>\u00a0<\/span><a class=\"XqQF9c\" href=\"https:\/\/goias.gov.br\/escoladegoverno\/wp-content\/uploads\/sites\/28\/2019\/05\/DecretoNumeradoN9.738_2020-CasaCivildoEstadodeGoias-cc2.pdf\" target=\"_blank\" rel=\"noopener\"><span class=\"C9DxTc aw5Odc \">Decreto n\u00ba 9.738\/2020<\/span><\/a><span class=\"C9DxTc \">,<\/span><span class=\"C9DxTc \">\u00a0q<span style=\"color: #000000;\">ue norteia as a\u00e7\u00f5es de capacita\u00e7\u00e3o e aprendizagem dos servidores.<\/span><\/span><\/p><p class=\"zfr3Q CDt4Ke \" dir=\"ltr\" style=\"text-align: justify;\"><span class=\"C9DxTc \"><span style=\"color: #000000;\">No \u00e2mbito da SES, essa pol\u00edtica \u00e9 regulamentada pela<\/span>\u00a0<\/span><a class=\"XqQF9c\" href=\"https:\/\/goias.gov.br\/escoladesaude\/wp-content\/uploads\/sites\/59\/2024\/12\/Portaria-2236-2024-PDP-SES.pdf\" target=\"_blank\" rel=\"noopener\"><span class=\"C9DxTc aw5Odc \">Portaria n\u00ba 2.236\/2024<\/span><\/a><span class=\"C9DxTc \">, <span style=\"color: #000000;\">que organiza sua aplica\u00e7\u00e3o institucional. A partir dessa base normativa, \u00e9 estruturado o\u00a0<\/span><\/span><span class=\"C9DxTc \">\u00a0<\/span><a class=\"XqQF9c\" href=\"https:\/\/goias.gov.br\/escoladesaude\/wp-content\/uploads\/sites\/59\/2025\/07\/plano_capacitacao_profissional_ses_go1.pdf\" target=\"_blank\" rel=\"noopener\"><span class=\"C9DxTc aw5Odc \">Plano de Capacita\u00e7\u00e3o Profissional<\/span><\/a><span class=\"C9DxTc \">, <span style=\"color: #000000;\">respons\u00e1vel por identificar necessidades, definir prioridades e alinhar o desenvolvimento dos servidores aos objetivos estrat\u00e9gicos da sa\u00fade p\u00fablica. <\/span><\/span><span class=\"C9DxTc \" style=\"color: #000000;\">Desse plano decorrem as a\u00e7\u00f5es educacionais, como cursos, trilhas de conhecimento e outras iniciativas formativas, voltadas ao fortalecimento de compet\u00eancias, ao desenvolvimento cont\u00ednuo dos servidores e \u00e0 melhoria dos servi\u00e7os prestados \u00e0 popula\u00e7\u00e3o.<\/span><\/p>\t\t\t\t\t\t\t\t<\/div>\n\t\t\t\t\t<\/div>\n\t\t\t\t<\/div>\n\t\t<div class=\"elementor-element elementor-element-d0aec47 e-con-full e-flex e-con e-parent\" data-id=\"d0aec47\" data-element_type=\"container\" data-e-type=\"container\">\n\t\t<div class=\"elementor-element elementor-element-b2ac8d5 e-grid e-con-full e-con e-child\" data-id=\"b2ac8d5\" data-element_type=\"container\" data-e-type=\"container\">\n\t\t\t\t<div class=\"elementor-element elementor-element-125c651 elementor-widget elementor-widget-image\" data-id=\"125c651\" data-element_type=\"widget\" data-e-type=\"widget\" data-widget_type=\"image.default\">\n\t\t\t\t\t\t\t\t\t\t\t\t\t\t\t\t<a href=\"https:\/\/goias.gov.br\/escoladesaude\/mapa-de-lideranca\/\">\n\t\t\t\t\t\t\t<img fetchpriority=\"high\" decoding=\"async\" width=\"300\" height=\"250\" src=\"https:\/\/goias.gov.br\/escoladesaude\/wp-content\/uploads\/sites\/59\/2026\/08\/mapa1.png\" class=\"attachment-full size-full wp-image-204824\" alt=\"\" \/>\t\t\t\t\t\t\t\t<\/a>\n\t\t\t\t\t\t\t\t\t\t\t\t\t\t\t<\/div>\n\t\t\t\t<div class=\"elementor-element elementor-element-9d8d79e elementor-widget elementor-widget-image\" data-id=\"9d8d79e\" data-element_type=\"widget\" data-e-type=\"widget\" data-widget_type=\"image.default\">\n\t\t\t\t\t\t\t\t\t\t\t\t\t\t\t\t<a href=\"https:\/\/goias.gov.br\/escoladesaude\/trilhas-de-aprendizagem\/\">\n\t\t\t\t\t\t\t<img decoding=\"async\" width=\"300\" height=\"250\" src=\"https:\/\/goias.gov.br\/escoladesaude\/wp-content\/uploads\/sites\/59\/2026\/07\/CURSOS.png\" class=\"attachment-full size-full wp-image-203920\" alt=\"\" \/>\t\t\t\t\t\t\t\t<\/a>\n\t\t\t\t\t\t\t\t\t\t\t\t\t\t\t<\/div>\n\t\t\t\t<div class=\"elementor-element elementor-element-31e1e8a elementor-widget elementor-widget-image\" data-id=\"31e1e8a\" data-element_type=\"widget\" data-e-type=\"widget\" data-widget_type=\"image.default\">\n\t\t\t\t\t\t\t\t\t\t\t\t\t\t\t\t<a href=\"http:\/\/goias.gov.br\/escoladesaude\/acoes-educacionais\/\">\n\t\t\t\t\t\t\t<img decoding=\"async\" width=\"300\" height=\"250\" src=\"https:\/\/goias.gov.br\/escoladesaude\/wp-content\/uploads\/sites\/59\/2026\/03\/7.png\" class=\"attachment-full size-full wp-image-203469\" alt=\"\" \/>\t\t\t\t\t\t\t\t<\/a>\n\t\t\t\t\t\t\t\t\t\t\t\t\t\t\t<\/div>\n\t\t\t\t<div class=\"elementor-element elementor-element-fddd00a elementor-widget elementor-widget-image\" data-id=\"fddd00a\" data-element_type=\"widget\" data-e-type=\"widget\" data-widget_type=\"image.default\">\n\t\t\t\t\t\t\t\t\t\t\t\t\t\t\t\t<a href=\"https:\/\/goias.gov.br\/escoladesaude\/iniciativasestrategicas\/\">\n\t\t\t\t\t\t\t<img loading=\"lazy\" decoding=\"async\" width=\"300\" height=\"250\" src=\"https:\/\/goias.gov.br\/escoladesaude\/wp-content\/uploads\/sites\/59\/2026\/07\/CURSOS-1.png\" class=\"attachment-full size-full wp-image-203932\" alt=\"\" \/>\t\t\t\t\t\t\t\t<\/a>\n\t\t\t\t\t\t\t\t\t\t\t\t\t\t\t<\/div>\n\t\t\t\t\t<a href=\"https:\/\/goias.gov.br\/escoladesaude\/gestao-na-pratica\/\" target=\"_self\" class=\"e-image-link-base\" data-interaction-id=\"edf3aa5\"\n\t><img loading=\"lazy\" decoding=\"async\" class=\"e-image-base \" id=\"203945\" src=\"https:\/\/goias.gov.br\/escoladesaude\/wp-content\/uploads\/sites\/59\/2026\/07\/CURSOS-2.png\" width=\"300\" height=\"250\" srcset=\"\" alt=\"\"\/>\t<\/a>\t\t\t\t\t<a href=\"https:\/\/goias.gov.br\/escoladesaude\/processos-de-trabalho\/\" target=\"_self\" class=\"e-image-link-base\" data-interaction-id=\"5c653aa\"\n\t><img loading=\"lazy\" decoding=\"async\" class=\"e-image-base \" id=\"203971\" src=\"https:\/\/goias.gov.br\/escoladesaude\/wp-content\/uploads\/sites\/59\/2026\/07\/processos.png\" width=\"300\" height=\"250\" srcset=\"\" alt=\"\"\/>\t<\/a>\t\t\t\t<\/div>\n\t\t\t\t<\/div>\n\t\t\t\t<\/div>\n\t\t","protected":false},"excerpt":{"rendered":"<p>O Desenvolvimento Profissional na Secretaria de Estado da Sa\u00fade de Goi\u00e1s (SES-GO) est\u00e1 orientado na Pol\u00edtica de Desenvolvimento de Pessoas, institu\u00edda pelo\u00a0Decreto n\u00ba 9.738\/2020,\u00a0que norteia as a\u00e7\u00f5es de capacita\u00e7\u00e3o e aprendizagem dos servidores. No \u00e2mbito da SES, essa pol\u00edtica \u00e9 regulamentada pela\u00a0Portaria n\u00ba 2.236\/2024, que organiza sua aplica\u00e7\u00e3o institucional. A partir dessa base normativa, \u00e9 [&hellip;]<\/p>\n","protected":false},"author":584,"featured_media":0,"parent":0,"menu_order":0,"comment_status":"closed","ping_status":"closed","template":"","meta":{"footnotes":"","_links_to":"","_links_to_target":""},"class_list":["post-202349","page","type-page","status-publish","hentry"],"rttpg_featured_image_url":null,"rttpg_author":{"display_name":"angelicaabadia","author_link":"https:\/\/goias.gov.br\/escoladesaude\/author\/angelicaabadia\/"},"rttpg_comment":0,"rttpg_category":null,"rttpg_excerpt":"O Desenvolvimento Profissional na Secretaria de Estado da Sa\u00fade de Goi\u00e1s (SES-GO) est\u00e1 orientado na Pol\u00edtica de Desenvolvimento de Pessoas, institu\u00edda pelo\u00a0Decreto n\u00ba 9.738\/2020,\u00a0que norteia as a\u00e7\u00f5es de capacita\u00e7\u00e3o e aprendizagem dos servidores. No \u00e2mbito da SES, essa pol\u00edtica \u00e9 regulamentada pela\u00a0Portaria n\u00ba 2.236\/2024, que organiza sua aplica\u00e7\u00e3o institucional. A partir dessa base normativa, \u00e9&hellip;","_links":{"self":[{"href":"https:\/\/goias.gov.br\/escoladesaude\/wp-json\/wp\/v2\/pages\/202349","targetHints":{"allow":["GET"]}}],"collection":[{"href":"https:\/\/goias.gov.br\/escoladesaude\/wp-json\/wp\/v2\/pages"}],"about":[{"href":"https:\/\/goias.gov.br\/escoladesaude\/wp-json\/wp\/v2\/types\/page"}],"author":[{"embeddable":true,"href":"https:\/\/goias.gov.br\/escoladesaude\/wp-json\/wp\/v2\/users\/584"}],"replies":[{"embeddable":true,"href":"https:\/\/goias.gov.br\/escoladesaude\/wp-json\/wp\/v2\/comments?post=202349"}],"version-history":[{"count":2,"href":"https:\/\/goias.gov.br\/escoladesaude\/wp-json\/wp\/v2\/pages\/202349\/revisions"}],"predecessor-version":[{"id":204827,"href":"https:\/\/goias.gov.br\/escoladesaude\/wp-json\/wp\/v2\/pages\/202349\/revisions\/204827"}],"wp:attachment":[{"href":"https:\/\/goias.gov.br\/escoladesaude\/wp-json\/wp\/v2\/media?parent=202349"}],"curies":[{"name":"wp","href":"https:\/\/api.w.org\/{rel}","templated":true}]}}