

{"id":95947,"date":"2024-03-21T14:31:11","date_gmt":"2024-03-21T17:31:11","guid":{"rendered":"https:\/\/siteshom.goias.gov.br\/educacao\/?page_id=95947"},"modified":"2026-01-29T16:22:13","modified_gmt":"2026-01-29T19:22:13","slug":"galeria-de-fotos","status":"publish","type":"page","link":"https:\/\/goias.gov.br\/educacao\/galeria-de-fotos\/","title":{"rendered":"Galeria de Fotos"},"content":{"rendered":"\t\t<div data-elementor-type=\"wp-page\" data-elementor-id=\"95947\" class=\"elementor elementor-95947\">\n\t\t\t\t<div class=\"elementor-element elementor-element-9a213e2 e-flex e-con-boxed e-con e-parent\" data-id=\"9a213e2\" data-element_type=\"container\" data-e-type=\"container\">\n\t\t\t\t\t<div class=\"e-con-inner\">\n\t\t\t\t<div class=\"elementor-element elementor-element-19c9c42 elementor-widget elementor-widget-shortcode\" data-id=\"19c9c42\" data-element_type=\"widget\" data-e-type=\"widget\" data-widget_type=\"shortcode.default\">\n\t\t\t\t\t\t\t<div class=\"elementor-shortcode\"><style type='text\/css' media='all'>#rt-tpg-container-913346555 .rt-holder .rt-woo-info .price{color:#0367bf;}body .rt-tpg-container .rt-tpg-isotope-buttons .selected,\n\t\t\t\t\t#rt-tpg-container-913346555 .layout12 .rt-holder:hover .rt-detail,\n\t\t\t\t\t#rt-tpg-container-913346555 .isotope8 .rt-holder:hover .rt-detail,\n\t\t\t\t\t#rt-tpg-container-913346555 .carousel8 .rt-holder:hover .rt-detail,\n\t\t\t\t\t#rt-tpg-container-913346555 .layout13 .rt-holder .overlay .post-info,\n\t\t\t\t\t#rt-tpg-container-913346555 .isotope9 .rt-holder .overlay .post-info,\n\t\t\t\t\t#rt-tpg-container-913346555.rt-tpg-container .layout4 .rt-holder .rt-detail,\n\t\t\t\t\t.rt-modal-913346555 .md-content,\n\t\t\t\t\t.rt-modal-913346555 .md-content > .rt-md-content-holder .rt-md-content,\n\t\t\t\t\t.rt-popup-wrap-913346555.rt-popup-wrap .rt-popup-navigation-wrap,\n\t\t\t\t\t#rt-tpg-container-913346555 .carousel9 .rt-holder .overlay .post-info{background-color:#0367bf;}#rt-tpg-container-913346555 .layout5 .rt-holder .overlay, #rt-tpg-container-913346555 .isotope2 .rt-holder .overlay, #rt-tpg-container-913346555 .carousel2 .rt-holder .overlay,#rt-tpg-container-913346555 .layout15 .rt-holder h3, #rt-tpg-container-913346555 .isotope11 .rt-holder h3, #rt-tpg-container-913346555 .carousel11 .rt-holder h3, #rt-tpg-container-913346555 .layout16 .rt-holder h3,\n\t\t\t\t\t#rt-tpg-container-913346555 .isotope12 .rt-holder h3, #rt-tpg-container-913346555 .carousel12 .rt-holder h3 {background-color:rgba(3,103,191,0.8);}#rt-tpg-container-913346555 .read-more a{border-radius:px;}#rt-tpg-container-913346555 .rt-img-holder img.rt-img-responsive,#rt-tpg-container-913346555 .rt-img-holder,\n\t\t\t\t\t#rt-tpg-container-913346555 .rt-post-overlay .post-img,\n\t\t\t\t\t#rt-tpg-container-913346555 .post-sm .post-img,\n\t\t\t\t\t#rt-tpg-container-913346555 .rt-post-grid .post-img,\n\t\t\t\t\t#rt-tpg-container-913346555 .post-img img {border-radius:px;}<\/style><div class='rt-container-fluid rt-tpg-container tpg-shortcode-main-wrapper two-destaque' id='rt-tpg-container-913346555'   data-layout='layout2' data-grid-style='even' data-desktop-col='2'  data-tab-col='2'  data-mobile-col='1' data-sc-id='95946'><div data-title='Loading ...' class='rt-row rt-content-loader   layout2 tpg-even '><div class=\"rt-col-md-6 rt-col-sm-6 rt-col-xs-12 even-grid-item rt-grid-item\" data-id=\"106712\"><div class=\"rt-holder\"><div class=\"rt-row\"><div class='rt-col-sm-6 rt-col-xs-12 '><div class=\"rt-img-holder\"><a data-id='106712' class='' href='https:\/\/goias.gov.br\/educacao\/encontro-com-coordenadores-regionais-na-cidade-de-goias\/'><img fetchpriority=\"high\" decoding=\"async\" width=\"2560\" height=\"1707\" src=\"https:\/\/goias.gov.br\/educacao\/wp-content\/uploads\/sites\/40\/2024\/07\/DSC01184df-2-scaled.jpg\" class=\"rt-img-responsive \" alt=\"\" \/><\/a><\/div><\/div><div class='rt-col-sm-6 rt-col-xs-12 '><div class='rt-detail'><h3 class=\"entry-title\"><a data-id=\"106712\" class=\"\" href=\"https:\/\/goias.gov.br\/educacao\/encontro-com-coordenadores-regionais-na-cidade-de-goias\/\">Encontro com coordenadores regionais na Cidade de Goi\u00e1s<\/a><\/h3><div class='post-meta-user '><span class='date-meta'>25 de julho de 2024<\/span><\/div><\/div><\/div><\/div><\/div><\/div><div class=\"rt-col-md-6 rt-col-sm-6 rt-col-xs-12 even-grid-item rt-grid-item\" data-id=\"98534\"><div class=\"rt-holder\"><div class=\"rt-row\"><div class='rt-col-sm-6 rt-col-xs-12 '><div class=\"rt-img-holder\"><a data-id='98534' class='' href='https:\/\/goias.gov.br\/educacao\/premio-leia-2024\/'><img decoding=\"async\" width=\"5472\" height=\"3648\" src=\"https:\/\/goias.gov.br\/educacao\/wp-content\/uploads\/sites\/40\/2024\/05\/IMG_1560-1.jpg\" class=\"rt-img-responsive \" alt=\"\" \/><\/a><\/div><\/div><div class='rt-col-sm-6 rt-col-xs-12 '><div class='rt-detail'><h3 class=\"entry-title\"><a data-id=\"98534\" class=\"\" href=\"https:\/\/goias.gov.br\/educacao\/premio-leia-2024\/\">Pr\u00eamio Leia 2024<\/a><\/h3><div class='post-meta-user '><span class='date-meta'>17 de maio de 2024<\/span><\/div><\/div><\/div><\/div><\/div><\/div><div class=\"rt-col-md-6 rt-col-sm-6 rt-col-xs-12 even-grid-item rt-grid-item\" data-id=\"47603\"><div class=\"rt-holder\"><div class=\"rt-row\"><div class='rt-col-sm-6 rt-col-xs-12 '><div class=\"rt-img-holder\"><a data-id='47603' class='' href='https:\/\/goias.gov.br\/educacao\/i-encontro-do-programa-alfamais-goias-de-2024\/'><img decoding=\"async\" width=\"2560\" height=\"1707\" src=\"https:\/\/goias.gov.br\/educacao\/wp-content\/uploads\/sites\/40\/2024\/03\/IMG_0964-584-scaled.jpg\" class=\"rt-img-responsive \" alt=\"\" \/><\/a><\/div><\/div><div class='rt-col-sm-6 rt-col-xs-12 '><div class='rt-detail'><h3 class=\"entry-title\"><a data-id=\"47603\" class=\"\" href=\"https:\/\/goias.gov.br\/educacao\/i-encontro-do-programa-alfamais-goias-de-2024\/\">I Encontro do Programa AlfaMais Goi\u00e1s de 2024<\/a><\/h3><div class='post-meta-user '><span class='date-meta'>29 de mar\u00e7o de 2024<\/span><\/div><\/div><\/div><\/div><\/div><\/div><div class=\"rt-col-md-6 rt-col-sm-6 rt-col-xs-12 even-grid-item rt-grid-item\" data-id=\"47601\"><div class=\"rt-holder\"><div class=\"rt-row\"><div class='rt-col-sm-6 rt-col-xs-12 '><div class=\"rt-img-holder\"><a data-id='47601' class='' href='https:\/\/goias.gov.br\/educacao\/1-encontro-de-formacao-para-mediadores-da-inclusao-de-2024\/'><img loading=\"lazy\" decoding=\"async\" width=\"2560\" height=\"1707\" src=\"https:\/\/goias.gov.br\/educacao\/wp-content\/uploads\/sites\/40\/2024\/03\/IMG_1103-fc9-scaled.jpg\" class=\"rt-img-responsive \" alt=\"\" \/><\/a><\/div><\/div><div class='rt-col-sm-6 rt-col-xs-12 '><div class='rt-detail'><h3 class=\"entry-title\"><a data-id=\"47601\" class=\"\" href=\"https:\/\/goias.gov.br\/educacao\/1-encontro-de-formacao-para-mediadores-da-inclusao-de-2024\/\">1\u00ba Encontro de Forma\u00e7\u00e3o para Mediadores da Inclus\u00e3o de 2024<\/a><\/h3><div class='post-meta-user '><span class='date-meta'>29 de mar\u00e7o de 2024<\/span><\/div><\/div><\/div><\/div><\/div><\/div><div class=\"rt-col-md-6 rt-col-sm-6 rt-col-xs-12 even-grid-item rt-grid-item\" data-id=\"95707\"><div class=\"rt-holder\"><div class=\"rt-row\"><div class='rt-col-sm-6 rt-col-xs-12 '><div class=\"rt-img-holder\"><a data-id='95707' class='' href='https:\/\/goias.gov.br\/educacao\/lancamento-do-programa-mulheres-mil\/'><img loading=\"lazy\" decoding=\"async\" width=\"2560\" height=\"1707\" src=\"https:\/\/goias.gov.br\/educacao\/wp-content\/uploads\/sites\/40\/2024\/03\/dsc01108-1-1-scaled.jpg\" class=\"rt-img-responsive \" alt=\"\" \/><\/a><\/div><\/div><div class='rt-col-sm-6 rt-col-xs-12 '><div class='rt-detail'><h3 class=\"entry-title\"><a data-id=\"95707\" class=\"\" href=\"https:\/\/goias.gov.br\/educacao\/lancamento-do-programa-mulheres-mil\/\">Lan\u00e7amento do programa Mulheres Mil<\/a><\/h3><div class='post-meta-user '><span class='date-meta'>8 de mar\u00e7o de 2024<\/span><\/div><\/div><\/div><\/div><\/div><\/div><div class=\"rt-col-md-6 rt-col-sm-6 rt-col-xs-12 even-grid-item rt-grid-item\" data-id=\"95711\"><div class=\"rt-holder\"><div class=\"rt-row\"><div class='rt-col-sm-6 rt-col-xs-12 '><div class=\"rt-img-holder\"><a data-id='95711' class='' href='https:\/\/goias.gov.br\/educacao\/seduc-no-goias-social\/'><img loading=\"lazy\" decoding=\"async\" width=\"2560\" height=\"1707\" src=\"https:\/\/goias.gov.br\/educacao\/wp-content\/uploads\/sites\/40\/2024\/03\/IMG_3346-scaled.jpg\" class=\"rt-img-responsive \" alt=\"\" \/><\/a><\/div><\/div><div class='rt-col-sm-6 rt-col-xs-12 '><div class='rt-detail'><h3 class=\"entry-title\"><a data-id=\"95711\" class=\"\" href=\"https:\/\/goias.gov.br\/educacao\/seduc-no-goias-social\/\">Seduc no Goi\u00e1s Social<\/a><\/h3><div class='post-meta-user '><span class='date-meta'>7 de mar\u00e7o de 2024<\/span><\/div><\/div><\/div><\/div><\/div><\/div><div class=\"rt-col-md-6 rt-col-sm-6 rt-col-xs-12 even-grid-item rt-grid-item\" data-id=\"95709\"><div class=\"rt-holder\"><div class=\"rt-row\"><div class='rt-col-sm-6 rt-col-xs-12 '><div class=\"rt-img-holder\"><a data-id='95709' class='' href='https:\/\/goias.gov.br\/educacao\/concurso-masterchef-na-seduc\/'><img loading=\"lazy\" decoding=\"async\" width=\"2560\" height=\"1707\" src=\"https:\/\/goias.gov.br\/educacao\/wp-content\/uploads\/sites\/40\/2024\/03\/IMG_3513-scaled.jpg\" class=\"rt-img-responsive \" alt=\"\" \/><\/a><\/div><\/div><div class='rt-col-sm-6 rt-col-xs-12 '><div class='rt-detail'><h3 class=\"entry-title\"><a data-id=\"95709\" class=\"\" href=\"https:\/\/goias.gov.br\/educacao\/concurso-masterchef-na-seduc\/\">Concurso MasterChef na Seduc<\/a><\/h3><div class='post-meta-user '><span class='date-meta'>7 de mar\u00e7o de 2024<\/span><\/div><\/div><\/div><\/div><\/div><\/div><div class=\"rt-col-md-6 rt-col-sm-6 rt-col-xs-12 even-grid-item rt-grid-item\" data-id=\"95705\"><div class=\"rt-holder\"><div class=\"rt-row\"><div class='rt-col-sm-6 rt-col-xs-12 '><div class=\"rt-img-holder\"><a data-id='95705' class='' href='https:\/\/goias.gov.br\/educacao\/inauguracao-colegio-estadual-ronaldo-ramos-caiado-filho\/'><img loading=\"lazy\" decoding=\"async\" width=\"2560\" height=\"1707\" src=\"https:\/\/goias.gov.br\/educacao\/wp-content\/uploads\/sites\/40\/2024\/03\/IMG_3221-scaled.jpg\" class=\"rt-img-responsive \" alt=\"\" \/><\/a><\/div><\/div><div class='rt-col-sm-6 rt-col-xs-12 '><div class='rt-detail'><h3 class=\"entry-title\"><a data-id=\"95705\" class=\"\" href=\"https:\/\/goias.gov.br\/educacao\/inauguracao-colegio-estadual-ronaldo-ramos-caiado-filho\/\">Inaugura\u00e7\u00e3o Col\u00e9gio Estadual Ronaldo Ramos Caiado Filho<\/a><\/h3><div class='post-meta-user '><span class='date-meta'>5 de mar\u00e7o de 2024<\/span><\/div><\/div><\/div><\/div><\/div><\/div><div class=\"rt-col-md-6 rt-col-sm-6 rt-col-xs-12 even-grid-item rt-grid-item\" data-id=\"95672\"><div class=\"rt-holder\"><div class=\"rt-row\"><div class='rt-col-sm-6 rt-col-xs-12 '><div class=\"rt-img-holder\"><a data-id='95672' class='' href='https:\/\/goias.gov.br\/educacao\/i-encontro-do-programa-alfamais-goias-de-2024-2\/'><img loading=\"lazy\" decoding=\"async\" width=\"2560\" height=\"1707\" src=\"https:\/\/goias.gov.br\/educacao\/wp-content\/uploads\/sites\/40\/2024\/02\/IMG_0964-scaled.jpg\" class=\"rt-img-responsive \" alt=\"\" \/><\/a><\/div><\/div><div class='rt-col-sm-6 rt-col-xs-12 '><div class='rt-detail'><h3 class=\"entry-title\"><a data-id=\"95672\" class=\"\" href=\"https:\/\/goias.gov.br\/educacao\/i-encontro-do-programa-alfamais-goias-de-2024-2\/\">I Encontro do Programa AlfaMais Goi\u00e1s de 2024<\/a><\/h3><div class='post-meta-user '><span class='date-meta'>29 de fevereiro de 2024<\/span><\/div><\/div><\/div><\/div><\/div><\/div><div class=\"rt-col-md-6 rt-col-sm-6 rt-col-xs-12 even-grid-item rt-grid-item\" data-id=\"95670\"><div class=\"rt-holder\"><div class=\"rt-row\"><div class='rt-col-sm-6 rt-col-xs-12 '><div class=\"rt-img-holder\"><a data-id='95670' class='' href='https:\/\/goias.gov.br\/educacao\/1-encontro-de-formacao-para-mediadores-da-inclusao-de-2024-2\/'><img loading=\"lazy\" decoding=\"async\" width=\"2560\" height=\"1707\" src=\"https:\/\/goias.gov.br\/educacao\/wp-content\/uploads\/sites\/40\/2024\/02\/IMG_1103-scaled.jpg\" class=\"rt-img-responsive \" alt=\"\" \/><\/a><\/div><\/div><div class='rt-col-sm-6 rt-col-xs-12 '><div class='rt-detail'><h3 class=\"entry-title\"><a data-id=\"95670\" class=\"\" href=\"https:\/\/goias.gov.br\/educacao\/1-encontro-de-formacao-para-mediadores-da-inclusao-de-2024-2\/\">1\u00ba Encontro de Forma\u00e7\u00e3o para Mediadores da Inclus\u00e3o de 2024<\/a><\/h3><div class='post-meta-user '><span class='date-meta'>29 de fevereiro de 2024<\/span><\/div><\/div><\/div><\/div><\/div><\/div><div class=\"rt-col-md-6 rt-col-sm-6 rt-col-xs-12 even-grid-item rt-grid-item\" data-id=\"47587\"><div class=\"rt-holder\"><div class=\"rt-row\"><div class='rt-col-sm-6 rt-col-xs-12 '><div class=\"rt-img-holder\"><a data-id='47587' class='' href='https:\/\/goias.gov.br\/educacao\/entrega-cartoes-bolsa-estudo-9-ano\/'><img loading=\"lazy\" decoding=\"async\" width=\"2560\" height=\"1707\" src=\"https:\/\/goias.gov.br\/educacao\/wp-content\/uploads\/sites\/40\/2024\/02\/IMG_0163-3c1-scaled.jpg\" class=\"rt-img-responsive \" alt=\"\" \/><\/a><\/div><\/div><div class='rt-col-sm-6 rt-col-xs-12 '><div class='rt-detail'><h3 class=\"entry-title\"><a data-id=\"47587\" class=\"\" href=\"https:\/\/goias.gov.br\/educacao\/entrega-cartoes-bolsa-estudo-9-ano\/\">Entrega Cart\u00f5es Bolsa Estudo 9\u00ba ano<\/a><\/h3><div class='post-meta-user '><span class='date-meta'>28 de fevereiro de 2024<\/span><\/div><\/div><\/div><\/div><\/div><\/div><div class=\"rt-col-md-6 rt-col-sm-6 rt-col-xs-12 even-grid-item rt-grid-item\" data-id=\"47605\"><div class=\"rt-holder\"><div class=\"rt-row\"><div class='rt-col-sm-6 rt-col-xs-12 '><div class=\"rt-img-holder\"><a data-id='47605' class='' href='https:\/\/goias.gov.br\/educacao\/i-encontro-formativo-do-alfamais-de-2024\/'><img loading=\"lazy\" decoding=\"async\" width=\"2560\" height=\"1707\" src=\"https:\/\/goias.gov.br\/educacao\/wp-content\/uploads\/sites\/40\/2024\/02\/IMG_8188-785-scaled.jpg\" class=\"rt-img-responsive \" alt=\"\" \/><\/a><\/div><\/div><div class='rt-col-sm-6 rt-col-xs-12 '><div class='rt-detail'><h3 class=\"entry-title\"><a data-id=\"47605\" class=\"\" href=\"https:\/\/goias.gov.br\/educacao\/i-encontro-formativo-do-alfamais-de-2024\/\">I Encontro Formativo do AlfaMais de 2024<\/a><\/h3><div class='post-meta-user '><span class='date-meta'>9 de fevereiro de 2024<\/span><\/div><\/div><\/div><\/div><\/div><\/div><div class=\"rt-col-md-6 rt-col-sm-6 rt-col-xs-12 even-grid-item rt-grid-item\" data-id=\"47606\"><div class=\"rt-holder\"><div class=\"rt-row\"><div class='rt-col-sm-6 rt-col-xs-12 '><div class=\"rt-img-holder\"><a data-id='47606' class='' href='https:\/\/goias.gov.br\/educacao\/i-encontro-formativo-do-alfamais-de-2025\/'><img loading=\"lazy\" decoding=\"async\" width=\"2560\" height=\"1707\" src=\"https:\/\/goias.gov.br\/educacao\/wp-content\/uploads\/sites\/40\/2024\/02\/IMG_8188-785-scaled.jpg\" class=\"rt-img-responsive \" alt=\"\" \/><\/a><\/div><\/div><div class='rt-col-sm-6 rt-col-xs-12 '><div class='rt-detail'><h3 class=\"entry-title\"><a data-id=\"47606\" class=\"\" href=\"https:\/\/goias.gov.br\/educacao\/i-encontro-formativo-do-alfamais-de-2025\/\">I Encontro Formativo do AlfaMais de 2024<\/a><\/h3><div class='post-meta-user '><span class='date-meta'>9 de fevereiro de 2024<\/span><\/div><\/div><\/div><\/div><\/div><\/div><div class=\"rt-col-md-6 rt-col-sm-6 rt-col-xs-12 even-grid-item rt-grid-item\" data-id=\"47513\"><div class=\"rt-holder\"><div class=\"rt-row\"><div class='rt-col-sm-6 rt-col-xs-12 '><div class=\"rt-img-holder\"><a data-id='47513' class='' href='https:\/\/goias.gov.br\/educacao\/coletiva-inicio-do-ano-letivo\/'><img loading=\"lazy\" decoding=\"async\" width=\"2560\" height=\"1707\" src=\"https:\/\/goias.gov.br\/educacao\/wp-content\/uploads\/sites\/40\/2024\/01\/IMG_9041-685-scaled.jpg\" class=\"rt-img-responsive \" alt=\"\" \/><\/a><\/div><\/div><div class='rt-col-sm-6 rt-col-xs-12 '><div class='rt-detail'><h3 class=\"entry-title\"><a data-id=\"47513\" class=\"\" href=\"https:\/\/goias.gov.br\/educacao\/coletiva-inicio-do-ano-letivo\/\">Coletiva: In\u00edcio do ano letivo<\/a><\/h3><div class='post-meta-user '><span class='date-meta'>22 de janeiro de 2024<\/span><\/div><\/div><\/div><\/div><\/div><\/div><div class=\"rt-col-md-6 rt-col-sm-6 rt-col-xs-12 even-grid-item rt-grid-item\" data-id=\"47484\"><div class=\"rt-holder\"><div class=\"rt-row\"><div class='rt-col-sm-6 rt-col-xs-12 '><div class=\"rt-img-holder\"><a data-id='47484' class='' href='https:\/\/goias.gov.br\/educacao\/inicio-do-ano-letivo\/'><img loading=\"lazy\" decoding=\"async\" width=\"2560\" height=\"1707\" src=\"https:\/\/goias.gov.br\/educacao\/wp-content\/uploads\/sites\/40\/2024\/01\/IMG_8871-e40-scaled.jpg\" class=\"rt-img-responsive \" alt=\"\" \/><\/a><\/div><\/div><div class='rt-col-sm-6 rt-col-xs-12 '><div class='rt-detail'><h3 class=\"entry-title\"><a data-id=\"47484\" class=\"\" href=\"https:\/\/goias.gov.br\/educacao\/inicio-do-ano-letivo\/\">In\u00edcio do ano letivo<\/a><\/h3><div class='post-meta-user '><span class='date-meta'>22 de janeiro de 2024<\/span><\/div><\/div><\/div><\/div><\/div><\/div><div class=\"rt-col-md-6 rt-col-sm-6 rt-col-xs-12 even-grid-item rt-grid-item\" data-id=\"47438\"><div class=\"rt-holder\"><div class=\"rt-row\"><div class='rt-col-sm-6 rt-col-xs-12 '><div class=\"rt-img-holder\"><a data-id='47438' class='' href='https:\/\/goias.gov.br\/educacao\/inauguracao-cepmg-iris-rezende-machado\/'><img loading=\"lazy\" decoding=\"async\" width=\"2560\" height=\"1707\" src=\"https:\/\/goias.gov.br\/educacao\/wp-content\/uploads\/sites\/40\/2023\/12\/IMG_4335-692-scaled.jpg\" class=\"rt-img-responsive \" alt=\"\" \/><\/a><\/div><\/div><div class='rt-col-sm-6 rt-col-xs-12 '><div class='rt-detail'><h3 class=\"entry-title\"><a data-id=\"47438\" class=\"\" href=\"https:\/\/goias.gov.br\/educacao\/inauguracao-cepmg-iris-rezende-machado\/\">Inaugura\u00e7\u00e3o CEPMG Iris Rezende Machado<\/a><\/h3><div class='post-meta-user '><span class='date-meta'>21 de dezembro de 2023<\/span><\/div><\/div><\/div><\/div><\/div><\/div><div class=\"rt-col-md-6 rt-col-sm-6 rt-col-xs-12 even-grid-item rt-grid-item\" data-id=\"47426\"><div class=\"rt-holder\"><div class=\"rt-row\"><div class='rt-col-sm-6 rt-col-xs-12 '><div class=\"rt-img-holder\"><a data-id='47426' class='' href='https:\/\/goias.gov.br\/educacao\/coletiva-de-imprensa-resultados-do-saego-2023\/'><img loading=\"lazy\" decoding=\"async\" width=\"2560\" height=\"1707\" src=\"https:\/\/goias.gov.br\/educacao\/wp-content\/uploads\/sites\/40\/2023\/12\/IMG_4137-651-scaled.jpg\" class=\"rt-img-responsive \" alt=\"\" \/><\/a><\/div><\/div><div class='rt-col-sm-6 rt-col-xs-12 '><div class='rt-detail'><h3 class=\"entry-title\"><a data-id=\"47426\" class=\"\" href=\"https:\/\/goias.gov.br\/educacao\/coletiva-de-imprensa-resultados-do-saego-2023\/\">Coletiva de Imprensa &#8211; Resultados do Saego 2023<\/a><\/h3><div class='post-meta-user '><span class='date-meta'>15 de dezembro de 2023<\/span><\/div><\/div><\/div><\/div><\/div><\/div><div class=\"rt-col-md-6 rt-col-sm-6 rt-col-xs-12 even-grid-item rt-grid-item\" data-id=\"47404\"><div class=\"rt-holder\"><div class=\"rt-row\"><div class='rt-col-sm-6 rt-col-xs-12 '><div class=\"rt-img-holder\"><a data-id='47404' class='' href='https:\/\/goias.gov.br\/educacao\/inauguracao-do-colegio-estadual-professora-maria-luiza-dos-santos-silva\/'><img loading=\"lazy\" decoding=\"async\" width=\"2560\" height=\"1707\" src=\"https:\/\/goias.gov.br\/educacao\/wp-content\/uploads\/sites\/40\/2023\/12\/IMG_3393-45e-scaled.jpg\" class=\"rt-img-responsive \" alt=\"\" \/><\/a><\/div><\/div><div class='rt-col-sm-6 rt-col-xs-12 '><div class='rt-detail'><h3 class=\"entry-title\"><a data-id=\"47404\" class=\"\" href=\"https:\/\/goias.gov.br\/educacao\/inauguracao-do-colegio-estadual-professora-maria-luiza-dos-santos-silva\/\">Inaugura\u00e7\u00e3o do Col\u00e9gio Estadual Professora Maria Lu\u00edza dos Santos Silva<\/a><\/h3><div class='post-meta-user '><span class='date-meta'>14 de dezembro de 2023<\/span><\/div><\/div><\/div><\/div><\/div><\/div><div class=\"rt-col-md-6 rt-col-sm-6 rt-col-xs-12 even-grid-item rt-grid-item\" data-id=\"47400\"><div class=\"rt-holder\"><div class=\"rt-row\"><div class='rt-col-sm-6 rt-col-xs-12 '><div class=\"rt-img-holder\"><a data-id='47400' class='' href='https:\/\/goias.gov.br\/educacao\/acao-da-cipa-prevencao-contra-a-aids\/'><img loading=\"lazy\" decoding=\"async\" width=\"960\" height=\"1280\" src=\"https:\/\/goias.gov.br\/educacao\/wp-content\/uploads\/sites\/40\/2023\/12\/a54e5b37-b719-4887-a001-5dacd8ad10b3-378.jpg\" class=\"rt-img-responsive \" alt=\"\" \/><\/a><\/div><\/div><div class='rt-col-sm-6 rt-col-xs-12 '><div class='rt-detail'><h3 class=\"entry-title\"><a data-id=\"47400\" class=\"\" href=\"https:\/\/goias.gov.br\/educacao\/acao-da-cipa-prevencao-contra-a-aids\/\">A\u00e7\u00e3o da CIPA &#8211; Preven\u00e7\u00e3o ao HIV\/Aids<\/a><\/h3><div class='post-meta-user '><span class='date-meta'>14 de dezembro de 2023<\/span><\/div><\/div><\/div><\/div><\/div><\/div><div class=\"rt-col-md-6 rt-col-sm-6 rt-col-xs-12 even-grid-item rt-grid-item\" data-id=\"47424\"><div class=\"rt-holder\"><div class=\"rt-row\"><div class='rt-col-sm-6 rt-col-xs-12 '><div class=\"rt-img-holder\"><a data-id='47424' class='' href='https:\/\/goias.gov.br\/educacao\/reuniao-dos-coordenadores-regionais-na-seduc\/'><img loading=\"lazy\" decoding=\"async\" width=\"2560\" height=\"1707\" src=\"https:\/\/goias.gov.br\/educacao\/wp-content\/uploads\/sites\/40\/2023\/12\/IMG_2762-269-scaled.jpg\" class=\"rt-img-responsive \" alt=\"\" \/><\/a><\/div><\/div><div class='rt-col-sm-6 rt-col-xs-12 '><div class='rt-detail'><h3 class=\"entry-title\"><a data-id=\"47424\" class=\"\" href=\"https:\/\/goias.gov.br\/educacao\/reuniao-dos-coordenadores-regionais-na-seduc\/\">Reuni\u00e3o dos Coordenadores Regionais na Seduc<\/a><\/h3><div class='post-meta-user '><span class='date-meta'>14 de dezembro de 2023<\/span><\/div><\/div><\/div><\/div><\/div><\/div><\/div><div class='rt-pagination-wrap' data-total-pages='12' data-posts-per-page='20' data-type='pagination'  ><div class=\"rt-pagination\" ><ul class=\"pagination-list\"><li class=\"active\"><span>1<\/span><\/li><li><a data-paged='2' href='https:\/\/goias.gov.br\/educacao\/wp-json\/wp\/v2\/pages\/95947\/page\/2\/'>2<\/a><\/li><li><a data-paged='3' href='https:\/\/goias.gov.br\/educacao\/wp-json\/wp\/v2\/pages\/95947\/page\/3\/'>3<\/a><\/li><li><a data-paged='4' href='https:\/\/goias.gov.br\/educacao\/wp-json\/wp\/v2\/pages\/95947\/page\/4\/'>4<\/a><\/li><li><a data-paged='5' href='https:\/\/goias.gov.br\/educacao\/wp-json\/wp\/v2\/pages\/95947\/page\/5\/'>5<\/a><\/li><li><a data-paged='2' href=\"https:\/\/goias.gov.br\/educacao\/wp-json\/wp\/v2\/pages\/95947\/page\/2\/\"  aria-label='Next'>&rsaquo;<\/a><\/li><li><a data-paged='12' href='https:\/\/goias.gov.br\/educacao\/wp-json\/wp\/v2\/pages\/95947\/page\/12\/' aria-label='Last'>&raquo;<\/a><\/li><\/ul><\/div><\/div><\/div><\/div>\n\t\t\t\t\t\t<\/div>\n\t\t\t\t\t<\/div>\n\t\t\t\t<\/div>\n\t\t\t\t<\/div>\n\t\t","protected":false},"excerpt":{"rendered":"","protected":false},"author":7,"featured_media":0,"parent":0,"menu_order":0,"comment_status":"closed","ping_status":"closed","template":"","meta":{"footnotes":""},"class_list":["post-95947","page","type-page","status-publish","hentry"],"rttpg_featured_image_url":null,"rttpg_author":{"display_name":"gustavogoncalves","author_link":"https:\/\/goias.gov.br\/educacao\/author\/gustavogoncalves\/"},"rttpg_comment":0,"rttpg_category":"","rttpg_excerpt":null,"_links":{"self":[{"href":"https:\/\/goias.gov.br\/educacao\/wp-json\/wp\/v2\/pages\/95947","targetHints":{"allow":["GET"]}}],"collection":[{"href":"https:\/\/goias.gov.br\/educacao\/wp-json\/wp\/v2\/pages"}],"about":[{"href":"https:\/\/goias.gov.br\/educacao\/wp-json\/wp\/v2\/types\/page"}],"author":[{"embeddable":true,"href":"https:\/\/goias.gov.br\/educacao\/wp-json\/wp\/v2\/users\/7"}],"replies":[{"embeddable":true,"href":"https:\/\/goias.gov.br\/educacao\/wp-json\/wp\/v2\/comments?post=95947"}],"version-history":[{"count":2,"href":"https:\/\/goias.gov.br\/educacao\/wp-json\/wp\/v2\/pages\/95947\/revisions"}],"predecessor-version":[{"id":674401,"href":"https:\/\/goias.gov.br\/educacao\/wp-json\/wp\/v2\/pages\/95947\/revisions\/674401"}],"wp:attachment":[{"href":"https:\/\/goias.gov.br\/educacao\/wp-json\/wp\/v2\/media?parent=95947"}],"curies":[{"name":"wp","href":"https:\/\/api.w.org\/{rel}","templated":true}]}}