

{"id":27102,"date":"2024-01-31T10:43:27","date_gmt":"2024-01-31T13:43:27","guid":{"rendered":"https:\/\/siteshom.goias.gov.br\/educacao\/?page_id=27102"},"modified":"2026-01-28T14:37:37","modified_gmt":"2026-01-28T17:37:37","slug":"sesmt","status":"publish","type":"page","link":"https:\/\/goias.gov.br\/educacao\/sesmt\/","title":{"rendered":"SESMT"},"content":{"rendered":"\t\t<div data-elementor-type=\"wp-page\" data-elementor-id=\"27102\" class=\"elementor elementor-27102\">\n\t\t\t\t<div class=\"elementor-element elementor-element-94613f6 e-flex e-con-boxed e-con e-parent\" data-id=\"94613f6\" data-element_type=\"container\" data-e-type=\"container\">\n\t\t\t\t\t<div class=\"e-con-inner\">\n\t\t\t\t<div class=\"elementor-element elementor-element-a8f9a3c elementor-widget elementor-widget-n-accordion\" data-id=\"a8f9a3c\" data-element_type=\"widget\" data-e-type=\"widget\" data-settings=\"{&quot;default_state&quot;:&quot;all_collapsed&quot;,&quot;max_items_expended&quot;:&quot;one&quot;,&quot;n_accordion_animation_duration&quot;:{&quot;unit&quot;:&quot;ms&quot;,&quot;size&quot;:400,&quot;sizes&quot;:[]}}\" data-widget_type=\"nested-accordion.default\">\n\t\t\t\t\t\t\t<div class=\"e-n-accordion\" aria-label=\"Accordion. Open links with Enter or Space, close with Escape, and navigate with Arrow Keys\">\n\t\t\t\t\t\t<details id=\"e-n-accordion-item-1770\" class=\"e-n-accordion-item\" >\n\t\t\t\t<summary class=\"e-n-accordion-item-title\" data-accordion-index=\"1\" tabindex=\"0\" aria-expanded=\"false\" aria-controls=\"e-n-accordion-item-1770\" >\n\t\t\t\t\t<span class='e-n-accordion-item-title-header'><div class=\"e-n-accordion-item-title-text\"> PRINCIPAIS ATRIBUI\u00c7\u00d5ES E ATIVIDADES DESENVOLVIDAS PELO SESMT P\u00fablico. <\/div><\/span>\n\t\t\t\t\t\t\t<span class='e-n-accordion-item-title-icon'>\n\t\t\t<span class='e-opened' ><svg aria-hidden=\"true\" class=\"e-font-icon-svg e-fas-chevron-down\" viewBox=\"0 0 448 512\" xmlns=\"http:\/\/www.w3.org\/2000\/svg\"><path d=\"M207.029 381.476L12.686 187.132c-9.373-9.373-9.373-24.569 0-33.941l22.667-22.667c9.357-9.357 24.522-9.375 33.901-.04L224 284.505l154.745-154.021c9.379-9.335 24.544-9.317 33.901.04l22.667 22.667c9.373 9.373 9.373 24.569 0 33.941L240.971 381.476c-9.373 9.372-24.569 9.372-33.942 0z\"><\/path><\/svg><\/span>\n\t\t\t<span class='e-closed'><svg aria-hidden=\"true\" class=\"e-font-icon-svg e-fas-chevron-right\" viewBox=\"0 0 320 512\" xmlns=\"http:\/\/www.w3.org\/2000\/svg\"><path d=\"M285.476 272.971L91.132 467.314c-9.373 9.373-24.569 9.373-33.941 0l-22.667-22.667c-9.357-9.357-9.375-24.522-.04-33.901L188.505 256 34.484 101.255c-9.335-9.379-9.317-24.544.04-33.901l22.667-22.667c9.373-9.373 24.569-9.373 33.941 0L285.475 239.03c9.373 9.372 9.373 24.568.001 33.941z\"><\/path><\/svg><\/span>\n\t\t<\/span>\n\n\t\t\t\t\t\t<\/summary>\n\t\t\t\t<div role=\"region\" aria-labelledby=\"e-n-accordion-item-1770\" class=\"elementor-element elementor-element-4dd89a6 e-con-full e-flex e-con e-child\" data-id=\"4dd89a6\" data-element_type=\"container\" data-e-type=\"container\">\n\t\t\t\t<div class=\"elementor-element elementor-element-b8435eb elementor-widget elementor-widget-text-editor\" data-id=\"b8435eb\" data-element_type=\"widget\" data-e-type=\"widget\" data-widget_type=\"text-editor.default\">\n\t\t\t\t\t\t\t\t\t<p><strong>a).\u00a0<\/strong>Realiza\u00e7\u00e3o de vistorias t\u00e9cnicas para identifica\u00e7\u00e3o de riscos de acidentes, das condi\u00e7\u00f5es de trabalho, e elabora\u00e7\u00e3o de documentos referentes a seguran\u00e7a do trabalho, e das condi\u00e7\u00f5es dos sistemas de preven\u00e7\u00e3o e de combate a inc\u00eandios;<\/p><p><strong>b).\u00a0<\/strong>Elabora\u00e7\u00e3o e\/ou auxiliar na execu\u00e7\u00e3o dos Programas de Gest\u00e3o de Seguran\u00e7a \u2013 PGS (PPRA \u2013 Programa de Preven\u00e7\u00e3o de Riscos Ambientais, PGR \u2013 Programa de Gerenciamento de Riscos, PPR \u2013 Programa de Prote\u00e7\u00e3o Respirat\u00f3ria, PCA \u2013 Programa de Conserva\u00e7\u00e3o Auditiva, PPCI \u2013 Programa de Preven\u00e7\u00e3o e Combate a Inc\u00eandio), e Programas de Sa\u00fade Ocupacional \u2013 PSO ( PCMSO \u2013 Programa de Controle M\u00e9dico de Sa\u00fade Ocupacional, Programa de Sa\u00fade Mental, Programa de Preven\u00e7\u00e3o e Controle dos Dist\u00farbios Osteomusculares, Programa de Inser\u00e7\u00e3o do Servidor Portador de Necessidades Especiais e Reinser\u00e7\u00e3o do Servidor em Processo de Reabilita\u00e7\u00e3o\/Readapta\u00e7\u00e3o de Fun\u00e7\u00e3o);<\/p><p><strong>c).\u00a0<\/strong>Assessoria t\u00e9cnica na elabora\u00e7\u00e3o de documentos referentes a Seguran\u00e7a e Sa\u00fade no Trabalho (minutas de portarias, ordens de servi\u00e7o, Instru\u00e7\u00f5es de Trabalho, etc);<\/p><p><strong>d).\u00a0<\/strong>Atuar nos processos de aquisi\u00e7\u00e3o de Equipamentos de Prote\u00e7\u00e3o Individual \u2013 EPI (identifica\u00e7\u00e3o de necessidades, recomenda\u00e7\u00e3o, descri\u00e7\u00e3o, fiscaliza\u00e7\u00e3o, etc.);<\/p><p><strong>e).\u00a0<\/strong>Assessoria e acompanhamento da disponibiliza\u00e7\u00e3o, controle e uso dos EPI (treinamento\/orienta\u00e7\u00e3o, registros de entrega, fiscaliza\u00e7\u00e3o do uso, etc.);<\/p><p><strong>f).\u00a0<\/strong>Remeter \u00e0 Administra\u00e7\u00e3o do \u00f3rg\u00e3o ou da entidade recomenda\u00e7\u00f5es t\u00e9cnicas fundamentadas sobre seguran\u00e7a e sa\u00fade no trabalho, cabendo \u00e0quela deliberar sobre a sua aplicabilidade, com assun\u00e7\u00e3o da responsabilidade pelas consequ\u00eancias de sua decis\u00e3o;<\/p><p><strong>g).\u00a0<\/strong>Solicita\u00e7\u00e3o de medidas de prote\u00e7\u00e3o e\/ou de preven\u00e7\u00e3o, quando identificadas condi\u00e7\u00f5es de risco de acidentes e\/ou \u00e0 integridade f\u00edsica dos servidores ou terceiros;<\/p><p><strong>h).\u00a0<\/strong>Recomenda\u00e7\u00f5es \u00e0 Administra\u00e7\u00e3o do \u00f3rg\u00e3o\/unidade, a imediata paralisa\u00e7\u00e3o de m\u00e1quinas, equipamentos, setores de servi\u00e7o ou obras e a desocupa\u00e7\u00e3o de im\u00f3vel, quando identificado grave e iminente risco \u00e0 seguran\u00e7a e \u00e0 sa\u00fade dos servidores;<\/p><p><strong>i).\u00a0<\/strong>Assessoria de seguran\u00e7a do trabalho nos projetos de reforma, amplia\u00e7\u00e3o e constru\u00e7\u00e3o, de aquisi\u00e7\u00e3o e instala\u00e7\u00e3o de m\u00e1quinas e equipamentos nos ambientes de trabalho que possam impactar significativamente quanto a seguran\u00e7a e sa\u00fade dos servidores;<\/p><p><strong>j).\u00a0<\/strong>Orienta\u00e7\u00e3o e\/ou acompanhamento quanto a execu\u00e7\u00e3o de atividades que envolvam risco ocupacional elevado, realizadas por servidores ou trabalhadores de empresas prestadoras de servi\u00e7o (contato com produtos inflam\u00e1veis, espa\u00e7o confinado, trabalho em altura, eletricidade de alta tens\u00e3o, temperaturas extremas, ru\u00eddo elevado, produtos qu\u00edmicos, material org\u00e2nico contaminado, remo\u00e7\u00e3o\/movimenta\u00e7\u00e3o de cargas, etc);<\/p><p><strong>k).\u00a0<\/strong>Assessoria na implanta\u00e7\u00e3o e manuten\u00e7\u00e3o da Comiss\u00e3o Interna de Preven\u00e7\u00e3o de Acidentes \u2013 CIPA, e\/ou quanto \u00e0 designa\u00e7\u00e3o de servidor para cumprimento de tal fun\u00e7\u00e3o quando n\u00e3o exigida a CIPA;<\/p><p><strong>l).\u00a0<\/strong>Assessoria na forma\u00e7\u00e3o de brigadas de inc\u00eandio, e\/ou capacita\u00e7\u00e3o de servidores para agir na ocorr\u00eancia de sinistros, ou necessidade de desocupa\u00e7\u00e3o de edifica\u00e7\u00f5es em situa\u00e7\u00f5es de risco;<\/p><p><strong>m).\u00a0<\/strong>Elabora\u00e7\u00e3o dos Laudos de Insalubridade e Periculosidade \u2013 LIP, e de Laudo T\u00e9cnico das Condi\u00e7\u00f5es do Ambiente de Trabalho \u2013 LTCAT;<\/p><p><strong>n).\u00a0<\/strong>Atua\u00e7\u00e3o em atividades de conscientiza\u00e7\u00e3o, educa\u00e7\u00e3o e orienta\u00e7\u00e3o quanto a preven\u00e7\u00e3o de acidentes do trabalho, doen\u00e7as ocupacionais, e\/ou para melhoria da qualidade de vida no trabalho;<\/p><p><strong>o).\u00a0<\/strong>\u00a0Atua\u00e7\u00e3o em an\u00e1lise, investiga\u00e7\u00e3o e registros de acidentes de trabalho (emiss\u00e3o de Comunica\u00e7\u00e3o de Acidente de Trabalho \u2013 CAT ou Ficha de Registro de Acidente de Trabalho \u2013 FRAT);<\/p><p><strong>p).\u00a0<\/strong>Participar da elabora\u00e7\u00e3o de Perfil Profissiogr\u00e1fico do Servidor P\u00fablico (PPSP), e\/ou Perfil Profissiogr\u00e1fico Previdenci\u00e1rio (PPP);<\/p><p>Outras atividades administrativas e\/ou t\u00e9cnicas correlatas<\/p>\t\t\t\t\t\t\t\t<\/div>\n\t\t\t\t<\/div>\n\t\t\t\t\t<\/details>\n\t\t\t\t\t\t<details id=\"e-n-accordion-item-1771\" class=\"e-n-accordion-item\" >\n\t\t\t\t<summary class=\"e-n-accordion-item-title\" data-accordion-index=\"2\" tabindex=\"-1\" aria-expanded=\"false\" aria-controls=\"e-n-accordion-item-1771\" >\n\t\t\t\t\t<span class='e-n-accordion-item-title-header'><div class=\"e-n-accordion-item-title-text\"> SESMTs P\u00daBLICOS NA SECRETARIA DE ESTADO DA EDUCA\u00c7\u00c3O \u2013 SEDUC <\/div><\/span>\n\t\t\t\t\t\t\t<span class='e-n-accordion-item-title-icon'>\n\t\t\t<span class='e-opened' ><svg aria-hidden=\"true\" class=\"e-font-icon-svg e-fas-chevron-down\" viewBox=\"0 0 448 512\" xmlns=\"http:\/\/www.w3.org\/2000\/svg\"><path d=\"M207.029 381.476L12.686 187.132c-9.373-9.373-9.373-24.569 0-33.941l22.667-22.667c9.357-9.357 24.522-9.375 33.901-.04L224 284.505l154.745-154.021c9.379-9.335 24.544-9.317 33.901.04l22.667 22.667c9.373 9.373 9.373 24.569 0 33.941L240.971 381.476c-9.373 9.372-24.569 9.372-33.942 0z\"><\/path><\/svg><\/span>\n\t\t\t<span class='e-closed'><svg aria-hidden=\"true\" class=\"e-font-icon-svg e-fas-chevron-right\" viewBox=\"0 0 320 512\" xmlns=\"http:\/\/www.w3.org\/2000\/svg\"><path d=\"M285.476 272.971L91.132 467.314c-9.373 9.373-24.569 9.373-33.941 0l-22.667-22.667c-9.357-9.357-9.375-24.522-.04-33.901L188.505 256 34.484 101.255c-9.335-9.379-9.317-24.544.04-33.901l22.667-22.667c9.373-9.373 24.569-9.373 33.941 0L285.475 239.03c9.373 9.372 9.373 24.568.001 33.941z\"><\/path><\/svg><\/span>\n\t\t<\/span>\n\n\t\t\t\t\t\t<\/summary>\n\t\t\t\t<div role=\"region\" aria-labelledby=\"e-n-accordion-item-1771\" class=\"elementor-element elementor-element-cdefc67 e-con-full e-flex e-con e-child\" data-id=\"cdefc67\" data-element_type=\"container\" data-e-type=\"container\">\n\t\t\t\t<div class=\"elementor-element elementor-element-0ed37cf elementor-widget elementor-widget-text-editor\" data-id=\"0ed37cf\" data-element_type=\"widget\" data-e-type=\"widget\" data-widget_type=\"text-editor.default\">\n\t\t\t\t\t\t\t\t\t<p><strong>SESMT P\u00fablico Instalado na Sede da Secretaria de Estado da Educa\u00e7\u00e3o (SEDUC) \u00a0GOI\u00c2NIA.<\/strong><\/p><p>Engenheiro de Seguran\u00e7a do trabalho:\u00a0<strong>Ant\u00f4nio Moreira da Silva J\u00fanior<\/strong><\/p><p>T\u00e9cnico de Seguran\u00e7a do Trabalho:\u00a0<strong>Francisco Ant\u00f4nio da Silva<\/strong><\/p><p>T\u00e9cnica de Seguran\u00e7a do Trabalho:\u00a0<strong>Sandra Coelho da Silva<\/strong><\/p><p>Coordenador do SESMT P\u00fablico SEDUC &#8211; Goi\u00e2nia:\u00a0<strong>Ant\u00f4nio Moreira da Silva J\u00fanior<\/strong><\/p><p>Atendimento priorit\u00e1rio \u00e0s unidades administrativas localizadas no munic\u00edpio de Goi\u00e2nia.<\/p><p>Endere\u00e7o: Avenida Quinta Avenida, n<u><sup>o<\/sup><\/u>. 212, Setor Leste Vila Nova, Goi\u00e2nia-GO &#8211; CEP: 74643-030. Telefone: (62) 3220-9724\/9725\/9676<\/p><hr \/><p><strong>SESMT P\u00fablico Instalado na Coordena\u00e7\u00e3o Regional de Educa\u00e7\u00e3o (CRE)\u00a0 \u00c1GUAS LINDAS.<\/strong><\/p><p>T\u00e9cnico de Seguran\u00e7a do Trabalho:\u00a0Marcos Ant\u00f4nio Lopes de Almeida.<\/p><p>Munic\u00edpios:\u00a0\u00c1guas Lindas de Goi\u00e1s,\u00a0 Mimoso de Goi\u00e1s, Padre Bernado e Santo Ant\u00f4nio do Descoberto.<\/p><p>Endere\u00e7o:\u00a0Rua Mans\u00f5es Odiss\u00e9ia S\/N\u00ba, Qd. Apm 2, Lt. 01-03, Bairro Mans\u00f5es Odiss\u00e9ia, \u00c1guas Lindas de Goi\u00e1s, CEP:\u00a072910-001. Telefone:\u00a0(61) 3616-3841.<\/p><hr \/><p><strong>SESMT P\u00fablico Instalado na Coordena\u00e7\u00e3o Regional de Educa\u00e7\u00e3o (CRE) \u00a0AN\u00c1POLIS.<\/strong><\/p><p>Engenheiro de Seguran\u00e7a do Trabalho: Danielle Lage Soares Azevedo<\/p><p>T\u00e9cnico de Seguran\u00e7a do Trabalho: Emerson Marques Antunes<\/p><p>T\u00e9cnico de Seguran\u00e7a do Trabalho: Wilson Gomes da Silva<\/p><p>Coordenador do SESMT P\u00fablico CRE-An\u00e1polis: Danielle Lage Soares Azevedo<\/p><p>Munic\u00edpios: An\u00e1polis, Abadi\u00e2nia, Alex\u00e2nia, Campo Limpo de Goi\u00e1s, Cocalzinho de Goi\u00e1s, Corumb\u00e1 de Goi\u00e1s, Goian\u00e1polis, Ner\u00f3polis, Ouro Verde de Goi\u00e1s, Petrolina de Goi\u00e1s, Piren\u00f3polis e Terez\u00f3polis de Goi\u00e1s.<\/p><p>Endere\u00e7o: Av. Sen. Jos\u00e9 Louren\u00e7o Dias, n<u><sup>o<\/sup><\/u>. 303, Setor Central, An\u00e1polis-GO, CEP: 75020-010. Telefone: (62) 3324-7852, (62) 3321-0408 ramal: 208<\/p><hr \/><p><strong>SESMT P\u00fablico Instalado na Coordena\u00e7\u00e3o Regional de Educa\u00e7\u00e3o (CRE) \u00a0APARECIDA DE GOI\u00c2NIA.<\/strong><\/p><p>T\u00e9cnico de Seguran\u00e7a do Trabalho: Dalila Rodrigues dos Santos Aguiar<\/p><p>Munic\u00edpios: Aparecida de Goi\u00c2nia, Aragoi\u00e2nia, Bonfin\u00f3polis, Caldazinha, hidrol\u00e2ndia, Senador Canedo.<\/p><p>Endere\u00e7o: R. Benedito Batista de Tol\u00eado, 14 &#8211; St. Central, Aparecida de Goi\u00e2nia &#8211; GO, 74980-040. Telefone: Portaria &#8211; 3220-9947 e SESMT &#8211; 3220-9951.<\/p><p>Coordenadora do SESMT SEDUC CRE Aparecida de Goi\u00e2nia:\u00a0<b>Dalila Rodrigues dos Santos Aguiar<\/b><\/p><hr \/><p><strong>SESMT P\u00fablico Instalado na Coordena\u00e7\u00e3o Regional de Educa\u00e7\u00e3o (CRE) \u00a0GOIAN\u00c9SIA.<\/strong><\/p><p>T\u00e9cnico de Seguran\u00e7a do Trabalho: Luiz Rei Caetano<\/p><p>Munic\u00edpios: Goian\u00e9sia, Barro Alto, Jaragu\u00e1, Jes\u00fapolis, Santa Isabel, Santa Rita do Novo Destino, S\u00e3o Francisco de Goi\u00e1s e Vila Prop\u00edcio.<\/p><p>Endere\u00e7o: Av. Brasil, n<u><sup>o<\/sup><\/u>. 919, Bairro Santa Luzia, Goian\u00e9sia-GO, CEP: 76380-209. Telefone: (62) 3353-1890<\/p><hr \/><p><strong>SESMT P\u00fablico Instalado na Coordena\u00e7\u00e3o Regional de Educa\u00e7\u00e3o (CRE) \u00a0ITUMBIARA.<\/strong><\/p><p>T\u00e9cnico de Seguran\u00e7a do Trabalho: Wermsthon Alves Ribeiro<\/p><p>Munic\u00edpios: Itumbiara, Bom Jesus de Goi\u00e1s, Buriti Alegre, Cachoeira Dourada.<\/p><p>Endere\u00e7o: Rua Marechal Deodoro, n<u><sup>o<\/sup><\/u>. 581, Centro, Itumbiara-GO, CEP: 75503-210. Telefone: (64) 3294-0300<\/p><hr \/><p><strong>SESMT P\u00fablico Instalado na Coordena\u00e7\u00e3o Regional de Educa\u00e7\u00e3o (CRE)\u00a0 QUIRIN\u00d3POLIS.<\/strong><\/p><p>T\u00e9cnico de Seguran\u00e7a do Trabalho: Sammyr Miranda Pereira<\/p><p>Munic\u00edpios: Quirin\u00f3polis, Cachoeira Alta, Gouvel\u00e2ndia, Inaciol\u00e2ndia, Paranaiguara e S\u00e3o Sim\u00e3o.<\/p><p>Endere\u00e7o: Avenida Frei Joao Batista Vogel, Centro, Quirin\u00f3polis-GO, CEP: 75860-000. Telefone: (64) 3651-2127<\/p><hr \/><p><strong>ATEN\u00c7\u00c3O:<\/strong>\u00a0Os servidores ou empregados p\u00fablico da SEDUC, que desenvolvem atividades de trabalho em Coordena\u00e7\u00e3o Regional de Educa\u00e7\u00e3o\u00a0 CRE localizada no interior do estado, quando necess\u00e1rio atendimento e\/ou informa\u00e7\u00f5es referentes a seguran\u00e7a e sa\u00fade no trabalho, dever\u00e3o procurar o SESMT P\u00fablico da sua CRE de atua\u00e7\u00e3o, e nos casos em que n\u00e3o haja SESMT P\u00fablico na CRE de atua\u00e7\u00e3o, procurar o SESMT P\u00fablico da CRE mais pr\u00f3xima de sua localidade.<\/p>\t\t\t\t\t\t\t\t<\/div>\n\t\t\t\t<\/div>\n\t\t\t\t\t<\/details>\n\t\t\t\t\t\t<details id=\"e-n-accordion-item-1772\" class=\"e-n-accordion-item\" >\n\t\t\t\t<summary class=\"e-n-accordion-item-title\" data-accordion-index=\"3\" tabindex=\"-1\" aria-expanded=\"false\" aria-controls=\"e-n-accordion-item-1772\" >\n\t\t\t\t\t<span class='e-n-accordion-item-title-header'><div class=\"e-n-accordion-item-title-text\"> COMISS\u00c3O INTERNA DE PREVEN\u00c7\u00c3O DE ACIDENTES \u2013 CIPA. <\/div><\/span>\n\t\t\t\t\t\t\t<span class='e-n-accordion-item-title-icon'>\n\t\t\t<span class='e-opened' ><svg aria-hidden=\"true\" class=\"e-font-icon-svg e-fas-chevron-down\" viewBox=\"0 0 448 512\" xmlns=\"http:\/\/www.w3.org\/2000\/svg\"><path d=\"M207.029 381.476L12.686 187.132c-9.373-9.373-9.373-24.569 0-33.941l22.667-22.667c9.357-9.357 24.522-9.375 33.901-.04L224 284.505l154.745-154.021c9.379-9.335 24.544-9.317 33.901.04l22.667 22.667c9.373 9.373 9.373 24.569 0 33.941L240.971 381.476c-9.373 9.372-24.569 9.372-33.942 0z\"><\/path><\/svg><\/span>\n\t\t\t<span class='e-closed'><svg aria-hidden=\"true\" class=\"e-font-icon-svg e-fas-chevron-right\" viewBox=\"0 0 320 512\" xmlns=\"http:\/\/www.w3.org\/2000\/svg\"><path d=\"M285.476 272.971L91.132 467.314c-9.373 9.373-24.569 9.373-33.941 0l-22.667-22.667c-9.357-9.357-9.375-24.522-.04-33.901L188.505 256 34.484 101.255c-9.335-9.379-9.317-24.544.04-33.901l22.667-22.667c9.373-9.373 24.569-9.373 33.941 0L285.475 239.03c9.373 9.372 9.373 24.568.001 33.941z\"><\/path><\/svg><\/span>\n\t\t<\/span>\n\n\t\t\t\t\t\t<\/summary>\n\t\t\t\t<div role=\"region\" aria-labelledby=\"e-n-accordion-item-1772\" class=\"elementor-element elementor-element-b46394e e-con-full e-flex e-con e-child\" data-id=\"b46394e\" data-element_type=\"container\" data-e-type=\"container\">\n\t\t\t\t<div class=\"elementor-element elementor-element-74f04d9 elementor-widget elementor-widget-text-editor\" data-id=\"74f04d9\" data-element_type=\"widget\" data-e-type=\"widget\" data-widget_type=\"text-editor.default\">\n\t\t\t\t\t\t\t\t\t<p>A CIPA \u00e9 uma comiss\u00e3o constitu\u00edda por representantes (titulares e suplentes) designados pelo empregador (titular do \u00f3rg\u00e3o) e eleitos pelos empregados (servidores e empregados p\u00fablico), de acordo com o estabelecido na Lei Estadual n<u><sup>o<\/sup><\/u>. 19.145, de 29 de dezembro de 2015, como tamb\u00e9m observando os regulamentos e par\u00e2metros estabelecidos pela Norma Regulamentadora n<u><sup>o<\/sup><\/u>. 5 (NR \u2013 5), da Portaria n<u><sup>o<\/sup><\/u>. 3.214\/1978, expedida pelo Minist\u00e9rio do Trabalho \u2013 MTb.<\/p><p>A CIPA tem como objetivo a preven\u00e7\u00e3o de acidentes e doen\u00e7as decorrentes do trabalho, colaborando na implementa\u00e7\u00e3o das a\u00e7\u00f5es de sa\u00fade do trabalhador e informar \u00e0 administra\u00e7\u00e3o do \u00f3rg\u00e3o ou da entidade que a constituiu, as percep\u00e7\u00f5es dos servidores acerca dos riscos e inc\u00f4modos a que est\u00e3o sujeitos, bem como sensibilizar os demais servidores para a ado\u00e7\u00e3o de h\u00e1bitos e comportamentos seguros, de modo a tornar permanentemente compat\u00edvel o trabalho com a preserva\u00e7\u00e3o da sa\u00fade e a boa qualidade de vida.<\/p><p>De acordo com a Lei Estadual n<u><sup>o<\/sup><\/u>. 19.145, de 29 de dezembro de 2015, Art 22 \u00a7 2\u00ba, \u201c<em>Caso n\u00e3o seja atingida a quantidade de membros prevista em regulamento, o dirigente do \u00f3rg\u00e3o ou da entidade designar\u00e1 livremente os demais membros necess\u00e1rios \u00e0 sua constitui\u00e7\u00e3o<\/em>\u201d, e \u00a7 3\u00ba \u201c<em>Onde n\u00e3o houver servidores em n\u00famero suficiente para a composi\u00e7\u00e3o de uma CIPA, o dirigente do \u00f3rg\u00e3o ou da entidade designar\u00e1 2 (dois) servidores, por estabelecimento, para o exerc\u00edcio das respectivas atribui\u00e7\u00f5es<\/em>\u201d.<\/p><p>Quando aplic\u00e1vel, dever\u00e3o ser observados os par\u00e2metros estabelecidos na Norma Regulamentadora n<u><sup>o<\/sup><\/u>. 5, expedida pelo Minist\u00e9rio do Trabalho \u2013 MTb, podendo ser adotados mecanismos de participa\u00e7\u00e3o dos empregados, atrav\u00e9s de negocia\u00e7\u00e3o coletiva.<\/p><p><a id=\"\" title=\"\" href=\"https:\/\/goias.gov.br\/educacao\/wp-content\/uploads\/sites\/40\/files\/SESMT\/PORTARIAMTPN4.219DE20DEDEZEMBRODE2022CIPA.pdf\" target=\"\" rel=\"noopener\">ANEXO PORTARIA MTP N\u00ba 4.219, DE 20 DE DEZEMBRO DE 2022<\/a><\/p>\t\t\t\t\t\t\t\t<\/div>\n\t\t\t\t<\/div>\n\t\t\t\t\t<\/details>\n\t\t\t\t\t\t<details id=\"e-n-accordion-item-1773\" class=\"e-n-accordion-item\" >\n\t\t\t\t<summary class=\"e-n-accordion-item-title\" data-accordion-index=\"4\" tabindex=\"-1\" aria-expanded=\"false\" aria-controls=\"e-n-accordion-item-1773\" >\n\t\t\t\t\t<span class='e-n-accordion-item-title-header'><div class=\"e-n-accordion-item-title-text\"> SEMANA INTERNA DE PREVEN\u00c7\u00c3O DE ACIDENTES DE TRABALHO \u2013 SIPAT. <\/div><\/span>\n\t\t\t\t\t\t\t<span class='e-n-accordion-item-title-icon'>\n\t\t\t<span class='e-opened' ><svg aria-hidden=\"true\" class=\"e-font-icon-svg e-fas-chevron-down\" viewBox=\"0 0 448 512\" xmlns=\"http:\/\/www.w3.org\/2000\/svg\"><path d=\"M207.029 381.476L12.686 187.132c-9.373-9.373-9.373-24.569 0-33.941l22.667-22.667c9.357-9.357 24.522-9.375 33.901-.04L224 284.505l154.745-154.021c9.379-9.335 24.544-9.317 33.901.04l22.667 22.667c9.373 9.373 9.373 24.569 0 33.941L240.971 381.476c-9.373 9.372-24.569 9.372-33.942 0z\"><\/path><\/svg><\/span>\n\t\t\t<span class='e-closed'><svg aria-hidden=\"true\" class=\"e-font-icon-svg e-fas-chevron-right\" viewBox=\"0 0 320 512\" xmlns=\"http:\/\/www.w3.org\/2000\/svg\"><path d=\"M285.476 272.971L91.132 467.314c-9.373 9.373-24.569 9.373-33.941 0l-22.667-22.667c-9.357-9.357-9.375-24.522-.04-33.901L188.505 256 34.484 101.255c-9.335-9.379-9.317-24.544.04-33.901l22.667-22.667c9.373-9.373 24.569-9.373 33.941 0L285.475 239.03c9.373 9.372 9.373 24.568.001 33.941z\"><\/path><\/svg><\/span>\n\t\t<\/span>\n\n\t\t\t\t\t\t<\/summary>\n\t\t\t\t<div role=\"region\" aria-labelledby=\"e-n-accordion-item-1773\" class=\"elementor-element elementor-element-d3b08e2 e-con-full e-flex e-con e-child\" data-id=\"d3b08e2\" data-element_type=\"container\" data-e-type=\"container\">\n\t\t\t\t<div class=\"elementor-element elementor-element-66edc58 elementor-widget elementor-widget-text-editor\" data-id=\"66edc58\" data-element_type=\"widget\" data-e-type=\"widget\" data-widget_type=\"text-editor.default\">\n\t\t\t\t\t\t\t\t\t<p>A Semana Interna de Preven\u00e7\u00e3o de Acidentes \u2013 SIPAT refere-se a uma semana de eventos promovida pelo \u00f3rg\u00e3o (CIPA em conjunto com o SESMT P\u00fablico), com a finalidade de promover o conhecimento, a orienta\u00e7\u00e3o e conscientiza\u00e7\u00e3o dos servidores ou empregados p\u00fablico, sobre a preven\u00e7\u00e3o de acidentes, a prote\u00e7\u00e3o da seguran\u00e7a e sa\u00fade no trabalho, como tamb\u00e9m divulgar resultados referentes \u00e0s a\u00e7\u00f5es de seguran\u00e7a e sa\u00fade no trabalho.<\/p><p>O \u00f3rg\u00e3o coordenador da Pol\u00edtica de Seguran\u00e7a e Sa\u00fade no Trabalho no \u00e2mbito do Poder Executivo do\u00a0\u00a0Estado de Goi\u00e1s (Secretaria de Estado da Administra\u00e7\u00e3o \u2013 SEAD), por meio da Ger\u00eancia Central de Sa\u00fade e Seguran\u00e7a do Servidor \u2013 GECSSS, recomenda que a SIPAT seja realizada anualmente, e preferencialmente na 4<u><sup>a<\/sup><\/u>. semana do m\u00eas de setembro de cada ano.<\/p>\t\t\t\t\t\t\t\t<\/div>\n\t\t\t\t<\/div>\n\t\t\t\t\t<\/details>\n\t\t\t\t\t\t<details id=\"e-n-accordion-item-1774\" class=\"e-n-accordion-item\" >\n\t\t\t\t<summary class=\"e-n-accordion-item-title\" data-accordion-index=\"5\" tabindex=\"-1\" aria-expanded=\"false\" aria-controls=\"e-n-accordion-item-1774\" >\n\t\t\t\t\t<span class='e-n-accordion-item-title-header'><div class=\"e-n-accordion-item-title-text\"> ACIDENTE DO TRABALHO <\/div><\/span>\n\t\t\t\t\t\t\t<span class='e-n-accordion-item-title-icon'>\n\t\t\t<span class='e-opened' ><svg aria-hidden=\"true\" class=\"e-font-icon-svg e-fas-chevron-down\" viewBox=\"0 0 448 512\" xmlns=\"http:\/\/www.w3.org\/2000\/svg\"><path d=\"M207.029 381.476L12.686 187.132c-9.373-9.373-9.373-24.569 0-33.941l22.667-22.667c9.357-9.357 24.522-9.375 33.901-.04L224 284.505l154.745-154.021c9.379-9.335 24.544-9.317 33.901.04l22.667 22.667c9.373 9.373 9.373 24.569 0 33.941L240.971 381.476c-9.373 9.372-24.569 9.372-33.942 0z\"><\/path><\/svg><\/span>\n\t\t\t<span class='e-closed'><svg aria-hidden=\"true\" class=\"e-font-icon-svg e-fas-chevron-right\" viewBox=\"0 0 320 512\" xmlns=\"http:\/\/www.w3.org\/2000\/svg\"><path d=\"M285.476 272.971L91.132 467.314c-9.373 9.373-24.569 9.373-33.941 0l-22.667-22.667c-9.357-9.357-9.375-24.522-.04-33.901L188.505 256 34.484 101.255c-9.335-9.379-9.317-24.544.04-33.901l22.667-22.667c9.373-9.373 24.569-9.373 33.941 0L285.475 239.03c9.373 9.372 9.373 24.568.001 33.941z\"><\/path><\/svg><\/span>\n\t\t<\/span>\n\n\t\t\t\t\t\t<\/summary>\n\t\t\t\t<div role=\"region\" aria-labelledby=\"e-n-accordion-item-1774\" class=\"elementor-element elementor-element-7748cf8 e-con-full e-flex e-con e-child\" data-id=\"7748cf8\" data-element_type=\"container\" data-e-type=\"container\">\n\t\t\t\t<div class=\"elementor-element elementor-element-1420620 elementor-widget elementor-widget-text-editor\" data-id=\"1420620\" data-element_type=\"widget\" data-e-type=\"widget\" data-widget_type=\"text-editor.default\">\n\t\t\t\t\t\t\t\t\t<p>De acordo com o Art. 144, da Lei Estadual n<u><sup>o<\/sup><\/u>. 20.756, de 28 de janeiro de 2020<strong>:<\/strong><\/p><p>\u00a7 1\u00ba Entende-se por acidente em servi\u00e7o aquele que acarrete dano f\u00edsico ou mental e tenha rela\u00e7\u00e3o mediata ou imediata com o exerc\u00edcio do cargo, inclusive o:<\/p><p>I &#8211; Sofrido pelo servidor no percurso da resid\u00eancia ao trabalho ou vice-versa;<\/p><p>II &#8211; Decorrente de agress\u00e3o f\u00edsica sofrida no exerc\u00edcio do cargo, salvo se comprovadamente provocada pelo servidor.<\/p><p>\u00a7 2\u00ba A prova do acidente ser\u00e1 feita no prazo de 10 (dez) dias, prorrog\u00e1vel quando as circunst\u00e2ncias o exigirem.<\/p><p>\u00a7 3\u00ba Entende-se por doen\u00e7a profissional a que se deva atribuir, com rela\u00e7\u00e3o de causa e efeito, a condi\u00e7\u00f5es inerentes ao servi\u00e7o ou fatos nele ocorridos.<\/p><p><strong>\u00a0<\/strong><strong>Acidente do trabalho (<\/strong>de acordo com o Art. 19, da Lei Federal n<u><sup>o<\/sup><\/u>. 8.213, de 24 de julho de 1991<strong>):<\/strong>\u00a0\u00c9 o que ocorre pelo exerc\u00edcio do trabalho a servi\u00e7o do \u00f3rg\u00e3o, provocando les\u00e3o corporal ou perturba\u00e7\u00e3o funcional que cause a morte ou a perda ou redu\u00e7\u00e3o, permanente ou tempor\u00e1ria, da capacidade para o trabalho.<\/p><p><strong>\u00a0<\/strong><strong>Consideram-se acidente do trabalho:\u00a0<\/strong>Doen\u00e7a profissional e\/ou Doen\u00e7a do trabalho, de acordo com o estabelecido no Art. 20, da Lei Federal n<u><sup>o<\/sup><\/u>. 8.213, de 24 de julho de 1991, constante da respectiva rela\u00e7\u00e3o elaborada pelo Minist\u00e9rio do Trabalho e da Previd\u00eancia Social.<\/p><p><strong>Equiparam-se tamb\u00e9m ao acidente do trabalho:\u00a0<\/strong>Os acidentes ocorridos, de acordo com o estabelecido no Art. 21, da Lei Federal n<u><sup>o<\/sup><\/u>. 8.213, de 24 de julho de 1991.<\/p><p><strong>Tipos de Acidentes do Trabalho:<\/strong><\/p><p><strong>Acidente T\u00edpico<\/strong>: \u00c9 o que ocorre na execu\u00e7\u00e3o do trabalho.<\/p><p><strong>Acidente de Trajeto<\/strong>: \u00c9 o que ocorre no percurso da resid\u00eancia para o trabalho ou vice-versa.<\/p>\t\t\t\t\t\t\t\t<\/div>\n\t\t\t\t<\/div>\n\t\t\t\t\t<\/details>\n\t\t\t\t\t\t<details id=\"e-n-accordion-item-1775\" class=\"e-n-accordion-item\" >\n\t\t\t\t<summary class=\"e-n-accordion-item-title\" data-accordion-index=\"6\" tabindex=\"-1\" aria-expanded=\"false\" aria-controls=\"e-n-accordion-item-1775\" >\n\t\t\t\t\t<span class='e-n-accordion-item-title-header'><div class=\"e-n-accordion-item-title-text\"> PROCEDIMENTOS A SEREM OBSERVADOS DIANTE DOS CASOS DE ACIDENTE DE TRABALHO <\/div><\/span>\n\t\t\t\t\t\t\t<span class='e-n-accordion-item-title-icon'>\n\t\t\t<span class='e-opened' ><svg aria-hidden=\"true\" class=\"e-font-icon-svg e-fas-chevron-down\" viewBox=\"0 0 448 512\" xmlns=\"http:\/\/www.w3.org\/2000\/svg\"><path d=\"M207.029 381.476L12.686 187.132c-9.373-9.373-9.373-24.569 0-33.941l22.667-22.667c9.357-9.357 24.522-9.375 33.901-.04L224 284.505l154.745-154.021c9.379-9.335 24.544-9.317 33.901.04l22.667 22.667c9.373 9.373 9.373 24.569 0 33.941L240.971 381.476c-9.373 9.372-24.569 9.372-33.942 0z\"><\/path><\/svg><\/span>\n\t\t\t<span class='e-closed'><svg aria-hidden=\"true\" class=\"e-font-icon-svg e-fas-chevron-right\" viewBox=\"0 0 320 512\" xmlns=\"http:\/\/www.w3.org\/2000\/svg\"><path d=\"M285.476 272.971L91.132 467.314c-9.373 9.373-24.569 9.373-33.941 0l-22.667-22.667c-9.357-9.357-9.375-24.522-.04-33.901L188.505 256 34.484 101.255c-9.335-9.379-9.317-24.544.04-33.901l22.667-22.667c9.373-9.373 24.569-9.373 33.941 0L285.475 239.03c9.373 9.372 9.373 24.568.001 33.941z\"><\/path><\/svg><\/span>\n\t\t<\/span>\n\n\t\t\t\t\t\t<\/summary>\n\t\t\t\t<div role=\"region\" aria-labelledby=\"e-n-accordion-item-1775\" class=\"elementor-element elementor-element-ba92e1b e-con-full e-flex e-con e-child\" data-id=\"ba92e1b\" data-element_type=\"container\" data-e-type=\"container\">\n\t\t\t\t<div class=\"elementor-element elementor-element-9354e67 elementor-widget elementor-widget-text-editor\" data-id=\"9354e67\" data-element_type=\"widget\" data-e-type=\"widget\" data-widget_type=\"text-editor.default\">\n\t\t\t\t\t\t\t\t\t<ul><li>\u00a0\u00a0Providenciar os primeiros socorros quando necess\u00e1rio ao acidentado, e quando houver servidor ou empregado p\u00fablico capacitado para prestar tal atendimento.<\/li><\/ul><ul><li>\u00a0\u00a0Providenciar o encaminhamento do servidor ou empregado p\u00fablico acidentado para atendimento m\u00e9dico mais pr\u00f3ximo, nos casos em que as condi\u00e7\u00f5es f\u00edsicas e\/ou das les\u00f5es n\u00e3o possam ser agravadas.<\/li><\/ul><ul><li>\u00a0\u00a0Solicitar quando necess\u00e1rio, ao Corpo de Bombeiros (Telefone: 193) ou SAMU (Telefone: 192), o atendimento de urg\u00eancia e\/ou de emerg\u00eancia para o servidor ou empregado p\u00fablico acidentado.<\/li><\/ul><ul><li>\u00a0Solicitar quando necess\u00e1rio, ao Corpo de Bombeiros (Telefone: 193) ou SAMU (Telefone: 192), o atendimento para encaminhamento de servidor ou empregado p\u00fablico acidentado para atendimento m\u00e9dico.<\/li><\/ul><ul><li>Informar ao superior hier\u00e1rquico imediato sobre a ocorr\u00eancia do acidente, e solicitar provid\u00eancias cab\u00edveis conforme o caso.<\/li><\/ul><p>\u00a0\u00a0Observar os procedimentos estabelecidos na INSTRU\u00c7\u00c3O NORMATIVA N<u><sup>O<\/sup><\/u>. 06\/2017-GAB, de 18 de julho de 2017, e informar ao SESMT P\u00fablico para formaliza\u00e7\u00e3o do registro de acidente de trabalho atrav\u00e9s da Ficha de Registro de Acidentes-FRAT (Servidor Efetivo), ou da Comunica\u00e7\u00e3o de Acidente de Trabalho-CAT (Servidor segurado pela Previd\u00eancia Social).<\/p><ul><li>CAT-Comunica\u00e7\u00e3o de Acidente do Trabalho \u2013 Instru\u00e7\u00f5es para Preenchimento. (<a href=\"https:\/\/cadastro-cat.inss.gov.br\/CATInternet\/faces\/pages\/index.xhtml\" target=\"_blank\" rel=\"noopener\">Visite o site<\/a>).<\/li><li>(CAT-COMUNICACAO DE ACIDENTE DE TRABALHO_INSTRUCAO PARA PREENCHIMENTO_Portaria SEPRT 4 334_CAT Eletr\u00f4nica (<a href=\"https:\/\/goias.gov.br\/educacao\/wp-content\/uploads\/sites\/40\/files\/SESMT\/CAT-COMUNICACAODEACIDENTEDETRABALHO_INSTRUCAOPARAPREENCHIMENTO_PortariaSEPRT4334_CATEletronica.pdf\" target=\"_blank\" rel=\"noopener\">ANEXO 1<\/a>)<\/li><li>CAT-COMUNICACAO DE ACIDENTE DE TRABALHO_INSTRUCAO PARA PREENCHIMENTO_S-2210 &#8211; eSOCIAL (<a href=\"https:\/\/goias.gov.br\/educacao\/wp-content\/uploads\/sites\/40\/files\/SESMT\/CAT-COMUNICACAODEACIDENTEDETRABALHO_INSTRUCAOPARAPREENCHIMENTO_S-2210-eSOCIAL.pdf\" target=\"_blank\" rel=\"noopener\">ANEXO 2<\/a>)<\/li><li>FRAT-Ficha de Registro de Acidentes. (<a id=\"\" title=\"\" href=\"https:\/\/goias.gov.br\/educacao\/wp-content\/uploads\/sites\/40\/files\/SESMT\/FRAT_FICHA_DE_REGISTRO_DE_ACIDENTES_FORMULARIO.doc\" target=\"\" rel=\"noopener\">Dowload<\/a>).<\/li><li>FRAT-Ficha de Registro de Acidentes-Instru\u00e7\u00f5es de Preenchimento. (<a href=\"https:\/\/goias.gov.br\/educacao\/wp-content\/uploads\/sites\/40\/files\/SESMT\/FRAT_FICHA_DE_REGISTRO_DE_ACIDENTE_INSTRUCOES_DE_PREENCHIMENTO.pdf\" target=\"_blank\" rel=\"noopener\">Dowload<\/a>).<\/li><\/ul><p>Nos casos de ocorr\u00eancia de acidente em servi\u00e7o, o servidor dever\u00e1 procurar a chefia imediata, a Ger\u00eancia de Gest\u00e3o de Pessoas ou o SESMT P\u00fablico, onde houver, para que estes possam fazer o registro do acidente.<\/p>\t\t\t\t\t\t\t\t<\/div>\n\t\t\t\t<\/div>\n\t\t\t\t\t<\/details>\n\t\t\t\t\t\t<details id=\"e-n-accordion-item-1776\" class=\"e-n-accordion-item\" >\n\t\t\t\t<summary class=\"e-n-accordion-item-title\" data-accordion-index=\"7\" tabindex=\"-1\" aria-expanded=\"false\" aria-controls=\"e-n-accordion-item-1776\" >\n\t\t\t\t\t<span class='e-n-accordion-item-title-header'><div class=\"e-n-accordion-item-title-text\"> INFORMA\u00c7\u00d5ES E PROCEDIMENTOS DIVERSOS REFERENTES A SEGURAN\u00c7A E SA\u00daDE NO TRABALHO. <\/div><\/span>\n\t\t\t\t\t\t\t<span class='e-n-accordion-item-title-icon'>\n\t\t\t<span class='e-opened' ><svg aria-hidden=\"true\" class=\"e-font-icon-svg e-fas-chevron-down\" viewBox=\"0 0 448 512\" xmlns=\"http:\/\/www.w3.org\/2000\/svg\"><path d=\"M207.029 381.476L12.686 187.132c-9.373-9.373-9.373-24.569 0-33.941l22.667-22.667c9.357-9.357 24.522-9.375 33.901-.04L224 284.505l154.745-154.021c9.379-9.335 24.544-9.317 33.901.04l22.667 22.667c9.373 9.373 9.373 24.569 0 33.941L240.971 381.476c-9.373 9.372-24.569 9.372-33.942 0z\"><\/path><\/svg><\/span>\n\t\t\t<span class='e-closed'><svg aria-hidden=\"true\" class=\"e-font-icon-svg e-fas-chevron-right\" viewBox=\"0 0 320 512\" xmlns=\"http:\/\/www.w3.org\/2000\/svg\"><path d=\"M285.476 272.971L91.132 467.314c-9.373 9.373-24.569 9.373-33.941 0l-22.667-22.667c-9.357-9.357-9.375-24.522-.04-33.901L188.505 256 34.484 101.255c-9.335-9.379-9.317-24.544.04-33.901l22.667-22.667c9.373-9.373 24.569-9.373 33.941 0L285.475 239.03c9.373 9.372 9.373 24.568.001 33.941z\"><\/path><\/svg><\/span>\n\t\t<\/span>\n\n\t\t\t\t\t\t<\/summary>\n\t\t\t\t<div role=\"region\" aria-labelledby=\"e-n-accordion-item-1776\" class=\"elementor-element elementor-element-a9bb430 e-con-full e-flex e-con e-child\" data-id=\"a9bb430\" data-element_type=\"container\" data-e-type=\"container\">\n\t\t\t\t<div class=\"elementor-element elementor-element-94d3fb5 elementor-widget elementor-widget-text-editor\" data-id=\"94d3fb5\" data-element_type=\"widget\" data-e-type=\"widget\" data-widget_type=\"text-editor.default\">\n\t\t\t\t\t\t\t\t\t<ul><li><ul><li>Ficha de Registro de Fornecimento de Equipamentos de Prote\u00e7\u00e3o Individual \u2013 EPI. (<a href=\"https:\/\/goias.gov.br\/educacao\/wp-content\/uploads\/sites\/40\/files\/SESMT\/FICHA_DE_REGISTRO_DE_FORNECIMENTO_DE_EQUIPAMENTO_DE_PROTECAO_INDIVIDUAL_EPI.pdf\" target=\"_blank\" rel=\"noopener\">Download<\/a>).<\/li><\/ul><ul><li>Fluxograma de Processos para Solicita\u00e7\u00e3o de PPP. (<a href=\"https:\/\/goias.gov.br\/educacao\/wp-content\/uploads\/sites\/40\/files\/SESMT\/FluxogramadeProcessosparaSolicitacaodePPP.pdf\" target=\"_blank\" rel=\"noopener\">Download<\/a>).<\/li><\/ul><ul><li>Fluxograma Para Registro de Acidente de Trabalho (<a href=\"https:\/\/goias.gov.br\/educacao\/wp-content\/uploads\/sites\/40\/files\/FluxogramaParaRegistrodeAcidentedeTrabalho.pdf\" target=\"_blank\" rel=\"noopener\">Download<\/a>)<\/li><\/ul><ul><li>Fluxograma para Registro de Acidente de Trajeto (<a href=\"https:\/\/goias.gov.br\/educacao\/wp-content\/uploads\/sites\/40\/files\/SESMT\/FluxogramaparaRegistrodeAcidentesdeTrajeto-1.pdf\" target=\"_blank\" rel=\"noopener\">Download<\/a>)<\/li><\/ul><ul><li>Fluxo de Processos para Solicita\u00e7\u00e3o de LTCAT e LIP. (<a href=\"https:\/\/goias.gov.br\/educacao\/wp-content\/uploads\/sites\/40\/files\/SESMT\/FLUXO_DE_PROCESSOS_PARA_EMISSAO_DE_LTCAT__E_LIP.pdf\" target=\"_blank\" rel=\"noopener\">Download<\/a>).<\/li><\/ul><ul><li>PPP-\u00a0Perfil Profissiogr\u00e1fico Previdenci\u00e1rio \u2013 Formul\u00e1rio. (<a id=\"\" title=\"\" href=\"https:\/\/goias.gov.br\/educacao\/wp-content\/uploads\/sites\/40\/files\/SESMT\/FORMULARIODOPERFILPROFISSIOGRAFICOPREVIDENCIARIOPPP_IN85PRESINSSde18deFevereirode2016.doc\" target=\"\" rel=\"noopener\">Download<\/a>).<\/li><\/ul><ul><li>PPP-Perfil Profissiogr\u00e1fico Previdenci\u00e1rio \u2013 Instru\u00e7\u00f5es de Preenchimento. (<a href=\"https:\/\/goias.gov.br\/educacao\/wp-content\/uploads\/sites\/40\/files\/SESMT\/FORMULARIODOPPP_INSTRUCOESDEPREENCHIMENTO_IN85PRESINSSde18deFevereirode2016.pdf\" target=\"_blank\" rel=\"noopener\">Download<\/a>).<\/li><\/ul><ul><li>Procedimentos para Registro de Acidentes de Trabalho \u2013 1<u><sup>a<\/sup><\/u>. Licen\u00e7a. (<a href=\"https:\/\/goias.gov.br\/educacao\/wp-content\/uploads\/sites\/40\/files\/SESMT\/PROCEDIMENTOS_PARA_REGISTRO_DE_ACIDENTE_DE_TRABALHO_1_LICENCA.pdf\" target=\"_blank\" rel=\"noopener\">Download<\/a>).<\/li><\/ul><ul><li>Procedimentos para Registro de Acidentes de Trabalho \u2013 Altera\u00e7\u00e3o de Licen\u00e7a. (<a href=\"https:\/\/goias.gov.br\/educacao\/wp-content\/uploads\/sites\/40\/files\/PROCEDIMENTOS_PARA_REGISTRO_DE_ACIDENTE_DE_TRABALHO_ALTERACAO_DE_LICENCA.pdf\" target=\"_blank\" rel=\"noopener\">Download<\/a>).<\/li><\/ul><ul><li>Procedimentos para Registro de Doen\u00e7a Ocupacional. (<a href=\"https:\/\/goias.gov.br\/educacao\/wp-content\/uploads\/sites\/40\/files\/SESMT\/PROCEDIMENTO_PARA_REGISTRO_DE_DOENCA_OCUPACIONAL.pdf\" target=\"_blank\" rel=\"noopener\">Download<\/a>).<\/li><\/ul><\/li><\/ul>\t\t\t\t\t\t\t\t<\/div>\n\t\t\t\t<\/div>\n\t\t\t\t\t<\/details>\n\t\t\t\t\t\t<details id=\"e-n-accordion-item-1777\" class=\"e-n-accordion-item\" >\n\t\t\t\t<summary class=\"e-n-accordion-item-title\" data-accordion-index=\"8\" tabindex=\"-1\" aria-expanded=\"false\" aria-controls=\"e-n-accordion-item-1777\" >\n\t\t\t\t\t<span class='e-n-accordion-item-title-header'><div class=\"e-n-accordion-item-title-text\"> LITERATURAS E INFORMA\u00c7\u00d5ES T\u00c9CNICAS. <\/div><\/span>\n\t\t\t\t\t\t\t<span class='e-n-accordion-item-title-icon'>\n\t\t\t<span class='e-opened' ><svg aria-hidden=\"true\" class=\"e-font-icon-svg e-fas-chevron-down\" viewBox=\"0 0 448 512\" xmlns=\"http:\/\/www.w3.org\/2000\/svg\"><path d=\"M207.029 381.476L12.686 187.132c-9.373-9.373-9.373-24.569 0-33.941l22.667-22.667c9.357-9.357 24.522-9.375 33.901-.04L224 284.505l154.745-154.021c9.379-9.335 24.544-9.317 33.901.04l22.667 22.667c9.373 9.373 9.373 24.569 0 33.941L240.971 381.476c-9.373 9.372-24.569 9.372-33.942 0z\"><\/path><\/svg><\/span>\n\t\t\t<span class='e-closed'><svg aria-hidden=\"true\" class=\"e-font-icon-svg e-fas-chevron-right\" viewBox=\"0 0 320 512\" xmlns=\"http:\/\/www.w3.org\/2000\/svg\"><path d=\"M285.476 272.971L91.132 467.314c-9.373 9.373-24.569 9.373-33.941 0l-22.667-22.667c-9.357-9.357-9.375-24.522-.04-33.901L188.505 256 34.484 101.255c-9.335-9.379-9.317-24.544.04-33.901l22.667-22.667c9.373-9.373 24.569-9.373 33.941 0L285.475 239.03c9.373 9.372 9.373 24.568.001 33.941z\"><\/path><\/svg><\/span>\n\t\t<\/span>\n\n\t\t\t\t\t\t<\/summary>\n\t\t\t\t<div role=\"region\" aria-labelledby=\"e-n-accordion-item-1777\" class=\"elementor-element elementor-element-e81b39a e-con-full e-flex e-con e-child\" data-id=\"e81b39a\" data-element_type=\"container\" data-e-type=\"container\">\n\t\t\t\t<div class=\"elementor-element elementor-element-a00e6db elementor-widget elementor-widget-text-editor\" data-id=\"a00e6db\" data-element_type=\"widget\" data-e-type=\"widget\" data-widget_type=\"text-editor.default\">\n\t\t\t\t\t\t\t\t\t<ul><li>Cartilha de Ergonomia. (<a href=\"https:\/\/goias.gov.br\/educacao\/wp-content\/uploads\/sites\/40\/files\/SESMT\/CARTILHA_DE_ERGONOMIA.pdf\" target=\"_blank\" rel=\"noopener\">Download<\/a>).<\/li><\/ul><ul><li>Cartilha de Primeiros Socorros. (<a href=\"https:\/\/goias.gov.br\/educacao\/wp-content\/uploads\/sites\/40\/files\/SESMT\/CARTILHA_DE_PRIMEIROS_SOCORROS.pdf\" target=\"_blank\" rel=\"noopener\">Download<\/a>).<\/li><\/ul><ul><li>Dist\u00farbio de Voz Relacionado ao Trabalho \u2013 DVRT. (<a href=\"https:\/\/goias.gov.br\/educacao\/wp-content\/uploads\/sites\/40\/files\/SESMT\/DISTURBIO_DA_VOZ_RELACIONADO_AO_TRABALHO_DVRT.pdf\" target=\"_blank\" rel=\"noopener\">Download<\/a>).<\/li><\/ul><ul><li>Manual da Comiss\u00e3o Interna de Preven\u00e7\u00e3o de Acidentes \u2013 CIPA. (<a href=\"https:\/\/goias.gov.br\/educacao\/wp-content\/uploads\/sites\/40\/files\/SESMT\/MANUAL_DA_COMISSAO_INTERNA_DE_PREVENCAO_DE_ACIDENTES_CIPA.pdf\" target=\"_blank\" rel=\"noopener\">Download<\/a>).<\/li><\/ul><ul><li>Orienta\u00e7\u00f5es para Preven\u00e7\u00e3o e Controle da COVID-19 nos Locais de Trabalho. (<a href=\"https:\/\/goias.gov.br\/educacao\/wp-content\/uploads\/sites\/40\/files\/SESMT\/ORIENTACOES_PARA_PREVENCAO_E_CONTROLE_DA_COVID_19_NOS_LOCAIS_DE_TRABALHO.pdf\" target=\"_blank\" rel=\"noopener\">Download<\/a>).<\/li><\/ul><ul><li>Orienta\u00e7\u00f5es sobre Preven\u00e7\u00e3o de Inc\u00eandios. (<a href=\"https:\/\/goias.gov.br\/educacao\/wp-content\/uploads\/sites\/40\/files\/ORIENTACOES_SOBRE_PREVENCAO_E_COMBATE_A_INCENDIOS.pdf\" target=\"_blank\" rel=\"noopener\">Download<\/a>).<\/li><\/ul><ul><li>Preven\u00e7\u00e3o a COVID-19 \u2013 Prote\u00e7\u00e3o Respirat\u00f3ria. (<a href=\"https:\/\/goias.gov.br\/educacao\/wp-content\/uploads\/sites\/40\/files\/SESMT\/PREVENCAO_A_COVID_19_PROTECAO_RESPIRATORIA.pdf\" target=\"_blank\" rel=\"noopener\">Download<\/a>).<\/li><\/ul><ul><li>Guia de Analise de Acidente de Trabalho (<a href=\"https:\/\/goias.gov.br\/educacao\/wp-content\/uploads\/sites\/40\/files\/SESMT\/GuiadeAnalisedeAcidentesdeTrabalho.pdf\" target=\"_blank\" rel=\"noopener\">Download<\/a>)<\/li><\/ul><ul><li>Gerenciamento de Riscos Ocupacionais (<a href=\"https:\/\/goias.gov.br\/educacao\/wp-content\/uploads\/sites\/40\/files\/SESMT\/GerenciamentodeRiscosOcupacionais.pdf\" target=\"_blank\" rel=\"noopener\">Download<\/a>)<\/li><\/ul><ul><li>Higiene Ocupacional I (<a id=\"\" title=\"\" href=\"https:\/\/goias.gov.br\/educacao\/wp-content\/uploads\/sites\/40\/files\/SESMT\/HigieneOcupacionalI.pdf\" target=\"\" rel=\"noopener\">Download<\/a>)<\/li><\/ul><ul><li>Higiene Ocupacional II\u00a0(<a href=\"https:\/\/goias.gov.br\/educacao\/wp-content\/uploads\/sites\/40\/files\/SESMT\/HigieneOcupacionalI.pdf\" target=\"_blank\" rel=\"noopener\">Download<\/a>)<\/li><\/ul><ul><li>Higiene Ocupacional III\u00a0(<a href=\"https:\/\/goias.gov.br\/educacao\/wp-content\/uploads\/sites\/40\/files\/SESMT\/HigieneOcupacionalII.pdf\" target=\"_blank\" rel=\"noopener\">Download<\/a>)<\/li><\/ul><ul><li>Higiene Ocupacional IV\u00a0(<a href=\"https:\/\/goias.gov.br\/educacao\/wp-content\/uploads\/sites\/40\/files\/SESMT\/HigieneOcupacionalIV.pdf\" target=\"_blank\" rel=\"noopener\">Download<\/a>)<\/li><\/ul><ul><li>Fluxograma Para Registro de ACIDENTE DE TRABALHO\u00a0(<a href=\"https:\/\/goias.gov.br\/educacao\/wp-content\/uploads\/sites\/40\/files\/SESMT\/Fluxograma_Para_Registro_de_ACIDENTE_DE_TRABALHO.pdf\" target=\"_blank\" rel=\"noopener\">Download<\/a>)<\/li><\/ul><ul><li>Fluxograma para Registro de\u00a0 ACIDENTE DE TRAJETO (<a href=\"https:\/\/goias.gov.br\/educacao\/wp-content\/uploads\/sites\/40\/files\/SESMT\/Fluxograma_para_Registro_de_ACIDENTE_DE_TRAJETO.pdf\" target=\"_blank\" rel=\"noopener\">Download<\/a>)<\/li><\/ul><ul><li>PORTARIA\u00a0 sobre as Normas de Seguranca e Saude no Trabalho no\u00a0 Ambito da SEDUC (<a href=\"https:\/\/goias.gov.br\/educacao\/wp-content\/uploads\/sites\/40\/files\/SESMT\/PORTARIA_2_970_2021_SEDUC_Dispoe_sobre_as_Normas_de_Seguranca_e_Saude_no_Trabalho_no_Ambito_da_SEDUC-1.pdf\" target=\"_blank\" rel=\"noopener\">Download<\/a>)<\/li><\/ul><ul><li>PORTARIA\u00a0 Retifica a Portaria Normas de Seguranca e Saude no Trabalho no Ambito da SEDUC (<a href=\"https:\/\/goias.gov.br\/educacao\/wp-content\/uploads\/sites\/40\/files\/SESMT\/PORTARIA_3_347_2021_SEDUC_Retifica_a_Portaria_2_970_Dispoe_sobre_as_Normas_de_Seguranca_e_Saude_no_Trabalho_no_Ambito_da_SEDUC-1.pdf\" target=\"_blank\" rel=\"noopener\">Download<\/a>)<\/li><\/ul>\t\t\t\t\t\t\t\t<\/div>\n\t\t\t\t<\/div>\n\t\t\t\t\t<\/details>\n\t\t\t\t\t\t<details id=\"e-n-accordion-item-1778\" class=\"e-n-accordion-item\" >\n\t\t\t\t<summary class=\"e-n-accordion-item-title\" data-accordion-index=\"9\" tabindex=\"-1\" aria-expanded=\"false\" aria-controls=\"e-n-accordion-item-1778\" >\n\t\t\t\t\t<span class='e-n-accordion-item-title-header'><div class=\"e-n-accordion-item-title-text\"> NORMAS E REGULAMENTA\u00c7\u00d5ES APLIC\u00c1VEIS. <\/div><\/span>\n\t\t\t\t\t\t\t<span class='e-n-accordion-item-title-icon'>\n\t\t\t<span class='e-opened' ><svg aria-hidden=\"true\" class=\"e-font-icon-svg e-fas-chevron-down\" viewBox=\"0 0 448 512\" xmlns=\"http:\/\/www.w3.org\/2000\/svg\"><path d=\"M207.029 381.476L12.686 187.132c-9.373-9.373-9.373-24.569 0-33.941l22.667-22.667c9.357-9.357 24.522-9.375 33.901-.04L224 284.505l154.745-154.021c9.379-9.335 24.544-9.317 33.901.04l22.667 22.667c9.373 9.373 9.373 24.569 0 33.941L240.971 381.476c-9.373 9.372-24.569 9.372-33.942 0z\"><\/path><\/svg><\/span>\n\t\t\t<span class='e-closed'><svg aria-hidden=\"true\" class=\"e-font-icon-svg e-fas-chevron-right\" viewBox=\"0 0 320 512\" xmlns=\"http:\/\/www.w3.org\/2000\/svg\"><path d=\"M285.476 272.971L91.132 467.314c-9.373 9.373-24.569 9.373-33.941 0l-22.667-22.667c-9.357-9.357-9.375-24.522-.04-33.901L188.505 256 34.484 101.255c-9.335-9.379-9.317-24.544.04-33.901l22.667-22.667c9.373-9.373 24.569-9.373 33.941 0L285.475 239.03c9.373 9.372 9.373 24.568.001 33.941z\"><\/path><\/svg><\/span>\n\t\t<\/span>\n\n\t\t\t\t\t\t<\/summary>\n\t\t\t\t<div role=\"region\" aria-labelledby=\"e-n-accordion-item-1778\" class=\"elementor-element elementor-element-8a62ff8 e-con-full e-flex e-con e-child\" data-id=\"8a62ff8\" data-element_type=\"container\" data-e-type=\"container\">\n\t\t\t\t<div class=\"elementor-element elementor-element-23f64c1 elementor-widget elementor-widget-text-editor\" data-id=\"23f64c1\" data-element_type=\"widget\" data-e-type=\"widget\" data-widget_type=\"text-editor.default\">\n\t\t\t\t\t\t\t\t\t<ul><li>CONSOLIDA\u00c7\u00c3O DAS LEIS DO TRABALHO -CLT: (<a href=\"https:\/\/www.planalto.gov.br\/ccivil_03\/decreto-lei\/del5452.htm\" target=\"_blank\" rel=\"noopener\">https:\/\/www.planalto.gov.br\/ccivil_03\/decreto-lei\/del5452.htm<\/a>).<\/li><\/ul><ul><li>NORMAS REGULAMENTADORAS RELATIVAS \u00c0 SEGURAN\u00c7A E MEDICINA DO TRABALHO (NRs): (<a href=\"https:\/\/www.gov.br\/trabalho-e-previdencia\/pt-br\/composicao\/orgaos-especificos\/secretaria-de-trabalho\/inspecao\/seguranca-e-saude-no-trabalho\/ctpp-nrs\/normas-regulamentadoras-nrs\" target=\"_blank\" rel=\"noopener\">https:\/\/www.gov.br\/trabalho-e-previdencia\/pt-br\/composicao\/orgaos-especificos\/secretaria-de-trabalho\/inspecao\/seguranca-e-saude-no-trabalho\/ctpp-nrs\/normas-regulamentadoras-nrs<\/a>).<\/li><\/ul><ul><li>LEI ESTADUAL N<u><sup>O<\/sup><\/u>. 19.145, de 29 de dezembro de 2019: Disp\u00f5e sobre a Pol\u00edtica de Seguran\u00e7a e Sa\u00fade no Trabalho dos Servidores P\u00fablicos do Poder Executivo e d\u00e1 outras provid\u00eancias. (<a href=\"https:\/\/legisla.casacivil.go.gov.br\/pesquisa_legislacao\/98328\/lei-19145\" target=\"_blank\" rel=\"noopener\">https:\/\/legisla.casacivil.go.gov.br\/pesquisa_legislacao\/98328\/lei-19145<\/a>).<\/li><\/ul><ul><li>LEI ESTADUAL N<u><sup>O<\/sup><\/u>. 19.573, de 29 de dezembro de 2016: Disciplina, nos termos do art. 95, inciso XVII, da\u00a0Constitui\u00e7\u00e3o Estadual, o pagamento dos adicionais de insalubridade e periculosidade aos servidores p\u00fablicos do Estado de Goi\u00e1s: (<a href=\"https:\/\/legisla.casacivil.go.gov.br\/pesquisa_legislacao\/98889\/lei-19573\" target=\"_blank\" rel=\"noopener\">https:\/\/legisla.casacivil.go.gov.br\/pesquisa_legislacao\/98889\/lei-19573<\/a>).<\/li><\/ul><ul><li>INSTRU\u00c7\u00c3O NORMATIVA N<u><sup>O<\/sup><\/u>. 004\/2016-SEGPLAN\/GAB, de 11 de agosto de 2016: Estabelece procedimentos e orienta\u00e7\u00f5es sobre seguran\u00e7a e sa\u00fade no trabalho, a serem observados pelos servidores e empregados p\u00fablicos no \u00e2mbito do Poder Executivo do Estado de Goi\u00e1s. (<a href=\"https:\/\/goias.gov.br\/educacao\/wp-content\/uploads\/sites\/40\/files\/SESMT\/INSTRUCAO_NORMATIVA_N__004_SEGPLAN_GAB_de_11_de_Agosto_de_2016.pdf\" target=\"_blank\" rel=\"noopener\">Download<\/a>).<\/li><\/ul><ul><li>INSTRU\u00c7\u00c3O NORMATIVA N<u><sup>O<\/sup><\/u>. 005\/2017-GAB, de 02 de maio de 2017: Estabelece procedimentos e encaminhamentos sobre o planejamento, aquisi\u00e7\u00e3o e o registro de fornecimento dos Equipamentos de Prote\u00e7\u00e3o Individual &#8211; EPIs, nos estabelecimentos da administra\u00e7\u00e3o p\u00fablica estadual. (<a href=\"https:\/\/goias.gov.br\/educacao\/wp-content\/uploads\/sites\/40\/files\/SESMT\/INSTRUCAO_NORMATIVA_N__005_GAB_de_02_de_Maio_de_2017.pdf\" target=\"_blank\" rel=\"noopener\">Download<\/a>).<\/li><\/ul><ul><li>INSTRU\u00c7\u00c3O NORMATIVA N<u><sup>O<\/sup><\/u>. 06\/2017-GAB, de 18 de julho de 2017: Estabelece procedimentos sobre o registro de acidentes e doen\u00e7as relacionadas ao trabalho em ocorr\u00eancias sofridas pelos servidores ou empregados p\u00fablicos, no exerc\u00edcio de suas atribui\u00e7\u00f5es na administra\u00e7\u00e3o p\u00fablica estadual, bem como realiza\u00e7\u00e3o de an\u00e1lise para reconhecimento do nexo causal. (<a href=\"https:\/\/goias.gov.br\/educacao\/wp-content\/uploads\/sites\/40\/files\/SESMT\/INSTRUCAO_NORMATIVA_N__06_GAB_de_18_de_Julho_de_2017.pdf\" target=\"_blank\" rel=\"noopener\">Download<\/a>).<\/li><\/ul><ul><li>INSTRU\u00c7\u00c3O NORMATIVA N<u><sup>O<\/sup><\/u>. 007\/2017-GAB, de 25 de agosto de 2017: Disp\u00f5e sobre os procedimentos e requisitos m\u00ednimos a serem seguidos nos contratos de terceiriza\u00e7\u00e3o de servi\u00e7os realizados pela Administra\u00e7\u00e3o P\u00fablica Estadual, em rela\u00e7\u00e3o ao cumprimento das Normas Regulamentadoras de Seguran\u00e7a e Sa\u00fade no Trabalho (NRs), do Minist\u00e9rio do Trabalho e Emprego. (<a href=\"https:\/\/goias.gov.br\/educacao\/wp-content\/uploads\/sites\/40\/files\/SESMT\/INSTRUCAO_NORMATIVA_N__007_GAB_de_25_de_Agosto_de_2017.pdf\" target=\"_blank\" rel=\"noopener\">Download<\/a>).<\/li><\/ul><ul><li>INSTRU\u00c7\u00c3O NORMATIVA N<u><sup>O<\/sup><\/u>. 009\/2017-SEGPLAN, de 09 de novembro de 2017: Disp\u00f5e sobre os procedimentos acerca da realiza\u00e7\u00e3o dos exames m\u00e9dicos peri\u00f3dicos dos Servidores P\u00fablicos da Administra\u00e7\u00e3o Direta, Aut\u00e1rquica e Fundacional do Poder Executivo do Estado de Goi\u00e1s. (<a href=\"https:\/\/goias.gov.br\/educacao\/wp-content\/uploads\/sites\/40\/files\/SESMT\/INSTRUCAO_NORMATIVA_N__009_SEGPLAN_de_09_de_Novembro_de_2017.pdf\" target=\"_blank\" rel=\"noopener\">Download<\/a>).<\/li><\/ul><ul><li>INSTRUCAO NORMATIVA N<u><sup>O<\/sup><\/u>. 003-SEGPLAN de 13 de junho de 2018: Estabelece regulamentos para concess\u00e3o dos benef\u00edcios aos Integrantes das Comiss\u00f5es Internas de Preven\u00e7\u00e3o de Acidentes &#8211; CIPA. (<a href=\"https:\/\/goias.gov.br\/educacao\/wp-content\/uploads\/sites\/40\/files\/SESMT\/INSTRUCAO_NORMATIVA_N__003_2018_de_13_de_Junho_de_2018(1).pdf\" target=\"_blank\" rel=\"noopener\">Download<\/a>).<\/li><\/ul><ul><li>INSTRU\u00c7\u00c3O NORMATIVA N<u><sup>O<\/sup><\/u>. 004\/2018-GAB, de 25 de junho de 2018: Disciplina os crit\u00e9rios t\u00e9cnicos e os requisitos m\u00ednimos a serem seguidos pela Administra\u00e7\u00e3o P\u00fablica estadual na aquisi\u00e7\u00e3o de mobili\u00e1rio ergonomicamente adequado aos postos de trabalho dos servidores e empregados p\u00fablicos, aquisi\u00e7\u00e3o e instala\u00e7\u00e3o de m\u00e1quinas e equipamentos, e participa\u00e7\u00e3o do SESMT P\u00fablico na an\u00e1lise de projetos de reforma, amplia\u00e7\u00e3o e constru\u00e7\u00e3o. (<a href=\"https:\/\/goias.gov.br\/educacao\/wp-content\/uploads\/sites\/40\/files\/SESMT\/INSTRUCAO_NORMATIVA_N__004_2018_GAB_de_25_de_Junho_de_2018.pdf\" target=\"_blank\" rel=\"noopener\">Download<\/a>).<\/li><\/ul><ul><li>PORTARIA N\u00ba 2970\/2021 &#8211; SEDUC, de 10 de agosto de 2021 : Disp\u00f5e sobre normas de seguran\u00e7a\u00a0 e sa\u00fade no trabalho , no \u00e2mbito da secretaria de estado da educa\u00e7\u00e3o\u00a0 &#8211; SEDUC (<a href=\"https:\/\/goias.gov.br\/educacao\/wp-content\/uploads\/sites\/40\/files\/SESMT\/PORTARIA_2_970_2021_SEDUC_Dispoe_sobre_as_Normas_de_Seguranca_e_Saude_no_Trabalho_no_Ambito_da_SEDUC.pdf\" target=\"_blank\" rel=\"noopener\">Download<\/a>)<\/li><\/ul><ul><li>PORTARIA N\u00ba 3347\/2021 &#8211; SEDUC, de 10 de agosto de 2021: Retifica o inciso XII, do art. 3\u00ba, da Portaria n\u00ba 2970\/2021 &#8211; Seduc, de 10 de agosto de 2021 (<a href=\"https:\/\/goias.gov.br\/educacao\/wp-content\/uploads\/sites\/40\/files\/SESMT\/PORTARIA_3_347_2021_SEDUC_Retifica_a_Portaria_2_970_Dispoe_sobre_as_Normas_de_Seguranca_e_Saude_no_Trabalho_no_Ambito_da_SEDUC.pdf\" target=\"_blank\" rel=\"noopener\">Download<\/a>\u00a0)<\/li><\/ul>\t\t\t\t\t\t\t\t<\/div>\n\t\t\t\t<\/div>\n\t\t\t\t\t<\/details>\n\t\t\t\t\t<\/div>\n\t\t\t\t\t\t<\/div>\n\t\t\t\t<div class=\"elementor-element elementor-element-2f42ff0 elementor-widget elementor-widget-shortcode\" data-id=\"2f42ff0\" data-element_type=\"widget\" data-e-type=\"widget\" data-widget_type=\"shortcode.default\">\n\t\t\t\t\t\t\t<div class=\"elementor-shortcode\"><div data-post-id=\"38826\" class=\"insert-page insert-page-38826 \"><p style=\"text-align: center;\"><b>Diretoria Executiva de Sa&uacute;de e Seguran&ccedil;a do Servidor (DESSS)<\/b><br \/>\nAvenida Tocantins, esquina com a Rua 12, n&ordm; 107, Setor Central &ndash; Goi&acirc;nia &#8211; CEP:74015-010. Telefone: (62) 3269-4310<\/p>\n<p style=\"text-align: center;\"><b>Ger&ecirc;ncia Central de Sa&uacute;de e Seguran&ccedil;a do Servidor (GECSSS)<\/b>&nbsp;<br \/>\nAvenida Tocantins, esquina com a Rua 12, n&ordm; 107, Setor Central &ndash; Goi&acirc;nia &#8211; CEP:74015-010. Telefone: (62) 3201-6824<\/p>\n<p style=\"text-align: center;\"><b>Servi&ccedil;o de Seguran&ccedil;a e Sa&uacute;de no Trabalho do Servidor P&uacute;blico &#8211; SESMT P&uacute;blico\/SEDUC<\/b><br \/>\nAv. Quinta Avenida, Qd.: 71, no. 212, Setor Leste Vila Nova, Goi&acirc;nia &ndash; GO. CEP: 74643-030. Telefones: (62) 3220-9726\/9725\/9724.<\/p>\n<p>&nbsp;<\/p>\n<\/div><\/div>\n\t\t\t\t\t\t<\/div>\n\t\t\t\t\t<\/div>\n\t\t\t\t<\/div>\n\t\t\t\t<\/div>\n\t\t","protected":false},"excerpt":{"rendered":"<p>PRINCIPAIS ATRIBUI\u00c7\u00d5ES E ATIVIDADES DESENVOLVIDAS PELO SESMT P\u00fablico. a).\u00a0Realiza\u00e7\u00e3o de vistorias t\u00e9cnicas para identifica\u00e7\u00e3o de riscos de acidentes, das condi\u00e7\u00f5es de trabalho, e elabora\u00e7\u00e3o de documentos referentes a seguran\u00e7a do trabalho, e das condi\u00e7\u00f5es dos sistemas de preven\u00e7\u00e3o e de combate a inc\u00eandios; b).\u00a0Elabora\u00e7\u00e3o e\/ou auxiliar na execu\u00e7\u00e3o dos Programas de Gest\u00e3o de Seguran\u00e7a \u2013 [&hellip;]<\/p>\n","protected":false},"author":222,"featured_media":0,"parent":0,"menu_order":0,"comment_status":"closed","ping_status":"closed","template":"wppb_theme_template","meta":{"footnotes":""},"class_list":["post-27102","page","type-page","status-publish","hentry"],"rttpg_featured_image_url":null,"rttpg_author":{"display_name":"diegomsilva","author_link":"https:\/\/goias.gov.br\/educacao\/author\/diegomsilva\/"},"rttpg_comment":0,"rttpg_category":"","rttpg_excerpt":"PRINCIPAIS ATRIBUI\u00c7\u00d5ES E ATIVIDADES DESENVOLVIDAS PELO SESMT P\u00fablico. a).\u00a0Realiza\u00e7\u00e3o de vistorias t\u00e9cnicas para identifica\u00e7\u00e3o de riscos de acidentes, das condi\u00e7\u00f5es de trabalho, e elabora\u00e7\u00e3o de documentos referentes a seguran\u00e7a do trabalho, e das condi\u00e7\u00f5es dos sistemas de preven\u00e7\u00e3o e de combate a inc\u00eandios; b).\u00a0Elabora\u00e7\u00e3o e\/ou auxiliar na execu\u00e7\u00e3o dos Programas de Gest\u00e3o de Seguran\u00e7a \u2013&hellip;","_links":{"self":[{"href":"https:\/\/goias.gov.br\/educacao\/wp-json\/wp\/v2\/pages\/27102","targetHints":{"allow":["GET"]}}],"collection":[{"href":"https:\/\/goias.gov.br\/educacao\/wp-json\/wp\/v2\/pages"}],"about":[{"href":"https:\/\/goias.gov.br\/educacao\/wp-json\/wp\/v2\/types\/page"}],"author":[{"embeddable":true,"href":"https:\/\/goias.gov.br\/educacao\/wp-json\/wp\/v2\/users\/222"}],"replies":[{"embeddable":true,"href":"https:\/\/goias.gov.br\/educacao\/wp-json\/wp\/v2\/comments?post=27102"}],"version-history":[{"count":2,"href":"https:\/\/goias.gov.br\/educacao\/wp-json\/wp\/v2\/pages\/27102\/revisions"}],"predecessor-version":[{"id":666635,"href":"https:\/\/goias.gov.br\/educacao\/wp-json\/wp\/v2\/pages\/27102\/revisions\/666635"}],"wp:attachment":[{"href":"https:\/\/goias.gov.br\/educacao\/wp-json\/wp\/v2\/media?parent=27102"}],"curies":[{"name":"wp","href":"https:\/\/api.w.org\/{rel}","templated":true}]}}