

{"id":26801,"date":"2024-01-05T11:35:58","date_gmt":"2024-01-05T14:35:58","guid":{"rendered":"https:\/\/siteshom.goias.gov.br\/educacao\/?page_id=26801"},"modified":"2026-01-29T15:33:10","modified_gmt":"2026-01-29T18:33:10","slug":"inscricoes-e-premios","status":"publish","type":"page","link":"https:\/\/goias.gov.br\/educacao\/inscricoes-e-premios\/","title":{"rendered":"Inscri\u00e7\u00f5es e Pr\u00eamios"},"content":{"rendered":"\t\t<div data-elementor-type=\"wp-page\" data-elementor-id=\"26801\" class=\"elementor elementor-26801\">\n\t\t\t\t<div class=\"elementor-element elementor-element-6ee36fe e-flex e-con-boxed e-con e-parent\" data-id=\"6ee36fe\" data-element_type=\"container\" data-e-type=\"container\">\n\t\t\t\t\t<div class=\"e-con-inner\">\n\t\t\t\t<div class=\"elementor-element elementor-element-0bfed51 elementor-widget elementor-widget-image\" data-id=\"0bfed51\" data-element_type=\"widget\" data-e-type=\"widget\" data-widget_type=\"image.default\">\n\t\t\t\t\t\t\t\t\t\t\t\t\t\t\t<img decoding=\"async\" src=\"https:\/\/goias.gov.br\/educacao\/wp-content\/uploads\/sites\/40\/2024\/01\/banner-inscricoes-e-premios-01-1-scaled.jpg\" title=\"\" alt=\"\" loading=\"lazy\" \/>\t\t\t\t\t\t\t\t\t\t\t\t\t\t\t<\/div>\n\t\t\t\t\t<\/div>\n\t\t\t\t<\/div>\n\t\t<div class=\"elementor-element elementor-element-3232a96 e-flex e-con-boxed e-con e-parent\" data-id=\"3232a96\" data-element_type=\"container\" data-e-type=\"container\">\n\t\t\t\t\t<div class=\"e-con-inner\">\n\t\t<div class=\"elementor-element elementor-element-9efce64 e-con-full e-flex e-con e-child\" data-id=\"9efce64\" data-element_type=\"container\" data-e-type=\"container\">\n\t\t\t\t<div class=\"elementor-element elementor-element-e3e3b09 elementor-widget elementor-widget-image\" data-id=\"e3e3b09\" data-element_type=\"widget\" data-e-type=\"widget\" data-widget_type=\"image.default\">\n\t\t\t\t\t\t\t\t\t\t\t\t\t\t\t\t<a href=\"https:\/\/goias.gov.br\/educacao\/concurso-goias-cores-tradicoes-e-identidade-2024-todos-os-desenhos-finalistas-serao-utilizados-em-capas-de-material-escolar-da-rede-estadual-de-goias\/\" rel=\"nofollow\">\n\t\t\t\t\t\t\t<img decoding=\"async\" src=\"https:\/\/goias.gov.br\/educacao\/wp-content\/uploads\/sites\/40\/2024\/11\/WhatsApp-Image-2024-11-12-at-13.42.01.jpeg\" title=\"\" alt=\"\" loading=\"lazy\" \/>\t\t\t\t\t\t\t\t<\/a>\n\t\t\t\t\t\t\t\t\t\t\t\t\t\t\t<\/div>\n\t\t\t\t<\/div>\n\t\t<div class=\"elementor-element elementor-element-5d58884 e-con-full e-flex e-con e-child\" data-id=\"5d58884\" data-element_type=\"container\" data-e-type=\"container\">\n\t\t\t\t<div class=\"elementor-element elementor-element-9f901a4 elementor-widget elementor-widget-text-editor\" data-id=\"9f901a4\" data-element_type=\"widget\" data-e-type=\"widget\" data-widget_type=\"text-editor.default\">\n\t\t\t\t\t\t\t\t\t<h3><span data-olk-copy-source=\"MessageBody\"> Concurso Goi\u00e1s: Cores, Tradi\u00e7\u00f5es e identidade<\/span><\/h3><p>\u00a0<\/p><p><span data-olk-copy-source=\"MessageBody\">O concurso <strong>&#8220;Goi\u00e1s: Cores, Tradi\u00e7\u00f5es e Identidade \u2013 2024&#8221;<\/strong>, promovido pela Secretaria de Estado da Educa\u00e7\u00e3o de Goi\u00e1s, incentivou estudantes do Ensino Fundamental II e M\u00e9dio da rede estadual a expressarem a cultura goiana por meio de ilustra\u00e7\u00f5es. Com mais de 1.700 inscri\u00e7\u00f5es, a competi\u00e7\u00e3o destacou elementos da identidade local, como paisagens, folclore e religiosidade. Devido ao alto n\u00edvel dos trabalhos finalistas, houve empate t\u00e9cnico na vota\u00e7\u00e3o popular, resultando na escolha de todos os 11 finalistas para ilustrar as capas dos cadernos distribu\u00eddos aos alunos em 2025. Os vencedores tamb\u00e9m receber\u00e3o um dispositivo Alexa Echo Dot como pr\u00eamio, refor\u00e7ando o est\u00edmulo \u00e0 criatividade e \u00e0 valoriza\u00e7\u00e3o cultural dos estudantes goianos.<\/span><\/p>\t\t\t\t\t\t\t\t<\/div>\n\t\t\t\t<\/div>\n\t\t\t\t\t<\/div>\n\t\t\t\t<\/div>\n\t\t<div class=\"elementor-element elementor-element-4d51ff8 e-flex e-con-boxed e-con e-parent\" data-id=\"4d51ff8\" data-element_type=\"container\" data-e-type=\"container\">\n\t\t\t\t\t<div class=\"e-con-inner\">\n\t\t<div class=\"elementor-element elementor-element-e3a7b57 e-con-full e-flex e-con e-child\" data-id=\"e3a7b57\" data-element_type=\"container\" data-e-type=\"container\">\n\t\t\t\t<div class=\"elementor-element elementor-element-776283b elementor-widget elementor-widget-image\" data-id=\"776283b\" data-element_type=\"widget\" data-e-type=\"widget\" data-widget_type=\"image.default\">\n\t\t\t\t\t\t\t\t\t\t\t\t\t\t\t\t<a href=\"https:\/\/respostasparaoamanha.com.br\/\" target=\"_blank\">\n\t\t\t\t\t\t\t<img decoding=\"async\" src=\"https:\/\/goias.gov.br\/educacao\/wp-content\/uploads\/sites\/40\/2024\/01\/prmio-respostas-para-o-amanh.jpg\" title=\"\" alt=\"\" loading=\"lazy\" \/>\t\t\t\t\t\t\t\t<\/a>\n\t\t\t\t\t\t\t\t\t\t\t\t\t\t\t<\/div>\n\t\t\t\t<\/div>\n\t\t<div class=\"elementor-element elementor-element-3436874 e-con-full e-flex e-con e-child\" data-id=\"3436874\" data-element_type=\"container\" data-e-type=\"container\">\n\t\t\t\t<div class=\"elementor-element elementor-element-dd65853 elementor-widget elementor-widget-text-editor\" data-id=\"dd65853\" data-element_type=\"widget\" data-e-type=\"widget\" data-widget_type=\"text-editor.default\">\n\t\t\t\t\t\t\t\t\t<p><strong>Pr\u00eamio Respostas para o Amanh\u00e3<\/strong><\/p><p>\u00a0<\/p><div><p>Desafie seus alunos e alunas a desenvolver um projeto que articule Ci\u00eancia, Tecnologia, Engenharia e Matem\u00e1tica em busca de respostas criativas e relevantes que transformam o amanh\u00e3.<\/p><p>\u00a0<\/p><\/div><div>Mostre aos(\u00e0s) estudantes como os conhecimentos de sua disciplina podem contribuir para solucionar problemas vivenciados pela comunidade escolar e local. Suas aulas ser\u00e3o ainda mais din\u00e2micas e envolventes. Escola, professores(as) e estudantes: todos(as) podem ganhar!<strong>\u00a0<\/strong><\/div>\t\t\t\t\t\t\t\t<\/div>\n\t\t\t\t<\/div>\n\t\t\t\t\t<\/div>\n\t\t\t\t<\/div>\n\t\t<div class=\"elementor-element elementor-element-c0f450e e-flex e-con-boxed e-con e-parent\" data-id=\"c0f450e\" data-element_type=\"container\" data-e-type=\"container\">\n\t\t\t\t\t<div class=\"e-con-inner\">\n\t\t\t\t<div class=\"elementor-element elementor-element-88d58a4 elementor-widget elementor-widget-text-editor\" data-id=\"88d58a4\" data-element_type=\"widget\" data-e-type=\"widget\" data-widget_type=\"text-editor.default\">\n\t\t\t\t\t\t\t\t\t<div><p><strong>Quem pode se inscrever?<\/strong><\/p>Professores(as) de Biologia, F\u00edsica, Qu\u00edmica e Matem\u00e1tica ou de outras disciplinas das \u00e1reas de Ci\u00eancias da Natureza e Matem\u00e1tica e suas Tecnologias que lecionem no Ensino M\u00e9dio em escolas p\u00fablicas das redes municipais, estaduais e federal.<br \/><br \/><\/div><div>O(A) professor(a) que realizar a inscri\u00e7\u00e3o ser\u00e1 o(a) professor(a) orientador(a) do projeto.<br \/><br \/><\/div><div>A equipe deve ser formada por 3 a 5 estudantes do Ensino M\u00e9dio, matriculados(as) no mesmo ano\/s\u00e9rie e na mesma escola (apenas as turmas podem ser diferentes).<br \/><br \/><\/div><div>A inscri\u00e7\u00e3o s\u00f3 pode ser feita pelo(a) professor(a) orientador(a), que obrigatoriamente deve lecionar, a pelo menos dois(duas) estudantes da equipe participante, disciplinas nas \u00e1reas das Ci\u00eancias da Natureza ou da Matem\u00e1tica e suas Tecnologias.<br \/><br \/><\/div><div>O projeto deve ter como foco, necessariamente, quest\u00f5es relacionadas a essas \u00e1reas do conhecimento.<br \/><br \/><\/div><div><strong>Site:\u00a0<\/strong><a href=\"https:\/\/solvefortomorrowbrasil.com.br\/\" target=\"_blank\" rel=\"noopener noreferrer\">https:\/\/solvefortomorrowbrasil.com.br\/<\/a><\/div>\t\t\t\t\t\t\t\t<\/div>\n\t\t\t\t\t<\/div>\n\t\t\t\t<\/div>\n\t\t<div class=\"elementor-element elementor-element-c424342 e-flex e-con-boxed e-con e-parent\" data-id=\"c424342\" data-element_type=\"container\" data-e-type=\"container\">\n\t\t\t\t\t<div class=\"e-con-inner\">\n\t\t<div class=\"elementor-element elementor-element-4c3a5fa e-con-full e-flex e-con e-child\" data-id=\"4c3a5fa\" data-element_type=\"container\" data-e-type=\"container\">\n\t\t\t\t<div class=\"elementor-element elementor-element-dd39f2a elementor-widget elementor-widget-image\" data-id=\"dd39f2a\" data-element_type=\"widget\" data-e-type=\"widget\" data-widget_type=\"image.default\">\n\t\t\t\t\t\t\t\t\t\t\t\t\t\t\t\t<a href=\"https:\/\/www.jovemcientista.cnpq.br\/\" target=\"_blank\">\n\t\t\t\t\t\t\t<img decoding=\"async\" src=\"https:\/\/goias.gov.br\/educacao\/wp-content\/uploads\/sites\/40\/2024\/01\/premiojovemcientista.png\" title=\"\" alt=\"\" loading=\"lazy\" \/>\t\t\t\t\t\t\t\t<\/a>\n\t\t\t\t\t\t\t\t\t\t\t\t\t\t\t<\/div>\n\t\t\t\t<\/div>\n\t\t<div class=\"elementor-element elementor-element-a6baa46 e-con-full e-flex e-con e-child\" data-id=\"a6baa46\" data-element_type=\"container\" data-e-type=\"container\">\n\t\t\t\t<div class=\"elementor-element elementor-element-7e74a80 elementor-widget elementor-widget-text-editor\" data-id=\"7e74a80\" data-element_type=\"widget\" data-e-type=\"widget\" data-widget_type=\"text-editor.default\">\n\t\t\t\t\t\t\t\t\t<div><p><strong>Pr\u00eamio Jovem Cientista<\/strong><\/p><p>\u00c9 uma iniciativa da Samsung com coordena\u00e7\u00e3o geral do Centro de pesquisas em Educa\u00e7\u00e3o, Cultura e A\u00e7\u00e3o Comunit\u00e1ria, voltada para professores e estudantes do Ensino M\u00e9dio de escolas p\u00fablicas de todo Brasil, com o prop\u00f3sito de integrar conhecimentos de ci\u00eancias, matem\u00e1tica, f\u00edsica e biologia aos projetos inovadores em prol de uma sociedade e de suas comunidades. O principal objetivo de Pr\u00eamio \u00e9 fazer com que os estudantes, orientados por seus professores e em colabora\u00e7\u00e3o com seus colegas de turma, conhe\u00e7am e identifiquem os problemas na comunidade para desenvolverem um projeto que contribua com uma solu\u00e7\u00e3o simples e sustent\u00e1vel para melhorar o lugar onde vivem.\u00a0<\/p><\/div>\t\t\t\t\t\t\t\t<\/div>\n\t\t\t\t<\/div>\n\t\t\t\t\t<\/div>\n\t\t\t\t<\/div>\n\t\t<div class=\"elementor-element elementor-element-5ccd131 e-flex e-con-boxed e-con e-parent\" data-id=\"5ccd131\" data-element_type=\"container\" data-e-type=\"container\">\n\t\t\t\t\t<div class=\"e-con-inner\">\n\t\t\t\t<div class=\"elementor-element elementor-element-5c78595 elementor-widget elementor-widget-text-editor\" data-id=\"5c78595\" data-element_type=\"widget\" data-e-type=\"widget\" data-widget_type=\"text-editor.default\">\n\t\t\t\t\t\t\t\t\t<div>A cada edi\u00e7\u00e3o do Pr\u00eamio Jovem Cientista \u00e9 indicado um tema importante para o desenvolvimento cient\u00edfico e tecnol\u00f3gico, com prioridade nacional, que atenda \u00e0s pol\u00edticas p\u00fablicas do governo federal e seja de relev\u00e2ncia para a sociedade brasileira. Na categoria &#8220;Estudante do Ensino M\u00e9dio&#8221;, podem concorrer estudantes regularmente matriculados em escolas p\u00fablicas ou privadas de Ensino M\u00e9dio e Profissional e Tecnol\u00f3gico, que tenham menos de 25 (vinte e cinco) anos de idade.<\/div>\t\t\t\t\t\t\t\t<\/div>\n\t\t\t\t\t<\/div>\n\t\t\t\t<\/div>\n\t\t<div class=\"elementor-element elementor-element-1d8591f e-flex e-con-boxed e-con e-parent\" data-id=\"1d8591f\" data-element_type=\"container\" data-e-type=\"container\">\n\t\t\t\t\t<div class=\"e-con-inner\">\n\t\t<div class=\"elementor-element elementor-element-4c0253d e-con-full e-flex e-con e-child\" data-id=\"4c0253d\" data-element_type=\"container\" data-e-type=\"container\">\n\t\t\t\t<div class=\"elementor-element elementor-element-3ee1f6d elementor-widget elementor-widget-image\" data-id=\"3ee1f6d\" data-element_type=\"widget\" data-e-type=\"widget\" data-widget_type=\"image.default\">\n\t\t\t\t\t\t\t\t\t\t\t\t\t\t\t\t<a href=\"https:\/\/www.correios.com.br\/educacao-e-cultura\/concurso-internacional-de-redacao-de-cartas\" target=\"_blank\">\n\t\t\t\t\t\t\t<img decoding=\"async\" src=\"https:\/\/goias.gov.br\/educacao\/wp-content\/uploads\/sites\/40\/2024\/01\/concurso-internacional-de-redacao-de-cartas.jpg\" title=\"\" alt=\"\" loading=\"lazy\" \/>\t\t\t\t\t\t\t\t<\/a>\n\t\t\t\t\t\t\t\t\t\t\t\t\t\t\t<\/div>\n\t\t\t\t<\/div>\n\t\t<div class=\"elementor-element elementor-element-8d1711f e-con-full e-flex e-con e-child\" data-id=\"8d1711f\" data-element_type=\"container\" data-e-type=\"container\">\n\t\t\t\t<div class=\"elementor-element elementor-element-232ab32 elementor-widget elementor-widget-text-editor\" data-id=\"232ab32\" data-element_type=\"widget\" data-e-type=\"widget\" data-widget_type=\"text-editor.default\">\n\t\t\t\t\t\t\t\t\t<div><p><strong>Concurso Internacional de Reda\u00e7\u00e3o de Cartas<\/strong><\/p><p>Promovido, anualmente, pela Uni\u00e3o Postal Universal (UPU), sediada em Berna, na Su\u00ed\u00e7a, no Brasil o concurso \u00e9 realizado pelos Correios e acontece em tr\u00eas fases: escolar, estadual e nacional. A iniciativa recebe inscri\u00e7\u00f5es de escolas p\u00fablicas e particulares de todo o Brasil. O objetivo do concurso \u00e9 melhorar a alfabetiza\u00e7\u00e3o de jovens por meio da reda\u00e7\u00e3o de cartas, incentivando a express\u00e3o da criatividade e o aprimoramento dos conhecimentos lingu\u00edsticos de crian\u00e7as e adolescentes.\u00a0<\/p><\/div>\t\t\t\t\t\t\t\t<\/div>\n\t\t\t\t<\/div>\n\t\t\t\t\t<\/div>\n\t\t\t\t<\/div>\n\t\t\t\t<\/div>\n\t\t","protected":false},"excerpt":{"rendered":"<p>Concurso Goi\u00e1s: Cores, Tradi\u00e7\u00f5es e identidade \u00a0 O concurso &#8220;Goi\u00e1s: Cores, Tradi\u00e7\u00f5es e Identidade \u2013 2024&#8221;, promovido pela Secretaria de Estado da Educa\u00e7\u00e3o de Goi\u00e1s, incentivou estudantes do Ensino Fundamental II e M\u00e9dio da rede estadual a expressarem a cultura goiana por meio de ilustra\u00e7\u00f5es. Com mais de 1.700 inscri\u00e7\u00f5es, a competi\u00e7\u00e3o destacou elementos da [&hellip;]<\/p>\n","protected":false},"author":222,"featured_media":0,"parent":0,"menu_order":0,"comment_status":"closed","ping_status":"closed","template":"wppb_theme_template","meta":{"footnotes":""},"class_list":["post-26801","page","type-page","status-publish","hentry"],"rttpg_featured_image_url":null,"rttpg_author":{"display_name":"diegomsilva","author_link":"https:\/\/goias.gov.br\/educacao\/author\/diegomsilva\/"},"rttpg_comment":0,"rttpg_category":null,"rttpg_excerpt":"Concurso Goi\u00e1s: Cores, Tradi\u00e7\u00f5es e identidade \u00a0 O concurso &#8220;Goi\u00e1s: Cores, Tradi\u00e7\u00f5es e Identidade \u2013 2024&#8221;, promovido pela Secretaria de Estado da Educa\u00e7\u00e3o de Goi\u00e1s, incentivou estudantes do Ensino Fundamental II e M\u00e9dio da rede estadual a expressarem a cultura goiana por meio de ilustra\u00e7\u00f5es. Com mais de 1.700 inscri\u00e7\u00f5es, a competi\u00e7\u00e3o destacou elementos da&hellip;","_links":{"self":[{"href":"https:\/\/goias.gov.br\/educacao\/wp-json\/wp\/v2\/pages\/26801","targetHints":{"allow":["GET"]}}],"collection":[{"href":"https:\/\/goias.gov.br\/educacao\/wp-json\/wp\/v2\/pages"}],"about":[{"href":"https:\/\/goias.gov.br\/educacao\/wp-json\/wp\/v2\/types\/page"}],"author":[{"embeddable":true,"href":"https:\/\/goias.gov.br\/educacao\/wp-json\/wp\/v2\/users\/222"}],"replies":[{"embeddable":true,"href":"https:\/\/goias.gov.br\/educacao\/wp-json\/wp\/v2\/comments?post=26801"}],"version-history":[{"count":2,"href":"https:\/\/goias.gov.br\/educacao\/wp-json\/wp\/v2\/pages\/26801\/revisions"}],"predecessor-version":[{"id":673691,"href":"https:\/\/goias.gov.br\/educacao\/wp-json\/wp\/v2\/pages\/26801\/revisions\/673691"}],"wp:attachment":[{"href":"https:\/\/goias.gov.br\/educacao\/wp-json\/wp\/v2\/media?parent=26801"}],"curies":[{"name":"wp","href":"https:\/\/api.w.org\/{rel}","templated":true}]}}