

{"id":26797,"date":"2024-01-05T11:20:31","date_gmt":"2024-01-05T14:20:31","guid":{"rendered":"https:\/\/siteshom.goias.gov.br\/educacao\/?page_id=26797"},"modified":"2026-01-29T16:51:32","modified_gmt":"2026-01-29T19:51:32","slug":"estagios","status":"publish","type":"page","link":"https:\/\/goias.gov.br\/educacao\/estagios\/","title":{"rendered":"Est\u00e1gios"},"content":{"rendered":"\t\t<div data-elementor-type=\"wp-page\" data-elementor-id=\"26797\" class=\"elementor elementor-26797\">\n\t\t\t\t<div class=\"elementor-element elementor-element-2e5fd58 e-flex e-con-boxed e-con e-parent\" data-id=\"2e5fd58\" data-element_type=\"container\" data-e-type=\"container\">\n\t\t\t\t\t<div class=\"e-con-inner\">\n\t\t\t\t<div class=\"elementor-element elementor-element-4510f39 elementor-widget elementor-widget-heading\" data-id=\"4510f39\" data-element_type=\"widget\" data-e-type=\"widget\" data-widget_type=\"heading.default\">\n\t\t\t\t\t<h2 class=\"elementor-heading-title elementor-size-default\">Est\u00e1gios<\/h2>\t\t\t\t<\/div>\n\t\t\t\t\t<\/div>\n\t\t\t\t<\/div>\n\t\t<div class=\"elementor-element elementor-element-f5b3c48 e-flex e-con-boxed e-con e-parent\" data-id=\"f5b3c48\" data-element_type=\"container\" data-e-type=\"container\">\n\t\t\t\t\t<div class=\"e-con-inner\">\n\t\t<div class=\"elementor-element elementor-element-942a032 e-con-full e-flex e-con e-child\" data-id=\"942a032\" data-element_type=\"container\" data-e-type=\"container\">\n\t\t\t\t<div class=\"elementor-element elementor-element-f0430d2 elementor-widget elementor-widget-image\" data-id=\"f0430d2\" data-element_type=\"widget\" data-e-type=\"widget\" data-widget_type=\"image.default\">\n\t\t\t\t\t\t\t\t\t\t\t\t\t\t\t\t<a href=\"https:\/\/ielgoias.com.br\/iel\/home\" target=\"_blank\">\n\t\t\t\t\t\t\t<img decoding=\"async\" src=\"https:\/\/goias.gov.br\/educacao\/wp-content\/uploads\/sites\/40\/2024\/01\/ciee2.png\" title=\"\" alt=\"\" loading=\"lazy\" \/>\t\t\t\t\t\t\t\t<\/a>\n\t\t\t\t\t\t\t\t\t\t\t\t\t\t\t<\/div>\n\t\t\t\t<\/div>\n\t\t<div class=\"elementor-element elementor-element-bf6bdbb e-con-full e-flex e-con e-child\" data-id=\"bf6bdbb\" data-element_type=\"container\" data-e-type=\"container\">\n\t\t\t\t<div class=\"elementor-element elementor-element-49755c0 elementor-widget elementor-widget-text-editor\" data-id=\"49755c0\" data-element_type=\"widget\" data-e-type=\"widget\" data-widget_type=\"text-editor.default\">\n\t\t\t\t\t\t\t\t\t<div>Em atendimento a Lei de Est\u00e1gio, n\u00ba 11.788, de 25 de setembro de 2008, que trata o est\u00e1gio como ato educativo escolar supervisionado, desenvolvido no ambiente de trabalho, que visa \u00e0 prepara\u00e7\u00e3o para o trabalho produtivo de educandos que estejam frequentando os anos finais do ensino fundamental, ensino m\u00e9dio, educa\u00e7\u00e3o especial, na modalidade profissional, educa\u00e7\u00e3o de jovens e adultos e institui\u00e7\u00f5es de educa\u00e7\u00e3o superior, a Secretaria de Estado da Educa\u00e7\u00e3o estabelece parceria com Agentes de Integra\u00e7\u00e3o-Empresa-Escola.<\/div>\t\t\t\t\t\t\t\t<\/div>\n\t\t\t\t<\/div>\n\t\t\t\t\t<\/div>\n\t\t\t\t<\/div>\n\t\t<div class=\"elementor-element elementor-element-6fb88ff e-flex e-con-boxed e-con e-parent\" data-id=\"6fb88ff\" data-element_type=\"container\" data-e-type=\"container\">\n\t\t\t\t\t<div class=\"e-con-inner\">\n\t\t<div class=\"elementor-element elementor-element-f56cbc8 e-con-full e-flex e-con e-child\" data-id=\"f56cbc8\" data-element_type=\"container\" data-e-type=\"container\">\n\t\t\t\t<div class=\"elementor-element elementor-element-4d4a51a elementor-widget elementor-widget-text-editor\" data-id=\"4d4a51a\" data-element_type=\"widget\" data-e-type=\"widget\" data-widget_type=\"text-editor.default\">\n\t\t\t\t\t\t\t\t\t<div><div><p>Cabe \u00e0 SEDUC\/Coordena\u00e7\u00e3o de Juventudes a divulga\u00e7\u00e3o do programa junto \u00e0s Coordena\u00e7\u00f5es Regionais de Educa\u00e7\u00e3o (CREs).\u00a0 Por sua vez, as CREs apresentam o Programa para as unidades escolares, que podem se cadastrar junto aos parceiros e, posteriormente, divulgarem o programa aos estudantes supervisionando a frequ\u00eancia escolar. Para ingressar nesses programas, os estudantes devem fazer a inscri\u00e7\u00e3o e acompanhar o processo nos sites:\u00a0<\/p><p><a href=\"https:\/\/ielgoias.com.br\/iel\/home\" target=\"_blank\" rel=\"noopener noreferrer\">https:\/\/ielgoias.com.br\/iel\/home<\/a><\/p><p><a href=\"https:\/\/portal.ciee.org.br\/\" target=\"_blank\" rel=\"noopener noreferrer\">https:\/\/portal.ciee.org.br\/<\/a><\/p><\/div><\/div>\t\t\t\t\t\t\t\t<\/div>\n\t\t\t\t<\/div>\n\t\t<div class=\"elementor-element elementor-element-1a67ceb e-con-full e-flex e-con e-child\" data-id=\"1a67ceb\" data-element_type=\"container\" data-e-type=\"container\">\n\t\t\t\t<div class=\"elementor-element elementor-element-8243f6f elementor-widget elementor-widget-image\" data-id=\"8243f6f\" data-element_type=\"widget\" data-e-type=\"widget\" data-widget_type=\"image.default\">\n\t\t\t\t\t\t\t\t\t\t\t\t\t\t\t\t<a href=\"https:\/\/portal.ciee.org.br\/\" target=\"_blank\">\n\t\t\t\t\t\t\t<img decoding=\"async\" src=\"https:\/\/goias.gov.br\/educacao\/wp-content\/uploads\/sites\/40\/2024\/01\/iel2.png\" title=\"\" alt=\"\" loading=\"lazy\" \/>\t\t\t\t\t\t\t\t<\/a>\n\t\t\t\t\t\t\t\t\t\t\t\t\t\t\t<\/div>\n\t\t\t\t<\/div>\n\t\t\t\t\t<\/div>\n\t\t\t\t<\/div>\n\t\t\t\t<\/div>\n\t\t","protected":false},"excerpt":{"rendered":"<p>Est\u00e1gios Em atendimento a Lei de Est\u00e1gio, n\u00ba 11.788, de 25 de setembro de 2008, que trata o est\u00e1gio como ato educativo escolar supervisionado, desenvolvido no ambiente de trabalho, que visa \u00e0 prepara\u00e7\u00e3o para o trabalho produtivo de educandos que estejam frequentando os anos finais do ensino fundamental, ensino m\u00e9dio, educa\u00e7\u00e3o especial, na modalidade profissional, [&hellip;]<\/p>\n","protected":false},"author":222,"featured_media":0,"parent":0,"menu_order":0,"comment_status":"closed","ping_status":"closed","template":"wppb_theme_template","meta":{"footnotes":""},"class_list":["post-26797","page","type-page","status-publish","hentry"],"rttpg_featured_image_url":null,"rttpg_author":{"display_name":"diegomsilva","author_link":"https:\/\/goias.gov.br\/educacao\/author\/diegomsilva\/"},"rttpg_comment":0,"rttpg_category":null,"rttpg_excerpt":"Est\u00e1gios Em atendimento a Lei de Est\u00e1gio, n\u00ba 11.788, de 25 de setembro de 2008, que trata o est\u00e1gio como ato educativo escolar supervisionado, desenvolvido no ambiente de trabalho, que visa \u00e0 prepara\u00e7\u00e3o para o trabalho produtivo de educandos que estejam frequentando os anos finais do ensino fundamental, ensino m\u00e9dio, educa\u00e7\u00e3o especial, na modalidade profissional,&hellip;","_links":{"self":[{"href":"https:\/\/goias.gov.br\/educacao\/wp-json\/wp\/v2\/pages\/26797","targetHints":{"allow":["GET"]}}],"collection":[{"href":"https:\/\/goias.gov.br\/educacao\/wp-json\/wp\/v2\/pages"}],"about":[{"href":"https:\/\/goias.gov.br\/educacao\/wp-json\/wp\/v2\/types\/page"}],"author":[{"embeddable":true,"href":"https:\/\/goias.gov.br\/educacao\/wp-json\/wp\/v2\/users\/222"}],"replies":[{"embeddable":true,"href":"https:\/\/goias.gov.br\/educacao\/wp-json\/wp\/v2\/comments?post=26797"}],"version-history":[{"count":2,"href":"https:\/\/goias.gov.br\/educacao\/wp-json\/wp\/v2\/pages\/26797\/revisions"}],"predecessor-version":[{"id":674754,"href":"https:\/\/goias.gov.br\/educacao\/wp-json\/wp\/v2\/pages\/26797\/revisions\/674754"}],"wp:attachment":[{"href":"https:\/\/goias.gov.br\/educacao\/wp-json\/wp\/v2\/media?parent=26797"}],"curies":[{"name":"wp","href":"https:\/\/api.w.org\/{rel}","templated":true}]}}