

{"id":211119,"date":"2024-07-18T12:54:25","date_gmt":"2024-07-18T15:54:25","guid":{"rendered":"https:\/\/goias.gov.br\/detran\/agenda-de-autoridades\/"},"modified":"2026-04-27T04:31:51","modified_gmt":"2026-04-27T07:31:51","slug":"agenda-de-autoridades","status":"publish","type":"page","link":"https:\/\/goias.gov.br\/detran\/agenda-de-autoridades\/","title":{"rendered":"Agenda de Autoridades"},"content":{"rendered":"<p><strong style='margin-block-end: -1.8rem'><a href='https:\/\/goias.gov.br\/detran\/presidente\/'>Presidente<\/a><\/strong><br \/>WALDIR SOARES DE OLIVEIRA<\/p>\n<p><strong style='margin-block-end: -1.8rem'><a href='https:\/\/goias.gov.br\/detran\/chefe-de-gabinete\/'>Chefe de Gabinete<\/a><\/strong><br \/>DANIEL PEDROSA BORGES PRATEADO<\/p>\n<p><strong style='margin-block-end: -1.8rem'><a href='https:\/\/goias.gov.br\/detran\/chefe-da-comunicacao-setorial\/'>Chefe da Comunica\u00e7\u00e3o Setorial<\/a><\/strong><br \/>ERIKA MACHADO LETTRY<\/p>\n<p><strong style='margin-block-end: -1.8rem'><a href='https:\/\/goias.gov.br\/detran\/chefe-da-procuradoria-setorial\/'>Chefe da Procuradoria Setorial<\/a><\/strong><br \/>ANTONIO VITAL ALVES DA SILVA<\/p>\n<p><strong style='margin-block-end: -1.8rem'><a href='https:\/\/goias.gov.br\/detran\/chefe-de-escritorio-de-projetos-setorial\/'>Chefe de Escrit\u00f3rio de Projetos Setorial<\/a><\/strong><br \/>DAYANNA GONTIJO DE PAIVA SOUZA<\/p>\n<p><strong style='margin-block-end: -1.8rem'><a href='https:\/\/goias.gov.br\/detran\/diretor-de-atendimento-e-inovacao-institucional\/'>Diretor de Atendimento e Inova\u00e7\u00e3o Institucional<\/a><\/strong><br \/>EDUARDO ANGELO DE MACEDO LUCENA<\/p>\n<p><strong style='margin-block-end: -1.8rem'><a href='https:\/\/goias.gov.br\/detran\/diretor-de-gestao-integrada\/'>Diretor de Gest\u00e3o Integrada<\/a><\/strong><br \/>JOSE LUCIO ALVES DE OLIVEIRA<\/p>\n<p><strong style='margin-block-end: -1.8rem'><a href='https:\/\/goias.gov.br\/detran\/diretora-de-operacoes\/'>Diretora de Opera\u00e7\u00f5es<\/a><\/strong><br \/>MARIA APARECIDA DE ARAUJO<\/p>\n<p><strong style='margin-block-end: -1.8rem'><a href='https:\/\/goias.gov.br\/detran\/diretor-de-tecnologia-da-informacao\/'>Diretor de Tecnologia da Informa\u00e7\u00e3o<\/a><\/strong><br \/>FABIANO RIBEIRO BUENO<\/p>\n<p><strong style='margin-block-end: -1.8rem'><a href='https:\/\/goias.gov.br\/detran\/diretor-tecnico\/'>Diretor T\u00e9cnico<\/a><\/strong><br \/>ODAIR JOSE SOARES<\/p>\n","protected":false},"excerpt":{"rendered":"<p>PresidenteWALDIR SOARES DE OLIVEIRA Chefe de GabineteDANIEL PEDROSA BORGES PRATEADO Chefe da Comunica\u00e7\u00e3o SetorialERIKA MACHADO LETTRY Chefe da Procuradoria SetorialANTONIO VITAL ALVES DA SILVA Chefe de Escrit\u00f3rio de Projetos SetorialDAYANNA GONTIJO DE PAIVA SOUZA Diretor de Atendimento e Inova\u00e7\u00e3o InstitucionalEDUARDO ANGELO DE MACEDO LUCENA Diretor de Gest\u00e3o IntegradaJOSE LUCIO ALVES DE OLIVEIRA Diretora de Opera\u00e7\u00f5esMARIA [&hellip;]<\/p>\n","protected":false},"author":0,"featured_media":0,"parent":0,"menu_order":0,"comment_status":"closed","ping_status":"closed","template":"","meta":{"footnotes":"","_links_to":"","_links_to_target":""},"class_list":["post-211119","page","type-page","status-publish","hentry"],"rttpg_featured_image_url":null,"rttpg_author":{"display_name":"","author_link":"https:\/\/goias.gov.br\/detran\/author\/"},"rttpg_comment":0,"rttpg_category":null,"rttpg_excerpt":"PresidenteWALDIR SOARES DE OLIVEIRA Chefe de GabineteDANIEL PEDROSA BORGES PRATEADO Chefe da Comunica\u00e7\u00e3o SetorialERIKA MACHADO LETTRY Chefe da Procuradoria SetorialANTONIO VITAL ALVES DA SILVA Chefe de Escrit\u00f3rio de Projetos SetorialDAYANNA GONTIJO DE PAIVA SOUZA Diretor de Atendimento e Inova\u00e7\u00e3o InstitucionalEDUARDO ANGELO DE MACEDO LUCENA Diretor de Gest\u00e3o IntegradaJOSE LUCIO ALVES DE OLIVEIRA Diretora de Opera\u00e7\u00f5esMARIA&hellip;","_links":{"self":[{"href":"https:\/\/goias.gov.br\/detran\/wp-json\/wp\/v2\/pages\/211119","targetHints":{"allow":["GET"]}}],"collection":[{"href":"https:\/\/goias.gov.br\/detran\/wp-json\/wp\/v2\/pages"}],"about":[{"href":"https:\/\/goias.gov.br\/detran\/wp-json\/wp\/v2\/types\/page"}],"replies":[{"embeddable":true,"href":"https:\/\/goias.gov.br\/detran\/wp-json\/wp\/v2\/comments?post=211119"}],"version-history":[{"count":2,"href":"https:\/\/goias.gov.br\/detran\/wp-json\/wp\/v2\/pages\/211119\/revisions"}],"predecessor-version":[{"id":402336,"href":"https:\/\/goias.gov.br\/detran\/wp-json\/wp\/v2\/pages\/211119\/revisions\/402336"}],"wp:attachment":[{"href":"https:\/\/goias.gov.br\/detran\/wp-json\/wp\/v2\/media?parent=211119"}],"curies":[{"name":"wp","href":"https:\/\/api.w.org\/{rel}","templated":true}]}}