

{"id":297001,"date":"2025-12-15T11:29:13","date_gmt":"2025-12-15T14:29:13","guid":{"rendered":"https:\/\/goias.gov.br\/cultura\/?page_id=297001"},"modified":"2026-04-10T12:06:25","modified_gmt":"2026-04-10T15:06:25","slug":"cine-leitura-do-bem","status":"publish","type":"page","link":"https:\/\/goias.gov.br\/cultura\/cine-leitura-do-bem\/","title":{"rendered":"Cine Leitura do Bem"},"content":{"rendered":"\t\t<div data-elementor-type=\"wp-page\" data-elementor-id=\"297001\" class=\"elementor elementor-297001\">\n\t\t\t\t<div class=\"elementor-element elementor-element-65354ad e-flex e-con-boxed e-con e-parent\" data-id=\"65354ad\" data-element_type=\"container\" data-e-type=\"container\">\n\t\t\t\t\t<div class=\"e-con-inner\">\n\t\t\t\t<div class=\"elementor-element elementor-element-07aa1e6 elementor-widget elementor-widget-n-accordion\" data-id=\"07aa1e6\" data-element_type=\"widget\" data-e-type=\"widget\" data-settings=\"{&quot;default_state&quot;:&quot;expanded&quot;,&quot;max_items_expended&quot;:&quot;one&quot;,&quot;n_accordion_animation_duration&quot;:{&quot;unit&quot;:&quot;ms&quot;,&quot;size&quot;:400,&quot;sizes&quot;:[]}}\" data-widget_type=\"nested-accordion.default\">\n\t\t\t\t<div class=\"elementor-widget-container\">\n\t\t\t\t\t\t\t<div class=\"e-n-accordion\" aria-label=\"Accordion. Open links with Enter or Space, close with Escape, and navigate with Arrow Keys\">\n\t\t\t\t\t\t<details id=\"e-n-accordion-item-8030\" class=\"e-n-accordion-item\" open>\n\t\t\t\t<summary class=\"e-n-accordion-item-title\" data-accordion-index=\"1\" tabindex=\"0\" aria-expanded=\"true\" aria-controls=\"e-n-accordion-item-8030\" >\n\t\t\t\t\t<span class='e-n-accordion-item-title-header'><div class=\"e-n-accordion-item-title-text\"> O QUE \u00c9 O PROJETO? <\/div><\/span>\n\t\t\t\t\t\t\t<span class='e-n-accordion-item-title-icon'>\n\t\t\t<span class='e-opened' ><svg aria-hidden=\"true\" class=\"e-font-icon-svg e-fas-minus\" viewBox=\"0 0 448 512\" xmlns=\"http:\/\/www.w3.org\/2000\/svg\"><path d=\"M416 208H32c-17.67 0-32 14.33-32 32v32c0 17.67 14.33 32 32 32h384c17.67 0 32-14.33 32-32v-32c0-17.67-14.33-32-32-32z\"><\/path><\/svg><\/span>\n\t\t\t<span class='e-closed'><svg aria-hidden=\"true\" class=\"e-font-icon-svg e-fas-plus\" viewBox=\"0 0 448 512\" xmlns=\"http:\/\/www.w3.org\/2000\/svg\"><path d=\"M416 208H272V64c0-17.67-14.33-32-32-32h-32c-17.67 0-32 14.33-32 32v144H32c-17.67 0-32 14.33-32 32v32c0 17.67 14.33 32 32 32h144v144c0 17.67 14.33 32 32 32h32c17.67 0 32-14.33 32-32V304h144c17.67 0 32-14.33 32-32v-32c0-17.67-14.33-32-32-32z\"><\/path><\/svg><\/span>\n\t\t<\/span>\n\n\t\t\t\t\t\t<\/summary>\n\t\t\t\t<div role=\"region\" aria-labelledby=\"e-n-accordion-item-8030\" class=\"elementor-element elementor-element-24fea07 e-con-full e-flex e-con e-child\" data-id=\"24fea07\" data-element_type=\"container\" data-e-type=\"container\">\n\t\t<div role=\"region\" aria-labelledby=\"e-n-accordion-item-8030\" class=\"elementor-element elementor-element-662f405 e-flex e-con-boxed e-con e-child\" data-id=\"662f405\" data-element_type=\"container\" data-e-type=\"container\">\n\t\t\t\t\t<div class=\"e-con-inner\">\n\t\t\t\t<div class=\"elementor-element elementor-element-e97fa6d elementor-widget elementor-widget-text-editor\" data-id=\"e97fa6d\" data-element_type=\"widget\" data-e-type=\"widget\" data-widget_type=\"text-editor.default\">\n\t\t\t\t<div class=\"elementor-widget-container\">\n\t\t\t\t\t\t\t\t\t<p>O CineLeitura do Bem \u2013 Cultura que Aproxima \u00e9 uma iniciativa do Governo do Estado de Goi\u00e1s, por meio da Secretaria de Estado da Cultura, com recursos do Fundo PROTEGE, inserida na pol\u00edtica p\u00fablica do Goi\u00e1s Social.<\/p><p>O objetivo do projeto \u00e9 levar cinema e atividades de incentivo \u00e0 leitura a comunidades em situa\u00e7\u00e3o de vulnerabilidade social, ampliando o acesso \u00e0 cultura, fortalecendo a forma\u00e7\u00e3o cidad\u00e3 de crian\u00e7as e jovens e contribuindo para a perman\u00eancia escolar e o desenvolvimento de compet\u00eancias socioemocionais.<\/p><p>O projeto promover\u00e1 sess\u00f5es gratuitas de cinema, biblioteca itinerante, rodas de leitura e atividades educativas em 120 munic\u00edpios e distritos goianos, em espa\u00e7os p\u00fablicos de f\u00e1cil acesso \u00e0 popula\u00e7\u00e3o.<\/p>\t\t\t\t\t\t\t\t<\/div>\n\t\t\t\t<\/div>\n\t\t\t\t\t<\/div>\n\t\t\t\t<\/div>\n\t\t\t\t<\/div>\n\t\t\t\t\t<\/details>\n\t\t\t\t\t\t<details id=\"e-n-accordion-item-8031\" class=\"e-n-accordion-item\" >\n\t\t\t\t<summary class=\"e-n-accordion-item-title\" data-accordion-index=\"2\" tabindex=\"-1\" aria-expanded=\"false\" aria-controls=\"e-n-accordion-item-8031\" >\n\t\t\t\t\t<span class='e-n-accordion-item-title-header'><div class=\"e-n-accordion-item-title-text\"> COMO VAI FUNCIONAR O CINELEITURA DO BEM? <\/div><\/span>\n\t\t\t\t\t\t\t<span class='e-n-accordion-item-title-icon'>\n\t\t\t<span class='e-opened' ><svg aria-hidden=\"true\" class=\"e-font-icon-svg e-fas-minus\" viewBox=\"0 0 448 512\" xmlns=\"http:\/\/www.w3.org\/2000\/svg\"><path d=\"M416 208H32c-17.67 0-32 14.33-32 32v32c0 17.67 14.33 32 32 32h384c17.67 0 32-14.33 32-32v-32c0-17.67-14.33-32-32-32z\"><\/path><\/svg><\/span>\n\t\t\t<span class='e-closed'><svg aria-hidden=\"true\" class=\"e-font-icon-svg e-fas-plus\" viewBox=\"0 0 448 512\" xmlns=\"http:\/\/www.w3.org\/2000\/svg\"><path d=\"M416 208H272V64c0-17.67-14.33-32-32-32h-32c-17.67 0-32 14.33-32 32v144H32c-17.67 0-32 14.33-32 32v32c0 17.67 14.33 32 32 32h144v144c0 17.67 14.33 32 32 32h32c17.67 0 32-14.33 32-32V304h144c17.67 0 32-14.33 32-32v-32c0-17.67-14.33-32-32-32z\"><\/path><\/svg><\/span>\n\t\t<\/span>\n\n\t\t\t\t\t\t<\/summary>\n\t\t\t\t<div role=\"region\" aria-labelledby=\"e-n-accordion-item-8031\" class=\"elementor-element elementor-element-cf043fd e-con-full e-flex e-con e-child\" data-id=\"cf043fd\" data-element_type=\"container\" data-e-type=\"container\">\n\t\t\t\t<div class=\"elementor-element elementor-element-b36d414 elementor-widget elementor-widget-text-editor\" data-id=\"b36d414\" data-element_type=\"widget\" data-e-type=\"widget\" data-widget_type=\"text-editor.default\">\n\t\t\t\t<div class=\"elementor-widget-container\">\n\t\t\t\t\t\t\t\t\t<p>Os munic\u00edpios selecionados recebem uma estrutura itinerante completa, com equipamentos audiovisuais e acervo liter\u00e1rio, instalada temporariamente em espa\u00e7o p\u00fablico indicado pela pr\u00f3pria prefeitura.<\/p><p>As atividades acontecem por meio de unidades m\u00f3veis equipadas com tecnologia de ponta, garantindo acesso gratuito, inclus\u00e3o e acessibilidade para pessoas com defici\u00eancia.<\/p><p>A organiza\u00e7\u00e3o e execu\u00e7\u00e3o do projeto s\u00e3o de responsabilidade da Secretaria de Estado da Cultura, em parceria com uma Organiza\u00e7\u00e3o da Sociedade Civil, sem custo financeiro para o munic\u00edpio.<\/p>\t\t\t\t\t\t\t\t<\/div>\n\t\t\t\t<\/div>\n\t\t\t\t<\/div>\n\t\t\t\t\t<\/details>\n\t\t\t\t\t\t<details id=\"e-n-accordion-item-8032\" class=\"e-n-accordion-item\" >\n\t\t\t\t<summary class=\"e-n-accordion-item-title\" data-accordion-index=\"3\" tabindex=\"-1\" aria-expanded=\"false\" aria-controls=\"e-n-accordion-item-8032\" >\n\t\t\t\t\t<span class='e-n-accordion-item-title-header'><div class=\"e-n-accordion-item-title-text\"> COMO PARTICIPAR? <\/div><\/span>\n\t\t\t\t\t\t\t<span class='e-n-accordion-item-title-icon'>\n\t\t\t<span class='e-opened' ><svg aria-hidden=\"true\" class=\"e-font-icon-svg e-fas-minus\" viewBox=\"0 0 448 512\" xmlns=\"http:\/\/www.w3.org\/2000\/svg\"><path d=\"M416 208H32c-17.67 0-32 14.33-32 32v32c0 17.67 14.33 32 32 32h384c17.67 0 32-14.33 32-32v-32c0-17.67-14.33-32-32-32z\"><\/path><\/svg><\/span>\n\t\t\t<span class='e-closed'><svg aria-hidden=\"true\" class=\"e-font-icon-svg e-fas-plus\" viewBox=\"0 0 448 512\" xmlns=\"http:\/\/www.w3.org\/2000\/svg\"><path d=\"M416 208H272V64c0-17.67-14.33-32-32-32h-32c-17.67 0-32 14.33-32 32v144H32c-17.67 0-32 14.33-32 32v32c0 17.67 14.33 32 32 32h144v144c0 17.67 14.33 32 32 32h32c17.67 0 32-14.33 32-32V304h144c17.67 0 32-14.33 32-32v-32c0-17.67-14.33-32-32-32z\"><\/path><\/svg><\/span>\n\t\t<\/span>\n\n\t\t\t\t\t\t<\/summary>\n\t\t\t\t<div role=\"region\" aria-labelledby=\"e-n-accordion-item-8032\" class=\"elementor-element elementor-element-b7679eb e-con-full e-flex e-con e-child\" data-id=\"b7679eb\" data-element_type=\"container\" data-e-type=\"container\">\n\t\t<div role=\"region\" aria-labelledby=\"e-n-accordion-item-8032\" class=\"elementor-element elementor-element-f6fffa9 e-flex e-con-boxed e-con e-child\" data-id=\"f6fffa9\" data-element_type=\"container\" data-e-type=\"container\">\n\t\t\t\t\t<div class=\"e-con-inner\">\n\t\t\t\t<div class=\"elementor-element elementor-element-4ce9a38 elementor-widget elementor-widget-text-editor\" data-id=\"4ce9a38\" data-element_type=\"widget\" data-e-type=\"widget\" data-widget_type=\"text-editor.default\">\n\t\t\t\t<div class=\"elementor-widget-container\">\n\t\t\t\t\t\t\t\t\t<p>A participa\u00e7\u00e3o do munic\u00edpio ocorre por meio de ades\u00e3o institucional, mediante preenchimento de formul\u00e1rio eletr\u00f4nico.<\/p><p>N\u00e3o h\u00e1 repasse de recursos ao munic\u00edpio nem exig\u00eancia de contrapartida financeira. A prefeitura colabora com a indica\u00e7\u00e3o do espa\u00e7o p\u00fablico, apoio na divulga\u00e7\u00e3o local, organiza\u00e7\u00e3o do p\u00fablico e designa\u00e7\u00e3o de um servidor para interlocu\u00e7\u00e3o.<\/p><p>No formul\u00e1rio, os munic\u00edpios indicam tr\u00eas datas sugeridas para a realiza\u00e7\u00e3o das atividades. As datas s\u00e3o indicativas e a defini\u00e7\u00e3o final depende do cronograma geral do projeto, da organiza\u00e7\u00e3o das rotas e da disponibilidade das equipes<\/p>\t\t\t\t\t\t\t\t<\/div>\n\t\t\t\t<\/div>\n\t\t\t\t\t<\/div>\n\t\t\t\t<\/div>\n\t\t\t\t<\/div>\n\t\t\t\t\t<\/details>\n\t\t\t\t\t\t<details id=\"e-n-accordion-item-8033\" class=\"e-n-accordion-item\" >\n\t\t\t\t<summary class=\"e-n-accordion-item-title\" data-accordion-index=\"4\" tabindex=\"-1\" aria-expanded=\"false\" aria-controls=\"e-n-accordion-item-8033\" >\n\t\t\t\t\t<span class='e-n-accordion-item-title-header'><div class=\"e-n-accordion-item-title-text\"> COMO SER\u00c1 A SELE\u00c7\u00c3O DOS MUNIC\u00cdPIOS? <\/div><\/span>\n\t\t\t\t\t\t\t<span class='e-n-accordion-item-title-icon'>\n\t\t\t<span class='e-opened' ><svg aria-hidden=\"true\" class=\"e-font-icon-svg e-fas-minus\" viewBox=\"0 0 448 512\" xmlns=\"http:\/\/www.w3.org\/2000\/svg\"><path d=\"M416 208H32c-17.67 0-32 14.33-32 32v32c0 17.67 14.33 32 32 32h384c17.67 0 32-14.33 32-32v-32c0-17.67-14.33-32-32-32z\"><\/path><\/svg><\/span>\n\t\t\t<span class='e-closed'><svg aria-hidden=\"true\" class=\"e-font-icon-svg e-fas-plus\" viewBox=\"0 0 448 512\" xmlns=\"http:\/\/www.w3.org\/2000\/svg\"><path d=\"M416 208H272V64c0-17.67-14.33-32-32-32h-32c-17.67 0-32 14.33-32 32v144H32c-17.67 0-32 14.33-32 32v32c0 17.67 14.33 32 32 32h144v144c0 17.67 14.33 32 32 32h32c17.67 0 32-14.33 32-32V304h144c17.67 0 32-14.33 32-32v-32c0-17.67-14.33-32-32-32z\"><\/path><\/svg><\/span>\n\t\t<\/span>\n\n\t\t\t\t\t\t<\/summary>\n\t\t\t\t<div role=\"region\" aria-labelledby=\"e-n-accordion-item-8033\" class=\"elementor-element elementor-element-ed02505 e-con-full e-flex e-con e-child\" data-id=\"ed02505\" data-element_type=\"container\" data-e-type=\"container\">\n\t\t<div role=\"region\" aria-labelledby=\"e-n-accordion-item-8033\" class=\"elementor-element elementor-element-e062569 e-flex e-con-boxed e-con e-child\" data-id=\"e062569\" data-element_type=\"container\" data-e-type=\"container\">\n\t\t\t\t\t<div class=\"e-con-inner\">\n\t\t\t\t<div class=\"elementor-element elementor-element-a55ce93 elementor-widget elementor-widget-text-editor\" data-id=\"a55ce93\" data-element_type=\"widget\" data-e-type=\"widget\" data-widget_type=\"text-editor.default\">\n\t\t\t\t<div class=\"elementor-widget-container\">\n\t\t\t\t\t\t\t\t\t<p>A sele\u00e7\u00e3o dos munic\u00edpios observa crit\u00e9rios t\u00e9cnicos e sociais, de car\u00e1ter orientador, definidos em edital.<\/p><p>O principal indicador utilizado \u00e9 o IMCF (\u00cdndice Multidimensional de Car\u00eancia das Fam\u00edlias), adotado pelo Goi\u00e1s Social e pelo Fundo PROTEGE, que considera m\u00faltiplas dimens\u00f5es da vulnerabilidade social.<\/p><p>Tamb\u00e9m s\u00e3o considerados a inexist\u00eancia de equipamentos culturais permanentes, a relev\u00e2ncia social da a\u00e7\u00e3o e a viabilidade t\u00e9cnica e log\u00edstica da execu\u00e7\u00e3o.<\/p>\t\t\t\t\t\t\t\t<\/div>\n\t\t\t\t<\/div>\n\t\t\t\t\t<\/div>\n\t\t\t\t<\/div>\n\t\t\t\t<\/div>\n\t\t\t\t\t<\/details>\n\t\t\t\t\t<\/div>\n\t\t\t\t\t\t<\/div>\n\t\t\t\t<\/div>\n\t\t\t\t\t<\/div>\n\t\t\t\t<\/div>\n\t\t<div class=\"elementor-element elementor-element-7d621a3 e-flex e-con-boxed e-con e-parent\" data-id=\"7d621a3\" data-element_type=\"container\" data-e-type=\"container\">\n\t\t\t\t\t<div class=\"e-con-inner\">\n\t\t\t\t<div class=\"elementor-element elementor-element-6089d64 elementor-widget elementor-widget-video\" data-id=\"6089d64\" data-element_type=\"widget\" data-e-type=\"widget\" data-settings=\"{&quot;youtube_url&quot;:&quot;https:\\\/\\\/youtu.be\\\/Ljr2hJTf9DI&quot;,&quot;autoplay&quot;:&quot;yes&quot;,&quot;video_type&quot;:&quot;youtube&quot;,&quot;controls&quot;:&quot;yes&quot;}\" data-widget_type=\"video.default\">\n\t\t\t\t<div class=\"elementor-widget-container\">\n\t\t\t\t\t\t\t<div class=\"elementor-wrapper elementor-open-inline\">\n\t\t\t<div class=\"elementor-video\"><\/div>\t\t<\/div>\n\t\t\t\t\t\t<\/div>\n\t\t\t\t<\/div>\n\t\t\t\t\t<\/div>\n\t\t\t\t<\/div>\n\t\t<div class=\"elementor-element elementor-element-84c4fc8 e-flex e-con-boxed e-con e-parent\" data-id=\"84c4fc8\" data-element_type=\"container\" data-e-type=\"container\">\n\t\t\t\t\t<div class=\"e-con-inner\">\n\t\t\t\t<div class=\"elementor-element elementor-element-b71ed1a elementor-widget elementor-widget-text-editor\" data-id=\"b71ed1a\" data-element_type=\"widget\" data-e-type=\"widget\" data-widget_type=\"text-editor.default\">\n\t\t\t\t<div class=\"elementor-widget-container\">\n\t\t\t\t\t\t\t\t\t<p style=\"text-align: center;\"><span style=\"font-size: 18pt;\">O CineLeitura do Bem \u00e9 uma <strong>pol\u00edtica p\u00fablica permanente<\/strong>, voltada \u00e0 redu\u00e7\u00e3o das desigualdades no acesso \u00e0 cultura. <\/span><span style=\"font-size: 24pt;\"><strong><span style=\"font-size: 18pt;\">Participe!<\/span> <\/strong><\/span><\/p>\t\t\t\t\t\t\t\t<\/div>\n\t\t\t\t<\/div>\n\t\t\t\t\t<\/div>\n\t\t\t\t<\/div>\n\t\t<div class=\"elementor-element elementor-element-c748d12 e-flex e-con-boxed e-con e-parent\" data-id=\"c748d12\" data-element_type=\"container\" data-e-type=\"container\">\n\t\t\t\t\t<div class=\"e-con-inner\">\n\t\t<div class=\"elementor-element elementor-element-bb4ff19 e-con-full e-flex e-con e-child\" data-id=\"bb4ff19\" data-element_type=\"container\" data-e-type=\"container\">\n\t\t\t\t<div class=\"elementor-element elementor-element-8556d54 elementor-widget elementor-widget-image\" data-id=\"8556d54\" data-element_type=\"widget\" data-e-type=\"widget\" data-widget_type=\"image.default\">\n\t\t\t\t<div class=\"elementor-widget-container\">\n\t\t\t\t\t\t\t\t\t\t\t\t\t\t\t<img fetchpriority=\"high\" decoding=\"async\" width=\"300\" height=\"169\" src=\"https:\/\/goias.gov.br\/cultura\/wp-content\/uploads\/sites\/25\/2025\/12\/Copia-de-Confra-1920-x-1080-px-300x169.png\" class=\"attachment-medium size-medium wp-image-297216\" alt=\"\" srcset=\"https:\/\/goias.gov.br\/cultura\/wp-content\/uploads\/sites\/25\/2025\/12\/Copia-de-Confra-1920-x-1080-px-300x169.png 300w, https:\/\/goias.gov.br\/cultura\/wp-content\/uploads\/sites\/25\/2025\/12\/Copia-de-Confra-1920-x-1080-px-1024x576.png 1024w, https:\/\/goias.gov.br\/cultura\/wp-content\/uploads\/sites\/25\/2025\/12\/Copia-de-Confra-1920-x-1080-px-768x432.png 768w, https:\/\/goias.gov.br\/cultura\/wp-content\/uploads\/sites\/25\/2025\/12\/Copia-de-Confra-1920-x-1080-px-1536x864.png 1536w, https:\/\/goias.gov.br\/cultura\/wp-content\/uploads\/sites\/25\/2025\/12\/Copia-de-Confra-1920-x-1080-px-1320x743.png 1320w, https:\/\/goias.gov.br\/cultura\/wp-content\/uploads\/sites\/25\/2025\/12\/Copia-de-Confra-1920-x-1080-px.png 1920w\" sizes=\"(max-width: 300px) 100vw, 300px\" \/>\t\t\t\t\t\t\t\t\t\t\t\t\t\t\t<\/div>\n\t\t\t\t<\/div>\n\t\t\t\t<\/div>\n\t\t<div class=\"elementor-element elementor-element-16da50d e-con-full e-flex e-con e-child\" data-id=\"16da50d\" data-element_type=\"container\" data-e-type=\"container\">\n\t\t\t\t<div class=\"elementor-element elementor-element-b8e527e elementor-widget elementor-widget-image\" data-id=\"b8e527e\" data-element_type=\"widget\" data-e-type=\"widget\" data-widget_type=\"image.default\">\n\t\t\t\t<div class=\"elementor-widget-container\">\n\t\t\t\t\t\t\t\t\t\t\t\t\t\t\t<img decoding=\"async\" width=\"768\" height=\"169\" src=\"https:\/\/goias.gov.br\/cultura\/wp-content\/uploads\/sites\/25\/2025\/12\/LOGO_SECULT_MIDIA_IMPRESSA-3-768x169.png\" class=\"attachment-medium_large size-medium_large wp-image-297219\" alt=\"\" srcset=\"https:\/\/goias.gov.br\/cultura\/wp-content\/uploads\/sites\/25\/2025\/12\/LOGO_SECULT_MIDIA_IMPRESSA-3-768x169.png 768w, https:\/\/goias.gov.br\/cultura\/wp-content\/uploads\/sites\/25\/2025\/12\/LOGO_SECULT_MIDIA_IMPRESSA-3-300x66.png 300w, https:\/\/goias.gov.br\/cultura\/wp-content\/uploads\/sites\/25\/2025\/12\/LOGO_SECULT_MIDIA_IMPRESSA-3-1024x225.png 1024w, https:\/\/goias.gov.br\/cultura\/wp-content\/uploads\/sites\/25\/2025\/12\/LOGO_SECULT_MIDIA_IMPRESSA-3-1536x337.png 1536w, https:\/\/goias.gov.br\/cultura\/wp-content\/uploads\/sites\/25\/2025\/12\/LOGO_SECULT_MIDIA_IMPRESSA-3-2048x450.png 2048w, https:\/\/goias.gov.br\/cultura\/wp-content\/uploads\/sites\/25\/2025\/12\/LOGO_SECULT_MIDIA_IMPRESSA-3-1320x290.png 1320w\" sizes=\"(max-width: 768px) 100vw, 768px\" \/>\t\t\t\t\t\t\t\t\t\t\t\t\t\t\t<\/div>\n\t\t\t\t<\/div>\n\t\t\t\t<\/div>\n\t\t\t\t\t<\/div>\n\t\t\t\t<\/div>\n\t\t\t\t<\/div>\n\t\t","protected":false},"excerpt":{"rendered":"<p>O QUE \u00c9 O PROJETO? O CineLeitura do Bem \u2013 Cultura que Aproxima \u00e9 uma iniciativa do Governo do Estado de Goi\u00e1s, por meio da Secretaria de Estado da Cultura, com recursos do Fundo PROTEGE, inserida na pol\u00edtica p\u00fablica do Goi\u00e1s Social. O objetivo do projeto \u00e9 levar cinema e atividades de incentivo \u00e0 leitura [&hellip;]<\/p>\n","protected":false},"author":322,"featured_media":0,"parent":0,"menu_order":0,"comment_status":"closed","ping_status":"closed","template":"","meta":{"footnotes":""},"class_list":["post-297001","page","type-page","status-publish","hentry"],"rttpg_featured_image_url":null,"rttpg_author":{"display_name":"alessandraferreira","author_link":"https:\/\/goias.gov.br\/cultura\/author\/alessandraferreira\/"},"rttpg_comment":0,"rttpg_category":null,"rttpg_excerpt":"O QUE \u00c9 O PROJETO? O CineLeitura do Bem \u2013 Cultura que Aproxima \u00e9 uma iniciativa do Governo do Estado de Goi\u00e1s, por meio da Secretaria de Estado da Cultura, com recursos do Fundo PROTEGE, inserida na pol\u00edtica p\u00fablica do Goi\u00e1s Social. O objetivo do projeto \u00e9 levar cinema e atividades de incentivo \u00e0 leitura&hellip;","_links":{"self":[{"href":"https:\/\/goias.gov.br\/cultura\/wp-json\/wp\/v2\/pages\/297001","targetHints":{"allow":["GET"]}}],"collection":[{"href":"https:\/\/goias.gov.br\/cultura\/wp-json\/wp\/v2\/pages"}],"about":[{"href":"https:\/\/goias.gov.br\/cultura\/wp-json\/wp\/v2\/types\/page"}],"author":[{"embeddable":true,"href":"https:\/\/goias.gov.br\/cultura\/wp-json\/wp\/v2\/users\/322"}],"replies":[{"embeddable":true,"href":"https:\/\/goias.gov.br\/cultura\/wp-json\/wp\/v2\/comments?post=297001"}],"version-history":[{"count":2,"href":"https:\/\/goias.gov.br\/cultura\/wp-json\/wp\/v2\/pages\/297001\/revisions"}],"predecessor-version":[{"id":351016,"href":"https:\/\/goias.gov.br\/cultura\/wp-json\/wp\/v2\/pages\/297001\/revisions\/351016"}],"wp:attachment":[{"href":"https:\/\/goias.gov.br\/cultura\/wp-json\/wp\/v2\/media?parent=297001"}],"curies":[{"name":"wp","href":"https:\/\/api.w.org\/{rel}","templated":true}]}}