

{"id":260625,"date":"2025-10-28T16:01:26","date_gmt":"2025-10-28T19:01:26","guid":{"rendered":"https:\/\/goias.gov.br\/cultura\/?page_id=260625"},"modified":"2025-12-01T14:48:55","modified_gmt":"2025-12-01T17:48:55","slug":"pedra-de-fundacao","status":"publish","type":"page","link":"https:\/\/goias.gov.br\/cultura\/museuferroviario\/pedra-de-fundacao\/","title":{"rendered":"Pedra de Funda\u00e7\u00e3o"},"content":{"rendered":"\t\t<div data-elementor-type=\"wp-page\" data-elementor-id=\"260625\" class=\"elementor elementor-260625\">\n\t\t\t\t<div class=\"elementor-element elementor-element-d607792 e-flex e-con-boxed e-con e-parent\" data-id=\"d607792\" data-element_type=\"container\" data-e-type=\"container\">\n\t\t\t\t\t<div class=\"e-con-inner\">\n\t\t<div class=\"elementor-element elementor-element-e24778c e-grid e-con-full e-con e-child\" data-id=\"e24778c\" data-element_type=\"container\" data-e-type=\"container\">\n\t\t<div class=\"elementor-element elementor-element-4716e0e e-con-full e-flex e-con e-child\" data-id=\"4716e0e\" data-element_type=\"container\" data-e-type=\"container\">\n\t\t\t\t<div class=\"elementor-element elementor-element-d086e3b elementor-widget elementor-widget-wp-widget-media_audio\" data-id=\"d086e3b\" data-element_type=\"widget\" data-e-type=\"widget\" data-widget_type=\"wp-widget-media_audio.default\">\n\t\t\t\t<div class=\"elementor-widget-container\">\n\t\t\t\t\t<audio class=\"wp-audio-shortcode\" id=\"audio-260625-1\" preload=\"none\" style=\"width: 100%;\" controls=\"controls\"><source type=\"audio\/mpeg\" src=\"https:\/\/dutton.com.br\/goias\/wp-content\/uploads\/2025\/11\/Pedra-fundacao-2.mp3?_=1\" \/><source type=\"audio\/mpeg\" src=\"https:\/\/dutton.com.br\/goias\/wp-content\/uploads\/2025\/11\/Pedra-fundacao-2.mp3?_=1\" \/><a href=\"https:\/\/dutton.com.br\/goias\/wp-content\/uploads\/2025\/11\/Pedra-fundacao-2.mp3\">https:\/\/dutton.com.br\/goias\/wp-content\/uploads\/2025\/11\/Pedra-fundacao-2.mp3<\/a><\/audio>\t\t\t\t<\/div>\n\t\t\t\t<\/div>\n\t\t\t\t<\/div>\n\t\t\t\t<div class=\"elementor-element elementor-element-98ab645 elementor-widget elementor-widget-video\" data-id=\"98ab645\" data-element_type=\"widget\" data-e-type=\"widget\" data-settings=\"{&quot;youtube_url&quot;:&quot;https:\\\/\\\/youtu.be\\\/WaiZxgU7riQ&quot;,&quot;video_type&quot;:&quot;youtube&quot;,&quot;controls&quot;:&quot;yes&quot;}\" data-widget_type=\"video.default\">\n\t\t\t\t<div class=\"elementor-widget-container\">\n\t\t\t\t\t\t\t<div class=\"elementor-wrapper elementor-open-inline\">\n\t\t\t<div class=\"elementor-video\"><\/div>\t\t<\/div>\n\t\t\t\t\t\t<\/div>\n\t\t\t\t<\/div>\n\t\t\t\t<\/div>\n\t\t\t\t\t<\/div>\n\t\t\t\t<\/div>\n\t\t<div class=\"elementor-element elementor-element-2e4ceb3 e-flex e-con-boxed e-con e-parent\" data-id=\"2e4ceb3\" data-element_type=\"container\" data-e-type=\"container\">\n\t\t\t\t\t<div class=\"e-con-inner\">\n\t\t\t\t<div class=\"elementor-element elementor-element-85e5190 elementor-widget elementor-widget-text-editor\" data-id=\"85e5190\" data-element_type=\"widget\" data-e-type=\"widget\" data-widget_type=\"text-editor.default\">\n\t\t\t\t<div class=\"elementor-widget-container\">\n\t\t\t\t\t\t\t\t\t<p><strong>Pedra de Funda\u00e7\u00e3o<\/strong><\/p><p>Pedra de funda\u00e7\u00e3o da Ponte Epit\u00e1cio Pessoa sobre o Rio Corumb\u00e1. A constru\u00e7\u00e3o da ponte ocorreu entre 1\u00ba de junho de 1921 e 31 de janeiro de 1922, sendo um marco para a engenharia e progresso da regi\u00e3o.<\/p>\t\t\t\t\t\t\t\t<\/div>\n\t\t\t\t<\/div>\n\t\t\t\t\t<\/div>\n\t\t\t\t<\/div>\n\t\t<div class=\"elementor-element elementor-element-35345d3 e-flex e-con-boxed e-con e-parent\" data-id=\"35345d3\" data-element_type=\"container\" data-e-type=\"container\">\n\t\t\t\t\t<div class=\"e-con-inner\">\n\t\t<div class=\"elementor-element elementor-element-5647449 e-grid e-con-full e-con e-child\" data-id=\"5647449\" data-element_type=\"container\" data-e-type=\"container\">\n\t\t<div class=\"elementor-element elementor-element-b998c7b e-con-full e-flex e-con e-child\" data-id=\"b998c7b\" data-element_type=\"container\" data-e-type=\"container\">\n\t\t\t\t<div class=\"elementor-element elementor-element-7490fd3 elementor-widget elementor-widget-wp-widget-media_audio\" data-id=\"7490fd3\" data-element_type=\"widget\" data-e-type=\"widget\" data-widget_type=\"wp-widget-media_audio.default\">\n\t\t\t\t<div class=\"elementor-widget-container\">\n\t\t\t\t\t<audio class=\"wp-audio-shortcode\" id=\"audio-260625-2\" preload=\"none\" style=\"width: 100%;\" controls=\"controls\"><source type=\"audio\/mpeg\" src=\"https:\/\/dutton.com.br\/goias\/wp-content\/uploads\/2025\/11\/Paralelepipedo-1.mp3?_=2\" \/><source type=\"audio\/mpeg\" src=\"https:\/\/dutton.com.br\/goias\/wp-content\/uploads\/2025\/11\/Paralelepipedo-1.mp3?_=2\" \/><a href=\"https:\/\/dutton.com.br\/goias\/wp-content\/uploads\/2025\/11\/Paralelepipedo-1.mp3\">https:\/\/dutton.com.br\/goias\/wp-content\/uploads\/2025\/11\/Paralelepipedo-1.mp3<\/a><\/audio>\t\t\t\t<\/div>\n\t\t\t\t<\/div>\n\t\t\t\t<\/div>\n\t\t\t\t<div class=\"elementor-element elementor-element-6ceae34 elementor-widget elementor-widget-video\" data-id=\"6ceae34\" data-element_type=\"widget\" data-e-type=\"widget\" data-settings=\"{&quot;youtube_url&quot;:&quot;https:\\\/\\\/youtu.be\\\/nwn5QYYgzG0&quot;,&quot;video_type&quot;:&quot;youtube&quot;,&quot;controls&quot;:&quot;yes&quot;}\" data-widget_type=\"video.default\">\n\t\t\t\t<div class=\"elementor-widget-container\">\n\t\t\t\t\t\t\t<div class=\"elementor-wrapper elementor-open-inline\">\n\t\t\t<div class=\"elementor-video\"><\/div>\t\t<\/div>\n\t\t\t\t\t\t<\/div>\n\t\t\t\t<\/div>\n\t\t\t\t<\/div>\n\t\t\t\t\t<\/div>\n\t\t\t\t<\/div>\n\t\t<div class=\"elementor-element elementor-element-382eb8f e-flex e-con-boxed e-con e-parent\" data-id=\"382eb8f\" data-element_type=\"container\" data-e-type=\"container\">\n\t\t\t\t\t<div class=\"e-con-inner\">\n\t\t\t\t<div class=\"elementor-element elementor-element-1b81561 elementor-widget elementor-widget-text-editor\" data-id=\"1b81561\" data-element_type=\"widget\" data-e-type=\"widget\" data-widget_type=\"text-editor.default\">\n\t\t\t\t<div class=\"elementor-widget-container\">\n\t\t\t\t\t\t\t\t\t<p><strong>Paralelep\u00edpedo<\/strong><\/p><p>Pedra de cal\u00e7amento utilizada nas ruas de Pires do Rio no in\u00edcio da cidade. Naquela \u00e9poca, apenas as vias de maior circula\u00e7\u00e3o que se destacavam pelo seu movimento comercial e de pessoas recebiam o cal\u00e7amento com paralelep\u00edpedos. Essa pavimenta\u00e7\u00e3o era um sinal de progresso e urbaniza\u00e7\u00e3o para a cidade.<\/p>\t\t\t\t\t\t\t\t<\/div>\n\t\t\t\t<\/div>\n\t\t\t\t\t<\/div>\n\t\t\t\t<\/div>\n\t\t\t\t<\/div>\n\t\t","protected":false},"excerpt":{"rendered":"<p>https:\/\/youtu.be\/WaiZxgU7riQ Pedra de Funda\u00e7\u00e3o Pedra de funda\u00e7\u00e3o da Ponte Epit\u00e1cio Pessoa sobre o Rio Corumb\u00e1. A constru\u00e7\u00e3o da ponte ocorreu entre 1\u00ba de junho de 1921 e 31 de janeiro de 1922, sendo um marco para a engenharia e progresso da regi\u00e3o. https:\/\/youtu.be\/nwn5QYYgzG0 Paralelep\u00edpedo Pedra de cal\u00e7amento utilizada nas ruas de Pires do Rio no [&hellip;]<\/p>\n","protected":false},"author":322,"featured_media":0,"parent":50453,"menu_order":0,"comment_status":"closed","ping_status":"closed","template":"","meta":{"footnotes":""},"class_list":["post-260625","page","type-page","status-publish","hentry"],"rttpg_featured_image_url":null,"rttpg_author":{"display_name":"alessandraferreira","author_link":"https:\/\/goias.gov.br\/cultura\/author\/alessandraferreira\/"},"rttpg_comment":0,"rttpg_category":null,"rttpg_excerpt":"https:\/\/youtu.be\/WaiZxgU7riQ Pedra de Funda\u00e7\u00e3o Pedra de funda\u00e7\u00e3o da Ponte Epit\u00e1cio Pessoa sobre o Rio Corumb\u00e1. A constru\u00e7\u00e3o da ponte ocorreu entre 1\u00ba de junho de 1921 e 31 de janeiro de 1922, sendo um marco para a engenharia e progresso da regi\u00e3o. https:\/\/youtu.be\/nwn5QYYgzG0 Paralelep\u00edpedo Pedra de cal\u00e7amento utilizada nas ruas de Pires do Rio no&hellip;","_links":{"self":[{"href":"https:\/\/goias.gov.br\/cultura\/wp-json\/wp\/v2\/pages\/260625","targetHints":{"allow":["GET"]}}],"collection":[{"href":"https:\/\/goias.gov.br\/cultura\/wp-json\/wp\/v2\/pages"}],"about":[{"href":"https:\/\/goias.gov.br\/cultura\/wp-json\/wp\/v2\/types\/page"}],"author":[{"embeddable":true,"href":"https:\/\/goias.gov.br\/cultura\/wp-json\/wp\/v2\/users\/322"}],"replies":[{"embeddable":true,"href":"https:\/\/goias.gov.br\/cultura\/wp-json\/wp\/v2\/comments?post=260625"}],"version-history":[{"count":2,"href":"https:\/\/goias.gov.br\/cultura\/wp-json\/wp\/v2\/pages\/260625\/revisions"}],"predecessor-version":[{"id":289387,"href":"https:\/\/goias.gov.br\/cultura\/wp-json\/wp\/v2\/pages\/260625\/revisions\/289387"}],"up":[{"embeddable":true,"href":"https:\/\/goias.gov.br\/cultura\/wp-json\/wp\/v2\/pages\/50453"}],"wp:attachment":[{"href":"https:\/\/goias.gov.br\/cultura\/wp-json\/wp\/v2\/media?parent=260625"}],"curies":[{"name":"wp","href":"https:\/\/api.w.org\/{rel}","templated":true}]}}