

{"id":24017,"date":"2024-04-01T11:35:17","date_gmt":"2024-04-01T14:35:17","guid":{"rendered":"https:\/\/goias.gov.br\/cultura\/?page_id=24017"},"modified":"2026-04-14T11:06:14","modified_gmt":"2026-04-14T14:06:14","slug":"logotipos-e-midias","status":"publish","type":"page","link":"https:\/\/goias.gov.br\/cultura\/logotipos-e-midias\/","title":{"rendered":"Logotipos e m\u00eddias"},"content":{"rendered":"\n<p>Clique nos links abaixo para acessar os arquivos de bras\u00f5es, logotipos e modelos de documentos da Secretaria de Estado da&nbsp;Cultura.<\/p>\n\n\n\n<p><strong><a href=\"http:\/\/goias.gov.br\/cultura\/wp-content\/uploads\/sites\/25\/2020\/01\/Brasao_Estado_Goias-8cc.png\">Bras\u00e3o do Estado de Goi\u00e1s<\/a><\/strong><br><br><strong>Bras\u00e3o da Secretaria de Estado da Cultura<\/strong>:<br><a href=\"https:\/\/goias.gov.br\/cultura\/wp-content\/uploads\/sites\/25\/2026\/04\/Brasao-Colorido.png\">Vers\u00e3o positiva<\/a><br><a href=\"https:\/\/goias.gov.br\/cultura\/wp-content\/uploads\/sites\/25\/2026\/04\/Brasao-Negativo-Branco.png\">Vers\u00e3o negativa<\/a><\/p>\n\n\n\n<p><strong>Secult logotipo -&gt;&nbsp;uso em documentos, sites e impressos:<\/strong><br><a href=\"http:\/\/goias.gov.br\/cultura\/wp-content\/uploads\/sites\/25\/2020\/01\/SECULT_Horizontal_positivo-701.png\">Logomarca horizontal positiva<\/a><br><a href=\"http:\/\/goias.gov.br\/cultura\/wp-content\/uploads\/sites\/25\/2020\/01\/SECULT_Horizontal_negativototal-4c0.png\">Logomarca horizontal negativa<\/a><br><a href=\"https:\/\/goias.gov.br\/cultura\/wp-content\/uploads\/sites\/25\/2024\/03\/Logomarca-Vertical-GOIAS_Secult-positiva.png\">Logomarca completa vertical &#8211; positiva<\/a><br><a href=\"https:\/\/goias.gov.br\/cultura\/wp-content\/uploads\/sites\/25\/2024\/03\/Logomarca-Vertical-GOIAS_Secult-negativa.png\">Logomarca completa vertical &#8211; negativa<\/a><\/p>\n\n\n\n<p><strong>Secult logotipo -&gt;&nbsp;uso exclusivo&nbsp;para redes sociais:<\/strong><br><a href=\"http:\/\/goias.gov.br\/cultura\/wp-content\/uploads\/sites\/25\/2020\/01\/SECULT_Abreviada_positivo-923.png\">Logomarca abreviada positiva<\/a><br><a href=\"http:\/\/goias.gov.br\/cultura\/wp-content\/uploads\/sites\/25\/2020\/01\/SECULT_Abreviada_negativototal-f5a.png\">Logomarca abreviada negativa<\/a><br><a href=\"https:\/\/goias.gov.br\/cultura\/wp-content\/uploads\/sites\/25\/2024\/03\/Logomarca-Vertical-Abreviada-Secult-positiva.png\">Logomarca abreviada vertical &#8211; positiva<\/a><br><a href=\"https:\/\/goias.gov.br\/cultura\/wp-content\/uploads\/sites\/25\/2024\/03\/Logomarca-Vertical-Abreviada-Secult-negativa.png\">Logomarca abreviada vertical &#8211; negativa<\/a><\/p>\n\n\n\n<p><strong>Unidades:<\/strong><br>Centro Cultural Octo Marques: <a href=\"http:\/\/goias.gov.br\/cultura\/wp-content\/uploads\/sites\/25\/2020\/01\/CCOM_positiva-6e4.png\">positiva<\/a>, <a href=\"http:\/\/goias.gov.br\/cultura\/wp-content\/uploads\/sites\/25\/2020\/01\/CCOM_negativa-fc5.png\">negativa<\/a><br><a href=\"https:\/\/goias.gov.br\/cultura\/wp-content\/uploads\/sites\/25\/2024\/04\/Logo-Biblioteca-Estadual-Pio-Vargas2.png\">Biblioteca Estadual Pio Vargas<\/a><br><a href=\"https:\/\/drive.google.com\/drive\/folders\/1CsDFi26U5tPJBmu1KY64QAVY8cRlRkvl?usp=sharing\">Biblioteca Braille Jos\u00e9 \u00c1lvares de Azevedo<\/a><br><a href=\"https:\/\/drive.google.com\/drive\/folders\/1vBdxy1UNkueh8Pmwv1yJ1iQ4UyfKOfUH?usp=sharing\">Centro Cultural Martin Cerer\u00ea<\/a><br><a href=\"https:\/\/drive.google.com\/drive\/folders\/11BoLslNv4SnGW4Csn0xkYre0Fs7rD7di?usp=sharing\">Cine Teatro S\u00e3o Joaquim<\/a><br><a href=\"https:\/\/drive.google.com\/drive\/folders\/1tt_KEIEtGLtZRgIoKBTOu-9egCLvj7T-?usp=sharing\">Museu Ferrovi\u00e1rio de Pires do Rio<\/a><br><a href=\"https:\/\/drive.google.com\/drive\/folders\/1ZkKdzO9wFqZwB5t1L-tV-ugJD7gP-qzN?usp=sharing\">Teatro Goi\u00e2nia<\/a><br><a href=\"https:\/\/drive.google.com\/drive\/folders\/1i0VfA6YMIilYT26jIbKlcTB8JsiWTLm7?usp=sharing\">Vila Cultural Cora Coralina<\/a><br><a href=\"http:\/\/goias.gov.br\/cultura\/wp-content\/uploads\/sites\/25\/2020\/01\/SEBP_GO-154.png\">Sistema Estadual de Bibliotecas P\u00fablicas do Estado de Goi\u00e1s<\/a><br><a href=\"http:\/\/drive.google.com\/drive\/folders\/16oOVPyPPOkGhscL_cLsvJ1w1uXgKv92a?usp=sharing\">Todas unidades da Secult Goi\u00e1s<\/a><\/p>\n\n\n\n<p><strong>Programas de Fomento e Incentivo \u00e0 Cultura:<\/strong><br><a href=\"http:\/\/goias.gov.br\/cultura\/wp-content\/uploads\/sites\/25\/2020\/01\/FACG_positiva-a2f.png\">Fundo de Arte e Cultura de Goi\u00e1s&nbsp;(positiva)<\/a><br><a href=\"http:\/\/goias.gov.br\/cultura\/wp-content\/uploads\/sites\/25\/2020\/01\/FACG_negativa-30e.png\">Fundo de Arte e Cultura de Goi\u00e1s (negativa)<\/a><br><a href=\"http:\/\/goias.gov.br\/cultura\/wp-content\/uploads\/sites\/25\/2020\/01\/Programa_Goyazes_positiva-902.png\">Progama Goyazes&nbsp;(positiva)<\/a><br><a href=\"http:\/\/goias.gov.br\/cultura\/wp-content\/uploads\/sites\/25\/2020\/01\/Programa_Goyazes_negativa-023.png\">Progama Goyazes&nbsp;(negativa)<\/a><\/p>\n\n\n\n<p><strong>Festivais:<\/strong><br><a href=\"https:\/\/drive.google.com\/drive\/folders\/1ToSGxDc2BvhxHemGwc1v3YyTeFBimTNL?usp=sharing\">Canto da Primavera<\/a><br><a href=\"http:\/\/goias.gov.br\/cultura\/wp-content\/uploads\/sites\/25\/2020\/01\/FICA2023-de9.png\">Fica<\/a><br><a href=\"https:\/\/drive.google.com\/drive\/folders\/1vSXeEsEKVCLog1p5eHfIJ0Vqfzewq0w0?usp=sharing\">Tenpo<\/a><\/p>\n\n\n\n<p><strong>Festividades:<\/strong><br><a href=\"http:\/\/goias.gov.br\/cultura\/wp-content\/uploads\/sites\/25\/2020\/01\/Circuito_Cavalhadas-151.png\">Circuito das Cavalhadas<\/a><\/p>\n\n\n\n<p><strong>Documentos:<\/strong><br><a href=\"http:\/\/goias.gov.br\/cultura\/wp-content\/uploads\/sites\/25\/2020\/01\/MANUAL_LOGO_GOV_2024_v3-8ff.pdf\" target=\"_blank\" rel=\"noreferrer noopener\">Manual&nbsp;de Marca do Governo de Goi\u00e1s<\/a><br><a href=\"https:\/\/goias.gov.br\/cultura\/wp-content\/uploads\/sites\/25\/2025\/10\/MANUAL_IMPRESSOS_2023_V1-597.pdf\">Manual de Marca&nbsp;Impresso<\/a><br><a href=\"https:\/\/goias.gov.br\/cultura\/wp-content\/uploads\/sites\/25\/2025\/10\/MANUAL_DE_PLACAS_ATUALIZADO_3.0.pdf\">Manual de Placas de Obras<\/a><br><a href=\"https:\/\/goias.gov.br\/cultura\/wp-content\/uploads\/sites\/25\/2020\/01\/Papel_Timbrado_SecultGO-a76.docx\">Papel Timbrado Secult Goi\u00e1s<\/a><\/p>\n\n\n\n<p><strong>Logotipo do Governo Federal e Lei Paulo Gustavo:<\/strong><br><a href=\"http:\/\/goias.gov.br\/cultura\/wp-content\/uploads\/sites\/25\/2020\/01\/horizontal_preferencial-500.png\">Logomarca horizontal (preferencial)<\/a><br><a href=\"http:\/\/goias.gov.br\/cultura\/wp-content\/uploads\/sites\/25\/2020\/01\/horizontal_monocromatica-272.png\">Logomarca horizontal (monocromatica)<\/a><br><a href=\"http:\/\/goias.gov.br\/cultura\/wp-content\/uploads\/sites\/25\/2020\/01\/horizontal_monocromatica_fundo-496.png\">Logomarca horizontal (monocromatica &#8211; fundo)<\/a><br><a href=\"http:\/\/goias.gov.br\/cultura\/wp-content\/uploads\/sites\/25\/2020\/01\/horizontal_escaladecinza-f39.png\">Logomarca horizontal (escala de cinza)<\/a><br><a href=\"http:\/\/goias.gov.br\/cultura\/wp-content\/uploads\/sites\/25\/2020\/01\/horizontal_traco-4f0.png\">Logomarca horizontal (tra\u00e7o)<\/a><\/p>\n\n\n\n<p><strong>Logotipo da PNAB e Governo Federal:<\/strong><\/p>\n\n\n\n<div class=\"wp-block-group is-vertical is-layout-flex wp-container-core-group-is-layout-8cf370e7 wp-block-group-is-layout-flex\">\n<p>PDF<\/p>\n\n\n\n<p><a href=\"https:\/\/goias.gov.br\/cultura\/wp-content\/uploads\/sites\/25\/2025\/01\/PNAB-CMYK.pdf\" data-type=\"link\" data-id=\"https:\/\/goias.gov.br\/cultura\/wp-content\/uploads\/sites\/25\/2025\/01\/PNAB-CMYK.pdf\">PNAB CMYK (pdf)<\/a><\/p>\n\n\n\n<p><a href=\"https:\/\/goias.gov.br\/cultura\/wp-content\/uploads\/sites\/25\/2025\/01\/PNAB-RGB.pdf\" data-type=\"link\" data-id=\"https:\/\/goias.gov.br\/cultura\/wp-content\/uploads\/sites\/25\/2025\/01\/PNAB-CMYK.pdf\">PNAB RGB (pdf)<\/a><\/p>\n\n\n\n<p><a href=\"https:\/\/goias.gov.br\/cultura\/wp-content\/uploads\/sites\/25\/2025\/01\/MinC-CMYK.pdf\" data-type=\"link\" data-id=\"https:\/\/goias.gov.br\/cultura\/wp-content\/uploads\/sites\/25\/2025\/01\/MinC-CMYK.pdf\">MinC\/Governo Federal CMYK (pdf)<\/a><\/p>\n\n\n\n<p><a href=\"https:\/\/goias.gov.br\/cultura\/wp-content\/uploads\/sites\/25\/2025\/01\/MinC-RGB.pdf\">MinC\/Governo Federal RGB (pdf)<\/a><br><\/p>\n\n\n\n<p>PNG<\/p>\n\n\n\n<p><a href=\"https:\/\/goias.gov.br\/cultura\/wp-content\/uploads\/sites\/25\/2025\/01\/PNAB-CMYK.png\">PNAB CMYK (png)<\/a><\/p>\n\n\n\n<p><a href=\"https:\/\/goias.gov.br\/cultura\/wp-content\/uploads\/sites\/25\/2025\/01\/PNAB-RGB.png\">PNAB RGB (png)<\/a><\/p>\n\n\n\n<p><a href=\"https:\/\/goias.gov.br\/cultura\/wp-content\/uploads\/sites\/25\/2025\/01\/PNAB-positiva.png\">PNAB Branca (png)<\/a><\/p>\n\n\n\n<p><a href=\"https:\/\/goias.gov.br\/cultura\/wp-content\/uploads\/sites\/25\/2025\/01\/PNAB-negativa.png\">PNAB Negativa (png)<\/a><\/p>\n\n\n\n<p><a href=\"https:\/\/goias.gov.br\/cultura\/wp-content\/uploads\/sites\/25\/2025\/01\/MinC-RGB.png\" data-type=\"link\" data-id=\"https:\/\/goias.gov.br\/cultura\/wp-content\/uploads\/sites\/25\/2025\/01\/MinC-CMYK.pdf\">MinC\/Governo Federal RGB (png)<\/a><\/p>\n\n\n\n<p><a href=\"https:\/\/goias.gov.br\/cultura\/wp-content\/uploads\/sites\/25\/2025\/01\/MinC-CMYK.png\">MinC\/Governo Federal CMYK (png)<\/a><\/p>\n\n\n\n<p><a href=\"https:\/\/goias.gov.br\/cultura\/wp-content\/uploads\/sites\/25\/2025\/01\/MinC-negativa.png\">MinC\/Governo Federal Negativa (png)<\/a><\/p>\n\n\n\n<p><a href=\"https:\/\/goias.gov.br\/cultura\/wp-content\/uploads\/sites\/25\/2025\/01\/MinC-positiva.png\">MinC\/Governo Federal Branca (png)<\/a><br><br><\/p>\n<\/div>\n","protected":false},"excerpt":{"rendered":"<p>Clique nos links abaixo para acessar os arquivos de bras\u00f5es, logotipos e modelos de documentos da Secretaria de Estado da&nbsp;Cultura. Bras\u00e3o do Estado de Goi\u00e1s Bras\u00e3o da Secretaria de Estado da Cultura:Vers\u00e3o positivaVers\u00e3o negativa Secult logotipo -&gt;&nbsp;uso em documentos, sites e impressos:Logomarca horizontal positivaLogomarca horizontal negativaLogomarca completa vertical &#8211; positivaLogomarca completa vertical &#8211; negativa Secult [&hellip;]<\/p>\n","protected":false},"author":322,"featured_media":0,"parent":0,"menu_order":0,"comment_status":"closed","ping_status":"closed","template":"","meta":{"footnotes":""},"class_list":["post-24017","page","type-page","status-publish","hentry"],"rttpg_featured_image_url":null,"rttpg_author":{"display_name":"alessandraferreira","author_link":"https:\/\/goias.gov.br\/cultura\/author\/alessandraferreira\/"},"rttpg_comment":0,"rttpg_category":null,"rttpg_excerpt":"Clique nos links abaixo para acessar os arquivos de bras\u00f5es, logotipos e modelos de documentos da Secretaria de Estado da&nbsp;Cultura. Bras\u00e3o do Estado de Goi\u00e1s Bras\u00e3o da Secretaria de Estado da Cultura:Vers\u00e3o positivaVers\u00e3o negativa Secult logotipo -&gt;&nbsp;uso em documentos, sites e impressos:Logomarca horizontal positivaLogomarca horizontal negativaLogomarca completa vertical &#8211; positivaLogomarca completa vertical &#8211; negativa Secult&hellip;","_links":{"self":[{"href":"https:\/\/goias.gov.br\/cultura\/wp-json\/wp\/v2\/pages\/24017","targetHints":{"allow":["GET"]}}],"collection":[{"href":"https:\/\/goias.gov.br\/cultura\/wp-json\/wp\/v2\/pages"}],"about":[{"href":"https:\/\/goias.gov.br\/cultura\/wp-json\/wp\/v2\/types\/page"}],"author":[{"embeddable":true,"href":"https:\/\/goias.gov.br\/cultura\/wp-json\/wp\/v2\/users\/322"}],"replies":[{"embeddable":true,"href":"https:\/\/goias.gov.br\/cultura\/wp-json\/wp\/v2\/comments?post=24017"}],"version-history":[{"count":2,"href":"https:\/\/goias.gov.br\/cultura\/wp-json\/wp\/v2\/pages\/24017\/revisions"}],"predecessor-version":[{"id":353124,"href":"https:\/\/goias.gov.br\/cultura\/wp-json\/wp\/v2\/pages\/24017\/revisions\/353124"}],"wp:attachment":[{"href":"https:\/\/goias.gov.br\/cultura\/wp-json\/wp\/v2\/media?parent=24017"}],"curies":[{"name":"wp","href":"https:\/\/api.w.org\/{rel}","templated":true}]}}