

{"id":23674,"date":"2024-03-12T16:16:21","date_gmt":"2024-03-12T19:16:21","guid":{"rendered":"https:\/\/goias.gov.br\/cultura\/?page_id=23674"},"modified":"2026-03-24T10:05:05","modified_gmt":"2026-03-24T13:05:05","slug":"processo-seletivo-2","status":"publish","type":"page","link":"https:\/\/goias.gov.br\/cultura\/processo-seletivo-2\/","title":{"rendered":"Processo Seletivo"},"content":{"rendered":"\t\t<div data-elementor-type=\"wp-page\" data-elementor-id=\"23674\" class=\"elementor elementor-23674\">\n\t\t\t\t<div class=\"elementor-element elementor-element-d4e700f e-flex e-con-boxed e-con e-parent\" data-id=\"d4e700f\" data-element_type=\"container\" data-e-type=\"container\">\n\t\t\t\t\t<div class=\"e-con-inner\">\n\t\t\t\t<div class=\"elementor-element elementor-element-91e2d53 elementor-widget elementor-widget-heading\" data-id=\"91e2d53\" data-element_type=\"widget\" data-e-type=\"widget\" data-widget_type=\"heading.default\">\n\t\t\t\t<div class=\"elementor-widget-container\">\n\t\t\t\t\t<h2 class=\"elementor-heading-title elementor-size-default\">Processo Seletivo Simplificado - EDITAL N\u00ba 007\/2024\u2013SEAD\/SECULT<\/h2>\t\t\t\t<\/div>\n\t\t\t\t<\/div>\n\t\t\t\t<div class=\"elementor-element elementor-element-6ecf1a5 elementor-widget elementor-widget-n-accordion\" data-id=\"6ecf1a5\" data-element_type=\"widget\" data-e-type=\"widget\" data-settings=\"{&quot;default_state&quot;:&quot;expanded&quot;,&quot;max_items_expended&quot;:&quot;one&quot;,&quot;n_accordion_animation_duration&quot;:{&quot;unit&quot;:&quot;ms&quot;,&quot;size&quot;:400,&quot;sizes&quot;:[]}}\" data-widget_type=\"nested-accordion.default\">\n\t\t\t\t<div class=\"elementor-widget-container\">\n\t\t\t\t\t\t\t<div class=\"e-n-accordion\" aria-label=\"Accordion. Open links with Enter or Space, close with Escape, and navigate with Arrow Keys\">\n\t\t\t\t\t\t<details id=\"e-n-accordion-item-1160\" class=\"e-n-accordion-item\" open>\n\t\t\t\t<summary class=\"e-n-accordion-item-title\" data-accordion-index=\"1\" tabindex=\"0\" aria-expanded=\"true\" aria-controls=\"e-n-accordion-item-1160\" >\n\t\t\t\t\t<span class='e-n-accordion-item-title-header'><div class=\"e-n-accordion-item-title-text\"> CONVOCA\u00c7\u00c3O <\/div><\/span>\n\t\t\t\t\t\t\t<span class='e-n-accordion-item-title-icon'>\n\t\t\t<span class='e-opened' ><svg aria-hidden=\"true\" class=\"e-font-icon-svg e-fas-minus\" viewBox=\"0 0 448 512\" xmlns=\"http:\/\/www.w3.org\/2000\/svg\"><path d=\"M416 208H32c-17.67 0-32 14.33-32 32v32c0 17.67 14.33 32 32 32h384c17.67 0 32-14.33 32-32v-32c0-17.67-14.33-32-32-32z\"><\/path><\/svg><\/span>\n\t\t\t<span class='e-closed'><svg aria-hidden=\"true\" class=\"e-font-icon-svg e-fas-plus\" viewBox=\"0 0 448 512\" xmlns=\"http:\/\/www.w3.org\/2000\/svg\"><path d=\"M416 208H272V64c0-17.67-14.33-32-32-32h-32c-17.67 0-32 14.33-32 32v144H32c-17.67 0-32 14.33-32 32v32c0 17.67 14.33 32 32 32h144v144c0 17.67 14.33 32 32 32h32c17.67 0 32-14.33 32-32V304h144c17.67 0 32-14.33 32-32v-32c0-17.67-14.33-32-32-32z\"><\/path><\/svg><\/span>\n\t\t<\/span>\n\n\t\t\t\t\t\t<\/summary>\n\t\t\t\t<div role=\"region\" aria-labelledby=\"e-n-accordion-item-1160\" class=\"elementor-element elementor-element-5b5a374 e-con-full e-flex e-con e-child\" data-id=\"5b5a374\" data-element_type=\"container\" data-e-type=\"container\">\n\t\t<div role=\"region\" aria-labelledby=\"e-n-accordion-item-1160\" class=\"elementor-element elementor-element-8ef3ab7 e-flex e-con-boxed e-con e-child\" data-id=\"8ef3ab7\" data-element_type=\"container\" data-e-type=\"container\">\n\t\t\t\t\t<div class=\"e-con-inner\">\n\t\t\t\t<div class=\"elementor-element elementor-element-a0ea2ae elementor-widget elementor-widget-text-editor\" data-id=\"a0ea2ae\" data-element_type=\"widget\" data-e-type=\"widget\" data-widget_type=\"text-editor.default\">\n\t\t\t\t<div class=\"elementor-widget-container\">\n\t\t\t\t\t\t\t\t\t<p><a href=\"https:\/\/goias.gov.br\/cultura\/wp-content\/uploads\/sites\/25\/2024\/11\/1a_Convocacao.pdf\">1\u00aa Convoca\u00e7\u00e3o &#8211; 25\/11\/2024<\/a><\/p><p><a href=\"https:\/\/goias.gov.br\/cultura\/wp-content\/uploads\/sites\/25\/2025\/01\/2a-Convocacao-SEAD_SECULT.pdf\">2\u00aa Convoca\u00e7\u00e3o &#8211; 07\/01\/2025<\/a><\/p><p><a href=\"https:\/\/goias.gov.br\/cultura\/wp-content\/uploads\/sites\/25\/2025\/01\/3a-Convocacao.pdf\">3\u00aa Convoca\u00e7\u00e3o &#8211; 10\/01\/2025<\/a><\/p><p><a href=\"https:\/\/goias.gov.br\/cultura\/wp-content\/uploads\/sites\/25\/2025\/02\/4a-Convocacao.pdf\">4\u00aa Convoca\u00e7\u00e3o &#8211; 11\/02\/2025<\/a><\/p><p><a href=\"https:\/\/goias.gov.br\/cultura\/wp-content\/uploads\/sites\/25\/2025\/02\/5a-Convocacao.pdf\">5\u00aa Convoca\u00e7\u00e3o &#8211; 14\/02\/2025<\/a><\/p><p><a href=\"https:\/\/goias.gov.br\/cultura\/wp-content\/uploads\/sites\/25\/2025\/03\/6a-Convocacao.pdf\">6\u00aa Convoca\u00e7\u00e3o &#8211; 13\/03\/2025<\/a><\/p><p><a href=\"https:\/\/goias.gov.br\/cultura\/wp-content\/uploads\/sites\/25\/2025\/03\/7a-Convocacao.pdf\">7\u00aa Convoca\u00e7\u00e3o &#8211; 17\/03\/2025<\/a><\/p><p><a href=\"https:\/\/goias.gov.br\/cultura\/wp-content\/uploads\/sites\/25\/2025\/04\/Convocacao_08.pdf\">8\u00aa Convoca\u00e7\u00e3o &#8211; 07\/04\/2025<\/a><\/p><p><a href=\"https:\/\/goias.gov.br\/cultura\/wp-content\/uploads\/sites\/25\/2025\/05\/SEI_74490249__Convocacao_09.pdf\">9\u00aa Convoca\u00e7\u00e3o &#8211; 15\/05\/2025<\/a><\/p><p><a href=\"https:\/\/goias.gov.br\/cultura\/wp-content\/uploads\/sites\/25\/2025\/06\/SEI_75266698__Convocacao_10.pdf\">10\u00aa Convoca\u00e7\u00e3o &#8211; 02\/06\/2025<\/a><\/p><p><a href=\"https:\/\/goias.gov.br\/cultura\/wp-content\/uploads\/sites\/25\/2025\/07\/SEI_76680588__Convocacao_11.pdf\">11\u00aa Convoca\u00e7\u00e3o &#8211; 07\/07\/2025<\/a><\/p><p><a href=\"https:\/\/goias.gov.br\/cultura\/wp-content\/uploads\/sites\/25\/2025\/07\/Convocacao12.pdf\">12\u00aa Convoca\u00e7\u00e3o &#8211; 09\/07\/2025<\/a><\/p><p><a href=\"https:\/\/goias.gov.br\/cultura\/wp-content\/uploads\/sites\/25\/2025\/07\/Convocacao13.pdf\">13\u00aa Convoca\u00e7\u00e3o &#8211; 09\/07\/2025<\/a><\/p><p><a href=\"https:\/\/goias.gov.br\/cultura\/wp-content\/uploads\/sites\/25\/2025\/08\/SEI_77723960__Convocacao_14_11.pdf\">14\u00aa Convoca\u00e7\u00e3o &#8211; 01\/08\/2025<\/a><\/p><p><a href=\"https:\/\/goias.gov.br\/cultura\/wp-content\/uploads\/sites\/25\/2026\/03\/1773672931_SEI_87716879__Convocacao_15.pdf\">15\u00aa Convoca\u00e7\u00e3o &#8211; 16\/03\/2026<\/a><\/p><p><a href=\"https:\/\/goias.gov.br\/cultura\/wp-content\/uploads\/sites\/25\/2026\/03\/1774351093_SEI_87856886__Convocacao_16.pdf\">16\u00aa Convoca\u00e7\u00e3o &#8211; 18\/03\/2026<\/a><\/p>\t\t\t\t\t\t\t\t<\/div>\n\t\t\t\t<\/div>\n\t\t\t\t\t<\/div>\n\t\t\t\t<\/div>\n\t\t\t\t<\/div>\n\t\t\t\t\t<\/details>\n\t\t\t\t\t\t<details id=\"e-n-accordion-item-1161\" class=\"e-n-accordion-item\" >\n\t\t\t\t<summary class=\"e-n-accordion-item-title\" data-accordion-index=\"2\" tabindex=\"-1\" aria-expanded=\"false\" aria-controls=\"e-n-accordion-item-1161\" >\n\t\t\t\t\t<span class='e-n-accordion-item-title-header'><div class=\"e-n-accordion-item-title-text\"> PROCESSO SELETIVO SECULT <\/div><\/span>\n\t\t\t\t\t\t\t<span class='e-n-accordion-item-title-icon'>\n\t\t\t<span class='e-opened' ><svg aria-hidden=\"true\" class=\"e-font-icon-svg e-fas-minus\" viewBox=\"0 0 448 512\" xmlns=\"http:\/\/www.w3.org\/2000\/svg\"><path d=\"M416 208H32c-17.67 0-32 14.33-32 32v32c0 17.67 14.33 32 32 32h384c17.67 0 32-14.33 32-32v-32c0-17.67-14.33-32-32-32z\"><\/path><\/svg><\/span>\n\t\t\t<span class='e-closed'><svg aria-hidden=\"true\" class=\"e-font-icon-svg e-fas-plus\" viewBox=\"0 0 448 512\" xmlns=\"http:\/\/www.w3.org\/2000\/svg\"><path d=\"M416 208H272V64c0-17.67-14.33-32-32-32h-32c-17.67 0-32 14.33-32 32v144H32c-17.67 0-32 14.33-32 32v32c0 17.67 14.33 32 32 32h144v144c0 17.67 14.33 32 32 32h32c17.67 0 32-14.33 32-32V304h144c17.67 0 32-14.33 32-32v-32c0-17.67-14.33-32-32-32z\"><\/path><\/svg><\/span>\n\t\t<\/span>\n\n\t\t\t\t\t\t<\/summary>\n\t\t\t\t<div role=\"region\" aria-labelledby=\"e-n-accordion-item-1161\" class=\"elementor-element elementor-element-a7b9d08 e-con-full e-flex e-con e-child\" data-id=\"a7b9d08\" data-element_type=\"container\" data-e-type=\"container\">\n\t\t<div role=\"region\" aria-labelledby=\"e-n-accordion-item-1161\" class=\"elementor-element elementor-element-d76e691 e-flex e-con-boxed e-con e-child\" data-id=\"d76e691\" data-element_type=\"container\" data-e-type=\"container\">\n\t\t\t\t\t<div class=\"e-con-inner\">\n\t\t\t\t<div class=\"elementor-element elementor-element-b09e678 elementor-widget elementor-widget-text-editor\" data-id=\"b09e678\" data-element_type=\"widget\" data-e-type=\"widget\" data-widget_type=\"text-editor.default\">\n\t\t\t\t<div class=\"elementor-widget-container\">\n\t\t\t\t\t\t\t\t\t<ul><li><a href=\"https:\/\/goias.gov.br\/cultura\/wp-content\/uploads\/sites\/25\/2024\/11\/comunicado_57_179-1.pdf\">COMUNICADO<\/a><\/li><li><a href=\"https:\/\/goias.gov.br\/cultura\/wp-content\/uploads\/sites\/25\/2024\/11\/homologacao-resultado-final-do-ps_55_179.pdf\">Homologa\u00e7\u00e3o Resultado Final do PSS<\/a><\/li><li><a href=\"https:\/\/goias.gov.br\/cultura\/wp-content\/uploads\/sites\/25\/2024\/11\/resultado-definitivo-do-certame_edital-n-0072024a__seadsecult-secretaria-de-estado-de-cultura_179.pdf\">Resultado Definitivo do Certame<\/a><\/li><li><a href=\"https:\/\/goias.gov.br\/cultura\/wp-content\/uploads\/sites\/25\/2024\/11\/ata-de-decisao-dos-recursos-contra-o-resultado-preliminar-do-certame_edital-n-0072024a__seadsecult-secretaria-de-estado-de-cultura_179.pdf\">Ata de Decis\u00e3o dos Recursos contra o Resultado Preliminar do Certame<\/a><\/li><li><a href=\"https:\/\/goias.gov.br\/cultura\/wp-content\/uploads\/sites\/25\/2024\/11\/resultado-preliminar-do-certame_edital-n-0072024a__seadsecult-secretaria-de-estado-de-cultura_179.pdf\">Resultado Preliminar do Certame<\/a><\/li><li><a href=\"https:\/\/goias.gov.br\/cultura\/wp-content\/uploads\/sites\/25\/2024\/11\/ata-de-decisao-dos-recursos-contra-o-resultado-preliminar-da-entrevista_edital-n-0072024a__seadsecult-secretaria-de-estado-de-cultura_179.pdf\">Ata de Decis\u00e3o dos Recursos contra o Resultado Preliminar da Entrevista<\/a><\/li><li><a href=\"https:\/\/goias.gov.br\/cultura\/wp-content\/uploads\/sites\/25\/2024\/11\/resultado-preliminar-da-entrevista_edital-n-0072024a__seadsecult-secretaria-de-estado-de-cultura_179.pdf\">Resultado Preliminar da Entrevista<\/a><\/li><li><a href=\"https:\/\/goias.gov.br\/cultura\/wp-content\/uploads\/sites\/25\/2024\/11\/edital-convocacao-entrevistaedital-n-0072024a__seadsecult.pdf\">Edital de Convoca\u00e7\u00e3o para a Entrevista<\/a><\/li><li><a href=\"https:\/\/goias.gov.br\/cultura\/wp-content\/uploads\/sites\/25\/2024\/11\/resultado-definitivo-da-analise-curricular_edital-n-0072024a__seadsecult-secretaria-de-estado-de-cultura_179.pdf\">Resultado Definitivo da An\u00e1lise Curricular<\/a><\/li><li><a href=\"https:\/\/goias.gov.br\/cultura\/wp-content\/uploads\/sites\/25\/2024\/11\/ata-de-decisao-dos-recursos-contra-o-resultado-preliminar-da-analise-curricular_edital-n-0072024a__seadsecult-secretaria-de-estado-de-cultura_179.pdf\">Ata de Decis\u00e3o dos Recursos contra o Resultado Preliminar da An\u00e1lise Curricular<\/a><\/li><li><a href=\"https:\/\/goias.gov.br\/cultura\/wp-content\/uploads\/sites\/25\/2024\/11\/resultado-preliminar-da-analise-curricular_edital-n-0072024a__seadsecult-secretaria-de-estado-de-cultura_179.pdf\">Resultado Preliminar da An\u00e1lise Curricular<\/a><\/li><li><a href=\"https:\/\/goias.gov.br\/cultura\/wp-content\/uploads\/sites\/25\/2024\/11\/relacao-de-candidatos-aptos-a-analise-curricular_edital-n-0072024a__seadsecult-secretaria-de-estado-de-cultura_179.pdf\">Rela\u00e7\u00e3o dos Candidatos Aptos para a An\u00e1lise Curricular<\/a><\/li><li><a href=\"https:\/\/goias.gov.br\/cultura\/wp-content\/uploads\/sites\/25\/2024\/11\/resultado-definitivo-da-solicitacao-de-recemformados_edital-n-0072024a__seadsecult-secretaria-de-estado-de-cultura_179.pdf\">Resultado Definitivo da Solicita\u00e7\u00e3o de Rec\u00e9m Formados<\/a><\/li><li><a href=\"https:\/\/goias.gov.br\/cultura\/wp-content\/uploads\/sites\/25\/2024\/11\/ata-de-decisao-dos-recursos-contra-o-resultado-preliminar-da-solicitacao-de-recemformados_edital-n-0072024a__seadsecult-secretaria-de-estado-de-cultura_179.pdf\">Ata de Decis\u00e3o dos Recursos contra o indeferimento da Solicita\u00e7\u00e3o de Rec\u00e9m Formados<\/a><\/li><li><a href=\"https:\/\/goias.gov.br\/cultura\/wp-content\/uploads\/sites\/25\/2024\/11\/resultado-definitivo-da-solicitacao-de-reserva-de-vaga-para-pessoa-com-deficiencia_edital-n-0072024a__seadsecult-secretaria-de-estado-de-cultura_179.pdf\">Resultado Definitivo da Solicita\u00e7\u00e3o de Reserva de Vaga para Pessoa com Defici\u00eancia<\/a><\/li><li><a href=\"https:\/\/goias.gov.br\/cultura\/wp-content\/uploads\/sites\/25\/2024\/11\/ata-de-decisao-dos-recursos-contra-o-indeferimento-da-sol.-de-reserva-de-vaga-para-pessoa-com-deficiencia_edital-n-0072024a__seadsecult-secretaria-de-estado-de-cultura_179.pdf\">Ata de Decis\u00e3o dos Recursos contra o indeferimento da Solicita\u00e7\u00e3o de Reserva de Vaga para Pessoa com Defici\u00eancia<\/a><\/li><li><a href=\"https:\/\/goias.gov.br\/cultura\/wp-content\/uploads\/sites\/25\/2024\/11\/resultado-definitivo-das-inscricoes-deferidas-e-indeferidas_edital-n-0072024a__seadsecult-secretaria-de-estado-de-cultura_179.pdf\">Resultado Definitivo das Inscri\u00e7\u00f5es Deferidas e Indeferidas<\/a><\/li><li><a href=\"https:\/\/goias.gov.br\/cultura\/wp-content\/uploads\/sites\/25\/2024\/11\/ata-de-decisao-dos-recursos-contra-o-resultado-preliminar-das-inscricoes-deferidas-e-indeferidas_edital-n-0072024a__seadsecult-secretaria-de-estado-de-cultura_179.pdf\">Ata de Decis\u00e3o dos Recursos contra o Resultado Preliminar das Inscri\u00e7\u00f5es Deferidas e Indeferidas<\/a><\/li><li><a href=\"https:\/\/goias.gov.br\/cultura\/wp-content\/uploads\/sites\/25\/2024\/11\/resultado-preliminar-da-solicitacao-de-recemformados_edital-n-0072024a__seadsecult-secretaria-de-estado-de-cultura_179.pdf\">Resultado Preliminar da Solicita\u00e7\u00e3o de Rec\u00e9m Formados<\/a><\/li><li><a href=\"https:\/\/goias.gov.br\/cultura\/wp-content\/uploads\/sites\/25\/2024\/11\/resultado-preliminar-da-solicitacao-de-reserva-de-vaga-para-pessoa-com-deficiencia_edital-n-0072024a__seadsecult-secretaria-de-estado-de-cultura_179.pdf\">Resultado Preliminar da Solicita\u00e7\u00e3o de Reserva de Vaga para Pessoa com Defici\u00eancia<\/a><\/li><li><a href=\"https:\/\/goias.gov.br\/cultura\/wp-content\/uploads\/sites\/25\/2024\/11\/resultado-preliminar-das-inscricoes-deferidas-e-indeferidas_edital-n-0072024a__seadsecult-secretaria-de-estado-de-cultura_179.pdf\">Resultado Preliminar das Inscri\u00e7\u00f5es Deferidas e Indeferidas<\/a><\/li><li><a href=\"https:\/\/goias.gov.br\/cultura\/wp-content\/uploads\/sites\/25\/2024\/11\/resultado-definitivo-das-solicitacoes-de-isencao-da-taxa-de-inscricao_edital-n-0072024a__seadsecult-secretaria-de-estado-de-cultura_179.pdf\">Resultado Definitivo das Solicita\u00e7\u00f5es de Isen\u00e7\u00e3o da Taxa de Inscri\u00e7\u00e3o<\/a><\/li><li><a href=\"https:\/\/goias.gov.br\/cultura\/wp-content\/uploads\/sites\/25\/2024\/11\/ata-de-decisao-dos-recursos-contra-o-resultado-preliminar-dos-pedidos-de-isencao-da-taxa-de-inscricao_edital-n-0072024a__seadsecult-secretaria-de-estado-de-cultura_179.pdf\">Ata de Decis\u00e3o dos Recursos contra o Resultado Preliminar dos Pedidos de Isen\u00e7\u00e3o da Taxa de Inscri\u00e7\u00e3o<\/a><\/li><li><a href=\"https:\/\/goias.gov.br\/cultura\/wp-content\/uploads\/sites\/25\/2024\/11\/resultado-preliminar-das-solicitacoes-de-isencao-da-taxa-de-inscricao_edital-n-0072024a__seadsecult-secretaria-de-estado-de-cultura_179.pdf\">Resultado Preliminar das Solicita\u00e7\u00f5es de Isen\u00e7\u00e3o da Taxa de Inscri\u00e7\u00e3o<\/a><\/li><li><a href=\"https:\/\/goias.gov.br\/cultura\/wp-content\/uploads\/sites\/25\/2024\/11\/edital-n-0072024a__seadsecult_secretaria-de-estado-de-cultura_retificacao_versao_001.pdf\">Retifica\u00e7\u00e3o 001<\/a><\/li><li><a href=\"https:\/\/goias.gov.br\/cultura\/wp-content\/uploads\/sites\/25\/2024\/11\/edital-n-0072024a__seadsecult_processo-seletivo-simplificado_secretaria-de-estado-de-cultura_versao_001-1.pdf\">EDITAL N\u00ba 007\/2024\u2013SEAD\/SECULT (RETIFICADO) Vers\u00e3o: 001<\/a><\/li><\/ul>\t\t\t\t\t\t\t\t<\/div>\n\t\t\t\t<\/div>\n\t\t\t\t\t<\/div>\n\t\t\t\t<\/div>\n\t\t\t\t<\/div>\n\t\t\t\t\t<\/details>\n\t\t\t\t\t<\/div>\n\t\t\t\t\t\t<\/div>\n\t\t\t\t<\/div>\n\t\t\t\t\t<\/div>\n\t\t\t\t<\/div>\n\t\t\t\t<\/div>\n\t\t","protected":false},"excerpt":{"rendered":"<p>Processo Seletivo Simplificado &#8211; EDITAL N\u00ba 007\/2024\u2013SEAD\/SECULT CONVOCA\u00c7\u00c3O 1\u00aa Convoca\u00e7\u00e3o &#8211; 25\/11\/2024 2\u00aa Convoca\u00e7\u00e3o &#8211; 07\/01\/2025 3\u00aa Convoca\u00e7\u00e3o &#8211; 10\/01\/2025 4\u00aa Convoca\u00e7\u00e3o &#8211; 11\/02\/2025 5\u00aa Convoca\u00e7\u00e3o &#8211; 14\/02\/2025 6\u00aa Convoca\u00e7\u00e3o &#8211; 13\/03\/2025 7\u00aa Convoca\u00e7\u00e3o &#8211; 17\/03\/2025 8\u00aa Convoca\u00e7\u00e3o &#8211; 07\/04\/2025 9\u00aa Convoca\u00e7\u00e3o &#8211; 15\/05\/2025 10\u00aa Convoca\u00e7\u00e3o &#8211; 02\/06\/2025 11\u00aa Convoca\u00e7\u00e3o &#8211; 07\/07\/2025 12\u00aa Convoca\u00e7\u00e3o &#8211; [&hellip;]<\/p>\n","protected":false},"author":322,"featured_media":0,"parent":0,"menu_order":0,"comment_status":"closed","ping_status":"closed","template":"","meta":{"footnotes":""},"class_list":["post-23674","page","type-page","status-publish","hentry"],"rttpg_featured_image_url":null,"rttpg_author":{"display_name":"alessandraferreira","author_link":"https:\/\/goias.gov.br\/cultura\/author\/alessandraferreira\/"},"rttpg_comment":0,"rttpg_category":null,"rttpg_excerpt":"Processo Seletivo Simplificado &#8211; EDITAL N\u00ba 007\/2024\u2013SEAD\/SECULT CONVOCA\u00c7\u00c3O 1\u00aa Convoca\u00e7\u00e3o &#8211; 25\/11\/2024 2\u00aa Convoca\u00e7\u00e3o &#8211; 07\/01\/2025 3\u00aa Convoca\u00e7\u00e3o &#8211; 10\/01\/2025 4\u00aa Convoca\u00e7\u00e3o &#8211; 11\/02\/2025 5\u00aa Convoca\u00e7\u00e3o &#8211; 14\/02\/2025 6\u00aa Convoca\u00e7\u00e3o &#8211; 13\/03\/2025 7\u00aa Convoca\u00e7\u00e3o &#8211; 17\/03\/2025 8\u00aa Convoca\u00e7\u00e3o &#8211; 07\/04\/2025 9\u00aa Convoca\u00e7\u00e3o &#8211; 15\/05\/2025 10\u00aa Convoca\u00e7\u00e3o &#8211; 02\/06\/2025 11\u00aa Convoca\u00e7\u00e3o &#8211; 07\/07\/2025 12\u00aa Convoca\u00e7\u00e3o &#8211;&hellip;","_links":{"self":[{"href":"https:\/\/goias.gov.br\/cultura\/wp-json\/wp\/v2\/pages\/23674","targetHints":{"allow":["GET"]}}],"collection":[{"href":"https:\/\/goias.gov.br\/cultura\/wp-json\/wp\/v2\/pages"}],"about":[{"href":"https:\/\/goias.gov.br\/cultura\/wp-json\/wp\/v2\/types\/page"}],"author":[{"embeddable":true,"href":"https:\/\/goias.gov.br\/cultura\/wp-json\/wp\/v2\/users\/322"}],"replies":[{"embeddable":true,"href":"https:\/\/goias.gov.br\/cultura\/wp-json\/wp\/v2\/comments?post=23674"}],"version-history":[{"count":2,"href":"https:\/\/goias.gov.br\/cultura\/wp-json\/wp\/v2\/pages\/23674\/revisions"}],"predecessor-version":[{"id":342728,"href":"https:\/\/goias.gov.br\/cultura\/wp-json\/wp\/v2\/pages\/23674\/revisions\/342728"}],"wp:attachment":[{"href":"https:\/\/goias.gov.br\/cultura\/wp-json\/wp\/v2\/media?parent=23674"}],"curies":[{"name":"wp","href":"https:\/\/api.w.org\/{rel}","templated":true}]}}