

{"id":111994,"date":"2025-02-13T10:11:13","date_gmt":"2025-02-13T13:11:13","guid":{"rendered":"https:\/\/goias.gov.br\/cultura\/?page_id=111994"},"modified":"2025-11-28T15:24:49","modified_gmt":"2025-11-28T18:24:49","slug":"folia-goias","status":"publish","type":"page","link":"https:\/\/goias.gov.br\/cultura\/folia-goias\/","title":{"rendered":"Folia Goi\u00e1s"},"content":{"rendered":"\t\t<div data-elementor-type=\"wp-page\" data-elementor-id=\"111994\" class=\"elementor elementor-111994\">\n\t\t\t\t<div class=\"elementor-element elementor-element-aac0d23 e-flex e-con-boxed e-con e-parent\" data-id=\"aac0d23\" data-element_type=\"container\" data-e-type=\"container\">\n\t\t\t\t\t<div class=\"e-con-inner\">\n\t\t\t\t<div class=\"elementor-element elementor-element-ec7745d elementor-widget elementor-widget-image\" data-id=\"ec7745d\" data-element_type=\"widget\" data-e-type=\"widget\" data-widget_type=\"image.default\">\n\t\t\t\t<div class=\"elementor-widget-container\">\n\t\t\t\t\t\t\t\t\t\t\t\t\t\t\t<img decoding=\"async\" src=\"https:\/\/goias.gov.br\/cultura\/wp-content\/uploads\/sites\/25\/2025\/02\/Card-feed-FOLIA-GOIAS-2025-1.jpg\" title=\"\" alt=\"\" loading=\"lazy\" \/>\t\t\t\t\t\t\t\t\t\t\t\t\t\t\t<\/div>\n\t\t\t\t<\/div>\n\t\t\t\t\t<\/div>\n\t\t\t\t<\/div>\n\t\t<div class=\"elementor-element elementor-element-7fe7633 e-flex e-con-boxed e-con e-parent\" data-id=\"7fe7633\" data-element_type=\"container\" data-e-type=\"container\">\n\t\t\t\t\t<div class=\"e-con-inner\">\n\t\t\t\t<div class=\"elementor-element elementor-element-d772c59 elementor-widget elementor-widget-heading\" data-id=\"d772c59\" data-element_type=\"widget\" data-e-type=\"widget\" data-widget_type=\"heading.default\">\n\t\t\t\t<div class=\"elementor-widget-container\">\n\t\t\t\t\t<h2 class=\"elementor-heading-title elementor-size-default\">Edital<\/h2>\t\t\t\t<\/div>\n\t\t\t\t<\/div>\n\t\t\t\t<div class=\"elementor-element elementor-element-4b6ba5c elementor-widget elementor-widget-text-editor\" data-id=\"4b6ba5c\" data-element_type=\"widget\" data-e-type=\"widget\" data-widget_type=\"text-editor.default\">\n\t\t\t\t<div class=\"elementor-widget-container\">\n\t\t\t\t\t\t\t\t\t<ul><li><a href=\"https:\/\/goias.gov.br\/cultura\/wp-content\/uploads\/sites\/25\/2025\/01\/Edital-de-Chamamento-Publico-no-01.2025.pdf\">Edital de Chamamento P\u00fablico N\u00ba 01\/2025 \u2013 Sele\u00e7\u00e3o de projetos para o apoio aos blocos de pr\u00e9 e carnaval de rua de Goi\u00e2nia e carnaval das cidade do interior de Goi\u00e1s<\/a><\/li><li><a href=\"https:\/\/goias.gov.br\/cultura\/wp-content\/uploads\/sites\/25\/2025\/01\/diario_oficial_2025-01-24_suplemento_pag_9.pdf\">Edital de Chamamento P\u00fablico N\u00ba 01\/2025 \u2013 D.O.E.<\/a><\/li><li><a href=\"https:\/\/goias.gov.br\/cultura\/wp-content\/uploads\/sites\/25\/2025\/01\/ANEXO-I-MODELO-Formulario-de-Inscricao.docx\">ANEXO I &#8211; MODELO Formulario-de-Inscricao<\/a><\/li><li><a href=\"https:\/\/goias.gov.br\/cultura\/wp-content\/uploads\/sites\/25\/2025\/01\/CRONOGRAMA-BLOCOS-DE-CARNAVAL.pdf\">Anexo II \u2013 Cronograma<\/a><\/li><li><a href=\"https:\/\/goias.gov.br\/cultura\/wp-content\/uploads\/sites\/25\/2025\/02\/Portaria-n%C2%B0-53.pdf\">Portaria n\u00b0 53<\/a><\/li><\/ul>\t\t\t\t\t\t\t\t<\/div>\n\t\t\t\t<\/div>\n\t\t\t\t\t<\/div>\n\t\t\t\t<\/div>\n\t\t<div class=\"elementor-element elementor-element-f73afd0 e-flex e-con-boxed e-con e-parent\" data-id=\"f73afd0\" data-element_type=\"container\" data-e-type=\"container\">\n\t\t\t\t\t<div class=\"e-con-inner\">\n\t\t\t\t<div class=\"elementor-element elementor-element-90a3d6b elementor-widget elementor-widget-heading\" data-id=\"90a3d6b\" data-element_type=\"widget\" data-e-type=\"widget\" data-widget_type=\"heading.default\">\n\t\t\t\t<div class=\"elementor-widget-container\">\n\t\t\t\t\t<h2 class=\"elementor-heading-title elementor-size-default\">Resultados<\/h2>\t\t\t\t<\/div>\n\t\t\t\t<\/div>\n\t\t\t\t<div class=\"elementor-element elementor-element-743f982 elementor-widget elementor-widget-text-editor\" data-id=\"743f982\" data-element_type=\"widget\" data-e-type=\"widget\" data-widget_type=\"text-editor.default\">\n\t\t\t\t<div class=\"elementor-widget-container\">\n\t\t\t\t\t\t\t\t\t<ul><li style=\"box-sizing: inherit;\"><a style=\"box-sizing: inherit; color: #0064b6; cursor: pointer; background-image: initial; background-position: initial; background-size: initial; background-repeat: initial; background-attachment: initial; background-origin: initial; background-clip: initial; transition: 0.31s;\" href=\"https:\/\/goias.gov.br\/cultura\/wp-content\/uploads\/sites\/25\/2025\/02\/APOIO-AOS-BLOCO-DE-PRE-E-CARNAVAL-DE-RUA-DE-GOIANIA-E-CARNAVAL-DAS-CIDADE-DO-INTERIOR-DE-GOIAS-CATEGORIA-Blocos-de-Pre-e-Carnaval-de-Rua-de-Goiania.pdf\">Resultado preliminar &#8211; etapa de an\u00e1lise de m\u00e9rito &#8211; Categoria Blocos de Pr\u00e9 e Carnaval de Rua de Goi\u00e2nia<\/a><\/li><li style=\"box-sizing: inherit;\"><a style=\"box-sizing: inherit; color: #0064b6; cursor: pointer; background-image: initial; background-position: initial; background-size: initial; background-repeat: initial; background-attachment: initial; background-origin: initial; background-clip: initial; transition: 0.31s;\" href=\"https:\/\/goias.gov.br\/cultura\/wp-content\/uploads\/sites\/25\/2025\/02\/APOIO-AOS-BLOCO-DE-PRE-E-CARNAVAL-DE-RUA-DE-GOIANIA-E-CARNAVAL-DAS-CIDADE-DO-INTERIOR-DE-GOIAS-CATEGORIA-Carnaval-das-cidades-do-interior-de-Goias.pdf\">Resultado preliminar &#8211; etapa de an\u00e1lise de m\u00e9rito &#8211; Categoria Carnaval das cidades do interior de Goi\u00e1s &#8211; Retificado (06\/02\/2025)<\/a><\/li><li style=\"box-sizing: inherit;\"><a style=\"box-sizing: inherit; color: #0064b6; cursor: pointer; background-image: initial; background-position: initial; background-size: initial; background-repeat: initial; background-attachment: initial; background-origin: initial; background-clip: initial; transition: 0.31s;\" href=\"https:\/\/goias.gov.br\/cultura\/wp-content\/uploads\/sites\/25\/2025\/02\/diario_oficial_2025-02-12_suplemento_completo-4-6.pdf\">Resultado Final &#8211; Etapa de An\u00e1lise de M\u00e9rito<\/a><\/li><li style=\"box-sizing: inherit;\"><a style=\"box-sizing: inherit; color: #0064b6; cursor: pointer; background-image: initial; background-position: initial; background-size: initial; background-repeat: initial; background-attachment: initial; background-origin: initial; background-clip: initial; transition: 0.31s;\" href=\"https:\/\/goias.gov.br\/cultura\/wp-content\/uploads\/sites\/25\/2025\/02\/HABILITADOS-FOLIA-GOIAS.pdf\">Resultado Preliminar &#8211; Etapa de Habilita\u00e7\u00e3o<\/a><\/li><\/ul>\t\t\t\t\t\t\t\t<\/div>\n\t\t\t\t<\/div>\n\t\t\t\t\t<\/div>\n\t\t\t\t<\/div>\n\t\t<div class=\"elementor-element elementor-element-62595bd e-flex e-con-boxed e-con e-parent\" data-id=\"62595bd\" data-element_type=\"container\" data-e-type=\"container\">\n\t\t\t\t\t<div class=\"e-con-inner\">\n\t\t\t\t<div class=\"elementor-element elementor-element-f23fd0d elementor-align-justify elementor-widget elementor-widget-button\" data-id=\"f23fd0d\" data-element_type=\"widget\" data-e-type=\"widget\" data-widget_type=\"button.default\">\n\t\t\t\t<div class=\"elementor-widget-container\">\n\t\t\t\t\t\t\t\t\t<div class=\"elementor-button-wrapper\">\n\t\t\t\t\t<a class=\"elementor-button elementor-button-link elementor-size-sm\" href=\"https:\/\/goias.gov.br\/cultura\/wp-content\/uploads\/sites\/25\/2025\/02\/Manual-de-Comunicacao-Folia-Goias-2.pdf\">\n\t\t\t\t\t\t<span class=\"elementor-button-content-wrapper\">\n\t\t\t\t\t\t<span class=\"elementor-button-icon\">\n\t\t\t\t<svg aria-hidden=\"true\" class=\"e-font-icon-svg e-fas-arrow-circle-right\" viewBox=\"0 0 512 512\" xmlns=\"http:\/\/www.w3.org\/2000\/svg\"><path d=\"M256 8c137 0 248 111 248 248S393 504 256 504 8 393 8 256 119 8 256 8zm-28.9 143.6l75.5 72.4H120c-13.3 0-24 10.7-24 24v16c0 13.3 10.7 24 24 24h182.6l-75.5 72.4c-9.7 9.3-9.9 24.8-.4 34.3l11 10.9c9.4 9.4 24.6 9.4 33.9 0L404.3 273c9.4-9.4 9.4-24.6 0-33.9L271.6 106.3c-9.4-9.4-24.6-9.4-33.9 0l-11 10.9c-9.5 9.6-9.3 25.1.4 34.4z\"><\/path><\/svg>\t\t\t<\/span>\n\t\t\t\t\t\t\t\t\t<span class=\"elementor-button-text\">Manual de Comunica\u00e7\u00e3o<\/span>\n\t\t\t\t\t<\/span>\n\t\t\t\t\t<\/a>\n\t\t\t\t<\/div>\n\t\t\t\t\t\t\t\t<\/div>\n\t\t\t\t<\/div>\n\t\t\t\t\t<\/div>\n\t\t\t\t<\/div>\n\t\t<div class=\"elementor-element elementor-element-3ac641c e-flex e-con-boxed e-con e-parent\" data-id=\"3ac641c\" data-element_type=\"container\" data-e-type=\"container\">\n\t\t\t\t\t<div class=\"e-con-inner\">\n\t\t\t\t<div class=\"elementor-element elementor-element-83b4a5e elementor-widget elementor-widget-heading\" data-id=\"83b4a5e\" data-element_type=\"widget\" data-e-type=\"widget\" data-widget_type=\"heading.default\">\n\t\t\t\t<div class=\"elementor-widget-container\">\n\t\t\t\t\t<h2 class=\"elementor-heading-title elementor-size-default\">Logotipos e M\u00eddias<\/h2>\t\t\t\t<\/div>\n\t\t\t\t<\/div>\n\t\t\t\t<div class=\"elementor-element elementor-element-2dab092 elementor-widget elementor-widget-text-editor\" data-id=\"2dab092\" data-element_type=\"widget\" data-e-type=\"widget\" data-widget_type=\"text-editor.default\">\n\t\t\t\t<div class=\"elementor-widget-container\">\n\t\t\t\t\t\t\t\t\t<p><a href=\"https:\/\/goias.gov.br\/cultura\/wp-content\/uploads\/sites\/25\/2025\/02\/Marca-Folia-Goias-2025.pdf\">Marca Folia Goi\u00e1s 2025<\/a><\/p><ul><li><a href=\"https:\/\/goias.gov.br\/cultura\/wp-content\/uploads\/sites\/25\/2025\/02\/Marca-Vertical-BG-Verde.png\">Folia Vertical Verde<\/a><\/li><li><a href=\"https:\/\/goias.gov.br\/cultura\/wp-content\/uploads\/sites\/25\/2025\/02\/Marca-Vertical-BG-Branco.png\">Folia Vertical Branco<\/a>\u00a0<\/li><li><a href=\"https:\/\/goias.gov.br\/cultura\/wp-content\/uploads\/sites\/25\/2025\/02\/Marca-Vertical-BG-Amarelo.png\">Folia Vertical Amarelo<\/a>\u00a0<\/li><li><a href=\"https:\/\/goias.gov.br\/cultura\/wp-content\/uploads\/sites\/25\/2025\/02\/Marca-Horizontal-BG-Verde.png\">Folia Horizontal Verde\u00a0<\/a><\/li><li><a href=\"https:\/\/goias.gov.br\/cultura\/wp-content\/uploads\/sites\/25\/2025\/02\/Marca-Horizontal-BG-Branco.png\">Folia Horizontal Branco<\/a><\/li><li><a href=\"https:\/\/goias.gov.br\/cultura\/wp-content\/uploads\/sites\/25\/2025\/02\/Marca-Horizontal-BG-Amarelo.png\">Folia Horizontal Amarelo\u00a0<\/a><\/li><\/ul><p><a href=\"https:\/\/goias.gov.br\/cultura\/wp-content\/uploads\/sites\/25\/2025\/02\/Logos-Retomada-e-Secult-.pdf\">Logos Retomada e Secult<\/a><\/p><ul><li><a href=\"https:\/\/goias.gov.br\/cultura\/wp-content\/uploads\/sites\/25\/2025\/02\/Logomarca-Vertical-GOIAS_Secult-negativa.png\">Secult Vertical Negativa<\/a><\/li><li><a href=\"https:\/\/goias.gov.br\/cultura\/wp-content\/uploads\/sites\/25\/2025\/02\/Logomarca-Vertical-GOIAS_Secult-negativa-parcial.png\">Secult Vertical Negativa-Parcial<\/a><\/li><li><a href=\"https:\/\/goias.gov.br\/cultura\/wp-content\/uploads\/sites\/25\/2025\/02\/Logomarca-Vertical-Abreviada-Secult-positiva.png\">Secult Vertical Abreviada positiva<\/a>\u00a0<\/li><li><a href=\"https:\/\/goias.gov.br\/cultura\/wp-content\/uploads\/sites\/25\/2025\/02\/Logomarca-Vertical-Abreviada-Secult-negativa.png\">Secult Vertical Abreviada negativa\u00a0<\/a><\/li><li><a href=\"https:\/\/goias.gov.br\/cultura\/wp-content\/uploads\/sites\/25\/2025\/02\/Logomarca-Vertical-Abreviada-Secult-negativa-parcial.png\">Secult Vertical Abreviada Negativa-parcial\u00a0<\/a><\/li><li><a href=\"https:\/\/goias.gov.br\/cultura\/wp-content\/uploads\/sites\/25\/2025\/02\/LOGO_SECULT_REDES_SOCIAIS-1.png\">Secult Redes 1<\/a><\/li><li><a href=\"https:\/\/goias.gov.br\/cultura\/wp-content\/uploads\/sites\/25\/2025\/02\/LOGO_SECULT_REDES_SOCIAIS-2.png\">Secult Redes 2<\/a><\/li><li><a href=\"https:\/\/goias.gov.br\/cultura\/wp-content\/uploads\/sites\/25\/2025\/02\/LOGO_SECULT_REDES_SOCIAIS-3.png\">Secult Redes 3<\/a><\/li><li><a href=\"https:\/\/goias.gov.br\/cultura\/wp-content\/uploads\/sites\/25\/2025\/02\/LOGO_SECULT_MIDIA_IMPRESSA-1.png\">Secult M\u00eddia Impressa 1<\/a><\/li><li><a href=\"https:\/\/goias.gov.br\/cultura\/wp-content\/uploads\/sites\/25\/2025\/02\/LOGO_SECULT_MIDIA_IMPRESSA-2.png\">Secult M\u00eddia Impressa 2<\/a><\/li><li><a href=\"https:\/\/goias.gov.br\/cultura\/wp-content\/uploads\/sites\/25\/2025\/02\/LOGO_SECULT_MIDIA_IMPRESSA-3.png\">Secult M\u00eddia Impressa 3<\/a><\/li><\/ul><p>\u00a0<\/p><ul><li><a href=\"https:\/\/goias.gov.br\/cultura\/wp-content\/uploads\/sites\/25\/2025\/02\/Retomada-Horizontal-Positiva.png\">Retomada Horizontal Positiva<\/a><\/li><li><a href=\"https:\/\/goias.gov.br\/cultura\/wp-content\/uploads\/sites\/25\/2025\/02\/Retomada-Horizontal-Negativo.png\">Retomada Horizontal Negativo<\/a><\/li><li><a href=\"https:\/\/goias.gov.br\/cultura\/wp-content\/uploads\/sites\/25\/2025\/02\/Retomada-Horizontal-Negativo-Total.png\">Retomada Horizontal Negativo-Total\u00a0<\/a><\/li><li><a href=\"https:\/\/goias.gov.br\/cultura\/wp-content\/uploads\/sites\/25\/2025\/02\/Retomada-Abreviada-Positiva.png\">Retomada Abreviada Positiva<\/a>\u00a0<\/li><li><a href=\"https:\/\/goias.gov.br\/cultura\/wp-content\/uploads\/sites\/25\/2025\/02\/Retomada-Abreviada-Negativo.png\">Retomada Abreviada Negativo\u00a0<\/a><\/li><li><a href=\"https:\/\/goias.gov.br\/cultura\/wp-content\/uploads\/sites\/25\/2025\/02\/Retomada-Abreviada-Negativo-Total.png\">Retomada Abreviada Negativo-Total<\/a><\/li><li><a href=\"https:\/\/goias.gov.br\/cultura\/wp-content\/uploads\/sites\/25\/2025\/02\/Logomarca-Vertical-GOIAS_Secult-positiva.png\">Retomada Vertical<\/a><\/li><\/ul><ul><li style=\"list-style-type: none;\">\u00a0<\/li><\/ul>\t\t\t\t\t\t\t\t<\/div>\n\t\t\t\t<\/div>\n\t\t\t\t\t<\/div>\n\t\t\t\t<\/div>\n\t\t\t\t<\/div>\n\t\t","protected":false},"excerpt":{"rendered":"<p>Edital Edital de Chamamento P\u00fablico N\u00ba 01\/2025 \u2013 Sele\u00e7\u00e3o de projetos para o apoio aos blocos de pr\u00e9 e carnaval de rua de Goi\u00e2nia e carnaval das cidade do interior de Goi\u00e1s Edital de Chamamento P\u00fablico N\u00ba 01\/2025 \u2013 D.O.E. ANEXO I &#8211; MODELO Formulario-de-Inscricao Anexo II \u2013 Cronograma Portaria n\u00b0 53 Resultados Resultado preliminar [&hellip;]<\/p>\n","protected":false},"author":322,"featured_media":0,"parent":0,"menu_order":0,"comment_status":"closed","ping_status":"closed","template":"","meta":{"footnotes":""},"class_list":["post-111994","page","type-page","status-publish","hentry"],"rttpg_featured_image_url":null,"rttpg_author":{"display_name":"alessandraferreira","author_link":"https:\/\/goias.gov.br\/cultura\/author\/alessandraferreira\/"},"rttpg_comment":0,"rttpg_category":null,"rttpg_excerpt":"Edital Edital de Chamamento P\u00fablico N\u00ba 01\/2025 \u2013 Sele\u00e7\u00e3o de projetos para o apoio aos blocos de pr\u00e9 e carnaval de rua de Goi\u00e2nia e carnaval das cidade do interior de Goi\u00e1s Edital de Chamamento P\u00fablico N\u00ba 01\/2025 \u2013 D.O.E. ANEXO I &#8211; MODELO Formulario-de-Inscricao Anexo II \u2013 Cronograma Portaria n\u00b0 53 Resultados Resultado preliminar&hellip;","_links":{"self":[{"href":"https:\/\/goias.gov.br\/cultura\/wp-json\/wp\/v2\/pages\/111994","targetHints":{"allow":["GET"]}}],"collection":[{"href":"https:\/\/goias.gov.br\/cultura\/wp-json\/wp\/v2\/pages"}],"about":[{"href":"https:\/\/goias.gov.br\/cultura\/wp-json\/wp\/v2\/types\/page"}],"author":[{"embeddable":true,"href":"https:\/\/goias.gov.br\/cultura\/wp-json\/wp\/v2\/users\/322"}],"replies":[{"embeddable":true,"href":"https:\/\/goias.gov.br\/cultura\/wp-json\/wp\/v2\/comments?post=111994"}],"version-history":[{"count":3,"href":"https:\/\/goias.gov.br\/cultura\/wp-json\/wp\/v2\/pages\/111994\/revisions"}],"predecessor-version":[{"id":286566,"href":"https:\/\/goias.gov.br\/cultura\/wp-json\/wp\/v2\/pages\/111994\/revisions\/286566"}],"wp:attachment":[{"href":"https:\/\/goias.gov.br\/cultura\/wp-json\/wp\/v2\/media?parent=111994"}],"curies":[{"name":"wp","href":"https:\/\/api.w.org\/{rel}","templated":true}]}}