{"id":101964,"date":"2025-01-31T15:51:52","date_gmt":"2025-01-31T18:51:52","guid":{"rendered":"https:\/\/goias.gov.br\/cultura\/?page_id=101964"},"modified":"2026-09-02T14:12:17","modified_gmt":"2026-09-02T17:12:17","slug":"cine-cultura","status":"publish","type":"page","link":"https:\/\/goias.gov.br\/cultura\/cinemas\/cine-cultura\/","title":{"rendered":"Cine Cultura"},"content":{"rendered":"\t\t<div data-elementor-type=\"wp-page\" data-elementor-id=\"101964\" class=\"elementor elementor-101964\">\n\t\t\t\t<div class=\"elementor-element elementor-element-8301799 e-flex e-con-boxed e-con e-parent\" data-id=\"8301799\" data-element_type=\"container\" data-e-type=\"container\">\n\t\t\t\t\t<div class=\"e-con-inner\">\n\t\t\t\t<div class=\"elementor-element elementor-element-7e5ece6 elementor-widget elementor-widget-heading\" data-id=\"7e5ece6\" data-element_type=\"widget\" data-e-type=\"widget\" data-widget_type=\"heading.default\">\n\t\t\t\t<div class=\"elementor-widget-container\">\n\t\t\t\t\t<h2 class=\"elementor-heading-title elementor-size-default\">EM CARTAZ<\/h2>\t\t\t\t<\/div>\n\t\t\t\t<\/div>\n\t\t\t\t<div class=\"elementor-element elementor-element-53d7c1c e-transform e-transform elementor-arrows-position-inside elementor-pagination-position-outside elementor-widget elementor-widget-image-carousel\" data-id=\"53d7c1c\" data-element_type=\"widget\" data-e-type=\"widget\" data-settings=\"{&quot;image_spacing_custom&quot;:{&quot;unit&quot;:&quot;px&quot;,&quot;size&quot;:17,&quot;sizes&quot;:[]},&quot;navigation&quot;:&quot;both&quot;,&quot;autoplay&quot;:&quot;yes&quot;,&quot;pause_on_hover&quot;:&quot;yes&quot;,&quot;pause_on_interaction&quot;:&quot;yes&quot;,&quot;autoplay_speed&quot;:5000,&quot;infinite&quot;:&quot;yes&quot;,&quot;speed&quot;:500,&quot;image_spacing_custom_tablet&quot;:{&quot;unit&quot;:&quot;px&quot;,&quot;size&quot;:&quot;&quot;,&quot;sizes&quot;:[]},&quot;image_spacing_custom_mobile&quot;:{&quot;unit&quot;:&quot;px&quot;,&quot;size&quot;:&quot;&quot;,&quot;sizes&quot;:[]},&quot;_transform_translateX_effect&quot;:{&quot;unit&quot;:&quot;px&quot;,&quot;size&quot;:&quot;&quot;,&quot;sizes&quot;:[]},&quot;_transform_translateX_effect_tablet&quot;:{&quot;unit&quot;:&quot;px&quot;,&quot;size&quot;:&quot;&quot;,&quot;sizes&quot;:[]},&quot;_transform_translateX_effect_mobile&quot;:{&quot;unit&quot;:&quot;px&quot;,&quot;size&quot;:&quot;&quot;,&quot;sizes&quot;:[]},&quot;_transform_translateY_effect&quot;:{&quot;unit&quot;:&quot;px&quot;,&quot;size&quot;:&quot;&quot;,&quot;sizes&quot;:[]},&quot;_transform_translateY_effect_tablet&quot;:{&quot;unit&quot;:&quot;px&quot;,&quot;size&quot;:&quot;&quot;,&quot;sizes&quot;:[]},&quot;_transform_translateY_effect_mobile&quot;:{&quot;unit&quot;:&quot;px&quot;,&quot;size&quot;:&quot;&quot;,&quot;sizes&quot;:[]},&quot;_transform_scale_effect&quot;:{&quot;unit&quot;:&quot;px&quot;,&quot;size&quot;:&quot;&quot;,&quot;sizes&quot;:[]},&quot;_transform_scale_effect_tablet&quot;:{&quot;unit&quot;:&quot;px&quot;,&quot;size&quot;:&quot;&quot;,&quot;sizes&quot;:[]},&quot;_transform_scale_effect_mobile&quot;:{&quot;unit&quot;:&quot;px&quot;,&quot;size&quot;:&quot;&quot;,&quot;sizes&quot;:[]}}\" data-widget_type=\"image-carousel.default\">\n\t\t\t\t<div class=\"elementor-widget-container\">\n\t\t\t\t\t\t\t<div class=\"elementor-image-carousel-wrapper swiper\" role=\"region\" aria-roledescription=\"carousel\" aria-label=\"Carrossel de imagens\" dir=\"ltr\">\n\t\t\t<div class=\"elementor-image-carousel swiper-wrapper swiper-image-stretch\" aria-live=\"off\">\n\t\t\t\t\t\t\t\t<div class=\"swiper-slide\" role=\"group\" aria-roledescription=\"slide\" aria-label=\"1 de 12\"><a data-elementor-open-lightbox=\"yes\" data-elementor-lightbox-slideshow=\"53d7c1c\" data-elementor-lightbox-title=\"1\" data-e-action-hash=\"#elementor-action%3Aaction%3Dlightbox%26settings%3DeyJpZCI6NDM5NTQ2LCJ1cmwiOiJodHRwczpcL1wvZ29pYXMuZ292LmJyXC9jdWx0dXJhXC93cC1jb250ZW50XC91cGxvYWRzXC9zaXRlc1wvMjVcLzIwMjZcLzA5XC8xLnBuZyIsInNsaWRlc2hvdyI6IjUzZDdjMWMifQ%3D%3D\" href=\"https:\/\/goias.gov.br\/cultura\/cinemas\/cine-cultura\/filmes\/\"><figure class=\"swiper-slide-inner\"><img decoding=\"async\" class=\"swiper-slide-image\" src=\"https:\/\/goias.gov.br\/cultura\/wp-content\/uploads\/sites\/25\/2026\/09\/1.png\" alt=\"1\" \/><\/figure><\/a><\/div><div class=\"swiper-slide\" role=\"group\" aria-roledescription=\"slide\" aria-label=\"2 de 12\"><a data-elementor-open-lightbox=\"yes\" data-elementor-lightbox-slideshow=\"53d7c1c\" data-elementor-lightbox-title=\"2\" data-e-action-hash=\"#elementor-action%3Aaction%3Dlightbox%26settings%3DeyJpZCI6NDM5NTQ4LCJ1cmwiOiJodHRwczpcL1wvZ29pYXMuZ292LmJyXC9jdWx0dXJhXC93cC1jb250ZW50XC91cGxvYWRzXC9zaXRlc1wvMjVcLzIwMjZcLzA5XC8yLnBuZyIsInNsaWRlc2hvdyI6IjUzZDdjMWMifQ%3D%3D\" href=\"https:\/\/goias.gov.br\/cultura\/cinemas\/cine-cultura\/filmes\/\"><figure class=\"swiper-slide-inner\"><img decoding=\"async\" class=\"swiper-slide-image\" src=\"https:\/\/goias.gov.br\/cultura\/wp-content\/uploads\/sites\/25\/2026\/09\/2.png\" alt=\"2\" \/><\/figure><\/a><\/div><div class=\"swiper-slide\" role=\"group\" aria-roledescription=\"slide\" aria-label=\"3 de 12\"><a data-elementor-open-lightbox=\"yes\" data-elementor-lightbox-slideshow=\"53d7c1c\" data-elementor-lightbox-title=\"3\" data-e-action-hash=\"#elementor-action%3Aaction%3Dlightbox%26settings%3DeyJpZCI6NDM5NTUwLCJ1cmwiOiJodHRwczpcL1wvZ29pYXMuZ292LmJyXC9jdWx0dXJhXC93cC1jb250ZW50XC91cGxvYWRzXC9zaXRlc1wvMjVcLzIwMjZcLzA5XC8zLnBuZyIsInNsaWRlc2hvdyI6IjUzZDdjMWMifQ%3D%3D\" href=\"https:\/\/goias.gov.br\/cultura\/cinemas\/cine-cultura\/filmes\/\"><figure class=\"swiper-slide-inner\"><img decoding=\"async\" class=\"swiper-slide-image\" src=\"https:\/\/goias.gov.br\/cultura\/wp-content\/uploads\/sites\/25\/2026\/09\/3.png\" alt=\"3\" \/><\/figure><\/a><\/div><div class=\"swiper-slide\" role=\"group\" aria-roledescription=\"slide\" aria-label=\"4 de 12\"><a data-elementor-open-lightbox=\"yes\" data-elementor-lightbox-slideshow=\"53d7c1c\" data-elementor-lightbox-title=\"Cinema - Posters galeria\" data-e-action-hash=\"#elementor-action%3Aaction%3Dlightbox%26settings%3DeyJpZCI6NDM1ODc1LCJ1cmwiOiJodHRwczpcL1wvZ29pYXMuZ292LmJyXC9jdWx0dXJhXC93cC1jb250ZW50XC91cGxvYWRzXC9zaXRlc1wvMjVcLzIwMjZcLzA4XC9DaW5lbWEtUG9zdGVycy1nYWxlcmlhLTgucG5nIiwic2xpZGVzaG93IjoiNTNkN2MxYyJ9\" href=\"https:\/\/goias.gov.br\/cultura\/cinemas\/cine-cultura\/filmes\/\"><figure class=\"swiper-slide-inner\"><img decoding=\"async\" class=\"swiper-slide-image\" src=\"https:\/\/goias.gov.br\/cultura\/wp-content\/uploads\/sites\/25\/2026\/08\/Cinema-Posters-galeria-8.png\" alt=\"Cinema - Posters galeria\" \/><\/figure><\/a><\/div><div class=\"swiper-slide\" role=\"group\" aria-roledescription=\"slide\" aria-label=\"5 de 12\"><a data-elementor-open-lightbox=\"yes\" data-elementor-lightbox-slideshow=\"53d7c1c\" data-elementor-lightbox-title=\"2\" data-e-action-hash=\"#elementor-action%3Aaction%3Dlightbox%26settings%3DeyJpZCI6NDMwMTc4LCJ1cmwiOiJodHRwczpcL1wvZ29pYXMuZ292LmJyXC9jdWx0dXJhXC93cC1jb250ZW50XC91cGxvYWRzXC9zaXRlc1wvMjVcLzIwMjZcLzA4XC8yLmpwZyIsInNsaWRlc2hvdyI6IjUzZDdjMWMifQ%3D%3D\" href=\"https:\/\/goias.gov.br\/cultura\/cinemas\/cine-cultura\/filmes\/\"><figure class=\"swiper-slide-inner\"><img decoding=\"async\" class=\"swiper-slide-image\" src=\"https:\/\/goias.gov.br\/cultura\/wp-content\/uploads\/sites\/25\/2026\/08\/2.jpg\" alt=\"2\" \/><\/figure><\/a><\/div><div class=\"swiper-slide\" role=\"group\" aria-roledescription=\"slide\" aria-label=\"6 de 12\"><a data-elementor-open-lightbox=\"yes\" data-elementor-lightbox-slideshow=\"53d7c1c\" data-elementor-lightbox-title=\"Cinema - Posters galeria\" data-e-action-hash=\"#elementor-action%3Aaction%3Dlightbox%26settings%3DeyJpZCI6NDE0ODUxLCJ1cmwiOiJodHRwczpcL1wvZ29pYXMuZ292LmJyXC9jdWx0dXJhXC93cC1jb250ZW50XC91cGxvYWRzXC9zaXRlc1wvMjVcLzIwMjZcLzA3XC9DaW5lbWEtUG9zdGVycy1nYWxlcmlhLTMuanBnIiwic2xpZGVzaG93IjoiNTNkN2MxYyJ9\" href=\"https:\/\/goias.gov.br\/cultura\/cinemas\/cine-cultura\/filmes\/\"><figure class=\"swiper-slide-inner\"><img decoding=\"async\" class=\"swiper-slide-image\" src=\"https:\/\/goias.gov.br\/cultura\/wp-content\/uploads\/sites\/25\/2026\/07\/Cinema-Posters-galeria-3.jpg\" alt=\"Cinema - Posters galeria\" \/><\/figure><\/a><\/div><div class=\"swiper-slide\" role=\"group\" aria-roledescription=\"slide\" aria-label=\"7 de 12\"><a data-elementor-open-lightbox=\"yes\" data-elementor-lightbox-slideshow=\"53d7c1c\" data-elementor-lightbox-title=\"6\" data-e-action-hash=\"#elementor-action%3Aaction%3Dlightbox%26settings%3DeyJpZCI6NDI4MTcxLCJ1cmwiOiJodHRwczpcL1wvZ29pYXMuZ292LmJyXC9jdWx0dXJhXC93cC1jb250ZW50XC91cGxvYWRzXC9zaXRlc1wvMjVcLzIwMjZcLzA4XC82LmpwZyIsInNsaWRlc2hvdyI6IjUzZDdjMWMifQ%3D%3D\" href=\"https:\/\/goias.gov.br\/cultura\/cinemas\/cine-cultura\/filmes\/\"><figure class=\"swiper-slide-inner\"><img decoding=\"async\" class=\"swiper-slide-image\" src=\"https:\/\/goias.gov.br\/cultura\/wp-content\/uploads\/sites\/25\/2026\/08\/6.jpg\" alt=\"6\" \/><\/figure><\/a><\/div><div class=\"swiper-slide\" role=\"group\" aria-roledescription=\"slide\" aria-label=\"8 de 12\"><a data-elementor-open-lightbox=\"yes\" data-elementor-lightbox-slideshow=\"53d7c1c\" data-elementor-lightbox-title=\"Cinema - Posters galeria (1)\" data-e-action-hash=\"#elementor-action%3Aaction%3Dlightbox%26settings%3DeyJpZCI6NDM1ODcwLCJ1cmwiOiJodHRwczpcL1wvZ29pYXMuZ292LmJyXC9jdWx0dXJhXC93cC1jb250ZW50XC91cGxvYWRzXC9zaXRlc1wvMjVcLzIwMjZcLzA4XC9DaW5lbWEtUG9zdGVycy1nYWxlcmlhLTEtMS5wbmciLCJzbGlkZXNob3ciOiI1M2Q3YzFjIn0%3D\" href=\"https:\/\/goias.gov.br\/cultura\/cinemas\/cine-cultura\/filmes\/\"><figure class=\"swiper-slide-inner\"><img decoding=\"async\" class=\"swiper-slide-image\" src=\"https:\/\/goias.gov.br\/cultura\/wp-content\/uploads\/sites\/25\/2026\/08\/Cinema-Posters-galeria-1-1.png\" alt=\"Cinema - Posters galeria (1)\" \/><\/figure><\/a><\/div><div class=\"swiper-slide\" role=\"group\" aria-roledescription=\"slide\" aria-label=\"9 de 12\"><a data-elementor-open-lightbox=\"yes\" data-elementor-lightbox-slideshow=\"53d7c1c\" data-elementor-lightbox-title=\"Cinema - Posters galeria\" data-e-action-hash=\"#elementor-action%3Aaction%3Dlightbox%26settings%3DeyJpZCI6NDMzNzI4LCJ1cmwiOiJodHRwczpcL1wvZ29pYXMuZ292LmJyXC9jdWx0dXJhXC93cC1jb250ZW50XC91cGxvYWRzXC9zaXRlc1wvMjVcLzIwMjZcLzA4XC9DaW5lbWEtUG9zdGVycy1nYWxlcmlhLnBuZyIsInNsaWRlc2hvdyI6IjUzZDdjMWMifQ%3D%3D\" href=\"https:\/\/goias.gov.br\/cultura\/cinemas\/cine-cultura\/filmes\/\"><figure class=\"swiper-slide-inner\"><img decoding=\"async\" class=\"swiper-slide-image\" src=\"https:\/\/goias.gov.br\/cultura\/wp-content\/uploads\/sites\/25\/2026\/08\/Cinema-Posters-galeria.png\" alt=\"Cinema - Posters galeria\" \/><\/figure><\/a><\/div><div class=\"swiper-slide\" role=\"group\" aria-roledescription=\"slide\" aria-label=\"10 de 12\"><a data-elementor-open-lightbox=\"yes\" data-elementor-lightbox-slideshow=\"53d7c1c\" data-elementor-lightbox-title=\"03\" data-e-action-hash=\"#elementor-action%3Aaction%3Dlightbox%26settings%3DeyJpZCI6NDMzNzI0LCJ1cmwiOiJodHRwczpcL1wvZ29pYXMuZ292LmJyXC9jdWx0dXJhXC93cC1jb250ZW50XC91cGxvYWRzXC9zaXRlc1wvMjVcLzIwMjZcLzA4XC8wMy5wbmciLCJzbGlkZXNob3ciOiI1M2Q3YzFjIn0%3D\" href=\"https:\/\/goias.gov.br\/cultura\/cinemas\/cine-cultura\/filmes\/\"><figure class=\"swiper-slide-inner\"><img decoding=\"async\" class=\"swiper-slide-image\" src=\"https:\/\/goias.gov.br\/cultura\/wp-content\/uploads\/sites\/25\/2026\/08\/03.png\" alt=\"03\" \/><\/figure><\/a><\/div><div class=\"swiper-slide\" role=\"group\" aria-roledescription=\"slide\" aria-label=\"11 de 12\"><a data-elementor-open-lightbox=\"yes\" data-elementor-lightbox-slideshow=\"53d7c1c\" data-elementor-lightbox-title=\"02\" data-e-action-hash=\"#elementor-action%3Aaction%3Dlightbox%26settings%3DeyJpZCI6NDMzNzIzLCJ1cmwiOiJodHRwczpcL1wvZ29pYXMuZ292LmJyXC9jdWx0dXJhXC93cC1jb250ZW50XC91cGxvYWRzXC9zaXRlc1wvMjVcLzIwMjZcLzA4XC8wMi5wbmciLCJzbGlkZXNob3ciOiI1M2Q3YzFjIn0%3D\" href=\"https:\/\/goias.gov.br\/cultura\/cinemas\/cine-cultura\/filmes\/\"><figure class=\"swiper-slide-inner\"><img decoding=\"async\" class=\"swiper-slide-image\" src=\"https:\/\/goias.gov.br\/cultura\/wp-content\/uploads\/sites\/25\/2026\/08\/02.png\" alt=\"02\" \/><\/figure><\/a><\/div><div class=\"swiper-slide\" role=\"group\" aria-roledescription=\"slide\" aria-label=\"12 de 12\"><a data-elementor-open-lightbox=\"yes\" data-elementor-lightbox-slideshow=\"53d7c1c\" data-elementor-lightbox-title=\"Cinema - Posters galeria\" data-e-action-hash=\"#elementor-action%3Aaction%3Dlightbox%26settings%3DeyJpZCI6NDM5OTA3LCJ1cmwiOiJodHRwczpcL1wvZ29pYXMuZ292LmJyXC9jdWx0dXJhXC93cC1jb250ZW50XC91cGxvYWRzXC9zaXRlc1wvMjVcLzIwMjZcLzA5XC9DaW5lbWEtUG9zdGVycy1nYWxlcmlhLTEucG5nIiwic2xpZGVzaG93IjoiNTNkN2MxYyJ9\" href=\"https:\/\/goias.gov.br\/cultura\/cinemas\/cine-cultura\/filmes\/\"><figure class=\"swiper-slide-inner\"><img decoding=\"async\" class=\"swiper-slide-image\" src=\"https:\/\/goias.gov.br\/cultura\/wp-content\/uploads\/sites\/25\/2026\/09\/Cinema-Posters-galeria-1.png\" alt=\"Cinema - Posters galeria\" \/><\/figure><\/a><\/div>\t\t\t<\/div>\n\t\t\t\t\t\t\t\t\t\t\t\t<div class=\"elementor-swiper-button elementor-swiper-button-prev\" role=\"button\" tabindex=\"0\">\n\t\t\t\t\t\t<svg aria-hidden=\"true\" class=\"e-font-icon-svg e-eicon-chevron-left\" viewBox=\"0 0 1000 1000\" xmlns=\"http:\/\/www.w3.org\/2000\/svg\"><path d=\"M646 125C629 125 613 133 604 142L308 442C296 454 292 471 292 487 292 504 296 521 308 533L604 854C617 867 629 875 646 875 663 875 679 871 692 858 704 846 713 829 713 812 713 796 708 779 692 767L438 487 692 225C700 217 708 204 708 187 708 171 704 154 692 142 675 129 663 125 646 125Z\"><\/path><\/svg>\t\t\t\t\t<\/div>\n\t\t\t\t\t<div class=\"elementor-swiper-button elementor-swiper-button-next\" role=\"button\" tabindex=\"0\">\n\t\t\t\t\t\t<svg aria-hidden=\"true\" class=\"e-font-icon-svg e-eicon-chevron-right\" viewBox=\"0 0 1000 1000\" xmlns=\"http:\/\/www.w3.org\/2000\/svg\"><path d=\"M696 533C708 521 713 504 713 487 713 471 708 454 696 446L400 146C388 133 375 125 354 125 338 125 325 129 313 142 300 154 292 171 292 187 292 204 296 221 308 233L563 492 304 771C292 783 288 800 288 817 288 833 296 850 308 863 321 871 338 875 354 875 371 875 388 867 400 854L696 533Z\"><\/path><\/svg>\t\t\t\t\t<\/div>\n\t\t\t\t\n\t\t\t\t\t\t\t\t\t<div class=\"swiper-pagination\"><\/div>\n\t\t\t\t\t\t\t\t\t<\/div>\n\t\t\t\t\t\t<\/div>\n\t\t\t\t<\/div>\n\t\t\t\t\t<\/div>\n\t\t\t\t<\/div>\n\t\t<div class=\"elementor-element elementor-element-dc32446 e-flex e-con-boxed e-con e-parent\" data-id=\"dc32446\" data-element_type=\"container\" data-e-type=\"container\">\n\t\t\t\t\t<div class=\"e-con-inner\">\n\t\t\t\t<div class=\"elementor-element elementor-element-f71df44 elementor-widget elementor-widget-image\" data-id=\"f71df44\" data-element_type=\"widget\" data-e-type=\"widget\" data-widget_type=\"image.default\">\n\t\t\t\t<div class=\"elementor-widget-container\">\n\t\t\t\t\t\t\t\t\t\t\t\t\t\t\t<img fetchpriority=\"high\" decoding=\"async\" width=\"1920\" height=\"300\" src=\"https:\/\/goias.gov.br\/cultura\/wp-content\/uploads\/sites\/25\/2026\/03\/Semana-do-Cinema-1.png\" class=\"attachment-full size-full wp-image-338448\" alt=\"\" srcset=\"https:\/\/goias.gov.br\/cultura\/wp-content\/uploads\/sites\/25\/2026\/03\/Semana-do-Cinema-1.png 1920w, https:\/\/goias.gov.br\/cultura\/wp-content\/uploads\/sites\/25\/2026\/03\/Semana-do-Cinema-1-300x47.png 300w, https:\/\/goias.gov.br\/cultura\/wp-content\/uploads\/sites\/25\/2026\/03\/Semana-do-Cinema-1-1024x160.png 1024w, https:\/\/goias.gov.br\/cultura\/wp-content\/uploads\/sites\/25\/2026\/03\/Semana-do-Cinema-1-768x120.png 768w, https:\/\/goias.gov.br\/cultura\/wp-content\/uploads\/sites\/25\/2026\/03\/Semana-do-Cinema-1-1536x240.png 1536w, https:\/\/goias.gov.br\/cultura\/wp-content\/uploads\/sites\/25\/2026\/03\/Semana-do-Cinema-1-1320x206.png 1320w\" sizes=\"(max-width: 1920px) 100vw, 1920px\" \/>\t\t\t\t\t\t\t\t\t\t\t\t\t\t\t<\/div>\n\t\t\t\t<\/div>\n\t\t<div class=\"elementor-element elementor-element-aa72ac7 e-con-full e-flex e-con e-child\" data-id=\"aa72ac7\" data-element_type=\"container\" data-e-type=\"container\" data-settings=\"{&quot;background_background&quot;:&quot;classic&quot;}\">\n\t\t\t\t<div class=\"elementor-element elementor-element-3c67954 elementor-widget elementor-widget-heading\" data-id=\"3c67954\" data-element_type=\"widget\" data-e-type=\"widget\" data-widget_type=\"heading.default\">\n\t\t\t\t<div class=\"elementor-widget-container\">\n\t\t\t\t\t<h2 class=\"elementor-heading-title elementor-size-default\">PROGRAMA\u00c7\u00c3O <\/h2>\t\t\t\t<\/div>\n\t\t\t\t<\/div>\n\t\t\t\t<div class=\"elementor-element elementor-element-ab86427 e-n-tabs-mobile elementor-widget elementor-widget-n-tabs\" data-id=\"ab86427\" data-element_type=\"widget\" data-e-type=\"widget\" data-settings=\"{&quot;tabs_justify_horizontal&quot;:&quot;stretch&quot;,&quot;horizontal_scroll&quot;:&quot;disable&quot;}\" data-widget_type=\"nested-tabs.default\">\n\t\t\t\t<div class=\"elementor-widget-container\">\n\t\t\t\t\t\t\t<div class=\"e-n-tabs\" data-widget-number=\"179856423\" aria-label=\"Abas. Abra itens com &quot;Enter&quot; ou &quot;Espa\u00e7o&quot;, feche com &quot;Escape&quot; e navegue usando as teclas de &quot;Seta&quot;.\">\n\t\t\t<div class=\"e-n-tabs-heading\" role=\"tablist\">\n\t\t\t\t\t<button id=\"e-n-tab-title-1798564231\" data-tab-title-id=\"e-n-tab-title-1798564231\" class=\"e-n-tab-title\" aria-selected=\"true\" data-tab-index=\"1\" role=\"tab\" tabindex=\"0\" aria-controls=\"e-n-tab-content-1798564231\" style=\"--n-tabs-title-order: 1;\">\n\t\t\t\t\t\t<span class=\"e-n-tab-title-text\">\n\t\t\t\tDia 02\/09 - Quarta-feira \t\t\t<\/span>\n\t\t<\/button>\n\t\t\t\t<button id=\"e-n-tab-title-1798564232\" data-tab-title-id=\"e-n-tab-title-1798564232\" class=\"e-n-tab-title\" aria-selected=\"false\" data-tab-index=\"2\" role=\"tab\" tabindex=\"-1\" aria-controls=\"e-n-tab-content-1798564232\" style=\"--n-tabs-title-order: 2;\">\n\t\t\t\t\t\t<span class=\"e-n-tab-title-text\">\n\t\t\t\tDia 03\/09 \u2013 Quinta-feira \t\t\t<\/span>\n\t\t<\/button>\n\t\t\t\t<button id=\"e-n-tab-title-1798564233\" data-tab-title-id=\"e-n-tab-title-1798564233\" class=\"e-n-tab-title\" aria-selected=\"false\" data-tab-index=\"3\" role=\"tab\" tabindex=\"-1\" aria-controls=\"e-n-tab-content-1798564233\" style=\"--n-tabs-title-order: 3;\">\n\t\t\t\t\t\t<span class=\"e-n-tab-title-text\">\n\t\t\t\tDia 04\/09 \u2013 Sexta-feira \t\t\t<\/span>\n\t\t<\/button>\n\t\t\t\t<button id=\"e-n-tab-title-1798564234\" data-tab-title-id=\"e-n-tab-title-1798564234\" class=\"e-n-tab-title\" aria-selected=\"false\" data-tab-index=\"4\" role=\"tab\" tabindex=\"-1\" aria-controls=\"e-n-tab-content-1798564234\" style=\"--n-tabs-title-order: 4;\">\n\t\t\t\t\t\t<span class=\"e-n-tab-title-text\">\n\t\t\t\tDia 05\/09 \u2013 S\u00e1bado  \t\t\t<\/span>\n\t\t<\/button>\n\t\t\t\t<button id=\"e-n-tab-title-1798564235\" data-tab-title-id=\"e-n-tab-title-1798564235\" class=\"e-n-tab-title\" aria-selected=\"false\" data-tab-index=\"5\" role=\"tab\" tabindex=\"-1\" aria-controls=\"e-n-tab-content-1798564235\" style=\"--n-tabs-title-order: 5;\">\n\t\t\t\t\t\t<span class=\"e-n-tab-title-text\">\n\t\t\t\tDia 06\/09 \u2013 Domingo \t\t\t<\/span>\n\t\t<\/button>\n\t\t\t\t<button id=\"e-n-tab-title-1798564236\" data-tab-title-id=\"e-n-tab-title-1798564236\" class=\"e-n-tab-title\" aria-selected=\"false\" data-tab-index=\"6\" role=\"tab\" tabindex=\"-1\" aria-controls=\"e-n-tab-content-1798564236\" style=\"--n-tabs-title-order: 6;\">\n\t\t\t\t\t\t<span class=\"e-n-tab-title-text\">\n\t\t\t\tDia 07\/09 - Segunda-feira \t\t\t<\/span>\n\t\t<\/button>\n\t\t\t\t<button id=\"e-n-tab-title-1798564237\" data-tab-title-id=\"e-n-tab-title-1798564237\" class=\"e-n-tab-title\" aria-selected=\"false\" data-tab-index=\"7\" role=\"tab\" tabindex=\"-1\" aria-controls=\"e-n-tab-content-1798564237\" style=\"--n-tabs-title-order: 7;\">\n\t\t\t\t\t\t<span class=\"e-n-tab-title-text\">\n\t\t\t\tDia 08\/09 - Ter\u00e7a-feira \t\t\t<\/span>\n\t\t<\/button>\n\t\t\t\t<button id=\"e-n-tab-title-1798564238\" data-tab-title-id=\"e-n-tab-title-1798564238\" class=\"e-n-tab-title\" aria-selected=\"false\" data-tab-index=\"8\" role=\"tab\" tabindex=\"-1\" aria-controls=\"e-n-tab-content-1798564238\" style=\"--n-tabs-title-order: 8;\">\n\t\t\t\t\t\t<span class=\"e-n-tab-title-text\">\n\t\t\t\tDia 09\/09 - Quarta-feira \t\t\t<\/span>\n\t\t<\/button>\n\t\t\t\t\t<\/div>\n\t\t\t<div class=\"e-n-tabs-content\">\n\t\t\t\t<div id=\"e-n-tab-content-1798564231\" role=\"tabpanel\" aria-labelledby=\"e-n-tab-title-1798564231\" data-tab-index=\"1\" style=\"--n-tabs-title-order: 1;\" class=\"e-active elementor-element elementor-element-4288194 e-flex e-con-boxed e-con e-child\" data-id=\"4288194\" data-element_type=\"container\" data-e-type=\"container\" data-settings=\"{&quot;background_background&quot;:&quot;gradient&quot;}\">\n\t\t\t\t\t<div class=\"e-con-inner\">\n\t\t<div class=\"elementor-element elementor-element-9804704 e-con-full e-flex e-con e-child\" data-id=\"9804704\" data-element_type=\"container\" data-e-type=\"container\">\n\t\t\t\t<div class=\"elementor-element elementor-element-61a1322 elementor-widget elementor-widget-text-editor\" data-id=\"61a1322\" data-element_type=\"widget\" data-e-type=\"widget\" data-widget_type=\"text-editor.default\">\n\t\t\t\t<div class=\"elementor-widget-container\">\n\t\t\t\t\t\t\t\t\t<p>14h \u2013 O CONVITE (16 anos)<\/p><p>16h10 \u2013 AQUELE QUE VIU O ABISMO (14 anos)<\/p><p>17h40 \u2013 UMA INF\u00c2NCIA ALEM\u00c3 (14 anos)<\/p><p>19h40 \u2013 AKIRA (14 anos)<\/p>\t\t\t\t\t\t\t\t<\/div>\n\t\t\t\t<\/div>\n\t\t\t\t<\/div>\n\t\t\t\t\t<\/div>\n\t\t\t\t<\/div>\n\t\t<div id=\"e-n-tab-content-1798564232\" role=\"tabpanel\" aria-labelledby=\"e-n-tab-title-1798564232\" data-tab-index=\"2\" style=\"--n-tabs-title-order: 2;\" class=\" elementor-element elementor-element-2197f38 e-flex e-con-boxed e-con e-child\" data-id=\"2197f38\" data-element_type=\"container\" data-e-type=\"container\" data-settings=\"{&quot;background_background&quot;:&quot;gradient&quot;}\">\n\t\t\t\t\t<div class=\"e-con-inner\">\n\t\t<div class=\"elementor-element elementor-element-842690b e-con-full e-flex e-con e-child\" data-id=\"842690b\" data-element_type=\"container\" data-e-type=\"container\">\n\t\t\t\t<div class=\"elementor-element elementor-element-ae3db48 elementor-widget elementor-widget-text-editor\" data-id=\"ae3db48\" data-element_type=\"widget\" data-e-type=\"widget\" data-widget_type=\"text-editor.default\">\n\t\t\t\t<div class=\"elementor-widget-container\">\n\t\t\t\t\t\t\t\t\t<p>15h \u2013 NOSSO SEGREDO (14 anos)<\/p><p>17h \u2013 AKIRA (14 anos)<\/p><p>19h30 \u2013 O CONVITE (16 anos)<\/p>\t\t\t\t\t\t\t\t<\/div>\n\t\t\t\t<\/div>\n\t\t\t\t<\/div>\n\t\t\t\t\t<\/div>\n\t\t\t\t<\/div>\n\t\t<div id=\"e-n-tab-content-1798564233\" role=\"tabpanel\" aria-labelledby=\"e-n-tab-title-1798564233\" data-tab-index=\"3\" style=\"--n-tabs-title-order: 3;\" class=\" elementor-element elementor-element-1829650 e-con-full e-flex e-con e-child\" data-id=\"1829650\" data-element_type=\"container\" data-e-type=\"container\" data-settings=\"{&quot;background_background&quot;:&quot;classic&quot;}\">\n\t\t<div class=\"elementor-element elementor-element-88f305d e-flex e-con-boxed e-con e-child\" data-id=\"88f305d\" data-element_type=\"container\" data-e-type=\"container\">\n\t\t\t\t\t<div class=\"e-con-inner\">\n\t\t<div class=\"elementor-element elementor-element-7d1999d e-con-full e-flex e-con e-child\" data-id=\"7d1999d\" data-element_type=\"container\" data-e-type=\"container\">\n\t\t\t\t<div class=\"elementor-element elementor-element-c0db4c6 elementor-widget elementor-widget-text-editor\" data-id=\"c0db4c6\" data-element_type=\"widget\" data-e-type=\"widget\" data-widget_type=\"text-editor.default\">\n\t\t\t\t<div class=\"elementor-widget-container\">\n\t\t\t\t\t\t\t\t\t<p>15h \u2013 O CONVITE (16 anos)<br \/><br \/>17h30 \u2013 NEM TUDO \u00c9 PAZ E AMOR (16 anos)<br \/><br \/>19h30 \u2013 ACAMPAMENTO MIASMA (18 anos)<\/p>\t\t\t\t\t\t\t\t<\/div>\n\t\t\t\t<\/div>\n\t\t\t\t<\/div>\n\t\t\t\t\t<\/div>\n\t\t\t\t<\/div>\n\t\t\t\t<\/div>\n\t\t<div id=\"e-n-tab-content-1798564234\" role=\"tabpanel\" aria-labelledby=\"e-n-tab-title-1798564234\" data-tab-index=\"4\" style=\"--n-tabs-title-order: 4;\" class=\" elementor-element elementor-element-3e6b610 e-con-full e-flex e-con e-child\" data-id=\"3e6b610\" data-element_type=\"container\" data-e-type=\"container\" data-settings=\"{&quot;background_background&quot;:&quot;classic&quot;}\">\n\t\t<div class=\"elementor-element elementor-element-d213b05 e-flex e-con-boxed e-con e-child\" data-id=\"d213b05\" data-element_type=\"container\" data-e-type=\"container\">\n\t\t\t\t\t<div class=\"e-con-inner\">\n\t\t\t\t<div class=\"elementor-element elementor-element-98e78ce elementor-widget elementor-widget-text-editor\" data-id=\"98e78ce\" data-element_type=\"widget\" data-e-type=\"widget\" data-widget_type=\"text-editor.default\">\n\t\t\t\t<div class=\"elementor-widget-container\">\n\t\t\t\t\t\t\t\t\t<p>14h \u2013 AKIRA (14 anos)<br \/><br \/>16h30 \u2013 ACAMPAMENTO MIASMA (18 anos)<br \/><br \/>18h45 \u2013 A PROFESSORA DE PIANO (18 anos)<strong><span style=\"color: #008000;\"><br \/><\/span><\/strong><\/p>\t\t\t\t\t\t\t\t<\/div>\n\t\t\t\t<\/div>\n\t\t\t\t\t<\/div>\n\t\t\t\t<\/div>\n\t\t\t\t<\/div>\n\t\t<div id=\"e-n-tab-content-1798564235\" role=\"tabpanel\" aria-labelledby=\"e-n-tab-title-1798564235\" data-tab-index=\"5\" style=\"--n-tabs-title-order: 5;\" class=\" elementor-element elementor-element-15cd9ab e-con-full e-flex e-con e-child\" data-id=\"15cd9ab\" data-element_type=\"container\" data-e-type=\"container\" data-settings=\"{&quot;background_background&quot;:&quot;classic&quot;}\">\n\t\t<div class=\"elementor-element elementor-element-d16dbab e-flex e-con-boxed e-con e-child\" data-id=\"d16dbab\" data-element_type=\"container\" data-e-type=\"container\">\n\t\t\t\t\t<div class=\"e-con-inner\">\n\t\t\t\t<div class=\"elementor-element elementor-element-986944b elementor-widget elementor-widget-text-editor\" data-id=\"986944b\" data-element_type=\"widget\" data-e-type=\"widget\" data-widget_type=\"text-editor.default\">\n\t\t\t\t<div class=\"elementor-widget-container\">\n\t\t\t\t\t\t\t\t\t<p class=\"cvGsUA block-font-kerning-normal block-font-feature-liga-off block-font-feature-clig-off block-font-feature-calt-off direction-ltr align-start para-style-body\">14h \u2013 NEM TUDO \u00c9 PAZ E AMOR (16 anos)<\/p><p>15h50 \u2013 LA LA LAND (Livre)<\/p><p><strong><span style=\"color: #008000;\">18h20 \u2013 Cl\u00e1ssico surpresa (12 anos)<\/span><span style=\"color: #008000;\"><br \/><\/span><\/strong><\/p>\t\t\t\t\t\t\t\t<\/div>\n\t\t\t\t<\/div>\n\t\t\t\t\t<\/div>\n\t\t\t\t<\/div>\n\t\t\t\t<\/div>\n\t\t<div id=\"e-n-tab-content-1798564236\" role=\"tabpanel\" aria-labelledby=\"e-n-tab-title-1798564236\" data-tab-index=\"6\" style=\"--n-tabs-title-order: 6;\" class=\" elementor-element elementor-element-af3577c e-con-full e-flex e-con e-child\" data-id=\"af3577c\" data-element_type=\"container\" data-e-type=\"container\" data-settings=\"{&quot;background_background&quot;:&quot;classic&quot;}\">\n\t\t<div class=\"elementor-element elementor-element-ef8ed1b e-flex e-con-boxed e-con e-child\" data-id=\"ef8ed1b\" data-element_type=\"container\" data-e-type=\"container\">\n\t\t\t\t\t<div class=\"e-con-inner\">\n\t\t\t\t<div class=\"elementor-element elementor-element-3ed2cef elementor-widget elementor-widget-text-editor\" data-id=\"3ed2cef\" data-element_type=\"widget\" data-e-type=\"widget\" data-widget_type=\"text-editor.default\">\n\t\t\t\t<div class=\"elementor-widget-container\">\n\t\t\t\t\t\t\t\t\t<p>14h45 \u2013 LA LA LAND (Livre)<br \/><br \/>17h15 \u2013 NOSSO SEGREDO (14 anos)<br \/><br \/>19h30 \u2013 REF\u00c9M POR UM FIO (14 anos) <strong><span style=\"color: #ff0000;\">&#8211; \u00faltima sess\u00e3o<\/span><\/strong><\/p>\t\t\t\t\t\t\t\t<\/div>\n\t\t\t\t<\/div>\n\t\t\t\t\t<\/div>\n\t\t\t\t<\/div>\n\t\t\t\t<\/div>\n\t\t<div id=\"e-n-tab-content-1798564237\" role=\"tabpanel\" aria-labelledby=\"e-n-tab-title-1798564237\" data-tab-index=\"7\" style=\"--n-tabs-title-order: 7;\" class=\" elementor-element elementor-element-84b524a e-con-full e-flex e-con e-child\" data-id=\"84b524a\" data-element_type=\"container\" data-e-type=\"container\" data-settings=\"{&quot;background_background&quot;:&quot;classic&quot;}\">\n\t\t<div class=\"elementor-element elementor-element-3cf5590 e-flex e-con-boxed e-con e-child\" data-id=\"3cf5590\" data-element_type=\"container\" data-e-type=\"container\">\n\t\t\t\t\t<div class=\"e-con-inner\">\n\t\t\t\t<div class=\"elementor-element elementor-element-50ded5d elementor-widget elementor-widget-text-editor\" data-id=\"50ded5d\" data-element_type=\"widget\" data-e-type=\"widget\" data-widget_type=\"text-editor.default\">\n\t\t\t\t<div class=\"elementor-widget-container\">\n\t\t\t\t\t\t\t\t\t<p>14h \u2013 MIL LUAS (12 anos) <strong><span style=\"color: #ff0000;\">&#8211; \u00faltima sess\u00e3o<\/span><\/strong><br \/><br \/>15h40 \u2013 AQUELE QUE VIU O ABISMO (14 anos)<br \/><br \/>17h15 \u2013 NOSSO SEGREDO (14 anos)<br \/><br \/>20h \u2013 UMA INF\u00c2NCIA ALEM\u00c3 (14 anos) <strong><span style=\"color: #ff0000;\">&#8211; \u00faltima sess\u00e3o<\/span><\/strong><\/p>\t\t\t\t\t\t\t\t<\/div>\n\t\t\t\t<\/div>\n\t\t\t\t\t<\/div>\n\t\t\t\t<\/div>\n\t\t\t\t<\/div>\n\t\t<div id=\"e-n-tab-content-1798564238\" role=\"tabpanel\" aria-labelledby=\"e-n-tab-title-1798564238\" data-tab-index=\"8\" style=\"--n-tabs-title-order: 8;\" class=\" elementor-element elementor-element-6d9bb52 e-flex e-con-boxed e-con e-child\" data-id=\"6d9bb52\" data-element_type=\"container\" data-e-type=\"container\" data-settings=\"{&quot;background_background&quot;:&quot;classic&quot;}\">\n\t\t\t\t\t<div class=\"e-con-inner\">\n\t\t<div class=\"elementor-element elementor-element-dae9f6e e-con-full e-flex e-con e-child\" data-id=\"dae9f6e\" data-element_type=\"container\" data-e-type=\"container\">\n\t\t\t\t<div class=\"elementor-element elementor-element-6ff1e28 elementor-widget elementor-widget-text-editor\" data-id=\"6ff1e28\" data-element_type=\"widget\" data-e-type=\"widget\" data-widget_type=\"text-editor.default\">\n\t\t\t\t<div class=\"elementor-widget-container\">\n\t\t\t\t\t\t\t\t\t<p>15h \u2013 NEM TUDO \u00c9 PAZ E AMOR (16 anos)<br \/><br \/>17h \u2013 LA LA LAND (Livre)<br \/><br \/><strong><span style=\"color: #008000;\">19h30 \u2013 SOLANGE (14 anos) + roda de conversa com diretores<\/span><\/strong><\/p>\t\t\t\t\t\t\t\t<\/div>\n\t\t\t\t<\/div>\n\t\t\t\t<\/div>\n\t\t\t\t\t<\/div>\n\t\t\t\t<\/div>\n\t\t\t\t\t<\/div>\n\t\t<\/div>\n\t\t\t\t\t\t<\/div>\n\t\t\t\t<\/div>\n\t\t\t\t<\/div>\n\t\t\t\t<div class=\"elementor-element elementor-element-384b577 elementor-hidden-desktop elementor-hidden-tablet elementor-hidden-mobile elementor-widget elementor-widget-heading\" data-id=\"384b577\" data-element_type=\"widget\" data-e-type=\"widget\" data-widget_type=\"heading.default\">\n\t\t\t\t<div class=\"elementor-widget-container\">\n\t\t\t\t\t<h2 class=\"elementor-heading-title elementor-size-default\">\u00daltimas Not\u00edcias<\/h2>\t\t\t\t<\/div>\n\t\t\t\t<\/div>\n\t\t\t\t\t<\/div>\n\t\t\t\t<\/div>\n\t\t<div class=\"elementor-element elementor-element-b3bec53 elementor-hidden-desktop elementor-hidden-tablet elementor-hidden-mobile e-flex e-con-boxed e-con e-parent\" data-id=\"b3bec53\" data-element_type=\"container\" data-e-type=\"container\">\n\t\t\t\t\t<div class=\"e-con-inner\">\n\t\t\t\t<div class=\"elementor-element elementor-element-7d05a3b elementor-widget elementor-widget-shortcode\" data-id=\"7d05a3b\" data-element_type=\"widget\" data-e-type=\"widget\" data-widget_type=\"shortcode.default\">\n\t\t\t\t<div class=\"elementor-widget-container\">\n\t\t\t\t\t\t\t<div class=\"elementor-shortcode\"><style type='text\/css' media='all'>#rt-tpg-container-3199749245 .rt-holder .rt-woo-info .price{color:#0367bf;}body .rt-tpg-container .rt-tpg-isotope-buttons .selected,\n\t\t\t\t\t#rt-tpg-container-3199749245 .layout12 .rt-holder:hover .rt-detail,\n\t\t\t\t\t#rt-tpg-container-3199749245 .isotope8 .rt-holder:hover .rt-detail,\n\t\t\t\t\t#rt-tpg-container-3199749245 .carousel8 .rt-holder:hover .rt-detail,\n\t\t\t\t\t#rt-tpg-container-3199749245 .layout13 .rt-holder .overlay .post-info,\n\t\t\t\t\t#rt-tpg-container-3199749245 .isotope9 .rt-holder .overlay .post-info,\n\t\t\t\t\t#rt-tpg-container-3199749245.rt-tpg-container .layout4 .rt-holder .rt-detail,\n\t\t\t\t\t.rt-modal-3199749245 .md-content,\n\t\t\t\t\t.rt-modal-3199749245 .md-content > .rt-md-content-holder .rt-md-content,\n\t\t\t\t\t.rt-popup-wrap-3199749245.rt-popup-wrap .rt-popup-navigation-wrap,\n\t\t\t\t\t#rt-tpg-container-3199749245 .carousel9 .rt-holder .overlay .post-info{background-color:#0367bf;}#rt-tpg-container-3199749245 .layout5 .rt-holder .overlay, #rt-tpg-container-3199749245 .isotope2 .rt-holder .overlay, #rt-tpg-container-3199749245 .carousel2 .rt-holder .overlay,#rt-tpg-container-3199749245 .layout15 .rt-holder h3, #rt-tpg-container-3199749245 .isotope11 .rt-holder h3, #rt-tpg-container-3199749245 .carousel11 .rt-holder h3, #rt-tpg-container-3199749245 .layout16 .rt-holder h3,\n\t\t\t\t\t#rt-tpg-container-3199749245 .isotope12 .rt-holder h3, #rt-tpg-container-3199749245 .carousel12 .rt-holder h3 {background-color:rgba(3,103,191,0.8);}#rt-tpg-container-3199749245 .read-more a{border-radius:px;}#rt-tpg-container-3199749245 .rt-img-holder img.rt-img-responsive,#rt-tpg-container-3199749245 .rt-img-holder,\n\t\t\t\t\t#rt-tpg-container-3199749245 .rt-post-overlay .post-img,\n\t\t\t\t\t#rt-tpg-container-3199749245 .post-sm .post-img,\n\t\t\t\t\t#rt-tpg-container-3199749245 .rt-post-grid .post-img,\n\t\t\t\t\t#rt-tpg-container-3199749245 .post-img img {border-radius:px;}<\/style><div class='rt-container-fluid rt-tpg-container tpg-shortcode-main-wrapper three-destaque' id='rt-tpg-container-3199749245'   data-layout='layout1' data-grid-style='even' data-desktop-col='3'  data-tab-col='2'  data-mobile-col='1' data-sc-id='251668'><div data-title='Loading ...' class='rt-row rt-content-loader   layout1 tpg-even '><div class=\"rt-col-md-4 rt-col-sm-6 rt-col-xs-12 even-grid-item rt-grid-item\" data-id=\"438973\"><div class=\"rt-holder\"><div class=\"rt-img-holder\"><a data-id=\"438973\" class=\"\" href=\"https:\/\/goias.gov.br\/cultura\/la-la-land-retorna-as-telonas-na-nova-programacao-do-cine-cultura\/\" target=\"_blank\"><img decoding=\"async\" width=\"1024\" height=\"682\" src=\"https:\/\/goias.gov.br\/cultura\/wp-content\/uploads\/sites\/25\/2026\/09\/La-La-Land-1024x682.webp\" class=\"rt-img-responsive \" alt=\"\" \/><\/a><\/div><div class=\"rt-detail\"><h3 class=\"entry-title\"><a data-id=\"438973\" class=\"\" href=\"https:\/\/goias.gov.br\/cultura\/la-la-land-retorna-as-telonas-na-nova-programacao-do-cine-cultura\/\" target=\"_blank\">La La Land retorna \u00e0s telonas na nova programa\u00e7\u00e3o do Cine Cultura<\/a><\/h3><div class=\"post-meta-user  \"><span class=\"date\"><i class=\"far fa-calendar-alt \"><\/i>1 de setembro de 2026<\/span><\/div><div class=\"post-meta \"><span class=\"read-more\"><a data-id=\"438973\" class=\"\" href=\"https:\/\/goias.gov.br\/cultura\/la-la-land-retorna-as-telonas-na-nova-programacao-do-cine-cultura\/\" target=\"_blank\">Leia Mais...<\/a><\/span><\/div><\/div><\/div><\/div><div class=\"rt-col-md-4 rt-col-sm-6 rt-col-xs-12 even-grid-item rt-grid-item\" data-id=\"435468\"><div class=\"rt-holder\"><div class=\"rt-img-holder\"><a data-id=\"435468\" class=\"\" href=\"https:\/\/goias.gov.br\/cultura\/cine-cultura-tem-duas-estreias-e-classicos-do-cinema-brasileiro-com-sessoes-gratuitas\/\" target=\"_blank\"><img decoding=\"async\" width=\"1024\" height=\"576\" src=\"https:\/\/goias.gov.br\/cultura\/wp-content\/uploads\/sites\/25\/2026\/08\/akira-divulgacao-rolling-stone-1024x576.jpg\" class=\"rt-img-responsive \" alt=\"\" \/><\/a><\/div><div class=\"rt-detail\"><h3 class=\"entry-title\"><a data-id=\"435468\" class=\"\" href=\"https:\/\/goias.gov.br\/cultura\/cine-cultura-tem-duas-estreias-e-classicos-do-cinema-brasileiro-com-sessoes-gratuitas\/\" target=\"_blank\">Cine Cultura tem duas estreias e cl\u00e1ssicos do cinema brasileiro com sess\u00f5es gratuitas<\/a><\/h3><div class=\"post-meta-user  \"><span class=\"date\"><i class=\"far fa-calendar-alt \"><\/i>24 de agosto de 2026<\/span><\/div><div class=\"post-meta \"><span class=\"read-more\"><a data-id=\"435468\" class=\"\" href=\"https:\/\/goias.gov.br\/cultura\/cine-cultura-tem-duas-estreias-e-classicos-do-cinema-brasileiro-com-sessoes-gratuitas\/\" target=\"_blank\">Leia Mais...<\/a><\/span><\/div><\/div><\/div><\/div><div class=\"rt-col-md-4 rt-col-sm-6 rt-col-xs-12 even-grid-item rt-grid-item\" data-id=\"433762\"><div class=\"rt-holder\"><div class=\"rt-img-holder\"><a data-id=\"433762\" class=\"\" href=\"https:\/\/goias.gov.br\/cultura\/sessoes-gratuitas-estreias-internacionais-e-exibicao-de-classicos-movimentam-nova-programacao-do-cine-cultura\/\" target=\"_blank\"><img loading=\"lazy\" decoding=\"async\" width=\"1024\" height=\"682\" src=\"https:\/\/goias.gov.br\/cultura\/wp-content\/uploads\/sites\/25\/2026\/08\/WhatsApp-Image-2026-08-18-at-16.28.17-1-1024x682.jpeg\" class=\"rt-img-responsive \" alt=\"\" \/><\/a><\/div><div class=\"rt-detail\"><h3 class=\"entry-title\"><a data-id=\"433762\" class=\"\" href=\"https:\/\/goias.gov.br\/cultura\/sessoes-gratuitas-estreias-internacionais-e-exibicao-de-classicos-movimentam-nova-programacao-do-cine-cultura\/\" target=\"_blank\">Sess\u00f5es gratuitas, estreias internacionais e exibi\u00e7\u00e3o de cl\u00e1ssicos movimentam nova programa\u00e7\u00e3o do Cine Cultura<\/a><\/h3><div class=\"post-meta-user  \"><span class=\"date\"><i class=\"far fa-calendar-alt \"><\/i>19 de agosto de 2026<\/span><\/div><div class=\"post-meta \"><span class=\"read-more\"><a data-id=\"433762\" class=\"\" href=\"https:\/\/goias.gov.br\/cultura\/sessoes-gratuitas-estreias-internacionais-e-exibicao-de-classicos-movimentam-nova-programacao-do-cine-cultura\/\" target=\"_blank\">Leia Mais...<\/a><\/span><\/div><\/div><\/div><\/div><div class=\"rt-col-md-4 rt-col-sm-6 rt-col-xs-12 even-grid-item rt-grid-item\" data-id=\"430027\"><div class=\"rt-holder\"><div class=\"rt-img-holder\"><a data-id=\"430027\" class=\"\" href=\"https:\/\/goias.gov.br\/cultura\/cine-cultura-estreia-premiados-de-cannes-e-destaca-cinema-brasileiro-na-programacao-da-semana\/\" target=\"_blank\"><img loading=\"lazy\" decoding=\"async\" width=\"1024\" height=\"576\" src=\"https:\/\/goias.gov.br\/cultura\/wp-content\/uploads\/sites\/25\/2026\/08\/acampamento-miasma-estreia-1024x576.jpg\" class=\"rt-img-responsive \" alt=\"\" \/><\/a><\/div><div class=\"rt-detail\"><h3 class=\"entry-title\"><a data-id=\"430027\" class=\"\" href=\"https:\/\/goias.gov.br\/cultura\/cine-cultura-estreia-premiados-de-cannes-e-destaca-cinema-brasileiro-na-programacao-da-semana\/\" target=\"_blank\">Cine Cultura estreia premiados de Cannes e destaca cinema brasileiro na programa\u00e7\u00e3o da semana<\/a><\/h3><div class=\"post-meta-user  \"><span class=\"date\"><i class=\"far fa-calendar-alt \"><\/i>12 de agosto de 2026<\/span><\/div><div class=\"post-meta \"><span class=\"read-more\"><a data-id=\"430027\" class=\"\" href=\"https:\/\/goias.gov.br\/cultura\/cine-cultura-estreia-premiados-de-cannes-e-destaca-cinema-brasileiro-na-programacao-da-semana\/\" target=\"_blank\">Leia Mais...<\/a><\/span><\/div><\/div><\/div><\/div><div class=\"rt-col-md-4 rt-col-sm-6 rt-col-xs-12 even-grid-item rt-grid-item\" data-id=\"421675\"><div class=\"rt-holder\"><div class=\"rt-img-holder\"><a data-id=\"421675\" class=\"\" href=\"https:\/\/goias.gov.br\/cultura\/cine-cultura-exibe-1a-mostra-sintetico-com-filmes-produzidos-por-inteligencia-artificial\/\" target=\"_blank\"><img loading=\"lazy\" decoding=\"async\" width=\"1024\" height=\"576\" src=\"https:\/\/goias.gov.br\/cultura\/wp-content\/uploads\/sites\/25\/2026\/07\/TheColorlessMan-1024x576.jpg\" class=\"rt-img-responsive \" alt=\"\" \/><\/a><\/div><div class=\"rt-detail\"><h3 class=\"entry-title\"><a data-id=\"421675\" class=\"\" href=\"https:\/\/goias.gov.br\/cultura\/cine-cultura-exibe-1a-mostra-sintetico-com-filmes-produzidos-por-inteligencia-artificial\/\" target=\"_blank\">Cine Cultura exibe 1\u00aa Mostra Sint\u00e9tico com filmes produzidos por Intelig\u00eancia Artificial<\/a><\/h3><div class=\"post-meta-user  \"><span class=\"date\"><i class=\"far fa-calendar-alt \"><\/i>10 de agosto de 2026<\/span><\/div><div class=\"post-meta \"><span class=\"read-more\"><a data-id=\"421675\" class=\"\" href=\"https:\/\/goias.gov.br\/cultura\/cine-cultura-exibe-1a-mostra-sintetico-com-filmes-produzidos-por-inteligencia-artificial\/\" target=\"_blank\">Leia Mais...<\/a><\/span><\/div><\/div><\/div><\/div><div class=\"rt-col-md-4 rt-col-sm-6 rt-col-xs-12 even-grid-item rt-grid-item\" data-id=\"428629\"><div class=\"rt-holder\"><div class=\"rt-img-holder\"><a data-id=\"428629\" class=\"\" href=\"https:\/\/goias.gov.br\/cultura\/cine-cultura-estreia-documentario-goiano-classico-de-michael-haneke-e-drama-brasileiro-premiado\/\" target=\"_blank\"><img loading=\"lazy\" decoding=\"async\" width=\"1024\" height=\"576\" src=\"https:\/\/goias.gov.br\/cultura\/wp-content\/uploads\/sites\/25\/2026\/08\/A-Professora-de-Piano-6-1024x576.jpg\" class=\"rt-img-responsive \" alt=\"\" \/><\/a><\/div><div class=\"rt-detail\"><h3 class=\"entry-title\"><a data-id=\"428629\" class=\"\" href=\"https:\/\/goias.gov.br\/cultura\/cine-cultura-estreia-documentario-goiano-classico-de-michael-haneke-e-drama-brasileiro-premiado\/\" target=\"_blank\">Cine Cultura estreia document\u00e1rio goiano, cl\u00e1ssico de Michael Haneke e drama brasileiro premiado<\/a><\/h3><div class=\"post-meta-user  \"><span class=\"date\"><i class=\"far fa-calendar-alt \"><\/i>6 de agosto de 2026<\/span><\/div><div class=\"post-meta \"><span class=\"read-more\"><a data-id=\"428629\" class=\"\" href=\"https:\/\/goias.gov.br\/cultura\/cine-cultura-estreia-documentario-goiano-classico-de-michael-haneke-e-drama-brasileiro-premiado\/\" target=\"_blank\">Leia Mais...<\/a><\/span><\/div><\/div><\/div><\/div><div class=\"rt-col-md-4 rt-col-sm-6 rt-col-xs-12 even-grid-item rt-grid-item\" data-id=\"423083\"><div class=\"rt-holder\"><div class=\"rt-img-holder\"><a data-id=\"423083\" class=\"\" href=\"https:\/\/goias.gov.br\/cultura\/cine-cultura-estreia-documentario-goiano-sino-peregrino-em-sessao-exclusiva-e-gratuita\/\" target=\"_blank\"><img loading=\"lazy\" decoding=\"async\" width=\"760\" height=\"428\" src=\"https:\/\/goias.gov.br\/cultura\/wp-content\/uploads\/sites\/25\/2026\/07\/bts-01.webp\" class=\"rt-img-responsive \" alt=\"\" \/><\/a><\/div><div class=\"rt-detail\"><h3 class=\"entry-title\"><a data-id=\"423083\" class=\"\" href=\"https:\/\/goias.gov.br\/cultura\/cine-cultura-estreia-documentario-goiano-sino-peregrino-em-sessao-exclusiva-e-gratuita\/\" target=\"_blank\">Cine Cultura estreia document\u00e1rio goiano Sino Peregrino em sess\u00e3o exclusiva e gratuita<\/a><\/h3><div class=\"post-meta-user  \"><span class=\"date\"><i class=\"far fa-calendar-alt \"><\/i>29 de julho de 2026<\/span><\/div><div class=\"post-meta \"><span class=\"read-more\"><a data-id=\"423083\" class=\"\" href=\"https:\/\/goias.gov.br\/cultura\/cine-cultura-estreia-documentario-goiano-sino-peregrino-em-sessao-exclusiva-e-gratuita\/\" target=\"_blank\">Leia Mais...<\/a><\/span><\/div><\/div><\/div><\/div><div class=\"rt-col-md-4 rt-col-sm-6 rt-col-xs-12 even-grid-item rt-grid-item\" data-id=\"418034\"><div class=\"rt-holder\"><div class=\"rt-img-holder\"><a data-id=\"418034\" class=\"\" href=\"https:\/\/goias.gov.br\/cultura\/cinema-brasileiro-e-destaque-no-cine-cultura-com-as-estreias-de-xica-da-silva-e-a-noite-de-alaide\/\" target=\"_blank\"><img loading=\"lazy\" decoding=\"async\" width=\"1024\" height=\"576\" src=\"https:\/\/goias.gov.br\/cultura\/wp-content\/uploads\/sites\/25\/2026\/07\/Xica-da-Silva-com-Zeze-Motta-reestreia-nos-cinemas-em-copia-restaurada-1024x576.jpg\" class=\"rt-img-responsive \" alt=\"\" \/><\/a><\/div><div class=\"rt-detail\"><h3 class=\"entry-title\"><a data-id=\"418034\" class=\"\" href=\"https:\/\/goias.gov.br\/cultura\/cinema-brasileiro-e-destaque-no-cine-cultura-com-as-estreias-de-xica-da-silva-e-a-noite-de-alaide\/\" target=\"_blank\">Cinema brasileiro \u00e9 destaque no Cine Cultura com as estreias de &#8220;Xica da Silva&#8221; e &#8220;A Noite de Ala\u00edde&#8221;<\/a><\/h3><div class=\"post-meta-user  \"><span class=\"date\"><i class=\"far fa-calendar-alt \"><\/i>21 de julho de 2026<\/span><\/div><div class=\"post-meta \"><span class=\"read-more\"><a data-id=\"418034\" class=\"\" href=\"https:\/\/goias.gov.br\/cultura\/cinema-brasileiro-e-destaque-no-cine-cultura-com-as-estreias-de-xica-da-silva-e-a-noite-de-alaide\/\" target=\"_blank\">Leia Mais...<\/a><\/span><\/div><\/div><\/div><\/div><div class=\"rt-col-md-4 rt-col-sm-6 rt-col-xs-12 even-grid-item rt-grid-item\" data-id=\"413765\"><div class=\"rt-holder\"><div class=\"rt-img-holder\"><a data-id=\"413765\" class=\"\" href=\"https:\/\/goias.gov.br\/cultura\/cine-cultura-estreia-dois-longas-internacionais-e-amplia-programacao-das-ferias-escolares\/\" target=\"_blank\"><img loading=\"lazy\" decoding=\"async\" width=\"1024\" height=\"554\" src=\"https:\/\/goias.gov.br\/cultura\/wp-content\/uploads\/sites\/25\/2026\/07\/INVITE_KeySet_Still_6-1024x554.jpg\" class=\"rt-img-responsive \" alt=\"\" \/><\/a><\/div><div class=\"rt-detail\"><h3 class=\"entry-title\"><a data-id=\"413765\" class=\"\" href=\"https:\/\/goias.gov.br\/cultura\/cine-cultura-estreia-dois-longas-internacionais-e-amplia-programacao-das-ferias-escolares\/\" target=\"_blank\">Cine Cultura estreia dois longas internacionais e amplia programa\u00e7\u00e3o das f\u00e9rias escolares<\/a><\/h3><div class=\"post-meta-user  \"><span class=\"date\"><i class=\"far fa-calendar-alt \"><\/i>14 de julho de 2026<\/span><\/div><div class=\"post-meta \"><span class=\"read-more\"><a data-id=\"413765\" class=\"\" href=\"https:\/\/goias.gov.br\/cultura\/cine-cultura-estreia-dois-longas-internacionais-e-amplia-programacao-das-ferias-escolares\/\" target=\"_blank\">Leia Mais...<\/a><\/span><\/div><\/div><\/div><\/div><\/div><\/div><\/div>\n\t\t\t\t\t\t<\/div>\n\t\t\t\t<\/div>\n\t\t\t\t\t<\/div>\n\t\t\t\t<\/div>\n\t\t\t\t<\/div>\n\t\t","protected":false},"excerpt":{"rendered":"<p>EM CARTAZ PROGRAMA\u00c7\u00c3O Dia 02\/09 &#8211; Quarta-feira Dia 03\/09 \u2013 Quinta-feira Dia 04\/09 \u2013 Sexta-feira Dia 05\/09 \u2013 S\u00e1bado Dia 06\/09 \u2013 Domingo Dia 07\/09 &#8211; Segunda-feira Dia 08\/09 &#8211; Ter\u00e7a-feira Dia 09\/09 &#8211; Quarta-feira 14h \u2013 O CONVITE (16 anos) 16h10 \u2013 AQUELE QUE VIU O ABISMO (14 anos) 17h40 \u2013 UMA INF\u00c2NCIA ALEM\u00c3 [&hellip;]<\/p>\n","protected":false},"author":322,"featured_media":0,"parent":101888,"menu_order":0,"comment_status":"closed","ping_status":"closed","template":"","meta":{"footnotes":""},"class_list":["post-101964","page","type-page","status-publish","hentry"],"rttpg_featured_image_url":null,"rttpg_author":{"display_name":"alessandraferreira","author_link":"https:\/\/goias.gov.br\/cultura\/author\/alessandraferreira\/"},"rttpg_comment":0,"rttpg_category":"","rttpg_excerpt":"EM CARTAZ PROGRAMA\u00c7\u00c3O Dia 02\/09 &#8211; Quarta-feira Dia 03\/09 \u2013 Quinta-feira Dia 04\/09 \u2013 Sexta-feira Dia 05\/09 \u2013 S\u00e1bado Dia 06\/09 \u2013 Domingo Dia 07\/09 &#8211; Segunda-feira Dia 08\/09 &#8211; Ter\u00e7a-feira Dia 09\/09 &#8211; Quarta-feira 14h \u2013 O CONVITE (16 anos) 16h10 \u2013 AQUELE QUE VIU O ABISMO (14 anos) 17h40 \u2013 UMA INF\u00c2NCIA ALEM\u00c3&hellip;","_links":{"self":[{"href":"https:\/\/goias.gov.br\/cultura\/wp-json\/wp\/v2\/pages\/101964","targetHints":{"allow":["GET"]}}],"collection":[{"href":"https:\/\/goias.gov.br\/cultura\/wp-json\/wp\/v2\/pages"}],"about":[{"href":"https:\/\/goias.gov.br\/cultura\/wp-json\/wp\/v2\/types\/page"}],"author":[{"embeddable":true,"href":"https:\/\/goias.gov.br\/cultura\/wp-json\/wp\/v2\/users\/322"}],"replies":[{"embeddable":true,"href":"https:\/\/goias.gov.br\/cultura\/wp-json\/wp\/v2\/comments?post=101964"}],"version-history":[{"count":2,"href":"https:\/\/goias.gov.br\/cultura\/wp-json\/wp\/v2\/pages\/101964\/revisions"}],"predecessor-version":[{"id":440233,"href":"https:\/\/goias.gov.br\/cultura\/wp-json\/wp\/v2\/pages\/101964\/revisions\/440233"}],"up":[{"embeddable":true,"href":"https:\/\/goias.gov.br\/cultura\/wp-json\/wp\/v2\/pages\/101888"}],"wp:attachment":[{"href":"https:\/\/goias.gov.br\/cultura\/wp-json\/wp\/v2\/media?parent=101964"}],"curies":[{"name":"wp","href":"https:\/\/api.w.org\/{rel}","templated":true}]}}