

{"id":1925,"date":"2024-02-26T15:44:40","date_gmt":"2024-02-26T18:44:40","guid":{"rendered":"https:\/\/siteshom.goias.gov.br\/casamilitar\/agenda-de-autoridades\/"},"modified":"2026-05-03T06:38:59","modified_gmt":"2026-05-03T09:38:59","slug":"agenda-de-autoridades","status":"publish","type":"page","link":"https:\/\/goias.gov.br\/casamilitar\/agenda-de-autoridades\/","title":{"rendered":"Agenda de Autoridades"},"content":{"rendered":"<p><strong style='margin-block-end: -1.8rem'><a href='https:\/\/goias.gov.br\/casamilitar\/secretario-chefe-da-casa-militar\/'>Secret\u00e1rio-Chefe da Casa Militar<\/a><\/strong><br \/>CORONEL MARCO AUR\u00c9LIO GODINHO<\/p>\n<p><strong style='margin-block-end: -1.8rem'><a href='https:\/\/goias.gov.br\/casamilitar\/superintendente-de-administracao-do-palacio-das-esmeraldas\/'>Superintendente de Administra\u00e7\u00e3o do Pal\u00e1cio das Esmeraldas<\/a><\/strong><br \/>ALESSANDRA OLIVEIRA URANI MARQUES BRAGA<\/p>\n<p><strong style='margin-block-end: -1.8rem'><a href='https:\/\/goias.gov.br\/casamilitar\/superintendente-de-administracao-do-palacio-pedro-ludovico-teixeira\/'>Superintendente de Administra\u00e7\u00e3o do Pal\u00e1cio Pedro Ludovico Teixeira<\/a><\/strong><br \/>MARCO THULIO CARRILHO DE CASTRO<\/p>\n<p><strong style='margin-block-end: -1.8rem'><a href='https:\/\/goias.gov.br\/casamilitar\/superintendente-do-servico-aereo\/'>Superintendente do Servi\u00e7o A\u00e9reo<\/a><\/strong><br \/>ALESSANDRO REGYS REIS DE CARVALHO<\/p>\n<p><strong style='margin-block-end: -1.8rem'><a href='https:\/\/goias.gov.br\/casamilitar\/superintendente-de-seguranca-militar\/'>Superintendente de Seguran\u00e7a Militar<\/a><\/strong><br \/>RODRIGO HEBERT CORREA<\/p>\n<p><strong style='margin-block-end: -1.8rem'><a href='https:\/\/goias.gov.br\/casamilitar\/superintendente-de-gestao-integrada\/'>Superintendente de Gest\u00e3o Integrada<\/a><\/strong><br \/>GUSTAVO ALMEIDA DOS REIS VIEIRA<\/p>\n<p><strong style='margin-block-end: -1.8rem'><a href='https:\/\/goias.gov.br\/casamilitar\/procurador-setorial\/'>Procurador Setorial<\/a><\/strong><br \/>JADER MIRANDA DE ALMEIDA<\/p>\n<p><strong style='margin-block-end: -1.8rem'><a href='https:\/\/goias.gov.br\/casamilitar\/assessor-executivo-do-servico-aereo\/'>Assessor Executivo do Servi\u00e7o A\u00e9reo<\/a><\/strong><br \/>JOSE RIBAMAR PEDREIRA<\/p>\n<p><strong style='margin-block-end: -1.8rem'><a href='https:\/\/goias.gov.br\/casamilitar\/assessor-especial-do-servico-aereo\/'>Assessor Especial do Servi\u00e7o A\u00e9reo<\/a><\/strong><br \/>PAULO JORDAN BRAUN RODRIGUES<\/p>\n<p><strong style='margin-block-end: -1.8rem'><a href='https:\/\/goias.gov.br\/casamilitar\/assessor-especial-do-servico-aereo-ii\/'>Assessor Especial do Servi\u00e7o A\u00e9reo II<\/a><\/strong><br \/>WILDER ARAUJO DE FRANCA<\/p>\n","protected":false},"excerpt":{"rendered":"<p>Secret\u00e1rio-Chefe da Casa MilitarCORONEL MARCO AUR\u00c9LIO GODINHO Superintendente de Administra\u00e7\u00e3o do Pal\u00e1cio das EsmeraldasALESSANDRA OLIVEIRA URANI MARQUES BRAGA Superintendente de Administra\u00e7\u00e3o do Pal\u00e1cio Pedro Ludovico TeixeiraMARCO THULIO CARRILHO DE CASTRO Superintendente do Servi\u00e7o A\u00e9reoALESSANDRO REGYS REIS DE CARVALHO Superintendente de Seguran\u00e7a MilitarRODRIGO HEBERT CORREA Superintendente de Gest\u00e3o IntegradaGUSTAVO ALMEIDA DOS REIS VIEIRA Procurador SetorialJADER MIRANDA [&hellip;]<\/p>\n","protected":false},"author":5,"featured_media":0,"parent":0,"menu_order":0,"comment_status":"closed","ping_status":"closed","template":"","meta":{"footnotes":""},"class_list":["post-1925","page","type-page","status-publish","hentry"],"rttpg_featured_image_url":null,"rttpg_author":{"display_name":"jamyscosta","author_link":"https:\/\/goias.gov.br\/casamilitar\/author\/jamyscosta\/"},"rttpg_comment":0,"rttpg_category":null,"rttpg_excerpt":"Secret\u00e1rio-Chefe da Casa MilitarCORONEL MARCO AUR\u00c9LIO GODINHO Superintendente de Administra\u00e7\u00e3o do Pal\u00e1cio das EsmeraldasALESSANDRA OLIVEIRA URANI MARQUES BRAGA Superintendente de Administra\u00e7\u00e3o do Pal\u00e1cio Pedro Ludovico TeixeiraMARCO THULIO CARRILHO DE CASTRO Superintendente do Servi\u00e7o A\u00e9reoALESSANDRO REGYS REIS DE CARVALHO Superintendente de Seguran\u00e7a MilitarRODRIGO HEBERT CORREA Superintendente de Gest\u00e3o IntegradaGUSTAVO ALMEIDA DOS REIS VIEIRA Procurador SetorialJADER MIRANDA&hellip;","_links":{"self":[{"href":"https:\/\/goias.gov.br\/casamilitar\/wp-json\/wp\/v2\/pages\/1925","targetHints":{"allow":["GET"]}}],"collection":[{"href":"https:\/\/goias.gov.br\/casamilitar\/wp-json\/wp\/v2\/pages"}],"about":[{"href":"https:\/\/goias.gov.br\/casamilitar\/wp-json\/wp\/v2\/types\/page"}],"author":[{"embeddable":true,"href":"https:\/\/goias.gov.br\/casamilitar\/wp-json\/wp\/v2\/users\/5"}],"replies":[{"embeddable":true,"href":"https:\/\/goias.gov.br\/casamilitar\/wp-json\/wp\/v2\/comments?post=1925"}],"version-history":[{"count":2,"href":"https:\/\/goias.gov.br\/casamilitar\/wp-json\/wp\/v2\/pages\/1925\/revisions"}],"predecessor-version":[{"id":28613,"href":"https:\/\/goias.gov.br\/casamilitar\/wp-json\/wp\/v2\/pages\/1925\/revisions\/28613"}],"wp:attachment":[{"href":"https:\/\/goias.gov.br\/casamilitar\/wp-json\/wp\/v2\/media?parent=1925"}],"curies":[{"name":"wp","href":"https:\/\/api.w.org\/{rel}","templated":true}]}}