

{"id":1899,"date":"2024-02-26T14:19:28","date_gmt":"2024-02-26T17:19:28","guid":{"rendered":"https:\/\/siteshom.goias.gov.br\/casamilitar\/?page_id=1899"},"modified":"2026-04-14T10:53:17","modified_gmt":"2026-04-14T13:53:17","slug":"a-secretaria","status":"publish","type":"page","link":"https:\/\/goias.gov.br\/casamilitar\/a-secretaria\/","title":{"rendered":"A Secretaria"},"content":{"rendered":"<p><div data-post-id=\"5\" class=\"insert-page insert-page-5 \"><h1 class='insert-page-title'>A Secretaria<\/h1><p>A\u00a0 principal\u00a0 miss\u00e3o\u00a0 da Secretaria da Casa Militar,\u00a0 tendo\u00a0 o\u00a0 destaque merecido,\u00a0 \u00e9\u00a0 dar\u00a0 prote\u00e7\u00e3o\u00a0 ao\u00a0 Governador\u00a0 e\u00a0 Vice-Governador,\u00a0 bem\u00a0 como\u00a0 \u00e0s\u00a0 respectivas fam\u00edlias\u00a0 al\u00e9m\u00a0 de\u00a0 zelar\u00a0 pela\u00a0 seguran\u00e7a\u00a0 dos\u00a0 pal\u00e1cios e\u00a0 resid\u00eancias,\u00a0 al\u00e9m\u00a0 de\u00a0 administrar\u00a0 os meios de transportes e deslocamentos das mesmas autoridades.<\/p>\n<p style=\"text-align: justify;\"><a href=\"\/Users\/fabio-aar\/Documents\/CASA%20MILITAR%20DA%20GOVERNADORIA.pdf\" target=\"_blank\" rel=\"noopener\">Saiba\u00a0mais sobre a\u00a0hist\u00f3ria da Casa Militar<\/a><\/p>\n<ul class='post-meta'>\n<li><span class='post-meta-key'>author_alias:<\/span> Joomla<\/li>\n<li><span class='post-meta-key'>rank_math_og_content_image:<\/span> a:2:{s:5:\"check\";s:32:\"d8323a7449db4ab2e30e5fc517bab93b\";s:6:\"images\";a:0:{}}<\/li>\n<li><span class='post-meta-key'>tpg-post-view-count:<\/span> 338<\/li>\n<li><span class='post-meta-key'>rank_math_seo_score:<\/span> 11<\/li>\n<li><span class='post-meta-key'>rank_math_primary_category:<\/span> 2<\/li>\n<li><span class='post-meta-key'>rank_math_analytic_object_id:<\/span> 74<\/li>\n<li><span class='post-meta-key'>rank_math_internal_links_processed:<\/span> 1<\/li>\n<\/ul>\n<\/div><div data-post-id=\"35\" class=\"insert-page insert-page-35 \"><h1 class='insert-page-title'>Compet\u00eancias<\/h1><p style=\"text-align: justify;\"><a id=\"\" title=\"\" href=\"https:\/\/goias.gov.br\/casamilitar\/wp-content\/uploads\/sites\/52\/2018\/07\/LeiOrdinaria21.792-c6f.pdf\" target=\"\" rel=\"noopener\">Lei N\u00ba 21.792, de 16 de Fevereiro de 2023<\/a><\/p>\n<p style=\"text-align: justify;\">Art. 4\u00ba\u00a0C<strong>ompete \u00e0 Secretaria de Estado \u00a0da Casa Militar<\/strong><\/p>\n<p style=\"text-align: justify;\">I \u2013 a realiza\u00e7\u00e3o da seguran\u00e7a pessoal do Governador, do Vice-Governador e respectivas fam\u00edlias e, ainda, da seguran\u00e7a f\u00edsica do Pal\u00e1cio Governamental, das resid\u00eancias oficiais, do Pal\u00e1cio Pedro Ludovico Teixeira e do Hangar do Estado de Goi\u00e1s.<\/p>\n<p style=\"text-align: justify;\">II \u2013 a administra\u00e7\u00e3o do transporte a\u00e9reo e terrestre do Governador, do Vice-Governador, de suas fam\u00edlias e das demais autoridades governamentais que fizerem uso dos servi\u00e7os, observadas as normas regulamentares espec\u00edficas;<\/p>\n<p style=\"text-align: justify;\">III \u2013 a gest\u00e3o dos Pal\u00e1cios do Governo e das resid\u00eancias oficiais; e<\/p>\n<p style=\"text-align: justify;\">IV \u2013 a ajud\u00e2ncia de ordens do Governador e Vice-Governador do Estado<\/p>\n<p><span style=\"font-weight: 400;\">DA ESTRUTURA ORGANIZACIONAL<\/span><\/p>\n<p><span style=\"font-weight: 400;\">Art. 3\u00ba A partir do Gabinete do Secret\u00e1rio-Chefe da CASA<\/span><\/p>\n<p><span style=\"font-weight: 400;\">MILITAR, as unidades administrativas das estruturas b\u00e1sica e<\/span><\/p>\n<p><span style=\"font-weight: 400;\">complementar da CASA MILITAR s\u00e3o as seguintes:<\/span><\/p>\n<p><span style=\"font-weight: 400;\">I &#8211; Procuradoria Setorial;<\/span><\/p>\n<p><span style=\"font-weight: 400;\">II &#8211; Ger\u00eancia de Ajud\u00e2ncia de Ordens 1;<\/span><\/p>\n<p><span style=\"font-weight: 400;\">III &#8211; Ger\u00eancia de Ajud\u00e2ncia de Ordens 2;<\/span><\/p>\n<p><span style=\"font-weight: 400;\">IV &#8211; Ger\u00eancia de Ajud\u00e2ncia de Ordens 3;<\/span><\/p>\n<p><span style=\"font-weight: 400;\">V &#8211; Ger\u00eancia de Ajud\u00e2ncia de Ordens do Vice-Governador;<\/span><\/p>\n<p><span style=\"font-weight: 400;\">VI &#8211; Assessoria Executiva do Servi\u00e7o A\u00e9reo<\/span><\/p>\n\n\n<p><\/p>\n<ul class='post-meta'>\n<li><span class='post-meta-key'>tpg-post-view-count:<\/span> 462<\/li>\n<li><span class='post-meta-key'>rank_math_analytic_object_id:<\/span> 68<\/li>\n<li><span class='post-meta-key'>rank_math_internal_links_processed:<\/span> 1<\/li>\n<li><span class='post-meta-key'>footnotes:<\/span> <\/li>\n<\/ul>\n<\/div><div data-post-id=\"23\" class=\"insert-page insert-page-23 \"><h1 class='insert-page-title'>Canais de Atendimento<\/h1><p class=\"nomargintop\">O atendimento presencial acontece das 08h \u00e0s 12h e 14h \u00e0s 18h.<br \/>\nPal\u00e1cio Pedro Ludovico Teixeira &#8211; Avenida 82, N\u00ba 400, 9\u00ba andar &#8211; Setor Sul \u2013 CEP 74.015-908 &#8211; Goi\u00e2nia &#8211; GO<br \/>\nTelefone (62) <strong>3270-8813<\/strong><\/p>\n<hr \/>\n<p>Saiba mais informa\u00e7\u00f5es sobre <a href=\"https:\/\/goias.gov.br\/casamilitar\/telefones-enderecos-e-horarios-de-atendimento\/\">Telefones, endere\u00e7os e hor\u00e1rios de atendimento<\/a> das unidades.<\/p>\n<ul class='post-meta'>\n<li><span class='post-meta-key'>rank_math_analytic_object_id:<\/span> 72<\/li>\n<li><span class='post-meta-key'>tpg-post-view-count:<\/span> 553<\/li>\n<li><span class='post-meta-key'>rank_math_internal_links_processed:<\/span> 1<\/li>\n<\/ul>\n<\/div><div data-post-id=\"37\" class=\"insert-page insert-page-37 \"><h1 class='insert-page-title'>Estrutura Organizacional<\/h1><p style=\"text-align: justify;\"><strong>Estrutura Completa&nbsp;<\/strong><\/p>\n<p style=\"text-align: justify;\"><img fetchpriority=\"high\" fetchpriority=\"high\" decoding=\"async\" class=\" size-full wp-image-36\" alt=\"\" height=\"783\" id=\"\" src=\"https:\/\/goias.gov.br\/casamilitar\/wp-content\/uploads\/sites\/52\/2018\/07\/CASAMILITAR27-06_page-0001-9ba.jpg\" title=\"\" width=\"1107\" srcset=\"https:\/\/goias.gov.br\/casamilitar\/wp-content\/uploads\/sites\/52\/2018\/07\/CASAMILITAR27-06_page-0001-9ba.jpg 1754w, https:\/\/goias.gov.br\/casamilitar\/wp-content\/uploads\/sites\/52\/2018\/07\/CASAMILITAR27-06_page-0001-9ba-300x212.jpg 300w, https:\/\/goias.gov.br\/casamilitar\/wp-content\/uploads\/sites\/52\/2018\/07\/CASAMILITAR27-06_page-0001-9ba-1024x725.jpg 1024w, https:\/\/goias.gov.br\/casamilitar\/wp-content\/uploads\/sites\/52\/2018\/07\/CASAMILITAR27-06_page-0001-9ba-768x543.jpg 768w, https:\/\/goias.gov.br\/casamilitar\/wp-content\/uploads\/sites\/52\/2018\/07\/CASAMILITAR27-06_page-0001-9ba-1536x1087.jpg 1536w\" sizes=\"(max-width: 1107px) 100vw, 1107px\" \/><\/p>\n<p style=\"text-align: justify;\">&nbsp;<\/p>\n<p style=\"text-align: justify;\"><strong>Estrutura Organizacional<\/strong><\/p>\n<p style=\"text-align: justify;\">Estrutura organizacional segundo&nbsp;<a href=\"https:\/\/www.gabinetecivil.go.gov.br\/pagina_leis.php?id=23592\">Lei n&ordm; 20.491, de 25 de Junho de 2019<\/a>:<\/p>\n<p style=\"text-align: justify;\"><strong>Estrutura Organizacional<\/strong><\/p>\n<p style=\"text-align: justify;\">A Casa Militar &eacute; dividido em cinco Superintend&ecirc;ncias.<\/p>\n<div style=\"margin-left:-3.0pt;\">\n<ul>\n<li style=\"text-align: justify;\">Superintend&ecirc;ncia de Gest&atilde;o Integrada<\/li>\n<li style=\"text-align: justify;\">Superintend&ecirc;ncia de Administra&ccedil;&atilde;o do Pal&aacute;cio Pedro Ludovico Teixeira<\/li>\n<li style=\"text-align: justify;\">Superintend&ecirc;ncia de Administra&ccedil;&atilde;o do Pal&aacute;cio das Esmeraldas<\/li>\n<li style=\"text-align: justify;\">Superintend&ecirc;ncia do Servi&ccedil;o A&eacute;reo<\/li>\n<li style=\"text-align: justify;\">Superintend&ecirc;ncia de Seguran&ccedil;a Militar<\/li>\n<\/ul>\n<ul>\n<li><a href=\"https:\/\/www.administracao.go.gov.br\/?option=com_content&amp;view=article&amp;id=19100\">Conhe&ccedil;a tamb&eacute;m nosso organograma<\/a><\/li>\n<li style=\"text-align: justify;\"><a href=\"https:\/\/www.administracao.go.gov.br\/files\/GGC\/CASAMILITAR01-09.pdf\" target=\"_blank\" rel=\"noopener\">Conhe&ccedil;a tamb&eacute;m o nosso organograma<\/a>&nbsp;PDF<\/li>\n<li style=\"text-align: justify;\"><a href=\"https:\/\/www.casamilitar.go.gov.br\/component\/content\/article\/2-institucional\/412-atendimento-presencial-ouvidoria%20.html?Itemid=101\">Atendimento Presencial -Ouvidoria&nbsp;<\/a><\/li>\n<\/ul>\n<\/div>\n<div>\n<p>&nbsp;<\/p>\n<\/div>\n<p>&nbsp;<\/p>\n<p><a href=\"https:\/\/diariooficial.abc.go.gov.br\/\">&nbsp;<\/a><\/p>\n<p>&nbsp;<\/p>\n<ul class='post-meta'>\n<li><span class='post-meta-key'>rank_math_analytic_object_id:<\/span> 67<\/li>\n<li><span class='post-meta-key'>tpg-post-view-count:<\/span> 449<\/li>\n<li><span class='post-meta-key'>rank_math_internal_links_processed:<\/span> 1<\/li>\n<\/ul>\n<\/div><div data-post-id=\"31\" class=\"insert-page insert-page-31 \"><h1 class='insert-page-title'>Secret\u00e1rio-Chefe<\/h1><p style=\"text-align: left;\"><img decoding=\"async\" id=\"\" class=\"alignnone wp-image-26742 size-full\" src=\"https:\/\/goias.gov.br\/casamilitar\/wp-content\/uploads\/sites\/52\/2018\/07\/CEL-GODINHO-SITE.jpg\" alt=\"\" width=\"186\" height=\"250\" \/><\/p>\n<p style=\"text-align: left;\"><em><strong>Foto:\u00a0<\/strong><\/em><\/p>\n<p style=\"text-align: justify;\">CORONEL MARCO AUR\u00c9LIO GODINHO<br \/>\nO Cel PM \u00e9 oficial de carreira da Pol\u00edcia Militar de Goi\u00e1s, atualmente em exerc\u00edcio como Secret\u00e1rio-Chefe da Casa Militar (SECAMI).<\/p>\n<p>Designado Secret\u00e1rio-Chefe em 01 de abril de 2026, Coronel Godinho, coordena as atividades administrativas e operacionais da Casa Militar, respondendo diretamente pela interlocu\u00e7\u00e3o entre o governo do Estado e as unidades subordinadas, sempre pautado pela experi\u00eancia acumulada em mais de tr\u00eas d\u00e9cadas de servi\u00e7os prestados \u00e0 seguran\u00e7a p\u00fablica.<\/p>\n<p style=\"text-align: center;\"><a href=\"https:\/\/goias.gov.br\/casamilitar\/wp-content\/uploads\/sites\/52\/2018\/07\/exchefes2019-4be.pdf\" target=\"_blank\" rel=\"noopener\">Conhe\u00e7a tamb\u00e9m a Galeria de Ex-Chefes<\/a><\/p>\n<ul class='post-meta'>\n<li><span class='post-meta-key'>rank_math_analytic_object_id:<\/span> 71<\/li>\n<li><span class='post-meta-key'>tpg-post-view-count:<\/span> 696<\/li>\n<li><span class='post-meta-key'>rank_math_internal_links_processed:<\/span> 1<\/li>\n<\/ul>\n<\/div><\/p>\n","protected":false},"excerpt":{"rendered":"","protected":false},"author":7,"featured_media":0,"parent":0,"menu_order":0,"comment_status":"closed","ping_status":"closed","template":"wppb_theme_template","meta":{"footnotes":""},"class_list":["post-1899","page","type-page","status-publish","hentry"],"rttpg_featured_image_url":null,"rttpg_author":{"display_name":"gustavogoncalves","author_link":"https:\/\/goias.gov.br\/casamilitar\/author\/gustavogoncalves\/"},"rttpg_comment":0,"rttpg_category":"","rttpg_excerpt":null,"_links":{"self":[{"href":"https:\/\/goias.gov.br\/casamilitar\/wp-json\/wp\/v2\/pages\/1899","targetHints":{"allow":["GET"]}}],"collection":[{"href":"https:\/\/goias.gov.br\/casamilitar\/wp-json\/wp\/v2\/pages"}],"about":[{"href":"https:\/\/goias.gov.br\/casamilitar\/wp-json\/wp\/v2\/types\/page"}],"author":[{"embeddable":true,"href":"https:\/\/goias.gov.br\/casamilitar\/wp-json\/wp\/v2\/users\/7"}],"replies":[{"embeddable":true,"href":"https:\/\/goias.gov.br\/casamilitar\/wp-json\/wp\/v2\/comments?post=1899"}],"version-history":[{"count":2,"href":"https:\/\/goias.gov.br\/casamilitar\/wp-json\/wp\/v2\/pages\/1899\/revisions"}],"predecessor-version":[{"id":24117,"href":"https:\/\/goias.gov.br\/casamilitar\/wp-json\/wp\/v2\/pages\/1899\/revisions\/24117"}],"wp:attachment":[{"href":"https:\/\/goias.gov.br\/casamilitar\/wp-json\/wp\/v2\/media?parent=1899"}],"curies":[{"name":"wp","href":"https:\/\/api.w.org\/{rel}","templated":true}]}}