

{"id":56394,"date":"2026-01-19T09:08:23","date_gmt":"2026-01-19T12:08:23","guid":{"rendered":"https:\/\/goias.gov.br\/casacivil\/?page_id=56394"},"modified":"2026-04-07T15:14:18","modified_gmt":"2026-04-07T18:14:18","slug":"secretarios-e-ex-secretarios","status":"publish","type":"page","link":"https:\/\/goias.gov.br\/casacivil\/secretarios-e-ex-secretarios\/","title":{"rendered":"Secret\u00e1rio e Ex-Secret\u00e1rios"},"content":{"rendered":"\t\t<div data-elementor-type=\"wp-page\" data-elementor-id=\"56394\" class=\"elementor elementor-56394\">\n\t\t\t\t<div class=\"elementor-element elementor-element-c214551 e-con-full e-flex e-con e-parent\" data-id=\"c214551\" data-element_type=\"container\" data-e-type=\"container\">\n\t\t<div class=\"elementor-element elementor-element-24d4c34 e-con-full e-flex e-con e-child\" data-id=\"24d4c34\" data-element_type=\"container\" data-e-type=\"container\">\n\t\t\t\t<div class=\"elementor-element elementor-element-05f7b3e elementor-widget elementor-widget-heading\" data-id=\"05f7b3e\" data-element_type=\"widget\" data-e-type=\"widget\" data-widget_type=\"heading.default\">\n\t\t\t\t<div class=\"elementor-widget-container\">\n\t\t\t\t\t<h3 class=\"elementor-heading-title elementor-size-default\">SECRET\u00c1RIO E EX-SECRET\u00c1RIOS DE ESTADO DA CASA CIVIL<\/h3>\t\t\t\t<\/div>\n\t\t\t\t<\/div>\n\t\t\t\t<\/div>\n\t\t<div class=\"elementor-element elementor-element-f5fa9da e-con-full e-flex e-con e-child\" data-id=\"f5fa9da\" data-element_type=\"container\" data-e-type=\"container\">\n\t\t<div class=\"elementor-element elementor-element-c12110e e-con-full e-flex e-con e-child\" data-id=\"c12110e\" data-element_type=\"container\" data-e-type=\"container\">\n\t\t\t\t<div class=\"elementor-element elementor-element-672266e elementor-widget elementor-widget-image\" data-id=\"672266e\" data-element_type=\"widget\" data-e-type=\"widget\" data-widget_type=\"image.default\">\n\t\t\t\t<div class=\"elementor-widget-container\">\n\t\t\t\t\t\t\t\t\t\t\t\t\t\t\t<img fetchpriority=\"high\" decoding=\"async\" width=\"819\" height=\"1024\" src=\"https:\/\/goias.gov.br\/casacivil\/wp-content\/uploads\/sites\/47\/2026\/04\/Secretarios-1-819x1024.jpg\" class=\"attachment-large size-large wp-image-65459\" alt=\"\" srcset=\"https:\/\/goias.gov.br\/casacivil\/wp-content\/uploads\/sites\/47\/2026\/04\/Secretarios-1-819x1024.jpg 819w, https:\/\/goias.gov.br\/casacivil\/wp-content\/uploads\/sites\/47\/2026\/04\/Secretarios-1-240x300.jpg 240w, https:\/\/goias.gov.br\/casacivil\/wp-content\/uploads\/sites\/47\/2026\/04\/Secretarios-1-768x960.jpg 768w, https:\/\/goias.gov.br\/casacivil\/wp-content\/uploads\/sites\/47\/2026\/04\/Secretarios-1-1229x1536.jpg 1229w, https:\/\/goias.gov.br\/casacivil\/wp-content\/uploads\/sites\/47\/2026\/04\/Secretarios-1-1638x2048.jpg 1638w\" sizes=\"(max-width: 819px) 100vw, 819px\" \/>\t\t\t\t\t\t\t\t\t\t\t\t\t\t\t<\/div>\n\t\t\t\t<\/div>\n\t\t\t\t<div class=\"elementor-element elementor-element-42d316c elementor-widget__width-initial elementor-widget elementor-widget-heading\" data-id=\"42d316c\" data-element_type=\"widget\" data-e-type=\"widget\" data-widget_type=\"heading.default\">\n\t\t\t\t<div class=\"elementor-widget-container\">\n\t\t\t\t\t<h6 class=\"elementor-heading-title elementor-size-default\">Bruno Belem<br>1\/4\/2026 \u2013<\/h6>\t\t\t\t<\/div>\n\t\t\t\t<\/div>\n\t\t\t\t<\/div>\n\t\t<div class=\"elementor-element elementor-element-c42524a e-con-full e-flex e-con e-child\" data-id=\"c42524a\" data-element_type=\"container\" data-e-type=\"container\">\n\t\t\t\t<div class=\"elementor-element elementor-element-9431f1d elementor-widget elementor-widget-image\" data-id=\"9431f1d\" data-element_type=\"widget\" data-e-type=\"widget\" data-widget_type=\"image.default\">\n\t\t\t\t<div class=\"elementor-widget-container\">\n\t\t\t\t\t\t\t\t\t\t\t\t\t\t\t<img decoding=\"async\" width=\"819\" height=\"1024\" src=\"https:\/\/goias.gov.br\/casacivil\/wp-content\/uploads\/sites\/47\/2026\/01\/Secretarios-1-1-819x1024.jpg\" class=\"attachment-large size-large wp-image-58826\" alt=\"\" srcset=\"https:\/\/goias.gov.br\/casacivil\/wp-content\/uploads\/sites\/47\/2026\/01\/Secretarios-1-1-819x1024.jpg 819w, https:\/\/goias.gov.br\/casacivil\/wp-content\/uploads\/sites\/47\/2026\/01\/Secretarios-1-1-240x300.jpg 240w, https:\/\/goias.gov.br\/casacivil\/wp-content\/uploads\/sites\/47\/2026\/01\/Secretarios-1-1-768x960.jpg 768w, https:\/\/goias.gov.br\/casacivil\/wp-content\/uploads\/sites\/47\/2026\/01\/Secretarios-1-1-1229x1536.jpg 1229w, https:\/\/goias.gov.br\/casacivil\/wp-content\/uploads\/sites\/47\/2026\/01\/Secretarios-1-1-1638x2048.jpg 1638w\" sizes=\"(max-width: 819px) 100vw, 819px\" \/>\t\t\t\t\t\t\t\t\t\t\t\t\t\t\t<\/div>\n\t\t\t\t<\/div>\n\t\t\t\t<div class=\"elementor-element elementor-element-d1e1e00 elementor-widget__width-initial elementor-widget elementor-widget-heading\" data-id=\"d1e1e00\" data-element_type=\"widget\" data-e-type=\"widget\" data-widget_type=\"heading.default\">\n\t\t\t\t<div class=\"elementor-widget-container\">\n\t\t\t\t\t<h6 class=\"elementor-heading-title elementor-size-default\">Jorge Luis Pinchemel<br>8\/12\/2021 \u2013 1\/4\/2026<\/h6>\t\t\t\t<\/div>\n\t\t\t\t<\/div>\n\t\t\t\t<\/div>\n\t\t<div class=\"elementor-element elementor-element-febf846 e-con-full e-flex e-con e-child\" data-id=\"febf846\" data-element_type=\"container\" data-e-type=\"container\">\n\t\t\t\t<div class=\"elementor-element elementor-element-8179288 elementor-widget elementor-widget-image\" data-id=\"8179288\" data-element_type=\"widget\" data-e-type=\"widget\" data-widget_type=\"image.default\">\n\t\t\t\t<div class=\"elementor-widget-container\">\n\t\t\t\t\t\t\t\t\t\t\t\t\t\t\t<img decoding=\"async\" width=\"819\" height=\"1024\" src=\"https:\/\/goias.gov.br\/casacivil\/wp-content\/uploads\/sites\/47\/2026\/01\/Secretarios-1-819x1024.jpg\" class=\"attachment-large size-large wp-image-57451\" alt=\"\" srcset=\"https:\/\/goias.gov.br\/casacivil\/wp-content\/uploads\/sites\/47\/2026\/01\/Secretarios-1-819x1024.jpg 819w, https:\/\/goias.gov.br\/casacivil\/wp-content\/uploads\/sites\/47\/2026\/01\/Secretarios-1-240x300.jpg 240w, https:\/\/goias.gov.br\/casacivil\/wp-content\/uploads\/sites\/47\/2026\/01\/Secretarios-1-768x960.jpg 768w, https:\/\/goias.gov.br\/casacivil\/wp-content\/uploads\/sites\/47\/2026\/01\/Secretarios-1-1229x1536.jpg 1229w, https:\/\/goias.gov.br\/casacivil\/wp-content\/uploads\/sites\/47\/2026\/01\/Secretarios-1-1638x2048.jpg 1638w\" sizes=\"(max-width: 819px) 100vw, 819px\" \/>\t\t\t\t\t\t\t\t\t\t\t\t\t\t\t<\/div>\n\t\t\t\t<\/div>\n\t\t\t\t<div class=\"elementor-element elementor-element-2bb7378 elementor-widget elementor-widget-heading\" data-id=\"2bb7378\" data-element_type=\"widget\" data-e-type=\"widget\" data-widget_type=\"heading.default\">\n\t\t\t\t<div class=\"elementor-widget-container\">\n\t\t\t\t\t<h6 class=\"elementor-heading-title elementor-size-default\"><span class=\"_aupe copyable-text xkrh14z\">Alan Farias Tavares<br>23\/7\/2020<br>- 8\/12\/2021<\/span><\/h6>\t\t\t\t<\/div>\n\t\t\t\t<\/div>\n\t\t\t\t<\/div>\n\t\t<div class=\"elementor-element elementor-element-a02b880 e-con-full e-flex e-con e-child\" data-id=\"a02b880\" data-element_type=\"container\" data-e-type=\"container\">\n\t\t\t\t<div class=\"elementor-element elementor-element-1b7b37d elementor-widget elementor-widget-image\" data-id=\"1b7b37d\" data-element_type=\"widget\" data-e-type=\"widget\" data-widget_type=\"image.default\">\n\t\t\t\t<div class=\"elementor-widget-container\">\n\t\t\t\t\t\t\t\t\t\t\t\t\t\t\t<img loading=\"lazy\" decoding=\"async\" width=\"819\" height=\"1024\" src=\"https:\/\/goias.gov.br\/casacivil\/wp-content\/uploads\/sites\/47\/2026\/01\/Secretarios-24-819x1024.jpg\" class=\"attachment-large size-large wp-image-58832\" alt=\"\" srcset=\"https:\/\/goias.gov.br\/casacivil\/wp-content\/uploads\/sites\/47\/2026\/01\/Secretarios-24-819x1024.jpg 819w, https:\/\/goias.gov.br\/casacivil\/wp-content\/uploads\/sites\/47\/2026\/01\/Secretarios-24-240x300.jpg 240w, https:\/\/goias.gov.br\/casacivil\/wp-content\/uploads\/sites\/47\/2026\/01\/Secretarios-24-768x960.jpg 768w, https:\/\/goias.gov.br\/casacivil\/wp-content\/uploads\/sites\/47\/2026\/01\/Secretarios-24-1229x1536.jpg 1229w, https:\/\/goias.gov.br\/casacivil\/wp-content\/uploads\/sites\/47\/2026\/01\/Secretarios-24-1638x2048.jpg 1638w\" sizes=\"(max-width: 819px) 100vw, 819px\" \/>\t\t\t\t\t\t\t\t\t\t\t\t\t\t\t<\/div>\n\t\t\t\t<\/div>\n\t\t\t\t<div class=\"elementor-element elementor-element-f01db09 elementor-widget elementor-widget-heading\" data-id=\"f01db09\" data-element_type=\"widget\" data-e-type=\"widget\" data-widget_type=\"heading.default\">\n\t\t\t\t<div class=\"elementor-widget-container\">\n\t\t\t\t\t<h6 class=\"elementor-heading-title elementor-size-default\"><span class=\"_aupe copyable-text xkrh14z\">Anderson Maximo de Holanda<br> 2\/1\/2019<br>- 21\/11\/2019 <\/span><\/h6>\t\t\t\t<\/div>\n\t\t\t\t<\/div>\n\t\t\t\t<\/div>\n\t\t<div class=\"elementor-element elementor-element-7ba4f80 e-con-full e-flex e-con e-child\" data-id=\"7ba4f80\" data-element_type=\"container\" data-e-type=\"container\">\n\t\t\t\t<div class=\"elementor-element elementor-element-7701894 elementor-widget elementor-widget-image\" data-id=\"7701894\" data-element_type=\"widget\" data-e-type=\"widget\" data-widget_type=\"image.default\">\n\t\t\t\t<div class=\"elementor-widget-container\">\n\t\t\t\t\t\t\t\t\t\t\t\t\t\t\t<img loading=\"lazy\" decoding=\"async\" width=\"819\" height=\"1024\" src=\"https:\/\/goias.gov.br\/casacivil\/wp-content\/uploads\/sites\/47\/2026\/01\/Secretarios-3-819x1024.jpg\" class=\"attachment-large size-large wp-image-57468\" alt=\"\" srcset=\"https:\/\/goias.gov.br\/casacivil\/wp-content\/uploads\/sites\/47\/2026\/01\/Secretarios-3-819x1024.jpg 819w, https:\/\/goias.gov.br\/casacivil\/wp-content\/uploads\/sites\/47\/2026\/01\/Secretarios-3-240x300.jpg 240w, https:\/\/goias.gov.br\/casacivil\/wp-content\/uploads\/sites\/47\/2026\/01\/Secretarios-3-768x960.jpg 768w, https:\/\/goias.gov.br\/casacivil\/wp-content\/uploads\/sites\/47\/2026\/01\/Secretarios-3-1229x1536.jpg 1229w, https:\/\/goias.gov.br\/casacivil\/wp-content\/uploads\/sites\/47\/2026\/01\/Secretarios-3-1638x2048.jpg 1638w\" sizes=\"(max-width: 819px) 100vw, 819px\" \/>\t\t\t\t\t\t\t\t\t\t\t\t\t\t\t<\/div>\n\t\t\t\t<\/div>\n\t\t\t\t<div class=\"elementor-element elementor-element-f668f5f elementor-widget elementor-widget-heading\" data-id=\"f668f5f\" data-element_type=\"widget\" data-e-type=\"widget\" data-widget_type=\"heading.default\">\n\t\t\t\t<div class=\"elementor-widget-container\">\n\t\t\t\t\t<h6 class=\"elementor-heading-title elementor-size-default\"><span class=\"_aupe copyable-text xkrh14z\">Fernando Tib\u00farcio Pen\u00e3<br> 9\/4\/2018<br>- 2\/1\/2019 <\/span><\/h6>\t\t\t\t<\/div>\n\t\t\t\t<\/div>\n\t\t\t\t<\/div>\n\t\t<div class=\"elementor-element elementor-element-2b06c7f e-con-full e-flex e-con e-child\" data-id=\"2b06c7f\" data-element_type=\"container\" data-e-type=\"container\">\n\t\t\t\t<div class=\"elementor-element elementor-element-6984079 elementor-widget elementor-widget-image\" data-id=\"6984079\" data-element_type=\"widget\" data-e-type=\"widget\" data-widget_type=\"image.default\">\n\t\t\t\t<div class=\"elementor-widget-container\">\n\t\t\t\t\t\t\t\t\t\t\t\t\t\t\t<img loading=\"lazy\" decoding=\"async\" width=\"819\" height=\"1024\" src=\"https:\/\/goias.gov.br\/casacivil\/wp-content\/uploads\/sites\/47\/2026\/01\/Secretarios-4-819x1024.jpg\" class=\"attachment-large size-large wp-image-57481\" alt=\"\" srcset=\"https:\/\/goias.gov.br\/casacivil\/wp-content\/uploads\/sites\/47\/2026\/01\/Secretarios-4-819x1024.jpg 819w, https:\/\/goias.gov.br\/casacivil\/wp-content\/uploads\/sites\/47\/2026\/01\/Secretarios-4-240x300.jpg 240w, https:\/\/goias.gov.br\/casacivil\/wp-content\/uploads\/sites\/47\/2026\/01\/Secretarios-4-768x960.jpg 768w, https:\/\/goias.gov.br\/casacivil\/wp-content\/uploads\/sites\/47\/2026\/01\/Secretarios-4-1229x1536.jpg 1229w, https:\/\/goias.gov.br\/casacivil\/wp-content\/uploads\/sites\/47\/2026\/01\/Secretarios-4-1638x2048.jpg 1638w\" sizes=\"(max-width: 819px) 100vw, 819px\" \/>\t\t\t\t\t\t\t\t\t\t\t\t\t\t\t<\/div>\n\t\t\t\t<\/div>\n\t\t\t\t<div class=\"elementor-element elementor-element-d6f66f2 elementor-widget__width-initial elementor-widget elementor-widget-heading\" data-id=\"d6f66f2\" data-element_type=\"widget\" data-e-type=\"widget\" data-widget_type=\"heading.default\">\n\t\t\t\t<div class=\"elementor-widget-container\">\n\t\t\t\t\t<h6 class=\"elementor-heading-title elementor-size-default\">Jos\u00e9  Carlos Siqueira<br> 12\/8\/2017<br>- 9\/4\/2018<\/h6>\t\t\t\t<\/div>\n\t\t\t\t<\/div>\n\t\t\t\t<\/div>\n\t\t<div class=\"elementor-element elementor-element-4cd5677 e-con-full e-flex e-con e-child\" data-id=\"4cd5677\" data-element_type=\"container\" data-e-type=\"container\">\n\t\t\t\t<div class=\"elementor-element elementor-element-7fce6e3 elementor-widget elementor-widget-image\" data-id=\"7fce6e3\" data-element_type=\"widget\" data-e-type=\"widget\" data-widget_type=\"image.default\">\n\t\t\t\t<div class=\"elementor-widget-container\">\n\t\t\t\t\t\t\t\t\t\t\t\t\t\t\t<img loading=\"lazy\" decoding=\"async\" width=\"819\" height=\"1024\" src=\"https:\/\/goias.gov.br\/casacivil\/wp-content\/uploads\/sites\/47\/2026\/01\/Secretarios-5-819x1024.jpg\" class=\"attachment-large size-large wp-image-57501\" alt=\"\" srcset=\"https:\/\/goias.gov.br\/casacivil\/wp-content\/uploads\/sites\/47\/2026\/01\/Secretarios-5-819x1024.jpg 819w, https:\/\/goias.gov.br\/casacivil\/wp-content\/uploads\/sites\/47\/2026\/01\/Secretarios-5-240x300.jpg 240w, https:\/\/goias.gov.br\/casacivil\/wp-content\/uploads\/sites\/47\/2026\/01\/Secretarios-5-768x960.jpg 768w, https:\/\/goias.gov.br\/casacivil\/wp-content\/uploads\/sites\/47\/2026\/01\/Secretarios-5-1229x1536.jpg 1229w, https:\/\/goias.gov.br\/casacivil\/wp-content\/uploads\/sites\/47\/2026\/01\/Secretarios-5-1638x2048.jpg 1638w\" sizes=\"(max-width: 819px) 100vw, 819px\" \/>\t\t\t\t\t\t\t\t\t\t\t\t\t\t\t<\/div>\n\t\t\t\t<\/div>\n\t\t\t\t<div class=\"elementor-element elementor-element-5a7f3ed elementor-widget elementor-widget-heading\" data-id=\"5a7f3ed\" data-element_type=\"widget\" data-e-type=\"widget\" data-widget_type=\"heading.default\">\n\t\t\t\t<div class=\"elementor-widget-container\">\n\t\t\t\t\t<h6 class=\"elementor-heading-title elementor-size-default\"><span class=\"_aupe copyable-text xkrh14z\">Jo\u00e3o Furtado de Mendon\u00e7a Neto<br> 29\/12\/2015 - 12\/6\/2017<\/span><\/h6>\t\t\t\t<\/div>\n\t\t\t\t<\/div>\n\t\t\t\t<\/div>\n\t\t<div class=\"elementor-element elementor-element-2c22d78 e-con-full e-flex e-con e-child\" data-id=\"2c22d78\" data-element_type=\"container\" data-e-type=\"container\">\n\t\t\t\t<div class=\"elementor-element elementor-element-0279b20 elementor-widget elementor-widget-image\" data-id=\"0279b20\" data-element_type=\"widget\" data-e-type=\"widget\" data-widget_type=\"image.default\">\n\t\t\t\t<div class=\"elementor-widget-container\">\n\t\t\t\t\t\t\t\t\t\t\t\t\t\t\t<img loading=\"lazy\" decoding=\"async\" width=\"819\" height=\"1024\" src=\"https:\/\/goias.gov.br\/casacivil\/wp-content\/uploads\/sites\/47\/2026\/01\/Secretarios-4-2-819x1024.jpg\" class=\"attachment-large size-large wp-image-57629\" alt=\"\" srcset=\"https:\/\/goias.gov.br\/casacivil\/wp-content\/uploads\/sites\/47\/2026\/01\/Secretarios-4-2-819x1024.jpg 819w, https:\/\/goias.gov.br\/casacivil\/wp-content\/uploads\/sites\/47\/2026\/01\/Secretarios-4-2-240x300.jpg 240w, https:\/\/goias.gov.br\/casacivil\/wp-content\/uploads\/sites\/47\/2026\/01\/Secretarios-4-2-768x960.jpg 768w, https:\/\/goias.gov.br\/casacivil\/wp-content\/uploads\/sites\/47\/2026\/01\/Secretarios-4-2-1229x1536.jpg 1229w, https:\/\/goias.gov.br\/casacivil\/wp-content\/uploads\/sites\/47\/2026\/01\/Secretarios-4-2-1638x2048.jpg 1638w\" sizes=\"(max-width: 819px) 100vw, 819px\" \/>\t\t\t\t\t\t\t\t\t\t\t\t\t\t\t<\/div>\n\t\t\t\t<\/div>\n\t\t\t\t<div class=\"elementor-element elementor-element-3d10d62 elementor-widget elementor-widget-heading\" data-id=\"3d10d62\" data-element_type=\"widget\" data-e-type=\"widget\" data-widget_type=\"heading.default\">\n\t\t\t\t<div class=\"elementor-widget-container\">\n\t\t\t\t\t<h6 class=\"elementor-heading-title elementor-size-default\">Jos\u00e9 Carlos Siqueira<br> 20\/12\/2013 - 29\/12\/2015<\/h6>\t\t\t\t<\/div>\n\t\t\t\t<\/div>\n\t\t\t\t<\/div>\n\t\t<div class=\"elementor-element elementor-element-f7a6aaa e-con-full e-flex e-con e-child\" data-id=\"f7a6aaa\" data-element_type=\"container\" data-e-type=\"container\">\n\t\t\t\t<div class=\"elementor-element elementor-element-8e692bc elementor-widget elementor-widget-image\" data-id=\"8e692bc\" data-element_type=\"widget\" data-e-type=\"widget\" data-widget_type=\"image.default\">\n\t\t\t\t<div class=\"elementor-widget-container\">\n\t\t\t\t\t\t\t\t\t\t\t\t\t\t\t<img loading=\"lazy\" decoding=\"async\" width=\"819\" height=\"1024\" src=\"https:\/\/goias.gov.br\/casacivil\/wp-content\/uploads\/sites\/47\/2026\/01\/Secretarios-6-1-819x1024.jpg\" class=\"attachment-large size-large wp-image-57635\" alt=\"\" srcset=\"https:\/\/goias.gov.br\/casacivil\/wp-content\/uploads\/sites\/47\/2026\/01\/Secretarios-6-1-819x1024.jpg 819w, https:\/\/goias.gov.br\/casacivil\/wp-content\/uploads\/sites\/47\/2026\/01\/Secretarios-6-1-240x300.jpg 240w, https:\/\/goias.gov.br\/casacivil\/wp-content\/uploads\/sites\/47\/2026\/01\/Secretarios-6-1-768x960.jpg 768w, https:\/\/goias.gov.br\/casacivil\/wp-content\/uploads\/sites\/47\/2026\/01\/Secretarios-6-1-1229x1536.jpg 1229w, https:\/\/goias.gov.br\/casacivil\/wp-content\/uploads\/sites\/47\/2026\/01\/Secretarios-6-1-1638x2048.jpg 1638w\" sizes=\"(max-width: 819px) 100vw, 819px\" \/>\t\t\t\t\t\t\t\t\t\t\t\t\t\t\t<\/div>\n\t\t\t\t<\/div>\n\t\t\t\t<div class=\"elementor-element elementor-element-17bd68d elementor-widget elementor-widget-heading\" data-id=\"17bd68d\" data-element_type=\"widget\" data-e-type=\"widget\" data-widget_type=\"heading.default\">\n\t\t\t\t<div class=\"elementor-widget-container\">\n\t\t\t\t\t<h6 class=\"elementor-heading-title elementor-size-default\">Vilmar da Silva Rocha<br> 1\u00ba\/1\/2011<br>- 20\/12\/2013<\/h6>\t\t\t\t<\/div>\n\t\t\t\t<\/div>\n\t\t\t\t<\/div>\n\t\t\t\t<\/div>\n\t\t\t\t<\/div>\n\t\t<div class=\"elementor-element elementor-element-d5450bd e-flex e-con-boxed e-con e-parent\" data-id=\"d5450bd\" data-element_type=\"container\" data-e-type=\"container\">\n\t\t\t\t\t<div class=\"e-con-inner\">\n\t\t<div class=\"elementor-element elementor-element-8729948 e-con-full e-flex e-con e-child\" data-id=\"8729948\" data-element_type=\"container\" data-e-type=\"container\">\n\t\t\t\t<div class=\"elementor-element elementor-element-cea54b3 elementor-widget elementor-widget-heading\" data-id=\"cea54b3\" data-element_type=\"widget\" data-e-type=\"widget\" data-widget_type=\"heading.default\">\n\t\t\t\t<div class=\"elementor-widget-container\">\n\t\t\t\t\t<h3 class=\"elementor-heading-title elementor-size-default\">Secret\u00e1rios-Chefes do Gabinete Civil\n<\/h3>\t\t\t\t<\/div>\n\t\t\t\t<\/div>\n\t\t\t\t<\/div>\n\t\t<div class=\"elementor-element elementor-element-274564d e-con-full e-flex e-con e-child\" data-id=\"274564d\" data-element_type=\"container\" data-e-type=\"container\">\n\t\t<div class=\"elementor-element elementor-element-e7ee921 e-con-full e-flex e-con e-child\" data-id=\"e7ee921\" data-element_type=\"container\" data-e-type=\"container\">\n\t\t\t\t<div class=\"elementor-element elementor-element-49ba791 elementor-widget elementor-widget-image\" data-id=\"49ba791\" data-element_type=\"widget\" data-e-type=\"widget\" data-widget_type=\"image.default\">\n\t\t\t\t<div class=\"elementor-widget-container\">\n\t\t\t\t\t\t\t\t\t\t\t\t\t\t\t<img loading=\"lazy\" decoding=\"async\" width=\"819\" height=\"1024\" src=\"https:\/\/goias.gov.br\/casacivil\/wp-content\/uploads\/sites\/47\/2026\/01\/Secretarios-7-819x1024.jpg\" class=\"attachment-large size-large wp-image-57961\" alt=\"\" srcset=\"https:\/\/goias.gov.br\/casacivil\/wp-content\/uploads\/sites\/47\/2026\/01\/Secretarios-7-819x1024.jpg 819w, https:\/\/goias.gov.br\/casacivil\/wp-content\/uploads\/sites\/47\/2026\/01\/Secretarios-7-240x300.jpg 240w, https:\/\/goias.gov.br\/casacivil\/wp-content\/uploads\/sites\/47\/2026\/01\/Secretarios-7-768x960.jpg 768w, https:\/\/goias.gov.br\/casacivil\/wp-content\/uploads\/sites\/47\/2026\/01\/Secretarios-7-1229x1536.jpg 1229w, https:\/\/goias.gov.br\/casacivil\/wp-content\/uploads\/sites\/47\/2026\/01\/Secretarios-7-1638x2048.jpg 1638w\" sizes=\"(max-width: 819px) 100vw, 819px\" \/>\t\t\t\t\t\t\t\t\t\t\t\t\t\t\t<\/div>\n\t\t\t\t<\/div>\n\t\t\t\t<div class=\"elementor-element elementor-element-ba96d82 elementor-widget elementor-widget-heading\" data-id=\"ba96d82\" data-element_type=\"widget\" data-e-type=\"widget\" data-widget_type=\"heading.default\">\n\t\t\t\t<div class=\"elementor-widget-container\">\n\t\t\t\t\t<h6 class=\"elementor-heading-title elementor-size-default\"><span class=\"_aupe copyable-text xkrh14z\">Colemar Jos\u00e9 de Moura Filho<br>15\/6\/2010<br>- 1\/1\/2011<\/span><\/h6>\t\t\t\t<\/div>\n\t\t\t\t<\/div>\n\t\t\t\t<\/div>\n\t\t<div class=\"elementor-element elementor-element-8dd428f e-con-full e-flex e-con e-child\" data-id=\"8dd428f\" data-element_type=\"container\" data-e-type=\"container\">\n\t\t\t\t<div class=\"elementor-element elementor-element-ed9cafb elementor-widget elementor-widget-image\" data-id=\"ed9cafb\" data-element_type=\"widget\" data-e-type=\"widget\" data-widget_type=\"image.default\">\n\t\t\t\t<div class=\"elementor-widget-container\">\n\t\t\t\t\t\t\t\t\t\t\t\t\t\t\t<img loading=\"lazy\" decoding=\"async\" width=\"819\" height=\"1024\" src=\"https:\/\/goias.gov.br\/casacivil\/wp-content\/uploads\/sites\/47\/2026\/01\/Secretarios-8-819x1024.jpg\" class=\"attachment-large size-large wp-image-57973\" alt=\"\" srcset=\"https:\/\/goias.gov.br\/casacivil\/wp-content\/uploads\/sites\/47\/2026\/01\/Secretarios-8-819x1024.jpg 819w, https:\/\/goias.gov.br\/casacivil\/wp-content\/uploads\/sites\/47\/2026\/01\/Secretarios-8-240x300.jpg 240w, https:\/\/goias.gov.br\/casacivil\/wp-content\/uploads\/sites\/47\/2026\/01\/Secretarios-8-768x960.jpg 768w, https:\/\/goias.gov.br\/casacivil\/wp-content\/uploads\/sites\/47\/2026\/01\/Secretarios-8-1229x1536.jpg 1229w, https:\/\/goias.gov.br\/casacivil\/wp-content\/uploads\/sites\/47\/2026\/01\/Secretarios-8-1638x2048.jpg 1638w\" sizes=\"(max-width: 819px) 100vw, 819px\" \/>\t\t\t\t\t\t\t\t\t\t\t\t\t\t\t<\/div>\n\t\t\t\t<\/div>\n\t\t\t\t<div class=\"elementor-element elementor-element-903d83e elementor-widget elementor-widget-heading\" data-id=\"903d83e\" data-element_type=\"widget\" data-e-type=\"widget\" data-widget_type=\"heading.default\">\n\t\t\t\t<div class=\"elementor-widget-container\">\n\t\t\t\t\t<h6 class=\"elementor-heading-title elementor-size-default\">Ivan Soares Gouv\u00eaa<br>7\/1\/2004<br>- 15\/6\/2010<\/h6>\t\t\t\t<\/div>\n\t\t\t\t<\/div>\n\t\t\t\t<\/div>\n\t\t<div class=\"elementor-element elementor-element-0374baf e-con-full e-flex e-con e-child\" data-id=\"0374baf\" data-element_type=\"container\" data-e-type=\"container\">\n\t\t\t\t<div class=\"elementor-element elementor-element-3178954 elementor-widget elementor-widget-image\" data-id=\"3178954\" data-element_type=\"widget\" data-e-type=\"widget\" data-widget_type=\"image.default\">\n\t\t\t\t<div class=\"elementor-widget-container\">\n\t\t\t\t\t\t\t\t\t\t\t\t\t\t\t<img loading=\"lazy\" decoding=\"async\" width=\"819\" height=\"1024\" src=\"https:\/\/goias.gov.br\/casacivil\/wp-content\/uploads\/sites\/47\/2026\/01\/Secretarios-9-819x1024.jpg\" class=\"attachment-large size-large wp-image-57981\" alt=\"\" srcset=\"https:\/\/goias.gov.br\/casacivil\/wp-content\/uploads\/sites\/47\/2026\/01\/Secretarios-9-819x1024.jpg 819w, https:\/\/goias.gov.br\/casacivil\/wp-content\/uploads\/sites\/47\/2026\/01\/Secretarios-9-240x300.jpg 240w, https:\/\/goias.gov.br\/casacivil\/wp-content\/uploads\/sites\/47\/2026\/01\/Secretarios-9-768x960.jpg 768w, https:\/\/goias.gov.br\/casacivil\/wp-content\/uploads\/sites\/47\/2026\/01\/Secretarios-9-1229x1536.jpg 1229w, https:\/\/goias.gov.br\/casacivil\/wp-content\/uploads\/sites\/47\/2026\/01\/Secretarios-9-1638x2048.jpg 1638w\" sizes=\"(max-width: 819px) 100vw, 819px\" \/>\t\t\t\t\t\t\t\t\t\t\t\t\t\t\t<\/div>\n\t\t\t\t<\/div>\n\t\t\t\t<div class=\"elementor-element elementor-element-9eae055 elementor-widget elementor-widget-heading\" data-id=\"9eae055\" data-element_type=\"widget\" data-e-type=\"widget\" data-widget_type=\"heading.default\">\n\t\t\t\t<div class=\"elementor-widget-container\">\n\t\t\t\t\t<h6 class=\"elementor-heading-title elementor-size-default\"><p><\/p><span style=\"font-size: 0.85rem\">Walter Jos\u00e9 Rodrigues <\/span><br><span style=\"font-size: 0.85rem\">20\/3\/2002<\/span><br><span style=\"font-size: 0.85rem\">- 7\/1\/2004<\/span><\/h6>\t\t\t\t<\/div>\n\t\t\t\t<\/div>\n\t\t\t\t<\/div>\n\t\t<div class=\"elementor-element elementor-element-248ae51 e-con-full e-flex e-con e-child\" data-id=\"248ae51\" data-element_type=\"container\" data-e-type=\"container\">\n\t\t\t\t<div class=\"elementor-element elementor-element-47c625f elementor-widget elementor-widget-image\" data-id=\"47c625f\" data-element_type=\"widget\" data-e-type=\"widget\" data-widget_type=\"image.default\">\n\t\t\t\t<div class=\"elementor-widget-container\">\n\t\t\t\t\t\t\t\t\t\t\t\t\t\t\t<img loading=\"lazy\" decoding=\"async\" width=\"819\" height=\"1024\" src=\"https:\/\/goias.gov.br\/casacivil\/wp-content\/uploads\/sites\/47\/2026\/01\/Secretarios-10-819x1024.jpg\" class=\"attachment-large size-large wp-image-57988\" alt=\"\" srcset=\"https:\/\/goias.gov.br\/casacivil\/wp-content\/uploads\/sites\/47\/2026\/01\/Secretarios-10-819x1024.jpg 819w, https:\/\/goias.gov.br\/casacivil\/wp-content\/uploads\/sites\/47\/2026\/01\/Secretarios-10-240x300.jpg 240w, https:\/\/goias.gov.br\/casacivil\/wp-content\/uploads\/sites\/47\/2026\/01\/Secretarios-10-768x960.jpg 768w, https:\/\/goias.gov.br\/casacivil\/wp-content\/uploads\/sites\/47\/2026\/01\/Secretarios-10-1229x1536.jpg 1229w, https:\/\/goias.gov.br\/casacivil\/wp-content\/uploads\/sites\/47\/2026\/01\/Secretarios-10-1638x2048.jpg 1638w\" sizes=\"(max-width: 819px) 100vw, 819px\" \/>\t\t\t\t\t\t\t\t\t\t\t\t\t\t\t<\/div>\n\t\t\t\t<\/div>\n\t\t\t\t<div class=\"elementor-element elementor-element-fb09d93 elementor-widget elementor-widget-heading\" data-id=\"fb09d93\" data-element_type=\"widget\" data-e-type=\"widget\" data-widget_type=\"heading.default\">\n\t\t\t\t<div class=\"elementor-widget-container\">\n\t\t\t\t\t<h6 class=\"elementor-heading-title elementor-size-default\"><span class=\"_aupe copyable-text xkrh14z\">Jonathas Silva Norival de Castro Santom\u00e9<br>24\/1\/2001<br>- 20\/3\/2002 <\/span><\/h6>\t\t\t\t<\/div>\n\t\t\t\t<\/div>\n\t\t\t\t<\/div>\n\t\t<div class=\"elementor-element elementor-element-4fff4de e-con-full e-flex e-con e-child\" data-id=\"4fff4de\" data-element_type=\"container\" data-e-type=\"container\">\n\t\t\t\t<div class=\"elementor-element elementor-element-74e8cf8 elementor-widget elementor-widget-image\" data-id=\"74e8cf8\" data-element_type=\"widget\" data-e-type=\"widget\" data-widget_type=\"image.default\">\n\t\t\t\t<div class=\"elementor-widget-container\">\n\t\t\t\t\t\t\t\t\t\t\t\t\t\t\t<img loading=\"lazy\" decoding=\"async\" width=\"819\" height=\"1024\" src=\"https:\/\/goias.gov.br\/casacivil\/wp-content\/uploads\/sites\/47\/2026\/01\/Secretarios-11-819x1024.jpg\" class=\"attachment-large size-large wp-image-58070\" alt=\"\" srcset=\"https:\/\/goias.gov.br\/casacivil\/wp-content\/uploads\/sites\/47\/2026\/01\/Secretarios-11-819x1024.jpg 819w, https:\/\/goias.gov.br\/casacivil\/wp-content\/uploads\/sites\/47\/2026\/01\/Secretarios-11-240x300.jpg 240w, https:\/\/goias.gov.br\/casacivil\/wp-content\/uploads\/sites\/47\/2026\/01\/Secretarios-11-768x960.jpg 768w, https:\/\/goias.gov.br\/casacivil\/wp-content\/uploads\/sites\/47\/2026\/01\/Secretarios-11-1229x1536.jpg 1229w, https:\/\/goias.gov.br\/casacivil\/wp-content\/uploads\/sites\/47\/2026\/01\/Secretarios-11-1638x2048.jpg 1638w\" sizes=\"(max-width: 819px) 100vw, 819px\" \/>\t\t\t\t\t\t\t\t\t\t\t\t\t\t\t<\/div>\n\t\t\t\t<\/div>\n\t\t\t\t<div class=\"elementor-element elementor-element-0b7bd46 elementor-widget elementor-widget-heading\" data-id=\"0b7bd46\" data-element_type=\"widget\" data-e-type=\"widget\" data-widget_type=\"heading.default\">\n\t\t\t\t<div class=\"elementor-widget-container\">\n\t\t\t\t\t<h6 class=\"elementor-heading-title elementor-size-default\"><span class=\"_aupe copyable-text xkrh14z\">Ant\u00f4nio de P\u00e1dua Fran\u00e7a Gon\u00e7alves <br>16\/11\/2000 - 24\/1\/2001<\/span><\/h6>\t\t\t\t<\/div>\n\t\t\t\t<\/div>\n\t\t\t\t<\/div>\n\t\t<div class=\"elementor-element elementor-element-0e5bdee e-con-full e-flex e-con e-child\" data-id=\"0e5bdee\" data-element_type=\"container\" data-e-type=\"container\">\n\t\t\t\t<div class=\"elementor-element elementor-element-5423c6a elementor-widget elementor-widget-image\" data-id=\"5423c6a\" data-element_type=\"widget\" data-e-type=\"widget\" data-widget_type=\"image.default\">\n\t\t\t\t<div class=\"elementor-widget-container\">\n\t\t\t\t\t\t\t\t\t\t\t\t\t\t\t<img loading=\"lazy\" decoding=\"async\" width=\"819\" height=\"1024\" src=\"https:\/\/goias.gov.br\/casacivil\/wp-content\/uploads\/sites\/47\/2026\/01\/Secretarios-27-819x1024.jpg\" class=\"attachment-large size-large wp-image-59545\" alt=\"\" srcset=\"https:\/\/goias.gov.br\/casacivil\/wp-content\/uploads\/sites\/47\/2026\/01\/Secretarios-27-819x1024.jpg 819w, https:\/\/goias.gov.br\/casacivil\/wp-content\/uploads\/sites\/47\/2026\/01\/Secretarios-27-240x300.jpg 240w, https:\/\/goias.gov.br\/casacivil\/wp-content\/uploads\/sites\/47\/2026\/01\/Secretarios-27-768x960.jpg 768w, https:\/\/goias.gov.br\/casacivil\/wp-content\/uploads\/sites\/47\/2026\/01\/Secretarios-27-1229x1536.jpg 1229w, https:\/\/goias.gov.br\/casacivil\/wp-content\/uploads\/sites\/47\/2026\/01\/Secretarios-27-1638x2048.jpg 1638w\" sizes=\"(max-width: 819px) 100vw, 819px\" \/>\t\t\t\t\t\t\t\t\t\t\t\t\t\t\t<\/div>\n\t\t\t\t<\/div>\n\t\t\t\t<div class=\"elementor-element elementor-element-a9ed23e elementor-widget elementor-widget-heading\" data-id=\"a9ed23e\" data-element_type=\"widget\" data-e-type=\"widget\" data-widget_type=\"heading.default\">\n\t\t\t\t<div class=\"elementor-widget-container\">\n\t\t\t\t\t<h6 class=\"elementor-heading-title elementor-size-default\"><span class=\"_aupe copyable-text xkrh14z\">Floriano Gomes da Silva Filho <br>1\/1\/1999 - 16\/11\/2000<\/span><\/h6>\t\t\t\t<\/div>\n\t\t\t\t<\/div>\n\t\t\t\t<\/div>\n\t\t\t\t<\/div>\n\t\t<div class=\"elementor-element elementor-element-6fd25f7 e-con-full e-flex e-con e-child\" data-id=\"6fd25f7\" data-element_type=\"container\" data-e-type=\"container\">\n\t\t<div class=\"elementor-element elementor-element-098579d e-con-full e-flex e-con e-child\" data-id=\"098579d\" data-element_type=\"container\" data-e-type=\"container\">\n\t\t\t\t<div class=\"elementor-element elementor-element-5c13567 elementor-widget elementor-widget-image\" data-id=\"5c13567\" data-element_type=\"widget\" data-e-type=\"widget\" data-widget_type=\"image.default\">\n\t\t\t\t<div class=\"elementor-widget-container\">\n\t\t\t\t\t\t\t\t\t\t\t\t\t\t\t<img loading=\"lazy\" decoding=\"async\" width=\"819\" height=\"1024\" src=\"https:\/\/goias.gov.br\/casacivil\/wp-content\/uploads\/sites\/47\/2026\/01\/Secretarios-12-819x1024.jpg\" class=\"attachment-large size-large wp-image-58231\" alt=\"\" srcset=\"https:\/\/goias.gov.br\/casacivil\/wp-content\/uploads\/sites\/47\/2026\/01\/Secretarios-12-819x1024.jpg 819w, https:\/\/goias.gov.br\/casacivil\/wp-content\/uploads\/sites\/47\/2026\/01\/Secretarios-12-240x300.jpg 240w, https:\/\/goias.gov.br\/casacivil\/wp-content\/uploads\/sites\/47\/2026\/01\/Secretarios-12-768x960.jpg 768w, https:\/\/goias.gov.br\/casacivil\/wp-content\/uploads\/sites\/47\/2026\/01\/Secretarios-12-1229x1536.jpg 1229w, https:\/\/goias.gov.br\/casacivil\/wp-content\/uploads\/sites\/47\/2026\/01\/Secretarios-12-1638x2048.jpg 1638w\" sizes=\"(max-width: 819px) 100vw, 819px\" \/>\t\t\t\t\t\t\t\t\t\t\t\t\t\t\t<\/div>\n\t\t\t\t<\/div>\n\t\t\t\t<div class=\"elementor-element elementor-element-8c730bb elementor-widget elementor-widget-heading\" data-id=\"8c730bb\" data-element_type=\"widget\" data-e-type=\"widget\" data-widget_type=\"heading.default\">\n\t\t\t\t<div class=\"elementor-widget-container\">\n\t\t\t\t\t<h6 class=\"elementor-heading-title elementor-size-default\"><span class=\"_aupe copyable-text xkrh14z\">L\u00edgia Coelho Santiago Ferreira da Rocha <br>24\/11\/1998 - 1\/1\/1999<\/span><\/h6>\t\t\t\t<\/div>\n\t\t\t\t<\/div>\n\t\t\t\t<\/div>\n\t\t<div class=\"elementor-element elementor-element-957b2c8 e-con-full e-flex e-con e-child\" data-id=\"957b2c8\" data-element_type=\"container\" data-e-type=\"container\">\n\t\t\t\t<div class=\"elementor-element elementor-element-c66bffb elementor-widget elementor-widget-image\" data-id=\"c66bffb\" data-element_type=\"widget\" data-e-type=\"widget\" data-widget_type=\"image.default\">\n\t\t\t\t<div class=\"elementor-widget-container\">\n\t\t\t\t\t\t\t\t\t\t\t\t\t\t\t<img loading=\"lazy\" decoding=\"async\" width=\"819\" height=\"1024\" src=\"https:\/\/goias.gov.br\/casacivil\/wp-content\/uploads\/sites\/47\/2026\/01\/Secretarios-13-819x1024.jpg\" class=\"attachment-large size-large wp-image-58262\" alt=\"\" srcset=\"https:\/\/goias.gov.br\/casacivil\/wp-content\/uploads\/sites\/47\/2026\/01\/Secretarios-13-819x1024.jpg 819w, https:\/\/goias.gov.br\/casacivil\/wp-content\/uploads\/sites\/47\/2026\/01\/Secretarios-13-240x300.jpg 240w, https:\/\/goias.gov.br\/casacivil\/wp-content\/uploads\/sites\/47\/2026\/01\/Secretarios-13-768x960.jpg 768w, https:\/\/goias.gov.br\/casacivil\/wp-content\/uploads\/sites\/47\/2026\/01\/Secretarios-13-1229x1536.jpg 1229w, https:\/\/goias.gov.br\/casacivil\/wp-content\/uploads\/sites\/47\/2026\/01\/Secretarios-13-1638x2048.jpg 1638w\" sizes=\"(max-width: 819px) 100vw, 819px\" \/>\t\t\t\t\t\t\t\t\t\t\t\t\t\t\t<\/div>\n\t\t\t\t<\/div>\n\t\t\t\t<div class=\"elementor-element elementor-element-f0b2eb4 elementor-widget elementor-widget-heading\" data-id=\"f0b2eb4\" data-element_type=\"widget\" data-e-type=\"widget\" data-widget_type=\"heading.default\">\n\t\t\t\t<div class=\"elementor-widget-container\">\n\t\t\t\t\t<h6 class=\"elementor-heading-title elementor-size-default\"><span class=\"_aupe copyable-text xkrh14z\">Aelson Nascimento<br>3\/4\/1998 - 24\/11\/1998<\/span><\/h6>\t\t\t\t<\/div>\n\t\t\t\t<\/div>\n\t\t\t\t<\/div>\n\t\t<div class=\"elementor-element elementor-element-8534fd6 e-con-full e-flex e-con e-child\" data-id=\"8534fd6\" data-element_type=\"container\" data-e-type=\"container\">\n\t\t\t\t<div class=\"elementor-element elementor-element-185a60d elementor-widget elementor-widget-image\" data-id=\"185a60d\" data-element_type=\"widget\" data-e-type=\"widget\" data-widget_type=\"image.default\">\n\t\t\t\t<div class=\"elementor-widget-container\">\n\t\t\t\t\t\t\t\t\t\t\t\t\t\t\t<img loading=\"lazy\" decoding=\"async\" width=\"819\" height=\"1024\" src=\"https:\/\/goias.gov.br\/casacivil\/wp-content\/uploads\/sites\/47\/2026\/01\/Secretarios-14-819x1024.jpg\" class=\"attachment-large size-large wp-image-58270\" alt=\"\" srcset=\"https:\/\/goias.gov.br\/casacivil\/wp-content\/uploads\/sites\/47\/2026\/01\/Secretarios-14-819x1024.jpg 819w, https:\/\/goias.gov.br\/casacivil\/wp-content\/uploads\/sites\/47\/2026\/01\/Secretarios-14-240x300.jpg 240w, https:\/\/goias.gov.br\/casacivil\/wp-content\/uploads\/sites\/47\/2026\/01\/Secretarios-14-768x960.jpg 768w, https:\/\/goias.gov.br\/casacivil\/wp-content\/uploads\/sites\/47\/2026\/01\/Secretarios-14-1229x1536.jpg 1229w, https:\/\/goias.gov.br\/casacivil\/wp-content\/uploads\/sites\/47\/2026\/01\/Secretarios-14-1638x2048.jpg 1638w\" sizes=\"(max-width: 819px) 100vw, 819px\" \/>\t\t\t\t\t\t\t\t\t\t\t\t\t\t\t<\/div>\n\t\t\t\t<\/div>\n\t\t\t\t<div class=\"elementor-element elementor-element-de10a28 elementor-widget elementor-widget-heading\" data-id=\"de10a28\" data-element_type=\"widget\" data-e-type=\"widget\" data-widget_type=\"heading.default\">\n\t\t\t\t<div class=\"elementor-widget-container\">\n\t\t\t\t\t<h6 class=\"elementor-heading-title elementor-size-default\"><span class=\"_aupe copyable-text xkrh14z\">Nelson Siqueira <br>1\/1\/1995 - 3\/04\/1998<\/span><\/h6>\t\t\t\t<\/div>\n\t\t\t\t<\/div>\n\t\t\t\t<\/div>\n\t\t<div class=\"elementor-element elementor-element-72bddb6 e-con-full e-flex e-con e-child\" data-id=\"72bddb6\" data-element_type=\"container\" data-e-type=\"container\">\n\t\t\t\t<div class=\"elementor-element elementor-element-bb3fb62 elementor-widget elementor-widget-image\" data-id=\"bb3fb62\" data-element_type=\"widget\" data-e-type=\"widget\" data-widget_type=\"image.default\">\n\t\t\t\t<div class=\"elementor-widget-container\">\n\t\t\t\t\t\t\t\t\t\t\t\t\t\t\t<img loading=\"lazy\" decoding=\"async\" width=\"819\" height=\"1024\" src=\"https:\/\/goias.gov.br\/casacivil\/wp-content\/uploads\/sites\/47\/2026\/01\/Secretarios-1-2-819x1024.jpg\" class=\"attachment-large size-large wp-image-58864\" alt=\"\" srcset=\"https:\/\/goias.gov.br\/casacivil\/wp-content\/uploads\/sites\/47\/2026\/01\/Secretarios-1-2-819x1024.jpg 819w, https:\/\/goias.gov.br\/casacivil\/wp-content\/uploads\/sites\/47\/2026\/01\/Secretarios-1-2-240x300.jpg 240w, https:\/\/goias.gov.br\/casacivil\/wp-content\/uploads\/sites\/47\/2026\/01\/Secretarios-1-2-768x960.jpg 768w, https:\/\/goias.gov.br\/casacivil\/wp-content\/uploads\/sites\/47\/2026\/01\/Secretarios-1-2-1229x1536.jpg 1229w, https:\/\/goias.gov.br\/casacivil\/wp-content\/uploads\/sites\/47\/2026\/01\/Secretarios-1-2-1638x2048.jpg 1638w\" sizes=\"(max-width: 819px) 100vw, 819px\" \/>\t\t\t\t\t\t\t\t\t\t\t\t\t\t\t<\/div>\n\t\t\t\t<\/div>\n\t\t\t\t<div class=\"elementor-element elementor-element-89d7368 elementor-widget elementor-widget-heading\" data-id=\"89d7368\" data-element_type=\"widget\" data-e-type=\"widget\" data-widget_type=\"heading.default\">\n\t\t\t\t<div class=\"elementor-widget-container\">\n\t\t\t\t\t<h6 class=\"elementor-heading-title elementor-size-default\">Guaraciaba Rosa de Oliveira <br>11\/4\/1994 - 1\/1\/1995 <\/h6>\t\t\t\t<\/div>\n\t\t\t\t<\/div>\n\t\t\t\t<\/div>\n\t\t<div class=\"elementor-element elementor-element-c12427e e-con-full e-flex e-con e-child\" data-id=\"c12427e\" data-element_type=\"container\" data-e-type=\"container\">\n\t\t\t\t<div class=\"elementor-element elementor-element-e62bbb5 elementor-widget elementor-widget-image\" data-id=\"e62bbb5\" data-element_type=\"widget\" data-e-type=\"widget\" data-widget_type=\"image.default\">\n\t\t\t\t<div class=\"elementor-widget-container\">\n\t\t\t\t\t\t\t\t\t\t\t\t\t\t\t<img loading=\"lazy\" decoding=\"async\" width=\"819\" height=\"1024\" src=\"https:\/\/goias.gov.br\/casacivil\/wp-content\/uploads\/sites\/47\/2026\/01\/Secretarios-15-819x1024.jpg\" class=\"attachment-large size-large wp-image-58278\" alt=\"\" srcset=\"https:\/\/goias.gov.br\/casacivil\/wp-content\/uploads\/sites\/47\/2026\/01\/Secretarios-15-819x1024.jpg 819w, https:\/\/goias.gov.br\/casacivil\/wp-content\/uploads\/sites\/47\/2026\/01\/Secretarios-15-240x300.jpg 240w, https:\/\/goias.gov.br\/casacivil\/wp-content\/uploads\/sites\/47\/2026\/01\/Secretarios-15-768x960.jpg 768w, https:\/\/goias.gov.br\/casacivil\/wp-content\/uploads\/sites\/47\/2026\/01\/Secretarios-15-1229x1536.jpg 1229w, https:\/\/goias.gov.br\/casacivil\/wp-content\/uploads\/sites\/47\/2026\/01\/Secretarios-15-1638x2048.jpg 1638w\" sizes=\"(max-width: 819px) 100vw, 819px\" \/>\t\t\t\t\t\t\t\t\t\t\t\t\t\t\t<\/div>\n\t\t\t\t<\/div>\n\t\t\t\t<div class=\"elementor-element elementor-element-aaf8c91 elementor-widget elementor-widget-heading\" data-id=\"aaf8c91\" data-element_type=\"widget\" data-e-type=\"widget\" data-widget_type=\"heading.default\">\n\t\t\t\t<div class=\"elementor-widget-container\">\n\t\t\t\t\t<h6 class=\"elementor-heading-title elementor-size-default\">Wolney Wagner de Siqueira <br>15\/3\/1991 - 11\/4\/1994 <\/h6>\t\t\t\t<\/div>\n\t\t\t\t<\/div>\n\t\t\t\t<\/div>\n\t\t<div class=\"elementor-element elementor-element-40d1441 e-con-full e-flex e-con e-child\" data-id=\"40d1441\" data-element_type=\"container\" data-e-type=\"container\">\n\t\t\t\t<div class=\"elementor-element elementor-element-4d05074 elementor-widget elementor-widget-image\" data-id=\"4d05074\" data-element_type=\"widget\" data-e-type=\"widget\" data-widget_type=\"image.default\">\n\t\t\t\t<div class=\"elementor-widget-container\">\n\t\t\t\t\t\t\t\t\t\t\t\t\t\t\t<img loading=\"lazy\" decoding=\"async\" width=\"819\" height=\"1024\" src=\"https:\/\/goias.gov.br\/casacivil\/wp-content\/uploads\/sites\/47\/2026\/01\/Secretarios-16-819x1024.jpg\" class=\"attachment-large size-large wp-image-58284\" alt=\"\" srcset=\"https:\/\/goias.gov.br\/casacivil\/wp-content\/uploads\/sites\/47\/2026\/01\/Secretarios-16-819x1024.jpg 819w, https:\/\/goias.gov.br\/casacivil\/wp-content\/uploads\/sites\/47\/2026\/01\/Secretarios-16-240x300.jpg 240w, https:\/\/goias.gov.br\/casacivil\/wp-content\/uploads\/sites\/47\/2026\/01\/Secretarios-16-768x960.jpg 768w, https:\/\/goias.gov.br\/casacivil\/wp-content\/uploads\/sites\/47\/2026\/01\/Secretarios-16-1229x1536.jpg 1229w, https:\/\/goias.gov.br\/casacivil\/wp-content\/uploads\/sites\/47\/2026\/01\/Secretarios-16-1638x2048.jpg 1638w\" sizes=\"(max-width: 819px) 100vw, 819px\" \/>\t\t\t\t\t\t\t\t\t\t\t\t\t\t\t<\/div>\n\t\t\t\t<\/div>\n\t\t\t\t<div class=\"elementor-element elementor-element-e37da1d elementor-widget elementor-widget-heading\" data-id=\"e37da1d\" data-element_type=\"widget\" data-e-type=\"widget\" data-widget_type=\"heading.default\">\n\t\t\t\t<div class=\"elementor-widget-container\">\n\t\t\t\t\t<h6 class=\"elementor-heading-title elementor-size-default\">Waldyr do Esp\u00edrito Santo Castro Quinta <br>19\/1\/1990 - 15\/3\/1991<\/h6>\t\t\t\t<\/div>\n\t\t\t\t<\/div>\n\t\t\t\t<\/div>\n\t\t\t\t<\/div>\n\t\t<div class=\"elementor-element elementor-element-c1aedc6 e-con-full e-flex e-con e-child\" data-id=\"c1aedc6\" data-element_type=\"container\" data-e-type=\"container\">\n\t\t<div class=\"elementor-element elementor-element-c16b962 e-con-full e-flex e-con e-child\" data-id=\"c16b962\" data-element_type=\"container\" data-e-type=\"container\">\n\t\t\t\t<div class=\"elementor-element elementor-element-e3009bc elementor-widget elementor-widget-image\" data-id=\"e3009bc\" data-element_type=\"widget\" data-e-type=\"widget\" data-widget_type=\"image.default\">\n\t\t\t\t<div class=\"elementor-widget-container\">\n\t\t\t\t\t\t\t\t\t\t\t\t\t\t\t<img loading=\"lazy\" decoding=\"async\" width=\"819\" height=\"1024\" src=\"https:\/\/goias.gov.br\/casacivil\/wp-content\/uploads\/sites\/47\/2026\/01\/Secretarios-8-819x1024.jpg\" class=\"attachment-large size-large wp-image-57973\" alt=\"\" srcset=\"https:\/\/goias.gov.br\/casacivil\/wp-content\/uploads\/sites\/47\/2026\/01\/Secretarios-8-819x1024.jpg 819w, https:\/\/goias.gov.br\/casacivil\/wp-content\/uploads\/sites\/47\/2026\/01\/Secretarios-8-240x300.jpg 240w, https:\/\/goias.gov.br\/casacivil\/wp-content\/uploads\/sites\/47\/2026\/01\/Secretarios-8-768x960.jpg 768w, https:\/\/goias.gov.br\/casacivil\/wp-content\/uploads\/sites\/47\/2026\/01\/Secretarios-8-1229x1536.jpg 1229w, https:\/\/goias.gov.br\/casacivil\/wp-content\/uploads\/sites\/47\/2026\/01\/Secretarios-8-1638x2048.jpg 1638w\" sizes=\"(max-width: 819px) 100vw, 819px\" \/>\t\t\t\t\t\t\t\t\t\t\t\t\t\t\t<\/div>\n\t\t\t\t<\/div>\n\t\t\t\t<div class=\"elementor-element elementor-element-8518fd4 elementor-widget elementor-widget-heading\" data-id=\"8518fd4\" data-element_type=\"widget\" data-e-type=\"widget\" data-widget_type=\"heading.default\">\n\t\t\t\t<div class=\"elementor-widget-container\">\n\t\t\t\t\t<h6 class=\"elementor-heading-title elementor-size-default\">Ivan Soares de Gouv\u00eaa<br>28\/9\/1989 - 19\/1\/1990<\/h6>\t\t\t\t<\/div>\n\t\t\t\t<\/div>\n\t\t\t\t<\/div>\n\t\t<div class=\"elementor-element elementor-element-dadd137 e-con-full e-flex e-con e-child\" data-id=\"dadd137\" data-element_type=\"container\" data-e-type=\"container\">\n\t\t\t\t<div class=\"elementor-element elementor-element-42ccbc3 elementor-widget elementor-widget-image\" data-id=\"42ccbc3\" data-element_type=\"widget\" data-e-type=\"widget\" data-widget_type=\"image.default\">\n\t\t\t\t<div class=\"elementor-widget-container\">\n\t\t\t\t\t\t\t\t\t\t\t\t\t\t\t<img loading=\"lazy\" decoding=\"async\" width=\"819\" height=\"1024\" src=\"https:\/\/goias.gov.br\/casacivil\/wp-content\/uploads\/sites\/47\/2026\/01\/Secretarios-17-819x1024.jpg\" class=\"attachment-large size-large wp-image-58293\" alt=\"\" srcset=\"https:\/\/goias.gov.br\/casacivil\/wp-content\/uploads\/sites\/47\/2026\/01\/Secretarios-17-819x1024.jpg 819w, https:\/\/goias.gov.br\/casacivil\/wp-content\/uploads\/sites\/47\/2026\/01\/Secretarios-17-240x300.jpg 240w, https:\/\/goias.gov.br\/casacivil\/wp-content\/uploads\/sites\/47\/2026\/01\/Secretarios-17-768x960.jpg 768w, https:\/\/goias.gov.br\/casacivil\/wp-content\/uploads\/sites\/47\/2026\/01\/Secretarios-17-1229x1536.jpg 1229w, https:\/\/goias.gov.br\/casacivil\/wp-content\/uploads\/sites\/47\/2026\/01\/Secretarios-17-1638x2048.jpg 1638w\" sizes=\"(max-width: 819px) 100vw, 819px\" \/>\t\t\t\t\t\t\t\t\t\t\t\t\t\t\t<\/div>\n\t\t\t\t<\/div>\n\t\t\t\t<div class=\"elementor-element elementor-element-0f52192 elementor-widget elementor-widget-heading\" data-id=\"0f52192\" data-element_type=\"widget\" data-e-type=\"widget\" data-widget_type=\"heading.default\">\n\t\t\t\t<div class=\"elementor-widget-container\">\n\t\t\t\t\t<h6 class=\"elementor-heading-title elementor-size-default\">Juarez Magalh\u00e3es de Almeida<br> 15\/3\/1987 - 28\/9\/1989<\/h6>\t\t\t\t<\/div>\n\t\t\t\t<\/div>\n\t\t\t\t<\/div>\n\t\t<div class=\"elementor-element elementor-element-e540f15 e-con-full e-flex e-con e-child\" data-id=\"e540f15\" data-element_type=\"container\" data-e-type=\"container\">\n\t\t\t\t<div class=\"elementor-element elementor-element-c25a185 elementor-widget elementor-widget-image\" data-id=\"c25a185\" data-element_type=\"widget\" data-e-type=\"widget\" data-widget_type=\"image.default\">\n\t\t\t\t<div class=\"elementor-widget-container\">\n\t\t\t\t\t\t\t\t\t\t\t\t\t\t\t<img loading=\"lazy\" decoding=\"async\" width=\"819\" height=\"1024\" src=\"https:\/\/goias.gov.br\/casacivil\/wp-content\/uploads\/sites\/47\/2026\/01\/Secretarios-18-819x1024.jpg\" class=\"attachment-large size-large wp-image-58296\" alt=\"\" srcset=\"https:\/\/goias.gov.br\/casacivil\/wp-content\/uploads\/sites\/47\/2026\/01\/Secretarios-18-819x1024.jpg 819w, https:\/\/goias.gov.br\/casacivil\/wp-content\/uploads\/sites\/47\/2026\/01\/Secretarios-18-240x300.jpg 240w, https:\/\/goias.gov.br\/casacivil\/wp-content\/uploads\/sites\/47\/2026\/01\/Secretarios-18-768x960.jpg 768w, https:\/\/goias.gov.br\/casacivil\/wp-content\/uploads\/sites\/47\/2026\/01\/Secretarios-18-1229x1536.jpg 1229w, https:\/\/goias.gov.br\/casacivil\/wp-content\/uploads\/sites\/47\/2026\/01\/Secretarios-18-1638x2048.jpg 1638w\" sizes=\"(max-width: 819px) 100vw, 819px\" \/>\t\t\t\t\t\t\t\t\t\t\t\t\t\t\t<\/div>\n\t\t\t\t<\/div>\n\t\t\t\t<div class=\"elementor-element elementor-element-afb2211 elementor-widget elementor-widget-heading\" data-id=\"afb2211\" data-element_type=\"widget\" data-e-type=\"widget\" data-widget_type=\"heading.default\">\n\t\t\t\t<div class=\"elementor-widget-container\">\n\t\t\t\t\t<h6 class=\"elementor-heading-title elementor-size-default\">Walter Pereira da Silva <br>27\/6\/1985 - 15\/3\/1987<\/h6>\t\t\t\t<\/div>\n\t\t\t\t<\/div>\n\t\t\t\t<\/div>\n\t\t<div class=\"elementor-element elementor-element-2f86328 e-con-full e-flex e-con e-child\" data-id=\"2f86328\" data-element_type=\"container\" data-e-type=\"container\">\n\t\t\t\t<div class=\"elementor-element elementor-element-b95b127 elementor-widget elementor-widget-image\" data-id=\"b95b127\" data-element_type=\"widget\" data-e-type=\"widget\" data-widget_type=\"image.default\">\n\t\t\t\t<div class=\"elementor-widget-container\">\n\t\t\t\t\t\t\t\t\t\t\t\t\t\t\t<img loading=\"lazy\" decoding=\"async\" width=\"819\" height=\"1024\" src=\"https:\/\/goias.gov.br\/casacivil\/wp-content\/uploads\/sites\/47\/2026\/01\/Secretarios-19-819x1024.jpg\" class=\"attachment-large size-large wp-image-58302\" alt=\"\" srcset=\"https:\/\/goias.gov.br\/casacivil\/wp-content\/uploads\/sites\/47\/2026\/01\/Secretarios-19-819x1024.jpg 819w, https:\/\/goias.gov.br\/casacivil\/wp-content\/uploads\/sites\/47\/2026\/01\/Secretarios-19-240x300.jpg 240w, https:\/\/goias.gov.br\/casacivil\/wp-content\/uploads\/sites\/47\/2026\/01\/Secretarios-19-768x960.jpg 768w, https:\/\/goias.gov.br\/casacivil\/wp-content\/uploads\/sites\/47\/2026\/01\/Secretarios-19-1229x1536.jpg 1229w, https:\/\/goias.gov.br\/casacivil\/wp-content\/uploads\/sites\/47\/2026\/01\/Secretarios-19-1638x2048.jpg 1638w\" sizes=\"(max-width: 819px) 100vw, 819px\" \/>\t\t\t\t\t\t\t\t\t\t\t\t\t\t\t<\/div>\n\t\t\t\t<\/div>\n\t\t\t\t<div class=\"elementor-element elementor-element-c08ad8a elementor-widget elementor-widget-heading\" data-id=\"c08ad8a\" data-element_type=\"widget\" data-e-type=\"widget\" data-widget_type=\"heading.default\">\n\t\t\t\t<div class=\"elementor-widget-container\">\n\t\t\t\t\t<h6 class=\"elementor-heading-title elementor-size-default\">Charife Oscar Abr\u00e3o <br>15\/3\/1983 - 27\/6\/1985<\/h6>\t\t\t\t<\/div>\n\t\t\t\t<\/div>\n\t\t\t\t<\/div>\n\t\t<div class=\"elementor-element elementor-element-532fde5 e-con-full e-flex e-con e-child\" data-id=\"532fde5\" data-element_type=\"container\" data-e-type=\"container\">\n\t\t\t\t<div class=\"elementor-element elementor-element-aa03a07 elementor-widget elementor-widget-image\" data-id=\"aa03a07\" data-element_type=\"widget\" data-e-type=\"widget\" data-widget_type=\"image.default\">\n\t\t\t\t<div class=\"elementor-widget-container\">\n\t\t\t\t\t\t\t\t\t\t\t\t\t\t\t<img loading=\"lazy\" decoding=\"async\" width=\"819\" height=\"1024\" src=\"https:\/\/goias.gov.br\/casacivil\/wp-content\/uploads\/sites\/47\/2026\/01\/Secretarios-26-819x1024.jpg\" class=\"attachment-large size-large wp-image-59519\" alt=\"\" srcset=\"https:\/\/goias.gov.br\/casacivil\/wp-content\/uploads\/sites\/47\/2026\/01\/Secretarios-26-819x1024.jpg 819w, https:\/\/goias.gov.br\/casacivil\/wp-content\/uploads\/sites\/47\/2026\/01\/Secretarios-26-240x300.jpg 240w, https:\/\/goias.gov.br\/casacivil\/wp-content\/uploads\/sites\/47\/2026\/01\/Secretarios-26-768x960.jpg 768w, https:\/\/goias.gov.br\/casacivil\/wp-content\/uploads\/sites\/47\/2026\/01\/Secretarios-26-1229x1536.jpg 1229w, https:\/\/goias.gov.br\/casacivil\/wp-content\/uploads\/sites\/47\/2026\/01\/Secretarios-26-1638x2048.jpg 1638w\" sizes=\"(max-width: 819px) 100vw, 819px\" \/>\t\t\t\t\t\t\t\t\t\t\t\t\t\t\t<\/div>\n\t\t\t\t<\/div>\n\t\t\t\t<div class=\"elementor-element elementor-element-7a96d70 elementor-widget elementor-widget-heading\" data-id=\"7a96d70\" data-element_type=\"widget\" data-e-type=\"widget\" data-widget_type=\"heading.default\">\n\t\t\t\t<div class=\"elementor-widget-container\">\n\t\t\t\t\t<h6 class=\"elementor-heading-title elementor-size-default\">Jos\u00e9 Roberto da Paix\u00e3o <br>16\/3\/1979 - 15\/3\/1983<\/h6>\t\t\t\t<\/div>\n\t\t\t\t<\/div>\n\t\t\t\t<\/div>\n\t\t<div class=\"elementor-element elementor-element-5a3af71 e-con-full e-flex e-con e-child\" data-id=\"5a3af71\" data-element_type=\"container\" data-e-type=\"container\">\n\t\t\t\t<div class=\"elementor-element elementor-element-fb3e47b elementor-widget elementor-widget-image\" data-id=\"fb3e47b\" data-element_type=\"widget\" data-e-type=\"widget\" data-widget_type=\"image.default\">\n\t\t\t\t<div class=\"elementor-widget-container\">\n\t\t\t\t\t\t\t\t\t\t\t\t\t\t\t<img loading=\"lazy\" decoding=\"async\" width=\"819\" height=\"1024\" src=\"https:\/\/goias.gov.br\/casacivil\/wp-content\/uploads\/sites\/47\/2026\/01\/Secretarios-819x1024.png\" class=\"attachment-large size-large wp-image-58159\" alt=\"\" srcset=\"https:\/\/goias.gov.br\/casacivil\/wp-content\/uploads\/sites\/47\/2026\/01\/Secretarios-819x1024.png 819w, https:\/\/goias.gov.br\/casacivil\/wp-content\/uploads\/sites\/47\/2026\/01\/Secretarios-240x300.png 240w, https:\/\/goias.gov.br\/casacivil\/wp-content\/uploads\/sites\/47\/2026\/01\/Secretarios-768x960.png 768w, https:\/\/goias.gov.br\/casacivil\/wp-content\/uploads\/sites\/47\/2026\/01\/Secretarios-1229x1536.png 1229w, https:\/\/goias.gov.br\/casacivil\/wp-content\/uploads\/sites\/47\/2026\/01\/Secretarios-1638x2048.png 1638w\" sizes=\"(max-width: 819px) 100vw, 819px\" \/>\t\t\t\t\t\t\t\t\t\t\t\t\t\t\t<\/div>\n\t\t\t\t<\/div>\n\t\t\t\t<div class=\"elementor-element elementor-element-e5ea308 elementor-widget elementor-widget-heading\" data-id=\"e5ea308\" data-element_type=\"widget\" data-e-type=\"widget\" data-widget_type=\"heading.default\">\n\t\t\t\t<div class=\"elementor-widget-container\">\n\t\t\t\t\t<h6 class=\"elementor-heading-title elementor-size-default\">Francisco Marques Guimar\u00e3es <br>28\/2\/1977 - 16\/3\/1979 <\/h6>\t\t\t\t<\/div>\n\t\t\t\t<\/div>\n\t\t\t\t<\/div>\n\t\t\t\t<\/div>\n\t\t<div class=\"elementor-element elementor-element-75a8757 e-con-full e-flex e-con e-child\" data-id=\"75a8757\" data-element_type=\"container\" data-e-type=\"container\">\n\t\t<div class=\"elementor-element elementor-element-5c0abc0 e-con-full e-flex e-con e-child\" data-id=\"5c0abc0\" data-element_type=\"container\" data-e-type=\"container\">\n\t\t\t\t<div class=\"elementor-element elementor-element-deade3e elementor-widget elementor-widget-image\" data-id=\"deade3e\" data-element_type=\"widget\" data-e-type=\"widget\" data-widget_type=\"image.default\">\n\t\t\t\t<div class=\"elementor-widget-container\">\n\t\t\t\t\t\t\t\t\t\t\t\t\t\t\t<img loading=\"lazy\" decoding=\"async\" width=\"819\" height=\"1024\" src=\"https:\/\/goias.gov.br\/casacivil\/wp-content\/uploads\/sites\/47\/2026\/01\/Secretarios-819x1024.png\" class=\"attachment-large size-large wp-image-58159\" alt=\"\" srcset=\"https:\/\/goias.gov.br\/casacivil\/wp-content\/uploads\/sites\/47\/2026\/01\/Secretarios-819x1024.png 819w, https:\/\/goias.gov.br\/casacivil\/wp-content\/uploads\/sites\/47\/2026\/01\/Secretarios-240x300.png 240w, https:\/\/goias.gov.br\/casacivil\/wp-content\/uploads\/sites\/47\/2026\/01\/Secretarios-768x960.png 768w, https:\/\/goias.gov.br\/casacivil\/wp-content\/uploads\/sites\/47\/2026\/01\/Secretarios-1229x1536.png 1229w, https:\/\/goias.gov.br\/casacivil\/wp-content\/uploads\/sites\/47\/2026\/01\/Secretarios-1638x2048.png 1638w\" sizes=\"(max-width: 819px) 100vw, 819px\" \/>\t\t\t\t\t\t\t\t\t\t\t\t\t\t\t<\/div>\n\t\t\t\t<\/div>\n\t\t\t\t<div class=\"elementor-element elementor-element-11469b2 elementor-widget elementor-widget-heading\" data-id=\"11469b2\" data-element_type=\"widget\" data-e-type=\"widget\" data-widget_type=\"heading.default\">\n\t\t\t\t<div class=\"elementor-widget-container\">\n\t\t\t\t\t<h6 class=\"elementor-heading-title elementor-size-default\">Ercilio Ferreira dos Santos <br>2\/12\/1975<br>- 28\/2\/1977<\/h6>\t\t\t\t<\/div>\n\t\t\t\t<\/div>\n\t\t\t\t<\/div>\n\t\t<div class=\"elementor-element elementor-element-1d50f9a e-con-full e-flex e-con e-child\" data-id=\"1d50f9a\" data-element_type=\"container\" data-e-type=\"container\">\n\t\t\t\t<div class=\"elementor-element elementor-element-94b3fb3 elementor-widget elementor-widget-image\" data-id=\"94b3fb3\" data-element_type=\"widget\" data-e-type=\"widget\" data-widget_type=\"image.default\">\n\t\t\t\t<div class=\"elementor-widget-container\">\n\t\t\t\t\t\t\t\t\t\t\t\t\t\t\t<img loading=\"lazy\" decoding=\"async\" width=\"819\" height=\"1024\" src=\"https:\/\/goias.gov.br\/casacivil\/wp-content\/uploads\/sites\/47\/2026\/01\/Secretarios-26-1-819x1024.jpg\" class=\"attachment-large size-large wp-image-59523\" alt=\"\" srcset=\"https:\/\/goias.gov.br\/casacivil\/wp-content\/uploads\/sites\/47\/2026\/01\/Secretarios-26-1-819x1024.jpg 819w, https:\/\/goias.gov.br\/casacivil\/wp-content\/uploads\/sites\/47\/2026\/01\/Secretarios-26-1-240x300.jpg 240w, https:\/\/goias.gov.br\/casacivil\/wp-content\/uploads\/sites\/47\/2026\/01\/Secretarios-26-1-768x960.jpg 768w, https:\/\/goias.gov.br\/casacivil\/wp-content\/uploads\/sites\/47\/2026\/01\/Secretarios-26-1-1229x1536.jpg 1229w, https:\/\/goias.gov.br\/casacivil\/wp-content\/uploads\/sites\/47\/2026\/01\/Secretarios-26-1-1638x2048.jpg 1638w\" sizes=\"(max-width: 819px) 100vw, 819px\" \/>\t\t\t\t\t\t\t\t\t\t\t\t\t\t\t<\/div>\n\t\t\t\t<\/div>\n\t\t\t\t<div class=\"elementor-element elementor-element-9dbd502 elementor-widget elementor-widget-heading\" data-id=\"9dbd502\" data-element_type=\"widget\" data-e-type=\"widget\" data-widget_type=\"heading.default\">\n\t\t\t\t<div class=\"elementor-widget-container\">\n\t\t\t\t\t<h6 class=\"elementor-heading-title elementor-size-default\">Jos\u00e9 Roberto da Paix\u00e3o <br>15\/3\/1975<br>- 2\/12\/1975<\/h6>\t\t\t\t<\/div>\n\t\t\t\t<\/div>\n\t\t\t\t<\/div>\n\t\t<div class=\"elementor-element elementor-element-055aa21 e-con-full e-flex e-con e-child\" data-id=\"055aa21\" data-element_type=\"container\" data-e-type=\"container\">\n\t\t\t\t<div class=\"elementor-element elementor-element-2f20616 elementor-widget elementor-widget-image\" data-id=\"2f20616\" data-element_type=\"widget\" data-e-type=\"widget\" data-widget_type=\"image.default\">\n\t\t\t\t<div class=\"elementor-widget-container\">\n\t\t\t\t\t\t\t\t\t\t\t\t\t\t\t<img loading=\"lazy\" decoding=\"async\" width=\"819\" height=\"1024\" src=\"https:\/\/goias.gov.br\/casacivil\/wp-content\/uploads\/sites\/47\/2026\/01\/Secretarios-21-819x1024.jpg\" class=\"attachment-large size-large wp-image-58321\" alt=\"\" srcset=\"https:\/\/goias.gov.br\/casacivil\/wp-content\/uploads\/sites\/47\/2026\/01\/Secretarios-21-819x1024.jpg 819w, https:\/\/goias.gov.br\/casacivil\/wp-content\/uploads\/sites\/47\/2026\/01\/Secretarios-21-240x300.jpg 240w, https:\/\/goias.gov.br\/casacivil\/wp-content\/uploads\/sites\/47\/2026\/01\/Secretarios-21-768x960.jpg 768w, https:\/\/goias.gov.br\/casacivil\/wp-content\/uploads\/sites\/47\/2026\/01\/Secretarios-21-1229x1536.jpg 1229w, https:\/\/goias.gov.br\/casacivil\/wp-content\/uploads\/sites\/47\/2026\/01\/Secretarios-21-1638x2048.jpg 1638w\" sizes=\"(max-width: 819px) 100vw, 819px\" \/>\t\t\t\t\t\t\t\t\t\t\t\t\t\t\t<\/div>\n\t\t\t\t<\/div>\n\t\t\t\t<div class=\"elementor-element elementor-element-6ae9188 elementor-widget elementor-widget-heading\" data-id=\"6ae9188\" data-element_type=\"widget\" data-e-type=\"widget\" data-widget_type=\"heading.default\">\n\t\t\t\t<div class=\"elementor-widget-container\">\n\t\t\t\t\t<h6 class=\"elementor-heading-title elementor-size-default\">Manoel Nahum Lang Wanderley<br>1\/4\/1974<br>- 15\/3\/1975<\/h6>\t\t\t\t<\/div>\n\t\t\t\t<\/div>\n\t\t\t\t<\/div>\n\t\t<div class=\"elementor-element elementor-element-a4a1edc e-con-full e-flex e-con e-child\" data-id=\"a4a1edc\" data-element_type=\"container\" data-e-type=\"container\">\n\t\t\t\t<div class=\"elementor-element elementor-element-eebd044 elementor-widget elementor-widget-image\" data-id=\"eebd044\" data-element_type=\"widget\" data-e-type=\"widget\" data-widget_type=\"image.default\">\n\t\t\t\t<div class=\"elementor-widget-container\">\n\t\t\t\t\t\t\t\t\t\t\t\t\t\t\t<img loading=\"lazy\" decoding=\"async\" width=\"819\" height=\"1024\" src=\"https:\/\/goias.gov.br\/casacivil\/wp-content\/uploads\/sites\/47\/2026\/01\/Secretarios-21-819x1024.jpg\" class=\"attachment-large size-large wp-image-58321\" alt=\"\" srcset=\"https:\/\/goias.gov.br\/casacivil\/wp-content\/uploads\/sites\/47\/2026\/01\/Secretarios-21-819x1024.jpg 819w, https:\/\/goias.gov.br\/casacivil\/wp-content\/uploads\/sites\/47\/2026\/01\/Secretarios-21-240x300.jpg 240w, https:\/\/goias.gov.br\/casacivil\/wp-content\/uploads\/sites\/47\/2026\/01\/Secretarios-21-768x960.jpg 768w, https:\/\/goias.gov.br\/casacivil\/wp-content\/uploads\/sites\/47\/2026\/01\/Secretarios-21-1229x1536.jpg 1229w, https:\/\/goias.gov.br\/casacivil\/wp-content\/uploads\/sites\/47\/2026\/01\/Secretarios-21-1638x2048.jpg 1638w\" sizes=\"(max-width: 819px) 100vw, 819px\" \/>\t\t\t\t\t\t\t\t\t\t\t\t\t\t\t<\/div>\n\t\t\t\t<\/div>\n\t\t\t\t<div class=\"elementor-element elementor-element-e599a15 elementor-widget elementor-widget-heading\" data-id=\"e599a15\" data-element_type=\"widget\" data-e-type=\"widget\" data-widget_type=\"heading.default\">\n\t\t\t\t<div class=\"elementor-widget-container\">\n\t\t\t\t\t<h6 class=\"elementor-heading-title elementor-size-default\">Manoel Nahum Lang Wanderley<br>17\/1\/1973<br>- 10\/5\/1974 (Interino)<\/h6>\t\t\t\t<\/div>\n\t\t\t\t<\/div>\n\t\t\t\t<\/div>\n\t\t<div class=\"elementor-element elementor-element-0d85c20 e-con-full e-flex e-con e-child\" data-id=\"0d85c20\" data-element_type=\"container\" data-e-type=\"container\">\n\t\t\t\t<div class=\"elementor-element elementor-element-cea36fa elementor-widget elementor-widget-image\" data-id=\"cea36fa\" data-element_type=\"widget\" data-e-type=\"widget\" data-widget_type=\"image.default\">\n\t\t\t\t<div class=\"elementor-widget-container\">\n\t\t\t\t\t\t\t\t\t\t\t\t\t\t\t<img loading=\"lazy\" decoding=\"async\" width=\"819\" height=\"1024\" src=\"https:\/\/goias.gov.br\/casacivil\/wp-content\/uploads\/sites\/47\/2026\/01\/Secretarios-819x1024.png\" class=\"attachment-large size-large wp-image-58159\" alt=\"\" srcset=\"https:\/\/goias.gov.br\/casacivil\/wp-content\/uploads\/sites\/47\/2026\/01\/Secretarios-819x1024.png 819w, https:\/\/goias.gov.br\/casacivil\/wp-content\/uploads\/sites\/47\/2026\/01\/Secretarios-240x300.png 240w, https:\/\/goias.gov.br\/casacivil\/wp-content\/uploads\/sites\/47\/2026\/01\/Secretarios-768x960.png 768w, https:\/\/goias.gov.br\/casacivil\/wp-content\/uploads\/sites\/47\/2026\/01\/Secretarios-1229x1536.png 1229w, https:\/\/goias.gov.br\/casacivil\/wp-content\/uploads\/sites\/47\/2026\/01\/Secretarios-1638x2048.png 1638w\" sizes=\"(max-width: 819px) 100vw, 819px\" \/>\t\t\t\t\t\t\t\t\t\t\t\t\t\t\t<\/div>\n\t\t\t\t<\/div>\n\t\t\t\t<div class=\"elementor-element elementor-element-b56bfdd elementor-widget elementor-widget-heading\" data-id=\"b56bfdd\" data-element_type=\"widget\" data-e-type=\"widget\" data-widget_type=\"heading.default\">\n\t\t\t\t<div class=\"elementor-widget-container\">\n\t\t\t\t\t<h6 class=\"elementor-heading-title elementor-size-default\">Joanir Ferreira de de Oliveira <br>15\/4\/1971<br>- 17\/1\/1973<\/h6>\t\t\t\t<\/div>\n\t\t\t\t<\/div>\n\t\t\t\t<\/div>\n\t\t<div class=\"elementor-element elementor-element-59e0dc4 e-con-full e-flex e-con e-child\" data-id=\"59e0dc4\" data-element_type=\"container\" data-e-type=\"container\">\n\t\t\t\t<div class=\"elementor-element elementor-element-ee9b580 elementor-widget elementor-widget-image\" data-id=\"ee9b580\" data-element_type=\"widget\" data-e-type=\"widget\" data-widget_type=\"image.default\">\n\t\t\t\t<div class=\"elementor-widget-container\">\n\t\t\t\t\t\t\t\t\t\t\t\t\t\t\t<img loading=\"lazy\" decoding=\"async\" width=\"819\" height=\"1024\" src=\"https:\/\/goias.gov.br\/casacivil\/wp-content\/uploads\/sites\/47\/2026\/01\/Secretarios-22-819x1024.jpg\" class=\"attachment-large size-large wp-image-58334\" alt=\"\" srcset=\"https:\/\/goias.gov.br\/casacivil\/wp-content\/uploads\/sites\/47\/2026\/01\/Secretarios-22-819x1024.jpg 819w, https:\/\/goias.gov.br\/casacivil\/wp-content\/uploads\/sites\/47\/2026\/01\/Secretarios-22-240x300.jpg 240w, https:\/\/goias.gov.br\/casacivil\/wp-content\/uploads\/sites\/47\/2026\/01\/Secretarios-22-768x960.jpg 768w, https:\/\/goias.gov.br\/casacivil\/wp-content\/uploads\/sites\/47\/2026\/01\/Secretarios-22-1229x1536.jpg 1229w, https:\/\/goias.gov.br\/casacivil\/wp-content\/uploads\/sites\/47\/2026\/01\/Secretarios-22-1638x2048.jpg 1638w\" sizes=\"(max-width: 819px) 100vw, 819px\" \/>\t\t\t\t\t\t\t\t\t\t\t\t\t\t\t<\/div>\n\t\t\t\t<\/div>\n\t\t\t\t<div class=\"elementor-element elementor-element-0ce7397 elementor-widget elementor-widget-heading\" data-id=\"0ce7397\" data-element_type=\"widget\" data-e-type=\"widget\" data-widget_type=\"heading.default\">\n\t\t\t\t<div class=\"elementor-widget-container\">\n\t\t\t\t\t<h6 class=\"elementor-heading-title elementor-size-default\">Jos\u00e9 Jer\u00f4nimo Moscardo de Souza <br>26\/11\/1964<\/h6>\t\t\t\t<\/div>\n\t\t\t\t<\/div>\n\t\t\t\t<\/div>\n\t\t\t\t<\/div>\n\t\t<div class=\"elementor-element elementor-element-78d41cb e-con-full e-flex e-con e-child\" data-id=\"78d41cb\" data-element_type=\"container\" data-e-type=\"container\">\n\t\t<div class=\"elementor-element elementor-element-e984c57 e-con-full e-flex e-con e-child\" data-id=\"e984c57\" data-element_type=\"container\" data-e-type=\"container\">\n\t\t\t\t<div class=\"elementor-element elementor-element-73ad99c elementor-widget elementor-widget-image\" data-id=\"73ad99c\" data-element_type=\"widget\" data-e-type=\"widget\" data-widget_type=\"image.default\">\n\t\t\t\t<div class=\"elementor-widget-container\">\n\t\t\t\t\t\t\t\t\t\t\t\t\t\t\t<img loading=\"lazy\" decoding=\"async\" width=\"819\" height=\"1024\" src=\"https:\/\/goias.gov.br\/casacivil\/wp-content\/uploads\/sites\/47\/2026\/01\/Secretarios-819x1024.png\" class=\"attachment-large size-large wp-image-58159\" alt=\"\" srcset=\"https:\/\/goias.gov.br\/casacivil\/wp-content\/uploads\/sites\/47\/2026\/01\/Secretarios-819x1024.png 819w, https:\/\/goias.gov.br\/casacivil\/wp-content\/uploads\/sites\/47\/2026\/01\/Secretarios-240x300.png 240w, https:\/\/goias.gov.br\/casacivil\/wp-content\/uploads\/sites\/47\/2026\/01\/Secretarios-768x960.png 768w, https:\/\/goias.gov.br\/casacivil\/wp-content\/uploads\/sites\/47\/2026\/01\/Secretarios-1229x1536.png 1229w, https:\/\/goias.gov.br\/casacivil\/wp-content\/uploads\/sites\/47\/2026\/01\/Secretarios-1638x2048.png 1638w\" sizes=\"(max-width: 819px) 100vw, 819px\" \/>\t\t\t\t\t\t\t\t\t\t\t\t\t\t\t<\/div>\n\t\t\t\t<\/div>\n\t\t\t\t<div class=\"elementor-element elementor-element-6561b9f elementor-widget elementor-widget-heading\" data-id=\"6561b9f\" data-element_type=\"widget\" data-e-type=\"widget\" data-widget_type=\"heading.default\">\n\t\t\t\t<div class=\"elementor-widget-container\">\n\t\t\t\t\t<h6 class=\"elementor-heading-title elementor-size-default\">Jos\u00e9 Balduino de Souza <br>1\/2\/1955<\/h6>\t\t\t\t<\/div>\n\t\t\t\t<\/div>\n\t\t\t\t<\/div>\n\t\t<div class=\"elementor-element elementor-element-c1ca2da e-con-full e-flex e-con e-child\" data-id=\"c1ca2da\" data-element_type=\"container\" data-e-type=\"container\">\n\t\t\t\t<div class=\"elementor-element elementor-element-90e6606 elementor-widget elementor-widget-image\" data-id=\"90e6606\" data-element_type=\"widget\" data-e-type=\"widget\" data-widget_type=\"image.default\">\n\t\t\t\t<div class=\"elementor-widget-container\">\n\t\t\t\t\t\t\t\t\t\t\t\t\t\t\t<img loading=\"lazy\" decoding=\"async\" width=\"819\" height=\"1024\" src=\"https:\/\/goias.gov.br\/casacivil\/wp-content\/uploads\/sites\/47\/2026\/01\/Secretarios-23-819x1024.jpg\" class=\"attachment-large size-large wp-image-58347\" alt=\"\" srcset=\"https:\/\/goias.gov.br\/casacivil\/wp-content\/uploads\/sites\/47\/2026\/01\/Secretarios-23-819x1024.jpg 819w, https:\/\/goias.gov.br\/casacivil\/wp-content\/uploads\/sites\/47\/2026\/01\/Secretarios-23-240x300.jpg 240w, https:\/\/goias.gov.br\/casacivil\/wp-content\/uploads\/sites\/47\/2026\/01\/Secretarios-23-768x960.jpg 768w, https:\/\/goias.gov.br\/casacivil\/wp-content\/uploads\/sites\/47\/2026\/01\/Secretarios-23-1229x1536.jpg 1229w, https:\/\/goias.gov.br\/casacivil\/wp-content\/uploads\/sites\/47\/2026\/01\/Secretarios-23-1638x2048.jpg 1638w\" sizes=\"(max-width: 819px) 100vw, 819px\" \/>\t\t\t\t\t\t\t\t\t\t\t\t\t\t\t<\/div>\n\t\t\t\t<\/div>\n\t\t\t\t<div class=\"elementor-element elementor-element-25b914e elementor-widget elementor-widget-heading\" data-id=\"25b914e\" data-element_type=\"widget\" data-e-type=\"widget\" data-widget_type=\"heading.default\">\n\t\t\t\t<div class=\"elementor-widget-container\">\n\t\t\t\t\t<h6 class=\"elementor-heading-title elementor-size-default\">Hegesipo de Campos Meireles <br>2\/7\/1954  <\/h6>\t\t\t\t<\/div>\n\t\t\t\t<\/div>\n\t\t\t\t<\/div>\n\t\t<div class=\"elementor-element elementor-element-e16652a e-con-full e-flex e-con e-child\" data-id=\"e16652a\" data-element_type=\"container\" data-e-type=\"container\">\n\t\t\t\t<div class=\"elementor-element elementor-element-be2726f elementor-widget elementor-widget-image\" data-id=\"be2726f\" data-element_type=\"widget\" data-e-type=\"widget\" data-widget_type=\"image.default\">\n\t\t\t\t<div class=\"elementor-widget-container\">\n\t\t\t\t\t\t\t\t\t\t\t\t\t\t\t<img loading=\"lazy\" decoding=\"async\" width=\"819\" height=\"1024\" src=\"https:\/\/goias.gov.br\/casacivil\/wp-content\/uploads\/sites\/47\/2026\/01\/Secretarios-819x1024.png\" class=\"attachment-large size-large wp-image-58159\" alt=\"\" srcset=\"https:\/\/goias.gov.br\/casacivil\/wp-content\/uploads\/sites\/47\/2026\/01\/Secretarios-819x1024.png 819w, https:\/\/goias.gov.br\/casacivil\/wp-content\/uploads\/sites\/47\/2026\/01\/Secretarios-240x300.png 240w, https:\/\/goias.gov.br\/casacivil\/wp-content\/uploads\/sites\/47\/2026\/01\/Secretarios-768x960.png 768w, https:\/\/goias.gov.br\/casacivil\/wp-content\/uploads\/sites\/47\/2026\/01\/Secretarios-1229x1536.png 1229w, https:\/\/goias.gov.br\/casacivil\/wp-content\/uploads\/sites\/47\/2026\/01\/Secretarios-1638x2048.png 1638w\" sizes=\"(max-width: 819px) 100vw, 819px\" \/>\t\t\t\t\t\t\t\t\t\t\t\t\t\t\t<\/div>\n\t\t\t\t<\/div>\n\t\t\t\t<div class=\"elementor-element elementor-element-bbba75c elementor-widget elementor-widget-heading\" data-id=\"bbba75c\" data-element_type=\"widget\" data-e-type=\"widget\" data-widget_type=\"heading.default\">\n\t\t\t\t<div class=\"elementor-widget-container\">\n\t\t\t\t\t<h6 class=\"elementor-heading-title elementor-size-default\">Ant\u00f4nio Le\u00e3o Teixeira <br>30\/9\/1952 <\/h6>\t\t\t\t<\/div>\n\t\t\t\t<\/div>\n\t\t\t\t<\/div>\n\t\t<div class=\"elementor-element elementor-element-433ec48 e-con-full e-flex e-con e-child\" data-id=\"433ec48\" data-element_type=\"container\" data-e-type=\"container\">\n\t\t\t\t<div class=\"elementor-element elementor-element-5d7eeb4 elementor-widget elementor-widget-image\" data-id=\"5d7eeb4\" data-element_type=\"widget\" data-e-type=\"widget\" data-widget_type=\"image.default\">\n\t\t\t\t<div class=\"elementor-widget-container\">\n\t\t\t\t\t\t\t\t\t\t\t\t\t\t\t<img loading=\"lazy\" decoding=\"async\" width=\"819\" height=\"1024\" src=\"https:\/\/goias.gov.br\/casacivil\/wp-content\/uploads\/sites\/47\/2026\/01\/Secretarios-23-819x1024.jpg\" class=\"attachment-large size-large wp-image-58347\" alt=\"\" srcset=\"https:\/\/goias.gov.br\/casacivil\/wp-content\/uploads\/sites\/47\/2026\/01\/Secretarios-23-819x1024.jpg 819w, https:\/\/goias.gov.br\/casacivil\/wp-content\/uploads\/sites\/47\/2026\/01\/Secretarios-23-240x300.jpg 240w, https:\/\/goias.gov.br\/casacivil\/wp-content\/uploads\/sites\/47\/2026\/01\/Secretarios-23-768x960.jpg 768w, https:\/\/goias.gov.br\/casacivil\/wp-content\/uploads\/sites\/47\/2026\/01\/Secretarios-23-1229x1536.jpg 1229w, https:\/\/goias.gov.br\/casacivil\/wp-content\/uploads\/sites\/47\/2026\/01\/Secretarios-23-1638x2048.jpg 1638w\" sizes=\"(max-width: 819px) 100vw, 819px\" \/>\t\t\t\t\t\t\t\t\t\t\t\t\t\t\t<\/div>\n\t\t\t\t<\/div>\n\t\t\t\t<div class=\"elementor-element elementor-element-6be032e elementor-widget elementor-widget-heading\" data-id=\"6be032e\" data-element_type=\"widget\" data-e-type=\"widget\" data-widget_type=\"heading.default\">\n\t\t\t\t<div class=\"elementor-widget-container\">\n\t\t\t\t\t<h6 class=\"elementor-heading-title elementor-size-default\">Hegesipo de Campos Meireles <br>10\/6\/1952 <\/h6>\t\t\t\t<\/div>\n\t\t\t\t<\/div>\n\t\t\t\t<\/div>\n\t\t<div class=\"elementor-element elementor-element-e4b7cda e-con-full e-flex e-con e-child\" data-id=\"e4b7cda\" data-element_type=\"container\" data-e-type=\"container\">\n\t\t\t\t<div class=\"elementor-element elementor-element-22766b5 elementor-widget elementor-widget-image\" data-id=\"22766b5\" data-element_type=\"widget\" data-e-type=\"widget\" data-widget_type=\"image.default\">\n\t\t\t\t<div class=\"elementor-widget-container\">\n\t\t\t\t\t\t\t\t\t\t\t\t\t\t\t<img loading=\"lazy\" decoding=\"async\" width=\"819\" height=\"1024\" src=\"https:\/\/goias.gov.br\/casacivil\/wp-content\/uploads\/sites\/47\/2026\/01\/Secretarios-819x1024.png\" class=\"attachment-large size-large wp-image-58159\" alt=\"\" srcset=\"https:\/\/goias.gov.br\/casacivil\/wp-content\/uploads\/sites\/47\/2026\/01\/Secretarios-819x1024.png 819w, https:\/\/goias.gov.br\/casacivil\/wp-content\/uploads\/sites\/47\/2026\/01\/Secretarios-240x300.png 240w, https:\/\/goias.gov.br\/casacivil\/wp-content\/uploads\/sites\/47\/2026\/01\/Secretarios-768x960.png 768w, https:\/\/goias.gov.br\/casacivil\/wp-content\/uploads\/sites\/47\/2026\/01\/Secretarios-1229x1536.png 1229w, https:\/\/goias.gov.br\/casacivil\/wp-content\/uploads\/sites\/47\/2026\/01\/Secretarios-1638x2048.png 1638w\" sizes=\"(max-width: 819px) 100vw, 819px\" \/>\t\t\t\t\t\t\t\t\t\t\t\t\t\t\t<\/div>\n\t\t\t\t<\/div>\n\t\t\t\t<div class=\"elementor-element elementor-element-1ee031b elementor-widget elementor-widget-heading\" data-id=\"1ee031b\" data-element_type=\"widget\" data-e-type=\"widget\" data-widget_type=\"heading.default\">\n\t\t\t\t<div class=\"elementor-widget-container\">\n\t\t\t\t\t<h6 class=\"elementor-heading-title elementor-size-default\">Felix Pereira de Moura<br>15\/12\/1951<\/h6>\t\t\t\t<\/div>\n\t\t\t\t<\/div>\n\t\t\t\t<\/div>\n\t\t<div class=\"elementor-element elementor-element-775bcc9 e-con-full e-flex e-con e-child\" data-id=\"775bcc9\" data-element_type=\"container\" data-e-type=\"container\">\n\t\t\t\t<div class=\"elementor-element elementor-element-a5fe359 elementor-widget elementor-widget-image\" data-id=\"a5fe359\" data-element_type=\"widget\" data-e-type=\"widget\" data-widget_type=\"image.default\">\n\t\t\t\t<div class=\"elementor-widget-container\">\n\t\t\t\t\t\t\t\t\t\t\t\t\t\t\t<img loading=\"lazy\" decoding=\"async\" width=\"819\" height=\"1024\" src=\"https:\/\/goias.gov.br\/casacivil\/wp-content\/uploads\/sites\/47\/2026\/01\/Secretarios-819x1024.png\" class=\"attachment-large size-large wp-image-58159\" alt=\"\" srcset=\"https:\/\/goias.gov.br\/casacivil\/wp-content\/uploads\/sites\/47\/2026\/01\/Secretarios-819x1024.png 819w, https:\/\/goias.gov.br\/casacivil\/wp-content\/uploads\/sites\/47\/2026\/01\/Secretarios-240x300.png 240w, https:\/\/goias.gov.br\/casacivil\/wp-content\/uploads\/sites\/47\/2026\/01\/Secretarios-768x960.png 768w, https:\/\/goias.gov.br\/casacivil\/wp-content\/uploads\/sites\/47\/2026\/01\/Secretarios-1229x1536.png 1229w, https:\/\/goias.gov.br\/casacivil\/wp-content\/uploads\/sites\/47\/2026\/01\/Secretarios-1638x2048.png 1638w\" sizes=\"(max-width: 819px) 100vw, 819px\" \/>\t\t\t\t\t\t\t\t\t\t\t\t\t\t\t<\/div>\n\t\t\t\t<\/div>\n\t\t\t\t<div class=\"elementor-element elementor-element-02a57fa elementor-widget elementor-widget-heading\" data-id=\"02a57fa\" data-element_type=\"widget\" data-e-type=\"widget\" data-widget_type=\"heading.default\">\n\t\t\t\t<div class=\"elementor-widget-container\">\n\t\t\t\t\t<h6 class=\"elementor-heading-title elementor-size-default\">Everardo de Souza <br>1\/2\/1951<\/h6>\t\t\t\t<\/div>\n\t\t\t\t<\/div>\n\t\t\t\t<\/div>\n\t\t\t\t<\/div>\n\t\t<div class=\"elementor-element elementor-element-d2f144a e-con-full e-flex e-con e-child\" data-id=\"d2f144a\" data-element_type=\"container\" data-e-type=\"container\">\n\t\t<div class=\"elementor-element elementor-element-ac0dfbb e-con-full e-flex e-con e-child\" data-id=\"ac0dfbb\" data-element_type=\"container\" data-e-type=\"container\">\n\t\t\t\t<div class=\"elementor-element elementor-element-586bfe4 elementor-widget elementor-widget-image\" data-id=\"586bfe4\" data-element_type=\"widget\" data-e-type=\"widget\" data-widget_type=\"image.default\">\n\t\t\t\t<div class=\"elementor-widget-container\">\n\t\t\t\t\t\t\t\t\t\t\t\t\t\t\t<img loading=\"lazy\" decoding=\"async\" width=\"819\" height=\"1024\" src=\"https:\/\/goias.gov.br\/casacivil\/wp-content\/uploads\/sites\/47\/2026\/01\/Secretarios-16-819x1024.jpg\" class=\"attachment-large size-large wp-image-58284\" alt=\"\" srcset=\"https:\/\/goias.gov.br\/casacivil\/wp-content\/uploads\/sites\/47\/2026\/01\/Secretarios-16-819x1024.jpg 819w, https:\/\/goias.gov.br\/casacivil\/wp-content\/uploads\/sites\/47\/2026\/01\/Secretarios-16-240x300.jpg 240w, https:\/\/goias.gov.br\/casacivil\/wp-content\/uploads\/sites\/47\/2026\/01\/Secretarios-16-768x960.jpg 768w, https:\/\/goias.gov.br\/casacivil\/wp-content\/uploads\/sites\/47\/2026\/01\/Secretarios-16-1229x1536.jpg 1229w, https:\/\/goias.gov.br\/casacivil\/wp-content\/uploads\/sites\/47\/2026\/01\/Secretarios-16-1638x2048.jpg 1638w\" sizes=\"(max-width: 819px) 100vw, 819px\" \/>\t\t\t\t\t\t\t\t\t\t\t\t\t\t\t<\/div>\n\t\t\t\t<\/div>\n\t\t\t\t<div class=\"elementor-element elementor-element-282735b elementor-widget elementor-widget-heading\" data-id=\"282735b\" data-element_type=\"widget\" data-e-type=\"widget\" data-widget_type=\"heading.default\">\n\t\t\t\t<div class=\"elementor-widget-container\">\n\t\t\t\t\t<h6 class=\"elementor-heading-title elementor-size-default\">Waldyr do Esp\u00edrito Santo Castro Quinta <br>3\/12\/1948<\/h6>\t\t\t\t<\/div>\n\t\t\t\t<\/div>\n\t\t\t\t<\/div>\n\t\t<div class=\"elementor-element elementor-element-ca6e577 e-con-full e-flex e-con e-child\" data-id=\"ca6e577\" data-element_type=\"container\" data-e-type=\"container\">\n\t\t\t\t<\/div>\n\t\t<div class=\"elementor-element elementor-element-1b27024 e-con-full e-flex e-con e-child\" data-id=\"1b27024\" data-element_type=\"container\" data-e-type=\"container\">\n\t\t\t\t<\/div>\n\t\t<div class=\"elementor-element elementor-element-78800e5 e-con-full e-flex e-con e-child\" data-id=\"78800e5\" data-element_type=\"container\" data-e-type=\"container\">\n\t\t\t\t<\/div>\n\t\t<div class=\"elementor-element elementor-element-cfffe9c e-con-full e-flex e-con e-child\" data-id=\"cfffe9c\" data-element_type=\"container\" data-e-type=\"container\">\n\t\t\t\t<\/div>\n\t\t<div class=\"elementor-element elementor-element-ed84182 e-con-full e-flex e-con e-child\" data-id=\"ed84182\" data-element_type=\"container\" data-e-type=\"container\">\n\t\t\t\t<\/div>\n\t\t\t\t<\/div>\n\t\t\t\t\t<\/div>\n\t\t\t\t<\/div>\n\t\t\t\t<\/div>\n\t\t","protected":false},"excerpt":{"rendered":"<p>SECRET\u00c1RIO E EX-SECRET\u00c1RIOS DE ESTADO DA CASA CIVIL Bruno Belem1\/4\/2026 \u2013 Jorge Luis Pinchemel8\/12\/2021 \u2013 1\/4\/2026 Alan Farias Tavares23\/7\/2020&#8211; 8\/12\/2021 Anderson Maximo de Holanda 2\/1\/2019&#8211; 21\/11\/2019 Fernando Tib\u00farcio Pen\u00e3 9\/4\/2018&#8211; 2\/1\/2019 Jos\u00e9 Carlos Siqueira 12\/8\/2017&#8211; 9\/4\/2018 Jo\u00e3o Furtado de Mendon\u00e7a Neto 29\/12\/2015 &#8211; 12\/6\/2017 Jos\u00e9 Carlos Siqueira 20\/12\/2013 &#8211; 29\/12\/2015 Vilmar da Silva Rocha 1\u00ba\/1\/2011&#8211; [&hellip;]<\/p>\n","protected":false},"author":718,"featured_media":0,"parent":0,"menu_order":0,"comment_status":"closed","ping_status":"closed","template":"","meta":{"footnotes":""},"class_list":["post-56394","page","type-page","status-publish","hentry"],"rttpg_featured_image_url":null,"rttpg_author":{"display_name":"vicentepaulo","author_link":"https:\/\/goias.gov.br\/casacivil\/author\/vicentepaulo\/"},"rttpg_comment":0,"rttpg_category":null,"rttpg_excerpt":"SECRET\u00c1RIO E EX-SECRET\u00c1RIOS DE ESTADO DA CASA CIVIL Bruno Belem1\/4\/2026 \u2013 Jorge Luis Pinchemel8\/12\/2021 \u2013 1\/4\/2026 Alan Farias Tavares23\/7\/2020&#8211; 8\/12\/2021 Anderson Maximo de Holanda 2\/1\/2019&#8211; 21\/11\/2019 Fernando Tib\u00farcio Pen\u00e3 9\/4\/2018&#8211; 2\/1\/2019 Jos\u00e9 Carlos Siqueira 12\/8\/2017&#8211; 9\/4\/2018 Jo\u00e3o Furtado de Mendon\u00e7a Neto 29\/12\/2015 &#8211; 12\/6\/2017 Jos\u00e9 Carlos Siqueira 20\/12\/2013 &#8211; 29\/12\/2015 Vilmar da Silva Rocha 1\u00ba\/1\/2011&#8211;&hellip;","_links":{"self":[{"href":"https:\/\/goias.gov.br\/casacivil\/wp-json\/wp\/v2\/pages\/56394","targetHints":{"allow":["GET"]}}],"collection":[{"href":"https:\/\/goias.gov.br\/casacivil\/wp-json\/wp\/v2\/pages"}],"about":[{"href":"https:\/\/goias.gov.br\/casacivil\/wp-json\/wp\/v2\/types\/page"}],"author":[{"embeddable":true,"href":"https:\/\/goias.gov.br\/casacivil\/wp-json\/wp\/v2\/users\/718"}],"replies":[{"embeddable":true,"href":"https:\/\/goias.gov.br\/casacivil\/wp-json\/wp\/v2\/comments?post=56394"}],"version-history":[{"count":2,"href":"https:\/\/goias.gov.br\/casacivil\/wp-json\/wp\/v2\/pages\/56394\/revisions"}],"predecessor-version":[{"id":65480,"href":"https:\/\/goias.gov.br\/casacivil\/wp-json\/wp\/v2\/pages\/56394\/revisions\/65480"}],"wp:attachment":[{"href":"https:\/\/goias.gov.br\/casacivil\/wp-json\/wp\/v2\/media?parent=56394"}],"curies":[{"name":"wp","href":"https:\/\/api.w.org\/{rel}","templated":true}]}}