

{"id":4449,"date":"2024-01-27T18:30:52","date_gmt":"2024-01-27T21:30:52","guid":{"rendered":"https:\/\/siteshom.goias.gov.br\/agrodefesa\/?page_id=4449"},"modified":"2025-11-10T14:45:26","modified_gmt":"2025-11-10T17:45:26","slug":"institucional","status":"publish","type":"page","link":"https:\/\/goias.gov.br\/agrodefesa\/institucional\/","title":{"rendered":"Institucional"},"content":{"rendered":"\t\t<div data-elementor-type=\"wp-page\" data-elementor-id=\"4449\" class=\"elementor elementor-4449\">\n\t\t\t\t<div class=\"elementor-element elementor-element-bf2d347 e-flex e-con-boxed e-con e-parent\" data-id=\"bf2d347\" data-element_type=\"container\" data-e-type=\"container\">\n\t\t\t\t\t<div class=\"e-con-inner\">\n\t\t\t\t<div class=\"elementor-element elementor-element-9a06eb9 elementor-widget elementor-widget-shortcode\" data-id=\"9a06eb9\" data-element_type=\"widget\" data-e-type=\"widget\" data-widget_type=\"shortcode.default\">\n\t\t\t\t\t\t\t<div class=\"elementor-shortcode\"><div data-post-id=\"7\" class=\"insert-page insert-page-7 \"><h1 class='insert-page-title'>A Ag\u00eancia<\/h1><p>A Ag\u00eancia Goiana de Defesa Agropecu\u00e1ria (Agrodefesa) foi criada por meio da <a href=\"https:\/\/www.gabinetecivil.goias.gov.br\/leis_ordinarias\/2003\/lei_14645.htm\" target=\"_blank\" rel=\"noopener\">Lei n\u00ba 14.645\/03<\/a> e funciona atualmente como parte da administra\u00e7\u00e3o indireta do Estado de Goi\u00e1s, jurisdicionada \u00e0 Secretaria de Agricultura, Pecu\u00e1ria e Abastecimento, conforme art. 51, inciso IV e art. 52, inciso VII, al\u00ednea b da<a href=\"https:\/\/legisla.casacivil.go.gov.br\/pesquisa_legislacao\/106749\/lei-21792\"> Lei 21.792\/2023<\/a>\u00a0e regulamentada pelo <a href=\"https:\/\/legisla.casacivil.go.gov.br\/pesquisa_legislacao\/107716\/decreto-10320\">Decreto 10.320\/2023<\/a>, sendo uma autarquia com autonomia administrativa, financeira e patrimonial.<\/p>\n<p>A Agrodefesa \u00e9 o \u00f3rg\u00e3o respons\u00e1vel pelo controle da sanidade animal e vegetal do Estado de Goi\u00e1s, objetivando a produ\u00e7\u00e3o de alimentos saud\u00e1veis e contribuindo para otimizar o com\u00e9rcio de produtos agropecu\u00e1rios tanto para o mercado interno quanto para a exporta\u00e7\u00e3o, tendo como:<\/p>\n<p>\u2022 <strong>Miss\u00e3o<\/strong>: executar defesa agropecu\u00e1ria no Estado de Goi\u00e1s, objetivando a oferta de alimento seguro e o desenvolvimento do agroneg\u00f3cio.<\/p>\n<p>\u2022 <strong>Vis\u00e3o<\/strong>: difundir a import\u00e2ncia da defesa agropecu\u00e1ria e contribuir com a sustentabilidade sanit\u00e1ria, ambiental e econ\u00f4mica do agroneg\u00f3cio em prol da sociedade goiana.<\/p>\n<p>\u2022 <strong>Valores<\/strong>: transpar\u00eancia, \u00e9tica, inova\u00e7\u00e3o, razoabilidade, gest\u00e3o de risco e responsabilidade.<\/p>\n<p style=\"text-align: right;\"><a href=\"index.php?Itemid=266\">Saiba\u00a0mais sobre a\u00a0hist\u00f3ria da Agrodefesa<\/a><\/p>\n<ul class='post-meta'>\n<li><span class='post-meta-key'>author_alias:<\/span> Joomla<\/li>\n<li><span class='post-meta-key'>rank_math_seo_score:<\/span> 15<\/li>\n<li><span class='post-meta-key'>rank_math_primary_category:<\/span> 2<\/li>\n<li><span class='post-meta-key'>tpg-post-view-count:<\/span> 821<\/li>\n<li><span class='post-meta-key'>rank_math_analytic_object_id:<\/span> 1009<\/li>\n<\/ul>\n<\/div><\/div>\n\t\t\t\t\t\t<\/div>\n\t\t\t\t\t<\/div>\n\t\t\t\t<\/div>\n\t\t<div class=\"elementor-element elementor-element-bcc954c e-flex e-con-boxed e-con e-parent\" data-id=\"bcc954c\" data-element_type=\"container\" data-e-type=\"container\">\n\t\t\t\t\t<div class=\"e-con-inner\">\n\t\t<div class=\"elementor-element elementor-element-5f59e94 e-con-full e-flex e-con e-child\" data-id=\"5f59e94\" data-element_type=\"container\" data-e-type=\"container\">\n\t\t\t\t<div class=\"elementor-element elementor-element-38a8b5b elementor-widget elementor-widget-shortcode\" data-id=\"38a8b5b\" data-element_type=\"widget\" data-e-type=\"widget\" data-widget_type=\"shortcode.default\">\n\t\t\t\t\t\t\t<div class=\"elementor-shortcode\"><div data-post-id=\"10\" class=\"insert-page insert-page-10 \"><h1 class='insert-page-title'>Compet\u00eancias da AGRODEFESA<\/h1><p>A Ag&ecirc;ncia Goiana de Defesa Agropecu&aacute;ria &ndash; AGRODEFESA, integrante da administra&ccedil;&atilde;o indireta do Poder Executivo do Estado de Goi&aacute;s, criada pela Lei n&ordm; 14.645, de 30 de dezembro de 2003, &eacute; uma Entidade aut&aacute;rquica estadual, com autonomia administrativa, financeira e patrimonial, jurisdicionada &agrave; Secretaria de Estado de Agricultura, Pecu&aacute;ria e Abastecimento, nos termos do art. 51, inciso IV e art. 52, inciso VII, al&iacute;nea b da<a href=\"https:\/\/legisla.casacivil.go.gov.br\/pesquisa_legislacao\/106749\/lei-21792\"> Lei 21.792\/2023<\/a>&nbsp;de 16 de fevereiro de 2023<\/p>\n<p><strong>Compete &agrave; AGRODEFESA,<\/strong> nos termos da <a href=\"https:\/\/legisla.casacivil.go.gov.br\/pesquisa_legislacao\/106749\/lei-21792\">Lei 21.792\/2023<\/a>&nbsp;de 16 de fevereiro de 2023<\/p>\n<p>I &#8211; a execu&ccedil;&atilde;o da pol&iacute;tica estadual das sanidades animal e vegetal;<\/p>\n<p>II &#8211; o exerc&iacute;cio do poder de pol&iacute;cia sobre as atividades agr&iacute;cola e pecu&aacute;ria, inclu&iacute;da a ind&uacute;stria, bem como sobre os servi&ccedil;os relacionados com produtores de origem animal e vegetal e seus derivados; e<\/p>\n<p>III -a promo&ccedil;&atilde;o de atividades de certifica&ccedil;&atilde;o de produtos de origem animal.<br \/>\n&nbsp;<\/p>\n<p><strong>Links<\/strong><\/p>\n<p><a href=\"https:\/\/www.gabinetecivil.goias.gov.br\/leis_ordinarias\/2003\/lei_14645.htm\" target=\"_blank\" rel=\"noopener\">Lei 14.645\/2003<\/a><\/p>\n<p><a href=\"https:\/\/legisla.casacivil.go.gov.br\/pesquisa_legislacao\/106749\/lei-21792\">Lei 21.792\/2023<\/a><\/p>\n<p><a href=\"https:\/\/legisla.casacivil.go.gov.br\/pesquisa_legislacao\/107716\/decreto-10320\">Decreto 10.320\/2023<\/a><\/p>\n<p>&nbsp;<\/p>\n<ul class='post-meta'>\n<li><span class='post-meta-key'>tpg-post-view-count:<\/span> 786<\/li>\n<li><span class='post-meta-key'>rank_math_analytic_object_id:<\/span> 928<\/li>\n<\/ul>\n<\/div><\/div>\n\t\t\t\t\t\t<\/div>\n\t\t\t\t<\/div>\n\t\t<div class=\"elementor-element elementor-element-32f300a e-con-full e-flex e-con e-child\" data-id=\"32f300a\" data-element_type=\"container\" data-e-type=\"container\">\n\t\t\t\t<div class=\"elementor-element elementor-element-980a092 elementor-widget elementor-widget-shortcode\" data-id=\"980a092\" data-element_type=\"widget\" data-e-type=\"widget\" data-widget_type=\"shortcode.default\">\n\t\t\t\t\t\t\t<div class=\"elementor-shortcode\"><div data-post-id=\"4089\" class=\"insert-page insert-page-4089 \"><h1 class='insert-page-title'>Perfil do Presidente<\/h1><p><img fetchpriority=\"high\" fetchpriority=\"high\" decoding=\"async\" class=\" size-full wp-image-4088\" alt=\"\" height=\"492\" id=\"\" src=\"https:\/\/goias.gov.br\/agrodefesa\/wp-content\/uploads\/sites\/49\/2023\/07\/Jose_Ricardo-7b8.jpg\" title=\"\" width=\"327\" srcset=\"https:\/\/goias.gov.br\/agrodefesa\/wp-content\/uploads\/sites\/49\/2023\/07\/Jose_Ricardo-7b8.jpg 1275w, https:\/\/goias.gov.br\/agrodefesa\/wp-content\/uploads\/sites\/49\/2023\/07\/Jose_Ricardo-7b8-199x300.jpg 199w, https:\/\/goias.gov.br\/agrodefesa\/wp-content\/uploads\/sites\/49\/2023\/07\/Jose_Ricardo-7b8-680x1024.jpg 680w, https:\/\/goias.gov.br\/agrodefesa\/wp-content\/uploads\/sites\/49\/2023\/07\/Jose_Ricardo-7b8-768x1157.jpg 768w, https:\/\/goias.gov.br\/agrodefesa\/wp-content\/uploads\/sites\/49\/2023\/07\/Jose_Ricardo-7b8-1020x1536.jpg 1020w\" sizes=\"(max-width: 327px) 100vw, 327px\" \/><\/p>\n<p style=\"text-align: left;\"><strong>Jos&eacute; Ricardo Caixeta Ramos<\/strong><\/p>\n<p style=\"text-align: left;\">Jos&eacute; Ricardo &eacute; formado em Medicina Veterin&aacute;ria pela Universidade Federal de Goi&aacute;s (UFG), com especializa&ccedil;&atilde;o em Gest&atilde;o do Agroneg&oacute;cio e em Bovinocultura Leiteira, ambas pela Rehagro\/Fazu (Faculdades Associadas de Uberaba). Produtor rural, trabalhou como m&eacute;dico veterin&aacute;rio em empresas da &aacute;rea e instrutor do Servi&ccedil;o Nacional de Aprendizagem Rural (Senar Goi&aacute;s), al&eacute;m de ter participa&ccedil;&atilde;o ativa em atividades classistas do Sindicato Rural de An&aacute;polis.&nbsp;<\/p>\n<ul class='post-meta'>\n<li><span class='post-meta-key'>rank_math_analytic_object_id:<\/span> 136<\/li>\n<li><span class='post-meta-key'>tpg-post-view-count:<\/span> 1019<\/li>\n<li><span class='post-meta-key'>rank_math_internal_links_processed:<\/span> 1<\/li>\n<\/ul>\n<\/div><\/div>\n\t\t\t\t\t\t<\/div>\n\t\t\t\t<div class=\"elementor-element elementor-element-8adf3e4 elementor-widget elementor-widget-shortcode\" data-id=\"8adf3e4\" data-element_type=\"widget\" data-e-type=\"widget\" data-widget_type=\"shortcode.default\">\n\t\t\t\t\t\t\t<div class=\"elementor-shortcode\"><div data-post-id=\"8\" class=\"insert-page insert-page-8 \"><h1 class='insert-page-title'>Canais de Atendimento<\/h1><p>Saiba mais informa&ccedil;&otilde;es sobre telefones, endere&ccedil;os e hor&aacute;rios de atendimentos das&nbsp;unidades de atendimento ao p&uacute;blico:<\/p>\n<ul>\n<li><a href=\"https:\/\/goias.gov.br\/agrodefesa\/sede-central-e-laboratorios\/\">Sede Central e Laborat&oacute;rios<\/a><\/li>\n<li><a href=\"https:\/\/goias.gov.br\/agrodefesa\/unidades-regionais\/\">Unidades Regionais e Unidades Locais<\/a><\/li>\n<\/ul>\n<ul class='post-meta'>\n<li><span class='post-meta-key'>tpg-post-view-count:<\/span> 1493<\/li>\n<li><span class='post-meta-key'>rank_math_analytic_object_id:<\/span> 930<\/li>\n<\/ul>\n<\/div><\/div>\n\t\t\t\t\t\t<\/div>\n\t\t\t\t<\/div>\n\t\t\t\t\t<\/div>\n\t\t\t\t<\/div>\n\t\t\t\t<\/div>\n\t\t","protected":false},"excerpt":{"rendered":"","protected":false},"author":7,"featured_media":0,"parent":0,"menu_order":0,"comment_status":"closed","ping_status":"closed","template":"wppb_theme_template","meta":{"footnotes":""},"class_list":["post-4449","page","type-page","status-publish","hentry"],"rttpg_featured_image_url":null,"rttpg_author":{"display_name":"gustavogoncalves","author_link":"https:\/\/goias.gov.br\/agrodefesa\/author\/gustavogoncalves\/"},"rttpg_comment":0,"rttpg_category":"","rttpg_excerpt":null,"_links":{"self":[{"href":"https:\/\/goias.gov.br\/agrodefesa\/wp-json\/wp\/v2\/pages\/4449","targetHints":{"allow":["GET"]}}],"collection":[{"href":"https:\/\/goias.gov.br\/agrodefesa\/wp-json\/wp\/v2\/pages"}],"about":[{"href":"https:\/\/goias.gov.br\/agrodefesa\/wp-json\/wp\/v2\/types\/page"}],"author":[{"embeddable":true,"href":"https:\/\/goias.gov.br\/agrodefesa\/wp-json\/wp\/v2\/users\/7"}],"replies":[{"embeddable":true,"href":"https:\/\/goias.gov.br\/agrodefesa\/wp-json\/wp\/v2\/comments?post=4449"}],"version-history":[{"count":2,"href":"https:\/\/goias.gov.br\/agrodefesa\/wp-json\/wp\/v2\/pages\/4449\/revisions"}],"predecessor-version":[{"id":38681,"href":"https:\/\/goias.gov.br\/agrodefesa\/wp-json\/wp\/v2\/pages\/4449\/revisions\/38681"}],"wp:attachment":[{"href":"https:\/\/goias.gov.br\/agrodefesa\/wp-json\/wp\/v2\/media?parent=4449"}],"curies":[{"name":"wp","href":"https:\/\/api.w.org\/{rel}","templated":true}]}}