
{"id":21711,"date":"2025-01-31T11:27:07","date_gmt":"2025-01-31T14:27:07","guid":{"rendered":"https:\/\/goias.gov.br\/agehab\/?page_id=21711"},"modified":"2026-04-07T10:12:52","modified_gmt":"2026-04-07T13:12:52","slug":"pra-ter-onde-morar-edital-geral-no-001-2023-campinorte","status":"publish","type":"page","link":"https:\/\/goias.gov.br\/agehab\/pra-ter-onde-morar-edital-geral-no-001-2023-campinorte\/","title":{"rendered":"Pra Ter Onde Morar &#8211; Edital Geral n\u00ba 001\/2023 &#8211; Campinorte"},"content":{"rendered":"<p style=\"text-align: justify;\"><strong>Aqui est\u00e3o as informa\u00e7\u00f5es principais sobre o Programa de Aluguel Social em sua cidade:<\/strong><br \/>\n1. Primeiro, inscreva-se no programa at\u00e9 a data de encerramento das inscri\u00e7\u00f5es.<br \/>\n2. Ap\u00f3s a an\u00e1lise dos documentos, se houver algum erro, voc\u00ea ser\u00e1 informado para corrigi-los.<br \/>\n3. Se os documentos estiverem corretos, voc\u00ea ser\u00e1 convocado para receber o benef\u00edcio em um dia e hor\u00e1rio marcados pela Agehab e disponibilizado no site.<br \/>\n4. Ap\u00f3s receber o cart\u00e3o, baixe o aplicativo &#8220;Inttegra Social&#8221; em seu celular. Ap\u00f3s o cadastro, seu primeiro benef\u00edcio ser\u00e1 creditado em at\u00e9 7 dias \u00fateis.<br \/>\n5. Voc\u00ea deve transferir o valor do benef\u00edcio apenas para o propriet\u00e1rio do im\u00f3vel ou a quem ele tenha autorizado. N\u00e3o \u00e9 poss\u00edvel sacar o dinheiro, e nunca o transfira para sua conta ou outra pessoa n\u00e3o autorizada, pois isso pode resultar na suspens\u00e3o ou cancelamento do benef\u00edcio.<br \/>\n6. Ap\u00f3s receber o cart\u00e3o, voc\u00ea tem at\u00e9 60 dias para enviar o contrato de aluguel preenchido no aplicativo \u201cAluguel Social\u201d ou pelo site aluguelsocial.agehab.go.gov.br.<br \/>\n7. A cada, pelo menos, 3 meses, \u00e9 necess\u00e1rio anexar os comprovantes de transfer\u00eancia do aluguel no \u201cAluguel Social\u201d ou pelo site aluguelsocial.agehab.go.gov.br.<\/p>\n<table style=\"width: 100%; height: 139px;\" border=\"0\" width=\"643\" cellspacing=\"0\" cellpadding=\"0\">\n<tbody>\n<tr style=\"height: 23px;\">\n<td style=\"text-align: center; background-color: #eeeeee; height: 23px; width: 99.881%;\" colspan=\"3\"><b>INSCRI\u00c7\u00d5ES \/ ENVIO DE DOCUMENTOS \/ ENTREGA DE DOCUMENTOS<\/b><\/td>\n<\/tr>\n<tr style=\"height: 23px;\">\n<td style=\"text-align: center; height: 23px; width: 25.7143%;\"><strong>DESCRI\u00c7\u00c3O<\/strong><\/td>\n<td style=\"text-align: center; height: 23px; width: 11.5476%;\"><strong>STATUS<\/strong><\/td>\n<td style=\"text-align: center; height: 23px; width: 62.6191%;\"><strong>LINK<\/strong><\/td>\n<\/tr>\n<tr style=\"height: 23px;\">\n<td style=\"text-align: center; background-color: #ccffcc; height: 23px; width: 25.7143%;\">Inscri\u00e7\u00f5es<\/td>\n<td style=\"text-align: center; background-color: #ccffcc; height: 23px; width: 11.5476%;\">Abertas<\/td>\n<td style=\"text-align: center; background-color: #ccffcc; height: 23px; width: 62.6191%;\"><a class=\"\" title=\"\" href=\"https:\/\/aluguelsocial.agehab.go.gov.br\/\" target=\"_blank\" rel=\"noopener\">Clique aqui para acessar<\/a><\/td>\n<\/tr>\n<tr style=\"height: 70px;\">\n<td style=\"width: 25.7143%; text-align: center; height: 70px;\">Assist\u00eancia para realizar inscri\u00e7\u00f5es e apresentar documenta\u00e7\u00e3o<\/td>\n<td style=\"width: 11.5476%; text-align: center; height: 70px;\">\u2013<\/td>\n<td style=\"width: 62.6191%; text-align: center; height: 70px;\">Rua Campinas n.\u00b0 204, Centro<\/td>\n<\/tr>\n<\/tbody>\n<\/table>\n<table style=\"width: 100%; height: 142px;\" border=\"0\" width=\"965\" cellspacing=\"0\" cellpadding=\"0\">\n<tbody>\n<tr style=\"height: 23px;\">\n<td style=\"text-align: center; background-color: #eeeeee; height: 23px; width: 99.7619%;\" colspan=\"3\"><strong>PUBLICA\u00c7\u00d5ES OFICIAIS<\/strong><\/td>\n<\/tr>\n<tr style=\"height: 23px;\">\n<td style=\"text-align: center; height: 23px; width: 12.381%;\"><b>DATA<\/b><\/td>\n<td style=\"text-align: center; height: 23px; width: 55.7143%;\"><strong>DESCRI\u00c7\u00c3O<\/strong><\/td>\n<td style=\"text-align: center; height: 23px; width: 31.6667%;\"><strong>OBSERVA\u00c7\u00c3O \/ DOWNLOAD<\/strong><\/td>\n<\/tr>\n<tr>\n<td style=\"text-align: center; background-color: #ccffcc; width: 12.381%;\">06\/04\/2026<\/td>\n<td style=\"text-align: center; background-color: #ccffcc; width: 55.7143%;\">Comunicado de Abertura de Vagas \u2013 2026<\/td>\n<td style=\"text-align: center; background-color: #ccffcc; width: 31.6667%;\"><a class=\"\" title=\"\" href=\"http:\/\/static.agehab.go.gov.br\/aluguel.social\/editais\/geral\/campinorte\/005.comunicado.abertura.vagas2026.pdf\" target=\"_blank\" rel=\"noopener\">Clique aqui para baixar<\/a><\/td>\n<\/tr>\n<tr style=\"height: 23px;\">\n<td style=\"text-align: center; height: 23px; width: 12.381%; background-color: #ffffff;\">24\/06\/2025<\/td>\n<td style=\"text-align: center; height: 23px; width: 55.7143%; background-color: #ffffff;\">1\u00aa Convoca\u00e7\u00e3o para a entrega de benef\u00edcios de 2025<\/td>\n<td style=\"text-align: center; height: 23px; width: 31.6667%; background-color: #ffffff;\"><a class=\"\" title=\"\" href=\"http:\/\/static.agehab.go.gov.br\/aluguel.social\/editais\/geral\/campinorte\/004.convocacao.entrega.beneficios.pdf\" target=\"_blank\" rel=\"noopener\">Clique aqui para baixar<\/a><\/td>\n<\/tr>\n<tr style=\"height: 23px;\">\n<td style=\"text-align: center; height: 23px; background-color: #ffffff; width: 12.381%;\">04\/04\/2025<\/td>\n<td style=\"text-align: center; height: 23px; background-color: #ffffff; width: 55.7143%;\">2\u00ba Comunicado de Prorroga\u00e7\u00e3o das Inscri\u00e7\u00f5es<\/td>\n<td style=\"text-align: center; height: 23px; background-color: #ffffff; width: 31.6667%;\"><a class=\"\" title=\"\" href=\"http:\/\/static.agehab.go.gov.br\/aluguel.social\/editais\/geral\/campinorte\/003.comunicado2.prorrogacao.inscricoes.pdf\" target=\"_blank\" rel=\"noopener\">Clique aqui para baixar<\/a><\/td>\n<\/tr>\n<tr style=\"height: 27px;\">\n<td style=\"text-align: center; height: 27px; background-color: #ffffff; width: 12.381%;\">07\/03\/2025<\/td>\n<td style=\"text-align: center; height: 27px; background-color: #ffffff; width: 55.7143%;\">Comunicado de Prorroga\u00e7\u00e3o das Inscri\u00e7\u00f5es<\/td>\n<td style=\"text-align: center; height: 27px; background-color: #ffffff; width: 31.6667%;\"><a class=\"\" title=\"\" href=\"http:\/\/static.agehab.go.gov.br\/aluguel.social\/editais\/geral\/bonopolis\/002.comunicado.prorrogacao.inscricoes.pdf\" target=\"_blank\" rel=\"noopener\">Clique aqui para baixar<\/a><\/td>\n<\/tr>\n<tr style=\"height: 23px;\">\n<td style=\"text-align: center; height: 23px; width: 12.381%;\">31\/01\/2025<\/td>\n<td style=\"text-align: center; height: 23px; width: 55.7143%;\">Comunicado de Abertura de Vagas &#8211; 2025<\/td>\n<td style=\"text-align: center; height: 23px; width: 31.6667%;\"><a id=\"\" title=\"\" href=\"http:\/\/static.agehab.go.gov.br\/aluguel.social\/editais\/geral\/bonopolis\/001.comunicado.abertura.vagas2025.pdf\" target=\"_blank\" rel=\"noopener\">Clique aqui para baixar<\/a><\/td>\n<\/tr>\n<\/tbody>\n<\/table>\n<p>O Governo de Goi\u00e1s, por meio da Ag\u00eancia Goiana de Habita\u00e7\u00e3o (Agehab), com sede na Rua 18-A, n\u00ba 541, Setor Aeroporto, Goi\u00e2nia \u2013 GO,\u00a0com base no Edital Geral n\u00ba 001\/2023, publicado no Di\u00e1rio Oficial do Estado n\u00ba 24.122, de 14 de setembro de 2023, processo SEI n\u00ba 202300031005519, <strong>torna p\u00fablico aos interessados o Comunicado de Abertura de Vagas n\u00ba 06\/2026<\/strong>\u00a0com o Regulamento de Inscri\u00e7\u00e3o ara Sele\u00e7\u00e3o de Fam\u00edlias do \u201cPrograma Pra Ter Onde Morar \u2013 Aluguel.<\/p>\n<p style=\"text-align: justify;\">Todas as informa\u00e7\u00f5es relacionadas ao tr\u00e2mite podem ser acompanhadas nesta p\u00e1gina, pelo whatsapp (Marilar) no n\u00famero (62) 3096-5000, nos telefones (62) 3096-5005\/5050, no Instagram @agehabgoias ou na sede da Agehab, Rua 18-A, n\u00famero 541, Setor Aeroporto, das 7h30 \u00e0s 17h30.<\/p>\n<p style=\"text-align: justify;\">Modelo do contrato e documentos relacionados ao Aluguel Social podem ser obtidos por meio\u00a0do <a href=\"\/agehab\/pra-ter-onde-morar-modelo-de-contrato-de-aluguel-e-declaracoes\/\">link<\/a>.<\/p>\n","protected":false},"excerpt":{"rendered":"<p>Aqui est\u00e3o as informa\u00e7\u00f5es principais sobre o Programa de Aluguel Social em sua cidade: 1. Primeiro, inscreva-se no programa at\u00e9 a data de encerramento das inscri\u00e7\u00f5es. 2. Ap\u00f3s a an\u00e1lise dos documentos, se houver algum erro, voc\u00ea ser\u00e1 informado para corrigi-los. 3. Se os documentos estiverem corretos, voc\u00ea ser\u00e1 convocado para receber o benef\u00edcio em [&hellip;]<\/p>\n","protected":false},"author":134,"featured_media":0,"parent":0,"menu_order":0,"comment_status":"closed","ping_status":"closed","template":"","meta":{"footnotes":""},"class_list":["post-21711","page","type-page","status-publish","hentry"],"rttpg_featured_image_url":null,"rttpg_author":{"display_name":"fernandoveloso","author_link":"https:\/\/goias.gov.br\/agehab\/author\/fernandoveloso\/"},"rttpg_comment":0,"rttpg_category":null,"rttpg_excerpt":"Aqui est\u00e3o as informa\u00e7\u00f5es principais sobre o Programa de Aluguel Social em sua cidade: 1. Primeiro, inscreva-se no programa at\u00e9 a data de encerramento das inscri\u00e7\u00f5es. 2. Ap\u00f3s a an\u00e1lise dos documentos, se houver algum erro, voc\u00ea ser\u00e1 informado para corrigi-los. 3. Se os documentos estiverem corretos, voc\u00ea ser\u00e1 convocado para receber o benef\u00edcio em&hellip;","_links":{"self":[{"href":"https:\/\/goias.gov.br\/agehab\/wp-json\/wp\/v2\/pages\/21711","targetHints":{"allow":["GET"]}}],"collection":[{"href":"https:\/\/goias.gov.br\/agehab\/wp-json\/wp\/v2\/pages"}],"about":[{"href":"https:\/\/goias.gov.br\/agehab\/wp-json\/wp\/v2\/types\/page"}],"author":[{"embeddable":true,"href":"https:\/\/goias.gov.br\/agehab\/wp-json\/wp\/v2\/users\/134"}],"replies":[{"embeddable":true,"href":"https:\/\/goias.gov.br\/agehab\/wp-json\/wp\/v2\/comments?post=21711"}],"version-history":[{"count":2,"href":"https:\/\/goias.gov.br\/agehab\/wp-json\/wp\/v2\/pages\/21711\/revisions"}],"predecessor-version":[{"id":30590,"href":"https:\/\/goias.gov.br\/agehab\/wp-json\/wp\/v2\/pages\/21711\/revisions\/30590"}],"wp:attachment":[{"href":"https:\/\/goias.gov.br\/agehab\/wp-json\/wp\/v2\/media?parent=21711"}],"curies":[{"name":"wp","href":"https:\/\/api.w.org\/{rel}","templated":true}]}}