

{"id":17635,"date":"2023-10-30T14:24:35","date_gmt":"2023-10-30T17:24:35","guid":{"rendered":"https:\/\/siteshom.goias.gov.br\/administracao\/?page_id=17635"},"modified":"2026-02-25T09:17:50","modified_gmt":"2026-02-25T12:17:50","slug":"licencas-e-afastamentos","status":"publish","type":"page","link":"https:\/\/goias.gov.br\/administracao\/licencas-e-afastamentos\/","title":{"rendered":"Licen\u00e7as e Afastamentos"},"content":{"rendered":"\t\t<div data-elementor-type=\"wp-page\" data-elementor-id=\"17635\" class=\"elementor elementor-17635\">\n\t\t\t\t<div class=\"elementor-element elementor-element-a1a7272 e-flex e-con-boxed e-con e-parent\" data-id=\"a1a7272\" data-element_type=\"container\" data-e-type=\"container\">\n\t\t\t\t\t<div class=\"e-con-inner\">\n\t\t\t\t<div class=\"elementor-element elementor-element-1c2787c elementor-widget elementor-widget-n-accordion\" data-id=\"1c2787c\" data-element_type=\"widget\" data-e-type=\"widget\" data-settings=\"{&quot;default_state&quot;:&quot;all_collapsed&quot;,&quot;max_items_expended&quot;:&quot;one&quot;,&quot;n_accordion_animation_duration&quot;:{&quot;unit&quot;:&quot;ms&quot;,&quot;size&quot;:400,&quot;sizes&quot;:[]}}\" data-widget_type=\"nested-accordion.default\">\n\t\t\t\t\t\t\t<div class=\"e-n-accordion\" aria-label=\"Accordion. Open links with Enter or Space, close with Escape, and navigate with Arrow Keys\">\n\t\t\t\t\t\t<details id=\"e-n-accordion-item-2950\" class=\"e-n-accordion-item\" >\n\t\t\t\t<summary class=\"e-n-accordion-item-title\" data-accordion-index=\"1\" tabindex=\"0\" aria-expanded=\"false\" aria-controls=\"e-n-accordion-item-2950\" >\n\t\t\t\t\t<span class='e-n-accordion-item-title-header'><div class=\"e-n-accordion-item-title-text\"> Afastamento para Desincompatibiliza\u00e7\u00e3o <\/div><\/span>\n\t\t\t\t\t\t\t<span class='e-n-accordion-item-title-icon'>\n\t\t\t<span class='e-opened' ><svg aria-hidden=\"true\" class=\"e-font-icon-svg e-fas-angle-down\" viewBox=\"0 0 320 512\" xmlns=\"http:\/\/www.w3.org\/2000\/svg\"><path d=\"M143 352.3L7 216.3c-9.4-9.4-9.4-24.6 0-33.9l22.6-22.6c9.4-9.4 24.6-9.4 33.9 0l96.4 96.4 96.4-96.4c9.4-9.4 24.6-9.4 33.9 0l22.6 22.6c9.4 9.4 9.4 24.6 0 33.9l-136 136c-9.2 9.4-24.4 9.4-33.8 0z\"><\/path><\/svg><\/span>\n\t\t\t<span class='e-closed'><svg aria-hidden=\"true\" class=\"e-font-icon-svg e-fas-angle-right\" viewBox=\"0 0 256 512\" xmlns=\"http:\/\/www.w3.org\/2000\/svg\"><path d=\"M224.3 273l-136 136c-9.4 9.4-24.6 9.4-33.9 0l-22.6-22.6c-9.4-9.4-9.4-24.6 0-33.9l96.4-96.4-96.4-96.4c-9.4-9.4-9.4-24.6 0-33.9L54.3 103c9.4-9.4 24.6-9.4 33.9 0l136 136c9.5 9.4 9.5 24.6.1 34z\"><\/path><\/svg><\/span>\n\t\t<\/span>\n\n\t\t\t\t\t\t<\/summary>\n\t\t\t\t<div role=\"region\" aria-labelledby=\"e-n-accordion-item-2950\" class=\"elementor-element elementor-element-6f77c3f e-con-full e-flex e-con e-child\" data-id=\"6f77c3f\" data-element_type=\"container\" data-e-type=\"container\">\n\t\t\t\t<div class=\"elementor-element elementor-element-d233b70 elementor-widget elementor-widget-text-editor\" data-id=\"d233b70\" data-element_type=\"widget\" data-e-type=\"widget\" data-widget_type=\"text-editor.default\">\n\t\t\t\t\t\t\t\t\t<p style=\"text-align: justify;\">\u00c9 o afastamento obrigat\u00f3rio antes das elei\u00e7\u00f5es, exigido aos servidores\/empregados p\u00fablicos que ir\u00e3o concorrer a cargo eletivo no mesmo munic\u00edpio em que desempenham sua fun\u00e7\u00e3o, tendo em vista o cumprimento do prazo legal exigido para desincompatibiliza\u00e7\u00e3o e se tornarem eleg\u00edveis, sendo garantido o direito \u00e0 percep\u00e7\u00e3o de seus vencimentos integrais.\u00a0<\/p><p><strong>ACESSE:<\/strong><\/p><ul><li><a href=\"\/administracao\/2-regras-processuais\/\">Regras Processuais (Normativa)<\/a>;\u00a0<\/li><li><a href=\"https:\/\/goias.gov.br\/escoladegoverno\/wp-content\/uploads\/sites\/27\/files\/Requerimentos_GGDP\/desincompatibilizacao\/Desincompatibilizacao.pdf\" target=\"_blank\" rel=\"noopener\">Requerimento<\/a>;<\/li><\/ul>\t\t\t\t\t\t\t\t<\/div>\n\t\t\t\t<\/div>\n\t\t\t\t\t<\/details>\n\t\t\t\t\t\t<details id=\"e-n-accordion-item-2951\" class=\"e-n-accordion-item\" >\n\t\t\t\t<summary class=\"e-n-accordion-item-title\" data-accordion-index=\"2\" tabindex=\"-1\" aria-expanded=\"false\" aria-controls=\"e-n-accordion-item-2951\" >\n\t\t\t\t\t<span class='e-n-accordion-item-title-header'><div class=\"e-n-accordion-item-title-text\"> Afastamento para Participa\u00e7\u00e3o em Competi\u00e7\u00e3o Esportiva <\/div><\/span>\n\t\t\t\t\t\t\t<span class='e-n-accordion-item-title-icon'>\n\t\t\t<span class='e-opened' ><svg aria-hidden=\"true\" class=\"e-font-icon-svg e-fas-angle-down\" viewBox=\"0 0 320 512\" xmlns=\"http:\/\/www.w3.org\/2000\/svg\"><path d=\"M143 352.3L7 216.3c-9.4-9.4-9.4-24.6 0-33.9l22.6-22.6c9.4-9.4 24.6-9.4 33.9 0l96.4 96.4 96.4-96.4c9.4-9.4 24.6-9.4 33.9 0l22.6 22.6c9.4 9.4 9.4 24.6 0 33.9l-136 136c-9.2 9.4-24.4 9.4-33.8 0z\"><\/path><\/svg><\/span>\n\t\t\t<span class='e-closed'><svg aria-hidden=\"true\" class=\"e-font-icon-svg e-fas-angle-right\" viewBox=\"0 0 256 512\" xmlns=\"http:\/\/www.w3.org\/2000\/svg\"><path d=\"M224.3 273l-136 136c-9.4 9.4-24.6 9.4-33.9 0l-22.6-22.6c-9.4-9.4-9.4-24.6 0-33.9l96.4-96.4-96.4-96.4c-9.4-9.4-9.4-24.6 0-33.9L54.3 103c9.4-9.4 24.6-9.4 33.9 0l136 136c9.5 9.4 9.5 24.6.1 34z\"><\/path><\/svg><\/span>\n\t\t<\/span>\n\n\t\t\t\t\t\t<\/summary>\n\t\t\t\t<div role=\"region\" aria-labelledby=\"e-n-accordion-item-2951\" class=\"elementor-element elementor-element-0a02805 e-con-full e-flex e-con e-child\" data-id=\"0a02805\" data-element_type=\"container\" data-e-type=\"container\">\n\t\t\t\t<div class=\"elementor-element elementor-element-3fbad23 elementor-widget elementor-widget-text-editor\" data-id=\"3fbad23\" data-element_type=\"widget\" data-e-type=\"widget\" data-widget_type=\"text-editor.default\">\n\t\t\t\t\t\t\t\t\t<p style=\"text-align: justify;\">Afastamento para participa\u00e7\u00e3o em competi\u00e7\u00e3o esportiva \u00e9 o direito que os servidores inscritos em competi\u00e7\u00f5es esportivas locais, regionais, nacionais ou internacionais possuem de se afastar do trabalho, remuneradamente, pelo per\u00edodo de at\u00e9 30 dias.<br \/>Esse afastamento inclui o per\u00edodo de deslocamento para o evento e a pr\u00f3pria competi\u00e7\u00e3o, contanto que o servidor comprove sua participa\u00e7\u00e3o. Caso n\u00e3o haja a efetiva comprova\u00e7\u00e3o de participa\u00e7\u00e3o na competi\u00e7\u00e3o, o per\u00edodo de afastamento ser\u00e1 considerado como falta ao servi\u00e7o.<\/p><p><strong>ACESSE:<\/strong><\/p><ul><li><a href=\"https:\/\/goias.gov.br\/escoladegoverno\/wp-content\/uploads\/sites\/27\/files\/Requerimentos_GGDP\/competicao_esportiva\/Afastamentoparaparticipardecompeticaoesportiva.pdf\" target=\"_blank\" rel=\"noopener\">Requerimento;<\/a><\/li><\/ul>\t\t\t\t\t\t\t\t<\/div>\n\t\t\t\t<\/div>\n\t\t\t\t\t<\/details>\n\t\t\t\t\t\t<details id=\"e-n-accordion-item-2952\" class=\"e-n-accordion-item\" >\n\t\t\t\t<summary class=\"e-n-accordion-item-title\" data-accordion-index=\"3\" tabindex=\"-1\" aria-expanded=\"false\" aria-controls=\"e-n-accordion-item-2952\" >\n\t\t\t\t\t<span class='e-n-accordion-item-title-header'><div class=\"e-n-accordion-item-title-text\"> Licen\u00e7a para Atividade Pol\u00edtica <\/div><\/span>\n\t\t\t\t\t\t\t<span class='e-n-accordion-item-title-icon'>\n\t\t\t<span class='e-opened' ><svg aria-hidden=\"true\" class=\"e-font-icon-svg e-fas-angle-down\" viewBox=\"0 0 320 512\" xmlns=\"http:\/\/www.w3.org\/2000\/svg\"><path d=\"M143 352.3L7 216.3c-9.4-9.4-9.4-24.6 0-33.9l22.6-22.6c9.4-9.4 24.6-9.4 33.9 0l96.4 96.4 96.4-96.4c9.4-9.4 24.6-9.4 33.9 0l22.6 22.6c9.4 9.4 9.4 24.6 0 33.9l-136 136c-9.2 9.4-24.4 9.4-33.8 0z\"><\/path><\/svg><\/span>\n\t\t\t<span class='e-closed'><svg aria-hidden=\"true\" class=\"e-font-icon-svg e-fas-angle-right\" viewBox=\"0 0 256 512\" xmlns=\"http:\/\/www.w3.org\/2000\/svg\"><path d=\"M224.3 273l-136 136c-9.4 9.4-24.6 9.4-33.9 0l-22.6-22.6c-9.4-9.4-9.4-24.6 0-33.9l96.4-96.4-96.4-96.4c-9.4-9.4-9.4-24.6 0-33.9L54.3 103c9.4-9.4 24.6-9.4 33.9 0l136 136c9.5 9.4 9.5 24.6.1 34z\"><\/path><\/svg><\/span>\n\t\t<\/span>\n\n\t\t\t\t\t\t<\/summary>\n\t\t\t\t<div role=\"region\" aria-labelledby=\"e-n-accordion-item-2952\" class=\"elementor-element elementor-element-9148554 e-con-full e-flex e-con e-child\" data-id=\"9148554\" data-element_type=\"container\" data-e-type=\"container\">\n\t\t\t\t<div class=\"elementor-element elementor-element-2ea10e3 elementor-widget elementor-widget-text-editor\" data-id=\"2ea10e3\" data-element_type=\"widget\" data-e-type=\"widget\" data-widget_type=\"text-editor.default\">\n\t\t\t\t\t\t\t\t\t<p style=\"text-align: justify;\">\u00c9 o direito \u00e0 licen\u00e7a ao servidor efetivo e empregado p\u00fablico enquadrado pela Lei n\u00ba 15.664\/2006, que pretende participar de pleito eleitoral. Ser\u00e1 concedida licen\u00e7a SEM REMUNERA\u00c7\u00c3O durante o per\u00edodo que mediar entre a sua escolha, em conven\u00e7\u00e3o partid\u00e1ria, como candidato a cargo eletivo, e a v\u00e9spera do registro de sua candidatura perante a Justi\u00e7a Eleitoral e licen\u00e7a REMUNERADA durante o per\u00edodo que compreende o registro da candidatura at\u00e9 o 10\u00ba (d\u00e9cimo) dia seguinte ao da elei\u00e7\u00e3o.\u00a0<\/p><p><strong>ACESSE:<\/strong><\/p><ul><li><a id=\"\" title=\"\" href=\"https:\/\/goias.gov.br\/escoladegoverno\/wp-content\/uploads\/sites\/27\/files\/Manual_do_Servidor\/Requerimento-de-Licenca-para-Atividade-Politica.pdf\" target=\"_blank\" rel=\"noopener\">Requerimento;<\/a>\u00a0<\/li><li><a href=\"\/administracao\/4-regras-processuais\/\">Regras Processuais (Normativa)<\/a>;<\/li><\/ul>\t\t\t\t\t\t\t\t<\/div>\n\t\t\t\t<\/div>\n\t\t\t\t\t<\/details>\n\t\t\t\t\t\t<details id=\"e-n-accordion-item-2953\" class=\"e-n-accordion-item\" >\n\t\t\t\t<summary class=\"e-n-accordion-item-title\" data-accordion-index=\"4\" tabindex=\"-1\" aria-expanded=\"false\" aria-controls=\"e-n-accordion-item-2953\" >\n\t\t\t\t\t<span class='e-n-accordion-item-title-header'><div class=\"e-n-accordion-item-title-text\"> Licen\u00e7a para Mandato Classista <\/div><\/span>\n\t\t\t\t\t\t\t<span class='e-n-accordion-item-title-icon'>\n\t\t\t<span class='e-opened' ><svg aria-hidden=\"true\" class=\"e-font-icon-svg e-fas-angle-down\" viewBox=\"0 0 320 512\" xmlns=\"http:\/\/www.w3.org\/2000\/svg\"><path d=\"M143 352.3L7 216.3c-9.4-9.4-9.4-24.6 0-33.9l22.6-22.6c9.4-9.4 24.6-9.4 33.9 0l96.4 96.4 96.4-96.4c9.4-9.4 24.6-9.4 33.9 0l22.6 22.6c9.4 9.4 9.4 24.6 0 33.9l-136 136c-9.2 9.4-24.4 9.4-33.8 0z\"><\/path><\/svg><\/span>\n\t\t\t<span class='e-closed'><svg aria-hidden=\"true\" class=\"e-font-icon-svg e-fas-angle-right\" viewBox=\"0 0 256 512\" xmlns=\"http:\/\/www.w3.org\/2000\/svg\"><path d=\"M224.3 273l-136 136c-9.4 9.4-24.6 9.4-33.9 0l-22.6-22.6c-9.4-9.4-9.4-24.6 0-33.9l96.4-96.4-96.4-96.4c-9.4-9.4-9.4-24.6 0-33.9L54.3 103c9.4-9.4 24.6-9.4 33.9 0l136 136c9.5 9.4 9.5 24.6.1 34z\"><\/path><\/svg><\/span>\n\t\t<\/span>\n\n\t\t\t\t\t\t<\/summary>\n\t\t\t\t<div role=\"region\" aria-labelledby=\"e-n-accordion-item-2953\" class=\"elementor-element elementor-element-c167706 e-con-full e-flex e-con e-child\" data-id=\"c167706\" data-element_type=\"container\" data-e-type=\"container\">\n\t\t\t\t<div class=\"elementor-element elementor-element-cf34b92 elementor-widget elementor-widget-text-editor\" data-id=\"cf34b92\" data-element_type=\"widget\" data-e-type=\"widget\" data-widget_type=\"text-editor.default\">\n\t\t\t\t\t\t\t\t\t<p style=\"text-align: justify;\">Licen\u00e7a para Desempenho de Mandato Classista \u00e9 o afastamento\u00a0sem remunera\u00e7\u00e3o, concedido ao servidor est\u00e1vel para o desempenho de mandato em central sindical, confedera\u00e7\u00e3o, federa\u00e7\u00e3o, associa\u00e7\u00e3o de classe de \u00e2mbito estadual, sindicato representativo da categoria de servidores p\u00fablicos estaduais ou entidade fiscalizadora da profiss\u00e3o, regularmente registrados no \u00f3rg\u00e3o competente.\u00a0<\/p><p style=\"text-align: justify;\"><strong>ACESSE:<\/strong><\/p><ul><li><a href=\"https:\/\/files\/Requerimentos_GGDP\/LicencaparaMandatoClassista.pdf\" target=\"_blank\" rel=\"noopener\">Requerimento;<\/a>\u00a0<\/li><li><a href=\"https:\/\/legisla.casacivil.go.gov.br\/pesquisa_legislacao\/100979\/lei-20756\" target=\"_blank\" rel=\"noopener\">Lei 20.756\/2020\u00a0&#8211; Art. 164 e seguintes<\/a><\/li><\/ul>\t\t\t\t\t\t\t\t<\/div>\n\t\t\t\t<\/div>\n\t\t\t\t\t<\/details>\n\t\t\t\t\t\t<details id=\"e-n-accordion-item-2954\" class=\"e-n-accordion-item\" >\n\t\t\t\t<summary class=\"e-n-accordion-item-title\" data-accordion-index=\"5\" tabindex=\"-1\" aria-expanded=\"false\" aria-controls=\"e-n-accordion-item-2954\" >\n\t\t\t\t\t<span class='e-n-accordion-item-title-header'><div class=\"e-n-accordion-item-title-text\"> Licen\u00e7a por Motivo de Afastamento do C\u00f4njuge <\/div><\/span>\n\t\t\t\t\t\t\t<span class='e-n-accordion-item-title-icon'>\n\t\t\t<span class='e-opened' ><svg aria-hidden=\"true\" class=\"e-font-icon-svg e-fas-angle-down\" viewBox=\"0 0 320 512\" xmlns=\"http:\/\/www.w3.org\/2000\/svg\"><path d=\"M143 352.3L7 216.3c-9.4-9.4-9.4-24.6 0-33.9l22.6-22.6c9.4-9.4 24.6-9.4 33.9 0l96.4 96.4 96.4-96.4c9.4-9.4 24.6-9.4 33.9 0l22.6 22.6c9.4 9.4 9.4 24.6 0 33.9l-136 136c-9.2 9.4-24.4 9.4-33.8 0z\"><\/path><\/svg><\/span>\n\t\t\t<span class='e-closed'><svg aria-hidden=\"true\" class=\"e-font-icon-svg e-fas-angle-right\" viewBox=\"0 0 256 512\" xmlns=\"http:\/\/www.w3.org\/2000\/svg\"><path d=\"M224.3 273l-136 136c-9.4 9.4-24.6 9.4-33.9 0l-22.6-22.6c-9.4-9.4-9.4-24.6 0-33.9l96.4-96.4-96.4-96.4c-9.4-9.4-9.4-24.6 0-33.9L54.3 103c9.4-9.4 24.6-9.4 33.9 0l136 136c9.5 9.4 9.5 24.6.1 34z\"><\/path><\/svg><\/span>\n\t\t<\/span>\n\n\t\t\t\t\t\t<\/summary>\n\t\t\t\t<div role=\"region\" aria-labelledby=\"e-n-accordion-item-2954\" class=\"elementor-element elementor-element-185a743 e-con-full e-flex e-con e-child\" data-id=\"185a743\" data-element_type=\"container\" data-e-type=\"container\">\n\t\t\t\t<div class=\"elementor-element elementor-element-dc72095 elementor-widget elementor-widget-text-editor\" data-id=\"dc72095\" data-element_type=\"widget\" data-e-type=\"widget\" data-widget_type=\"text-editor.default\">\n\t\t\t\t\t\t\t\t\t<p style=\"text-align: justify;\">O servidor\u00a0ter\u00e1 direito a licen\u00e7a sem vencimento quando o seu c\u00f4njuge ou companheiro for deslocado para outro ponto do territ\u00f3rio, dentro ou fora do Estado de Goi\u00e1s, ou para o exerc\u00edcio de mandato eletivo dos Poderes Executivo e Legislativo.<\/p><p style=\"text-align: justify;\"><strong>ACESSE:<\/strong><\/p><ul><li><a href=\"index.php?option=com_content&amp;view=article&amp;id=22397&amp;catid=426\">Regras Processuais (Normativa)<\/a>;\u00a0<\/li><li><a id=\"\" title=\"\" href=\"https:\/\/goias.gov.br\/escoladegoverno\/wp-content\/uploads\/sites\/27\/files\/Manual_do_Servidor\/Requerimento-de-licenca-por-motivo-de-afastamento-do-conjuge.pdf\" target=\"\">Requerimento<\/a>;<\/li><\/ul>\t\t\t\t\t\t\t\t<\/div>\n\t\t\t\t<\/div>\n\t\t\t\t\t<\/details>\n\t\t\t\t\t\t<details id=\"e-n-accordion-item-2955\" class=\"e-n-accordion-item\" >\n\t\t\t\t<summary class=\"e-n-accordion-item-title\" data-accordion-index=\"6\" tabindex=\"-1\" aria-expanded=\"false\" aria-controls=\"e-n-accordion-item-2955\" >\n\t\t\t\t\t<span class='e-n-accordion-item-title-header'><div class=\"e-n-accordion-item-title-text\"> Licen\u00e7a para Tratar de Interesses Particulares <\/div><\/span>\n\t\t\t\t\t\t\t<span class='e-n-accordion-item-title-icon'>\n\t\t\t<span class='e-opened' ><svg aria-hidden=\"true\" class=\"e-font-icon-svg e-fas-angle-down\" viewBox=\"0 0 320 512\" xmlns=\"http:\/\/www.w3.org\/2000\/svg\"><path d=\"M143 352.3L7 216.3c-9.4-9.4-9.4-24.6 0-33.9l22.6-22.6c9.4-9.4 24.6-9.4 33.9 0l96.4 96.4 96.4-96.4c9.4-9.4 24.6-9.4 33.9 0l22.6 22.6c9.4 9.4 9.4 24.6 0 33.9l-136 136c-9.2 9.4-24.4 9.4-33.8 0z\"><\/path><\/svg><\/span>\n\t\t\t<span class='e-closed'><svg aria-hidden=\"true\" class=\"e-font-icon-svg e-fas-angle-right\" viewBox=\"0 0 256 512\" xmlns=\"http:\/\/www.w3.org\/2000\/svg\"><path d=\"M224.3 273l-136 136c-9.4 9.4-24.6 9.4-33.9 0l-22.6-22.6c-9.4-9.4-9.4-24.6 0-33.9l96.4-96.4-96.4-96.4c-9.4-9.4-9.4-24.6 0-33.9L54.3 103c9.4-9.4 24.6-9.4 33.9 0l136 136c9.5 9.4 9.5 24.6.1 34z\"><\/path><\/svg><\/span>\n\t\t<\/span>\n\n\t\t\t\t\t\t<\/summary>\n\t\t\t\t<div role=\"region\" aria-labelledby=\"e-n-accordion-item-2955\" class=\"elementor-element elementor-element-65e2f13 e-con-full e-flex e-con e-child\" data-id=\"65e2f13\" data-element_type=\"container\" data-e-type=\"container\">\n\t\t\t\t<div class=\"elementor-element elementor-element-cd262a8 elementor-widget elementor-widget-text-editor\" data-id=\"cd262a8\" data-element_type=\"widget\" data-e-type=\"widget\" data-widget_type=\"text-editor.default\">\n\t\t\t\t\t\t\t\t\t<p style=\"text-align: justify;\">\u00c9 o direito \u00e0 licen\u00e7a sem vencimentos, concedida ao ocupante de cargo de provimento efetivo est\u00e1vel, para tratar de interesses particulares, a ju\u00edzo da administra\u00e7\u00e3o, pelo prazo <strong>improrrog\u00e1vel<\/strong> de 03 anos, podendo ser concedida a empregados p\u00fablicos conforme a Lei N\u00ba 15.644\/2016.<\/p><p style=\"text-align: justify;\"><strong>ATEN\u00c7\u00c3O:<\/strong> conforme este Manual, o processo de Licen\u00e7a para tratar de Interesses Particulares\u00a0deve <strong>CHEGAR<\/strong> na unidade setorial de gest\u00e3o e desenvolvimento de pessoas do \u00f3rg\u00e3o de origem do servidor, 60 dias antes da data em que se vislumbra o usufruto.\u00a0<\/p><p><strong>ACESSE:<\/strong><\/p><ul><li><a href=\"\/administracao\/1-regras-processuais-lip\/\" target=\"_blank\" rel=\"noopener\">Regras Processuais (Normativa);<\/a>\u00a0<\/li><li><a href=\"https:\/\/goias.gov.br\/escoladegoverno\/wp-content\/uploads\/sites\/27\/files\/Requerimentos_GGDP\/LIP.pdf\" target=\"_blank\" rel=\"noopener\">Requerimento para Licen\u00e7a para Tratar de Interesses Particulares;<\/a>\u00a0<\/li><li><a href=\"https:\/\/goias.gov.br\/escoladegoverno\/wp-content\/uploads\/sites\/27\/files\/Requerimentos_GGDP\/LIP-Interrupcao.pdf\">Requerimento para Licen\u00e7a para Tratar de Interesses Particulares\u00a0(interrup\u00e7\u00e3o).<\/a><\/li><\/ul>\t\t\t\t\t\t\t\t<\/div>\n\t\t\t\t<\/div>\n\t\t\t\t\t<\/details>\n\t\t\t\t\t\t<details id=\"e-n-accordion-item-2956\" class=\"e-n-accordion-item\" >\n\t\t\t\t<summary class=\"e-n-accordion-item-title\" data-accordion-index=\"7\" tabindex=\"-1\" aria-expanded=\"false\" aria-controls=\"e-n-accordion-item-2956\" >\n\t\t\t\t\t<span class='e-n-accordion-item-title-header'><div class=\"e-n-accordion-item-title-text\"> Licen\u00e7a Pr\u00eamio <\/div><\/span>\n\t\t\t\t\t\t\t<span class='e-n-accordion-item-title-icon'>\n\t\t\t<span class='e-opened' ><svg aria-hidden=\"true\" class=\"e-font-icon-svg e-fas-angle-down\" viewBox=\"0 0 320 512\" xmlns=\"http:\/\/www.w3.org\/2000\/svg\"><path d=\"M143 352.3L7 216.3c-9.4-9.4-9.4-24.6 0-33.9l22.6-22.6c9.4-9.4 24.6-9.4 33.9 0l96.4 96.4 96.4-96.4c9.4-9.4 24.6-9.4 33.9 0l22.6 22.6c9.4 9.4 9.4 24.6 0 33.9l-136 136c-9.2 9.4-24.4 9.4-33.8 0z\"><\/path><\/svg><\/span>\n\t\t\t<span class='e-closed'><svg aria-hidden=\"true\" class=\"e-font-icon-svg e-fas-angle-right\" viewBox=\"0 0 256 512\" xmlns=\"http:\/\/www.w3.org\/2000\/svg\"><path d=\"M224.3 273l-136 136c-9.4 9.4-24.6 9.4-33.9 0l-22.6-22.6c-9.4-9.4-9.4-24.6 0-33.9l96.4-96.4-96.4-96.4c-9.4-9.4-9.4-24.6 0-33.9L54.3 103c9.4-9.4 24.6-9.4 33.9 0l136 136c9.5 9.4 9.5 24.6.1 34z\"><\/path><\/svg><\/span>\n\t\t<\/span>\n\n\t\t\t\t\t\t<\/summary>\n\t\t\t\t<div role=\"region\" aria-labelledby=\"e-n-accordion-item-2956\" class=\"elementor-element elementor-element-fdc340e e-con-full e-flex e-con e-child\" data-id=\"fdc340e\" data-element_type=\"container\" data-e-type=\"container\">\n\t\t\t\t<div class=\"elementor-element elementor-element-6b9afff elementor-widget elementor-widget-text-editor\" data-id=\"6b9afff\" data-element_type=\"widget\" data-e-type=\"widget\" data-widget_type=\"text-editor.default\">\n\t\t\t\t\t\t\t\t\t<p style=\"text-align: justify;\">\u00c9 o\u00a0direito \u00e0 licen\u00e7a de 3 (tr\u00eas) meses concedido ao ocupante de cargo de provimento efetivo, adquirido por quinqu\u00eanio de efetivo servi\u00e7o p\u00fablico, a ser usufru\u00eddo, a pedido, em at\u00e9 3 (tr\u00eas) per\u00edodos de, no m\u00ednimo, 1 (um) m\u00eas cada.<\/p><p><strong>Requerimentos<\/strong><\/p><ul><li><a href=\"https:\/\/goias.gov.br\/escoladegoverno\/wp-content\/uploads\/sites\/27\/files\/Requerimentos_GGDP\/LicencaPremio.pdf\">Requerimento para Licen\u00e7a Pr\u00eamio<\/a><\/li><li><a href=\"https:\/\/goias.gov.br\/escoladegoverno\/wp-content\/uploads\/sites\/27\/files\/Requerimentos_GGDP\/LP-AlteracaodadatadeUsufruto.pdf\">Requerimento para Licen\u00e7a Pr\u00e9mio (altera\u00e7\u00e3o da Data de Usufruto)<\/a><\/li><li><a href=\"https:\/\/goias.gov.br\/escoladegoverno\/wp-content\/uploads\/sites\/27\/files\/Requerimentos_GGDP\/LP-Cancelamento.pdf\">Requerimento para Licen\u00e7a Pr\u00e9mio (cancelamento)<\/a><\/li><\/ul><p><strong>Legisla\u00e7\u00e3o, Normativas e Pareceres<\/strong><\/p><ul><li><a href=\"http:\/\/www.gabinetecivil.goias.gov.br\/pagina_leis.php?id=4221\">Lei 10.460\/1988\u00a0&#8211; Art. 243 a 248<\/a><\/li><li><a href=\"http:\/\/www.gabinetecivil.goias.gov.br\/pagina_leis.php?id=7719\" target=\"_blank\" rel=\"noopener noreferrer\">Lei N\u00ba 16.378\/2008<\/a><\/li><li>Instru\u00e7\u00e3o Normativa 06\/2016<\/li><\/ul>\t\t\t\t\t\t\t\t<\/div>\n\t\t\t\t<\/div>\n\t\t\t\t\t<\/details>\n\t\t\t\t\t<\/div>\n\t\t\t\t\t\t<\/div>\n\t\t\t\t\t<\/div>\n\t\t\t\t<\/div>\n\t\t<div class=\"elementor-element elementor-element-da164ae e-flex e-con-boxed e-con e-parent\" data-id=\"da164ae\" data-element_type=\"container\" data-e-type=\"container\">\n\t\t\t\t\t<div class=\"e-con-inner\">\n\t\t\t\t<div class=\"elementor-element elementor-element-99d4290 elementor-widget elementor-widget-image\" data-id=\"99d4290\" data-element_type=\"widget\" data-e-type=\"widget\" data-widget_type=\"image.default\">\n\t\t\t\t\t\t\t\t\t\t\t\t\t\t\t\t<a href=\"\/administracao\/manual-do-servidor\/\">\n\t\t\t\t\t\t\t<img decoding=\"async\" src=\"https:\/\/goias.gov.br\/administracao\/wp-content\/uploads\/sites\/27\/2023\/11\/menu-inicial-oficial.png\" title=\"\" alt=\"\" loading=\"lazy\" \/>\t\t\t\t\t\t\t\t<\/a>\n\t\t\t\t\t\t\t\t\t\t\t\t\t\t\t<\/div>\n\t\t\t\t\t<\/div>\n\t\t\t\t<\/div>\n\t\t\t\t<\/div>\n\t\t","protected":false},"excerpt":{"rendered":"<p>Afastamento para Desincompatibiliza\u00e7\u00e3o \u00c9 o afastamento obrigat\u00f3rio antes das elei\u00e7\u00f5es, exigido aos servidores\/empregados p\u00fablicos que ir\u00e3o concorrer a cargo eletivo no mesmo munic\u00edpio em que desempenham sua fun\u00e7\u00e3o, tendo em vista o cumprimento do prazo legal exigido para desincompatibiliza\u00e7\u00e3o e se tornarem eleg\u00edveis, sendo garantido o direito \u00e0 percep\u00e7\u00e3o de seus vencimentos integrais.\u00a0 ACESSE: Regras [&hellip;]<\/p>\n","protected":false},"author":1,"featured_media":0,"parent":0,"menu_order":0,"comment_status":"closed","ping_status":"closed","template":"","meta":{"footnotes":""},"class_list":["post-17635","page","type-page","status-publish","hentry"],"rttpg_featured_image_url":null,"rttpg_author":{"display_name":"wagner.viana","author_link":"https:\/\/goias.gov.br\/administracao\/author\/wagner-viana\/"},"rttpg_comment":0,"rttpg_category":null,"rttpg_excerpt":"Afastamento para Desincompatibiliza\u00e7\u00e3o \u00c9 o afastamento obrigat\u00f3rio antes das elei\u00e7\u00f5es, exigido aos servidores\/empregados p\u00fablicos que ir\u00e3o concorrer a cargo eletivo no mesmo munic\u00edpio em que desempenham sua fun\u00e7\u00e3o, tendo em vista o cumprimento do prazo legal exigido para desincompatibiliza\u00e7\u00e3o e se tornarem eleg\u00edveis, sendo garantido o direito \u00e0 percep\u00e7\u00e3o de seus vencimentos integrais.\u00a0 ACESSE: Regras&hellip;","_links":{"self":[{"href":"https:\/\/goias.gov.br\/administracao\/wp-json\/wp\/v2\/pages\/17635","targetHints":{"allow":["GET"]}}],"collection":[{"href":"https:\/\/goias.gov.br\/administracao\/wp-json\/wp\/v2\/pages"}],"about":[{"href":"https:\/\/goias.gov.br\/administracao\/wp-json\/wp\/v2\/types\/page"}],"author":[{"embeddable":true,"href":"https:\/\/goias.gov.br\/administracao\/wp-json\/wp\/v2\/users\/1"}],"replies":[{"embeddable":true,"href":"https:\/\/goias.gov.br\/administracao\/wp-json\/wp\/v2\/comments?post=17635"}],"version-history":[{"count":2,"href":"https:\/\/goias.gov.br\/administracao\/wp-json\/wp\/v2\/pages\/17635\/revisions"}],"predecessor-version":[{"id":202772,"href":"https:\/\/goias.gov.br\/administracao\/wp-json\/wp\/v2\/pages\/17635\/revisions\/202772"}],"wp:attachment":[{"href":"https:\/\/goias.gov.br\/administracao\/wp-json\/wp\/v2\/media?parent=17635"}],"curies":[{"name":"wp","href":"https:\/\/api.w.org\/{rel}","templated":true}]}}