

{"id":128300,"date":"2025-08-20T09:48:23","date_gmt":"2025-08-20T12:48:23","guid":{"rendered":"https:\/\/goias.gov.br\/administracao\/?page_id=128300"},"modified":"2026-04-13T15:10:46","modified_gmt":"2026-04-13T18:10:46","slug":"rede-gestao-de-pessoas","status":"publish","type":"page","link":"https:\/\/goias.gov.br\/administracao\/rede-gestao-de-pessoas\/","title":{"rendered":"Rede de Gest\u00e3o de Pessoas"},"content":{"rendered":"\t\t<div data-elementor-type=\"wp-page\" data-elementor-id=\"128300\" class=\"elementor elementor-128300\">\n\t\t\t\t<div class=\"elementor-element elementor-element-225bc9f e-flex e-con-boxed e-con e-parent\" data-id=\"225bc9f\" data-element_type=\"container\" data-e-type=\"container\">\n\t\t\t\t\t<div class=\"e-con-inner\">\n\t\t\t\t<div class=\"elementor-element elementor-element-f609023 elementor-widget elementor-widget-text-editor\" data-id=\"f609023\" data-element_type=\"widget\" data-e-type=\"widget\" data-widget_type=\"text-editor.default\">\n\t\t\t\t\t\t\t\t\t<h1 dir=\"ltr\">Cria\u00e7\u00e3o da Rede de Pessoas &#8211; 2019<\/h1><p dir=\"ltr\">A proposta de rede da \u00e1rea de pessoal surgiu no estado com o Decreto n\u00ba 9.462, de 11 de julho de 2019. Nesse ato, foi criada a Rede Estadual de Gest\u00e3o e Desenvolvimento de Pessoas.<\/p>\t\t\t\t\t\t\t\t<\/div>\n\t\t\t\t\t<\/div>\n\t\t\t\t<\/div>\n\t\t<div class=\"elementor-element elementor-element-6dba7d4 e-flex e-con-boxed e-con e-parent\" data-id=\"6dba7d4\" data-element_type=\"container\" data-e-type=\"container\">\n\t\t\t\t\t<div class=\"e-con-inner\">\n\t\t<div class=\"elementor-element elementor-element-eab47d2 e-con-full e-flex e-con e-child\" data-id=\"eab47d2\" data-element_type=\"container\" data-e-type=\"container\">\n\t\t\t\t<div class=\"elementor-element elementor-element-1933c69 elementor-widget elementor-widget-image\" data-id=\"1933c69\" data-element_type=\"widget\" data-e-type=\"widget\" data-widget_type=\"image.default\">\n\t\t\t\t\t\t\t\t\t\t\t\t\t\t\t<img decoding=\"async\" src=\"https:\/\/goias.gov.br\/administracao\/wp-content\/uploads\/sites\/27\/2025\/07\/LOGO-REDE-2-297x300.jpg\" title=\"\" alt=\"\" loading=\"lazy\" \/>\t\t\t\t\t\t\t\t\t\t\t\t\t\t\t<\/div>\n\t\t\t\t<\/div>\n\t\t<div class=\"elementor-element elementor-element-052559b e-con-full e-flex e-con e-child\" data-id=\"052559b\" data-element_type=\"container\" data-e-type=\"container\">\n\t\t\t\t<div class=\"elementor-element elementor-element-a82e7e7 elementor-widget elementor-widget-text-editor\" data-id=\"a82e7e7\" data-element_type=\"widget\" data-e-type=\"widget\" data-widget_type=\"text-editor.default\">\n\t\t\t\t\t\t\t\t\t<p dir=\"ltr\"><strong><span style=\"font-size: 18pt;\">Reestrutura\u00e7\u00e3o da Rede &#8211; 2023<\/span><\/strong><\/p><p dir=\"ltr\">Com a Lei n\u00b0 21.792, de 16 de fevereiro de 2023, foi institu\u00edda a Rede de Gest\u00e3o de Pessoas.<\/p><p dir=\"ltr\">Por meio do Decreto n\u00b0 10.218, de 16 de fevereiro de 2023, que regulamenta a Lei \u00a0 n\u00b0 21.792\/2023, foi criada a Ger\u00eancia da Rede de Gest\u00e3o e Desenvolvimento de Pessoas (GRGDP) subordinada \u00e0 Subsecretaria de Gest\u00e3o e Desenvolvimento de Pessoas.<\/p>\t\t\t\t\t\t\t\t<\/div>\n\t\t\t\t<\/div>\n\t\t\t\t\t<\/div>\n\t\t\t\t<\/div>\n\t\t<div class=\"elementor-element elementor-element-0c899be e-con-full e-flex e-con e-parent\" data-id=\"0c899be\" data-element_type=\"container\" data-e-type=\"container\">\n\t\t<div class=\"elementor-element elementor-element-0a8f906 e-con-full e-flex e-con e-child\" data-id=\"0a8f906\" data-element_type=\"container\" data-e-type=\"container\">\n\t\t\t\t<div class=\"elementor-element elementor-element-8b6a411 elementor-widget__width-initial elementor-widget elementor-widget-image\" data-id=\"8b6a411\" data-element_type=\"widget\" data-e-type=\"widget\" data-widget_type=\"image.default\">\n\t\t\t\t\t\t\t\t\t\t\t\t\t\t\t<img fetchpriority=\"high\" decoding=\"async\" width=\"263\" height=\"300\" src=\"https:\/\/goias.gov.br\/administracao\/wp-content\/uploads\/sites\/27\/2026\/04\/Foto-equipe-site-263x300.jpeg\" class=\"attachment-medium size-medium wp-image-226580\" alt=\"\" srcset=\"https:\/\/goias.gov.br\/administracao\/wp-content\/uploads\/sites\/27\/2026\/04\/Foto-equipe-site-263x300.jpeg 263w, https:\/\/goias.gov.br\/administracao\/wp-content\/uploads\/sites\/27\/2026\/04\/Foto-equipe-site-898x1024.jpeg 898w, https:\/\/goias.gov.br\/administracao\/wp-content\/uploads\/sites\/27\/2026\/04\/Foto-equipe-site-768x876.jpeg 768w, https:\/\/goias.gov.br\/administracao\/wp-content\/uploads\/sites\/27\/2026\/04\/Foto-equipe-site.jpeg 960w\" sizes=\"(max-width: 263px) 100vw, 263px\" \/>\t\t\t\t\t\t\t\t\t\t\t\t\t\t\t<\/div>\n\t\t\t\t<\/div>\n\t\t<div class=\"elementor-element elementor-element-3604cc6 e-con-full e-flex e-con e-child\" data-id=\"3604cc6\" data-element_type=\"container\" data-e-type=\"container\">\n\t\t\t\t<div class=\"elementor-element elementor-element-420feca elementor-widget elementor-widget-text-editor\" data-id=\"420feca\" data-element_type=\"widget\" data-e-type=\"widget\" data-widget_type=\"text-editor.default\">\n\t\t\t\t\t\t\t\t\t<p dir=\"ltr\"><strong><span style=\"font-size: 18pt;\">Equipe da Ger\u00eancia da Rede de Gest\u00e3o e Desenvolvimento de Pessoas<\/span><\/strong><\/p><p dir=\"ltr\">Christopher Rezende dos Santos<\/p><p dir=\"ltr\">Ester Teixeira Martins &#8211; Gerente<\/p><p dir=\"ltr\">Larissa de Gouveia Coelho<\/p><p dir=\"ltr\"><strong>Contatos:<\/strong> 3261-5685 \/ redepessoas.sead@goias.gov.br<\/p>\t\t\t\t\t\t\t\t<\/div>\n\t\t\t\t<\/div>\n\t\t\t\t<\/div>\n\t\t<div class=\"elementor-element elementor-element-212db71 e-flex e-con-boxed e-con e-parent\" data-id=\"212db71\" data-element_type=\"container\" data-e-type=\"container\">\n\t\t\t\t\t<div class=\"e-con-inner\">\n\t\t<div class=\"elementor-element elementor-element-c8d2d55 e-con-full e-flex e-con e-child\" data-id=\"c8d2d55\" data-element_type=\"container\" data-e-type=\"container\">\n\t\t\t\t<div class=\"elementor-element elementor-element-1dedeaf elementor-widget elementor-widget-image\" data-id=\"1dedeaf\" data-element_type=\"widget\" data-e-type=\"widget\" data-widget_type=\"image.default\">\n\t\t\t\t\t\t\t\t\t\t\t\t\t\t\t<img decoding=\"async\" src=\"https:\/\/goias.gov.br\/administracao\/wp-content\/uploads\/sites\/27\/2025\/07\/Logo-Se-liga-na-rede-300x289.jpg\" title=\"\" alt=\"\" loading=\"lazy\" \/>\t\t\t\t\t\t\t\t\t\t\t\t\t\t\t<\/div>\n\t\t\t\t<\/div>\n\t\t<div class=\"elementor-element elementor-element-8d23df8 e-con-full e-flex e-con e-child\" data-id=\"8d23df8\" data-element_type=\"container\" data-e-type=\"container\">\n\t\t\t\t<div class=\"elementor-element elementor-element-a87db39 elementor-widget elementor-widget-text-editor\" data-id=\"a87db39\" data-element_type=\"widget\" data-e-type=\"widget\" data-widget_type=\"text-editor.default\">\n\t\t\t\t\t\t\t\t\t<p dir=\"ltr\"><strong><span style=\"font-size: 18pt;\">Se liga na Rede &#8211; Canal\u00a0<\/span><\/strong><\/p><p dir=\"ltr\">Esperamos voc\u00eas para conversarmos sobre temas relacionados a nossa Rede.<br \/>E caso perca algum epis\u00f3dio, basta acessar o canal e navegar, pois est\u00e3o todos l\u00e1.<br \/><br \/><a href=\"https:\/\/www.youtube.com\/@SeliganaRedeGoias\">www.youtube.com\/@SeliganaRedeGoias<\/a>\u00a0<\/p>\t\t\t\t\t\t\t\t<\/div>\n\t\t\t\t<\/div>\n\t\t\t\t\t<\/div>\n\t\t\t\t<\/div>\n\t\t<div class=\"elementor-element elementor-element-ace68a3 e-flex e-con-boxed e-con e-parent\" data-id=\"ace68a3\" data-element_type=\"container\" data-e-type=\"container\">\n\t\t\t\t\t<div class=\"e-con-inner\">\n\t\t<div class=\"elementor-element elementor-element-8ea86d6 e-con-full e-flex e-con e-child\" data-id=\"8ea86d6\" data-element_type=\"container\" data-e-type=\"container\">\n\t\t\t\t<div class=\"elementor-element elementor-element-3e4fd94 elementor-widget elementor-widget-image\" data-id=\"3e4fd94\" data-element_type=\"widget\" data-e-type=\"widget\" data-widget_type=\"image.default\">\n\t\t\t\t\t\t\t\t\t\t\t\t\t\t\t<img decoding=\"async\" src=\"https:\/\/goias.gov.br\/administracao\/wp-content\/uploads\/sites\/27\/2025\/07\/logo-observatorio-294x300.jpg\" title=\"\" alt=\"\" loading=\"lazy\" \/>\t\t\t\t\t\t\t\t\t\t\t\t\t\t\t<\/div>\n\t\t\t\t<\/div>\n\t\t<div class=\"elementor-element elementor-element-4ce542c e-con-full e-flex e-con e-child\" data-id=\"4ce542c\" data-element_type=\"container\" data-e-type=\"container\">\n\t\t\t\t<div class=\"elementor-element elementor-element-941cecf elementor-widget elementor-widget-text-editor\" data-id=\"941cecf\" data-element_type=\"widget\" data-e-type=\"widget\" data-widget_type=\"text-editor.default\">\n\t\t\t\t\t\t\t\t\t<p dir=\"ltr\"><strong><span style=\"font-size: 18pt;\">Observat\u00f3rio da Rede de Gest\u00e3o de Pessoas<\/span><\/strong><br \/><strong><span style=\"font-size: 18pt;\">do Estado de Goi\u00e1s<\/span><\/strong><\/p><p dir=\"ltr\">Conhe\u00e7a um pouco mais da Rede no nosso Observat\u00f3rio.<br \/><strong>Acesso interno:<\/strong><br \/><a href=\"https:\/\/observatorio.sistemas.go.gov.br\/\">observatorio.sistemas.go.gov.br\/<\/a> <a href=\"https:\/\/observatorio.sistemas.go.gov.br\/Principal\/InicioIntranet\">Observat\u00f3rio<\/a> <br \/><strong>Acesso externo:<\/strong><br \/><a href=\"https:\/\/goias.gov.br\/administracao\/observatorio-da-rede-de-gestao-de-pessoas-do-estado-de-goias\/\">https:\/\/goias.gov.br\/administracao\/observatorio-da-rede-de-gestao-de-pessoas-do-estado-de-goias\/<\/a><\/p>\t\t\t\t\t\t\t\t<\/div>\n\t\t\t\t<\/div>\n\t\t\t\t\t<\/div>\n\t\t\t\t<\/div>\n\t\t<div class=\"elementor-element elementor-element-26894e1 e-flex e-con-boxed e-con e-parent\" data-id=\"26894e1\" data-element_type=\"container\" data-e-type=\"container\">\n\t\t\t\t\t<div class=\"e-con-inner\">\n\t\t\t\t<div class=\"elementor-element elementor-element-c65c4ce elementor-widget elementor-widget-n-accordion\" data-id=\"c65c4ce\" data-element_type=\"widget\" data-e-type=\"widget\" data-settings=\"{&quot;default_state&quot;:&quot;all_collapsed&quot;,&quot;max_items_expended&quot;:&quot;one&quot;,&quot;n_accordion_animation_duration&quot;:{&quot;unit&quot;:&quot;ms&quot;,&quot;size&quot;:400,&quot;sizes&quot;:[]}}\" data-widget_type=\"nested-accordion.default\">\n\t\t\t\t\t\t\t<div class=\"e-n-accordion\" aria-label=\"Accordion. Open links with Enter or Space, close with Escape, and navigate with Arrow Keys\">\n\t\t\t\t\t\t<details id=\"e-n-accordion-item-2070\" class=\"e-n-accordion-item\" >\n\t\t\t\t<summary class=\"e-n-accordion-item-title\" data-accordion-index=\"1\" tabindex=\"0\" aria-expanded=\"false\" aria-controls=\"e-n-accordion-item-2070\" >\n\t\t\t\t\t<span class='e-n-accordion-item-title-header'><div class=\"e-n-accordion-item-title-text\"> Manuais de Procedimentos da Rede de Gest\u00e3o de Pessoas <\/div><\/span>\n\t\t\t\t\t\t\t<span class='e-n-accordion-item-title-icon'>\n\t\t\t<span class='e-opened' ><svg aria-hidden=\"true\" class=\"e-font-icon-svg e-fas-angle-down\" viewBox=\"0 0 320 512\" xmlns=\"http:\/\/www.w3.org\/2000\/svg\"><path d=\"M143 352.3L7 216.3c-9.4-9.4-9.4-24.6 0-33.9l22.6-22.6c9.4-9.4 24.6-9.4 33.9 0l96.4 96.4 96.4-96.4c9.4-9.4 24.6-9.4 33.9 0l22.6 22.6c9.4 9.4 9.4 24.6 0 33.9l-136 136c-9.2 9.4-24.4 9.4-33.8 0z\"><\/path><\/svg><\/span>\n\t\t\t<span class='e-closed'><svg aria-hidden=\"true\" class=\"e-font-icon-svg e-fas-angle-right\" viewBox=\"0 0 256 512\" xmlns=\"http:\/\/www.w3.org\/2000\/svg\"><path d=\"M224.3 273l-136 136c-9.4 9.4-24.6 9.4-33.9 0l-22.6-22.6c-9.4-9.4-9.4-24.6 0-33.9l96.4-96.4-96.4-96.4c-9.4-9.4-9.4-24.6 0-33.9L54.3 103c9.4-9.4 24.6-9.4 33.9 0l136 136c9.5 9.4 9.5 24.6.1 34z\"><\/path><\/svg><\/span>\n\t\t<\/span>\n\n\t\t\t\t\t\t<\/summary>\n\t\t\t\t<div role=\"region\" aria-labelledby=\"e-n-accordion-item-2070\" class=\"elementor-element elementor-element-0019fd3 e-con-full e-flex e-con e-child\" data-id=\"0019fd3\" data-element_type=\"container\" data-e-type=\"container\">\n\t\t\t\t<div class=\"elementor-element elementor-element-7b69417 elementor-widget elementor-widget-text-editor\" data-id=\"7b69417\" data-element_type=\"widget\" data-e-type=\"widget\" data-widget_type=\"text-editor.default\">\n\t\t\t\t\t\t\t\t\t<p><a href=\"https:\/\/goiasgovbr-my.sharepoint.com\/:b:\/g\/personal\/kenia_lacerda_goias_gov_br\/EeE1z4fNnhxNt8dzU8yNSzIB4ZhxjyigUf615U7mdBkGNQ?e=QVIRmN\">Acertos Financeiros<\/a><\/p><p><a href=\"https:\/\/goiasgovbr-my.sharepoint.com\/:b:\/g\/personal\/kenia_lacerda_goias_gov_br\/Ee5zfIoa58xHhy7cvhCRMNABlhyuokq9bpFPjv3Yg-IR5A?e=1gOz6Q\">Aposentadoria Volunt\u00e1ria<\/a><\/p><p><a href=\"https:\/\/goiasgovbr-my.sharepoint.com\/:b:\/g\/personal\/kenia_lacerda_goias_gov_br\/EdA_uWnl1bxGqiT_XQlEA4sBRPnEUtF1FcSwIZB9bBh0gA?e=bcJAUb\">Assist\u00eancia Pr\u00e9-escolar<\/a><\/p><p><a href=\"https:\/\/goiasgovbr-my.sharepoint.com\/:b:\/g\/personal\/kenia_lacerda_goias_gov_br\/EQF7Gk3feWlHrp_VWOzIF8wBQktlmARJUQU5HbiukXmtOg?e=uWeKpC\">Aux\u00edlio Funeral<\/a><\/p><p><a href=\"https:\/\/goiasgovbr-my.sharepoint.com\/:b:\/g\/personal\/kenia_lacerda_goias_gov_br\/EZjC5oiixMZLsZSfvoZ9aUMB_iU52zEiMi6aNyQqA_lb9A?e=arNfBG\">Averba\u00e7\u00e3o e Desaverba\u00e7\u00e3o<\/a><\/p><p><a href=\"https:\/\/drive.google.com\/file\/d\/1_M_nuQad6uCpOuSbGrZLpuhNN0MIgXFC\/view?usp=sharing\">Desincompatibiliza\u00e7\u00e3o e Licen\u00e7a para Atividade Pol\u00edtica &#8211; 2\u00aa Edi\u00e7\u00e3o<\/a><\/p><p><a href=\"https:\/\/goiasgovbr-my.sharepoint.com\/:b:\/g\/personal\/kenia_lacerda_goias_gov_br\/ETOfTAaUo2VEld33wNk0DwkBO0DGzUWcw-vnBsqhXSD2fw?e=lTlapB\">Est\u00e1gio<\/a>\u00a0<\/p><p><a href=\"https:\/\/goiasgovbr-my.sharepoint.com\/:b:\/g\/personal\/kenia_lacerda_goias_gov_br\/ETk9xPa7IzdNij_JvWFs71IB6_j8Y9SLc_TGx16AALle-Q?e=RgPxNG\">Exame M\u00e9dico Peri\u00f3dico<\/a><\/p><p><a href=\"https:\/\/goiasgovbr-my.sharepoint.com\/:b:\/g\/personal\/kenia_lacerda_goias_gov_br\/EckJQEbwI35DkM9U56mL8rUB1mIVfqD62JoEvjrC3cEPMw?e=nYkwv2\">Exonera\u00e7\u00e3o e Rescis\u00e3o de Contrato Celetista a Pedido<\/a><\/p><p><a href=\"https:\/\/goiasgovbr-my.sharepoint.com\/:b:\/g\/personal\/kenia_lacerda_goias_gov_br\/ERZ0gPmzvIZNsIXNXbpn94gB1cEGa5ABAvkHNnmcfgmJFQ?e=mzxp2P\">F\u00e9rias<\/a><\/p><p><a href=\"https:\/\/goiasgovbr-my.sharepoint.com\/:b:\/g\/personal\/kenia_lacerda_goias_gov_br\/ES8_a4TwiOpJrE7AxAIaoVQBkpUXBhEhSI04Poif4WlDaA?e=cGLvbt\">Frequ\u00eancia<\/a><\/p><p><a href=\"https:\/\/goiasgovbr-my.sharepoint.com\/:b:\/g\/personal\/kenia_lacerda_goias_gov_br\/EYOey2RdD1RNopInM8O3NmoB0OEi_F1NLcSV1KlrDIy_aQ?e=mUcqx3\">Gest\u00e3o de Contratos Tempor\u00e1rios<\/a><\/p><p><a href=\"https:\/\/goiasgovbr-my.sharepoint.com\/:b:\/g\/personal\/kenia_lacerda_goias_gov_br\/EW8gh0Rd6A9Ii4QMNfsqGC4ByXHVGr5vqk-quDBcKGAAYw?e=15WnI8\">Gest\u00e3o dos Sistemas de Frequ\u00eancia<\/a><\/p><p><a href=\"https:\/\/goiasgovbr-my.sharepoint.com\/:b:\/g\/personal\/kenia_lacerda_goias_gov_br\/ERQGLQbotZtNprhL7b2N77sBL-IBjx24LDTBi9trhBxz0g?e=e0YIuB\">GRG-PES e FCRG-PES &#8211; 2\u00aa Edi\u00e7\u00e3o<\/a><\/p><p><a href=\"https:\/\/goiasgovbr-my.sharepoint.com\/:b:\/g\/personal\/kenia_lacerda_goias_gov_br\/Ef9d-xX7GcROk6RwxzbmvqQBQvNBSJQp6RMp3LCDvsINcQ?e=ETekGv\">Inclus\u00e3o e Encerramento nos Sistemas de Frequ\u00eancia<\/a><\/p><p><a href=\"https:\/\/goiasgovbr-my.sharepoint.com\/:b:\/g\/personal\/kenia_lacerda_goias_gov_br\/ER2S9UIQNCFGpXDWusigKr8BssHGkLZgV0dxLlIyfBW-Cg?e=bOTA8d\">Indeniza\u00e7\u00e3o de F\u00e9rias de Cargos da Estrutura<\/a><\/p><p><a href=\"https:\/\/drive.google.com\/file\/d\/1p4-IEyoJrDziGzYgS4SXsc9E_Xf-jdy4\/view?usp=sharing\">Integra\u00e7\u00e3o Salis e RHNet<\/a><\/p><p><a href=\"https:\/\/goiasgovbr-my.sharepoint.com\/:b:\/g\/personal\/kenia_lacerda_goias_gov_br\/EX-W5nkKL21AhmQg5f_IZxABJngAUpaEwRo2dxWh_w0rdQ?e=f9DSek\">Licen\u00e7a para Capacita\u00e7\u00e3o &#8211; 3\u00aa Edi\u00e7\u00e3o<\/a><\/p><p><a href=\"https:\/\/goiasgovbr-my.sharepoint.com\/:b:\/g\/personal\/kenia_lacerda_goias_gov_br\/ERj-EJJOWNpMvKbvAzIulS8BC62eP4M9DSylg8Ey1MBO3Q?e=VWNrwe\">Licen\u00e7a para Desempenho de Mandato Classista<\/a><\/p><p><a href=\"https:\/\/goiasgovbr-my.sharepoint.com\/:b:\/g\/personal\/kenia_lacerda_goias_gov_br\/EQBmhdN29w5JvZaunw99JRIBTfThqWHrCLeTad8r5uwNdA?e=dhSi8q\">Licen\u00e7a Maternidade 2\u00aa Edi\u00e7\u00e3o<\/a><\/p><p><a href=\"https:\/\/goiasgovbr-my.sharepoint.com\/:b:\/g\/personal\/kenia_lacerda_goias_gov_br\/ET7OJxohTcpMuGde69SDNoYBW2wn7pW1RXTgs_p4q1Ok3Q?e=hWpXZN\">Licen\u00e7a Paternidade<\/a><\/p><p><a href=\"https:\/\/goiasgovbr-my.sharepoint.com\/:b:\/g\/personal\/kenia_lacerda_goias_gov_br\/EeZ8-OqLHmpKkBxbodlsrsMB-2kqyTwX7LEx0UVD2_UQRQ?e=hNZdXt\">Licen\u00e7a para Tratar de Interesses Particulares &#8211; 2\u00aa Edi\u00e7\u00e3o<\/a><\/p><p><a href=\"https:\/\/goiasgovbr-my.sharepoint.com\/:b:\/g\/personal\/kenia_lacerda_goias_gov_br\/EQmeCHp3_6NHnpnKcOj2ONEBd3smoJ8FDkUSGiDdztXW3w?e=bnr8AJ\">Licen\u00e7a por Motivo de afastamento de C\u00f4njuge<\/a><\/p><p><a href=\"https:\/\/goiasgovbr-my.sharepoint.com\/:b:\/g\/personal\/kenia_lacerda_goias_gov_br\/EfaeQXlojAhLt3US-ZfJ80gBTbJYthioFz6Eq8O57_W54g?e=gfWZZd\">Licen\u00e7a Pr\u00eamio &#8211; 2\u00aa Edi\u00e7\u00e3o<\/a><\/p><p><a href=\"https:\/\/goiasgovbr-my.sharepoint.com\/:b:\/g\/personal\/kenia_lacerda_goias_gov_br\/EQZbV1ARpdhLpKTHz9diORkBKLC0CGA78a5njJAD4o3t1Q?e=IU33ug\">Lota\u00e7\u00e3o de Servidor &#8211; 2\u00aa Edi\u00e7\u00e3o<\/a><\/p><p><a href=\"https:\/\/goiasgovbr-my.sharepoint.com\/:b:\/g\/personal\/kenia_lacerda_goias_gov_br\/EchGhQtTVLNDih2J2OvHJGcB3gPjZsmfsuNfiUgwmehBsA?e=APGY8y\">Miss\u00e3o Oficial<\/a><\/p><p><a href=\"https:\/\/goiasgovbr-my.sharepoint.com\/:b:\/g\/personal\/kenia_lacerda_goias_gov_br\/EbwrkLXXJqJAubP9ZI-czAUBXkbC3FYZ8hh4zc4ENt_taA?e=Fu2qOW\">Redu\u00e7\u00e3o de Jornada com Redutor de Remunera\u00e7\u00e3o<\/a><\/p><p><a href=\"https:\/\/goiasgovbr-my.sharepoint.com\/:b:\/g\/personal\/kenia_lacerda_goias_gov_br\/EfFeQYa_2x5PpzCn5dtAUUEB2tYOZm0Lcu8jtEGaXCiszA?e=lL2EjN\">Redu\u00e7\u00e3o de Jornada para Amamenta\u00e7\u00e3o<\/a><\/p><p><a href=\"https:\/\/goiasgovbr-my.sharepoint.com\/:b:\/g\/personal\/kenia_lacerda_goias_gov_br\/EXXzPmRQoUVCnrf3Tm9shhgB3JD8CUb3m9lwOaFrGNo7RQ?e=RIdYZU\">Tratamento de Sa\u00fade Cont\u00ednuo<\/a><\/p><p><a href=\"https:\/\/goiasgovbr-my.sharepoint.com\/:b:\/g\/personal\/kenia_lacerda_goias_gov_br\/EciqmgzsEmJCquYqfSPRNy0BCEi1W3PIP-Vh871l0jPqJg?e=e6big7\">Vac\u00e2ncia &#8211; 2\u00aa Edi\u00e7\u00e3o<\/a><\/p><p><a href=\"https:\/\/goiasgovbr-my.sharepoint.com\/:b:\/g\/personal\/kenia_lacerda_goias_gov_br\/Ec8i5tbt-NVCgQk8l3I_SJ4BfDdQ-U8-_ImQRJonYleUEg?e=zLu8FG\">Vale-Transporte Celetista<\/a><\/p><p>\u00a0<\/p>\t\t\t\t\t\t\t\t<\/div>\n\t\t\t\t<\/div>\n\t\t\t\t\t<\/details>\n\t\t\t\t\t\t<details id=\"e-n-accordion-item-2071\" class=\"e-n-accordion-item\" >\n\t\t\t\t<summary class=\"e-n-accordion-item-title\" data-accordion-index=\"2\" tabindex=\"-1\" aria-expanded=\"false\" aria-controls=\"e-n-accordion-item-2071\" >\n\t\t\t\t\t<span class='e-n-accordion-item-title-header'><div class=\"e-n-accordion-item-title-text\"> Legisla\u00e7\u00f5es Pertinentes  <\/div><\/span>\n\t\t\t\t\t\t\t<span class='e-n-accordion-item-title-icon'>\n\t\t\t<span class='e-opened' ><svg aria-hidden=\"true\" class=\"e-font-icon-svg e-fas-angle-down\" viewBox=\"0 0 320 512\" xmlns=\"http:\/\/www.w3.org\/2000\/svg\"><path d=\"M143 352.3L7 216.3c-9.4-9.4-9.4-24.6 0-33.9l22.6-22.6c9.4-9.4 24.6-9.4 33.9 0l96.4 96.4 96.4-96.4c9.4-9.4 24.6-9.4 33.9 0l22.6 22.6c9.4 9.4 9.4 24.6 0 33.9l-136 136c-9.2 9.4-24.4 9.4-33.8 0z\"><\/path><\/svg><\/span>\n\t\t\t<span class='e-closed'><svg aria-hidden=\"true\" class=\"e-font-icon-svg e-fas-angle-right\" viewBox=\"0 0 256 512\" xmlns=\"http:\/\/www.w3.org\/2000\/svg\"><path d=\"M224.3 273l-136 136c-9.4 9.4-24.6 9.4-33.9 0l-22.6-22.6c-9.4-9.4-9.4-24.6 0-33.9l96.4-96.4-96.4-96.4c-9.4-9.4-9.4-24.6 0-33.9L54.3 103c9.4-9.4 24.6-9.4 33.9 0l136 136c9.5 9.4 9.5 24.6.1 34z\"><\/path><\/svg><\/span>\n\t\t<\/span>\n\n\t\t\t\t\t\t<\/summary>\n\t\t\t\t<div role=\"region\" aria-labelledby=\"e-n-accordion-item-2071\" class=\"elementor-element elementor-element-38b0548 e-con-full e-flex e-con e-child\" data-id=\"38b0548\" data-element_type=\"container\" data-e-type=\"container\">\n\t\t\t\t<div class=\"elementor-element elementor-element-883ac57 elementor-widget elementor-widget-text-editor\" data-id=\"883ac57\" data-element_type=\"widget\" data-e-type=\"widget\" data-widget_type=\"text-editor.default\">\n\t\t\t\t\t\t\t\t\t<p dir=\"ltr\"><a href=\"https:\/\/legisla.casacivil.go.gov.br\/pesquisa_legislacao\/100979\/lei-20756\">Lei n\u00ba 20.756\/2020<\/a>\u00a0 &#8211; Estatuto do Servidor\u00a0<\/p><p dir=\"ltr\"><a href=\"http:\/\/legisla.casacivil.go.gov.br\/pesquisa_legislacao\/103717\/decreto-9802\">Decreto n\u00ba 9.802\/2021<\/a> &#8211; Decreto da Folha de Pagamento<\/p><p dir=\"ltr\"><a href=\"http:\/\/legisla.casacivil.go.gov.br\/pesquisa_legislacao\/67545\/decreto-8465\">Decreto n\u00ba 8.465\/2015<\/a> &#8211; Decreto do Controle de Frequ\u00eancia<\/p><p dir=\"ltr\"><a href=\"http:\/\/legisla.casacivil.go.gov.br\/pesquisa_legislacao\/107267\/decreto-10275\">Decreto n\u00ba 10.275\/2023<\/a> &#8211; Decreto da Rede de Gest\u00e3o de Pessoas<\/p><p><a href=\"https:\/\/drive.google.com\/file\/d\/1KWTD3f-7xgHRmLZteg6EXNzuzKHaWICb\/view?usp=sharing\">Portaria n\u00b0 1972\/2024<\/a> &#8211; Avalia\u00e7\u00e3o Peri\u00f3dica de Desempenho\u00a0<\/p><p><a href=\"https:\/\/drive.google.com\/file\/d\/1XZpgS8oJB4BIzXquKTM-cH7edL1sy9yr\/view?usp=sharing\">Portaria n\u00b0 458\/2025<\/a> &#8211; Altera o anexo \u00fanico da Portaria no 1972\/2024<br \/><br \/><a href=\"https:\/\/drive.google.com\/file\/d\/1kICsrbwU0S7FQd6j4HL5P_Mo7PRE9Qjh\/view?usp=sharing\">Portaria n\u00b0 1471\/2024<\/a> &#8211; Certifica\u00e7\u00e3o em Gest\u00e3o de Pessoas<\/p><p><strong>Orienta\u00e7\u00f5es PGE:<\/strong><\/p><p><a href=\"https:\/\/goias.gov.br\/procuradoria\/despacho\/\">goias.gov.br\/procuradoria\/despacho\/<\/a><\/p>\t\t\t\t\t\t\t\t<\/div>\n\t\t\t\t<\/div>\n\t\t\t\t\t<\/details>\n\t\t\t\t\t\t<details id=\"e-n-accordion-item-2072\" class=\"e-n-accordion-item\" >\n\t\t\t\t<summary class=\"e-n-accordion-item-title\" data-accordion-index=\"3\" tabindex=\"-1\" aria-expanded=\"false\" aria-controls=\"e-n-accordion-item-2072\" >\n\t\t\t\t\t<span class='e-n-accordion-item-title-header'><div class=\"e-n-accordion-item-title-text\"> Contatos da Rede de Gest\u00e3o de Pessoas <\/div><\/span>\n\t\t\t\t\t\t\t<span class='e-n-accordion-item-title-icon'>\n\t\t\t<span class='e-opened' ><svg aria-hidden=\"true\" class=\"e-font-icon-svg e-fas-angle-down\" viewBox=\"0 0 320 512\" xmlns=\"http:\/\/www.w3.org\/2000\/svg\"><path d=\"M143 352.3L7 216.3c-9.4-9.4-9.4-24.6 0-33.9l22.6-22.6c9.4-9.4 24.6-9.4 33.9 0l96.4 96.4 96.4-96.4c9.4-9.4 24.6-9.4 33.9 0l22.6 22.6c9.4 9.4 9.4 24.6 0 33.9l-136 136c-9.2 9.4-24.4 9.4-33.8 0z\"><\/path><\/svg><\/span>\n\t\t\t<span class='e-closed'><svg aria-hidden=\"true\" class=\"e-font-icon-svg e-fas-angle-right\" viewBox=\"0 0 256 512\" xmlns=\"http:\/\/www.w3.org\/2000\/svg\"><path d=\"M224.3 273l-136 136c-9.4 9.4-24.6 9.4-33.9 0l-22.6-22.6c-9.4-9.4-9.4-24.6 0-33.9l96.4-96.4-96.4-96.4c-9.4-9.4-9.4-24.6 0-33.9L54.3 103c9.4-9.4 24.6-9.4 33.9 0l136 136c9.5 9.4 9.5 24.6.1 34z\"><\/path><\/svg><\/span>\n\t\t<\/span>\n\n\t\t\t\t\t\t<\/summary>\n\t\t\t\t<div role=\"region\" aria-labelledby=\"e-n-accordion-item-2072\" class=\"elementor-element elementor-element-77157bd e-con-full e-flex e-con e-child\" data-id=\"77157bd\" data-element_type=\"container\" data-e-type=\"container\">\n\t\t\t\t<div class=\"elementor-element elementor-element-08b6843 elementor-widget elementor-widget-text-editor\" data-id=\"08b6843\" data-element_type=\"widget\" data-e-type=\"widget\" data-widget_type=\"text-editor.default\">\n\t\t\t\t\t\t\t\t\t<p dir=\"ltr\"><strong>ABC &#8211; Ag\u00eancia Brasil Central<\/strong><\/p><p dir=\"ltr\">ARNALDO PAULINO DANTAS FILHO<\/p><p dir=\"ltr\">(62) 3201-7649 \/ 7741<\/p><p dir=\"ltr\"><strong>AGR &#8211; Ag\u00eancia Goiana de Regula\u00e7\u00e3o, Controle e Fiscaliza\u00e7\u00e3o de Servi\u00e7os P\u00fablicos<\/strong><\/p><p dir=\"ltr\">ALEXANDRE MARCIO FERRAZ DE LIMA<\/p><p dir=\"ltr\">(62) 3226-6452\u00a0 \/\u00a0 6450<\/p><p dir=\"ltr\"><strong>AGRODEFESA &#8211; Ag\u00eancia Goiana de Defesa Agropecu\u00e1ria<\/strong><\/p><p dir=\"ltr\">ROBERLEINE DE FREITAS SANTOS<\/p><p dir=\"ltr\">(62) 3201-3587 \/ 3588 \/ 3590<\/p><p dir=\"ltr\"><strong>CASA CIVIL &#8211; Secretaria de Estado da Casa Civil<\/strong><\/p><p dir=\"ltr\">SUELMA DE OLIVEIRA CARVALHO<\/p><p dir=\"ltr\">(62) 3201-5823 \/ 5822<\/p><p dir=\"ltr\"><strong>CASA MILITAR &#8211; Secretaria de Estado da Casa Militar<\/strong><\/p><p dir=\"ltr\">DIOGO ALBERNAZ RESENDE<\/p><p dir=\"ltr\">(62) 3201-5911 \/ 5905<\/p><p dir=\"ltr\"><strong>CBM &#8211; Corpo de Bombeiros Militar<\/strong><\/p><p>THIAGO DIAS COELHO<\/p><p dir=\"ltr\">(62) 3201-2046<\/p><p dir=\"ltr\"><strong>CGE &#8211; Controladoria-Geral do Estado<\/strong><\/p><p dir=\"ltr\">CLAUDIA FERREIRA DE AZEVEDO FARIA<\/p><p dir=\"ltr\">(62) 3201-5376 \/ 5361<\/p><p dir=\"ltr\"><strong>DETRAN &#8211; Departamento Estadual de Tr\u00e2nsito<\/strong><\/p><p dir=\"ltr\">CLAUDIA GOMES RIBEIRO<\/p><p dir=\"ltr\">(62) 3272-8340<\/p><p dir=\"ltr\"><strong>DGPP &#8211; Diretoria Geral de Administra\u00e7\u00e3o Penitenci\u00e1ria<\/strong><\/p><p dir=\"ltr\">ALEX APARECIDO GALDIOLI<\/p><p dir=\"ltr\">(62) 3201-8867 (ligar c\/ prefixo) e 99692-0836 (Institucional)<\/p><p dir=\"ltr\"><strong>DGPC &#8211; Delegacia Geral da Pol\u00edcia Civil<\/strong><\/p><p dir=\"ltr\">ANA LIVIA BATISTA ALVES DE PAIVA<\/p><p dir=\"ltr\">(62) 3201-2540 \/ 2560<\/p><p dir=\"ltr\"><strong>ECONOMIA &#8211; Secretaria de Estado da Economia<\/strong><\/p><p dir=\"ltr\">KAMILLA FERREIRA LEMOS DA COSTA<\/p><p dir=\"ltr\">(62) 3269-2625 \/ 2425<\/p><p dir=\"ltr\"><strong>EMATER &#8211; Ag\u00eancia Goiana de Assist\u00eancia T\u00e9cnica, Extens\u00e3o Rural e Pesquisa Agropecu\u00e1ria<\/strong><\/p><p dir=\"ltr\">NATALINO JOSE DE ALMEIDA<\/p><p dir=\"ltr\">(62) 3201-2328 \/ 1539<\/p><p dir=\"ltr\"><strong>FAPEG &#8211; Funda\u00e7\u00e3o de Amparo \u00e0 Pesquisa do Estado de Goi\u00e1s<\/strong><\/p><p dir=\"ltr\">LUCIANA FERNANDES BASTOS RIBEIRO<\/p><p dir=\"ltr\">(62) 3623-0416 \/ 0431<\/p><p dir=\"ltr\"><strong>GOI\u00c1STURISMO &#8211; Ag\u00eancia Estadual de Turismo<\/strong><\/p><p dir=\"ltr\">MANOEL ELOY DE MELO OLIVEIRA DOS SANTOS<\/p><p dir=\"ltr\">(62) 3201-8112<\/p><p dir=\"ltr\"><strong>GOIASPREV &#8211; Goi\u00e1s Previd\u00eancia<\/strong><\/p><p dir=\"ltr\">ALESSANDRA OLIVEIRA DE SOUZA<\/p><p dir=\"ltr\">(62) 3201-7801<\/p><p dir=\"ltr\"><strong>GOINFRA &#8211; Ag\u00eancia Goiana de Infraestrutura e Transportes<\/strong><\/p><p dir=\"ltr\">KELLEN CRISTINA DE FREITAS MENDES<\/p><p dir=\"ltr\">(62) 3265-4000 \/ 4127<\/p><p dir=\"ltr\"><strong>JUCEG &#8211; Junta Comercial do Estado de Goi\u00e1s<\/strong><\/p><p dir=\"ltr\">LEANDRO VIEIRA RIBEIRO<\/p><p dir=\"ltr\">(62) 3252-9230 \/ 9229<\/p><p dir=\"ltr\"><strong>PGE &#8211; Procuradoria-Geral do Estado<\/strong><\/p><p dir=\"ltr\">MARCELO HENRIQUE DIAS DOS SANTOS<\/p><p dir=\"ltr\">(62) 3252-8101 \/ 8115<\/p><p dir=\"ltr\"><strong>PM &#8211; Pol\u00edcia Militar<\/strong><\/p><p>ALEXANDRE DOS SANTOS E SILVA<\/p><p dir=\"ltr\">(62) 3201-1600<\/p><p dir=\"ltr\"><strong>RETOMADA &#8211; Secretaria de Estado da Retomada<\/strong><\/p><p dir=\"ltr\">ANA PAULA INACIO DE AZEREDO<\/p><p dir=\"ltr\">(62) 3201-5244<\/p><p dir=\"ltr\"><strong>SEAD &#8211; Secretaria de Estado da Administra\u00e7\u00e3o<\/strong><\/p><p dir=\"ltr\">FERNANDA DA SILVA MARTINS SOLANO<\/p><p dir=\"ltr\">(62) 3201-8723<\/p><p dir=\"ltr\"><strong>SEAPA &#8211; Secretaria de Estado de Agricultura, Pecu\u00e1ria e Abastecimento<\/strong><\/p><p dir=\"ltr\">ILMA ALVES MARTINS<\/p><p dir=\"ltr\">(62) 3201-8936<\/p><p dir=\"ltr\"><strong>SECOM &#8211; Secretaria de Estado da Comunica\u00e7\u00e3o<\/strong><\/p><p dir=\"ltr\">MARCIA DE SOUZA TAVEIRA<\/p><p dir=\"ltr\">(62) 3201-5907<\/p><p dir=\"ltr\"><strong>SECULT &#8211; Secretaria de Estado da Cultura<\/strong><\/p><p dir=\"ltr\">DOUGLAS DE OLIVEIRA BARBOSA<\/p><p dir=\"ltr\">(62) 3201-4634 \/ 4635<\/p><p dir=\"ltr\"><strong>SECTI &#8211; Secretaria de Estado de Ci\u00eancia, Tecnologia e Inova\u00e7\u00e3o<\/strong><\/p><p dir=\"ltr\">JULIANY FRANCIELY LOUZA SILVA<\/p><p dir=\"ltr\">(62) 3269-3131<\/p><p dir=\"ltr\"><strong>SEDS &#8211; Secretaria de Estado de Desenvolvimento Social<\/strong><\/p><p dir=\"ltr\">LEONIR RIBEIRO DE JESUS<\/p><p dir=\"ltr\">(62) 3201-8039 \/ 8041 \/ 8064 \/ 98306-0186 (Institucional)<\/p><p dir=\"ltr\"><strong>SEDUC &#8211; Secretaria de Estado da Educa\u00e7\u00e3o<\/strong><\/p><p dir=\"ltr\">HUDSON AMARAU DE OLIVEIRA<\/p><p dir=\"ltr\">(62) 3220-9588 &#8211; M\u00e1rcio \/ 3220-9591 &#8211; Tania (fl Pagto)\u00a0\u00a0\u00a0\u00a0\u00a0\u00a0\u00a0\u00a0\u00a0\u00a0\u00a0\u00a0\u00a0\u00a0\u00a0\u00a0\u00a0\u00a0\u00a0\u00a0\u00a0\u00a0\u00a0\u00a0<\/p><p dir=\"ltr\"><strong>SEDF &#8211; Secretaria de Estado do Entorno do Distrito Federal<\/strong><\/p><p>BIBIANA ROEWER KUMMER<\/p><p>Celular \u00fanico geral: 62 994725889<\/p><p dir=\"ltr\"><strong>SEINFRA &#8211; Secretaria de Estado da Infraestrutura<\/strong><\/p><p dir=\"ltr\">WESLEY DA ROCHA DUARTE<\/p><p dir=\"ltr\">(62) 98130-0358<\/p><p dir=\"ltr\"><strong>SEEL &#8211; Secretaria de Estado de Esporte e Lazer<\/strong><\/p><p dir=\"ltr\">ILANNA DANDARA SOUZA LIMA<\/p><p dir=\"ltr\">(62) 3201-6080 \/ 6081 \/ 6067 \/ 9247<\/p><p dir=\"ltr\"><strong>SEMAD &#8211; Secretaria de Estado de Meio Ambiente e Desenvolvimento Sustent\u00e1vel<\/strong><\/p><p dir=\"ltr\">ISABELLA ALVES MONTEIRO<\/p><p dir=\"ltr\">(62) 3201-5260<\/p><p dir=\"ltr\"><strong>SERINT &#8211; Secretaria de Estado de Rela\u00e7\u00f5es Institucionais<\/strong><\/p><p dir=\"ltr\">UMBELINO VIEIRA JUNIOR<\/p><p dir=\"ltr\">(62) 3201-5618 \/ 5645<\/p><p dir=\"ltr\"><strong>SES &#8211; Secretaria de Estado da Sa\u00fade<\/strong><\/p><p dir=\"ltr\">FERNANDO AUGUSTO ATA\u00cdDE CASTRO<\/p><p dir=\"ltr\">(62) 3201-7336 \/ 7343<\/p><p dir=\"ltr\"><strong>SGG &#8211; Secretaria Geral de Governo<\/strong><\/p><p dir=\"ltr\">MIRIAN FONTOURA MOREIRA<\/p><p dir=\"ltr\">(62) 3270-8641 \/ 8651\u00a0<\/p><p dir=\"ltr\"><strong>SIC &#8211; Secretaria de Estado de Ind\u00fastria, Com\u00e9rcio e Servi\u00e7os<\/strong><\/p><p dir=\"ltr\">PEDRO HENRIQUE MARTINS GUIMARAES<\/p><p dir=\"ltr\">(62) 3201-5599<\/p><p dir=\"ltr\"><strong>SSP &#8211; Secretaria de Estado da Seguran\u00e7a P\u00fablica<\/strong><\/p><p>PAULO JOSE ALVES DE OLIVEIRA<\/p><p>(62) 3201-1487<\/p><p dir=\"ltr\"><strong>UEG &#8211; Universidade Estadual de Goi\u00e1s<\/strong><\/p><p dir=\"ltr\">CLAUDIOMAR RODRIGUES GOULART JUNIOR<\/p><p dir=\"ltr\">(62) 3328-1115 \/ 1123 &#8211; Obs.: \u00c9 necess\u00e1rio incluir 0014 + DDD (62) e n\u00famero do contato<\/p><p dir=\"ltr\"><strong>VG &#8211; Vice-Governadoria<\/strong><\/p><p dir=\"ltr\">&#8211;<\/p><p dir=\"ltr\">(62)\u00a0 3201-5475<\/p>\t\t\t\t\t\t\t\t<\/div>\n\t\t\t\t<\/div>\n\t\t\t\t\t<\/details>\n\t\t\t\t\t<\/div>\n\t\t\t\t\t\t<\/div>\n\t\t\t\t\t<\/div>\n\t\t\t\t<\/div>\n\t\t<div class=\"elementor-element elementor-element-c087340 e-flex e-con-boxed e-con e-parent\" data-id=\"c087340\" data-element_type=\"container\" data-e-type=\"container\">\n\t\t\t\t\t<div class=\"e-con-inner\">\n\t\t\t\t<div class=\"elementor-element elementor-element-5251f39 elementor-widget elementor-widget-button\" data-id=\"5251f39\" data-element_type=\"widget\" data-e-type=\"widget\" data-widget_type=\"button.default\">\n\t\t\t\t\t\t\t\t\t\t<a class=\"elementor-button elementor-button-link elementor-size-sm\" href=\"https:\/\/goias.gov.br\/administracao\/pilulas-do-conhecimento\/\" target=\"_blank\">\n\t\t\t\t\t\t<span class=\"elementor-button-content-wrapper\">\n\t\t\t\t\t\t<span class=\"elementor-button-icon\">\n\t\t\t\t<svg aria-hidden=\"true\" class=\"e-font-icon-svg e-fas-brain\" viewBox=\"0 0 576 512\" xmlns=\"http:\/\/www.w3.org\/2000\/svg\"><path d=\"M208 0c-29.9 0-54.7 20.5-61.8 48.2-.8 0-1.4-.2-2.2-.2-35.3 0-64 28.7-64 64 0 4.8.6 9.5 1.7 14C52.5 138 32 166.6 32 200c0 12.6 3.2 24.3 8.3 34.9C16.3 248.7 0 274.3 0 304c0 33.3 20.4 61.9 49.4 73.9-.9 4.6-1.4 9.3-1.4 14.1 0 39.8 32.2 72 72 72 4.1 0 8.1-.5 12-1.2 9.6 28.5 36.2 49.2 68 49.2 39.8 0 72-32.2 72-72V64c0-35.3-28.7-64-64-64zm368 304c0-29.7-16.3-55.3-40.3-69.1 5.2-10.6 8.3-22.3 8.3-34.9 0-33.4-20.5-62-49.7-74 1-4.5 1.7-9.2 1.7-14 0-35.3-28.7-64-64-64-.8 0-1.5.2-2.2.2C422.7 20.5 397.9 0 368 0c-35.3 0-64 28.6-64 64v376c0 39.8 32.2 72 72 72 31.8 0 58.4-20.7 68-49.2 3.9.7 7.9 1.2 12 1.2 39.8 0 72-32.2 72-72 0-4.8-.5-9.5-1.4-14.1 29-12 49.4-40.6 49.4-73.9z\"><\/path><\/svg>\t\t\t<\/span>\n\t\t\t\t\t\t\t\t\t<span class=\"elementor-button-text\">P\u00edlulas do Conhecimento<\/span>\n\t\t\t\t\t<\/span>\n\t\t\t\t\t<\/a>\n\t\t\t\t\t\t\t\t<\/div>\n\t\t\t\t<div class=\"elementor-element elementor-element-34ec014 elementor-widget elementor-widget-button\" data-id=\"34ec014\" data-element_type=\"widget\" data-e-type=\"widget\" data-widget_type=\"button.default\">\n\t\t\t\t\t\t\t\t\t\t<a class=\"elementor-button elementor-button-link elementor-size-sm\" href=\"https:\/\/goias.gov.br\/administracao\/eventos-da-rede-de-gestao-de-pessoas\/\" target=\"_blank\">\n\t\t\t\t\t\t<span class=\"elementor-button-content-wrapper\">\n\t\t\t\t\t\t<span class=\"elementor-button-icon\">\n\t\t\t\t<svg aria-hidden=\"true\" class=\"e-font-icon-svg e-fas-grin\" viewBox=\"0 0 496 512\" xmlns=\"http:\/\/www.w3.org\/2000\/svg\"><path d=\"M248 8C111 8 0 119 0 256s111 248 248 248 248-111 248-248S385 8 248 8zm80 168c17.7 0 32 14.3 32 32s-14.3 32-32 32-32-14.3-32-32 14.3-32 32-32zm-160 0c17.7 0 32 14.3 32 32s-14.3 32-32 32-32-14.3-32-32 14.3-32 32-32zm80 256c-60.6 0-134.5-38.3-143.8-93.3-2-11.8 9.3-21.6 20.7-17.9C155.1 330.5 200 336 248 336s92.9-5.5 123.1-15.2c11.3-3.7 22.6 6.1 20.7 17.9-9.3 55-83.2 93.3-143.8 93.3z\"><\/path><\/svg>\t\t\t<\/span>\n\t\t\t\t\t\t\t\t\t<span class=\"elementor-button-text\">Eventos da Rede de Gest\u00e3o de Pessoas<\/span>\n\t\t\t\t\t<\/span>\n\t\t\t\t\t<\/a>\n\t\t\t\t\t\t\t\t<\/div>\n\t\t\t\t\t<\/div>\n\t\t\t\t<\/div>\n\t\t\t\t<\/div>\n\t\t","protected":false},"excerpt":{"rendered":"<p>Cria\u00e7\u00e3o da Rede de Pessoas &#8211; 2019 A proposta de rede da \u00e1rea de pessoal surgiu no estado com o Decreto n\u00ba 9.462, de 11 de julho de 2019. Nesse ato, foi criada a Rede Estadual de Gest\u00e3o e Desenvolvimento de Pessoas. Reestrutura\u00e7\u00e3o da Rede &#8211; 2023 Com a Lei n\u00b0 21.792, de 16 de [&hellip;]<\/p>\n","protected":false},"author":189,"featured_media":0,"parent":0,"menu_order":0,"comment_status":"closed","ping_status":"closed","template":"","meta":{"footnotes":""},"class_list":["post-128300","page","type-page","status-publish","hentry"],"rttpg_featured_image_url":null,"rttpg_author":{"display_name":"kenialacerda","author_link":"https:\/\/goias.gov.br\/administracao\/author\/kenialacerda\/"},"rttpg_comment":0,"rttpg_category":null,"rttpg_excerpt":"Cria\u00e7\u00e3o da Rede de Pessoas &#8211; 2019 A proposta de rede da \u00e1rea de pessoal surgiu no estado com o Decreto n\u00ba 9.462, de 11 de julho de 2019. Nesse ato, foi criada a Rede Estadual de Gest\u00e3o e Desenvolvimento de Pessoas. Reestrutura\u00e7\u00e3o da Rede &#8211; 2023 Com a Lei n\u00b0 21.792, de 16 de&hellip;","_links":{"self":[{"href":"https:\/\/goias.gov.br\/administracao\/wp-json\/wp\/v2\/pages\/128300","targetHints":{"allow":["GET"]}}],"collection":[{"href":"https:\/\/goias.gov.br\/administracao\/wp-json\/wp\/v2\/pages"}],"about":[{"href":"https:\/\/goias.gov.br\/administracao\/wp-json\/wp\/v2\/types\/page"}],"author":[{"embeddable":true,"href":"https:\/\/goias.gov.br\/administracao\/wp-json\/wp\/v2\/users\/189"}],"replies":[{"embeddable":true,"href":"https:\/\/goias.gov.br\/administracao\/wp-json\/wp\/v2\/comments?post=128300"}],"version-history":[{"count":2,"href":"https:\/\/goias.gov.br\/administracao\/wp-json\/wp\/v2\/pages\/128300\/revisions"}],"predecessor-version":[{"id":226630,"href":"https:\/\/goias.gov.br\/administracao\/wp-json\/wp\/v2\/pages\/128300\/revisions\/226630"}],"wp:attachment":[{"href":"https:\/\/goias.gov.br\/administracao\/wp-json\/wp\/v2\/media?parent=128300"}],"curies":[{"name":"wp","href":"https:\/\/api.w.org\/{rel}","templated":true}]}}